{"id":3916,"date":"2022-10-18T11:51:29","date_gmt":"2022-10-18T09:51:29","guid":{"rendered":"https:\/\/projects.atxeit.ch\/sveb\/?page_id=3916"},"modified":"2025-03-12T14:05:39","modified_gmt":"2025-03-12T13:05:39","slug":"ep-ausgaben","status":"publish","type":"page","link":"https:\/\/alice.ch\/de\/dienstleistungen\/publikationen-und-produkte\/ep-ausgaben\/","title":{"rendered":"EP-Ausgaben"},"content":{"rendered":"\n<div class=\"wp-block-group is-style-reduced-width is-layout-constrained wp-block-group-is-layout-constrained\">\n<h1 class=\"wp-block-heading\">Ausgaben der Fachzeitschrift EP<\/h1>\n\n\n\n<div class=\"wp-block-query is-layout-flow wp-block-query-is-layout-flow\"><ul class=\"wp-block-post-template is-layout-flow wp-block-post-template-is-layout-flow\"><li class=\"wp-block-post post-72201 publication type-publication status-publish has-post-thumbnail hentry publication-category-publikationen global-category-professionalisierung\">\n\n<div class=\"publication-item\">\n\t<div class=\"image\">\n\t\t<img decoding=\"async\" width=\"1062\" height=\"1498\" src=\"https:\/\/alice.ch\/app\/uploads\/2025\/11\/cover-education-permanente-2025-2-de.png\" class=\"attachment-post-thumbnail size-post-thumbnail wp-post-image\" alt=\"\" srcset=\"https:\/\/alice.ch\/app\/uploads\/2025\/11\/cover-education-permanente-2025-2-de.png 1062w, https:\/\/alice.ch\/app\/uploads\/2025\/11\/cover-education-permanente-2025-2-de-213x300.png 213w, https:\/\/alice.ch\/app\/uploads\/2025\/11\/cover-education-permanente-2025-2-de-726x1024.png 726w, https:\/\/alice.ch\/app\/uploads\/2025\/11\/cover-education-permanente-2025-2-de-768x1083.png 768w\" sizes=\"(max-width: 1062px) 100vw, 1062px\" \/>\t<\/div>\n\n\t<div class=\"content\">\n\t\t<h3>Education Permanente 25-2 \u2013 Expansives Lernen<\/h3>\n\t\t<div class=\"description\"><p>Lernen kann die individuellen Handlungs- und Gestaltungsm\u00f6glichkeiten erweitern und damit expansiv sein \u2013 muss es aber nicht. Expansives Lernen findet statt, wenn Erwachsene den Lernanlass mit ihren subjektiven Lebensinteressen verbinden und sich den Lerngegenstand vertieft aneignen k\u00f6nnen. Die EP gibt Einblick in die subjekttheoretische Lerntheorie und pr\u00e4sentiert expansive Lerngeschichten von Personen, die beruflich in der Weiterbildung t\u00e4tig sind.<\/p>\n<p>Lesen Sie die EP auch digital:\u00a0<a href=\"https:\/\/www.ep-web.ch\/de\/archiv\/n1-2025\" target=\"_blank\" rel=\"noopener\">ep-web.ch<\/a>.<\/p>\n<\/div>\n\n\t\t<div class=\"meta\">\n\t\t\t<ul>\n\t\t\t\t\t\t\t\t\t<li><strong>Preis:<\/strong> 25.00 CHF (Preis f\u00fcr Mitglieder: 20.00 CHF)<\/li>\n\t\t\t\t\n\t\t\t\t\t\t\t\t\t<li><strong>Herausgeber:<\/strong> SVEB<\/li>\n\t\t\t\t\n\t\t\t\t\n\t\t\t\t\t\t\t\t\t<li><strong>Vertrieb:<\/strong> SVEB, 136 Seiten<\/li>\n\t\t\t\t\n\t\t\t\t\n\t\t\t\t\n\t\t\t\t\t\t\t<\/ul>\n\n\t\t\t<ul class=\"actions\">\n\t\t\t\t\n\t\t\t\t\t\t\t\t\t<li><a class=\"button\" href=\"https:\/\/alice.ch\/de\/order-de\/?pub-id=72201\">Publikation bestellen<\/a><\/li>\n\t\t\t\t\t\t\t<\/ul>\n\t\t<\/div>\n\t<\/div>\n\n\n<\/div>\n\n<\/li><li class=\"wp-block-post post-68492 publication type-publication status-publish has-post-thumbnail hentry publication-category-publikationen global-category-betriebliche-weiterbildung\">\n\n<div class=\"publication-item\">\n\t<div class=\"image\">\n\t\t<img decoding=\"async\" width=\"934\" height=\"1293\" src=\"https:\/\/alice.ch\/app\/uploads\/2025\/05\/ep25-1-cover.png\" class=\"attachment-post-thumbnail size-post-thumbnail wp-post-image\" alt=\"\" srcset=\"https:\/\/alice.ch\/app\/uploads\/2025\/05\/ep25-1-cover.png 934w, https:\/\/alice.ch\/app\/uploads\/2025\/05\/ep25-1-cover-217x300.png 217w, https:\/\/alice.ch\/app\/uploads\/2025\/05\/ep25-1-cover-740x1024.png 740w, https:\/\/alice.ch\/app\/uploads\/2025\/05\/ep25-1-cover-768x1063.png 768w\" sizes=\"(max-width: 934px) 100vw, 934px\" \/>\t<\/div>\n\n\t<div class=\"content\">\n\t\t<h3>Education Permanente 25-1 \u2013 Betriebliche Weiterbildung<\/h3>\n\t\t<div class=\"description\"><p>In der Ausgabe 2025-1 setzt sich die Fachzeitschrift Education Permanente (EP) mit den Widerspr\u00fcchen und Spannungsverh\u00e4ltnissen zwischen p\u00e4dagogischen, \u00f6konomischen, gesellschaftlichen und lebensweltlich-biografischen Interessen in der betrieblichen Weiterbildung auseinander.\u00a0Die Beitr\u00e4ge zeigen, wie Unternehmen mit diesen Widerspr\u00fcchen umgehen und welche L\u00f6sungsans\u00e4tze sich abzeichnen.<\/p>\n<p>Lesen Sie die EP auch digital:\u00a0<a href=\"https:\/\/www.ep-web.ch\/de\/archiv\/n1-2025\" target=\"_blank\" rel=\"noopener\">ep-web.ch<\/a>.<\/p>\n<\/div>\n\n\t\t<div class=\"meta\">\n\t\t\t<ul>\n\t\t\t\t\t\t\t\t\t<li><strong>Preis:<\/strong> 25.00 CHF (Preis f\u00fcr Mitglieder: 20.00 CHF)<\/li>\n\t\t\t\t\n\t\t\t\t\t\t\t\t\t<li><strong>Herausgeber:<\/strong> SVEB<\/li>\n\t\t\t\t\n\t\t\t\t\n\t\t\t\t\t\t\t\t\t<li><strong>Vertrieb:<\/strong> SVEB, 148 Seiten<\/li>\n\t\t\t\t\n\t\t\t\t\n\t\t\t\t\n\t\t\t\t\t\t\t<\/ul>\n\n\t\t\t<ul class=\"actions\">\n\t\t\t\t\n\t\t\t\t\t\t\t\t\t<li><a class=\"button\" href=\"https:\/\/alice.ch\/de\/order-de\/?pub-id=68492\">Publikation bestellen<\/a><\/li>\n\t\t\t\t\t\t\t<\/ul>\n\t\t<\/div>\n\t<\/div>\n\n\n<\/div>\n\n<\/li><li class=\"wp-block-post post-64973 publication type-publication status-publish has-post-thumbnail hentry publication-category-publikationen global-category-nachhaltigkeit-in-der-weiterbildung\">\n\n<div class=\"publication-item\">\n\t<div class=\"image\">\n\t\t<img decoding=\"async\" width=\"939\" height=\"1293\" src=\"https:\/\/alice.ch\/app\/uploads\/2024\/12\/cover-education-permanente-24-2-d.png\" class=\"attachment-post-thumbnail size-post-thumbnail wp-post-image\" alt=\"\" srcset=\"https:\/\/alice.ch\/app\/uploads\/2024\/12\/cover-education-permanente-24-2-d.png 939w, https:\/\/alice.ch\/app\/uploads\/2024\/12\/cover-education-permanente-24-2-d-218x300.png 218w, https:\/\/alice.ch\/app\/uploads\/2024\/12\/cover-education-permanente-24-2-d-744x1024.png 744w, https:\/\/alice.ch\/app\/uploads\/2024\/12\/cover-education-permanente-24-2-d-768x1058.png 768w\" sizes=\"(max-width: 939px) 100vw, 939px\" \/>\t<\/div>\n\n\t<div class=\"content\">\n\t\t<h3>Education Permanente 24-2 \u2013 Nachhaltigkeit<\/h3>\n\t\t<div class=\"description\"><p>In der Ausgabe 2024-2 setzt sich die Fachzeitschrift Education Permanente (EP) mit dem Thema Nachhaltigkeit auseinander. Die Beitr\u00e4ge gehen der Frage nach, wie Nachhaltigkeit im Kontext der Erwachsenenbildung verstanden wird, welche Konzepte zur Verf\u00fcgung stehen und wie diese sinnvoll genutzt werden k\u00f6nnen.<\/p>\n<p>Lesen Sie die EP auch digital:\u00a0<a href=\"https:\/\/www.ep-web.ch\/de\/archiv\/n2-2024\" target=\"_blank\" rel=\"noopener\">ep-web.ch<\/a>.<\/p>\n<\/div>\n\n\t\t<div class=\"meta\">\n\t\t\t<ul>\n\t\t\t\t\t\t\t\t\t<li><strong>Preis:<\/strong> 25.00 CHF (Preis f\u00fcr Mitglieder: 20.00 CHF)<\/li>\n\t\t\t\t\n\t\t\t\t\t\t\t\t\t<li><strong>Herausgeber:<\/strong> SVEB<\/li>\n\t\t\t\t\n\t\t\t\t\n\t\t\t\t\t\t\t\t\t<li><strong>Vertrieb:<\/strong> SVEB, 132 Seiten<\/li>\n\t\t\t\t\n\t\t\t\t\n\t\t\t\t\n\t\t\t\t\t\t\t<\/ul>\n\n\t\t\t<ul class=\"actions\">\n\t\t\t\t\n\t\t\t\t\t\t\t\t\t<li><a class=\"button\" href=\"https:\/\/alice.ch\/de\/order-de\/?pub-id=64973\">Publikation bestellen<\/a><\/li>\n\t\t\t\t\t\t\t<\/ul>\n\t\t<\/div>\n\t<\/div>\n\n\n<\/div>\n\n<\/li><li class=\"wp-block-post post-60207 publication type-publication status-publish has-post-thumbnail hentry publication-category-publikationen\">\n\n<div class=\"publication-item\">\n\t<div class=\"image\">\n\t\t<img decoding=\"async\" width=\"1858\" height=\"2560\" src=\"https:\/\/alice.ch\/app\/uploads\/2024\/05\/ep-24-1-cover-de-scaled.jpg\" class=\"attachment-post-thumbnail size-post-thumbnail wp-post-image\" alt=\"\" srcset=\"https:\/\/alice.ch\/app\/uploads\/2024\/05\/ep-24-1-cover-de-scaled.jpg 1858w, https:\/\/alice.ch\/app\/uploads\/2024\/05\/ep-24-1-cover-de-218x300.jpg 218w, https:\/\/alice.ch\/app\/uploads\/2024\/05\/ep-24-1-cover-de-743x1024.jpg 743w, https:\/\/alice.ch\/app\/uploads\/2024\/05\/ep-24-1-cover-de-768x1058.jpg 768w, https:\/\/alice.ch\/app\/uploads\/2024\/05\/ep-24-1-cover-de-1115x1536.jpg 1115w, https:\/\/alice.ch\/app\/uploads\/2024\/05\/ep-24-1-cover-de-1487x2048.jpg 1487w\" sizes=\"(max-width: 1858px) 100vw, 1858px\" \/>\t<\/div>\n\n\t<div class=\"content\">\n\t\t<h3>Education Permanente 24-1 \u2013 Diversit\u00e4t<\/h3>\n\t\t<div class=\"description\"><p>In der Ausgabe 2024-1 setzt sich die Fachzeitschrift Education Permanente (EP) mit der Frage auseinander, was Diversit\u00e4t in der Weiterbildung bedeutet und wie sie in der Praxis gelebt wird. Die Beitr\u00e4ge zeigen, wie Diversit\u00e4t verstanden werden kann, welche Herausforderungen und Dilemmata eine diversit\u00e4tssensible Lernkultur mit sich bringt und was dies f\u00fcr das Weiterbildungspersonal bedeutet.<\/p>\n<p>Lesen Sie die EP auch digital:\u00a0<a href=\"https:\/\/www.ep-web.ch\/de\/archiv\/n1-2024\" target=\"_blank\" rel=\"noopener\">ep-web.ch<\/a>.<\/p>\n<\/div>\n\n\t\t<div class=\"meta\">\n\t\t\t<ul>\n\t\t\t\t\t\t\t\t\t<li><strong>Preis:<\/strong> 25.00 CHF (Preis f\u00fcr Mitglieder: 20.00 CHF)<\/li>\n\t\t\t\t\n\t\t\t\t\t\t\t\t\t<li><strong>Herausgeber:<\/strong> SVEB<\/li>\n\t\t\t\t\n\t\t\t\t\n\t\t\t\t\t\t\t\t\t<li><strong>Vertrieb:<\/strong> SVEB, 144 Seiten<\/li>\n\t\t\t\t\n\t\t\t\t\n\t\t\t\t\n\t\t\t\t\t\t\t<\/ul>\n\n\t\t\t<ul class=\"actions\">\n\t\t\t\t\n\t\t\t\t\t\t\t\t\t<li><a class=\"button\" href=\"https:\/\/alice.ch\/de\/order-de\/?pub-id=60207\">Publikation bestellen<\/a><\/li>\n\t\t\t\t\t\t\t<\/ul>\n\t\t<\/div>\n\t<\/div>\n\n\n<\/div>\n\n<\/li><li class=\"wp-block-post post-56195 publication type-publication status-publish has-post-thumbnail hentry publication-category-publikationen\">\n\n<div class=\"publication-item\">\n\t<div class=\"image\">\n\t\t<img decoding=\"async\" width=\"917\" height=\"1293\" src=\"https:\/\/alice.ch\/app\/uploads\/2023\/11\/ep-23-2-cover-de.jpeg\" class=\"attachment-post-thumbnail size-post-thumbnail wp-post-image\" alt=\"\" srcset=\"https:\/\/alice.ch\/app\/uploads\/2023\/11\/ep-23-2-cover-de.jpeg 917w, https:\/\/alice.ch\/app\/uploads\/2023\/11\/ep-23-2-cover-de-213x300.jpeg 213w, https:\/\/alice.ch\/app\/uploads\/2023\/11\/ep-23-2-cover-de-726x1024.jpeg 726w, https:\/\/alice.ch\/app\/uploads\/2023\/11\/ep-23-2-cover-de-768x1083.jpeg 768w\" sizes=\"(max-width: 917px) 100vw, 917px\" \/>\t<\/div>\n\n\t<div class=\"content\">\n\t\t<h3>Education Permanente 23-2  \u2013 Kooperationen in der Weiterbildung<\/h3>\n\t\t<div class=\"description\"><p>Die Ausgabe 2\/2023 der \u00abEducation Permanente\u00bb (EP) befasst sich mit der Rolle von Kooperationen in der Weiterbildung und zeigt die Chancen und Herausforderungen f\u00fcr Weiterbildungsorganisationen auf.<\/p>\n<p>Lesen Sie die EP auch digital:\u00a0<a href=\"https:\/\/www.ep-web.ch\/de\/archiv\/n2-2023\" target=\"_blank\" rel=\"noopener\">ep-web.ch<\/a>.<\/p>\n<p>&nbsp;<\/p>\n<\/div>\n\n\t\t<div class=\"meta\">\n\t\t\t<ul>\n\t\t\t\t\t\t\t\t\t<li><strong>Preis:<\/strong> 25.00 CHF (Preis f\u00fcr Mitglieder: 20.00 CHF)<\/li>\n\t\t\t\t\n\t\t\t\t\t\t\t\t\t<li><strong>Herausgeber:<\/strong> SVEB<\/li>\n\t\t\t\t\n\t\t\t\t\n\t\t\t\t\t\t\t\t\t<li><strong>Vertrieb:<\/strong> SVEB, 128 Seiten<\/li>\n\t\t\t\t\n\t\t\t\t\n\t\t\t\t\n\t\t\t\t\t\t\t<\/ul>\n\n\t\t\t<ul class=\"actions\">\n\t\t\t\t\n\t\t\t\t\t\t\t\t\t<li><a class=\"button\" href=\"https:\/\/alice.ch\/de\/order-de\/?pub-id=56195\">Publikation bestellen<\/a><\/li>\n\t\t\t\t\t\t\t<\/ul>\n\t\t<\/div>\n\t<\/div>\n\n\n<\/div>\n\n<\/li><li class=\"wp-block-post post-50775 publication type-publication status-publish has-post-thumbnail hentry publication-category-publikationen\">\n\n<div class=\"publication-item\">\n\t<div class=\"image\">\n\t\t<img decoding=\"async\" width=\"864\" height=\"1196\" src=\"https:\/\/alice.ch\/app\/uploads\/2023\/05\/EP-2023-1-Cover-DE.png\" class=\"attachment-post-thumbnail size-post-thumbnail wp-post-image\" alt=\"\" srcset=\"https:\/\/alice.ch\/app\/uploads\/2023\/05\/EP-2023-1-Cover-DE.png 864w, https:\/\/alice.ch\/app\/uploads\/2023\/05\/EP-2023-1-Cover-DE-217x300.png 217w, https:\/\/alice.ch\/app\/uploads\/2023\/05\/EP-2023-1-Cover-DE-740x1024.png 740w, https:\/\/alice.ch\/app\/uploads\/2023\/05\/EP-2023-1-Cover-DE-768x1063.png 768w\" sizes=\"(max-width: 864px) 100vw, 864px\" \/>\t<\/div>\n\n\t<div class=\"content\">\n\t\t<h3>Education Permanente 23-1 \u2013 Individualisierung in der Weiterbildung<\/h3>\n\t\t<div class=\"description\"><p>Die Publikation befasst sich mit den Potenzialen der Individualisierung in der Weiterbildung und will zu einer differenzierteren Sicht anregen. Zudem unterzieht sie die aktuellen Entwicklungen in der Praxis einer kritischen Betrachtung.<\/p>\n<p>Lesen Sie die EP auch digital:\u00a0<a href=\"https:\/\/www.ep-web.ch\/de\/archiv\/n1-2023\" target=\"_blank\" rel=\"noopener\">ep-web.ch<\/a>.<\/p>\n<p>&nbsp;<\/p>\n<\/div>\n\n\t\t<div class=\"meta\">\n\t\t\t<ul>\n\t\t\t\t\t\t\t\t\t<li><strong>Preis:<\/strong> 25.00 CHF (Preis f\u00fcr Mitglieder: 20.00 CHF)<\/li>\n\t\t\t\t\n\t\t\t\t\t\t\t\t\t<li><strong>Herausgeber:<\/strong> SVEB<\/li>\n\t\t\t\t\n\t\t\t\t\n\t\t\t\t\t\t\t\t\t<li><strong>Vertrieb:<\/strong> SVEB, 128 Seiten<\/li>\n\t\t\t\t\n\t\t\t\t\n\t\t\t\t\n\t\t\t\t\t\t\t<\/ul>\n\n\t\t\t<ul class=\"actions\">\n\t\t\t\t\n\t\t\t\t\t\t\t\t\t<li><a class=\"button\" href=\"https:\/\/alice.ch\/de\/order-de\/?pub-id=50775\">Publikation bestellen<\/a><\/li>\n\t\t\t\t\t\t\t<\/ul>\n\t\t<\/div>\n\t<\/div>\n\n\n<\/div>\n\n<\/li><li class=\"wp-block-post post-36983 publication type-publication status-publish has-post-thumbnail hentry publication-category-publikationen\">\n\n<div class=\"publication-item\">\n\t<div class=\"image\">\n\t\t<img decoding=\"async\" width=\"800\" height=\"1102\" src=\"https:\/\/alice.ch\/app\/uploads\/2022\/11\/EP2-22_Cover_D.jpg\" class=\"attachment-post-thumbnail size-post-thumbnail wp-post-image\" alt=\"\" srcset=\"https:\/\/alice.ch\/app\/uploads\/2022\/11\/EP2-22_Cover_D.jpg 800w, https:\/\/alice.ch\/app\/uploads\/2022\/11\/EP2-22_Cover_D-218x300.jpg 218w, https:\/\/alice.ch\/app\/uploads\/2022\/11\/EP2-22_Cover_D-743x1024.jpg 743w, https:\/\/alice.ch\/app\/uploads\/2022\/11\/EP2-22_Cover_D-768x1058.jpg 768w\" sizes=\"(max-width: 800px) 100vw, 800px\" \/>\t<\/div>\n\n\t<div class=\"content\">\n\t\t<h3>Education Permanente 22-2 \u2013 Zur Geschichte der Erwachsenenbildung in der Schweiz<\/h3>\n\t\t<div class=\"description\"><p>Historische Reflexion um die Gegenwart und Zukunft der Weiterbildung besser zu verstehen.<\/p>\n<p>Ausgangspunkt dieser EP waren aktuelle Problemstellungen in der Gegenwart der Weiterbildung. Ziel dieser Ausgabe ist es, mit der historischen Reflexion Ansatzpunkte daf\u00fcr zu bieten, die Gegenwart und Zukunft der Weiterbildung besser verstehen und gestalten zu k\u00f6nnen.<\/p>\n<p>Lesen Sie die EP auch digital:\u00a0<a href=\"https:\/\/www.ep-web.ch\/de\/archiv\/n2-2022\" target=\"_blank\" rel=\"noopener\">ep-web.ch<\/a>.<\/p>\n<p>&nbsp;<\/p>\n<\/div>\n\n\t\t<div class=\"meta\">\n\t\t\t<ul>\n\t\t\t\t\t\t\t\t\t<li><strong>Preis:<\/strong> 25.00 CHF (Preis f\u00fcr Mitglieder: 20.00 CHF)<\/li>\n\t\t\t\t\n\t\t\t\t\t\t\t\t\t<li><strong>Herausgeber:<\/strong> SVEB<\/li>\n\t\t\t\t\n\t\t\t\t\n\t\t\t\t\t\t\t\t\t<li><strong>Vertrieb:<\/strong> SVEB, 131 Seiten<\/li>\n\t\t\t\t\n\t\t\t\t\n\t\t\t\t\n\t\t\t\t\t\t\t<\/ul>\n\n\t\t\t<ul class=\"actions\">\n\t\t\t\t\n\t\t\t\t\t\t\t\t\t<li><a class=\"button\" href=\"https:\/\/alice.ch\/de\/order-de\/?pub-id=36983\">Publikation bestellen<\/a><\/li>\n\t\t\t\t\t\t\t<\/ul>\n\t\t<\/div>\n\t<\/div>\n\n\n<\/div>\n\n<\/li><li class=\"wp-block-post post-37050 publication type-publication status-publish has-post-thumbnail hentry publication-category-publikationen\">\n\n<div class=\"publication-item\">\n\t<div class=\"image\">\n\t\t<img decoding=\"async\" width=\"800\" height=\"1102\" src=\"https:\/\/alice.ch\/app\/uploads\/2022\/10\/EP2022-1_Cover_de-1.png\" class=\"attachment-post-thumbnail size-post-thumbnail wp-post-image\" alt=\"\" srcset=\"https:\/\/alice.ch\/app\/uploads\/2022\/10\/EP2022-1_Cover_de-1.png 800w, https:\/\/alice.ch\/app\/uploads\/2022\/10\/EP2022-1_Cover_de-1-218x300.png 218w, https:\/\/alice.ch\/app\/uploads\/2022\/10\/EP2022-1_Cover_de-1-743x1024.png 743w, https:\/\/alice.ch\/app\/uploads\/2022\/10\/EP2022-1_Cover_de-1-768x1058.png 768w\" sizes=\"(max-width: 800px) 100vw, 800px\" \/>\t<\/div>\n\n\t<div class=\"content\">\n\t\t<h3>Education Permanente 22-1 \u2013 Bed\u00fcrfnisse und Bedarfe in der Weiterbildung<\/h3>\n\t\t<div class=\"description\"><p>Gesellschaftlicher Bildungsbedarf und subjektive Bildungsbed\u00fcrfnisse<\/p>\n<p>Bildungsbed\u00fcrfnisse beruhen auf individuellen, subjektiven Interessen und Orientierungen. Diese stimmen nur teilweise mit dem Bildungsbedarf \u00fcberein, den gesellschaftliche, wirtschaftliche oder politische Instanzen aus ihren unterschiedlichen Zielsetzungen heraus definieren. Entsprechend komplex gestalten sich die Anforderungen an die Angebotsplanung. Weiterbildungsanbieter m\u00fcssen Wege finden, um mit den unterschiedlichen Anspr\u00fcchen und ihrer oft widerspr\u00fcchlichen Verschr\u00e4nkung umzugehen.<\/p>\n<p>Lesen Sie die EP auch digital:\u00a0<a href=\"https:\/\/www.ep-web.ch\/de\/archiv\/n1-2022\" target=\"_blank\" rel=\"noopener\">ep-web.ch<\/a>.<\/p>\n<\/div>\n\n\t\t<div class=\"meta\">\n\t\t\t<ul>\n\t\t\t\t\t\t\t\t\t<li><strong>Preis:<\/strong> 25.00 CHF (Preis f\u00fcr Mitglieder: 20.00 CHF)<\/li>\n\t\t\t\t\n\t\t\t\t\t\t\t\t\t<li><strong>Herausgeber:<\/strong> SVEB<\/li>\n\t\t\t\t\n\t\t\t\t\n\t\t\t\t\t\t\t\t\t<li><strong>Vertrieb:<\/strong> SVEB, 108 Seiten<\/li>\n\t\t\t\t\n\t\t\t\t\n\t\t\t\t\n\t\t\t\t\t\t\t<\/ul>\n\n\t\t\t<ul class=\"actions\">\n\t\t\t\t\n\t\t\t\t\t\t\t\t\t<li><a class=\"button\" href=\"https:\/\/alice.ch\/de\/order-de\/?pub-id=37050\">Publikation bestellen<\/a><\/li>\n\t\t\t\t\t\t\t<\/ul>\n\t\t<\/div>\n\t<\/div>\n\n\n<\/div>\n\n<\/li><li class=\"wp-block-post post-37058 publication type-publication status-publish has-post-thumbnail hentry publication-category-publikationen\">\n\n<div class=\"publication-item\">\n\t<div class=\"image\">\n\t\t<img decoding=\"async\" width=\"800\" height=\"1104\" src=\"https:\/\/alice.ch\/app\/uploads\/2022\/10\/EP2021-2_Cover_d.jpeg\" class=\"attachment-post-thumbnail size-post-thumbnail wp-post-image\" alt=\"\" srcset=\"https:\/\/alice.ch\/app\/uploads\/2022\/10\/EP2021-2_Cover_d.jpeg 800w, https:\/\/alice.ch\/app\/uploads\/2022\/10\/EP2021-2_Cover_d-217x300.jpeg 217w, https:\/\/alice.ch\/app\/uploads\/2022\/10\/EP2021-2_Cover_d-742x1024.jpeg 742w, https:\/\/alice.ch\/app\/uploads\/2022\/10\/EP2021-2_Cover_d-768x1060.jpeg 768w\" sizes=\"(max-width: 800px) 100vw, 800px\" \/>\t<\/div>\n\n\t<div class=\"content\">\n\t\t<h3>Education Permanente 21-2 &#8211; Kompetenzverschiebungen beim Weiterbildungspersonal<\/h3>\n\t\t<div class=\"description\"><div class=\"short-description\">\n<p>Anspruchsvolle Zeiten f\u00fcr das Weiterbildungspersonal<\/p>\n<div class=\"primary\">\n<div id=\"productView\" class=\"product-view\">\n<div class=\"product-collateral\">\n<div id=\"collateral-tabs\" class=\"collateral-tabs tab-list\">\n<p>Viele der aktuellen Ver\u00e4nderungsprozesse waren schon vor der Covid-\u00adPandemie im Gang und wurden durch den Digita\u00adlisierungsschub lediglich beschleunigt. Allm\u00e4hlich wird sichtbar, dass nicht nur das Personal, sondern auch die Wei\u00adterbildungsorganisationen tiefgreifende Ver\u00e4nderungen erfahren. Diese dringen tief in die Strukturen und die Kultu\u00adren der Institutionen ein und betreffen vielleicht sogar den Kern der Erwachsenenbildung selbst.<\/p>\n<p>Lesen Sie die EP auch digital:\u00a0<a href=\"https:\/\/www.ep-web.ch\/de\/archiv\/n2-2021\" target=\"_blank\" rel=\"noopener\">ep-web.ch<\/a>.<\/p>\n<\/div>\n<\/div>\n<div class=\"box-collateral box-related\"><\/div>\n<\/div>\n<\/div>\n<div class=\"sidebar\">\n<div id=\"layer-nav\" class=\"filterList\"><\/div>\n<\/div>\n<\/div>\n<div class=\"price-box-bundle\">\n<div class=\"price-box\"><\/div>\n<\/div>\n<\/div>\n\n\t\t<div class=\"meta\">\n\t\t\t<ul>\n\t\t\t\t\t\t\t\t\t<li><strong>Preis:<\/strong> 25.00 CHF (Preis f\u00fcr Mitglieder: 20.00 CHF)<\/li>\n\t\t\t\t\n\t\t\t\t\t\t\t\t\t<li><strong>Herausgeber:<\/strong> SVEB<\/li>\n\t\t\t\t\n\t\t\t\t\n\t\t\t\t\t\t\t\t\t<li><strong>Vertrieb:<\/strong> SVEB, 134 Seiten<\/li>\n\t\t\t\t\n\t\t\t\t\n\t\t\t\t\n\t\t\t\t\t\t\t<\/ul>\n\n\t\t\t<ul class=\"actions\">\n\t\t\t\t\n\t\t\t\t\t\t\t\t\t<li><a class=\"button\" href=\"https:\/\/alice.ch\/de\/order-de\/?pub-id=37058\">Publikation bestellen<\/a><\/li>\n\t\t\t\t\t\t\t<\/ul>\n\t\t<\/div>\n\t<\/div>\n\n\n<\/div>\n\n<\/li><li class=\"wp-block-post post-37063 publication type-publication status-publish has-post-thumbnail hentry publication-category-publikationen\">\n\n<div class=\"publication-item\">\n\t<div class=\"image\">\n\t\t<img decoding=\"async\" width=\"880\" height=\"1124\" src=\"https:\/\/alice.ch\/app\/uploads\/2022\/10\/EP2021-1_D.png\" class=\"attachment-post-thumbnail size-post-thumbnail wp-post-image\" alt=\"\" srcset=\"https:\/\/alice.ch\/app\/uploads\/2022\/10\/EP2021-1_D.png 880w, https:\/\/alice.ch\/app\/uploads\/2022\/10\/EP2021-1_D-235x300.png 235w, https:\/\/alice.ch\/app\/uploads\/2022\/10\/EP2021-1_D-802x1024.png 802w, https:\/\/alice.ch\/app\/uploads\/2022\/10\/EP2021-1_D-768x981.png 768w\" sizes=\"(max-width: 880px) 100vw, 880px\" \/>\t<\/div>\n\n\t<div class=\"content\">\n\t\t<h3>Education Permanente 21-1 &#8211; Weiterbildungsbeteiligung verstehen und f\u00f6rdern<\/h3>\n\t\t<div class=\"description\"><div class=\"short-description\"><\/div>\n<div>Weiterbildungsbeteiligung ist ein komplexer Prozess. Um zu verstehen, wie es zur Teilnahme kommt \u2013 oder eben nicht \u2013, reichen statistische Erhebungen und Teilnahmequoten nicht aus. Dazu braucht es vor allem eine vertiefte Auseinandersetzung mit Weiterbildungsbeteiligung aus unterschiedlichen theoretischen und praxisbezogenen Perspektiven. In dieser EP werden zentrale Perspektiven vorgestellt und Implikationen f\u00fcr die Praxis diskutiert.<\/div>\n<div><\/div>\n<div><\/div>\n<div>Lesen Sie die EP digital: <a href=\"https:\/\/www.ep-web.ch\/de\/archiv\/n1-2021\" target=\"_blank\" rel=\"noopener\">ep-web.ch<\/a>.<\/div>\n<\/div>\n\n\t\t<div class=\"meta\">\n\t\t\t<ul>\n\t\t\t\t\t\t\t\t\t<li><strong>Preis:<\/strong> Die Publikation ist ausverkauft.<\/li>\n\t\t\t\t\n\t\t\t\t\t\t\t\t\t<li><strong>Herausgeber:<\/strong> SVEB<\/li>\n\t\t\t\t\n\t\t\t\t\n\t\t\t\t\t\t\t\t\t<li><strong>Vertrieb:<\/strong> SVEB, 115 Seiten<\/li>\n\t\t\t\t\n\t\t\t\t\n\t\t\t\t\n\t\t\t\t\t\t\t<\/ul>\n\n\t\t\t<ul class=\"actions\">\n\t\t\t\t\n\t\t\t\t\t\t\t<\/ul>\n\t\t<\/div>\n\t<\/div>\n\n\n<\/div>\n\n<\/li><\/ul>\n\n<\/div>\n\n\n\n<h2 class=\"wp-block-heading\">Ausgaben 2020 (Downloads)<\/h2>\n\n\n\n<div class=\"wp-block-columns is-layout-flex wp-container-core-columns-is-layout-28f84493 wp-block-columns-is-layout-flex\">\n<div class=\"wp-block-column is-layout-flow wp-block-column-is-layout-flow\">\n<h3 class=\"wp-block-heading\">EP 2020-4<\/h3>\n\n\n\n<figure class=\"wp-block-image size-medium is-style-default\"><a href=\"https:\/\/alice.ch\/app\/uploads\/2022\/10\/EP2020-4_web.pdf\" target=\"_blank\" rel=\"noreferrer noopener\"><img decoding=\"async\" width=\"212\" height=\"300\" src=\"https:\/\/alice.ch\/app\/uploads\/2022\/10\/EP2020-4_Cover-212x300.png\" alt=\"\" class=\"wp-image-4114\" srcset=\"https:\/\/alice.ch\/app\/uploads\/2022\/10\/EP2020-4_Cover-212x300.png 212w, https:\/\/alice.ch\/app\/uploads\/2022\/10\/EP2020-4_Cover.png 595w\" sizes=\"(max-width: 212px) 100vw, 212px\" \/><\/a><figcaption class=\"wp-element-caption\"><a href=\"https:\/\/alice.ch\/app\/uploads\/2022\/10\/EP2020-4_web.pdf\" target=\"_blank\" rel=\"noreferrer noopener\">Der gefesselte Riese<\/a><\/figcaption><\/figure>\n<\/div>\n\n\n\n<div class=\"wp-block-column is-layout-flow wp-block-column-is-layout-flow\">\n<h3 class=\"wp-block-heading\">2020-3<\/h3>\n\n\n\n<figure class=\"wp-block-image size-medium\"><a href=\"https:\/\/alice.ch\/app\/uploads\/2022\/10\/EP2020-3_web.pdf\" target=\"_blank\" rel=\"noreferrer noopener\"><img decoding=\"async\" width=\"212\" height=\"300\" src=\"https:\/\/alice.ch\/app\/uploads\/2022\/10\/EP2020-3_Cover-212x300.png\" alt=\"\" class=\"wp-image-4110\" srcset=\"https:\/\/alice.ch\/app\/uploads\/2022\/10\/EP2020-3_Cover-212x300.png 212w, https:\/\/alice.ch\/app\/uploads\/2022\/10\/EP2020-3_Cover.png 595w\" sizes=\"(max-width: 212px) 100vw, 212px\" \/><\/a><figcaption class=\"wp-element-caption\"><a href=\"https:\/\/alice.ch\/app\/uploads\/2022\/10\/EP2020-3_web.pdf\" target=\"_blank\" rel=\"noreferrer noopener\">Der Mehrwert der Weiterbildung<\/a><\/figcaption><\/figure>\n<\/div>\n\n\n\n<div class=\"wp-block-column is-layout-flow wp-block-column-is-layout-flow\">\n<h3 class=\"wp-block-heading\">2020-2<\/h3>\n\n\n\n<figure class=\"wp-block-image size-medium\"><a href=\"https:\/\/alice.ch\/app\/uploads\/2022\/10\/EP2020-2_web.pdf\" target=\"_blank\" rel=\"noreferrer noopener\"><img decoding=\"async\" width=\"212\" height=\"300\" src=\"https:\/\/alice.ch\/app\/uploads\/2022\/10\/EP2020-2_Cover-212x300.png\" alt=\"\" class=\"wp-image-4106\" srcset=\"https:\/\/alice.ch\/app\/uploads\/2022\/10\/EP2020-2_Cover-212x300.png 212w, https:\/\/alice.ch\/app\/uploads\/2022\/10\/EP2020-2_Cover.png 595w\" sizes=\"(max-width: 212px) 100vw, 212px\" \/><\/a><figcaption class=\"wp-element-caption\"><a href=\"https:\/\/alice.ch\/app\/uploads\/2022\/10\/EP2020-2_web.pdf\" target=\"_blank\" rel=\"noreferrer noopener\">In der digitalen Welt<\/a><\/figcaption><\/figure>\n<\/div>\n\n\n\n<div class=\"wp-block-column is-layout-flow wp-block-column-is-layout-flow\">\n<h3 class=\"wp-block-heading\">2020-1<\/h3>\n\n\n\n<figure class=\"wp-block-image size-medium\"><a href=\"https:\/\/alice.ch\/app\/uploads\/2022\/10\/EP2020-1_web.pdf\" target=\"_blank\" rel=\"noreferrer noopener\"><img decoding=\"async\" width=\"212\" height=\"300\" src=\"https:\/\/alice.ch\/app\/uploads\/2022\/10\/EP_1_20_Cover-212x300.jpeg\" alt=\"\" class=\"wp-image-4034\" srcset=\"https:\/\/alice.ch\/app\/uploads\/2022\/10\/EP_1_20_Cover-212x300.jpeg 212w, https:\/\/alice.ch\/app\/uploads\/2022\/10\/EP_1_20_Cover.jpeg 595w\" sizes=\"(max-width: 212px) 100vw, 212px\" \/><\/a><figcaption class=\"wp-element-caption\"><a href=\"https:\/\/alice.ch\/app\/uploads\/2022\/10\/EP2020-1_web.pdf\" target=\"_blank\" rel=\"noreferrer noopener\">Wie lernen Gesellschaften?<\/a><\/figcaption><\/figure>\n<\/div>\n<\/div>\n\n\n\n<h2 class=\"wp-block-heading\">Ausgaben 2019 (Downloads)<\/h2>\n\n\n\n<div class=\"wp-block-columns is-layout-flex wp-container-core-columns-is-layout-28f84493 wp-block-columns-is-layout-flex\">\n<div class=\"wp-block-column is-layout-flow wp-block-column-is-layout-flow\">\n<h3 class=\"wp-block-heading\">EP 2019-4<\/h3>\n\n\n\n<figure class=\"wp-block-image size-medium is-style-default\"><a href=\"https:\/\/alice.ch\/app\/uploads\/2022\/10\/EP2019-4_web.pdf\" target=\"_blank\" rel=\"noreferrer noopener\"><img decoding=\"async\" width=\"218\" height=\"300\" src=\"https:\/\/alice.ch\/app\/uploads\/2022\/10\/EP_0419_titel-1-218x300.jpeg\" alt=\"\" class=\"wp-image-4455\" srcset=\"https:\/\/alice.ch\/app\/uploads\/2022\/10\/EP_0419_titel-1-218x300.jpeg 218w, https:\/\/alice.ch\/app\/uploads\/2022\/10\/EP_0419_titel-1.jpeg 400w\" sizes=\"(max-width: 218px) 100vw, 218px\" \/><\/a><figcaption class=\"wp-element-caption\"><a href=\"https:\/\/alice.ch\/app\/uploads\/2022\/10\/EP2020-4_web.pdf\"><\/a><a href=\"https:\/\/alice.ch\/app\/uploads\/2022\/10\/EP2019-4_web.pdf\" target=\"_blank\" rel=\"noreferrer noopener\">Weiterbildung als Bet\u00e4tigungsfeld im Alter<\/a><\/figcaption><\/figure>\n<\/div>\n\n\n\n<div class=\"wp-block-column is-layout-flow wp-block-column-is-layout-flow\">\n<h3 class=\"wp-block-heading\">2019-3<\/h3>\n\n\n\n<figure class=\"wp-block-image size-medium\"><a href=\"https:\/\/alice.ch\/app\/uploads\/2022\/10\/EP2019-3_web.pdf\" target=\"_blank\" rel=\"noreferrer noopener\"><img decoding=\"async\" width=\"212\" height=\"300\" src=\"https:\/\/alice.ch\/app\/uploads\/2022\/10\/EP2019-3_Cover-212x300.jpeg\" alt=\"\" class=\"wp-image-4102\" srcset=\"https:\/\/alice.ch\/app\/uploads\/2022\/10\/EP2019-3_Cover-212x300.jpeg 212w, https:\/\/alice.ch\/app\/uploads\/2022\/10\/EP2019-3_Cover.jpeg 400w\" sizes=\"(max-width: 212px) 100vw, 212px\" \/><\/a><figcaption class=\"wp-element-caption\"><a href=\"https:\/\/alice.ch\/app\/uploads\/2022\/10\/EP2019-3_web.pdf\" target=\"_blank\" rel=\"noreferrer noopener\">Werte und wirtschaftliche Realit\u00e4t<\/a><\/figcaption><\/figure>\n<\/div>\n\n\n\n<div class=\"wp-block-column is-layout-flow wp-block-column-is-layout-flow\">\n<h3 class=\"wp-block-heading\">2019-2<\/h3>\n\n\n\n<figure class=\"wp-block-image size-medium\"><a href=\"https:\/\/alice.ch\/app\/uploads\/2022\/10\/EP2019-2_web.pdf\" target=\"_blank\" rel=\"noreferrer noopener\"><img decoding=\"async\" width=\"212\" height=\"300\" src=\"https:\/\/alice.ch\/app\/uploads\/2022\/10\/2019-2-1-212x300.jpeg\" alt=\"\" class=\"wp-image-4465\" srcset=\"https:\/\/alice.ch\/app\/uploads\/2022\/10\/2019-2-1-212x300.jpeg 212w, https:\/\/alice.ch\/app\/uploads\/2022\/10\/2019-2-1.jpeg 585w\" sizes=\"(max-width: 212px) 100vw, 212px\" \/><\/a><figcaption class=\"wp-element-caption\"><a href=\"https:\/\/alice.ch\/app\/uploads\/2022\/10\/EP2020-2_web.pdf\"><\/a><a href=\"https:\/\/alice.ch\/app\/uploads\/2022\/10\/EP2019-2_web.pdf\" target=\"_blank\" rel=\"noreferrer noopener\">Zukunft der Weiterbildung<\/a><\/figcaption><\/figure>\n<\/div>\n\n\n\n<div class=\"wp-block-column is-layout-flow wp-block-column-is-layout-flow\">\n<h3 class=\"wp-block-heading\">2019-1<\/h3>\n\n\n\n<figure class=\"wp-block-image size-medium is-style-default\"><a href=\"https:\/\/alice.ch\/app\/uploads\/2022\/10\/EP2019-1_web.pdf\" target=\"_blank\" rel=\"noreferrer noopener\"><img decoding=\"async\" width=\"213\" height=\"300\" src=\"https:\/\/alice.ch\/app\/uploads\/2022\/10\/EP2019-1-Cover-213x300.jpeg\" alt=\"\" class=\"wp-image-4098\" srcset=\"https:\/\/alice.ch\/app\/uploads\/2022\/10\/EP2019-1-Cover-213x300.jpeg 213w, https:\/\/alice.ch\/app\/uploads\/2022\/10\/EP2019-1-Cover-726x1024.jpeg 726w, https:\/\/alice.ch\/app\/uploads\/2022\/10\/EP2019-1-Cover-768x1083.jpeg 768w, https:\/\/alice.ch\/app\/uploads\/2022\/10\/EP2019-1-Cover.jpeg 962w\" sizes=\"(max-width: 213px) 100vw, 213px\" \/><\/a><figcaption class=\"wp-element-caption\"><a href=\"https:\/\/alice.ch\/app\/uploads\/2022\/10\/EP2019-1_web.pdf\" target=\"_blank\" rel=\"noreferrer noopener\">Mythen der Weiterbildung<\/a><\/figcaption><\/figure>\n<\/div>\n<\/div>\n\n\n\n<p><br>Wenn Sie sich f\u00fcr noch \u00e4ltere Ausgaben interessieren, nehmen Sie bitte Kontakt mit uns auf.<\/p>\n\n\n\n<h2 class=\"wp-block-heading\">Produktinformationen EP<\/h2>\n\n\n\n<div class=\"wp-block-buttons is-layout-flex wp-block-buttons-is-layout-flex\">\n<div class=\"wp-block-button has-custom-width wp-block-button__width-50 is-style-outline is-style-outline--1\"><a class=\"wp-block-button__link wp-element-button\" href=\"https:\/\/alice.ch\/de\/aktuell\/zeitschrift-education-permanente\/fachzeitschrift-ep-abonnieren\/\">Jahresabonnement bestellen<\/a><\/div>\n<\/div>\n\n\n\n<div class=\"wp-block-buttons is-layout-flex wp-block-buttons-is-layout-flex\">\n<div class=\"wp-block-button has-custom-width wp-block-button__width-50 is-style-outline is-style-outline--2\"><a class=\"wp-block-button__link wp-element-button\" href=\"https:\/\/alice.ch\/de\/dienstleistungen\/werbung-platzieren\/inserat-in-der-ep\/\">Werbung in EP platzieren<\/a><\/div>\n<\/div>\n\n\n\n<h2 class=\"wp-block-heading\">Kontakt Abonnements\/Inserate<\/h2>\n\n\n\n<div class=\"wp-block-columns is-layout-flex wp-container-core-columns-is-layout-28f84493 wp-block-columns-is-layout-flex\">\n<div class=\"wp-block-column is-layout-flow wp-block-column-is-layout-flow\" style=\"flex-basis:50%\"><div class=\"contact-persons\">\n\n\t\t\t\t\t<div class=\"contact-person\">\n\t\t\t\t\tMichelle Mathys<br \/>\t\t\t\t\tVerantwortliche Marketing<br \/>\t\t\t\t\t<br \/>\n\t\t\t\t\t\t\t\t\t\t<a href=\"tel:+41 (0)44 319 71 55\">+41 (0)44 319 71 55<\/a><br \/>\t\t\t\t\t<a href=\"mailto:michelle.mathys@alice.ch\">michelle.mathys@alice.ch<\/a><br \/>\t\t\t\t\t<\/div>\n\t\t\t\t\t<\/div>\n<\/div>\n\n\n\n<div class=\"wp-block-column is-layout-flow wp-block-column-is-layout-flow\" style=\"flex-basis:50%\"><\/div>\n<\/div>\n<\/div>\n","protected":false},"excerpt":{"rendered":"<p>Ausgaben der Fachzeitschrift EP Ausgaben 2020 (Downloads) EP 2020-4 2020-3 2020-2 2020-1 Ausgaben 2019 (Downloads) EP 2019-4 2019-3 2019-2 2019-1 [&hellip;]<\/p>\n","protected":false},"author":4,"featured_media":20799,"parent":435,"menu_order":316,"comment_status":"closed","ping_status":"closed","template":"","meta":{"_acf_changed":false,"inline_featured_image":false,"footnotes":""},"class_list":["post-3916","page","type-page","status-publish","has-post-thumbnail","hentry"],"acf":[],"yoast_head":"<!-- This site is optimized with the Yoast SEO plugin v27.3 - https:\/\/yoast.com\/product\/yoast-seo-wordpress\/ -->\n<title>EP-Ausgaben - SVEB<\/title>\n<meta name=\"description\" content=\"Alle EP-Ausgaben von 2021 und 2022 in der Online-Version sowie die Ausgaben von 2019 und 2020 als Download.\" \/>\n<meta name=\"robots\" content=\"index, follow, max-snippet:-1, max-image-preview:large, max-video-preview:-1\" \/>\n<link rel=\"canonical\" href=\"https:\/\/alice.ch\/de\/dienstleistungen\/publikationen-und-produkte\/ep-ausgaben\/\" \/>\n<meta property=\"og:locale\" content=\"de_DE\" \/>\n<meta property=\"og:type\" content=\"article\" \/>\n<meta property=\"og:title\" content=\"EP-Ausgaben - SVEB\" \/>\n<meta property=\"og:description\" content=\"Alle EP-Ausgaben von 2021 und 2022 in der Online-Version sowie die Ausgaben von 2019 und 2020 als Download.\" \/>\n<meta property=\"og:url\" content=\"https:\/\/alice.ch\/de\/dienstleistungen\/publikationen-und-produkte\/ep-ausgaben\/\" \/>\n<meta property=\"og:site_name\" content=\"SVEB\" \/>\n<meta property=\"article:modified_time\" content=\"2025-03-12T13:05:39+00:00\" \/>\n<meta property=\"og:image\" content=\"https:\/\/alice.ch\/app\/uploads\/2022\/10\/EP2020-4_Cover-212x300.png\" \/>\n<meta name=\"twitter:card\" content=\"summary_large_image\" \/>\n<meta name=\"twitter:label1\" content=\"Gesch\u00e4tzte Lesezeit\" \/>\n\t<meta name=\"twitter:data1\" content=\"3\u00a0Minuten\" \/>\n<script type=\"application\/ld+json\" class=\"yoast-schema-graph\">{\"@context\":\"https:\\\/\\\/schema.org\",\"@graph\":[{\"@type\":\"WebPage\",\"@id\":\"https:\\\/\\\/alice.ch\\\/de\\\/dienstleistungen\\\/publikationen-und-produkte\\\/ep-ausgaben\\\/\",\"url\":\"https:\\\/\\\/alice.ch\\\/de\\\/dienstleistungen\\\/publikationen-und-produkte\\\/ep-ausgaben\\\/\",\"name\":\"EP-Ausgaben - SVEB\",\"isPartOf\":{\"@id\":\"https:\\\/\\\/alice.ch\\\/de\\\/#website\"},\"primaryImageOfPage\":{\"@id\":\"https:\\\/\\\/alice.ch\\\/de\\\/dienstleistungen\\\/publikationen-und-produkte\\\/ep-ausgaben\\\/#primaryimage\"},\"image\":{\"@id\":\"https:\\\/\\\/alice.ch\\\/de\\\/dienstleistungen\\\/publikationen-und-produkte\\\/ep-ausgaben\\\/#primaryimage\"},\"thumbnailUrl\":\"https:\\\/\\\/alice.ch\\\/app\\\/uploads\\\/2022\\\/11\\\/default.jpg\",\"datePublished\":\"2022-10-18T09:51:29+00:00\",\"dateModified\":\"2025-03-12T13:05:39+00:00\",\"description\":\"Alle EP-Ausgaben von 2021 und 2022 in der Online-Version sowie die Ausgaben von 2019 und 2020 als Download.\",\"breadcrumb\":{\"@id\":\"https:\\\/\\\/alice.ch\\\/de\\\/dienstleistungen\\\/publikationen-und-produkte\\\/ep-ausgaben\\\/#breadcrumb\"},\"inLanguage\":\"de\",\"potentialAction\":[{\"@type\":\"ReadAction\",\"target\":[\"https:\\\/\\\/alice.ch\\\/de\\\/dienstleistungen\\\/publikationen-und-produkte\\\/ep-ausgaben\\\/\"]}]},{\"@type\":\"ImageObject\",\"inLanguage\":\"de\",\"@id\":\"https:\\\/\\\/alice.ch\\\/de\\\/dienstleistungen\\\/publikationen-und-produkte\\\/ep-ausgaben\\\/#primaryimage\",\"url\":\"https:\\\/\\\/alice.ch\\\/app\\\/uploads\\\/2022\\\/11\\\/default.jpg\",\"contentUrl\":\"https:\\\/\\\/alice.ch\\\/app\\\/uploads\\\/2022\\\/11\\\/default.jpg\",\"width\":1600,\"height\":900},{\"@type\":\"BreadcrumbList\",\"@id\":\"https:\\\/\\\/alice.ch\\\/de\\\/dienstleistungen\\\/publikationen-und-produkte\\\/ep-ausgaben\\\/#breadcrumb\",\"itemListElement\":[{\"@type\":\"ListItem\",\"position\":1,\"name\":\"Startseite\",\"item\":\"https:\\\/\\\/alice.ch\\\/de\\\/\"},{\"@type\":\"ListItem\",\"position\":2,\"name\":\"Dienstleistungen\",\"item\":\"https:\\\/\\\/alice.ch\\\/de\\\/dienstleistungen\\\/\"},{\"@type\":\"ListItem\",\"position\":3,\"name\":\"Publikationen und Produkte\",\"item\":\"https:\\\/\\\/alice.ch\\\/de\\\/dienstleistungen\\\/publikationen-und-produkte\\\/\"},{\"@type\":\"ListItem\",\"position\":4,\"name\":\"EP-Ausgaben\"}]},{\"@type\":\"WebSite\",\"@id\":\"https:\\\/\\\/alice.ch\\\/de\\\/#website\",\"url\":\"https:\\\/\\\/alice.ch\\\/de\\\/\",\"name\":\"alice.ch (Adult Learning Information Center) ist das Portal der Weiterbildung in der Schweiz.\",\"description\":\"Schweizerischer Verband f\u00fcr Weiterbildung\",\"publisher\":{\"@id\":\"https:\\\/\\\/alice.ch\\\/de\\\/#organization\"},\"potentialAction\":[{\"@type\":\"SearchAction\",\"target\":{\"@type\":\"EntryPoint\",\"urlTemplate\":\"https:\\\/\\\/alice.ch\\\/de\\\/?s={search_term_string}\"},\"query-input\":{\"@type\":\"PropertyValueSpecification\",\"valueRequired\":true,\"valueName\":\"search_term_string\"}}],\"inLanguage\":\"de\"},{\"@type\":\"Organization\",\"@id\":\"https:\\\/\\\/alice.ch\\\/de\\\/#organization\",\"name\":\"SVEB Schweizerischer Verband f\u00fcr Weiterbildung\",\"url\":\"https:\\\/\\\/alice.ch\\\/de\\\/\",\"logo\":{\"@type\":\"ImageObject\",\"inLanguage\":\"de\",\"@id\":\"https:\\\/\\\/alice.ch\\\/de\\\/#\\\/schema\\\/logo\\\/image\\\/\",\"url\":\"https:\\\/\\\/alice.ch\\\/app\\\/uploads\\\/2022\\\/07\\\/logo-sveb.png\",\"contentUrl\":\"https:\\\/\\\/alice.ch\\\/app\\\/uploads\\\/2022\\\/07\\\/logo-sveb.png\",\"width\":145,\"height\":64,\"caption\":\"SVEB Schweizerischer Verband f\u00fcr Weiterbildung\"},\"image\":{\"@id\":\"https:\\\/\\\/alice.ch\\\/de\\\/#\\\/schema\\\/logo\\\/image\\\/\"},\"sameAs\":[\"https:\\\/\\\/www.linkedin.com\\\/company\\\/schweizerischer-verband-fr-weiterbildung-sveb\\\/\"]}]}<\/script>\n<!-- \/ Yoast SEO plugin. -->","yoast_head_json":{"title":"EP-Ausgaben - SVEB","description":"Alle EP-Ausgaben von 2021 und 2022 in der Online-Version sowie die Ausgaben von 2019 und 2020 als Download.","robots":{"index":"index","follow":"follow","max-snippet":"max-snippet:-1","max-image-preview":"max-image-preview:large","max-video-preview":"max-video-preview:-1"},"canonical":"https:\/\/alice.ch\/de\/dienstleistungen\/publikationen-und-produkte\/ep-ausgaben\/","og_locale":"de_DE","og_type":"article","og_title":"EP-Ausgaben - SVEB","og_description":"Alle EP-Ausgaben von 2021 und 2022 in der Online-Version sowie die Ausgaben von 2019 und 2020 als Download.","og_url":"https:\/\/alice.ch\/de\/dienstleistungen\/publikationen-und-produkte\/ep-ausgaben\/","og_site_name":"SVEB","article_modified_time":"2025-03-12T13:05:39+00:00","og_image":[{"url":"https:\/\/alice.ch\/app\/uploads\/2022\/10\/EP2020-4_Cover-212x300.png","type":"","width":"","height":""}],"twitter_card":"summary_large_image","twitter_misc":{"Gesch\u00e4tzte Lesezeit":"3\u00a0Minuten"},"schema":{"@context":"https:\/\/schema.org","@graph":[{"@type":"WebPage","@id":"https:\/\/alice.ch\/de\/dienstleistungen\/publikationen-und-produkte\/ep-ausgaben\/","url":"https:\/\/alice.ch\/de\/dienstleistungen\/publikationen-und-produkte\/ep-ausgaben\/","name":"EP-Ausgaben - SVEB","isPartOf":{"@id":"https:\/\/alice.ch\/de\/#website"},"primaryImageOfPage":{"@id":"https:\/\/alice.ch\/de\/dienstleistungen\/publikationen-und-produkte\/ep-ausgaben\/#primaryimage"},"image":{"@id":"https:\/\/alice.ch\/de\/dienstleistungen\/publikationen-und-produkte\/ep-ausgaben\/#primaryimage"},"thumbnailUrl":"https:\/\/alice.ch\/app\/uploads\/2022\/11\/default.jpg","datePublished":"2022-10-18T09:51:29+00:00","dateModified":"2025-03-12T13:05:39+00:00","description":"Alle EP-Ausgaben von 2021 und 2022 in der Online-Version sowie die Ausgaben von 2019 und 2020 als Download.","breadcrumb":{"@id":"https:\/\/alice.ch\/de\/dienstleistungen\/publikationen-und-produkte\/ep-ausgaben\/#breadcrumb"},"inLanguage":"de","potentialAction":[{"@type":"ReadAction","target":["https:\/\/alice.ch\/de\/dienstleistungen\/publikationen-und-produkte\/ep-ausgaben\/"]}]},{"@type":"ImageObject","inLanguage":"de","@id":"https:\/\/alice.ch\/de\/dienstleistungen\/publikationen-und-produkte\/ep-ausgaben\/#primaryimage","url":"https:\/\/alice.ch\/app\/uploads\/2022\/11\/default.jpg","contentUrl":"https:\/\/alice.ch\/app\/uploads\/2022\/11\/default.jpg","width":1600,"height":900},{"@type":"BreadcrumbList","@id":"https:\/\/alice.ch\/de\/dienstleistungen\/publikationen-und-produkte\/ep-ausgaben\/#breadcrumb","itemListElement":[{"@type":"ListItem","position":1,"name":"Startseite","item":"https:\/\/alice.ch\/de\/"},{"@type":"ListItem","position":2,"name":"Dienstleistungen","item":"https:\/\/alice.ch\/de\/dienstleistungen\/"},{"@type":"ListItem","position":3,"name":"Publikationen und Produkte","item":"https:\/\/alice.ch\/de\/dienstleistungen\/publikationen-und-produkte\/"},{"@type":"ListItem","position":4,"name":"EP-Ausgaben"}]},{"@type":"WebSite","@id":"https:\/\/alice.ch\/de\/#website","url":"https:\/\/alice.ch\/de\/","name":"alice.ch (Adult Learning Information Center) ist das Portal der Weiterbildung in der Schweiz.","description":"Schweizerischer Verband f\u00fcr Weiterbildung","publisher":{"@id":"https:\/\/alice.ch\/de\/#organization"},"potentialAction":[{"@type":"SearchAction","target":{"@type":"EntryPoint","urlTemplate":"https:\/\/alice.ch\/de\/?s={search_term_string}"},"query-input":{"@type":"PropertyValueSpecification","valueRequired":true,"valueName":"search_term_string"}}],"inLanguage":"de"},{"@type":"Organization","@id":"https:\/\/alice.ch\/de\/#organization","name":"SVEB Schweizerischer Verband f\u00fcr Weiterbildung","url":"https:\/\/alice.ch\/de\/","logo":{"@type":"ImageObject","inLanguage":"de","@id":"https:\/\/alice.ch\/de\/#\/schema\/logo\/image\/","url":"https:\/\/alice.ch\/app\/uploads\/2022\/07\/logo-sveb.png","contentUrl":"https:\/\/alice.ch\/app\/uploads\/2022\/07\/logo-sveb.png","width":145,"height":64,"caption":"SVEB Schweizerischer Verband f\u00fcr Weiterbildung"},"image":{"@id":"https:\/\/alice.ch\/de\/#\/schema\/logo\/image\/"},"sameAs":["https:\/\/www.linkedin.com\/company\/schweizerischer-verband-fr-weiterbildung-sveb\/"]}]}},"_links":{"self":[{"href":"https:\/\/alice.ch\/de\/wp-json\/wp\/v2\/pages\/3916","targetHints":{"allow":["GET"]}}],"collection":[{"href":"https:\/\/alice.ch\/de\/wp-json\/wp\/v2\/pages"}],"about":[{"href":"https:\/\/alice.ch\/de\/wp-json\/wp\/v2\/types\/page"}],"author":[{"embeddable":true,"href":"https:\/\/alice.ch\/de\/wp-json\/wp\/v2\/users\/4"}],"replies":[{"embeddable":true,"href":"https:\/\/alice.ch\/de\/wp-json\/wp\/v2\/comments?post=3916"}],"version-history":[{"count":84,"href":"https:\/\/alice.ch\/de\/wp-json\/wp\/v2\/pages\/3916\/revisions"}],"predecessor-version":[{"id":66727,"href":"https:\/\/alice.ch\/de\/wp-json\/wp\/v2\/pages\/3916\/revisions\/66727"}],"up":[{"embeddable":true,"href":"https:\/\/alice.ch\/de\/wp-json\/wp\/v2\/pages\/435"}],"wp:featuredmedia":[{"embeddable":true,"href":"https:\/\/alice.ch\/de\/wp-json\/wp\/v2\/media\/20799"}],"wp:attachment":[{"href":"https:\/\/alice.ch\/de\/wp-json\/wp\/v2\/media?parent=3916"}],"curies":[{"name":"wp","href":"https:\/\/api.w.org\/{rel}","templated":true}]}}