{"id":403,"date":"2022-08-16T16:25:58","date_gmt":"2022-08-16T14:25:58","guid":{"rendered":"https:\/\/projects.atxeit.ch\/sveb\/?page_id=403"},"modified":"2026-02-22T17:59:11","modified_gmt":"2026-02-22T16:59:11","slug":"mitgliedschaft","status":"publish","type":"page","link":"https:\/\/alice.ch\/de\/sveb\/mitgliedschaft\/","title":{"rendered":"Mitgliedschaft"},"content":{"rendered":"\n<div class=\"wp-block-group is-style-reduced-width is-layout-flow wp-block-group-is-layout-flow\">\n<h1 class=\"wp-block-heading\">Werden Sie Mitglied des gr\u00f6ssten Weiterbildungsnetzwerks der Schweiz!<\/h1>\n\n\n\n<p class=\"is-style-lead\">Seit 1951 engagieren wir uns als nationaler Dachverband f\u00fcr die Interessen der Weiterbildung in der Schweiz. Auf politischer, gesellschaftlicher und fachlicher Ebene vertreten wir die Anliegen unserer Mitglieder.<\/p>\n\n\n\n<p class=\"is-style-default\">Unsere rund 750 Mitglieder sind private und staatliche Bildungsanbieter, in der Weiterbildung t\u00e4tige Einzelpersonen, Verb\u00e4nde und Weiterbildungsabteilungen von Betrieben \u2013 in allen drei Sprachregionen. Geeint werden sie durch die Absicht, sich f\u00fcr ein wirksames und zukunftsf\u00e4higes Weiterbildungssystem in der Schweiz einzusetzen. Die Mitgliedschaft beim SVEB ist jedoch nicht mit einer Qualit\u00e4tspr\u00fcfung verkn\u00fcpft.<\/p>\n\n\n\n<div class=\"wp-block-buttons is-layout-flex wp-block-buttons-is-layout-flex\">\n<div class=\"wp-block-button is-style-fill\"><a class=\"wp-block-button__link has-background-color has-primary-background-color has-text-color has-background wp-element-button\" href=\"https:\/\/alice.ch\/de\/sveb\/mitgliedschaft\/mitglied-werden\/\"><strong>Mitglied werden<\/strong><\/a><\/div>\n<\/div>\n\n\n\n<h2 class=\"wp-block-heading\">Was wir f\u00fcr unsere Mitglieder tun:<\/h2>\n\n\n\n<div class=\"wp-block-media-text alignwide is-stacked-on-mobile is-vertically-aligned-top\" style=\"grid-template-columns:15% auto\"><figure class=\"wp-block-media-text__media\"><img decoding=\"async\" src=\"https:\/\/alice.ch\/app\/uploads\/2022\/11\/icon-newsroom.png\" alt=\"\" class=\"wp-image-6802 size-full\"\/><\/figure><div class=\"wp-block-media-text__content\">\n<h3 class=\"wp-block-heading\">Wir vertreten Interessen&nbsp;&nbsp;&nbsp;<\/h3>\n\n\n\n<p>auf politischer, wirtschaftlicher und fachlicher Ebene.<\/p>\n\n\n\n<ul class=\"wp-block-list\">\n<li>Wir engagieren uns in der <a href=\"https:\/\/alice.ch\/de\/sveb\/weiterbildungspolitik\/\">Weiterbildungspolitik<\/a>, nehmen regelm\u00e4ssig Stellung, setzen uns f\u00fcr die Branche und ihre Vertreterinnen und Vertreter ein sowie f\u00fcr ein starkes und zukunftsf\u00e4higes Weiterbildungssystem.<\/li>\n\n\n\n<li>Als OdA (Organisation der Arbeitswelt) der Weiterbildung sind wir prim\u00e4rer Ansprechpartner f\u00fcr Bund und Kantone bei allen nationalen Prozessen, welche die Weiterbildung betreffen.<\/li>\n\n\n\n<li>Der SVEB engagiert sich daf\u00fcr, dass alle Grunds\u00e4tze in den Spezialgesetzen umgesetzt werden und dass Bund und Kantone die F\u00f6rderm\u00f6glichkeiten aussch\u00f6pfen, die sie auf der Grundlage des <a href=\"https:\/\/www.fedlex.admin.ch\/eli\/cc\/2016\/132\/de\">WeBiG (Weiterbildungsgesetzes<\/a><a href=\"https:\/\/www.fedlex.admin.ch\/eli\/cc\/2016\/132\/de\" target=\"_blank\" rel=\"noreferrer noopener\">)<\/a> haben.<\/li>\n\n\n\n<li>Zudem gibt es zahlreiche Fragen und Anliegen, die im WeBiG nicht enthalten sind. Auch in diesen Bereichen braucht es das Engagement des SVEB und seiner Mitglieder, damit lebenslanges Lernen f\u00fcr alle Erwachsenen zur Selbstverst\u00e4ndlichkeit wird.<\/li>\n\n\n\n<li>Der SVEB setzt sich f\u00fcr die F\u00f6rderung der <a href=\"https:\/\/alice.ch\/de\/themen\/grundkompetenzen\/\">Grundkompetenzen<\/a> von Erwachsenen ein. Er entwickelt Grundlagen und Perspektiven f\u00fcr die Bereiche Arbeitsmarktf\u00e4higkeit, 50plus, Integration und der <a href=\"https:\/\/weiterbildung-in-kmu.ch\/\">Weiterbildung in KMU<\/a>.&nbsp;<\/li>\n\n\n\n<li>Wir f\u00f6rdern die Qualit\u00e4tssicherung in der Weiterbildung. Die Ausbildung der Ausbildenden (AdA-Baukastensystem) ist der tragende Pfeiler im Bereich <a href=\"https:\/\/alice.ch\/de\/professionalisierung\/\">Professionalisierung<\/a>. Zur Qualit\u00e4tssicherung geh\u00f6ren das Label <a href=\"https:\/\/alice.ch\/de\/qualitaet\/qualitaetslabel-eduqua\/\">eduQua<\/a> und die Projektarbeit.<\/li>\n<\/ul>\n<\/div><\/div>\n\n\n\n<div class=\"wp-block-media-text alignwide is-stacked-on-mobile is-vertically-aligned-top\" style=\"grid-template-columns:15% auto\"><figure class=\"wp-block-media-text__media\"><img decoding=\"async\" width=\"124\" height=\"162\" src=\"https:\/\/alice.ch\/app\/uploads\/2022\/11\/icon-informieren.jpg\" alt=\"\" class=\"wp-image-7223 size-full\"\/><\/figure><div class=\"wp-block-media-text__content\">\n<h3 class=\"wp-block-heading\">Wir forschen und informieren<\/h3>\n\n\n\n<p>\u00fcber aktuelle Entwicklungen und Themen der Weiterbildung.<\/p>\n\n\n\n<ul class=\"wp-block-list\">\n<li>Wir betreiben mit <a href=\"http:\/\/www.alice.ch\">www.alice.ch<\/a> eine Informations- und Dokumentationsplattform zu aktuellen Themen der Weiterbildung in drei Sprachen.<\/li>\n\n\n\n<li>Wir verschicken 11-mal im Jahr einen <a href=\"https:\/\/alice.ch\/de\/aktuell\/newsletter\/\">Newsletter<\/a> an \u00fcber 8000 Adressen.<\/li>\n\n\n\n<li>Wir erforschen im <a href=\"https:\/\/thinktank-transit.ch\/de\/\">Think-Tank TRANSIT<\/a> die Zukunft der Weiterbildung im interdisziplin\u00e4ren Rahmen.<\/li>\n\n\n\n<li>Wir publizieren j\u00e4hrlich <a href=\"https:\/\/alice.ch\/de\/dienstleistungen\/publikationen-und-produkte\/studien\/\">Studien<\/a> und weitere <a href=\"https:\/\/alice.ch\/de\/dienstleistungen\/publikationen-und-produkte\/\">Fachpublikationen<\/a>.<\/li>\n\n\n\n<li>In der Fachzeitschrift <a href=\"https:\/\/www.ep-web.ch\/de\/\">\u00abEducation Permanente\u00bb<\/a> vertiefen wir Themen der Weiterbildung. Sie erscheint zweimal j\u00e4hrlich print und online.<\/li>\n\n\n\n<li>In zahlreichen nationalen und europ\u00e4ischen<a href=\"https:\/\/alice.ch\/de\/forschung\/projekte\/\">&nbsp;Projekten<\/a>&nbsp;entwickeln wir Grundlagen der Weiterbildung und pilotieren ihre Umsetzung.<\/li>\n<\/ul>\n<\/div><\/div>\n\n\n\n<div class=\"wp-block-media-text alignwide is-stacked-on-mobile is-vertically-aligned-top\" style=\"grid-template-columns:15% auto\"><figure class=\"wp-block-media-text__media\"><img decoding=\"async\" width=\"800\" height=\"521\" src=\"https:\/\/alice.ch\/app\/uploads\/2022\/10\/icons-events.png\" alt=\"\" class=\"wp-image-5946 size-full\" srcset=\"https:\/\/alice.ch\/app\/uploads\/2022\/10\/icons-events.png 800w, https:\/\/alice.ch\/app\/uploads\/2022\/10\/icons-events-300x195.png 300w, https:\/\/alice.ch\/app\/uploads\/2022\/10\/icons-events-768x500.png 768w\" sizes=\"(max-width: 800px) 100vw, 800px\" \/><\/figure><div class=\"wp-block-media-text__content\">\n<h3 class=\"wp-block-heading\">Wir vernetzen<\/h3>\n\n\n\n<p>unsere Mitglieder untereinander sowie mit politischen, wirtschaftlichen oder wissenschaftlichen Akteuren.<\/p>\n\n\n\n<ul class=\"wp-block-list\">\n<li>Wir organisieren rund <a href=\"https:\/\/alice.ch\/de\/aktuell\/events\/\">25 Fachtagungen, Workshops und bildungspolitische Tagungen<\/a> pro Jahr in allen drei Landesteilen.<\/li>\n\n\n\n<li>Wir vernetzen alle f\u00fcr den Weiterbildungsbereich wichtigen Akteure und bieten mit Online- und Pr\u00e4senzveranstaltungen&nbsp;<a href=\"https:\/\/alice.ch\/de\/forschung\/vernetzung-und-austausch\/\">Vernetzungsm\u00f6glichkeiten<\/a> auf regionaler, nationaler und internationaler Ebene an.<\/li>\n\n\n\n<li>Der Verband ist in zahlreichen <a href=\"https:\/\/alice.ch\/de\/themen\/weiterbildung-international\/\">nationalen und internationalen Sensibilisierungsprojekten <\/a>aktiv.<\/li>\n\n\n\n<li>Insgesamt bieten wir so diverse Plattformen, um zu kooperieren und sich auszutauschen.<\/li>\n<\/ul>\n<\/div><\/div>\n\n\n\n<div class=\"wp-block-media-text alignwide is-stacked-on-mobile is-vertically-aligned-top\" style=\"grid-template-columns:15% auto\"><figure class=\"wp-block-media-text__media\"><img decoding=\"async\" width=\"731\" height=\"502\" src=\"https:\/\/alice.ch\/app\/uploads\/2022\/10\/icon-tools.png\" alt=\"\" class=\"wp-image-5912 size-full\" srcset=\"https:\/\/alice.ch\/app\/uploads\/2022\/10\/icon-tools.png 731w, https:\/\/alice.ch\/app\/uploads\/2022\/10\/icon-tools-300x206.png 300w\" sizes=\"(max-width: 731px) 100vw, 731px\" \/><\/figure><div class=\"wp-block-media-text__content\">\n<h3 class=\"wp-block-heading\">Wir bieten Services<\/h3>\n\n\n\n<p>rund um die Weiterbildung.<\/p>\n\n\n\n<ul class=\"wp-block-list\">\n<li>Wir betreiben mit alisearch die gr\u00f6sste Kursdatenbank der Schweiz und stellen sie auf <a href=\"http:\/\/www.weiterbildung.swiss\">www.weiterbildung.swiss<\/a> zur Verf\u00fcgung.<\/li>\n\n\n\n<li>Wir unterst\u00fctzen Partner bei der <a href=\"https:\/\/alice.ch\/de\/dienstleistungen\/gutscheinprojekte-des-sveb\/\">Umsetzung von F\u00f6rderprojekten mit Bildungsgutscheinen<\/a>. Bildungsgutscheine sind ein nachfrageorientiertes Finanzierungsinstrument, das flexibel einsetzbar ist.<\/li>\n\n\n\n<li>Auf der Website <a href=\"https:\/\/weiterbildung-in-kmu.ch\/\">Weiterbildung in KMU<\/a> zeigen wir kleinen und mittleren Unternehmen auf, wie sie Weiterbildungsangebote implementieren k\u00f6nnen und was sie dabei zu ber\u00fccksichtigen haben.<\/li>\n\n\n\n<li>Wir entwickeln <a href=\"https:\/\/alice.ch\/de\/dienstleistungen\/publikationen-und-produkte\/praxistools\/\">Praxis-Tools und Hilfsmittel<\/a>, die Weiterbildungsorganisationen bei strategischen Entscheiden oder im Alltag helfen k\u00f6nnen.<\/li>\n<\/ul>\n<\/div><\/div>\n<\/div>\n\n\n\n<h3 class=\"wp-block-heading\">Weitere Vorteile der Mitgliedschaft<\/h3>\n\n\n\n<div class=\"wp-block-group is-style-reduced-width is-layout-flow wp-block-group-is-layout-flow\">\n<ul class=\"wp-block-list\">\n<li>20\u201350% Rabatt f\u00fcr die Teilnahme an <a href=\"\/de\/?page_id=518\">SVEB-Veranstaltungen<\/a><\/li>\n\n\n\n<li>Gratis-Abonnement der Fachzeitschrift \u00ab<a href=\"http:\/\/ep-web.ch\/de\/\">Education Permanente<\/a>\u00bb<\/li>\n\n\n\n<li>20\u201350% Rabatt auf alle SVEB-<a href=\"https:\/\/alice.ch\/de\/dienstleistungen\/publikationen-und-produkte\/\">Fachpublikationen<\/a><\/li>\n\n\n\n<li>20% Rabatt auf Ihre <a href=\"https:\/\/alice.ch\/de\/dienstleistungen\/werbung-platzieren\/\">Werbung<\/a> in unseren on- und offline-Kan\u00e4len<\/li>\n\n\n\n<li>20% Rabatt auf <a href=\"https:\/\/www.weiterbildung.swiss\/?content=Kurspublikation\" target=\"_blank\" rel=\"noreferrer noopener\">Kursausschreibungen auf weiterbildung.swiss<\/a><\/li>\n<\/ul>\n\n\n\n<div style=\"height:53px\" aria-hidden=\"true\" class=\"wp-block-spacer\"><\/div>\n\n\n\n<div class=\"wp-block-buttons is-layout-flex wp-block-buttons-is-layout-flex\">\n<div class=\"wp-block-button is-style-fill\"><a class=\"wp-block-button__link has-background-color has-primary-background-color has-text-color has-background wp-element-button\" href=\"https:\/\/alice.ch\/de\/sveb\/mitgliedschaft\/mitglied-werden\/\"><strong>Mitglied werden<\/strong><\/a><\/div>\n<\/div>\n\n\n\n<h2 class=\"wp-block-heading\">Weitere Informationen<\/h2>\n\n\n\n<div class=\"wp-block-columns is-layout-flex wp-container-core-columns-is-layout-28f84493 wp-block-columns-is-layout-flex\">\n<div class=\"wp-block-column is-layout-flow wp-block-column-is-layout-flow\" style=\"flex-basis:50%\">\n<div class=\"wp-block-file\"><a id=\"wp-block-file--media-97a20b4a-2678-492d-9514-351b7b1e86b7\" href=\"https:\/\/alice.ch\/app\/uploads\/2025\/01\/statuten-sveb-2024.pdf\" target=\"_blank\" rel=\"noreferrer noopener\">Statuten des SVEB<br \/>PDF &#8211; 86 KB<\/a><\/div>\n<\/div>\n\n\n\n<div class=\"wp-block-column is-layout-flow wp-block-column-is-layout-flow\" style=\"flex-basis:50%\"><\/div>\n<\/div>\n\n\n\n<div class=\"wp-block-columns is-layout-flex wp-container-core-columns-is-layout-28f84493 wp-block-columns-is-layout-flex\">\n<div class=\"wp-block-column is-layout-flow wp-block-column-is-layout-flow\">\n<div class=\"wp-block-buttons is-layout-flex wp-block-buttons-is-layout-flex\">\n<div class=\"wp-block-button has-custom-width wp-block-button__width-100 is-style-outline is-style-outline--1\"><a class=\"wp-block-button__link wp-element-button\" href=\"https:\/\/alice.ch\/de\/sveb\/strategie\/\">Strategie des SVEB<\/a><\/div>\n<\/div>\n<\/div>\n\n\n\n<div class=\"wp-block-column is-layout-flow wp-block-column-is-layout-flow\">\n<div class=\"wp-block-buttons is-layout-flex wp-block-buttons-is-layout-flex\"><\/div>\n<\/div>\n<\/div>\n\n\n\n<div class=\"wp-block-buttons is-layout-flex wp-block-buttons-is-layout-flex\">\n<div class=\"wp-block-button has-custom-width wp-block-button__width-50 is-style-outline is-style-outline--2\"><a class=\"wp-block-button__link wp-element-button\" href=\"https:\/\/alice.ch\/de\/sveb\/ueber-den-sveb\/organe\/\">Organe des SVEB<\/a><\/div>\n<\/div>\n\n\n\n<div class=\"wp-block-buttons is-layout-flex wp-block-buttons-is-layout-flex\">\n<div class=\"wp-block-button has-custom-width wp-block-button__width-50 is-style-outline is-style-outline--3\"><a class=\"wp-block-button__link wp-element-button\" href=\"https:\/\/alice.ch\/de\/sveb\/ueber-den-sveb\/organe\/\">Jahresberichte und Protokolle der Delegiertenversammlung<\/a><\/div>\n<\/div>\n\n\n\n<h2 class=\"wp-block-heading\">Kontakt<\/h2>\n\n\n\n<div class=\"wp-block-columns is-layout-flex wp-container-core-columns-is-layout-28f84493 wp-block-columns-is-layout-flex\">\n<div class=\"wp-block-column is-layout-flow wp-block-column-is-layout-flow\" style=\"flex-basis:50%\"><div class=\"contact-persons\">\n\n\t\t\t\t\t<div class=\"contact-person\">\n\t\t\t\t\tDomenico Molinaro<br \/>\t\t\t\t\tMitarbeiter Stab<br \/>\t\t\t\t\t<br \/>\n\t\t\t\t\t\t\t\t\t\t<a href=\"tel:+41 (0)44 319 71 75\">+41 (0)44 319 71 75<\/a><br \/>\t\t\t\t\t<a href=\"mailto:domenico.molinaro@alice.ch\">domenico.molinaro@alice.ch<\/a><br \/>\t\t\t\t\t<\/div>\n\t\t\t\t\t<\/div>\n<\/div>\n\n\n\n<div class=\"wp-block-column is-layout-flow wp-block-column-is-layout-flow\" style=\"flex-basis:50%\"><\/div>\n<\/div>\n<\/div>\n\n\n\n<p><\/p>\n","protected":false},"excerpt":{"rendered":"<p>Werden Sie Mitglied des gr\u00f6ssten Weiterbildungsnetzwerks der Schweiz! Seit 1951 engagieren wir uns als nationaler Dachverband f\u00fcr die Interessen der [&hellip;]<\/p>\n","protected":false},"author":4,"featured_media":20799,"parent":35,"menu_order":451,"comment_status":"closed","ping_status":"closed","template":"","meta":{"_acf_changed":false,"inline_featured_image":false,"footnotes":""},"class_list":["post-403","page","type-page","status-publish","has-post-thumbnail","hentry"],"acf":[],"yoast_head":"<!-- This site is optimized with the Yoast SEO plugin v27.3 - https:\/\/yoast.com\/product\/yoast-seo-wordpress\/ -->\n<title>Mitgliedschaft - SVEB<\/title>\n<meta name=\"description\" content=\"SVEB-Mitglieder profitieren von Networking, Verg\u00fcnstigungen, Veranstaltungen und Studien im Bereich der Weiterbildung der Schweiz.\" \/>\n<meta name=\"robots\" content=\"index, follow, max-snippet:-1, max-image-preview:large, max-video-preview:-1\" \/>\n<link rel=\"canonical\" href=\"https:\/\/alice.ch\/de\/sveb\/mitgliedschaft\/\" \/>\n<meta property=\"og:locale\" content=\"de_DE\" \/>\n<meta property=\"og:type\" content=\"article\" \/>\n<meta property=\"og:title\" content=\"Mitgliedschaft - SVEB\" \/>\n<meta property=\"og:description\" content=\"SVEB-Mitglieder profitieren von Networking, Verg\u00fcnstigungen, Veranstaltungen und Studien im Bereich der Weiterbildung der Schweiz.\" \/>\n<meta property=\"og:url\" content=\"https:\/\/alice.ch\/de\/sveb\/mitgliedschaft\/\" \/>\n<meta property=\"og:site_name\" content=\"SVEB\" \/>\n<meta property=\"article:modified_time\" content=\"2026-02-22T16:59:11+00:00\" \/>\n<meta name=\"twitter:card\" content=\"summary_large_image\" \/>\n<meta name=\"twitter:label1\" content=\"Gesch\u00e4tzte Lesezeit\" \/>\n\t<meta name=\"twitter:data1\" content=\"2\u00a0Minuten\" \/>\n<script type=\"application\/ld+json\" class=\"yoast-schema-graph\">{\"@context\":\"https:\\\/\\\/schema.org\",\"@graph\":[{\"@type\":\"WebPage\",\"@id\":\"https:\\\/\\\/alice.ch\\\/de\\\/sveb\\\/mitgliedschaft\\\/\",\"url\":\"https:\\\/\\\/alice.ch\\\/de\\\/sveb\\\/mitgliedschaft\\\/\",\"name\":\"Mitgliedschaft - SVEB\",\"isPartOf\":{\"@id\":\"https:\\\/\\\/alice.ch\\\/de\\\/#website\"},\"primaryImageOfPage\":{\"@id\":\"https:\\\/\\\/alice.ch\\\/de\\\/sveb\\\/mitgliedschaft\\\/#primaryimage\"},\"image\":{\"@id\":\"https:\\\/\\\/alice.ch\\\/de\\\/sveb\\\/mitgliedschaft\\\/#primaryimage\"},\"thumbnailUrl\":\"https:\\\/\\\/alice.ch\\\/app\\\/uploads\\\/2022\\\/11\\\/default.jpg\",\"datePublished\":\"2022-08-16T14:25:58+00:00\",\"dateModified\":\"2026-02-22T16:59:11+00:00\",\"description\":\"SVEB-Mitglieder profitieren von Networking, Verg\u00fcnstigungen, Veranstaltungen und Studien im Bereich der Weiterbildung der Schweiz.\",\"breadcrumb\":{\"@id\":\"https:\\\/\\\/alice.ch\\\/de\\\/sveb\\\/mitgliedschaft\\\/#breadcrumb\"},\"inLanguage\":\"de\",\"potentialAction\":[{\"@type\":\"ReadAction\",\"target\":[\"https:\\\/\\\/alice.ch\\\/de\\\/sveb\\\/mitgliedschaft\\\/\"]}]},{\"@type\":\"ImageObject\",\"inLanguage\":\"de\",\"@id\":\"https:\\\/\\\/alice.ch\\\/de\\\/sveb\\\/mitgliedschaft\\\/#primaryimage\",\"url\":\"https:\\\/\\\/alice.ch\\\/app\\\/uploads\\\/2022\\\/11\\\/default.jpg\",\"contentUrl\":\"https:\\\/\\\/alice.ch\\\/app\\\/uploads\\\/2022\\\/11\\\/default.jpg\",\"width\":1600,\"height\":900},{\"@type\":\"BreadcrumbList\",\"@id\":\"https:\\\/\\\/alice.ch\\\/de\\\/sveb\\\/mitgliedschaft\\\/#breadcrumb\",\"itemListElement\":[{\"@type\":\"ListItem\",\"position\":1,\"name\":\"Startseite\",\"item\":\"https:\\\/\\\/alice.ch\\\/de\\\/\"},{\"@type\":\"ListItem\",\"position\":2,\"name\":\"SVEB\",\"item\":\"https:\\\/\\\/alice.ch\\\/de\\\/sveb\\\/\"},{\"@type\":\"ListItem\",\"position\":3,\"name\":\"Mitgliedschaft\"}]},{\"@type\":\"WebSite\",\"@id\":\"https:\\\/\\\/alice.ch\\\/de\\\/#website\",\"url\":\"https:\\\/\\\/alice.ch\\\/de\\\/\",\"name\":\"alice.ch (Adult Learning Information Center) ist das Portal der Weiterbildung in der Schweiz.\",\"description\":\"Schweizerischer Verband f\u00fcr Weiterbildung\",\"publisher\":{\"@id\":\"https:\\\/\\\/alice.ch\\\/de\\\/#organization\"},\"potentialAction\":[{\"@type\":\"SearchAction\",\"target\":{\"@type\":\"EntryPoint\",\"urlTemplate\":\"https:\\\/\\\/alice.ch\\\/de\\\/?s={search_term_string}\"},\"query-input\":{\"@type\":\"PropertyValueSpecification\",\"valueRequired\":true,\"valueName\":\"search_term_string\"}}],\"inLanguage\":\"de\"},{\"@type\":\"Organization\",\"@id\":\"https:\\\/\\\/alice.ch\\\/de\\\/#organization\",\"name\":\"SVEB Schweizerischer Verband f\u00fcr Weiterbildung\",\"url\":\"https:\\\/\\\/alice.ch\\\/de\\\/\",\"logo\":{\"@type\":\"ImageObject\",\"inLanguage\":\"de\",\"@id\":\"https:\\\/\\\/alice.ch\\\/de\\\/#\\\/schema\\\/logo\\\/image\\\/\",\"url\":\"https:\\\/\\\/alice.ch\\\/app\\\/uploads\\\/2022\\\/07\\\/logo-sveb.png\",\"contentUrl\":\"https:\\\/\\\/alice.ch\\\/app\\\/uploads\\\/2022\\\/07\\\/logo-sveb.png\",\"width\":145,\"height\":64,\"caption\":\"SVEB Schweizerischer Verband f\u00fcr Weiterbildung\"},\"image\":{\"@id\":\"https:\\\/\\\/alice.ch\\\/de\\\/#\\\/schema\\\/logo\\\/image\\\/\"},\"sameAs\":[\"https:\\\/\\\/www.linkedin.com\\\/company\\\/schweizerischer-verband-fr-weiterbildung-sveb\\\/\"]}]}<\/script>\n<!-- \/ Yoast SEO plugin. -->","yoast_head_json":{"title":"Mitgliedschaft - SVEB","description":"SVEB-Mitglieder profitieren von Networking, Verg\u00fcnstigungen, Veranstaltungen und Studien im Bereich der Weiterbildung der Schweiz.","robots":{"index":"index","follow":"follow","max-snippet":"max-snippet:-1","max-image-preview":"max-image-preview:large","max-video-preview":"max-video-preview:-1"},"canonical":"https:\/\/alice.ch\/de\/sveb\/mitgliedschaft\/","og_locale":"de_DE","og_type":"article","og_title":"Mitgliedschaft - SVEB","og_description":"SVEB-Mitglieder profitieren von Networking, Verg\u00fcnstigungen, Veranstaltungen und Studien im Bereich der Weiterbildung der Schweiz.","og_url":"https:\/\/alice.ch\/de\/sveb\/mitgliedschaft\/","og_site_name":"SVEB","article_modified_time":"2026-02-22T16:59:11+00:00","twitter_card":"summary_large_image","twitter_misc":{"Gesch\u00e4tzte Lesezeit":"2\u00a0Minuten"},"schema":{"@context":"https:\/\/schema.org","@graph":[{"@type":"WebPage","@id":"https:\/\/alice.ch\/de\/sveb\/mitgliedschaft\/","url":"https:\/\/alice.ch\/de\/sveb\/mitgliedschaft\/","name":"Mitgliedschaft - SVEB","isPartOf":{"@id":"https:\/\/alice.ch\/de\/#website"},"primaryImageOfPage":{"@id":"https:\/\/alice.ch\/de\/sveb\/mitgliedschaft\/#primaryimage"},"image":{"@id":"https:\/\/alice.ch\/de\/sveb\/mitgliedschaft\/#primaryimage"},"thumbnailUrl":"https:\/\/alice.ch\/app\/uploads\/2022\/11\/default.jpg","datePublished":"2022-08-16T14:25:58+00:00","dateModified":"2026-02-22T16:59:11+00:00","description":"SVEB-Mitglieder profitieren von Networking, Verg\u00fcnstigungen, Veranstaltungen und Studien im Bereich der Weiterbildung der Schweiz.","breadcrumb":{"@id":"https:\/\/alice.ch\/de\/sveb\/mitgliedschaft\/#breadcrumb"},"inLanguage":"de","potentialAction":[{"@type":"ReadAction","target":["https:\/\/alice.ch\/de\/sveb\/mitgliedschaft\/"]}]},{"@type":"ImageObject","inLanguage":"de","@id":"https:\/\/alice.ch\/de\/sveb\/mitgliedschaft\/#primaryimage","url":"https:\/\/alice.ch\/app\/uploads\/2022\/11\/default.jpg","contentUrl":"https:\/\/alice.ch\/app\/uploads\/2022\/11\/default.jpg","width":1600,"height":900},{"@type":"BreadcrumbList","@id":"https:\/\/alice.ch\/de\/sveb\/mitgliedschaft\/#breadcrumb","itemListElement":[{"@type":"ListItem","position":1,"name":"Startseite","item":"https:\/\/alice.ch\/de\/"},{"@type":"ListItem","position":2,"name":"SVEB","item":"https:\/\/alice.ch\/de\/sveb\/"},{"@type":"ListItem","position":3,"name":"Mitgliedschaft"}]},{"@type":"WebSite","@id":"https:\/\/alice.ch\/de\/#website","url":"https:\/\/alice.ch\/de\/","name":"alice.ch (Adult Learning Information Center) ist das Portal der Weiterbildung in der Schweiz.","description":"Schweizerischer Verband f\u00fcr Weiterbildung","publisher":{"@id":"https:\/\/alice.ch\/de\/#organization"},"potentialAction":[{"@type":"SearchAction","target":{"@type":"EntryPoint","urlTemplate":"https:\/\/alice.ch\/de\/?s={search_term_string}"},"query-input":{"@type":"PropertyValueSpecification","valueRequired":true,"valueName":"search_term_string"}}],"inLanguage":"de"},{"@type":"Organization","@id":"https:\/\/alice.ch\/de\/#organization","name":"SVEB Schweizerischer Verband f\u00fcr Weiterbildung","url":"https:\/\/alice.ch\/de\/","logo":{"@type":"ImageObject","inLanguage":"de","@id":"https:\/\/alice.ch\/de\/#\/schema\/logo\/image\/","url":"https:\/\/alice.ch\/app\/uploads\/2022\/07\/logo-sveb.png","contentUrl":"https:\/\/alice.ch\/app\/uploads\/2022\/07\/logo-sveb.png","width":145,"height":64,"caption":"SVEB Schweizerischer Verband f\u00fcr Weiterbildung"},"image":{"@id":"https:\/\/alice.ch\/de\/#\/schema\/logo\/image\/"},"sameAs":["https:\/\/www.linkedin.com\/company\/schweizerischer-verband-fr-weiterbildung-sveb\/"]}]}},"_links":{"self":[{"href":"https:\/\/alice.ch\/de\/wp-json\/wp\/v2\/pages\/403","targetHints":{"allow":["GET"]}}],"collection":[{"href":"https:\/\/alice.ch\/de\/wp-json\/wp\/v2\/pages"}],"about":[{"href":"https:\/\/alice.ch\/de\/wp-json\/wp\/v2\/types\/page"}],"author":[{"embeddable":true,"href":"https:\/\/alice.ch\/de\/wp-json\/wp\/v2\/users\/4"}],"replies":[{"embeddable":true,"href":"https:\/\/alice.ch\/de\/wp-json\/wp\/v2\/comments?post=403"}],"version-history":[{"count":119,"href":"https:\/\/alice.ch\/de\/wp-json\/wp\/v2\/pages\/403\/revisions"}],"predecessor-version":[{"id":73858,"href":"https:\/\/alice.ch\/de\/wp-json\/wp\/v2\/pages\/403\/revisions\/73858"}],"up":[{"embeddable":true,"href":"https:\/\/alice.ch\/de\/wp-json\/wp\/v2\/pages\/35"}],"wp:featuredmedia":[{"embeddable":true,"href":"https:\/\/alice.ch\/de\/wp-json\/wp\/v2\/media\/20799"}],"wp:attachment":[{"href":"https:\/\/alice.ch\/de\/wp-json\/wp\/v2\/media?parent=403"}],"curies":[{"name":"wp","href":"https:\/\/api.w.org\/{rel}","templated":true}]}}