{"id":443,"date":"2022-08-16T16:37:17","date_gmt":"2022-08-16T14:37:17","guid":{"rendered":"https:\/\/projects.atxeit.ch\/sveb\/?page_id=443"},"modified":"2025-12-18T11:07:18","modified_gmt":"2025-12-18T10:07:18","slug":"entwicklungen-fuer-die-praxis","status":"publish","type":"page","link":"https:\/\/alice.ch\/de\/forschung\/entwicklungen-fuer-die-praxis\/","title":{"rendered":"Entwicklungen f\u00fcr die Praxis"},"content":{"rendered":"\n<div class=\"wp-block-group is-layout-constrained wp-block-group-is-layout-constrained\">\n<div class=\"wp-block-group is-style-reduced-width is-layout-constrained wp-block-group-is-layout-constrained\">\n<div class=\"wp-block-group is-style-default is-layout-constrained wp-block-group-is-layout-constrained\">\n<h1 class=\"wp-block-heading\">Entwicklungen f\u00fcr die Praxis<\/h1>\n\n\n\n<p class=\"is-style-lead\">Im Rahmen von bedarfsorientierten Projekten entwickelt der SVEB Instrumente und Tools, die in der Weiterbildungspraxis angewendet und umgesetzt werden k\u00f6nnen. <\/p>\n\n\n\n<p class=\"is-style-default\">Wichtige und h\u00e4ufige Querschnittsthemen sind der Erwerb und Erhalt von Grundkompetenzen,  die Professionalisierung und Nachhaltigkeit.<\/p>\n<\/div>\n\n\n\n<div class=\"wp-block-group is-style-default is-content-justification-left is-layout-constrained wp-container-core-group-is-layout-12dd3699 wp-block-group-is-layout-constrained\">\n<h2 class=\"wp-block-heading\">Aktuelle Entwicklungsprojekte<\/h2>\n\n\n\n<p>Die Entwicklungsprojekte des SVEB generieren neue Erkenntnisse und stossen Innovationen an. Daraus k\u00f6nnen Praxis-Tools entwickelt werden:<\/p>\n\n\n\n<div class=\"wp-block-buttons is-layout-flex wp-block-buttons-is-layout-flex\">\n<div class=\"wp-block-button has-custom-width wp-block-button__width-50 is-style-outline is-style-outline--1\"><a class=\"wp-block-button__link wp-element-button\" href=\"https:\/\/alice.ch\/de\/forschung\/entwicklungen-fuer-die-praxis\/aktuelle-entwicklungsprojekte\/\">Aktuelle Entwicklungsprojekte<\/a><\/div>\n<\/div>\n\n\n\n<h2 class=\"wp-block-heading\">Grundkompetenzen als Querschnittsthema<\/h2>\n\n\n\n<p>Der SVEB arbeitet an Entwicklungsprojekten dazu, wie Grundkompetenzen in der Schweiz innovativ gef\u00f6rdert werden k\u00f6nnen. Dabei steht insbesondere der Arbeitsplatz im Fokus (<a href=\"https:\/\/alice.ch\/de\/themen\/grundkompetenzen\/go-upskilling-am-arbeitsplatz\/go-modell\/\">GO-Modell<\/a>).<\/p>\n\n\n\n<div class=\"wp-block-buttons is-layout-flex wp-block-buttons-is-layout-flex\">\n<div class=\"wp-block-button has-custom-width wp-block-button__width-50 is-style-outline is-style-outline--2\"><a class=\"wp-block-button__link wp-element-button\" href=\"https:\/\/alice.ch\/de\/forschung\/entwicklungen-fuer-die-praxis\/grundkompetenzen-als-querschnittsthema\/\">Grundkompetenzen als Querschnittsthema<\/a><\/div>\n<\/div>\n\n\n\n<h2 class=\"wp-block-heading\">Nachhaltigkeit<\/h2>\n\n\n\n<p>Der SVEB sieht einen grossen Bedarf, die Rolle der Weiterbildung im Bereich Nachhaltigkeit zu st\u00e4rken. Er setzt sich deshalb in der Schweiz und international f\u00fcr die F\u00f6rderung von Nachhaltigkeitskompetenzen von Erwachsenen ein.\u00a0<\/p>\n\n\n\n<div class=\"wp-block-buttons is-layout-flex wp-block-buttons-is-layout-flex\">\n<div class=\"wp-block-button has-custom-width wp-block-button__width-50 is-style-outline is-style-outline--3\"><a class=\"wp-block-button__link wp-element-button\" href=\"https:\/\/alice.ch\/de\/themen\/weiterbildung-nachhaltige-entwicklung\/\">Nachhaltigkeit als Schwerpunktthema<\/a><\/div>\n<\/div>\n\n\n\n<h2 class=\"wp-block-heading\">Internationale Projekte<\/h2>\n\n\n\n<p>Der SVEB setzt sich daf\u00fcr ein, dass Weiterbildung auf internationaler Ebene \u00fcber die Grenzen hinaus gef\u00f6rdert und koordiniert wird.\u00a0<\/p>\n\n\n\n<div class=\"wp-block-buttons is-layout-flex wp-block-buttons-is-layout-flex\">\n<div class=\"wp-block-button has-custom-width wp-block-button__width-50 is-style-outline is-style-outline--4\"><a class=\"wp-block-button__link wp-element-button\" href=\"https:\/\/alice.ch\/de\/themen\/weiterbildung-international\/internationale-projekte\/\">Internationale Projekte<\/a><\/div>\n<\/div>\n\n\n\n<h2 class=\"wp-block-heading\">Kontakt<\/h2>\n\n\n\n<div class=\"wp-block-columns is-layout-flex wp-container-core-columns-is-layout-28f84493 wp-block-columns-is-layout-flex\">\n<div class=\"wp-block-column is-layout-flow wp-block-column-is-layout-flow\" style=\"flex-basis:50%\"><div class=\"contact-persons\">\n\n\t\t\t\t\t<div class=\"contact-person\">\n\t\t\t\t\tIrena Sgier<br \/>\t\t\t\t\t Stv. Direktorin, Leiterin Forschung, Entwicklung und Innovation<br \/>\t\t\t\t\t<br \/>\n\t\t\t\t\t\t\t\t\t\t<a href=\"tel:+41 (0)44 319 71 59\">+41 (0)44 319 71 59<\/a><br \/>\t\t\t\t\t<a href=\"mailto:irena.sgier@alice.ch\">irena.sgier@alice.ch<\/a><br \/>\t\t\t\t\t<\/div>\n\t\t\t\t\t<\/div>\n<\/div>\n\n\n\n<div class=\"wp-block-column is-layout-flow wp-block-column-is-layout-flow\" style=\"flex-basis:50%\"><\/div>\n<\/div>\n<\/div>\n<\/div>\n<\/div>\n","protected":false},"excerpt":{"rendered":"<p>Entwicklungen f\u00fcr die Praxis Im Rahmen von bedarfsorientierten Projekten entwickelt der SVEB Instrumente und Tools, die in der Weiterbildungspraxis angewendet [&hellip;]<\/p>\n","protected":false},"author":2,"featured_media":20799,"parent":29,"menu_order":465,"comment_status":"closed","ping_status":"closed","template":"","meta":{"_acf_changed":false,"inline_featured_image":false,"footnotes":""},"class_list":["post-443","page","type-page","status-publish","has-post-thumbnail","hentry"],"acf":[],"yoast_head":"<!-- This site is optimized with the Yoast SEO plugin v27.3 - https:\/\/yoast.com\/product\/yoast-seo-wordpress\/ -->\n<title>Entwicklungen f\u00fcr die Praxis - SVEB<\/title>\n<meta name=\"description\" content=\"Mit praxisorientierten Entwicklungsprojekten leistet der SVEB einen Beitrag zur Entwicklung und Innovation in der Weiterbildung.\" \/>\n<meta name=\"robots\" content=\"index, follow, max-snippet:-1, max-image-preview:large, max-video-preview:-1\" \/>\n<link rel=\"canonical\" href=\"https:\/\/alice.ch\/de\/forschung\/entwicklungen-fuer-die-praxis\/\" \/>\n<meta property=\"og:locale\" content=\"de_DE\" \/>\n<meta property=\"og:type\" content=\"article\" \/>\n<meta property=\"og:title\" content=\"Entwicklungen f\u00fcr die Praxis - SVEB\" \/>\n<meta property=\"og:description\" content=\"Mit praxisorientierten Entwicklungsprojekten leistet der SVEB einen Beitrag zur Entwicklung und Innovation in der Weiterbildung.\" \/>\n<meta property=\"og:url\" content=\"https:\/\/alice.ch\/de\/forschung\/entwicklungen-fuer-die-praxis\/\" \/>\n<meta property=\"og:site_name\" content=\"SVEB\" \/>\n<meta property=\"article:modified_time\" content=\"2025-12-18T10:07:18+00:00\" \/>\n<meta name=\"twitter:card\" content=\"summary_large_image\" \/>\n<meta name=\"twitter:label1\" content=\"Gesch\u00e4tzte Lesezeit\" \/>\n\t<meta name=\"twitter:data1\" content=\"1\u00a0Minute\" \/>\n<script type=\"application\/ld+json\" class=\"yoast-schema-graph\">{\"@context\":\"https:\\\/\\\/schema.org\",\"@graph\":[{\"@type\":\"WebPage\",\"@id\":\"https:\\\/\\\/alice.ch\\\/de\\\/forschung\\\/entwicklungen-fuer-die-praxis\\\/\",\"url\":\"https:\\\/\\\/alice.ch\\\/de\\\/forschung\\\/entwicklungen-fuer-die-praxis\\\/\",\"name\":\"Entwicklungen f\u00fcr die Praxis - SVEB\",\"isPartOf\":{\"@id\":\"https:\\\/\\\/alice.ch\\\/de\\\/#website\"},\"primaryImageOfPage\":{\"@id\":\"https:\\\/\\\/alice.ch\\\/de\\\/forschung\\\/entwicklungen-fuer-die-praxis\\\/#primaryimage\"},\"image\":{\"@id\":\"https:\\\/\\\/alice.ch\\\/de\\\/forschung\\\/entwicklungen-fuer-die-praxis\\\/#primaryimage\"},\"thumbnailUrl\":\"https:\\\/\\\/alice.ch\\\/app\\\/uploads\\\/2022\\\/11\\\/default.jpg\",\"datePublished\":\"2022-08-16T14:37:17+00:00\",\"dateModified\":\"2025-12-18T10:07:18+00:00\",\"description\":\"Mit praxisorientierten Entwicklungsprojekten leistet der SVEB einen Beitrag zur Entwicklung und Innovation in der Weiterbildung.\",\"breadcrumb\":{\"@id\":\"https:\\\/\\\/alice.ch\\\/de\\\/forschung\\\/entwicklungen-fuer-die-praxis\\\/#breadcrumb\"},\"inLanguage\":\"de\",\"potentialAction\":[{\"@type\":\"ReadAction\",\"target\":[\"https:\\\/\\\/alice.ch\\\/de\\\/forschung\\\/entwicklungen-fuer-die-praxis\\\/\"]}]},{\"@type\":\"ImageObject\",\"inLanguage\":\"de\",\"@id\":\"https:\\\/\\\/alice.ch\\\/de\\\/forschung\\\/entwicklungen-fuer-die-praxis\\\/#primaryimage\",\"url\":\"https:\\\/\\\/alice.ch\\\/app\\\/uploads\\\/2022\\\/11\\\/default.jpg\",\"contentUrl\":\"https:\\\/\\\/alice.ch\\\/app\\\/uploads\\\/2022\\\/11\\\/default.jpg\",\"width\":1600,\"height\":900},{\"@type\":\"BreadcrumbList\",\"@id\":\"https:\\\/\\\/alice.ch\\\/de\\\/forschung\\\/entwicklungen-fuer-die-praxis\\\/#breadcrumb\",\"itemListElement\":[{\"@type\":\"ListItem\",\"position\":1,\"name\":\"Startseite\",\"item\":\"https:\\\/\\\/alice.ch\\\/de\\\/\"},{\"@type\":\"ListItem\",\"position\":2,\"name\":\"Forschung\",\"item\":\"https:\\\/\\\/alice.ch\\\/de\\\/forschung\\\/\"},{\"@type\":\"ListItem\",\"position\":3,\"name\":\"Entwicklungen f\u00fcr die Praxis\"}]},{\"@type\":\"WebSite\",\"@id\":\"https:\\\/\\\/alice.ch\\\/de\\\/#website\",\"url\":\"https:\\\/\\\/alice.ch\\\/de\\\/\",\"name\":\"alice.ch (Adult Learning Information Center) ist das Portal der Weiterbildung in der Schweiz.\",\"description\":\"Schweizerischer Verband f\u00fcr Weiterbildung\",\"publisher\":{\"@id\":\"https:\\\/\\\/alice.ch\\\/de\\\/#organization\"},\"potentialAction\":[{\"@type\":\"SearchAction\",\"target\":{\"@type\":\"EntryPoint\",\"urlTemplate\":\"https:\\\/\\\/alice.ch\\\/de\\\/?s={search_term_string}\"},\"query-input\":{\"@type\":\"PropertyValueSpecification\",\"valueRequired\":true,\"valueName\":\"search_term_string\"}}],\"inLanguage\":\"de\"},{\"@type\":\"Organization\",\"@id\":\"https:\\\/\\\/alice.ch\\\/de\\\/#organization\",\"name\":\"SVEB Schweizerischer Verband f\u00fcr Weiterbildung\",\"url\":\"https:\\\/\\\/alice.ch\\\/de\\\/\",\"logo\":{\"@type\":\"ImageObject\",\"inLanguage\":\"de\",\"@id\":\"https:\\\/\\\/alice.ch\\\/de\\\/#\\\/schema\\\/logo\\\/image\\\/\",\"url\":\"https:\\\/\\\/alice.ch\\\/app\\\/uploads\\\/2022\\\/07\\\/logo-sveb.png\",\"contentUrl\":\"https:\\\/\\\/alice.ch\\\/app\\\/uploads\\\/2022\\\/07\\\/logo-sveb.png\",\"width\":145,\"height\":64,\"caption\":\"SVEB Schweizerischer Verband f\u00fcr Weiterbildung\"},\"image\":{\"@id\":\"https:\\\/\\\/alice.ch\\\/de\\\/#\\\/schema\\\/logo\\\/image\\\/\"},\"sameAs\":[\"https:\\\/\\\/www.linkedin.com\\\/company\\\/schweizerischer-verband-fr-weiterbildung-sveb\\\/\"]}]}<\/script>\n<!-- \/ Yoast SEO plugin. -->","yoast_head_json":{"title":"Entwicklungen f\u00fcr die Praxis - SVEB","description":"Mit praxisorientierten Entwicklungsprojekten leistet der SVEB einen Beitrag zur Entwicklung und Innovation in der Weiterbildung.","robots":{"index":"index","follow":"follow","max-snippet":"max-snippet:-1","max-image-preview":"max-image-preview:large","max-video-preview":"max-video-preview:-1"},"canonical":"https:\/\/alice.ch\/de\/forschung\/entwicklungen-fuer-die-praxis\/","og_locale":"de_DE","og_type":"article","og_title":"Entwicklungen f\u00fcr die Praxis - SVEB","og_description":"Mit praxisorientierten Entwicklungsprojekten leistet der SVEB einen Beitrag zur Entwicklung und Innovation in der Weiterbildung.","og_url":"https:\/\/alice.ch\/de\/forschung\/entwicklungen-fuer-die-praxis\/","og_site_name":"SVEB","article_modified_time":"2025-12-18T10:07:18+00:00","twitter_card":"summary_large_image","twitter_misc":{"Gesch\u00e4tzte Lesezeit":"1\u00a0Minute"},"schema":{"@context":"https:\/\/schema.org","@graph":[{"@type":"WebPage","@id":"https:\/\/alice.ch\/de\/forschung\/entwicklungen-fuer-die-praxis\/","url":"https:\/\/alice.ch\/de\/forschung\/entwicklungen-fuer-die-praxis\/","name":"Entwicklungen f\u00fcr die Praxis - SVEB","isPartOf":{"@id":"https:\/\/alice.ch\/de\/#website"},"primaryImageOfPage":{"@id":"https:\/\/alice.ch\/de\/forschung\/entwicklungen-fuer-die-praxis\/#primaryimage"},"image":{"@id":"https:\/\/alice.ch\/de\/forschung\/entwicklungen-fuer-die-praxis\/#primaryimage"},"thumbnailUrl":"https:\/\/alice.ch\/app\/uploads\/2022\/11\/default.jpg","datePublished":"2022-08-16T14:37:17+00:00","dateModified":"2025-12-18T10:07:18+00:00","description":"Mit praxisorientierten Entwicklungsprojekten leistet der SVEB einen Beitrag zur Entwicklung und Innovation in der Weiterbildung.","breadcrumb":{"@id":"https:\/\/alice.ch\/de\/forschung\/entwicklungen-fuer-die-praxis\/#breadcrumb"},"inLanguage":"de","potentialAction":[{"@type":"ReadAction","target":["https:\/\/alice.ch\/de\/forschung\/entwicklungen-fuer-die-praxis\/"]}]},{"@type":"ImageObject","inLanguage":"de","@id":"https:\/\/alice.ch\/de\/forschung\/entwicklungen-fuer-die-praxis\/#primaryimage","url":"https:\/\/alice.ch\/app\/uploads\/2022\/11\/default.jpg","contentUrl":"https:\/\/alice.ch\/app\/uploads\/2022\/11\/default.jpg","width":1600,"height":900},{"@type":"BreadcrumbList","@id":"https:\/\/alice.ch\/de\/forschung\/entwicklungen-fuer-die-praxis\/#breadcrumb","itemListElement":[{"@type":"ListItem","position":1,"name":"Startseite","item":"https:\/\/alice.ch\/de\/"},{"@type":"ListItem","position":2,"name":"Forschung","item":"https:\/\/alice.ch\/de\/forschung\/"},{"@type":"ListItem","position":3,"name":"Entwicklungen f\u00fcr die Praxis"}]},{"@type":"WebSite","@id":"https:\/\/alice.ch\/de\/#website","url":"https:\/\/alice.ch\/de\/","name":"alice.ch (Adult Learning Information Center) ist das Portal der Weiterbildung in der Schweiz.","description":"Schweizerischer Verband f\u00fcr Weiterbildung","publisher":{"@id":"https:\/\/alice.ch\/de\/#organization"},"potentialAction":[{"@type":"SearchAction","target":{"@type":"EntryPoint","urlTemplate":"https:\/\/alice.ch\/de\/?s={search_term_string}"},"query-input":{"@type":"PropertyValueSpecification","valueRequired":true,"valueName":"search_term_string"}}],"inLanguage":"de"},{"@type":"Organization","@id":"https:\/\/alice.ch\/de\/#organization","name":"SVEB Schweizerischer Verband f\u00fcr Weiterbildung","url":"https:\/\/alice.ch\/de\/","logo":{"@type":"ImageObject","inLanguage":"de","@id":"https:\/\/alice.ch\/de\/#\/schema\/logo\/image\/","url":"https:\/\/alice.ch\/app\/uploads\/2022\/07\/logo-sveb.png","contentUrl":"https:\/\/alice.ch\/app\/uploads\/2022\/07\/logo-sveb.png","width":145,"height":64,"caption":"SVEB Schweizerischer Verband f\u00fcr Weiterbildung"},"image":{"@id":"https:\/\/alice.ch\/de\/#\/schema\/logo\/image\/"},"sameAs":["https:\/\/www.linkedin.com\/company\/schweizerischer-verband-fr-weiterbildung-sveb\/"]}]}},"_links":{"self":[{"href":"https:\/\/alice.ch\/de\/wp-json\/wp\/v2\/pages\/443","targetHints":{"allow":["GET"]}}],"collection":[{"href":"https:\/\/alice.ch\/de\/wp-json\/wp\/v2\/pages"}],"about":[{"href":"https:\/\/alice.ch\/de\/wp-json\/wp\/v2\/types\/page"}],"author":[{"embeddable":true,"href":"https:\/\/alice.ch\/de\/wp-json\/wp\/v2\/users\/2"}],"replies":[{"embeddable":true,"href":"https:\/\/alice.ch\/de\/wp-json\/wp\/v2\/comments?post=443"}],"version-history":[{"count":51,"href":"https:\/\/alice.ch\/de\/wp-json\/wp\/v2\/pages\/443\/revisions"}],"predecessor-version":[{"id":72660,"href":"https:\/\/alice.ch\/de\/wp-json\/wp\/v2\/pages\/443\/revisions\/72660"}],"up":[{"embeddable":true,"href":"https:\/\/alice.ch\/de\/wp-json\/wp\/v2\/pages\/29"}],"wp:featuredmedia":[{"embeddable":true,"href":"https:\/\/alice.ch\/de\/wp-json\/wp\/v2\/media\/20799"}],"wp:attachment":[{"href":"https:\/\/alice.ch\/de\/wp-json\/wp\/v2\/media?parent=443"}],"curies":[{"name":"wp","href":"https:\/\/api.w.org\/{rel}","templated":true}]}}