{"id":455,"date":"2022-08-16T16:40:20","date_gmt":"2022-08-16T14:40:20","guid":{"rendered":"https:\/\/projects.atxeit.ch\/sveb\/?page_id=455"},"modified":"2026-02-17T10:46:20","modified_gmt":"2026-02-17T09:46:20","slug":"grundkompetenzen-als-querschnittsthema","status":"publish","type":"page","link":"https:\/\/alice.ch\/de\/forschung\/entwicklungen-fuer-die-praxis\/grundkompetenzen-als-querschnittsthema\/","title":{"rendered":"Grundkompetenzen als Querschnittsthema"},"content":{"rendered":"\n<div class=\"wp-block-group is-style-reduced-width is-layout-constrained wp-block-group-is-layout-constrained\">\n<h1 class=\"wp-block-heading\">Grundkompetenzen als Querschnittsthema<\/h1>\n\n\n\n<p>In der Schweiz besch\u00e4ftigen sich verschiedene Akteure und Gesetzte mit der F\u00f6rderung von Grundkompetenzen Erwachsener. F\u00fcr den SVEB sind die Grundkompetenzen ein sehr wichtiges Querschnittsthema, das in vielen unserer Projekte vorkommt.<\/p>\n<\/div>\n\n\n\n<div class=\"wp-block-group is-style-default is-layout-flow wp-block-group-is-layout-flow\">\n<h2 class=\"wp-block-heading\">Projekte zu den Grundkompetenzen<\/h2>\n\n\n\n<div class=\"wp-block-query is-layout-flow wp-block-query-is-layout-flow\"><ul class=\"wp-block-post-template is-layout-flow wp-block-post-template-is-layout-flow\"><li class=\"wp-block-post post-51581 project type-project status-publish has-post-thumbnail hentry project-category-chancengleichheit project-region-international\">\n\n<a class=\"project-item\" href=\"https:\/\/alice.ch\/de\/project\/projekt-in-kirgistan\/\" >\n\n\t<div class=\"title\">\n\t\t<h3>Projekt in Kirgistan<\/h3>\n\t\t<p>F\u00f6rderung der Aus- und Weiterbildung der erwerbsf\u00e4higen Bev\u00f6lkerung<\/p>\n\t<\/div>\n\t<div class=\"meta\">\n\t\t<div class=\"date\">2023\u20132027<\/div>\n\t\t<div class=\"place\">International<\/div>\n\t<\/div>\n\t<div class=\"more\">\n\t\t<span class=\"button\">mehr erfahren<\/span>\n\t<\/div>\n<\/a>\n\n<\/li><li class=\"wp-block-post post-71787 project type-project status-publish has-post-thumbnail hentry project-category-chancengleichheit project-region-ch global-category-forschung\">\n\n<a class=\"project-item\" href=\"https:\/\/alice.ch\/de\/project\/wer-nutzt-die-caffe-apprendo\/\" >\n\n\t<div class=\"title\">\n\t\t<h3>Wer nutzt die Caff\u00e8 APPrendo?\u202f\u00a0<\/h3>\n\t\t<p>Studie \u00fcber die Nutzenden der Caff\u00e8 APPrendo im Kanton Tessin \u202f\u202f\u00a0<\/p>\n\t<\/div>\n\t<div class=\"meta\">\n\t\t<div class=\"date\">2025\u20132026<\/div>\n\t\t<div class=\"place\">CH<\/div>\n\t<\/div>\n\t<div class=\"more\">\n\t\t<span class=\"button\">mehr erfahren<\/span>\n\t<\/div>\n<\/a>\n\n<\/li><li class=\"wp-block-post post-49058 project type-project status-publish has-post-thumbnail hentry project-category-chancengleichheit project-region-international\">\n\n<a class=\"project-item\" href=\"https:\/\/alice.ch\/de\/project\/e4emk-projektphase-zwei\/\" >\n\n\t<div class=\"title\">\n\t\t<h3>E4E@mk (Projektphase zwei)<\/h3>\n\t\t<p>F\u00f6rderung der arbeitsmarktrelevanten Kompetenzen junger Erwachsener in Nordmazedonien<\/p>\n\t<\/div>\n\t<div class=\"meta\">\n\t\t<div class=\"date\">2022\u20132026<\/div>\n\t\t<div class=\"place\">International<\/div>\n\t<\/div>\n\t<div class=\"more\">\n\t\t<span class=\"button\">mehr erfahren<\/span>\n\t<\/div>\n<\/a>\n\n<\/li><li class=\"wp-block-post post-61313 project type-project status-publish has-post-thumbnail hentry project-category-chancengleichheit project-region-eu global-category-chancengleichheit global-category-grundkompetenzen\">\n\n<a class=\"project-item\" href=\"https:\/\/alice.ch\/de\/project\/enhance-enhancing-adult-learners-voices\/\" >\n\n\t<div class=\"title\">\n\t\t<h3>ENHANCE \u2013 Enhancing Adult Learners Voices\u00a0\u00a0<\/h3>\n\t\t<p>ENHANCE \u2013 Lernr\u00e4ume, die auf den Bed\u00fcrfnissen erwachsener Lernender basieren<\/p>\n\t<\/div>\n\t<div class=\"meta\">\n\t\t<div class=\"date\">2023\u20132026<\/div>\n\t\t<div class=\"place\">EU<\/div>\n\t<\/div>\n\t<div class=\"more\">\n\t\t<span class=\"button\">mehr erfahren<\/span>\n\t<\/div>\n<\/a>\n\n<\/li><li class=\"wp-block-post post-48314 project type-project status-publish has-post-thumbnail hentry project-category-chancengleichheit project-region-ch\">\n\n<a class=\"project-item\" href=\"https:\/\/alice.ch\/de\/project\/lebenswelten\/\" >\n\n\t<div class=\"title\">\n\t\t<h3>Lebenswelten<\/h3>\n\t\t<p>Biographien und Lernbed\u00fcrfnisse von Nicht-Teilnehmenden im Bereich Grundkompetenzen<\/p>\n\t<\/div>\n\t<div class=\"meta\">\n\t\t<div class=\"date\">2023\u20132025<\/div>\n\t\t<div class=\"place\">CH<\/div>\n\t<\/div>\n\t<div class=\"more\">\n\t\t<span class=\"button\">mehr erfahren<\/span>\n\t<\/div>\n<\/a>\n\n<\/li><li class=\"wp-block-post post-61977 project type-project status-publish has-post-thumbnail hentry project-category-chancengleichheit project-region-eu\">\n\n<a class=\"project-item\" href=\"https:\/\/alice.ch\/de\/project\/ageing-well\/\" >\n\n\t<div class=\"title\">\n\t\t<h3>Ageing Well<\/h3>\n\t\t<p>\u00c4ltere Menschen bef\u00e4higen, die Herausforderungen des Alterns zu meistern<\/p>\n\t<\/div>\n\t<div class=\"meta\">\n\t\t<div class=\"date\">2023\u20132025<\/div>\n\t\t<div class=\"place\">EU<\/div>\n\t<\/div>\n\t<div class=\"more\">\n\t\t<span class=\"button\">mehr erfahren<\/span>\n\t<\/div>\n<\/a>\n\n<\/li><li class=\"wp-block-post post-45167 project type-project status-publish has-post-thumbnail hentry project-category-chancengleichheit project-region-eu global-category-ki-in-der-weiterbildung\">\n\n<a class=\"project-item\" href=\"https:\/\/alice.ch\/de\/project\/xr-women\/\" >\n\n\t<div class=\"title\">\n\t\t<h3>XR-Women<\/h3>\n\t\t<p>St\u00e4rkung von Fl\u00fcchtlingsfrauen durch XR-unterst\u00fctzten Sprachunterricht<\/p>\n\t<\/div>\n\t<div class=\"meta\">\n\t\t<div class=\"date\">2022\u20132024<\/div>\n\t\t<div class=\"place\">EU<\/div>\n\t<\/div>\n\t<div class=\"more\">\n\t\t<span class=\"button\">mehr erfahren<\/span>\n\t<\/div>\n<\/a>\n\n<\/li><li class=\"wp-block-post post-47960 project type-project status-publish has-post-thumbnail hentry project-category-chancengleichheit project-category-weiterbildungssystem project-region-ch\">\n\n<a class=\"project-item\" href=\"https:\/\/alice.ch\/de\/project\/loesung-micro-credentials\/\" >\n\n\t<div class=\"title\">\n\t\t<h3>Nationale L\u00f6sung f\u00fcr Micro-Credentials<\/h3>\n\t\t<p>Analyse des Nutzens von Mikrozertifikaten f\u00fcr den Schweizer (Weiter-)Bildungsbereich<\/p>\n\t<\/div>\n\t<div class=\"meta\">\n\t\t<div class=\"date\">2023\u20132023<\/div>\n\t\t<div class=\"place\">CH<\/div>\n\t<\/div>\n\t<div class=\"more\">\n\t\t<span class=\"button\">mehr erfahren<\/span>\n\t<\/div>\n<\/a>\n\n<\/li><li class=\"wp-block-post post-9844 project type-project status-publish has-post-thumbnail hentry project-category-chancengleichheit project-region-eu\">\n\n<a class=\"project-item\" href=\"https:\/\/alice.ch\/de\/project\/act-it-out\/\" >\n\n\t<div class=\"title\">\n\t\t<h3>ACT IT OUT<\/h3>\n\t\t<p>F\u00f6rderung der sozialen Teilhabe und Inklusion benachteiligter Gruppen<\/p>\n\t<\/div>\n\t<div class=\"meta\">\n\t\t<div class=\"date\">2021\u20132023<\/div>\n\t\t<div class=\"place\">EU<\/div>\n\t<\/div>\n\t<div class=\"more\">\n\t\t<span class=\"button\">mehr erfahren<\/span>\n\t<\/div>\n<\/a>\n\n<\/li><li class=\"wp-block-post post-9663 project type-project status-publish has-post-thumbnail hentry project-category-chancengleichheit project-region-ch\">\n\n<a class=\"project-item\" href=\"https:\/\/alice.ch\/de\/project\/bildungsgutscheine\/\" >\n\n\t<div class=\"title\">\n\t\t<h3>Bildungsgutscheine<\/h3>\n\t\t<p>Toolkit f\u00fcr die Umsetzung von Gutscheinprojekten<\/p>\n\t<\/div>\n\t<div class=\"meta\">\n\t\t<div class=\"date\">2022\u20132023<\/div>\n\t\t<div class=\"place\">CH<\/div>\n\t<\/div>\n\t<div class=\"more\">\n\t\t<span class=\"button\">mehr erfahren<\/span>\n\t<\/div>\n<\/a>\n\n<\/li><\/ul>\n\n<nav class=\"wp-block-query-pagination is-content-justification-center is-layout-flex wp-container-core-query-pagination-is-layout-a89b3969 wp-block-query-pagination-is-layout-flex\" aria-label=\"Seitennummerierung\">\n\n\n<div class=\"wp-block-query-pagination-numbers\"><span aria-current=\"page\" class=\"page-numbers current\">1<\/span>\n<a class=\"page-numbers\" href=\"?query-0-page=2\">2<\/a>\n<a class=\"page-numbers\" href=\"?query-0-page=3\">3<\/a>\n<a class=\"page-numbers\" href=\"?query-0-page=4\">4<\/a><\/div>\n\n<a href=\"\/de\/wp-json\/wp\/v2\/pages\/455?query-0-page=2\" class=\"wp-block-query-pagination-next\">N\u00e4chste Seite<\/a>\n<\/nav>\n\n<\/div>\n<\/div>\n\n\n\n<div class=\"wp-block-group is-style-reduced-width is-layout-constrained wp-block-group-is-layout-constrained\">\n<div class=\"wp-block-buttons is-layout-flex wp-block-buttons-is-layout-flex\">\n<div class=\"wp-block-button has-custom-width wp-block-button__width-50 is-style-outline is-style-outline--1\"><a class=\"wp-block-button__link wp-element-button\" href=\"https:\/\/alice.ch\/de\/themen\/grundkompetenzen\/\">Themenbereich Grundkompetenzen<\/a><\/div>\n<\/div>\n\n\n\n<h2 class=\"wp-block-heading\">Kontakt<\/h2>\n\n\n\n<div class=\"wp-block-columns is-layout-flex wp-container-core-columns-is-layout-28f84493 wp-block-columns-is-layout-flex\">\n<div class=\"wp-block-column is-layout-flow wp-block-column-is-layout-flow\" style=\"flex-basis:50%\"><div class=\"contact-persons\">\n\n\t\t\t\t\t<div class=\"contact-person\">\n\t\t\t\t\tIrena Sgier<br \/>\t\t\t\t\t Stv. Direktorin, Leiterin Forschung, Entwicklung und Innovation<br \/>\t\t\t\t\t<br \/>\n\t\t\t\t\t\t\t\t\t\t<a href=\"tel:+41 (0)44 319 71 59\">+41 (0)44 319 71 59<\/a><br \/>\t\t\t\t\t<a href=\"mailto:irena.sgier@alice.ch\">irena.sgier@alice.ch<\/a><br \/>\t\t\t\t\t<\/div>\n\t\t\t\t\t<\/div>\n<\/div>\n\n\n\n<div class=\"wp-block-column is-layout-flow wp-block-column-is-layout-flow\" style=\"flex-basis:50%\"><\/div>\n<\/div>\n<\/div>\n","protected":false},"excerpt":{"rendered":"<p>Grundkompetenzen als Querschnittsthema In der Schweiz besch\u00e4ftigen sich verschiedene Akteure und Gesetzte mit der F\u00f6rderung von Grundkompetenzen Erwachsener. F\u00fcr den [&hellip;]<\/p>\n","protected":false},"author":4,"featured_media":20799,"parent":443,"menu_order":386,"comment_status":"closed","ping_status":"closed","template":"","meta":{"_acf_changed":false,"inline_featured_image":false,"footnotes":""},"class_list":["post-455","page","type-page","status-publish","has-post-thumbnail","hentry"],"acf":[],"yoast_head":"<!-- This site is optimized with the Yoast SEO plugin v27.3 - https:\/\/yoast.com\/product\/yoast-seo-wordpress\/ -->\n<title>Grundkompetenzen als Querschnittsthema - SVEB<\/title>\n<meta name=\"description\" content=\"Projekte zur F\u00f6rderung von Grundkompetenzen bei Erwachsenen: F\u00fcr den SVEB sind Grundkompetenzen ein wichtiges Querschnittsthema.\" \/>\n<meta name=\"robots\" content=\"index, follow, max-snippet:-1, max-image-preview:large, max-video-preview:-1\" \/>\n<link rel=\"canonical\" href=\"https:\/\/alice.ch\/de\/forschung\/entwicklungen-fuer-die-praxis\/grundkompetenzen-als-querschnittsthema\/\" \/>\n<link rel=\"next\" href=\"https:\/\/alice.ch\/de\/forschung\/entwicklungen-fuer-die-praxis\/grundkompetenzen-als-querschnittsthema\/455\/?query-0-page=2\" \/>\n<meta property=\"og:locale\" content=\"de_DE\" \/>\n<meta property=\"og:type\" content=\"article\" \/>\n<meta property=\"og:title\" content=\"Grundkompetenzen als Querschnittsthema - SVEB\" \/>\n<meta property=\"og:description\" content=\"Projekte zur F\u00f6rderung von Grundkompetenzen bei Erwachsenen: F\u00fcr den SVEB sind Grundkompetenzen ein wichtiges Querschnittsthema.\" \/>\n<meta property=\"og:url\" content=\"https:\/\/alice.ch\/de\/forschung\/entwicklungen-fuer-die-praxis\/grundkompetenzen-als-querschnittsthema\/\" \/>\n<meta property=\"og:site_name\" content=\"SVEB\" \/>\n<meta property=\"article:modified_time\" content=\"2026-02-17T09:46:20+00:00\" \/>\n<meta name=\"twitter:card\" content=\"summary_large_image\" \/>\n<meta name=\"twitter:label1\" content=\"Gesch\u00e4tzte Lesezeit\" \/>\n\t<meta name=\"twitter:data1\" content=\"1\u00a0Minute\" \/>\n<script type=\"application\/ld+json\" class=\"yoast-schema-graph\">{\"@context\":\"https:\\\/\\\/schema.org\",\"@graph\":[{\"@type\":\"WebPage\",\"@id\":\"https:\\\/\\\/alice.ch\\\/de\\\/forschung\\\/entwicklungen-fuer-die-praxis\\\/grundkompetenzen-als-querschnittsthema\\\/\",\"url\":\"https:\\\/\\\/alice.ch\\\/de\\\/forschung\\\/entwicklungen-fuer-die-praxis\\\/grundkompetenzen-als-querschnittsthema\\\/\",\"name\":\"Grundkompetenzen als Querschnittsthema - SVEB\",\"isPartOf\":{\"@id\":\"https:\\\/\\\/alice.ch\\\/de\\\/#website\"},\"primaryImageOfPage\":{\"@id\":\"https:\\\/\\\/alice.ch\\\/de\\\/forschung\\\/entwicklungen-fuer-die-praxis\\\/grundkompetenzen-als-querschnittsthema\\\/#primaryimage\"},\"image\":{\"@id\":\"https:\\\/\\\/alice.ch\\\/de\\\/forschung\\\/entwicklungen-fuer-die-praxis\\\/grundkompetenzen-als-querschnittsthema\\\/#primaryimage\"},\"thumbnailUrl\":\"https:\\\/\\\/alice.ch\\\/app\\\/uploads\\\/2022\\\/11\\\/default.jpg\",\"datePublished\":\"2022-08-16T14:40:20+00:00\",\"dateModified\":\"2026-02-17T09:46:20+00:00\",\"description\":\"Projekte zur F\u00f6rderung von Grundkompetenzen bei Erwachsenen: F\u00fcr den SVEB sind Grundkompetenzen ein wichtiges Querschnittsthema.\",\"breadcrumb\":{\"@id\":\"https:\\\/\\\/alice.ch\\\/de\\\/forschung\\\/entwicklungen-fuer-die-praxis\\\/grundkompetenzen-als-querschnittsthema\\\/#breadcrumb\"},\"inLanguage\":\"de\",\"potentialAction\":[{\"@type\":\"ReadAction\",\"target\":[\"https:\\\/\\\/alice.ch\\\/de\\\/forschung\\\/entwicklungen-fuer-die-praxis\\\/grundkompetenzen-als-querschnittsthema\\\/\"]}]},{\"@type\":\"ImageObject\",\"inLanguage\":\"de\",\"@id\":\"https:\\\/\\\/alice.ch\\\/de\\\/forschung\\\/entwicklungen-fuer-die-praxis\\\/grundkompetenzen-als-querschnittsthema\\\/#primaryimage\",\"url\":\"https:\\\/\\\/alice.ch\\\/app\\\/uploads\\\/2022\\\/11\\\/default.jpg\",\"contentUrl\":\"https:\\\/\\\/alice.ch\\\/app\\\/uploads\\\/2022\\\/11\\\/default.jpg\",\"width\":1600,\"height\":900},{\"@type\":\"BreadcrumbList\",\"@id\":\"https:\\\/\\\/alice.ch\\\/de\\\/forschung\\\/entwicklungen-fuer-die-praxis\\\/grundkompetenzen-als-querschnittsthema\\\/#breadcrumb\",\"itemListElement\":[{\"@type\":\"ListItem\",\"position\":1,\"name\":\"Startseite\",\"item\":\"https:\\\/\\\/alice.ch\\\/de\\\/\"},{\"@type\":\"ListItem\",\"position\":2,\"name\":\"Forschung\",\"item\":\"https:\\\/\\\/alice.ch\\\/de\\\/forschung\\\/\"},{\"@type\":\"ListItem\",\"position\":3,\"name\":\"Entwicklungen f\u00fcr die Praxis\",\"item\":\"https:\\\/\\\/alice.ch\\\/de\\\/forschung\\\/entwicklungen-fuer-die-praxis\\\/\"},{\"@type\":\"ListItem\",\"position\":4,\"name\":\"Grundkompetenzen als Querschnittsthema\"}]},{\"@type\":\"WebSite\",\"@id\":\"https:\\\/\\\/alice.ch\\\/de\\\/#website\",\"url\":\"https:\\\/\\\/alice.ch\\\/de\\\/\",\"name\":\"alice.ch (Adult Learning Information Center) ist das Portal der Weiterbildung in der Schweiz.\",\"description\":\"Schweizerischer Verband f\u00fcr Weiterbildung\",\"publisher\":{\"@id\":\"https:\\\/\\\/alice.ch\\\/de\\\/#organization\"},\"potentialAction\":[{\"@type\":\"SearchAction\",\"target\":{\"@type\":\"EntryPoint\",\"urlTemplate\":\"https:\\\/\\\/alice.ch\\\/de\\\/?s={search_term_string}\"},\"query-input\":{\"@type\":\"PropertyValueSpecification\",\"valueRequired\":true,\"valueName\":\"search_term_string\"}}],\"inLanguage\":\"de\"},{\"@type\":\"Organization\",\"@id\":\"https:\\\/\\\/alice.ch\\\/de\\\/#organization\",\"name\":\"SVEB Schweizerischer Verband f\u00fcr Weiterbildung\",\"url\":\"https:\\\/\\\/alice.ch\\\/de\\\/\",\"logo\":{\"@type\":\"ImageObject\",\"inLanguage\":\"de\",\"@id\":\"https:\\\/\\\/alice.ch\\\/de\\\/#\\\/schema\\\/logo\\\/image\\\/\",\"url\":\"https:\\\/\\\/alice.ch\\\/app\\\/uploads\\\/2022\\\/07\\\/logo-sveb.png\",\"contentUrl\":\"https:\\\/\\\/alice.ch\\\/app\\\/uploads\\\/2022\\\/07\\\/logo-sveb.png\",\"width\":145,\"height\":64,\"caption\":\"SVEB Schweizerischer Verband f\u00fcr Weiterbildung\"},\"image\":{\"@id\":\"https:\\\/\\\/alice.ch\\\/de\\\/#\\\/schema\\\/logo\\\/image\\\/\"},\"sameAs\":[\"https:\\\/\\\/www.linkedin.com\\\/company\\\/schweizerischer-verband-fr-weiterbildung-sveb\\\/\"]}]}<\/script>\n<!-- \/ Yoast SEO plugin. -->","yoast_head_json":{"title":"Grundkompetenzen als Querschnittsthema - SVEB","description":"Projekte zur F\u00f6rderung von Grundkompetenzen bei Erwachsenen: F\u00fcr den SVEB sind Grundkompetenzen ein wichtiges Querschnittsthema.","robots":{"index":"index","follow":"follow","max-snippet":"max-snippet:-1","max-image-preview":"max-image-preview:large","max-video-preview":"max-video-preview:-1"},"canonical":"https:\/\/alice.ch\/de\/forschung\/entwicklungen-fuer-die-praxis\/grundkompetenzen-als-querschnittsthema\/","next":"https:\/\/alice.ch\/de\/forschung\/entwicklungen-fuer-die-praxis\/grundkompetenzen-als-querschnittsthema\/455?query-0-page=2","og_locale":"de_DE","og_type":"article","og_title":"Grundkompetenzen als Querschnittsthema - SVEB","og_description":"Projekte zur F\u00f6rderung von Grundkompetenzen bei Erwachsenen: F\u00fcr den SVEB sind Grundkompetenzen ein wichtiges Querschnittsthema.","og_url":"https:\/\/alice.ch\/de\/forschung\/entwicklungen-fuer-die-praxis\/grundkompetenzen-als-querschnittsthema\/","og_site_name":"SVEB","article_modified_time":"2026-02-17T09:46:20+00:00","twitter_card":"summary_large_image","twitter_misc":{"Gesch\u00e4tzte Lesezeit":"1\u00a0Minute"},"schema":{"@context":"https:\/\/schema.org","@graph":[{"@type":"WebPage","@id":"https:\/\/alice.ch\/de\/forschung\/entwicklungen-fuer-die-praxis\/grundkompetenzen-als-querschnittsthema\/","url":"https:\/\/alice.ch\/de\/forschung\/entwicklungen-fuer-die-praxis\/grundkompetenzen-als-querschnittsthema\/","name":"Grundkompetenzen als Querschnittsthema - SVEB","isPartOf":{"@id":"https:\/\/alice.ch\/de\/#website"},"primaryImageOfPage":{"@id":"https:\/\/alice.ch\/de\/forschung\/entwicklungen-fuer-die-praxis\/grundkompetenzen-als-querschnittsthema\/#primaryimage"},"image":{"@id":"https:\/\/alice.ch\/de\/forschung\/entwicklungen-fuer-die-praxis\/grundkompetenzen-als-querschnittsthema\/#primaryimage"},"thumbnailUrl":"https:\/\/alice.ch\/app\/uploads\/2022\/11\/default.jpg","datePublished":"2022-08-16T14:40:20+00:00","dateModified":"2026-02-17T09:46:20+00:00","description":"Projekte zur F\u00f6rderung von Grundkompetenzen bei Erwachsenen: F\u00fcr den SVEB sind Grundkompetenzen ein wichtiges Querschnittsthema.","breadcrumb":{"@id":"https:\/\/alice.ch\/de\/forschung\/entwicklungen-fuer-die-praxis\/grundkompetenzen-als-querschnittsthema\/#breadcrumb"},"inLanguage":"de","potentialAction":[{"@type":"ReadAction","target":["https:\/\/alice.ch\/de\/forschung\/entwicklungen-fuer-die-praxis\/grundkompetenzen-als-querschnittsthema\/"]}]},{"@type":"ImageObject","inLanguage":"de","@id":"https:\/\/alice.ch\/de\/forschung\/entwicklungen-fuer-die-praxis\/grundkompetenzen-als-querschnittsthema\/#primaryimage","url":"https:\/\/alice.ch\/app\/uploads\/2022\/11\/default.jpg","contentUrl":"https:\/\/alice.ch\/app\/uploads\/2022\/11\/default.jpg","width":1600,"height":900},{"@type":"BreadcrumbList","@id":"https:\/\/alice.ch\/de\/forschung\/entwicklungen-fuer-die-praxis\/grundkompetenzen-als-querschnittsthema\/#breadcrumb","itemListElement":[{"@type":"ListItem","position":1,"name":"Startseite","item":"https:\/\/alice.ch\/de\/"},{"@type":"ListItem","position":2,"name":"Forschung","item":"https:\/\/alice.ch\/de\/forschung\/"},{"@type":"ListItem","position":3,"name":"Entwicklungen f\u00fcr die Praxis","item":"https:\/\/alice.ch\/de\/forschung\/entwicklungen-fuer-die-praxis\/"},{"@type":"ListItem","position":4,"name":"Grundkompetenzen als Querschnittsthema"}]},{"@type":"WebSite","@id":"https:\/\/alice.ch\/de\/#website","url":"https:\/\/alice.ch\/de\/","name":"alice.ch (Adult Learning Information Center) ist das Portal der Weiterbildung in der Schweiz.","description":"Schweizerischer Verband f\u00fcr Weiterbildung","publisher":{"@id":"https:\/\/alice.ch\/de\/#organization"},"potentialAction":[{"@type":"SearchAction","target":{"@type":"EntryPoint","urlTemplate":"https:\/\/alice.ch\/de\/?s={search_term_string}"},"query-input":{"@type":"PropertyValueSpecification","valueRequired":true,"valueName":"search_term_string"}}],"inLanguage":"de"},{"@type":"Organization","@id":"https:\/\/alice.ch\/de\/#organization","name":"SVEB Schweizerischer Verband f\u00fcr Weiterbildung","url":"https:\/\/alice.ch\/de\/","logo":{"@type":"ImageObject","inLanguage":"de","@id":"https:\/\/alice.ch\/de\/#\/schema\/logo\/image\/","url":"https:\/\/alice.ch\/app\/uploads\/2022\/07\/logo-sveb.png","contentUrl":"https:\/\/alice.ch\/app\/uploads\/2022\/07\/logo-sveb.png","width":145,"height":64,"caption":"SVEB Schweizerischer Verband f\u00fcr Weiterbildung"},"image":{"@id":"https:\/\/alice.ch\/de\/#\/schema\/logo\/image\/"},"sameAs":["https:\/\/www.linkedin.com\/company\/schweizerischer-verband-fr-weiterbildung-sveb\/"]}]}},"_links":{"self":[{"href":"https:\/\/alice.ch\/de\/wp-json\/wp\/v2\/pages\/455","targetHints":{"allow":["GET"]}}],"collection":[{"href":"https:\/\/alice.ch\/de\/wp-json\/wp\/v2\/pages"}],"about":[{"href":"https:\/\/alice.ch\/de\/wp-json\/wp\/v2\/types\/page"}],"author":[{"embeddable":true,"href":"https:\/\/alice.ch\/de\/wp-json\/wp\/v2\/users\/4"}],"replies":[{"embeddable":true,"href":"https:\/\/alice.ch\/de\/wp-json\/wp\/v2\/comments?post=455"}],"version-history":[{"count":23,"href":"https:\/\/alice.ch\/de\/wp-json\/wp\/v2\/pages\/455\/revisions"}],"predecessor-version":[{"id":73710,"href":"https:\/\/alice.ch\/de\/wp-json\/wp\/v2\/pages\/455\/revisions\/73710"}],"up":[{"embeddable":true,"href":"https:\/\/alice.ch\/de\/wp-json\/wp\/v2\/pages\/443"}],"wp:featuredmedia":[{"embeddable":true,"href":"https:\/\/alice.ch\/de\/wp-json\/wp\/v2\/media\/20799"}],"wp:attachment":[{"href":"https:\/\/alice.ch\/de\/wp-json\/wp\/v2\/media?parent=455"}],"curies":[{"name":"wp","href":"https:\/\/api.w.org\/{rel}","templated":true}]}}