{"id":479,"date":"2022-08-16T16:51:18","date_gmt":"2022-08-16T14:51:18","guid":{"rendered":"https:\/\/projects.atxeit.ch\/sveb\/?page_id=479"},"modified":"2024-07-05T13:02:58","modified_gmt":"2024-07-05T11:02:58","slug":"vernetzung-und-austausch","status":"publish","type":"page","link":"https:\/\/alice.ch\/de\/forschung\/vernetzung-und-austausch\/","title":{"rendered":"Vernetzung und Austausch"},"content":{"rendered":"\n<div class=\"wp-block-group is-style-reduced-width is-layout-constrained wp-block-group-is-layout-constrained\">\n<h1 class=\"wp-block-heading\">Vernetzung und Austausch<\/h1>\n\n\n\n<p class=\"is-style-lead\">Auf nationaler und internationaler Ebene arbeitet der SVEB mit verschiedenen Partnern zusammen, um wissenschaftliche sowie praxisorientierte Projekte zur Weiterbildung\u00a0umzusetzen und den Austausch zu f\u00f6rdern.<\/p>\n\n\n\n<p>Das SVEB-Team ist in folgenden europ\u00e4ischen Netzwerken aktiv: <a href=\"https:\/\/esrea.org\/\" target=\"_blank\" rel=\"noreferrer noopener\">European Society for Research on the Education of Adults<\/a> (ESREA) und der <a href=\"https:\/\/epale.ec.europa.eu\/de\" target=\"_blank\" rel=\"noreferrer noopener\">Electronic Platform for Adult Learning in Europe<\/a> (EPALE)<\/p>\n\n\n\n<p>Wir pflegen eine enge Zusammenarbeit mit der <a href=\"https:\/\/sgab-srfp.ch\/\" target=\"_blank\" rel=\"noreferrer noopener\">Schweizerischen Gesellschaft f\u00fcr angewandte Berufsbildungsforschung<\/a> (SGAB), die sich mit Themen aus dem Bereich der berufsorientierten Weiterbildung befasst.<\/p>\n\n\n\n<h2 class=\"wp-block-heading\">Netzwerk Weiterbildungsforschung<\/h2>\n\n\n\n<p>Um die Weiterbildungsforschung in der Schweiz zu vernetzen und den Austausch anzuregen, organisiert der SVEB gemeinsam mit dem&nbsp;<a href=\"https:\/\/www.ife.uzh.ch\/de\/research\/kraus\/forschung.html\" target=\"_blank\" rel=\"noreferrer noopener\">Lehrstuhl f\u00fcr Berufs- und Weiterbildung der Universit\u00e4t Z\u00fcrich<\/a>&nbsp;das&nbsp;<a href=\"https:\/\/alice.ch\/de\/forschung\/vernetzung-und-austausch\/netzwerk-weiterbildungsforschung\/\">Netzwerk Weiterbildungsforschung<\/a>. Seit 2022 existiert auch ein Forschungsnetzwerk in der Romandie.<\/p>\n\n\n\n<div class=\"wp-block-buttons is-layout-flex wp-block-buttons-is-layout-flex\">\n<div class=\"wp-block-button has-custom-width wp-block-button__width-50 is-style-outline is-style-outline--1\"><a class=\"wp-block-button__link wp-element-button\" href=\"https:\/\/alice.ch\/de\/forschung\/vernetzung-und-austausch\/netzwerk-weiterbildungsforschung\/\">Netzwerk Weiterbildungsforschung<\/a><\/div>\n<\/div>\n\n\n\n<h2 class=\"wp-block-heading\">Tagungsreihe \u00abWeiterbildung in Forschung und Praxis\u00bb<\/h2>\n\n\n\n<p>Die&nbsp;<a href=\"https:\/\/alice.ch\/de\/forschung\/vernetzung-und-austausch\/tagungsreihe-weiterbildung-in-forschung-und-praxis\/\">Tagungsreihe&nbsp;\u00abWeiterbildung in Forschung und Praxis\u00bb<\/a> f\u00f6rdert den Austausch zwischen Wissenschaft und Praxis der Weiterbildung.<\/p>\n\n\n\n<div class=\"wp-block-buttons is-layout-flex wp-block-buttons-is-layout-flex\">\n<div class=\"wp-block-button has-custom-width wp-block-button__width-50 is-style-outline is-style-outline--2\"><a class=\"wp-block-button__link wp-element-button\" href=\"https:\/\/alice.ch\/de\/forschung\/vernetzung-und-austausch\/tagungsreihe-weiterbildung-in-forschung-und-praxis\/\">Tagungsreihe \u00abWeiterbildung in Forschung und Praxis\u00bb<\/a><\/div>\n<\/div>\n\n\n\n<h2 class=\"wp-block-heading\">Weiterbildungsforschung in der Schweiz<\/h2>\n\n\n\n<p>Dank unserer Einbindung in Forschungsnetzwerke nehmen wir am wissenschaftlichen Diskurs teil.<\/p>\n\n\n\n<div class=\"wp-block-buttons is-layout-flex wp-block-buttons-is-layout-flex\">\n<div class=\"wp-block-button has-custom-width wp-block-button__width-50 is-style-outline is-style-outline--3\"><a class=\"wp-block-button__link wp-element-button\" href=\"https:\/\/alice.ch\/de\/forschung\/vernetzung-und-austausch\/weiterbildungsforschung-in-der-schweiz\/\">Weiterbildungsforschung in der Schweiz<\/a><\/div>\n<\/div>\n\n\n\n<h2 class=\"wp-block-heading\">Think Tank TRANSIT<\/h2>\n\n\n\n<p>Mit dem <a href=\"https:\/\/www.thinktank-transit.ch\/\" target=\"_blank\" rel=\"noreferrer noopener\">Think Tank TRANSIT<\/a> hat der SVEB zudem eine interdisziplin\u00e4re Plattform f\u00fcr die Weiterbildung und das Lernen der Zukunft geschaffen.<\/p>\n\n\n\n<div class=\"wp-block-buttons is-layout-flex wp-block-buttons-is-layout-flex\">\n<div class=\"wp-block-button has-custom-width wp-block-button__width-50 is-style-outline is-style-outline--4\"><a class=\"wp-block-button__link wp-element-button\" href=\"https:\/\/alice.ch\/de\/forschung\/think-tank-transit\/\">Think Tank TRANSIT<\/a><\/div>\n<\/div>\n\n\n\n<h2 class=\"wp-block-heading\">Kontakt<\/h2>\n\n\n\n<div class=\"wp-block-columns is-layout-flex wp-container-core-columns-is-layout-28f84493 wp-block-columns-is-layout-flex\">\n<div class=\"wp-block-column is-layout-flow wp-block-column-is-layout-flow\" style=\"flex-basis:50%\"><div class=\"contact-persons\">\n\n\t\t\t\t\t<div class=\"contact-person\">\n\t\t\t\t\tIrena Sgier<br \/>\t\t\t\t\t Stv. Direktorin, Leiterin Forschung, Entwicklung und Innovation<br \/>\t\t\t\t\t<br \/>\n\t\t\t\t\t\t\t\t\t\t<a href=\"tel:+41 (0)44 319 71 59\">+41 (0)44 319 71 59<\/a><br \/>\t\t\t\t\t<a href=\"mailto:irena.sgier@alice.ch\">irena.sgier@alice.ch<\/a><br \/>\t\t\t\t\t<\/div>\n\t\t\t\t\t<\/div>\n<\/div>\n\n\n\n<div class=\"wp-block-column is-layout-flow wp-block-column-is-layout-flow\" style=\"flex-basis:50%\"><\/div>\n<\/div>\n<\/div>\n","protected":false},"excerpt":{"rendered":"<p>Vernetzung und Austausch Auf nationaler und internationaler Ebene arbeitet der SVEB mit verschiedenen Partnern zusammen, um wissenschaftliche sowie praxisorientierte Projekte [&hellip;]<\/p>\n","protected":false},"author":2,"featured_media":20799,"parent":29,"menu_order":399,"comment_status":"closed","ping_status":"closed","template":"","meta":{"_acf_changed":false,"inline_featured_image":false,"footnotes":""},"class_list":["post-479","page","type-page","status-publish","has-post-thumbnail","hentry"],"acf":[],"yoast_head":"<!-- This site is optimized with the Yoast SEO plugin v27.3 - https:\/\/yoast.com\/product\/yoast-seo-wordpress\/ -->\n<title>Vernetzung und Austausch - SVEB<\/title>\n<meta name=\"description\" content=\"Der SVEB f\u00fchrt in Kooperation mit verschiedenen Partnern wissenschaftliche sowie praxisorientierte Projekte zur Weiterbildung durch.\" \/>\n<meta name=\"robots\" content=\"index, follow, max-snippet:-1, max-image-preview:large, max-video-preview:-1\" \/>\n<link rel=\"canonical\" href=\"https:\/\/alice.ch\/de\/forschung\/vernetzung-und-austausch\/\" \/>\n<meta property=\"og:locale\" content=\"de_DE\" \/>\n<meta property=\"og:type\" content=\"article\" \/>\n<meta property=\"og:title\" content=\"Vernetzung und Austausch - SVEB\" \/>\n<meta property=\"og:description\" content=\"Der SVEB f\u00fchrt in Kooperation mit verschiedenen Partnern wissenschaftliche sowie praxisorientierte Projekte zur Weiterbildung durch.\" \/>\n<meta property=\"og:url\" content=\"https:\/\/alice.ch\/de\/forschung\/vernetzung-und-austausch\/\" \/>\n<meta property=\"og:site_name\" content=\"SVEB\" \/>\n<meta property=\"article:modified_time\" content=\"2024-07-05T11:02:58+00:00\" \/>\n<meta name=\"twitter:card\" content=\"summary_large_image\" \/>\n<meta name=\"twitter:label1\" content=\"Gesch\u00e4tzte Lesezeit\" \/>\n\t<meta name=\"twitter:data1\" content=\"2\u00a0Minuten\" \/>\n<script type=\"application\/ld+json\" class=\"yoast-schema-graph\">{\"@context\":\"https:\\\/\\\/schema.org\",\"@graph\":[{\"@type\":\"WebPage\",\"@id\":\"https:\\\/\\\/alice.ch\\\/de\\\/forschung\\\/vernetzung-und-austausch\\\/\",\"url\":\"https:\\\/\\\/alice.ch\\\/de\\\/forschung\\\/vernetzung-und-austausch\\\/\",\"name\":\"Vernetzung und Austausch - SVEB\",\"isPartOf\":{\"@id\":\"https:\\\/\\\/alice.ch\\\/de\\\/#website\"},\"primaryImageOfPage\":{\"@id\":\"https:\\\/\\\/alice.ch\\\/de\\\/forschung\\\/vernetzung-und-austausch\\\/#primaryimage\"},\"image\":{\"@id\":\"https:\\\/\\\/alice.ch\\\/de\\\/forschung\\\/vernetzung-und-austausch\\\/#primaryimage\"},\"thumbnailUrl\":\"https:\\\/\\\/alice.ch\\\/app\\\/uploads\\\/2022\\\/11\\\/default.jpg\",\"datePublished\":\"2022-08-16T14:51:18+00:00\",\"dateModified\":\"2024-07-05T11:02:58+00:00\",\"description\":\"Der SVEB f\u00fchrt in Kooperation mit verschiedenen Partnern wissenschaftliche sowie praxisorientierte Projekte zur Weiterbildung durch.\",\"breadcrumb\":{\"@id\":\"https:\\\/\\\/alice.ch\\\/de\\\/forschung\\\/vernetzung-und-austausch\\\/#breadcrumb\"},\"inLanguage\":\"de\",\"potentialAction\":[{\"@type\":\"ReadAction\",\"target\":[\"https:\\\/\\\/alice.ch\\\/de\\\/forschung\\\/vernetzung-und-austausch\\\/\"]}]},{\"@type\":\"ImageObject\",\"inLanguage\":\"de\",\"@id\":\"https:\\\/\\\/alice.ch\\\/de\\\/forschung\\\/vernetzung-und-austausch\\\/#primaryimage\",\"url\":\"https:\\\/\\\/alice.ch\\\/app\\\/uploads\\\/2022\\\/11\\\/default.jpg\",\"contentUrl\":\"https:\\\/\\\/alice.ch\\\/app\\\/uploads\\\/2022\\\/11\\\/default.jpg\",\"width\":1600,\"height\":900},{\"@type\":\"BreadcrumbList\",\"@id\":\"https:\\\/\\\/alice.ch\\\/de\\\/forschung\\\/vernetzung-und-austausch\\\/#breadcrumb\",\"itemListElement\":[{\"@type\":\"ListItem\",\"position\":1,\"name\":\"Startseite\",\"item\":\"https:\\\/\\\/alice.ch\\\/de\\\/\"},{\"@type\":\"ListItem\",\"position\":2,\"name\":\"Forschung\",\"item\":\"https:\\\/\\\/alice.ch\\\/de\\\/forschung\\\/\"},{\"@type\":\"ListItem\",\"position\":3,\"name\":\"Vernetzung und Austausch\"}]},{\"@type\":\"WebSite\",\"@id\":\"https:\\\/\\\/alice.ch\\\/de\\\/#website\",\"url\":\"https:\\\/\\\/alice.ch\\\/de\\\/\",\"name\":\"alice.ch (Adult Learning Information Center) ist das Portal der Weiterbildung in der Schweiz.\",\"description\":\"Schweizerischer Verband f\u00fcr Weiterbildung\",\"publisher\":{\"@id\":\"https:\\\/\\\/alice.ch\\\/de\\\/#organization\"},\"potentialAction\":[{\"@type\":\"SearchAction\",\"target\":{\"@type\":\"EntryPoint\",\"urlTemplate\":\"https:\\\/\\\/alice.ch\\\/de\\\/?s={search_term_string}\"},\"query-input\":{\"@type\":\"PropertyValueSpecification\",\"valueRequired\":true,\"valueName\":\"search_term_string\"}}],\"inLanguage\":\"de\"},{\"@type\":\"Organization\",\"@id\":\"https:\\\/\\\/alice.ch\\\/de\\\/#organization\",\"name\":\"SVEB Schweizerischer Verband f\u00fcr Weiterbildung\",\"url\":\"https:\\\/\\\/alice.ch\\\/de\\\/\",\"logo\":{\"@type\":\"ImageObject\",\"inLanguage\":\"de\",\"@id\":\"https:\\\/\\\/alice.ch\\\/de\\\/#\\\/schema\\\/logo\\\/image\\\/\",\"url\":\"https:\\\/\\\/alice.ch\\\/app\\\/uploads\\\/2022\\\/07\\\/logo-sveb.png\",\"contentUrl\":\"https:\\\/\\\/alice.ch\\\/app\\\/uploads\\\/2022\\\/07\\\/logo-sveb.png\",\"width\":145,\"height\":64,\"caption\":\"SVEB Schweizerischer Verband f\u00fcr Weiterbildung\"},\"image\":{\"@id\":\"https:\\\/\\\/alice.ch\\\/de\\\/#\\\/schema\\\/logo\\\/image\\\/\"},\"sameAs\":[\"https:\\\/\\\/www.linkedin.com\\\/company\\\/schweizerischer-verband-fr-weiterbildung-sveb\\\/\"]}]}<\/script>\n<!-- \/ Yoast SEO plugin. -->","yoast_head_json":{"title":"Vernetzung und Austausch - SVEB","description":"Der SVEB f\u00fchrt in Kooperation mit verschiedenen Partnern wissenschaftliche sowie praxisorientierte Projekte zur Weiterbildung durch.","robots":{"index":"index","follow":"follow","max-snippet":"max-snippet:-1","max-image-preview":"max-image-preview:large","max-video-preview":"max-video-preview:-1"},"canonical":"https:\/\/alice.ch\/de\/forschung\/vernetzung-und-austausch\/","og_locale":"de_DE","og_type":"article","og_title":"Vernetzung und Austausch - SVEB","og_description":"Der SVEB f\u00fchrt in Kooperation mit verschiedenen Partnern wissenschaftliche sowie praxisorientierte Projekte zur Weiterbildung durch.","og_url":"https:\/\/alice.ch\/de\/forschung\/vernetzung-und-austausch\/","og_site_name":"SVEB","article_modified_time":"2024-07-05T11:02:58+00:00","twitter_card":"summary_large_image","twitter_misc":{"Gesch\u00e4tzte Lesezeit":"2\u00a0Minuten"},"schema":{"@context":"https:\/\/schema.org","@graph":[{"@type":"WebPage","@id":"https:\/\/alice.ch\/de\/forschung\/vernetzung-und-austausch\/","url":"https:\/\/alice.ch\/de\/forschung\/vernetzung-und-austausch\/","name":"Vernetzung und Austausch - SVEB","isPartOf":{"@id":"https:\/\/alice.ch\/de\/#website"},"primaryImageOfPage":{"@id":"https:\/\/alice.ch\/de\/forschung\/vernetzung-und-austausch\/#primaryimage"},"image":{"@id":"https:\/\/alice.ch\/de\/forschung\/vernetzung-und-austausch\/#primaryimage"},"thumbnailUrl":"https:\/\/alice.ch\/app\/uploads\/2022\/11\/default.jpg","datePublished":"2022-08-16T14:51:18+00:00","dateModified":"2024-07-05T11:02:58+00:00","description":"Der SVEB f\u00fchrt in Kooperation mit verschiedenen Partnern wissenschaftliche sowie praxisorientierte Projekte zur Weiterbildung durch.","breadcrumb":{"@id":"https:\/\/alice.ch\/de\/forschung\/vernetzung-und-austausch\/#breadcrumb"},"inLanguage":"de","potentialAction":[{"@type":"ReadAction","target":["https:\/\/alice.ch\/de\/forschung\/vernetzung-und-austausch\/"]}]},{"@type":"ImageObject","inLanguage":"de","@id":"https:\/\/alice.ch\/de\/forschung\/vernetzung-und-austausch\/#primaryimage","url":"https:\/\/alice.ch\/app\/uploads\/2022\/11\/default.jpg","contentUrl":"https:\/\/alice.ch\/app\/uploads\/2022\/11\/default.jpg","width":1600,"height":900},{"@type":"BreadcrumbList","@id":"https:\/\/alice.ch\/de\/forschung\/vernetzung-und-austausch\/#breadcrumb","itemListElement":[{"@type":"ListItem","position":1,"name":"Startseite","item":"https:\/\/alice.ch\/de\/"},{"@type":"ListItem","position":2,"name":"Forschung","item":"https:\/\/alice.ch\/de\/forschung\/"},{"@type":"ListItem","position":3,"name":"Vernetzung und Austausch"}]},{"@type":"WebSite","@id":"https:\/\/alice.ch\/de\/#website","url":"https:\/\/alice.ch\/de\/","name":"alice.ch (Adult Learning Information Center) ist das Portal der Weiterbildung in der Schweiz.","description":"Schweizerischer Verband f\u00fcr Weiterbildung","publisher":{"@id":"https:\/\/alice.ch\/de\/#organization"},"potentialAction":[{"@type":"SearchAction","target":{"@type":"EntryPoint","urlTemplate":"https:\/\/alice.ch\/de\/?s={search_term_string}"},"query-input":{"@type":"PropertyValueSpecification","valueRequired":true,"valueName":"search_term_string"}}],"inLanguage":"de"},{"@type":"Organization","@id":"https:\/\/alice.ch\/de\/#organization","name":"SVEB Schweizerischer Verband f\u00fcr Weiterbildung","url":"https:\/\/alice.ch\/de\/","logo":{"@type":"ImageObject","inLanguage":"de","@id":"https:\/\/alice.ch\/de\/#\/schema\/logo\/image\/","url":"https:\/\/alice.ch\/app\/uploads\/2022\/07\/logo-sveb.png","contentUrl":"https:\/\/alice.ch\/app\/uploads\/2022\/07\/logo-sveb.png","width":145,"height":64,"caption":"SVEB Schweizerischer Verband f\u00fcr Weiterbildung"},"image":{"@id":"https:\/\/alice.ch\/de\/#\/schema\/logo\/image\/"},"sameAs":["https:\/\/www.linkedin.com\/company\/schweizerischer-verband-fr-weiterbildung-sveb\/"]}]}},"_links":{"self":[{"href":"https:\/\/alice.ch\/de\/wp-json\/wp\/v2\/pages\/479","targetHints":{"allow":["GET"]}}],"collection":[{"href":"https:\/\/alice.ch\/de\/wp-json\/wp\/v2\/pages"}],"about":[{"href":"https:\/\/alice.ch\/de\/wp-json\/wp\/v2\/types\/page"}],"author":[{"embeddable":true,"href":"https:\/\/alice.ch\/de\/wp-json\/wp\/v2\/users\/2"}],"replies":[{"embeddable":true,"href":"https:\/\/alice.ch\/de\/wp-json\/wp\/v2\/comments?post=479"}],"version-history":[{"count":41,"href":"https:\/\/alice.ch\/de\/wp-json\/wp\/v2\/pages\/479\/revisions"}],"predecessor-version":[{"id":60889,"href":"https:\/\/alice.ch\/de\/wp-json\/wp\/v2\/pages\/479\/revisions\/60889"}],"up":[{"embeddable":true,"href":"https:\/\/alice.ch\/de\/wp-json\/wp\/v2\/pages\/29"}],"wp:featuredmedia":[{"embeddable":true,"href":"https:\/\/alice.ch\/de\/wp-json\/wp\/v2\/media\/20799"}],"wp:attachment":[{"href":"https:\/\/alice.ch\/de\/wp-json\/wp\/v2\/media?parent=479"}],"curies":[{"name":"wp","href":"https:\/\/api.w.org\/{rel}","templated":true}]}}