{"id":485,"date":"2022-08-16T16:53:00","date_gmt":"2022-08-16T14:53:00","guid":{"rendered":"https:\/\/projects.atxeit.ch\/sveb\/?page_id=485"},"modified":"2025-11-27T14:26:30","modified_gmt":"2025-11-27T13:26:30","slug":"tagungsreihe-weiterbildung-in-forschung-und-praxis","status":"publish","type":"page","link":"https:\/\/alice.ch\/de\/forschung\/vernetzung-und-austausch\/tagungsreihe-weiterbildung-in-forschung-und-praxis\/","title":{"rendered":"Tagungsreihe \u00abWeiterbildung in Forschung und Praxis\u00bb"},"content":{"rendered":"\n<div class=\"wp-block-group is-style-reduced-width is-layout-flow wp-block-group-is-layout-flow\">\n<h1 class=\"wp-block-heading\">Tagungsreihe \u00abWeiterbildung in Forschung und Praxis\u00bb<\/h1>\n\n\n\n<article class=\"wp-block-group is-layout-flow wp-block-group-is-layout-flow\">\n<p class=\"is-style-lead\">Die Tagungsreihe \u00abWeiterbildung in Forschung und Praxis\u00bb f\u00f6rdert den Austausch zwischen Wissenschaft und Praxis der Weiterbildung. Sie dient dazu, Resultate und Perspektiven wissenschaftlicher Auseinandersetzung mit Erwachsenen- und Weiterbildung mit einer interessierten \u00d6ffentlichkeit zu diskutieren.<\/p>\n\n\n\n<p class=\"is-style-default\">Gleichzeitig bietet die Tagungsreihe eine Plattform f\u00fcr die Praxis der Weiterbildung, um ihre Fragen und Anliegen in einen wissenschaftlichen Kontext einzubringen.<\/p>\n\n\n\n<h2 class=\"wp-block-heading\">Zielgruppe<\/h2>\n\n\n\n<p>Die Tagungen richten sich an Wissenschaftlerinnen und Wissenschaftler sowie an Fachleute aus der Praxis, insbesondere an Personen, die Bildungsinstitutionen leiten, Weiterbildungsangebote planen und umsetzen, Erwachsene beraten oder in anderer Form in der Weiterbildung t\u00e4tig sind. Dar\u00fcber hinaus will die Tagungsreihe auch Personen ansprechen, die sich mit der gesellschaftlichen Rolle der Weiterbildung auseinandersetzen \u2013 sei dies beispielsweise im Kontext des Arbeitsmarktes, in der Bildungspolitik oder in den Medien.<\/p>\n\n\n\n<p>Die Reihe ist eine Kooperation der P\u00e4dagogischen Hochschule Z\u00fcrich (<a href=\"https:\/\/phzh.ch\/de\/\" target=\"_blank\" rel=\"noreferrer noopener\">PHZH<\/a>) und des Schweizerischen Verbandes f\u00fcr Weiterbildung (<a href=\"https:\/\/alice.ch\/de\/\" target=\"_blank\" rel=\"noreferrer noopener\">SVEB)<\/a>. Jede Ausgabe der Tagungsreihe widmet sich einem aktuellen Thema.<\/p>\n\n\n\n<p><strong>Die n\u00e4chste Tagung aus der Reihe \u00abWeiterbildung in Forschung und Praxis\u00bb findet am 29. Januar 2026 statt.<\/strong><\/p>\n\n\n\n<figure class=\"wp-block-table is-style-stripes\"><table><thead><tr><th class=\"has-text-align-left\" data-align=\"left\" scope=\"col\">Jahr<\/th><th class=\"has-text-align-left\" data-align=\"left\" scope=\"col\">Thema<\/th><th class=\"has-text-align-left\" data-align=\"left\" scope=\"col\">Referierende<\/th><\/tr><\/thead><tbody><tr><td class=\"has-text-align-left\" data-align=\"left\"><a href=\"https:\/\/alice.ch\/de\/event\/demokratie-durch-weiterbildung-staerken\/\">2026<\/a><\/td><td class=\"has-text-align-left\" data-align=\"left\">Demokratie durch Weiterbildung st\u00e4rken \u2013 Perspektiven, Herausforderungen und Handlungsm\u00f6glichkeiten&nbsp;<\/td><td class=\"has-text-align-left\" data-align=\"left\">Prof. Dr. Jana Trumann, Prof. em. Dr. h.c. Rolf Gollob, Prof. Dr. Bernd K\u00e4pplinger, Dr. Samir Boulos, Dr. Nadine Ritzer, Dr. Mi-Cha Flubacher, Dr. Sabine Jenni, Daniel Degen, Marianne M\u00fcller<\/td><\/tr><tr><td class=\"has-text-align-left\" data-align=\"left\"><a href=\"https:\/\/alice.ch\/de\/event\/gestaltung-und-entwicklung-von-lernraeumen-in-der-erwachsenenbildung-physische-und-virtuelle-dimensionen\/\">2025<\/a><\/td><td class=\"has-text-align-left\" data-align=\"left\">Gestaltung und Entwicklung von Lernr\u00e4umen in der Erwachsenenbildung: physische und virtuelle Dimensionen<\/td><td class=\"has-text-align-left\" data-align=\"left\">Roy Franke, Katrin Kraus, Otto Schlosser, Thomas Stocker, Friederike Pfromm, Daniel Degen, Marianne M\u00fcller<\/td><\/tr><tr><td class=\"has-text-align-left\" data-align=\"left\"><a href=\"https:\/\/alice.ch\/de\/event\/nachhaltigkeit-in-der-weiterbildung-impulse-fuer-organisations-und-angebotsentwicklung\/\">2024<\/a><\/td><td class=\"has-text-align-left\" data-align=\"left\">Nachhaltigkeit in der Weiterbildung \u2013 Impulse f\u00fcr Organisations- und Angebotsentwicklung<\/td><td class=\"has-text-align-left\" data-align=\"left\">Sarah Eberz, Daniel Degen,  Daniela Harlinghausen, Marianne M\u00fcller, Mandy Singer-Brodowski, Sandra Wilhelm, Simon Zysset<\/td><\/tr><tr><td class=\"has-text-align-left\" data-align=\"left\"><a href=\"https:\/\/alice.ch\/de\/event\/individualisierung-des-lernens-koenigsweg-der-bildung\/\">2023<\/a><\/td><td class=\"has-text-align-left\" data-align=\"left\">\u00abIndividualisierung des Lernens \u2013 K\u00f6nigsweg der Bildung?\u00bb<\/td><td class=\"has-text-align-left\" data-align=\"left\">Helmut Bremer, Kenneth Horvath, Falk Scheidig<\/td><\/tr><tr><td class=\"has-text-align-left\" data-align=\"left\"><a href=\"https:\/\/alice.ch\/de\/event\/gestaltung-der-weiterbildung-nach-der-corona-krise\/\">2022<\/a><\/td><td class=\"has-text-align-left\" data-align=\"left\">Gestaltung der Weiterbildung nach der Corona-Krise<\/td><td class=\"has-text-align-left\" data-align=\"left\">Stefanie Dernbach-Stolz, Anke Grotl\u00fcschen, Erik Haberzeth, Irena Sgier<\/td><\/tr><tr><td class=\"has-text-align-left\" data-align=\"left\"><a href=\"https:\/\/alice.ch\/de\/event\/verwerfungen-und-moeglichkeiten-weiterbildung-vor-waehrend-und-mit-corona\/\">2021<\/a><\/td><td class=\"has-text-align-left\" data-align=\"left\">Verwerfungen und M\u00f6glichkeiten: Weiterbildung vor, w\u00e4hrend und mit Corona<\/td><td class=\"has-text-align-left\" data-align=\"left\">Katrin Kraus,&nbsp;Anke Grotl\u00fcschen, Bernd K\u00e4pplinger, Christoph Bosshard, Michaela Key, Michael Kraft, Muriel  Perucchi-Benarrosch, Geri Thomann, Markus Weil, Simone B\u00fcchi<\/td><\/tr><tr><td class=\"has-text-align-left\" data-align=\"left\"><a href=\"https:\/\/phzh.ch\/de\/ueber-uns\/Medien\/News\/2019\/02\/beratungen-weiterbildung\/\" target=\"_blank\" rel=\"noreferrer noopener\">2019<\/a><\/td><td class=\"has-text-align-left\" data-align=\"left\">Beratung in der Erwachsenen- und Weiterbildung<\/td><td class=\"has-text-align-left\" data-align=\"left\">Geri Thomann, Wiltrud Gieseke, Christina Jacober, Cornelia Maier-Gutheil, Bernd K\u00e4pplinger, Christiane Briel, Djamila Knelke, Ren\u00e9 Schneebeli, Stefanie Dernbach, Stefan K\u00fchne, Birgit Werkmann-Karcher, Dagmar Bach, C\u00e4cilia M\u00e4rki<\/td><\/tr><\/tbody><\/table><\/figure>\n<\/article>\n\n\n\n<h2 class=\"wp-block-heading\">Kontakt<\/h2>\n\n\n\n<div class=\"wp-block-columns is-layout-flex wp-container-core-columns-is-layout-28f84493 wp-block-columns-is-layout-flex\">\n<div class=\"wp-block-column is-layout-flow wp-block-column-is-layout-flow\" style=\"flex-basis:50%\"><div class=\"contact-persons\">\n\n\t\t\t\t\t<div class=\"contact-person\">\n\t\t\t\t\tIrena Sgier<br \/>\t\t\t\t\t Stv. Direktorin, Leiterin Forschung, Entwicklung und Innovation<br \/>\t\t\t\t\t<br \/>\n\t\t\t\t\t\t\t\t\t\t<a href=\"tel:+41 (0)44 319 71 59\">+41 (0)44 319 71 59<\/a><br \/>\t\t\t\t\t<a href=\"mailto:irena.sgier@alice.ch\">irena.sgier@alice.ch<\/a><br \/>\t\t\t\t\t<\/div>\n\t\t\t\t\t<\/div>\n<\/div>\n\n\n\n<div class=\"wp-block-column is-layout-flow wp-block-column-is-layout-flow\" style=\"flex-basis:50%\"><\/div>\n<\/div>\n<\/div>\n","protected":false},"excerpt":{"rendered":"<p>Tagungsreihe \u00abWeiterbildung in Forschung und Praxis\u00bb Die Tagungsreihe \u00abWeiterbildung in Forschung und Praxis\u00bb f\u00f6rdert den Austausch zwischen Wissenschaft und Praxis [&hellip;]<\/p>\n","protected":false},"author":2,"featured_media":20799,"parent":479,"menu_order":413,"comment_status":"closed","ping_status":"closed","template":"","meta":{"_acf_changed":false,"inline_featured_image":false,"footnotes":""},"class_list":["post-485","page","type-page","status-publish","has-post-thumbnail","hentry"],"acf":[],"yoast_head":"<!-- This site is optimized with the Yoast SEO plugin v27.3 - https:\/\/yoast.com\/product\/yoast-seo-wordpress\/ -->\n<title>Tagungsreihe \u00abWeiterbildung in Forschung und Praxis\u00bb - SVEB<\/title>\n<meta name=\"description\" content=\"Tagungsreihe zur F\u00f6rderung des Austauschs zwischen Wissenschaft und Praxis der Weiterbildung in Kooperation mit der PHZH.\" \/>\n<meta name=\"robots\" content=\"index, follow, max-snippet:-1, max-image-preview:large, max-video-preview:-1\" \/>\n<link rel=\"canonical\" href=\"https:\/\/alice.ch\/de\/forschung\/vernetzung-und-austausch\/tagungsreihe-weiterbildung-in-forschung-und-praxis\/\" \/>\n<meta property=\"og:locale\" content=\"de_DE\" \/>\n<meta property=\"og:type\" content=\"article\" \/>\n<meta property=\"og:title\" content=\"Tagungsreihe \u00abWeiterbildung in Forschung und Praxis\u00bb - SVEB\" \/>\n<meta property=\"og:description\" content=\"Tagungsreihe zur F\u00f6rderung des Austauschs zwischen Wissenschaft und Praxis der Weiterbildung in Kooperation mit der PHZH.\" \/>\n<meta property=\"og:url\" content=\"https:\/\/alice.ch\/de\/forschung\/vernetzung-und-austausch\/tagungsreihe-weiterbildung-in-forschung-und-praxis\/\" \/>\n<meta property=\"og:site_name\" content=\"SVEB\" \/>\n<meta property=\"article:modified_time\" content=\"2025-11-27T13:26:30+00:00\" \/>\n<meta name=\"twitter:card\" content=\"summary_large_image\" \/>\n<meta name=\"twitter:label1\" content=\"Gesch\u00e4tzte Lesezeit\" \/>\n\t<meta name=\"twitter:data1\" content=\"2\u00a0Minuten\" \/>\n<script type=\"application\/ld+json\" class=\"yoast-schema-graph\">{\"@context\":\"https:\\\/\\\/schema.org\",\"@graph\":[{\"@type\":\"WebPage\",\"@id\":\"https:\\\/\\\/alice.ch\\\/de\\\/forschung\\\/vernetzung-und-austausch\\\/tagungsreihe-weiterbildung-in-forschung-und-praxis\\\/\",\"url\":\"https:\\\/\\\/alice.ch\\\/de\\\/forschung\\\/vernetzung-und-austausch\\\/tagungsreihe-weiterbildung-in-forschung-und-praxis\\\/\",\"name\":\"Tagungsreihe \u00abWeiterbildung in Forschung und Praxis\u00bb - SVEB\",\"isPartOf\":{\"@id\":\"https:\\\/\\\/alice.ch\\\/de\\\/#website\"},\"primaryImageOfPage\":{\"@id\":\"https:\\\/\\\/alice.ch\\\/de\\\/forschung\\\/vernetzung-und-austausch\\\/tagungsreihe-weiterbildung-in-forschung-und-praxis\\\/#primaryimage\"},\"image\":{\"@id\":\"https:\\\/\\\/alice.ch\\\/de\\\/forschung\\\/vernetzung-und-austausch\\\/tagungsreihe-weiterbildung-in-forschung-und-praxis\\\/#primaryimage\"},\"thumbnailUrl\":\"https:\\\/\\\/alice.ch\\\/app\\\/uploads\\\/2022\\\/11\\\/default.jpg\",\"datePublished\":\"2022-08-16T14:53:00+00:00\",\"dateModified\":\"2025-11-27T13:26:30+00:00\",\"description\":\"Tagungsreihe zur F\u00f6rderung des Austauschs zwischen Wissenschaft und Praxis der Weiterbildung in Kooperation mit der PHZH.\",\"breadcrumb\":{\"@id\":\"https:\\\/\\\/alice.ch\\\/de\\\/forschung\\\/vernetzung-und-austausch\\\/tagungsreihe-weiterbildung-in-forschung-und-praxis\\\/#breadcrumb\"},\"inLanguage\":\"de\",\"potentialAction\":[{\"@type\":\"ReadAction\",\"target\":[\"https:\\\/\\\/alice.ch\\\/de\\\/forschung\\\/vernetzung-und-austausch\\\/tagungsreihe-weiterbildung-in-forschung-und-praxis\\\/\"]}]},{\"@type\":\"ImageObject\",\"inLanguage\":\"de\",\"@id\":\"https:\\\/\\\/alice.ch\\\/de\\\/forschung\\\/vernetzung-und-austausch\\\/tagungsreihe-weiterbildung-in-forschung-und-praxis\\\/#primaryimage\",\"url\":\"https:\\\/\\\/alice.ch\\\/app\\\/uploads\\\/2022\\\/11\\\/default.jpg\",\"contentUrl\":\"https:\\\/\\\/alice.ch\\\/app\\\/uploads\\\/2022\\\/11\\\/default.jpg\",\"width\":1600,\"height\":900},{\"@type\":\"BreadcrumbList\",\"@id\":\"https:\\\/\\\/alice.ch\\\/de\\\/forschung\\\/vernetzung-und-austausch\\\/tagungsreihe-weiterbildung-in-forschung-und-praxis\\\/#breadcrumb\",\"itemListElement\":[{\"@type\":\"ListItem\",\"position\":1,\"name\":\"Startseite\",\"item\":\"https:\\\/\\\/alice.ch\\\/de\\\/\"},{\"@type\":\"ListItem\",\"position\":2,\"name\":\"Forschung\",\"item\":\"https:\\\/\\\/alice.ch\\\/de\\\/forschung\\\/\"},{\"@type\":\"ListItem\",\"position\":3,\"name\":\"Vernetzung und Austausch\",\"item\":\"https:\\\/\\\/alice.ch\\\/de\\\/forschung\\\/vernetzung-und-austausch\\\/\"},{\"@type\":\"ListItem\",\"position\":4,\"name\":\"Tagungsreihe \u00abWeiterbildung in Forschung und Praxis\u00bb\"}]},{\"@type\":\"WebSite\",\"@id\":\"https:\\\/\\\/alice.ch\\\/de\\\/#website\",\"url\":\"https:\\\/\\\/alice.ch\\\/de\\\/\",\"name\":\"alice.ch (Adult Learning Information Center) ist das Portal der Weiterbildung in der Schweiz.\",\"description\":\"Schweizerischer Verband f\u00fcr Weiterbildung\",\"publisher\":{\"@id\":\"https:\\\/\\\/alice.ch\\\/de\\\/#organization\"},\"potentialAction\":[{\"@type\":\"SearchAction\",\"target\":{\"@type\":\"EntryPoint\",\"urlTemplate\":\"https:\\\/\\\/alice.ch\\\/de\\\/?s={search_term_string}\"},\"query-input\":{\"@type\":\"PropertyValueSpecification\",\"valueRequired\":true,\"valueName\":\"search_term_string\"}}],\"inLanguage\":\"de\"},{\"@type\":\"Organization\",\"@id\":\"https:\\\/\\\/alice.ch\\\/de\\\/#organization\",\"name\":\"SVEB Schweizerischer Verband f\u00fcr Weiterbildung\",\"url\":\"https:\\\/\\\/alice.ch\\\/de\\\/\",\"logo\":{\"@type\":\"ImageObject\",\"inLanguage\":\"de\",\"@id\":\"https:\\\/\\\/alice.ch\\\/de\\\/#\\\/schema\\\/logo\\\/image\\\/\",\"url\":\"https:\\\/\\\/alice.ch\\\/app\\\/uploads\\\/2022\\\/07\\\/logo-sveb.png\",\"contentUrl\":\"https:\\\/\\\/alice.ch\\\/app\\\/uploads\\\/2022\\\/07\\\/logo-sveb.png\",\"width\":145,\"height\":64,\"caption\":\"SVEB Schweizerischer Verband f\u00fcr Weiterbildung\"},\"image\":{\"@id\":\"https:\\\/\\\/alice.ch\\\/de\\\/#\\\/schema\\\/logo\\\/image\\\/\"},\"sameAs\":[\"https:\\\/\\\/www.linkedin.com\\\/company\\\/schweizerischer-verband-fr-weiterbildung-sveb\\\/\"]}]}<\/script>\n<!-- \/ Yoast SEO plugin. -->","yoast_head_json":{"title":"Tagungsreihe \u00abWeiterbildung in Forschung und Praxis\u00bb - SVEB","description":"Tagungsreihe zur F\u00f6rderung des Austauschs zwischen Wissenschaft und Praxis der Weiterbildung in Kooperation mit der PHZH.","robots":{"index":"index","follow":"follow","max-snippet":"max-snippet:-1","max-image-preview":"max-image-preview:large","max-video-preview":"max-video-preview:-1"},"canonical":"https:\/\/alice.ch\/de\/forschung\/vernetzung-und-austausch\/tagungsreihe-weiterbildung-in-forschung-und-praxis\/","og_locale":"de_DE","og_type":"article","og_title":"Tagungsreihe \u00abWeiterbildung in Forschung und Praxis\u00bb - SVEB","og_description":"Tagungsreihe zur F\u00f6rderung des Austauschs zwischen Wissenschaft und Praxis der Weiterbildung in Kooperation mit der PHZH.","og_url":"https:\/\/alice.ch\/de\/forschung\/vernetzung-und-austausch\/tagungsreihe-weiterbildung-in-forschung-und-praxis\/","og_site_name":"SVEB","article_modified_time":"2025-11-27T13:26:30+00:00","twitter_card":"summary_large_image","twitter_misc":{"Gesch\u00e4tzte Lesezeit":"2\u00a0Minuten"},"schema":{"@context":"https:\/\/schema.org","@graph":[{"@type":"WebPage","@id":"https:\/\/alice.ch\/de\/forschung\/vernetzung-und-austausch\/tagungsreihe-weiterbildung-in-forschung-und-praxis\/","url":"https:\/\/alice.ch\/de\/forschung\/vernetzung-und-austausch\/tagungsreihe-weiterbildung-in-forschung-und-praxis\/","name":"Tagungsreihe \u00abWeiterbildung in Forschung und Praxis\u00bb - SVEB","isPartOf":{"@id":"https:\/\/alice.ch\/de\/#website"},"primaryImageOfPage":{"@id":"https:\/\/alice.ch\/de\/forschung\/vernetzung-und-austausch\/tagungsreihe-weiterbildung-in-forschung-und-praxis\/#primaryimage"},"image":{"@id":"https:\/\/alice.ch\/de\/forschung\/vernetzung-und-austausch\/tagungsreihe-weiterbildung-in-forschung-und-praxis\/#primaryimage"},"thumbnailUrl":"https:\/\/alice.ch\/app\/uploads\/2022\/11\/default.jpg","datePublished":"2022-08-16T14:53:00+00:00","dateModified":"2025-11-27T13:26:30+00:00","description":"Tagungsreihe zur F\u00f6rderung des Austauschs zwischen Wissenschaft und Praxis der Weiterbildung in Kooperation mit der PHZH.","breadcrumb":{"@id":"https:\/\/alice.ch\/de\/forschung\/vernetzung-und-austausch\/tagungsreihe-weiterbildung-in-forschung-und-praxis\/#breadcrumb"},"inLanguage":"de","potentialAction":[{"@type":"ReadAction","target":["https:\/\/alice.ch\/de\/forschung\/vernetzung-und-austausch\/tagungsreihe-weiterbildung-in-forschung-und-praxis\/"]}]},{"@type":"ImageObject","inLanguage":"de","@id":"https:\/\/alice.ch\/de\/forschung\/vernetzung-und-austausch\/tagungsreihe-weiterbildung-in-forschung-und-praxis\/#primaryimage","url":"https:\/\/alice.ch\/app\/uploads\/2022\/11\/default.jpg","contentUrl":"https:\/\/alice.ch\/app\/uploads\/2022\/11\/default.jpg","width":1600,"height":900},{"@type":"BreadcrumbList","@id":"https:\/\/alice.ch\/de\/forschung\/vernetzung-und-austausch\/tagungsreihe-weiterbildung-in-forschung-und-praxis\/#breadcrumb","itemListElement":[{"@type":"ListItem","position":1,"name":"Startseite","item":"https:\/\/alice.ch\/de\/"},{"@type":"ListItem","position":2,"name":"Forschung","item":"https:\/\/alice.ch\/de\/forschung\/"},{"@type":"ListItem","position":3,"name":"Vernetzung und Austausch","item":"https:\/\/alice.ch\/de\/forschung\/vernetzung-und-austausch\/"},{"@type":"ListItem","position":4,"name":"Tagungsreihe \u00abWeiterbildung in Forschung und Praxis\u00bb"}]},{"@type":"WebSite","@id":"https:\/\/alice.ch\/de\/#website","url":"https:\/\/alice.ch\/de\/","name":"alice.ch (Adult Learning Information Center) ist das Portal der Weiterbildung in der Schweiz.","description":"Schweizerischer Verband f\u00fcr Weiterbildung","publisher":{"@id":"https:\/\/alice.ch\/de\/#organization"},"potentialAction":[{"@type":"SearchAction","target":{"@type":"EntryPoint","urlTemplate":"https:\/\/alice.ch\/de\/?s={search_term_string}"},"query-input":{"@type":"PropertyValueSpecification","valueRequired":true,"valueName":"search_term_string"}}],"inLanguage":"de"},{"@type":"Organization","@id":"https:\/\/alice.ch\/de\/#organization","name":"SVEB Schweizerischer Verband f\u00fcr Weiterbildung","url":"https:\/\/alice.ch\/de\/","logo":{"@type":"ImageObject","inLanguage":"de","@id":"https:\/\/alice.ch\/de\/#\/schema\/logo\/image\/","url":"https:\/\/alice.ch\/app\/uploads\/2022\/07\/logo-sveb.png","contentUrl":"https:\/\/alice.ch\/app\/uploads\/2022\/07\/logo-sveb.png","width":145,"height":64,"caption":"SVEB Schweizerischer Verband f\u00fcr Weiterbildung"},"image":{"@id":"https:\/\/alice.ch\/de\/#\/schema\/logo\/image\/"},"sameAs":["https:\/\/www.linkedin.com\/company\/schweizerischer-verband-fr-weiterbildung-sveb\/"]}]}},"_links":{"self":[{"href":"https:\/\/alice.ch\/de\/wp-json\/wp\/v2\/pages\/485","targetHints":{"allow":["GET"]}}],"collection":[{"href":"https:\/\/alice.ch\/de\/wp-json\/wp\/v2\/pages"}],"about":[{"href":"https:\/\/alice.ch\/de\/wp-json\/wp\/v2\/types\/page"}],"author":[{"embeddable":true,"href":"https:\/\/alice.ch\/de\/wp-json\/wp\/v2\/users\/2"}],"replies":[{"embeddable":true,"href":"https:\/\/alice.ch\/de\/wp-json\/wp\/v2\/comments?post=485"}],"version-history":[{"count":49,"href":"https:\/\/alice.ch\/de\/wp-json\/wp\/v2\/pages\/485\/revisions"}],"predecessor-version":[{"id":72408,"href":"https:\/\/alice.ch\/de\/wp-json\/wp\/v2\/pages\/485\/revisions\/72408"}],"up":[{"embeddable":true,"href":"https:\/\/alice.ch\/de\/wp-json\/wp\/v2\/pages\/479"}],"wp:featuredmedia":[{"embeddable":true,"href":"https:\/\/alice.ch\/de\/wp-json\/wp\/v2\/media\/20799"}],"wp:attachment":[{"href":"https:\/\/alice.ch\/de\/wp-json\/wp\/v2\/media?parent=485"}],"curies":[{"name":"wp","href":"https:\/\/api.w.org\/{rel}","templated":true}]}}