{"id":50425,"date":"2023-05-10T11:54:01","date_gmt":"2023-05-10T09:54:01","guid":{"rendered":"https:\/\/alice.ch\/?page_id=50425"},"modified":"2023-05-15T15:48:19","modified_gmt":"2023-05-15T13:48:19","slug":"fachzeitschrift-ep-abonnieren","status":"publish","type":"page","link":"https:\/\/alice.ch\/de\/aktuell\/zeitschrift-education-permanente\/fachzeitschrift-ep-abonnieren\/","title":{"rendered":"Fachzeitschrift EP abonnieren"},"content":{"rendered":"\n<div class=\"wp-block-group is-style-reduced-width is-layout-constrained wp-block-group-is-layout-constrained\">\n<h1 class=\"wp-block-heading\">EP abonnieren<\/h1>\n\n\n\n<p class=\"is-style-lead\">Die \u00abEducation Permanente\u00bb erscheint zweimal j\u00e4hrlich (Mai und November) im Format A5 mit einem Umfang von rund 130 Seiten. <\/p>\n\n\n\n<p class=\"is-style-default\">Die Auflage betr\u00e4gt 1&#8217;200 Exemplare f\u00fcr die deutsche und 550 Exemplare f\u00fcr die franz\u00f6sische Ausgabe. Die Zeitschrift ist f\u00fcr SVEB-Mitglieder kostenlos, f\u00fcr weitere Abonnenten kostenpflichtig. <\/p>\n\n\n\n<div class=\"wp-block-contact-form-7-contact-form-selector\">\n<div class=\"wpcf7 no-js\" id=\"wpcf7-f50411-o1\" lang=\"de-DE\" dir=\"ltr\" data-wpcf7-id=\"50411\">\n<div class=\"screen-reader-response\"><p role=\"status\" aria-live=\"polite\" aria-atomic=\"true\"><\/p> <ul><\/ul><\/div>\n<form action=\"\/de\/wp-json\/wp\/v2\/pages\/50425#wpcf7-f50411-o1\" method=\"post\" class=\"wpcf7-form init\" aria-label=\"Kontaktformular\" novalidate=\"novalidate\" data-status=\"init\">\n<fieldset class=\"hidden-fields-container\"><input type=\"hidden\" name=\"_wpcf7\" value=\"50411\" \/><input type=\"hidden\" name=\"_wpcf7_version\" value=\"6.1.5\" \/><input type=\"hidden\" name=\"_wpcf7_locale\" value=\"de_DE\" \/><input type=\"hidden\" name=\"_wpcf7_unit_tag\" value=\"wpcf7-f50411-o1\" \/><input type=\"hidden\" name=\"_wpcf7_container_post\" value=\"0\" \/><input type=\"hidden\" name=\"_wpcf7_posted_data_hash\" value=\"\" \/>\n<\/fieldset>\n<p><label>Art des Abonnements*<\/label><br \/>\n<span class=\"wpcf7-form-control-wrap\" data-name=\"radio-849\"><span class=\"wpcf7-form-control wpcf7-radio\"><span class=\"wpcf7-list-item first\"><label><input type=\"radio\" name=\"radio-849\" value=\"Regul\u00e4r: CHF 45.-\" \/><span class=\"wpcf7-list-item-label\">Regul\u00e4r: CHF 45.-<\/span><\/label><\/span><span class=\"wpcf7-list-item\"><label><input type=\"radio\" name=\"radio-849\" value=\"Studierende: CHF 35.-\" \/><span class=\"wpcf7-list-item-label\">Studierende: CHF 35.-<\/span><\/label><\/span><span class=\"wpcf7-list-item last\"><label><input type=\"radio\" name=\"radio-849\" value=\"Ausland: CHF 50.-\" \/><span class=\"wpcf7-list-item-label\">Ausland: CHF 50.-<\/span><\/label><\/span><\/span><\/span><br \/>\n<label>(Das Jahresabonnement verl\u00e4ngert sich automatisch. Eine K\u00fcndigung ist jederzeit m\u00f6glich.)<\/label><br \/>\n<label><br \/>\n<\/label><label>Organisation<br \/>\n<span class=\"wpcf7-form-control-wrap\" data-name=\"company\"><input size=\"40\" maxlength=\"400\" class=\"wpcf7-form-control wpcf7-text\" aria-invalid=\"false\" placeholder=\"Musterfirma \/ Verein Beispiel\" value=\"\" type=\"text\" name=\"company\" \/><\/span><br \/>\n<\/label>\n<\/p>\n<p><label>Anrede*<br \/>\n<span class=\"wpcf7-form-control-wrap\" data-name=\"salutation\"><input size=\"40\" maxlength=\"400\" class=\"wpcf7-form-control wpcf7-text wpcf7-validates-as-required\" aria-required=\"true\" aria-invalid=\"false\" placeholder=\"Frau\" value=\"\" type=\"text\" name=\"salutation\" \/><\/span><br \/>\n<\/label>\n<\/p>\n<p><label>Vorname*<br \/>\n<span class=\"wpcf7-form-control-wrap\" data-name=\"firstname\"><input size=\"40\" maxlength=\"400\" class=\"wpcf7-form-control wpcf7-text wpcf7-validates-as-required\" aria-required=\"true\" aria-invalid=\"false\" placeholder=\"Peter\" value=\"\" type=\"text\" name=\"firstname\" \/><\/span><br \/>\n<\/label>\n<\/p>\n<p><label>Nachname*<br \/>\n<span class=\"wpcf7-form-control-wrap\" data-name=\"lastname\"><input size=\"40\" maxlength=\"400\" class=\"wpcf7-form-control wpcf7-text wpcf7-validates-as-required\" aria-required=\"true\" aria-invalid=\"false\" placeholder=\"Muster\" value=\"\" type=\"text\" name=\"lastname\" \/><\/span><br \/>\n<\/label>\n<\/p>\n<p><label>Strasse und Nr.*<br \/>\n<span class=\"wpcf7-form-control-wrap\" data-name=\"street\"><input size=\"40\" maxlength=\"400\" class=\"wpcf7-form-control wpcf7-text wpcf7-validates-as-required\" aria-required=\"true\" aria-invalid=\"false\" placeholder=\"Musterstrasse 123\" value=\"\" type=\"text\" name=\"street\" \/><\/span><br \/>\n<\/label>\n<\/p>\n<div class=\"zip-city\">\n\t<p><label>PLZ*<br \/>\n<span class=\"wpcf7-form-control-wrap\" data-name=\"zip\"><input size=\"40\" maxlength=\"400\" class=\"wpcf7-form-control wpcf7-text wpcf7-validates-as-required\" aria-required=\"true\" aria-invalid=\"false\" placeholder=\"1234\" value=\"\" type=\"text\" name=\"zip\" \/><\/span><br \/>\n<\/label>\n\t<\/p>\n\t<p><label>Ort*<br \/>\n<span class=\"wpcf7-form-control-wrap\" data-name=\"city\"><input size=\"40\" maxlength=\"400\" class=\"wpcf7-form-control wpcf7-text wpcf7-validates-as-required\" aria-required=\"true\" aria-invalid=\"false\" placeholder=\"Musterhausen\" value=\"\" type=\"text\" name=\"city\" \/><\/span><br \/>\n<\/label>\n\t<\/p>\n<\/div>\n<p><label>Telefonnummer*<br \/>\n<span class=\"wpcf7-form-control-wrap\" data-name=\"phone\"><input size=\"40\" maxlength=\"400\" class=\"wpcf7-form-control wpcf7-text wpcf7-validates-as-required\" aria-required=\"true\" aria-invalid=\"false\" placeholder=\"012 345 67 89\" value=\"\" type=\"text\" name=\"phone\" \/><\/span><br \/>\n<\/label>\n<\/p>\n<p><label>E-Mail-Adresse*<br \/>\n<span class=\"wpcf7-form-control-wrap\" data-name=\"mail\"><input size=\"40\" maxlength=\"400\" class=\"wpcf7-form-control wpcf7-email wpcf7-validates-as-required wpcf7-text wpcf7-validates-as-email\" aria-required=\"true\" aria-invalid=\"false\" placeholder=\"info@alice.ch\" value=\"\" type=\"email\" name=\"mail\" \/><\/span><br \/>\n<\/label>\n<\/p>\n<p><label>Rechnungsempf\u00e4nger* <\/label><br \/>\n<span class=\"wpcf7-form-control-wrap\" data-name=\"radio-219\"><span class=\"wpcf7-form-control wpcf7-radio\"><span class=\"wpcf7-list-item first\"><label><input type=\"radio\" name=\"radio-219\" value=\"Rechnung an oben genannte Adresse\" checked=\"checked\" \/><span class=\"wpcf7-list-item-label\">Rechnung an oben genannte Adresse<\/span><\/label><\/span><span class=\"wpcf7-list-item last\"><label><input type=\"radio\" name=\"radio-219\" value=\"Rechnung an nachstehende Adresse\" \/><span class=\"wpcf7-list-item-label\">Rechnung an nachstehende Adresse<\/span><\/label><\/span><\/span><\/span>\n<\/p>\n<p><label>Rechnungsadresse<br \/>\n<span class=\"wpcf7-form-control-wrap\" data-name=\"Rechnungsadresse\"><textarea cols=\"40\" rows=\"10\" maxlength=\"2000\" class=\"wpcf7-form-control wpcf7-textarea\" aria-invalid=\"false\" placeholder=\"\" name=\"Rechnungsadresse\"><\/textarea><\/span><br \/>\n<\/label>\n<\/p>\n<p><label>Ihre Bemerkungen<br \/>\n<span class=\"wpcf7-form-control-wrap\" data-name=\"comments\"><textarea cols=\"40\" rows=\"10\" maxlength=\"2000\" class=\"wpcf7-form-control wpcf7-textarea\" aria-invalid=\"false\" placeholder=\"\" name=\"comments\"><\/textarea><\/span><br \/>\n<\/label>\n<\/p>\n<p><span class=\"wpcf7-form-control-wrap\" data-name=\"checkbox-911\"><span class=\"wpcf7-form-control wpcf7-checkbox\"><span class=\"wpcf7-list-item first last\"><label><input type=\"checkbox\" name=\"checkbox-911[]\" value=\"Ich bin SVEB-Mitglied.\" \/><span class=\"wpcf7-list-item-label\">Ich bin SVEB-Mitglied.<\/span><\/label><\/span><\/span><\/span><br \/>\n<label>*Pflichtfelder <\/label>\n<\/p>\n<p><span id=\"wpcf7-69ef684d2eb25-wrapper\" class=\"wpcf7-form-control-wrap honeypot-829-wrap\" style=\"display:none !important; visibility:hidden !important;\"><label for=\"wpcf7-69ef684d2eb25-field\" class=\"hp-message\">Bitte lasse dieses Feld leer.<\/label><input id=\"wpcf7-69ef684d2eb25-field\"  class=\"wpcf7-form-control wpcf7-text\" type=\"text\" name=\"honeypot-829\" value=\"\" size=\"40\" tabindex=\"-1\" autocomplete=\"new-password\" \/><\/span>\n<\/p>\n<p><input class=\"wpcf7-form-control wpcf7-submit has-spinner\" type=\"submit\" value=\"Bestellen\" \/>\n<\/p><div class=\"cf7-cookie-message\" style=\"margin-top:1em;color:#000;\">Bitte akzeptieren Sie die Cookies, um das Formular absenden zu k\u00f6nnen.<\/div><div class=\"wpcf7-response-output\" aria-hidden=\"true\"><\/div>\n<\/form>\n<\/div>\n<\/div>\n\n\n\n<h2 class=\"wp-block-heading\">Kontakt<\/h2>\n\n\n\n<div class=\"wp-block-columns is-layout-flex wp-container-core-columns-is-layout-28f84493 wp-block-columns-is-layout-flex\">\n<div class=\"wp-block-column is-layout-flow wp-block-column-is-layout-flow\" style=\"flex-basis:50%\"><div class=\"contact-persons\">\n\n\t\t\t\t\t<div class=\"contact-person\">\n\t\t\t\t\tDaniel Meister<br \/>\t\t\t\t\tMitarbeiter Marketing und Events<br \/>\t\t\t\t\t<br \/>\n\t\t\t\t\t\t\t\t\t\t<a href=\"tel:+41 (0)44 319 71 77\">+41 (0)44 319 71 77<\/a><br \/>\t\t\t\t\t<a href=\"mailto:daniel.meister@alice.ch\">daniel.meister@alice.ch<\/a><br \/>\t\t\t\t\t<\/div>\n\t\t\t\t\t<\/div>\n<\/div>\n<\/div>\n<\/div>\n","protected":false},"excerpt":{"rendered":"<p>EP abonnieren Die \u00abEducation Permanente\u00bb erscheint zweimal j\u00e4hrlich (Mai und November) im Format A5 mit einem Umfang von rund 130 [&hellip;]<\/p>\n","protected":false},"author":5,"featured_media":20799,"parent":495,"menu_order":530,"comment_status":"closed","ping_status":"closed","template":"","meta":{"_acf_changed":false,"inline_featured_image":false,"footnotes":""},"class_list":["post-50425","page","type-page","status-publish","has-post-thumbnail","hentry"],"acf":[],"yoast_head":"<!-- This site is optimized with the Yoast SEO plugin v27.3 - https:\/\/yoast.com\/product\/yoast-seo-wordpress\/ -->\n<title>Fachzeitschrift EP abonnieren - SVEB<\/title>\n<meta name=\"description\" content=\"Hier bestellen Sie ein Jahresabo der einzigen Schweizer Fachzeitschrift f\u00fcr Weiterbildung \u00abEducation Permanente\u00bb per Formular.\" \/>\n<meta name=\"robots\" content=\"index, follow, max-snippet:-1, max-image-preview:large, max-video-preview:-1\" \/>\n<link rel=\"canonical\" href=\"https:\/\/alice.ch\/de\/aktuell\/zeitschrift-education-permanente\/fachzeitschrift-ep-abonnieren\/\" \/>\n<meta property=\"og:locale\" content=\"de_DE\" \/>\n<meta property=\"og:type\" content=\"article\" \/>\n<meta property=\"og:title\" content=\"Fachzeitschrift EP abonnieren - SVEB\" \/>\n<meta property=\"og:description\" content=\"Hier bestellen Sie ein Jahresabo der einzigen Schweizer Fachzeitschrift f\u00fcr Weiterbildung \u00abEducation Permanente\u00bb per Formular.\" \/>\n<meta property=\"og:url\" content=\"https:\/\/alice.ch\/de\/aktuell\/zeitschrift-education-permanente\/fachzeitschrift-ep-abonnieren\/\" \/>\n<meta property=\"og:site_name\" content=\"SVEB\" \/>\n<meta property=\"article:modified_time\" content=\"2023-05-15T13:48:19+00:00\" \/>\n<meta name=\"twitter:card\" content=\"summary_large_image\" \/>\n<meta name=\"twitter:label1\" content=\"Gesch\u00e4tzte Lesezeit\" \/>\n\t<meta name=\"twitter:data1\" content=\"1\u00a0Minute\" \/>\n<script type=\"application\/ld+json\" class=\"yoast-schema-graph\">{\"@context\":\"https:\\\/\\\/schema.org\",\"@graph\":[{\"@type\":\"WebPage\",\"@id\":\"https:\\\/\\\/alice.ch\\\/de\\\/aktuell\\\/zeitschrift-education-permanente\\\/fachzeitschrift-ep-abonnieren\\\/\",\"url\":\"https:\\\/\\\/alice.ch\\\/de\\\/aktuell\\\/zeitschrift-education-permanente\\\/fachzeitschrift-ep-abonnieren\\\/\",\"name\":\"Fachzeitschrift EP abonnieren - SVEB\",\"isPartOf\":{\"@id\":\"https:\\\/\\\/alice.ch\\\/de\\\/#website\"},\"primaryImageOfPage\":{\"@id\":\"https:\\\/\\\/alice.ch\\\/de\\\/aktuell\\\/zeitschrift-education-permanente\\\/fachzeitschrift-ep-abonnieren\\\/#primaryimage\"},\"image\":{\"@id\":\"https:\\\/\\\/alice.ch\\\/de\\\/aktuell\\\/zeitschrift-education-permanente\\\/fachzeitschrift-ep-abonnieren\\\/#primaryimage\"},\"thumbnailUrl\":\"https:\\\/\\\/alice.ch\\\/app\\\/uploads\\\/2022\\\/11\\\/default.jpg\",\"datePublished\":\"2023-05-10T09:54:01+00:00\",\"dateModified\":\"2023-05-15T13:48:19+00:00\",\"description\":\"Hier bestellen Sie ein Jahresabo der einzigen Schweizer Fachzeitschrift f\u00fcr Weiterbildung \u00abEducation Permanente\u00bb per Formular.\",\"breadcrumb\":{\"@id\":\"https:\\\/\\\/alice.ch\\\/de\\\/aktuell\\\/zeitschrift-education-permanente\\\/fachzeitschrift-ep-abonnieren\\\/#breadcrumb\"},\"inLanguage\":\"de\",\"potentialAction\":[{\"@type\":\"ReadAction\",\"target\":[\"https:\\\/\\\/alice.ch\\\/de\\\/aktuell\\\/zeitschrift-education-permanente\\\/fachzeitschrift-ep-abonnieren\\\/\"]}]},{\"@type\":\"ImageObject\",\"inLanguage\":\"de\",\"@id\":\"https:\\\/\\\/alice.ch\\\/de\\\/aktuell\\\/zeitschrift-education-permanente\\\/fachzeitschrift-ep-abonnieren\\\/#primaryimage\",\"url\":\"https:\\\/\\\/alice.ch\\\/app\\\/uploads\\\/2022\\\/11\\\/default.jpg\",\"contentUrl\":\"https:\\\/\\\/alice.ch\\\/app\\\/uploads\\\/2022\\\/11\\\/default.jpg\",\"width\":1600,\"height\":900},{\"@type\":\"BreadcrumbList\",\"@id\":\"https:\\\/\\\/alice.ch\\\/de\\\/aktuell\\\/zeitschrift-education-permanente\\\/fachzeitschrift-ep-abonnieren\\\/#breadcrumb\",\"itemListElement\":[{\"@type\":\"ListItem\",\"position\":1,\"name\":\"Startseite\",\"item\":\"https:\\\/\\\/alice.ch\\\/de\\\/\"},{\"@type\":\"ListItem\",\"position\":2,\"name\":\"Aktuell\",\"item\":\"https:\\\/\\\/alice.ch\\\/de\\\/aktuell\\\/\"},{\"@type\":\"ListItem\",\"position\":3,\"name\":\"Fachzeitschrift EP\",\"item\":\"https:\\\/\\\/alice.ch\\\/de\\\/aktuell\\\/zeitschrift-education-permanente\\\/\"},{\"@type\":\"ListItem\",\"position\":4,\"name\":\"Fachzeitschrift EP abonnieren\"}]},{\"@type\":\"WebSite\",\"@id\":\"https:\\\/\\\/alice.ch\\\/de\\\/#website\",\"url\":\"https:\\\/\\\/alice.ch\\\/de\\\/\",\"name\":\"alice.ch (Adult Learning Information Center) ist das Portal der Weiterbildung in der Schweiz.\",\"description\":\"Schweizerischer Verband f\u00fcr Weiterbildung\",\"publisher\":{\"@id\":\"https:\\\/\\\/alice.ch\\\/de\\\/#organization\"},\"potentialAction\":[{\"@type\":\"SearchAction\",\"target\":{\"@type\":\"EntryPoint\",\"urlTemplate\":\"https:\\\/\\\/alice.ch\\\/de\\\/?s={search_term_string}\"},\"query-input\":{\"@type\":\"PropertyValueSpecification\",\"valueRequired\":true,\"valueName\":\"search_term_string\"}}],\"inLanguage\":\"de\"},{\"@type\":\"Organization\",\"@id\":\"https:\\\/\\\/alice.ch\\\/de\\\/#organization\",\"name\":\"SVEB Schweizerischer Verband f\u00fcr Weiterbildung\",\"url\":\"https:\\\/\\\/alice.ch\\\/de\\\/\",\"logo\":{\"@type\":\"ImageObject\",\"inLanguage\":\"de\",\"@id\":\"https:\\\/\\\/alice.ch\\\/de\\\/#\\\/schema\\\/logo\\\/image\\\/\",\"url\":\"https:\\\/\\\/alice.ch\\\/app\\\/uploads\\\/2022\\\/07\\\/logo-sveb.png\",\"contentUrl\":\"https:\\\/\\\/alice.ch\\\/app\\\/uploads\\\/2022\\\/07\\\/logo-sveb.png\",\"width\":145,\"height\":64,\"caption\":\"SVEB Schweizerischer Verband f\u00fcr Weiterbildung\"},\"image\":{\"@id\":\"https:\\\/\\\/alice.ch\\\/de\\\/#\\\/schema\\\/logo\\\/image\\\/\"},\"sameAs\":[\"https:\\\/\\\/www.linkedin.com\\\/company\\\/schweizerischer-verband-fr-weiterbildung-sveb\\\/\"]}]}<\/script>\n<!-- \/ Yoast SEO plugin. -->","yoast_head_json":{"title":"Fachzeitschrift EP abonnieren - SVEB","description":"Hier bestellen Sie ein Jahresabo der einzigen Schweizer Fachzeitschrift f\u00fcr Weiterbildung \u00abEducation Permanente\u00bb per Formular.","robots":{"index":"index","follow":"follow","max-snippet":"max-snippet:-1","max-image-preview":"max-image-preview:large","max-video-preview":"max-video-preview:-1"},"canonical":"https:\/\/alice.ch\/de\/aktuell\/zeitschrift-education-permanente\/fachzeitschrift-ep-abonnieren\/","og_locale":"de_DE","og_type":"article","og_title":"Fachzeitschrift EP abonnieren - SVEB","og_description":"Hier bestellen Sie ein Jahresabo der einzigen Schweizer Fachzeitschrift f\u00fcr Weiterbildung \u00abEducation Permanente\u00bb per Formular.","og_url":"https:\/\/alice.ch\/de\/aktuell\/zeitschrift-education-permanente\/fachzeitschrift-ep-abonnieren\/","og_site_name":"SVEB","article_modified_time":"2023-05-15T13:48:19+00:00","twitter_card":"summary_large_image","twitter_misc":{"Gesch\u00e4tzte Lesezeit":"1\u00a0Minute"},"schema":{"@context":"https:\/\/schema.org","@graph":[{"@type":"WebPage","@id":"https:\/\/alice.ch\/de\/aktuell\/zeitschrift-education-permanente\/fachzeitschrift-ep-abonnieren\/","url":"https:\/\/alice.ch\/de\/aktuell\/zeitschrift-education-permanente\/fachzeitschrift-ep-abonnieren\/","name":"Fachzeitschrift EP abonnieren - SVEB","isPartOf":{"@id":"https:\/\/alice.ch\/de\/#website"},"primaryImageOfPage":{"@id":"https:\/\/alice.ch\/de\/aktuell\/zeitschrift-education-permanente\/fachzeitschrift-ep-abonnieren\/#primaryimage"},"image":{"@id":"https:\/\/alice.ch\/de\/aktuell\/zeitschrift-education-permanente\/fachzeitschrift-ep-abonnieren\/#primaryimage"},"thumbnailUrl":"https:\/\/alice.ch\/app\/uploads\/2022\/11\/default.jpg","datePublished":"2023-05-10T09:54:01+00:00","dateModified":"2023-05-15T13:48:19+00:00","description":"Hier bestellen Sie ein Jahresabo der einzigen Schweizer Fachzeitschrift f\u00fcr Weiterbildung \u00abEducation Permanente\u00bb per Formular.","breadcrumb":{"@id":"https:\/\/alice.ch\/de\/aktuell\/zeitschrift-education-permanente\/fachzeitschrift-ep-abonnieren\/#breadcrumb"},"inLanguage":"de","potentialAction":[{"@type":"ReadAction","target":["https:\/\/alice.ch\/de\/aktuell\/zeitschrift-education-permanente\/fachzeitschrift-ep-abonnieren\/"]}]},{"@type":"ImageObject","inLanguage":"de","@id":"https:\/\/alice.ch\/de\/aktuell\/zeitschrift-education-permanente\/fachzeitschrift-ep-abonnieren\/#primaryimage","url":"https:\/\/alice.ch\/app\/uploads\/2022\/11\/default.jpg","contentUrl":"https:\/\/alice.ch\/app\/uploads\/2022\/11\/default.jpg","width":1600,"height":900},{"@type":"BreadcrumbList","@id":"https:\/\/alice.ch\/de\/aktuell\/zeitschrift-education-permanente\/fachzeitschrift-ep-abonnieren\/#breadcrumb","itemListElement":[{"@type":"ListItem","position":1,"name":"Startseite","item":"https:\/\/alice.ch\/de\/"},{"@type":"ListItem","position":2,"name":"Aktuell","item":"https:\/\/alice.ch\/de\/aktuell\/"},{"@type":"ListItem","position":3,"name":"Fachzeitschrift EP","item":"https:\/\/alice.ch\/de\/aktuell\/zeitschrift-education-permanente\/"},{"@type":"ListItem","position":4,"name":"Fachzeitschrift EP abonnieren"}]},{"@type":"WebSite","@id":"https:\/\/alice.ch\/de\/#website","url":"https:\/\/alice.ch\/de\/","name":"alice.ch (Adult Learning Information Center) ist das Portal der Weiterbildung in der Schweiz.","description":"Schweizerischer Verband f\u00fcr Weiterbildung","publisher":{"@id":"https:\/\/alice.ch\/de\/#organization"},"potentialAction":[{"@type":"SearchAction","target":{"@type":"EntryPoint","urlTemplate":"https:\/\/alice.ch\/de\/?s={search_term_string}"},"query-input":{"@type":"PropertyValueSpecification","valueRequired":true,"valueName":"search_term_string"}}],"inLanguage":"de"},{"@type":"Organization","@id":"https:\/\/alice.ch\/de\/#organization","name":"SVEB Schweizerischer Verband f\u00fcr Weiterbildung","url":"https:\/\/alice.ch\/de\/","logo":{"@type":"ImageObject","inLanguage":"de","@id":"https:\/\/alice.ch\/de\/#\/schema\/logo\/image\/","url":"https:\/\/alice.ch\/app\/uploads\/2022\/07\/logo-sveb.png","contentUrl":"https:\/\/alice.ch\/app\/uploads\/2022\/07\/logo-sveb.png","width":145,"height":64,"caption":"SVEB Schweizerischer Verband f\u00fcr Weiterbildung"},"image":{"@id":"https:\/\/alice.ch\/de\/#\/schema\/logo\/image\/"},"sameAs":["https:\/\/www.linkedin.com\/company\/schweizerischer-verband-fr-weiterbildung-sveb\/"]}]}},"_links":{"self":[{"href":"https:\/\/alice.ch\/de\/wp-json\/wp\/v2\/pages\/50425","targetHints":{"allow":["GET"]}}],"collection":[{"href":"https:\/\/alice.ch\/de\/wp-json\/wp\/v2\/pages"}],"about":[{"href":"https:\/\/alice.ch\/de\/wp-json\/wp\/v2\/types\/page"}],"author":[{"embeddable":true,"href":"https:\/\/alice.ch\/de\/wp-json\/wp\/v2\/users\/5"}],"replies":[{"embeddable":true,"href":"https:\/\/alice.ch\/de\/wp-json\/wp\/v2\/comments?post=50425"}],"version-history":[{"count":19,"href":"https:\/\/alice.ch\/de\/wp-json\/wp\/v2\/pages\/50425\/revisions"}],"predecessor-version":[{"id":51041,"href":"https:\/\/alice.ch\/de\/wp-json\/wp\/v2\/pages\/50425\/revisions\/51041"}],"up":[{"embeddable":true,"href":"https:\/\/alice.ch\/de\/wp-json\/wp\/v2\/pages\/495"}],"wp:featuredmedia":[{"embeddable":true,"href":"https:\/\/alice.ch\/de\/wp-json\/wp\/v2\/media\/20799"}],"wp:attachment":[{"href":"https:\/\/alice.ch\/de\/wp-json\/wp\/v2\/media?parent=50425"}],"curies":[{"name":"wp","href":"https:\/\/api.w.org\/{rel}","templated":true}]}}