{"id":520,"date":"2022-08-16T17:01:25","date_gmt":"2022-08-16T15:01:25","guid":{"rendered":"https:\/\/projects.atxeit.ch\/sveb\/?page_id=520"},"modified":"2024-01-19T16:42:52","modified_gmt":"2024-01-19T15:42:52","slug":"vergangene-veranstaltungen","status":"publish","type":"page","link":"https:\/\/alice.ch\/de\/aktuell\/events\/vergangene-veranstaltungen\/","title":{"rendered":"Vergangene Veranstaltungen"},"content":{"rendered":"\n<div class=\"wp-block-group is-style-reduced-width is-layout-flow wp-block-group-is-layout-flow\">\n<h1 class=\"wp-block-heading\">Vergangene Veranstaltungen<\/h1>\n\n\n\n<p class=\"is-style-lead\">In unserem Archiv haben wir f\u00fcr Sie Informationen zu vergangenen Veranstaltungen zusammengestellt.<\/p>\n\n\n\n<ul class=\"wp-block-list\">\n<li>Pr\u00e4sentationen, Dokumente und Tagungsunterlagen<\/li>\n\n\n\n<li>Tagungsr\u00fcckblicke<\/li>\n\n\n\n<li>Bildimpressionen<\/li>\n<\/ul>\n<\/div>\n\n\n\n<div class=\"wp-block-query is-style-default is-layout-flow wp-block-query-is-layout-flow\"><ul class=\"wp-block-post-template is-layout-flow wp-block-post-template-is-layout-flow\"><li class=\"wp-block-post post-73147 event type-event status-publish has-post-thumbnail hentry event-category-sveb-kooperation-events event-tag-459 event-tag-sveb-kooperation-events event-status-archiv event-language-deutsch global-category-blocked global-category-digitalisierung global-category-schweizweite-projekte\">\n\n<div class=\"wp-block-columns is-layout-flex wp-container-core-columns-is-layout-28f84493 wp-block-columns-is-layout-flex\">\n<div class=\"wp-block-column is-layout-flow wp-block-column-is-layout-flow\" style=\"flex-basis:200px\"><figure class=\"wp-block-post-featured-image\"><a href=\"https:\/\/alice.ch\/de\/event\/welche-rolle-spielen-micro-credentials-digitale-zertifikate-in-der-weiterbildung\/\" target=\"_self\"  ><img decoding=\"async\" width=\"771\" height=\"385\" src=\"https:\/\/alice.ch\/app\/uploads\/2026\/01\/webinar-micro-credentials.jpg\" class=\"attachment-post-thumbnail size-post-thumbnail wp-post-image\" alt=\"Welche Rolle spielen Micro-Credentials\u00a0in der Weiterbildung?\" style=\"object-fit:cover;\" srcset=\"https:\/\/alice.ch\/app\/uploads\/2026\/01\/webinar-micro-credentials.jpg 771w, https:\/\/alice.ch\/app\/uploads\/2026\/01\/webinar-micro-credentials-300x150.jpg 300w, https:\/\/alice.ch\/app\/uploads\/2026\/01\/webinar-micro-credentials-768x384.jpg 768w\" sizes=\"(max-width: 771px) 100vw, 771px\" \/><\/a><\/figure><\/div>\n\n\n\n<div class=\"wp-block-column is-layout-flow wp-block-column-is-layout-flow\" style=\"flex-basis:66.66%\"><h3 class=\"wp-block-post-title\"><a href=\"https:\/\/alice.ch\/de\/event\/welche-rolle-spielen-micro-credentials-digitale-zertifikate-in-der-weiterbildung\/\" target=\"_self\" >Welche Rolle spielen Micro-Credentials\u00a0in der Weiterbildung?<\/a><\/h3>\n\n<div class=\"wp-block-post-excerpt\"><p class=\"wp-block-post-excerpt__excerpt\">Der SVEB besch\u00e4ftigt sich in verschiedenen Projekten mit dem Einsatz von k\u00fcnstlicher Intelligenz in der Weiterbildung. Im M\u00e4rz 2026 legen<\/p><p class=\"wp-block-post-excerpt__more-text\"><a class=\"wp-block-post-excerpt__more-link\" href=\"https:\/\/alice.ch\/de\/event\/welche-rolle-spielen-micro-credentials-digitale-zertifikate-in-der-weiterbildung\/\">Weiterlesen<\/a><\/p><\/div>\n\n<p><\/p>\n\n<div class=\"event-item-meta\">\n\t<span class=\"date\">24\/03\/2026<\/span>\n\t<span class=\"time\">12:00\u201313:00<\/span>\n\t<span class=\"place\">Online<\/span>\n\t<span class=\"language\">D<\/span>\n\n\t<a class=\"event-link\" href=\"https:\/\/alice.ch\/de\/event\/welche-rolle-spielen-micro-credentials-digitale-zertifikate-in-der-weiterbildung\/\" target=\"\">Event-Details<\/a>\n<\/div>\n<\/div>\n<\/div>\n\n\n\n<hr class=\"wp-block-separator has-alpha-channel-opacity is-style-wide\"\/>\n\n<\/li><li class=\"wp-block-post post-73136 event type-event status-publish has-post-thumbnail hentry event-category-sveb-kooperation-events event-tag-459 event-tag-sveb-kooperation-events event-status-archiv event-language-deutsch global-category-digitalli global-category-eu-projekte global-category-ki-in-der-weiterbildung\">\n\n<div class=\"wp-block-columns is-layout-flex wp-container-core-columns-is-layout-28f84493 wp-block-columns-is-layout-flex\">\n<div class=\"wp-block-column is-layout-flow wp-block-column-is-layout-flow\" style=\"flex-basis:200px\"><figure class=\"wp-block-post-featured-image\"><a href=\"https:\/\/alice.ch\/de\/event\/wie-gelingt-die-integration-von-ki-technologie-in-lehr-und-lernprozesse\/\" target=\"_self\"  ><img decoding=\"async\" width=\"771\" height=\"385\" src=\"https:\/\/alice.ch\/app\/uploads\/2026\/01\/webinar-ki-in-lehr-und-lernprozessen.jpg\" class=\"attachment-post-thumbnail size-post-thumbnail wp-post-image\" alt=\"Wie gelingt die Integration von\u00a0KI-Technologie in Lehr- und Lernprozesse?\" style=\"object-fit:cover;\" srcset=\"https:\/\/alice.ch\/app\/uploads\/2026\/01\/webinar-ki-in-lehr-und-lernprozessen.jpg 771w, https:\/\/alice.ch\/app\/uploads\/2026\/01\/webinar-ki-in-lehr-und-lernprozessen-300x150.jpg 300w, https:\/\/alice.ch\/app\/uploads\/2026\/01\/webinar-ki-in-lehr-und-lernprozessen-768x384.jpg 768w\" sizes=\"(max-width: 771px) 100vw, 771px\" \/><\/a><\/figure><\/div>\n\n\n\n<div class=\"wp-block-column is-layout-flow wp-block-column-is-layout-flow\" style=\"flex-basis:66.66%\"><h3 class=\"wp-block-post-title\"><a href=\"https:\/\/alice.ch\/de\/event\/wie-gelingt-die-integration-von-ki-technologie-in-lehr-und-lernprozesse\/\" target=\"_self\" >Wie gelingt die Integration von\u00a0KI-Technologie in Lehr- und Lernprozesse?<\/a><\/h3>\n\n<div class=\"wp-block-post-excerpt\"><p class=\"wp-block-post-excerpt__excerpt\">Der SVEB besch\u00e4ftigt sich in verschiedenen Projekten mit dem Einsatz von k\u00fcnstlicher Intelligenz in der Weiterbildung. Im M\u00e4rz 2026 legen<\/p><p class=\"wp-block-post-excerpt__more-text\"><a class=\"wp-block-post-excerpt__more-link\" href=\"https:\/\/alice.ch\/de\/event\/wie-gelingt-die-integration-von-ki-technologie-in-lehr-und-lernprozesse\/\">Weiterlesen<\/a><\/p><\/div>\n\n<p><\/p>\n\n<div class=\"event-item-meta\">\n\t<span class=\"date\">17\/03\/2026<\/span>\n\t<span class=\"time\">12:00\u201313:00<\/span>\n\t<span class=\"place\">Online<\/span>\n\t<span class=\"language\">D<\/span>\n\n\t<a class=\"event-link\" href=\"https:\/\/alice.ch\/de\/event\/wie-gelingt-die-integration-von-ki-technologie-in-lehr-und-lernprozesse\/\" target=\"\">Event-Details<\/a>\n<\/div>\n<\/div>\n<\/div>\n\n\n\n<hr class=\"wp-block-separator has-alpha-channel-opacity is-style-wide\"\/>\n\n<\/li><li class=\"wp-block-post post-66485 event type-event status-publish has-post-thumbnail hentry event-category-sveb-kooperation-events event-tag-459 event-status-archiv event-language-deutsch global-category-digitalisierung global-category-ki-in-der-weiterbildung\">\n\n<div class=\"wp-block-columns is-layout-flex wp-container-core-columns-is-layout-28f84493 wp-block-columns-is-layout-flex\">\n<div class=\"wp-block-column is-layout-flow wp-block-column-is-layout-flow\" style=\"flex-basis:200px\"><figure class=\"wp-block-post-featured-image\"><a href=\"https:\/\/alice.ch\/de\/event\/sveb-hackathon-ki-in-der-weiterbildung\/\" target=\"_self\"  ><img decoding=\"async\" width=\"771\" height=\"385\" src=\"https:\/\/alice.ch\/app\/uploads\/2025\/09\/hackathon-ki-2026.jpg\" class=\"attachment-post-thumbnail size-post-thumbnail wp-post-image\" alt=\"SVEB-Hackathon: KI in der Weiterbildung\" style=\"object-fit:cover;\" srcset=\"https:\/\/alice.ch\/app\/uploads\/2025\/09\/hackathon-ki-2026.jpg 771w, https:\/\/alice.ch\/app\/uploads\/2025\/09\/hackathon-ki-2026-300x150.jpg 300w, https:\/\/alice.ch\/app\/uploads\/2025\/09\/hackathon-ki-2026-768x384.jpg 768w\" sizes=\"(max-width: 771px) 100vw, 771px\" \/><\/a><\/figure><\/div>\n\n\n\n<div class=\"wp-block-column is-layout-flow wp-block-column-is-layout-flow\" style=\"flex-basis:66.66%\"><h3 class=\"wp-block-post-title\"><a href=\"https:\/\/alice.ch\/de\/event\/sveb-hackathon-ki-in-der-weiterbildung\/\" target=\"_self\" >SVEB-Hackathon: KI in der Weiterbildung<\/a><\/h3>\n\n<div class=\"wp-block-post-excerpt\"><p class=\"wp-block-post-excerpt__excerpt\">Wie k\u00f6nnen wir KI in der Weiterbildung sinnvoll und gewinnbringend nutzen? Am ersten Hackathon des SVEB m\u00f6chten wir gemeinsam mit<\/p><p class=\"wp-block-post-excerpt__more-text\"><a class=\"wp-block-post-excerpt__more-link\" href=\"https:\/\/alice.ch\/de\/event\/sveb-hackathon-ki-in-der-weiterbildung\/\">Weiterlesen<\/a><\/p><\/div>\n\n<p><\/p>\n\n<div class=\"event-item-meta\">\n\t<span class=\"date\">11\/03\/2026<\/span>\n\t<span class=\"time\">\u2013<\/span>\n\t<span class=\"place\">Bluelion Startup Hub (Josefstrasse), Z\u00fcrich<\/span>\n\t<span class=\"language\">D<\/span>\n\n\t<a class=\"event-link\" href=\"https:\/\/alice.ch\/de\/event\/sveb-hackathon-ki-in-der-weiterbildung\/\" target=\"\">Event-Details<\/a>\n<\/div>\n<\/div>\n<\/div>\n\n\n\n<hr class=\"wp-block-separator has-alpha-channel-opacity is-style-wide\"\/>\n\n<\/li><li class=\"wp-block-post post-72481 event type-event status-publish has-post-thumbnail hentry event-category-externer-event event-status-archiv event-language-deutsch global-category-digitalisierung\">\n\n<div class=\"wp-block-columns is-layout-flex wp-container-core-columns-is-layout-28f84493 wp-block-columns-is-layout-flex\">\n<div class=\"wp-block-column is-layout-flow wp-block-column-is-layout-flow\" style=\"flex-basis:200px\"><figure class=\"wp-block-post-featured-image\"><a href=\"https:\/\/alice.ch\/de\/event\/digitale-transformation-konkret-lerntechnologien-in-berufs-und-erwachsenenbildung\/\" target=\"_self\"  ><img decoding=\"async\" width=\"900\" height=\"900\" src=\"https:\/\/alice.ch\/app\/uploads\/2025\/12\/sgab-tagung-2026.png\" class=\"attachment-post-thumbnail size-post-thumbnail wp-post-image\" alt=\"Digitale Transformation konkret \u2014 Lerntechnologien in Berufs- und Erwachsenenbildung\" style=\"object-fit:cover;\" srcset=\"https:\/\/alice.ch\/app\/uploads\/2025\/12\/sgab-tagung-2026.png 900w, https:\/\/alice.ch\/app\/uploads\/2025\/12\/sgab-tagung-2026-300x300.png 300w, https:\/\/alice.ch\/app\/uploads\/2025\/12\/sgab-tagung-2026-150x150.png 150w, https:\/\/alice.ch\/app\/uploads\/2025\/12\/sgab-tagung-2026-768x768.png 768w\" sizes=\"(max-width: 900px) 100vw, 900px\" \/><\/a><\/figure><\/div>\n\n\n\n<div class=\"wp-block-column is-layout-flow wp-block-column-is-layout-flow\" style=\"flex-basis:66.66%\"><h3 class=\"wp-block-post-title\"><a href=\"https:\/\/alice.ch\/de\/event\/digitale-transformation-konkret-lerntechnologien-in-berufs-und-erwachsenenbildung\/\" target=\"_self\" >Digitale Transformation konkret \u2014 Lerntechnologien in Berufs- und Erwachsenenbildung<\/a><\/h3>\n\n<div class=\"wp-block-post-excerpt\"><p class=\"wp-block-post-excerpt__excerpt\">Bereiten Sie sich auf einen Tag intensiven Austauschs zur Digitalen Transformation vor! Die SGAB veranstaltet am 12. M\u00e4rz 2026 an<\/p><p class=\"wp-block-post-excerpt__more-text\"><a class=\"wp-block-post-excerpt__more-link\" href=\"https:\/\/alice.ch\/de\/event\/digitale-transformation-konkret-lerntechnologien-in-berufs-und-erwachsenenbildung\/\">Weiterlesen<\/a><\/p><\/div>\n\n<p><\/p>\n\n<div class=\"event-item-meta\">\n\t<span class=\"date\">12\/03\/2026<\/span>\n\t<span class=\"time\">12:30\u201318:00<\/span>\n\t<span class=\"place\">P\u00e4dagogische Hochschule Z\u00fcrich PHZH<\/span>\n\t<span class=\"language\">D<\/span>\n\n\t<a class=\"event-link\" href=\"https:\/\/sgab-srfp.ch\/tagung\/maerz-2026\/\" target=\"_blank\">Event-Details<\/a>\n<\/div>\n<\/div>\n<\/div>\n\n\n\n<hr class=\"wp-block-separator has-alpha-channel-opacity is-style-wide\"\/>\n\n<\/li><li class=\"wp-block-post post-73141 event type-event status-publish has-post-thumbnail hentry event-category-sveb-kooperation-events event-tag-459 event-status-archiv event-language-deutsch global-category-digitalli global-category-eu-projekte global-category-ki-in-der-weiterbildung\">\n\n<div class=\"wp-block-columns is-layout-flex wp-container-core-columns-is-layout-28f84493 wp-block-columns-is-layout-flex\">\n<div class=\"wp-block-column is-layout-flow wp-block-column-is-layout-flow\" style=\"flex-basis:200px\"><figure class=\"wp-block-post-featured-image\"><a href=\"https:\/\/alice.ch\/de\/event\/wie-lassen-sich-die-ki-kompetenzen-der-mitarbeitenden-staerken\/\" target=\"_self\"  ><img decoding=\"async\" width=\"771\" height=\"385\" src=\"https:\/\/alice.ch\/app\/uploads\/2026\/01\/webinar-ki-kompetenzen.jpg\" class=\"attachment-post-thumbnail size-post-thumbnail wp-post-image\" alt=\"Wie\u00a0lassen sich\u00a0die\u00a0KI-Kompetenzen der Mitarbeitenden\u00a0st\u00e4rken?\u00a0\" style=\"object-fit:cover;\" srcset=\"https:\/\/alice.ch\/app\/uploads\/2026\/01\/webinar-ki-kompetenzen.jpg 771w, https:\/\/alice.ch\/app\/uploads\/2026\/01\/webinar-ki-kompetenzen-300x150.jpg 300w, https:\/\/alice.ch\/app\/uploads\/2026\/01\/webinar-ki-kompetenzen-768x384.jpg 768w\" sizes=\"(max-width: 771px) 100vw, 771px\" \/><\/a><\/figure><\/div>\n\n\n\n<div class=\"wp-block-column is-layout-flow wp-block-column-is-layout-flow\" style=\"flex-basis:66.66%\"><h3 class=\"wp-block-post-title\"><a href=\"https:\/\/alice.ch\/de\/event\/wie-lassen-sich-die-ki-kompetenzen-der-mitarbeitenden-staerken\/\" target=\"_self\" >Wie\u00a0lassen sich\u00a0die\u00a0KI-Kompetenzen der Mitarbeitenden\u00a0st\u00e4rken?\u00a0<\/a><\/h3>\n\n<div class=\"wp-block-post-excerpt\"><p class=\"wp-block-post-excerpt__excerpt\">Der SVEB besch\u00e4ftigt sich in verschiedenen Projekten mit dem Einsatz von k\u00fcnstlicher Intelligenz in der Weiterbildung. Im M\u00e4rz 2026 legen<\/p><p class=\"wp-block-post-excerpt__more-text\"><a class=\"wp-block-post-excerpt__more-link\" href=\"https:\/\/alice.ch\/de\/event\/wie-lassen-sich-die-ki-kompetenzen-der-mitarbeitenden-staerken\/\">Weiterlesen<\/a><\/p><\/div>\n\n<p><\/p>\n\n<div class=\"event-item-meta\">\n\t<span class=\"date\">03\/03\/2026<\/span>\n\t<span class=\"time\">12:00\u201313:00<\/span>\n\t<span class=\"place\">Online<\/span>\n\t<span class=\"language\">D<\/span>\n\n\t<a class=\"event-link\" href=\"https:\/\/alice.ch\/de\/event\/wie-lassen-sich-die-ki-kompetenzen-der-mitarbeitenden-staerken\/\" target=\"\">Event-Details<\/a>\n<\/div>\n<\/div>\n<\/div>\n\n\n\n<hr class=\"wp-block-separator has-alpha-channel-opacity is-style-wide\"\/>\n\n<\/li><li class=\"wp-block-post post-69891 event type-event status-publish has-post-thumbnail hentry event-category-sveb-kooperation-events event-status-archiv event-language-deutsch\">\n\n<div class=\"wp-block-columns is-layout-flex wp-container-core-columns-is-layout-28f84493 wp-block-columns-is-layout-flex\">\n<div class=\"wp-block-column is-layout-flow wp-block-column-is-layout-flow\" style=\"flex-basis:200px\"><figure class=\"wp-block-post-featured-image\"><a href=\"https:\/\/alice.ch\/de\/event\/demokratie-durch-weiterbildung-staerken\/\" target=\"_self\"  ><img decoding=\"async\" width=\"771\" height=\"385\" src=\"https:\/\/alice.ch\/app\/uploads\/2025\/08\/tagung-demokratie-durch-weiterbildung-staerken.png\" class=\"attachment-post-thumbnail size-post-thumbnail wp-post-image\" alt=\"Demokratie durch Weiterbildung st\u00e4rken \u2013 Perspektiven, Herausforderungen und Handlungsm\u00f6glichkeiten\u00a0\" style=\"object-fit:cover;\" srcset=\"https:\/\/alice.ch\/app\/uploads\/2025\/08\/tagung-demokratie-durch-weiterbildung-staerken.png 771w, https:\/\/alice.ch\/app\/uploads\/2025\/08\/tagung-demokratie-durch-weiterbildung-staerken-300x150.png 300w, https:\/\/alice.ch\/app\/uploads\/2025\/08\/tagung-demokratie-durch-weiterbildung-staerken-768x384.png 768w\" sizes=\"(max-width: 771px) 100vw, 771px\" \/><\/a><\/figure><\/div>\n\n\n\n<div class=\"wp-block-column is-layout-flow wp-block-column-is-layout-flow\" style=\"flex-basis:66.66%\"><h3 class=\"wp-block-post-title\"><a href=\"https:\/\/alice.ch\/de\/event\/demokratie-durch-weiterbildung-staerken\/\" target=\"_self\" >Demokratie durch Weiterbildung st\u00e4rken \u2013 Perspektiven, Herausforderungen und Handlungsm\u00f6glichkeiten\u00a0<\/a><\/h3>\n\n<div class=\"wp-block-post-excerpt\"><p class=\"wp-block-post-excerpt__excerpt\">Globale Krisen fordern unsere Demokratie heraus. Gemeinsam mit Akteuren aus Wissenschaft und Praxis m\u00f6chte die Tagung Perspektiven, Herausforderungen und Handlungsm\u00f6glichkeiten<\/p><p class=\"wp-block-post-excerpt__more-text\"><a class=\"wp-block-post-excerpt__more-link\" href=\"https:\/\/alice.ch\/de\/event\/demokratie-durch-weiterbildung-staerken\/\">Weiterlesen<\/a><\/p><\/div>\n\n<p><\/p>\n\n<div class=\"event-item-meta\">\n\t<span class=\"date\">29\/01\/2026<\/span>\n\t<span class=\"time\">13:00\u201317:45<\/span>\n\t<span class=\"place\">P\u00e4dagogische Hochschule Z\u00fcrich PHZH<\/span>\n\t<span class=\"language\">D<\/span>\n\n\t<a class=\"event-link\" href=\"https:\/\/alice.ch\/de\/event\/demokratie-durch-weiterbildung-staerken\/\" target=\"\">Event-Details<\/a>\n<\/div>\n<\/div>\n<\/div>\n\n\n\n<hr class=\"wp-block-separator has-alpha-channel-opacity is-style-wide\"\/>\n\n<\/li><li class=\"wp-block-post post-71775 event type-event status-publish has-post-thumbnail hentry event-category-externer-event event-status-archiv event-language-deutsch global-category-digitalisierung\">\n\n<div class=\"wp-block-columns is-layout-flex wp-container-core-columns-is-layout-28f84493 wp-block-columns-is-layout-flex\">\n<div class=\"wp-block-column is-layout-flow wp-block-column-is-layout-flow\" style=\"flex-basis:200px\"><figure class=\"wp-block-post-featured-image\"><a href=\"https:\/\/alice.ch\/de\/event\/future-night-2026-wie-die-digitalisierung-die-bildung-herausfordert\/\" target=\"_self\"  ><img decoding=\"async\" width=\"1200\" height=\"627\" src=\"https:\/\/alice.ch\/app\/uploads\/2025\/11\/edubase-future-night-2026.png\" class=\"attachment-post-thumbnail size-post-thumbnail wp-post-image\" alt=\"Future Night 2026: Wie die Digitalisierung die Bildung herausfordert\" style=\"object-fit:cover;\" srcset=\"https:\/\/alice.ch\/app\/uploads\/2025\/11\/edubase-future-night-2026.png 1200w, https:\/\/alice.ch\/app\/uploads\/2025\/11\/edubase-future-night-2026-300x157.png 300w, https:\/\/alice.ch\/app\/uploads\/2025\/11\/edubase-future-night-2026-1024x535.png 1024w, https:\/\/alice.ch\/app\/uploads\/2025\/11\/edubase-future-night-2026-768x401.png 768w\" sizes=\"(max-width: 1200px) 100vw, 1200px\" \/><\/a><\/figure><\/div>\n\n\n\n<div class=\"wp-block-column is-layout-flow wp-block-column-is-layout-flow\" style=\"flex-basis:66.66%\"><h3 class=\"wp-block-post-title\"><a href=\"https:\/\/alice.ch\/de\/event\/future-night-2026-wie-die-digitalisierung-die-bildung-herausfordert\/\" target=\"_self\" >Future Night 2026: Wie die Digitalisierung die Bildung herausfordert<\/a><\/h3>\n\n<div class=\"wp-block-post-excerpt\"><p class=\"wp-block-post-excerpt__excerpt\">Die Edubase Fachtagung widmet sich den Chancen und Herausforderungen, die Digitalisierung und technologische Umbr\u00fcche f\u00fcr Bildung und Lernen mit sich<\/p><p class=\"wp-block-post-excerpt__more-text\"><a class=\"wp-block-post-excerpt__more-link\" href=\"https:\/\/alice.ch\/de\/event\/future-night-2026-wie-die-digitalisierung-die-bildung-herausfordert\/\">Weiterlesen<\/a><\/p><\/div>\n\n<p><\/p>\n\n<div class=\"event-item-meta\">\n\t<span class=\"date\">21\/01\/2026<\/span>\n\t<span class=\"time\">17:15\u201320:30<\/span>\n\t<span class=\"place\">Careum Auditorium, Z\u00fcrich<\/span>\n\t<span class=\"language\">D<\/span>\n\n\t<a class=\"event-link\" href=\"https:\/\/www.edubase.ch\/edubase\/events\/event\/future-night-2026\" target=\"_blank\">Event-Details<\/a>\n<\/div>\n<\/div>\n<\/div>\n\n\n\n<hr class=\"wp-block-separator has-alpha-channel-opacity is-style-wide\"\/>\n\n<\/li><li class=\"wp-block-post post-70416 event type-event status-publish has-post-thumbnail hentry event-category-sveb-kooperation-events event-tag-365 event-status-archiv event-language-deutsch global-category-chancengleichheit global-category-international\">\n\n<div class=\"wp-block-columns is-layout-flex wp-container-core-columns-is-layout-28f84493 wp-block-columns-is-layout-flex\">\n<div class=\"wp-block-column is-layout-flow wp-block-column-is-layout-flow\" style=\"flex-basis:200px\"><figure class=\"wp-block-post-featured-image\"><a href=\"https:\/\/alice.ch\/de\/event\/unesco-learning-cities-in-der-schweiz-ein-erfolgsmodell-fuer-schweizer-staedte\/\" target=\"_self\"  ><img decoding=\"async\" width=\"771\" height=\"385\" src=\"https:\/\/alice.ch\/app\/uploads\/2025\/09\/learning-cities-1.jpg\" class=\"attachment-post-thumbnail size-post-thumbnail wp-post-image\" alt=\"Entdecken Sie das Konzept der UNESCO Learning Cities!\" style=\"object-fit:cover;\" srcset=\"https:\/\/alice.ch\/app\/uploads\/2025\/09\/learning-cities-1.jpg 771w, https:\/\/alice.ch\/app\/uploads\/2025\/09\/learning-cities-1-300x150.jpg 300w, https:\/\/alice.ch\/app\/uploads\/2025\/09\/learning-cities-1-768x384.jpg 768w\" sizes=\"(max-width: 771px) 100vw, 771px\" \/><\/a><\/figure><\/div>\n\n\n\n<div class=\"wp-block-column is-layout-flow wp-block-column-is-layout-flow\" style=\"flex-basis:66.66%\"><h3 class=\"wp-block-post-title\"><a href=\"https:\/\/alice.ch\/de\/event\/unesco-learning-cities-in-der-schweiz-ein-erfolgsmodell-fuer-schweizer-staedte\/\" target=\"_self\" >Entdecken Sie das Konzept der UNESCO Learning Cities!<\/a><\/h3>\n\n<div class=\"wp-block-post-excerpt\"><p class=\"wp-block-post-excerpt__excerpt\">Warum soll eine Stadt zu einem Ort des Lernens f\u00fcr alle werden? Finden Sie es heraus \u2013 in unserem Online-Event.<\/p><p class=\"wp-block-post-excerpt__more-text\"><a class=\"wp-block-post-excerpt__more-link\" href=\"https:\/\/alice.ch\/de\/event\/unesco-learning-cities-in-der-schweiz-ein-erfolgsmodell-fuer-schweizer-staedte\/\">Weiterlesen<\/a><\/p><\/div>\n\n<p><\/p>\n\n<div class=\"event-item-meta\">\n\t<span class=\"date\">14\/01\/2026<\/span>\n\t<span class=\"time\">14:00\u201316:00<\/span>\n\t<span class=\"place\">Online<\/span>\n\t<span class=\"language\">D<\/span>\n\n\t<a class=\"event-link\" href=\"https:\/\/alice.ch\/de\/event\/unesco-learning-cities-in-der-schweiz-ein-erfolgsmodell-fuer-schweizer-staedte\/\" target=\"\">Event-Details<\/a>\n<\/div>\n<\/div>\n<\/div>\n\n\n\n<hr class=\"wp-block-separator has-alpha-channel-opacity is-style-wide\"\/>\n\n<\/li><li class=\"wp-block-post post-72352 event type-event status-publish has-post-thumbnail hentry event-category-sveb-kooperation-events event-tag-365 event-status-archiv event-language-deutsch global-category-forschung global-category-sveb\">\n\n<div class=\"wp-block-columns is-layout-flex wp-container-core-columns-is-layout-28f84493 wp-block-columns-is-layout-flex\">\n<div class=\"wp-block-column is-layout-flow wp-block-column-is-layout-flow\" style=\"flex-basis:200px\"><figure class=\"wp-block-post-featured-image\"><a href=\"https:\/\/alice.ch\/de\/event\/sveb-branchenmonitor-2025-entwicklungen-der-weiterbildungsbranche\/\" target=\"_self\"  ><img decoding=\"async\" width=\"1542\" height=\"771\" src=\"https:\/\/alice.ch\/app\/uploads\/2025\/11\/branchenmonitor-25.jpg\" class=\"attachment-post-thumbnail size-post-thumbnail wp-post-image\" alt=\"SVEB-Branchenmonitor 2025: Entwicklungen der Weiterbildungsbranche\" style=\"object-fit:cover;\" srcset=\"https:\/\/alice.ch\/app\/uploads\/2025\/11\/branchenmonitor-25.jpg 1542w, https:\/\/alice.ch\/app\/uploads\/2025\/11\/branchenmonitor-25-300x150.jpg 300w, https:\/\/alice.ch\/app\/uploads\/2025\/11\/branchenmonitor-25-1024x512.jpg 1024w, https:\/\/alice.ch\/app\/uploads\/2025\/11\/branchenmonitor-25-768x384.jpg 768w, https:\/\/alice.ch\/app\/uploads\/2025\/11\/branchenmonitor-25-1536x768.jpg 1536w\" sizes=\"(max-width: 1542px) 100vw, 1542px\" \/><\/a><\/figure><\/div>\n\n\n\n<div class=\"wp-block-column is-layout-flow wp-block-column-is-layout-flow\" style=\"flex-basis:66.66%\"><h3 class=\"wp-block-post-title\"><a href=\"https:\/\/alice.ch\/de\/event\/sveb-branchenmonitor-2025-entwicklungen-der-weiterbildungsbranche\/\" target=\"_self\" >SVEB-Branchenmonitor 2025: Entwicklungen der Weiterbildungsbranche<\/a><\/h3>\n\n<div class=\"wp-block-post-excerpt\"><p class=\"wp-block-post-excerpt__excerpt\">Der Branchenmonitor 2025 deutet auf eine positive Stimmung in der Weiterbildungsbranche hin. W\u00e4hrend sich die Gesamtlage der Branche stabilisiert, sehen<\/p><p class=\"wp-block-post-excerpt__more-text\"><a class=\"wp-block-post-excerpt__more-link\" href=\"https:\/\/alice.ch\/de\/event\/sveb-branchenmonitor-2025-entwicklungen-der-weiterbildungsbranche\/\">Weiterlesen<\/a><\/p><\/div>\n\n<p><\/p>\n\n<div class=\"event-item-meta\">\n\t<span class=\"date\">13\/01\/2026<\/span>\n\t<span class=\"time\">14:00\u201315:00<\/span>\n\t<span class=\"place\">Online<\/span>\n\t<span class=\"language\">D<\/span>\n\n\t<a class=\"event-link\" href=\"https:\/\/alice.ch\/de\/event\/sveb-branchenmonitor-2025-entwicklungen-der-weiterbildungsbranche\/\" target=\"\">Event-Details<\/a>\n<\/div>\n<\/div>\n<\/div>\n\n\n\n<hr class=\"wp-block-separator has-alpha-channel-opacity is-style-wide\"\/>\n\n<\/li><li class=\"wp-block-post post-70635 event type-event status-publish has-post-thumbnail hentry event-category-sveb-kooperation-events event-tag-365 event-status-archiv event-language-deutsch global-category-international global-category-movetia\">\n\n<div class=\"wp-block-columns is-layout-flex wp-container-core-columns-is-layout-28f84493 wp-block-columns-is-layout-flex\">\n<div class=\"wp-block-column is-layout-flow wp-block-column-is-layout-flow\" style=\"flex-basis:200px\"><figure class=\"wp-block-post-featured-image\"><a href=\"https:\/\/alice.ch\/de\/event\/informationsanlass-mobilitaet-in-der-weiterbildung\/\" target=\"_self\"  ><img decoding=\"async\" width=\"1542\" height=\"771\" src=\"https:\/\/alice.ch\/app\/uploads\/2025\/09\/movetia-mobilitaet.jpg\" class=\"attachment-post-thumbnail size-post-thumbnail wp-post-image\" alt=\"Informationsanlass: Mobilit\u00e4t in der Weiterbildung\" style=\"object-fit:cover;\" srcset=\"https:\/\/alice.ch\/app\/uploads\/2025\/09\/movetia-mobilitaet.jpg 1542w, https:\/\/alice.ch\/app\/uploads\/2025\/09\/movetia-mobilitaet-300x150.jpg 300w, https:\/\/alice.ch\/app\/uploads\/2025\/09\/movetia-mobilitaet-1024x512.jpg 1024w, https:\/\/alice.ch\/app\/uploads\/2025\/09\/movetia-mobilitaet-768x384.jpg 768w, https:\/\/alice.ch\/app\/uploads\/2025\/09\/movetia-mobilitaet-1536x768.jpg 1536w\" sizes=\"(max-width: 1542px) 100vw, 1542px\" \/><\/a><\/figure><\/div>\n\n\n\n<div class=\"wp-block-column is-layout-flow wp-block-column-is-layout-flow\" style=\"flex-basis:66.66%\"><h3 class=\"wp-block-post-title\"><a href=\"https:\/\/alice.ch\/de\/event\/informationsanlass-mobilitaet-in-der-weiterbildung\/\" target=\"_self\" >Informationsanlass: Mobilit\u00e4t in der Weiterbildung<\/a><\/h3>\n\n<div class=\"wp-block-post-excerpt\"><p class=\"wp-block-post-excerpt__excerpt\">Entdecken, austauschen, weiterentwickeln: Lernen im Ausland Nutzen Sie die Chance in anderen L\u00e4ndern, neue Impulse zu sammeln, sich fachlich weiterzubilden<\/p><p class=\"wp-block-post-excerpt__more-text\"><a class=\"wp-block-post-excerpt__more-link\" href=\"https:\/\/alice.ch\/de\/event\/informationsanlass-mobilitaet-in-der-weiterbildung\/\">Weiterlesen<\/a><\/p><\/div>\n\n<p><\/p>\n\n<div class=\"event-item-meta\">\n\t<span class=\"date\">09\/12\/2025<\/span>\n\t<span class=\"time\">13:00\u201314:00<\/span>\n\t<span class=\"place\">Online<\/span>\n\t<span class=\"language\">D<\/span>\n\n\t<a class=\"event-link\" href=\"https:\/\/alice.ch\/de\/event\/informationsanlass-mobilitaet-in-der-weiterbildung\/\" target=\"\">Event-Details<\/a>\n<\/div>\n<\/div>\n<\/div>\n\n\n\n<hr class=\"wp-block-separator has-alpha-channel-opacity is-style-wide\"\/>\n\n<\/li><\/ul>\n\n\n\n<nav class=\"wp-block-query-pagination is-layout-flex wp-block-query-pagination-is-layout-flex\" aria-label=\"Seitennummerierung\">\n\n\n<div class=\"wp-block-query-pagination-numbers\"><span aria-current=\"page\" class=\"page-numbers current\">1<\/span>\n<a class=\"page-numbers\" href=\"?query-46-page=2\">2<\/a>\n<a class=\"page-numbers\" href=\"?query-46-page=3\">3<\/a>\n<span class=\"page-numbers dots\">&hellip;<\/span>\n<a class=\"page-numbers\" href=\"?query-46-page=14\">14<\/a><\/div>\n\n<a href=\"\/de\/wp-json\/wp\/v2\/pages\/520?query-46-page=2\" class=\"wp-block-query-pagination-next\">N\u00e4chste Seite<\/a>\n<\/nav><\/div>\n\n\n\n<div style=\"height:2rem\" aria-hidden=\"true\" class=\"wp-block-spacer\"><\/div>\n\n\n\n<div class=\"wp-block-group is-style-reduced-width is-layout-flow wp-block-group-is-layout-flow\">\n<div class=\"wp-block-group is-style-run-to-edge has-primary-background-color has-background is-layout-flow wp-block-group-is-layout-flow\">\n<h2 class=\"wp-block-heading\">Verg\u00fcnstigungen<\/h2>\n\n\n\n<p class=\"is-style-lead\">SVEB-Mitglieder profitieren von Preisreduktionen bei Veranstaltungen.<\/p>\n\n\n\n<p><a href=\"https:\/\/alice.ch\/de\/sveb\/mitgliedschaft\/mitglied-werden\/\">SVEB-Mitglied werden<\/a><\/p>\n<\/div>\n\n\n\n<h2 class=\"wp-block-heading\">Kontakt<\/h2>\n\n\n\n<div class=\"wp-block-columns is-layout-flex wp-container-core-columns-is-layout-28f84493 wp-block-columns-is-layout-flex\">\n<div class=\"wp-block-column is-layout-flow wp-block-column-is-layout-flow\" style=\"flex-basis:50%\"><div class=\"contact-persons\">\n<\/div>\n<\/div>\n\n\n\n<div class=\"wp-block-column is-layout-flow wp-block-column-is-layout-flow\" style=\"flex-basis:50%\"><\/div>\n<\/div>\n<\/div>\n","protected":false},"excerpt":{"rendered":"<p>Vergangene Veranstaltungen In unserem Archiv haben wir f\u00fcr Sie Informationen zu vergangenen Veranstaltungen zusammengestellt. Verg\u00fcnstigungen SVEB-Mitglieder profitieren von Preisreduktionen bei [&hellip;]<\/p>\n","protected":false},"author":11,"featured_media":20799,"parent":496,"menu_order":506,"comment_status":"closed","ping_status":"closed","template":"","meta":{"_acf_changed":false,"inline_featured_image":false,"footnotes":""},"class_list":["post-520","page","type-page","status-publish","has-post-thumbnail","hentry"],"acf":[],"yoast_head":"<!-- This site is optimized with the Yoast SEO plugin v27.3 - https:\/\/yoast.com\/product\/yoast-seo-wordpress\/ -->\n<title>Vergangene Veranstaltungen - SVEB<\/title>\n<meta name=\"description\" content=\"Hier finden Sie Informationen zu vergangenen SVEB-Veranstaltungen wie Pr\u00e4sentationen, Tagungsunterlagen, R\u00fcckblicke und Bildimpressionen.\" \/>\n<meta name=\"robots\" content=\"index, follow, max-snippet:-1, max-image-preview:large, max-video-preview:-1\" \/>\n<link rel=\"canonical\" href=\"https:\/\/alice.ch\/de\/aktuell\/events\/vergangene-veranstaltungen\/\" \/>\n<link rel=\"next\" href=\"https:\/\/alice.ch\/de\/aktuell\/events\/vergangene-veranstaltungen\/520\/?query-46-page=2\" \/>\n<meta property=\"og:locale\" content=\"de_DE\" \/>\n<meta property=\"og:type\" content=\"article\" \/>\n<meta property=\"og:title\" content=\"Vergangene Veranstaltungen - SVEB\" \/>\n<meta property=\"og:description\" content=\"Hier finden Sie Informationen zu vergangenen SVEB-Veranstaltungen wie Pr\u00e4sentationen, Tagungsunterlagen, R\u00fcckblicke und Bildimpressionen.\" \/>\n<meta property=\"og:url\" content=\"https:\/\/alice.ch\/de\/aktuell\/events\/vergangene-veranstaltungen\/\" \/>\n<meta property=\"og:site_name\" content=\"SVEB\" \/>\n<meta property=\"article:modified_time\" content=\"2024-01-19T15:42:52+00:00\" \/>\n<meta name=\"twitter:card\" content=\"summary_large_image\" \/>\n<meta name=\"twitter:label1\" content=\"Gesch\u00e4tzte Lesezeit\" \/>\n\t<meta name=\"twitter:data1\" content=\"1\u00a0Minute\" \/>\n<script type=\"application\/ld+json\" class=\"yoast-schema-graph\">{\"@context\":\"https:\\\/\\\/schema.org\",\"@graph\":[{\"@type\":\"WebPage\",\"@id\":\"https:\\\/\\\/alice.ch\\\/de\\\/aktuell\\\/events\\\/vergangene-veranstaltungen\\\/\",\"url\":\"https:\\\/\\\/alice.ch\\\/de\\\/aktuell\\\/events\\\/vergangene-veranstaltungen\\\/\",\"name\":\"Vergangene Veranstaltungen - SVEB\",\"isPartOf\":{\"@id\":\"https:\\\/\\\/alice.ch\\\/de\\\/#website\"},\"primaryImageOfPage\":{\"@id\":\"https:\\\/\\\/alice.ch\\\/de\\\/aktuell\\\/events\\\/vergangene-veranstaltungen\\\/#primaryimage\"},\"image\":{\"@id\":\"https:\\\/\\\/alice.ch\\\/de\\\/aktuell\\\/events\\\/vergangene-veranstaltungen\\\/#primaryimage\"},\"thumbnailUrl\":\"https:\\\/\\\/alice.ch\\\/app\\\/uploads\\\/2022\\\/11\\\/default.jpg\",\"datePublished\":\"2022-08-16T15:01:25+00:00\",\"dateModified\":\"2024-01-19T15:42:52+00:00\",\"description\":\"Hier finden Sie Informationen zu vergangenen SVEB-Veranstaltungen wie Pr\u00e4sentationen, Tagungsunterlagen, R\u00fcckblicke und Bildimpressionen.\",\"breadcrumb\":{\"@id\":\"https:\\\/\\\/alice.ch\\\/de\\\/aktuell\\\/events\\\/vergangene-veranstaltungen\\\/#breadcrumb\"},\"inLanguage\":\"de\",\"potentialAction\":[{\"@type\":\"ReadAction\",\"target\":[\"https:\\\/\\\/alice.ch\\\/de\\\/aktuell\\\/events\\\/vergangene-veranstaltungen\\\/\"]}]},{\"@type\":\"ImageObject\",\"inLanguage\":\"de\",\"@id\":\"https:\\\/\\\/alice.ch\\\/de\\\/aktuell\\\/events\\\/vergangene-veranstaltungen\\\/#primaryimage\",\"url\":\"https:\\\/\\\/alice.ch\\\/app\\\/uploads\\\/2022\\\/11\\\/default.jpg\",\"contentUrl\":\"https:\\\/\\\/alice.ch\\\/app\\\/uploads\\\/2022\\\/11\\\/default.jpg\",\"width\":1600,\"height\":900},{\"@type\":\"BreadcrumbList\",\"@id\":\"https:\\\/\\\/alice.ch\\\/de\\\/aktuell\\\/events\\\/vergangene-veranstaltungen\\\/#breadcrumb\",\"itemListElement\":[{\"@type\":\"ListItem\",\"position\":1,\"name\":\"Startseite\",\"item\":\"https:\\\/\\\/alice.ch\\\/de\\\/\"},{\"@type\":\"ListItem\",\"position\":2,\"name\":\"Aktuell\",\"item\":\"https:\\\/\\\/alice.ch\\\/de\\\/aktuell\\\/\"},{\"@type\":\"ListItem\",\"position\":3,\"name\":\"Events\",\"item\":\"https:\\\/\\\/alice.ch\\\/de\\\/aktuell\\\/events\\\/\"},{\"@type\":\"ListItem\",\"position\":4,\"name\":\"Vergangene Veranstaltungen\"}]},{\"@type\":\"WebSite\",\"@id\":\"https:\\\/\\\/alice.ch\\\/de\\\/#website\",\"url\":\"https:\\\/\\\/alice.ch\\\/de\\\/\",\"name\":\"alice.ch (Adult Learning Information Center) ist das Portal der Weiterbildung in der Schweiz.\",\"description\":\"Schweizerischer Verband f\u00fcr Weiterbildung\",\"publisher\":{\"@id\":\"https:\\\/\\\/alice.ch\\\/de\\\/#organization\"},\"potentialAction\":[{\"@type\":\"SearchAction\",\"target\":{\"@type\":\"EntryPoint\",\"urlTemplate\":\"https:\\\/\\\/alice.ch\\\/de\\\/?s={search_term_string}\"},\"query-input\":{\"@type\":\"PropertyValueSpecification\",\"valueRequired\":true,\"valueName\":\"search_term_string\"}}],\"inLanguage\":\"de\"},{\"@type\":\"Organization\",\"@id\":\"https:\\\/\\\/alice.ch\\\/de\\\/#organization\",\"name\":\"SVEB Schweizerischer Verband f\u00fcr Weiterbildung\",\"url\":\"https:\\\/\\\/alice.ch\\\/de\\\/\",\"logo\":{\"@type\":\"ImageObject\",\"inLanguage\":\"de\",\"@id\":\"https:\\\/\\\/alice.ch\\\/de\\\/#\\\/schema\\\/logo\\\/image\\\/\",\"url\":\"https:\\\/\\\/alice.ch\\\/app\\\/uploads\\\/2022\\\/07\\\/logo-sveb.png\",\"contentUrl\":\"https:\\\/\\\/alice.ch\\\/app\\\/uploads\\\/2022\\\/07\\\/logo-sveb.png\",\"width\":145,\"height\":64,\"caption\":\"SVEB Schweizerischer Verband f\u00fcr Weiterbildung\"},\"image\":{\"@id\":\"https:\\\/\\\/alice.ch\\\/de\\\/#\\\/schema\\\/logo\\\/image\\\/\"},\"sameAs\":[\"https:\\\/\\\/www.linkedin.com\\\/company\\\/schweizerischer-verband-fr-weiterbildung-sveb\\\/\"]}]}<\/script>\n<!-- \/ Yoast SEO plugin. -->","yoast_head_json":{"title":"Vergangene Veranstaltungen - SVEB","description":"Hier finden Sie Informationen zu vergangenen SVEB-Veranstaltungen wie Pr\u00e4sentationen, Tagungsunterlagen, R\u00fcckblicke und Bildimpressionen.","robots":{"index":"index","follow":"follow","max-snippet":"max-snippet:-1","max-image-preview":"max-image-preview:large","max-video-preview":"max-video-preview:-1"},"canonical":"https:\/\/alice.ch\/de\/aktuell\/events\/vergangene-veranstaltungen\/","next":"https:\/\/alice.ch\/de\/aktuell\/events\/vergangene-veranstaltungen\/520?query-46-page=2","og_locale":"de_DE","og_type":"article","og_title":"Vergangene Veranstaltungen - SVEB","og_description":"Hier finden Sie Informationen zu vergangenen SVEB-Veranstaltungen wie Pr\u00e4sentationen, Tagungsunterlagen, R\u00fcckblicke und Bildimpressionen.","og_url":"https:\/\/alice.ch\/de\/aktuell\/events\/vergangene-veranstaltungen\/","og_site_name":"SVEB","article_modified_time":"2024-01-19T15:42:52+00:00","twitter_card":"summary_large_image","twitter_misc":{"Gesch\u00e4tzte Lesezeit":"1\u00a0Minute"},"schema":{"@context":"https:\/\/schema.org","@graph":[{"@type":"WebPage","@id":"https:\/\/alice.ch\/de\/aktuell\/events\/vergangene-veranstaltungen\/","url":"https:\/\/alice.ch\/de\/aktuell\/events\/vergangene-veranstaltungen\/","name":"Vergangene Veranstaltungen - SVEB","isPartOf":{"@id":"https:\/\/alice.ch\/de\/#website"},"primaryImageOfPage":{"@id":"https:\/\/alice.ch\/de\/aktuell\/events\/vergangene-veranstaltungen\/#primaryimage"},"image":{"@id":"https:\/\/alice.ch\/de\/aktuell\/events\/vergangene-veranstaltungen\/#primaryimage"},"thumbnailUrl":"https:\/\/alice.ch\/app\/uploads\/2022\/11\/default.jpg","datePublished":"2022-08-16T15:01:25+00:00","dateModified":"2024-01-19T15:42:52+00:00","description":"Hier finden Sie Informationen zu vergangenen SVEB-Veranstaltungen wie Pr\u00e4sentationen, Tagungsunterlagen, R\u00fcckblicke und Bildimpressionen.","breadcrumb":{"@id":"https:\/\/alice.ch\/de\/aktuell\/events\/vergangene-veranstaltungen\/#breadcrumb"},"inLanguage":"de","potentialAction":[{"@type":"ReadAction","target":["https:\/\/alice.ch\/de\/aktuell\/events\/vergangene-veranstaltungen\/"]}]},{"@type":"ImageObject","inLanguage":"de","@id":"https:\/\/alice.ch\/de\/aktuell\/events\/vergangene-veranstaltungen\/#primaryimage","url":"https:\/\/alice.ch\/app\/uploads\/2022\/11\/default.jpg","contentUrl":"https:\/\/alice.ch\/app\/uploads\/2022\/11\/default.jpg","width":1600,"height":900},{"@type":"BreadcrumbList","@id":"https:\/\/alice.ch\/de\/aktuell\/events\/vergangene-veranstaltungen\/#breadcrumb","itemListElement":[{"@type":"ListItem","position":1,"name":"Startseite","item":"https:\/\/alice.ch\/de\/"},{"@type":"ListItem","position":2,"name":"Aktuell","item":"https:\/\/alice.ch\/de\/aktuell\/"},{"@type":"ListItem","position":3,"name":"Events","item":"https:\/\/alice.ch\/de\/aktuell\/events\/"},{"@type":"ListItem","position":4,"name":"Vergangene Veranstaltungen"}]},{"@type":"WebSite","@id":"https:\/\/alice.ch\/de\/#website","url":"https:\/\/alice.ch\/de\/","name":"alice.ch (Adult Learning Information Center) ist das Portal der Weiterbildung in der Schweiz.","description":"Schweizerischer Verband f\u00fcr Weiterbildung","publisher":{"@id":"https:\/\/alice.ch\/de\/#organization"},"potentialAction":[{"@type":"SearchAction","target":{"@type":"EntryPoint","urlTemplate":"https:\/\/alice.ch\/de\/?s={search_term_string}"},"query-input":{"@type":"PropertyValueSpecification","valueRequired":true,"valueName":"search_term_string"}}],"inLanguage":"de"},{"@type":"Organization","@id":"https:\/\/alice.ch\/de\/#organization","name":"SVEB Schweizerischer Verband f\u00fcr Weiterbildung","url":"https:\/\/alice.ch\/de\/","logo":{"@type":"ImageObject","inLanguage":"de","@id":"https:\/\/alice.ch\/de\/#\/schema\/logo\/image\/","url":"https:\/\/alice.ch\/app\/uploads\/2022\/07\/logo-sveb.png","contentUrl":"https:\/\/alice.ch\/app\/uploads\/2022\/07\/logo-sveb.png","width":145,"height":64,"caption":"SVEB Schweizerischer Verband f\u00fcr Weiterbildung"},"image":{"@id":"https:\/\/alice.ch\/de\/#\/schema\/logo\/image\/"},"sameAs":["https:\/\/www.linkedin.com\/company\/schweizerischer-verband-fr-weiterbildung-sveb\/"]}]}},"_links":{"self":[{"href":"https:\/\/alice.ch\/de\/wp-json\/wp\/v2\/pages\/520","targetHints":{"allow":["GET"]}}],"collection":[{"href":"https:\/\/alice.ch\/de\/wp-json\/wp\/v2\/pages"}],"about":[{"href":"https:\/\/alice.ch\/de\/wp-json\/wp\/v2\/types\/page"}],"author":[{"embeddable":true,"href":"https:\/\/alice.ch\/de\/wp-json\/wp\/v2\/users\/11"}],"replies":[{"embeddable":true,"href":"https:\/\/alice.ch\/de\/wp-json\/wp\/v2\/comments?post=520"}],"version-history":[{"count":21,"href":"https:\/\/alice.ch\/de\/wp-json\/wp\/v2\/pages\/520\/revisions"}],"predecessor-version":[{"id":57239,"href":"https:\/\/alice.ch\/de\/wp-json\/wp\/v2\/pages\/520\/revisions\/57239"}],"up":[{"embeddable":true,"href":"https:\/\/alice.ch\/de\/wp-json\/wp\/v2\/pages\/496"}],"wp:featuredmedia":[{"embeddable":true,"href":"https:\/\/alice.ch\/de\/wp-json\/wp\/v2\/media\/20799"}],"wp:attachment":[{"href":"https:\/\/alice.ch\/de\/wp-json\/wp\/v2\/media?parent=520"}],"curies":[{"name":"wp","href":"https:\/\/api.w.org\/{rel}","templated":true}]}}