{"id":524,"date":"2022-08-16T17:02:26","date_gmt":"2022-08-16T15:02:26","guid":{"rendered":"https:\/\/projects.atxeit.ch\/sveb\/?page_id=524"},"modified":"2025-09-09T09:47:25","modified_gmt":"2025-09-09T07:47:25","slug":"projekte","status":"publish","type":"page","link":"https:\/\/alice.ch\/de\/forschung\/projekte\/","title":{"rendered":"Projekte"},"content":{"rendered":"\n<div class=\"wp-block-group is-style-reduced-width is-layout-flow wp-block-group-is-layout-flow\">\n<article class=\"wp-block-group is-style-default is-layout-flow wp-block-group-is-layout-flow\">\n<h1 class=\"wp-block-heading\">SVEB-Projekte<\/h1>\n\n\n\n<p class=\"is-style-lead\">Der SVEB f\u00f6rdert im Rahmen von nationalen und internationalen Projekten die Weiterbildung in der Schweiz. Unser Projektportfolio besteht aus nationalen und europ\u00e4ischen Projekten. An den EU-Projekten kann sich der SVEB dank den bilateralen Vertr\u00e4gen als selbst finanzierter Partner beteiligen.<\/p>\n\n\n\n<p class=\"is-style-default\">Unsere Projektarbeit orientiert sich an langfristigen, im SVEB-Entwicklungsplan definierten Zielen. Bei der Lancierung neuer Projekte werden L\u00fccken in der Weiterbildungslandschaft speziell ber\u00fccksichtigt.<\/p>\n\n\n\n<p>In der Datenbank k\u00f6nnen Sie die Projekte nach Kriterien und Zeitr\u00e4umen filtern. Zudem besteht die M\u00f6glichkeit, \u00fcber die Freitextsuche nach bestimmten Begriffen oder z. B. zust\u00e4ndigen Personen und Projektpartnern zu suchen.<\/p>\n\n\n\n<div class=\"wp-block-group is-style-filter-holder is-layout-flow wp-block-group-is-layout-flow\">\n<div class=\"wp-block-group is-style-filter-holder is-nowrap is-layout-flex wp-container-core-group-is-layout-f66f9956 wp-block-group-is-layout-flex\">    <div class=\"filter-item \" data-url=\"https:\/\/alice.ch\/de\/forschung\/projekte\/\">\n                    <div class=\"title\">Kategorien<\/div>\n        \n                    <ul class=\"filters\"><li class=\"\" data-attr=\"63\"><input type=\"checkbox\" name=\"qf[project-category][63]\" value=\"1\"  \/>Betriebliche Weiterbildung<\/li><li class=\"\" data-attr=\"64\"><input type=\"checkbox\" name=\"qf[project-category][64]\" value=\"1\"  \/>Chancengleichheit<\/li><li class=\"\" data-attr=\"65\"><input type=\"checkbox\" name=\"qf[project-category][65]\" value=\"1\"  \/>Digitalisierung<\/li><li class=\"\" data-attr=\"324\"><input type=\"checkbox\" name=\"qf[project-category][324]\" value=\"1\"  \/>Nachhaltigkeit<\/li><li class=\"\" data-attr=\"61\"><input type=\"checkbox\" name=\"qf[project-category][61]\" value=\"1\"  \/>Professionalisierung<\/li><li class=\"\" data-attr=\"62\"><input type=\"checkbox\" name=\"qf[project-category][62]\" value=\"1\"  \/>Qualit\u00e4t<\/li><li class=\"\" data-attr=\"66\"><input type=\"checkbox\" name=\"qf[project-category][66]\" value=\"1\"  \/>Weiterbildungssystem<\/li><li class=\"\" data-attr=\"67\"><input type=\"checkbox\" name=\"qf[project-category][67]\" value=\"1\"  \/>Andere Themen<\/li><\/ul>        \n        <!-- <a class=\"wp-block-button__link submit-filter\">Anwenden<\/a> -->\n    <\/div>\n\n    \n\n    <div class=\"filter-item \" data-url=\"https:\/\/alice.ch\/de\/forschung\/projekte\/\">\n                    <div class=\"title\">Sortieren nach<\/div>\n        \n                    <ul class=\"filters sortby\"><li class=\"\" data-attr=\"menu_order:asc\"><input type=\"radio\" name=\"qs\" value=\"project-menu_order:asc\"  \/> Nach Laufzeit (neuste zuerst)\r<\/li><li class=\"\" data-attr=\"menu_order:desc\"><input type=\"radio\" name=\"qs\" value=\"project-menu_order:desc\"  \/> Nach Laufzeit (\u00e4lteste zuerst)\r<\/li><li class=\"\" data-attr=\"title:asc\"><input type=\"radio\" name=\"qs\" value=\"project-title:asc\"  \/>A-Z\r<\/li><li class=\"\" data-attr=\"title:desc\"><input type=\"radio\" name=\"qs\" value=\"project-title:desc\"  \/>Z-A<\/li><\/ul>        \n        <!-- <a class=\"wp-block-button__link submit-filter\">Anwenden<\/a> -->\n    <\/div>\n\n    \n\n<form class=\"filter-search\">\n\t<input type=\"text\" name=\"qf[search]\" placeholder=\"Suche\" value=\"\" \/>\n<\/form>\n<\/div>\n<\/div>\n<\/article>\n<\/div>\n\n\n\n<div class=\"wp-block-group is-style-default is-layout-flow wp-block-group-is-layout-flow\">\n<div class=\"wp-block-query is-layout-flow wp-block-query-is-layout-flow\"><ul class=\"wp-block-post-template is-layout-flow wp-block-post-template-is-layout-flow\"><li class=\"wp-block-post post-53495 project type-project status-publish has-post-thumbnail hentry project-category-nachhaltigkeit project-region-ch global-category-klima-check global-category-schweizweite-projekte\">\n\n<a class=\"project-item\" href=\"https:\/\/alice.ch\/de\/project\/klima-check\/\" >\n\n\t<div class=\"title\">\n\t\t<h3>Klima-Check<\/h3>\n\t\t<p>Analysetool f\u00fcr die nachhaltige Entwicklung von Weiterbildungseinrichtungen<\/p>\n\t<\/div>\n\t<div class=\"meta\">\n\t\t<div class=\"date\">2023\u20132028<\/div>\n\t\t<div class=\"place\">CH<\/div>\n\t<\/div>\n\t<div class=\"more\">\n\t\t<span class=\"button\">mehr erfahren<\/span>\n\t<\/div>\n<\/a>\n\n<\/li><li class=\"wp-block-post post-51581 project type-project status-publish has-post-thumbnail hentry project-category-chancengleichheit project-region-international\">\n\n<a class=\"project-item\" href=\"https:\/\/alice.ch\/de\/project\/projekt-in-kirgistan\/\" >\n\n\t<div class=\"title\">\n\t\t<h3>Projekt in Kirgistan<\/h3>\n\t\t<p>F\u00f6rderung der Aus- und Weiterbildung der erwerbsf\u00e4higen Bev\u00f6lkerung<\/p>\n\t<\/div>\n\t<div class=\"meta\">\n\t\t<div class=\"date\">2023\u20132027<\/div>\n\t\t<div class=\"place\">International<\/div>\n\t<\/div>\n\t<div class=\"more\">\n\t\t<span class=\"button\">mehr erfahren<\/span>\n\t<\/div>\n<\/a>\n\n<\/li><li class=\"wp-block-post post-69490 project type-project status-publish has-post-thumbnail hentry project-category-professionalisierung project-category-professionalizzazione project-region-eu-it global-category-eu-projekte global-category-international-it global-category-internationale-projekte global-category-movetia global-category-movetia-it global-category-plase\">\n\n<a class=\"project-item\" href=\"https:\/\/alice.ch\/de\/project\/plase-power-of-local-authentic-sustainable-education\/\" >\n\n\t<div class=\"title\">\n\t\t<h3>PLASE \u2013 Power of Local Authentic Sustainable Education<\/h3>\n\t\t<p>PLASE (Power of Local Authentic Sustainable Education) f\u00f6rdert soziale Inklusion und nachhaltige Entwicklung, indem es den ortsbezogenen Bildungsansatz (Place-Based Education, PBE) weiterentwickelt.<\/p>\n\t<\/div>\n\t<div class=\"meta\">\n\t\t<div class=\"date\">2024\u20132027<\/div>\n\t\t<div class=\"place\">EU<\/div>\n\t<\/div>\n\t<div class=\"more\">\n\t\t<span class=\"button\">mehr erfahren<\/span>\n\t<\/div>\n<\/a>\n\n<\/li><li class=\"wp-block-post post-71787 project type-project status-publish has-post-thumbnail hentry project-category-chancengleichheit project-region-ch global-category-forschung\">\n\n<a class=\"project-item\" href=\"https:\/\/alice.ch\/de\/project\/wer-nutzt-die-caffe-apprendo\/\" >\n\n\t<div class=\"title\">\n\t\t<h3>Wer nutzt die Caff\u00e8 APPrendo?\u202f\u00a0<\/h3>\n\t\t<p>Studie \u00fcber die Nutzenden der Caff\u00e8 APPrendo im Kanton Tessin \u202f\u202f\u00a0<\/p>\n\t<\/div>\n\t<div class=\"meta\">\n\t\t<div class=\"date\">2025\u20132026<\/div>\n\t\t<div class=\"place\">CH<\/div>\n\t<\/div>\n\t<div class=\"more\">\n\t\t<span class=\"button\">mehr erfahren<\/span>\n\t<\/div>\n<\/a>\n\n<\/li><li class=\"wp-block-post post-72989 project type-project status-publish has-post-thumbnail hentry project-category-digitalisierung project-region-eu global-category-digitalisierung global-category-digitalli global-category-eu-projekte global-category-ki-in-der-weiterbildung global-category-professionalisierung\">\n\n<a class=\"project-item\" href=\"https:\/\/alice.ch\/de\/project\/voices-voices-of-immigrants-creating-empathy-social-cohesion\/\" >\n\n\t<div class=\"title\">\n\t\t<h3>VOICES \u2013 Voices of Immigrants creating Empathy &amp; Social Cohesion<\/h3>\n\t\t<p>St\u00e4rkung der gesellschaftlichen Teilhabe und des Zugeh\u00f6rigkeitsgef\u00fchls von Migrantinnen und Migranten <\/p>\n\t<\/div>\n\t<div class=\"meta\">\n\t\t<div class=\"date\">2024\u20132026<\/div>\n\t\t<div class=\"place\">EU<\/div>\n\t<\/div>\n\t<div class=\"more\">\n\t\t<span class=\"button\">mehr erfahren<\/span>\n\t<\/div>\n<\/a>\n\n<\/li><li class=\"wp-block-post post-69882 project type-project status-publish has-post-thumbnail hentry project-category-weiterbildungssystem project-region-ch global-category-international global-category-internationale-projekte global-category-professionalisierung global-category-qualitaet global-category-weiterbildungssystem\">\n\n<a class=\"project-item\" href=\"https:\/\/alice.ch\/de\/project\/unesco-learning-cities\/\" >\n\n\t<div class=\"title\">\n\t\t<h3>UNESCO Learning Cities<\/h3>\n\t\t<p>St\u00e4dte auf der ganzen Welt bekennen sich dazu, das inklusive Lernen in allen Bildungsbereichen zu f\u00f6rdern.<\/p>\n\t<\/div>\n\t<div class=\"meta\">\n\t\t<div class=\"date\">2025\u20132026<\/div>\n\t\t<div class=\"place\">CH<\/div>\n\t<\/div>\n\t<div class=\"more\">\n\t\t<span class=\"button\">mehr erfahren<\/span>\n\t<\/div>\n<\/a>\n\n<\/li><li class=\"wp-block-post post-65694 project type-project status-publish has-post-thumbnail hentry project-category-weiterbildungssystem project-region-eu global-category-international global-category-internationale-projekte global-category-professionalisierung global-category-qualitaet global-category-weiterbildungssystem\">\n\n<a class=\"project-item\" href=\"https:\/\/alice.ch\/de\/project\/innovationskompass\/\" >\n\n\t<div class=\"title\">\n\t\t<h3>Innovationskompass<\/h3>\n\t\t<p>Internationaler Austausch des SVEB mit anderen Institutionen der Erwachsenenbildung<\/p>\n\t<\/div>\n\t<div class=\"meta\">\n\t\t<div class=\"date\">2024\u20132026<\/div>\n\t\t<div class=\"place\">EU<\/div>\n\t<\/div>\n\t<div class=\"more\">\n\t\t<span class=\"button\">mehr erfahren<\/span>\n\t<\/div>\n<\/a>\n\n<\/li><li class=\"wp-block-post post-68728 project type-project status-publish has-post-thumbnail hentry project-category-digitalisierung project-region-eu global-category-digitalisierung global-category-ethlae global-category-eu-projekte global-category-ki-in-der-weiterbildung global-category-professionalisierung\">\n\n<a class=\"project-item\" href=\"https:\/\/alice.ch\/de\/project\/ethlae-emerging-technology-for-holistic-literacy-in-adult-education\/\" >\n\n\t<div class=\"title\">\n\t\t<h3>ETHLAE \u2013 Emerging Technology for Holistic Literacy in Adult Education<\/h3>\n\t\t<p>Digitale Technologien zur F\u00f6rderung der Grundkompetenzen erfassen und bewerten<\/p>\n\t<\/div>\n\t<div class=\"meta\">\n\t\t<div class=\"date\">2024\u20132026<\/div>\n\t\t<div class=\"place\">EU<\/div>\n\t<\/div>\n\t<div class=\"more\">\n\t\t<span class=\"button\">mehr erfahren<\/span>\n\t<\/div>\n<\/a>\n\n<\/li><li class=\"wp-block-post post-49058 project type-project status-publish has-post-thumbnail hentry project-category-chancengleichheit project-region-international\">\n\n<a class=\"project-item\" href=\"https:\/\/alice.ch\/de\/project\/e4emk-projektphase-zwei\/\" >\n\n\t<div class=\"title\">\n\t\t<h3>E4E@mk (Projektphase zwei)<\/h3>\n\t\t<p>F\u00f6rderung der arbeitsmarktrelevanten Kompetenzen junger Erwachsener in Nordmazedonien<\/p>\n\t<\/div>\n\t<div class=\"meta\">\n\t\t<div class=\"date\">2022\u20132026<\/div>\n\t\t<div class=\"place\">International<\/div>\n\t<\/div>\n\t<div class=\"more\">\n\t\t<span class=\"button\">mehr erfahren<\/span>\n\t<\/div>\n<\/a>\n\n<\/li><li class=\"wp-block-post post-68393 project type-project status-publish has-post-thumbnail hentry project-category-professionalisierung project-region-ch global-category-professionalisierung\">\n\n<a class=\"project-item\" href=\"https:\/\/alice.ch\/de\/project\/digitaler-bildungspass\/\" >\n\n\t<div class=\"title\">\n\t\t<h3>Digitaler Bildungspass<\/h3>\n\t\t<p>Pr\u00fcfen und bei Bedarf Umsetzen eines digitalen Schweizer Bildungspasses f\u00fcr mehr Sichtbarkeit und Anerkennung\u00a0in der Schweizer Weiterbildungslandschaft\u00a0<\/p>\n\t<\/div>\n\t<div class=\"meta\">\n\t\t<div class=\"date\">2025\u20132026<\/div>\n\t\t<div class=\"place\">CH<\/div>\n\t<\/div>\n\t<div class=\"more\">\n\t\t<span class=\"button\">mehr erfahren<\/span>\n\t<\/div>\n<\/a>\n\n<\/li><\/ul>\n\n<nav class=\"wp-block-query-pagination is-content-justification-center is-layout-flex wp-container-core-query-pagination-is-layout-a89b3969 wp-block-query-pagination-is-layout-flex\" aria-label=\"Seitennummerierung\">\n\n\n<div class=\"wp-block-query-pagination-numbers\"><span aria-current=\"page\" class=\"page-numbers current\">1<\/span>\n<a class=\"page-numbers\" href=\"?query-0-page=2\">2<\/a>\n<a class=\"page-numbers\" href=\"?query-0-page=3\">3<\/a>\n<span class=\"page-numbers dots\">&hellip;<\/span>\n<a class=\"page-numbers\" href=\"?query-0-page=8\">8<\/a><\/div>\n\n<a href=\"\/de\/wp-json\/wp\/v2\/pages\/524?query-0-page=2\" class=\"wp-block-query-pagination-next\">N\u00e4chste Seite<\/a>\n<\/nav>\n\n<\/div>\n<\/div>\n\n\n\n<div class=\"wp-block-group is-style-reduced-width is-layout-constrained wp-block-group-is-layout-constrained\">\n<div class=\"wp-block-group is-style-default is-layout-flow wp-block-group-is-layout-flow\">\n<h2 class=\"wp-block-heading\">Kontakt<\/h2>\n\n\n\n<div class=\"wp-block-columns is-layout-flex wp-container-core-columns-is-layout-28f84493 wp-block-columns-is-layout-flex\">\n<div class=\"wp-block-column is-layout-flow wp-block-column-is-layout-flow\" style=\"flex-basis:50%\"><div class=\"contact-persons\">\n\n\t\t\t\t\t<div class=\"contact-person\">\n\t\t\t\t\tIrena Sgier<br \/>\t\t\t\t\t Stv. Direktorin, Leiterin Forschung, Entwicklung und Innovation<br \/>\t\t\t\t\t<br \/>\n\t\t\t\t\t\t\t\t\t\t<a href=\"tel:+41 (0)44 319 71 59\">+41 (0)44 319 71 59<\/a><br \/>\t\t\t\t\t<a href=\"mailto:irena.sgier@alice.ch\">irena.sgier@alice.ch<\/a><br \/>\t\t\t\t\t<\/div>\n\t\t\t\t\t<\/div>\n<\/div>\n\n\n\n<div class=\"wp-block-column is-layout-flow wp-block-column-is-layout-flow\" style=\"flex-basis:50%\"><\/div>\n<\/div>\n<\/div>\n<\/div>\n","protected":false},"excerpt":{"rendered":"<p>SVEB-Projekte Der SVEB f\u00f6rdert im Rahmen von nationalen und internationalen Projekten die Weiterbildung in der Schweiz. Unser Projektportfolio besteht aus [&hellip;]<\/p>\n","protected":false},"author":2,"featured_media":20799,"parent":29,"menu_order":489,"comment_status":"closed","ping_status":"closed","template":"","meta":{"_acf_changed":false,"inline_featured_image":false,"footnotes":""},"class_list":["post-524","page","type-page","status-publish","has-post-thumbnail","hentry"],"acf":[],"yoast_head":"<!-- This site is optimized with the Yoast SEO plugin v27.3 - https:\/\/yoast.com\/product\/yoast-seo-wordpress\/ -->\n<title>Projekte - SVEB<\/title>\n<meta name=\"description\" content=\"Der SVEB realisiert diverse Forschungs- und Entwicklungsprojekte. In der Datenbank k\u00f6nnen Sie Projekte nach Kriterien und Zeitr\u00e4umen filtern.\" \/>\n<meta name=\"robots\" content=\"index, follow, max-snippet:-1, max-image-preview:large, max-video-preview:-1\" \/>\n<link rel=\"canonical\" href=\"https:\/\/alice.ch\/de\/forschung\/projekte\/\" \/>\n<link rel=\"next\" href=\"https:\/\/alice.ch\/de\/forschung\/projekte\/524\/?query-0-page=2\" \/>\n<meta property=\"og:locale\" content=\"de_DE\" \/>\n<meta property=\"og:type\" content=\"article\" \/>\n<meta property=\"og:title\" content=\"Projekte - SVEB\" \/>\n<meta property=\"og:description\" content=\"Der SVEB realisiert diverse Forschungs- und Entwicklungsprojekte. In der Datenbank k\u00f6nnen Sie Projekte nach Kriterien und Zeitr\u00e4umen filtern.\" \/>\n<meta property=\"og:url\" content=\"https:\/\/alice.ch\/de\/forschung\/projekte\/\" \/>\n<meta property=\"og:site_name\" content=\"SVEB\" \/>\n<meta property=\"article:modified_time\" content=\"2025-09-09T07:47:25+00:00\" \/>\n<meta name=\"twitter:card\" content=\"summary_large_image\" \/>\n<meta name=\"twitter:label1\" content=\"Gesch\u00e4tzte Lesezeit\" \/>\n\t<meta name=\"twitter:data1\" content=\"1\u00a0Minute\" \/>\n<script type=\"application\/ld+json\" class=\"yoast-schema-graph\">{\"@context\":\"https:\\\/\\\/schema.org\",\"@graph\":[{\"@type\":\"WebPage\",\"@id\":\"https:\\\/\\\/alice.ch\\\/de\\\/forschung\\\/projekte\\\/\",\"url\":\"https:\\\/\\\/alice.ch\\\/de\\\/forschung\\\/projekte\\\/\",\"name\":\"Projekte - SVEB\",\"isPartOf\":{\"@id\":\"https:\\\/\\\/alice.ch\\\/de\\\/#website\"},\"primaryImageOfPage\":{\"@id\":\"https:\\\/\\\/alice.ch\\\/de\\\/forschung\\\/projekte\\\/#primaryimage\"},\"image\":{\"@id\":\"https:\\\/\\\/alice.ch\\\/de\\\/forschung\\\/projekte\\\/#primaryimage\"},\"thumbnailUrl\":\"https:\\\/\\\/alice.ch\\\/app\\\/uploads\\\/2022\\\/11\\\/default.jpg\",\"datePublished\":\"2022-08-16T15:02:26+00:00\",\"dateModified\":\"2025-09-09T07:47:25+00:00\",\"description\":\"Der SVEB realisiert diverse Forschungs- und Entwicklungsprojekte. In der Datenbank k\u00f6nnen Sie Projekte nach Kriterien und Zeitr\u00e4umen filtern.\",\"breadcrumb\":{\"@id\":\"https:\\\/\\\/alice.ch\\\/de\\\/forschung\\\/projekte\\\/#breadcrumb\"},\"inLanguage\":\"de\",\"potentialAction\":[{\"@type\":\"ReadAction\",\"target\":[\"https:\\\/\\\/alice.ch\\\/de\\\/forschung\\\/projekte\\\/\"]}]},{\"@type\":\"ImageObject\",\"inLanguage\":\"de\",\"@id\":\"https:\\\/\\\/alice.ch\\\/de\\\/forschung\\\/projekte\\\/#primaryimage\",\"url\":\"https:\\\/\\\/alice.ch\\\/app\\\/uploads\\\/2022\\\/11\\\/default.jpg\",\"contentUrl\":\"https:\\\/\\\/alice.ch\\\/app\\\/uploads\\\/2022\\\/11\\\/default.jpg\",\"width\":1600,\"height\":900},{\"@type\":\"BreadcrumbList\",\"@id\":\"https:\\\/\\\/alice.ch\\\/de\\\/forschung\\\/projekte\\\/#breadcrumb\",\"itemListElement\":[{\"@type\":\"ListItem\",\"position\":1,\"name\":\"Startseite\",\"item\":\"https:\\\/\\\/alice.ch\\\/de\\\/\"},{\"@type\":\"ListItem\",\"position\":2,\"name\":\"Forschung\",\"item\":\"https:\\\/\\\/alice.ch\\\/de\\\/forschung\\\/\"},{\"@type\":\"ListItem\",\"position\":3,\"name\":\"Projekte\"}]},{\"@type\":\"WebSite\",\"@id\":\"https:\\\/\\\/alice.ch\\\/de\\\/#website\",\"url\":\"https:\\\/\\\/alice.ch\\\/de\\\/\",\"name\":\"alice.ch (Adult Learning Information Center) ist das Portal der Weiterbildung in der Schweiz.\",\"description\":\"Schweizerischer Verband f\u00fcr Weiterbildung\",\"publisher\":{\"@id\":\"https:\\\/\\\/alice.ch\\\/de\\\/#organization\"},\"potentialAction\":[{\"@type\":\"SearchAction\",\"target\":{\"@type\":\"EntryPoint\",\"urlTemplate\":\"https:\\\/\\\/alice.ch\\\/de\\\/?s={search_term_string}\"},\"query-input\":{\"@type\":\"PropertyValueSpecification\",\"valueRequired\":true,\"valueName\":\"search_term_string\"}}],\"inLanguage\":\"de\"},{\"@type\":\"Organization\",\"@id\":\"https:\\\/\\\/alice.ch\\\/de\\\/#organization\",\"name\":\"SVEB Schweizerischer Verband f\u00fcr Weiterbildung\",\"url\":\"https:\\\/\\\/alice.ch\\\/de\\\/\",\"logo\":{\"@type\":\"ImageObject\",\"inLanguage\":\"de\",\"@id\":\"https:\\\/\\\/alice.ch\\\/de\\\/#\\\/schema\\\/logo\\\/image\\\/\",\"url\":\"https:\\\/\\\/alice.ch\\\/app\\\/uploads\\\/2022\\\/07\\\/logo-sveb.png\",\"contentUrl\":\"https:\\\/\\\/alice.ch\\\/app\\\/uploads\\\/2022\\\/07\\\/logo-sveb.png\",\"width\":145,\"height\":64,\"caption\":\"SVEB Schweizerischer Verband f\u00fcr Weiterbildung\"},\"image\":{\"@id\":\"https:\\\/\\\/alice.ch\\\/de\\\/#\\\/schema\\\/logo\\\/image\\\/\"},\"sameAs\":[\"https:\\\/\\\/www.linkedin.com\\\/company\\\/schweizerischer-verband-fr-weiterbildung-sveb\\\/\"]}]}<\/script>\n<!-- \/ Yoast SEO plugin. -->","yoast_head_json":{"title":"Projekte - SVEB","description":"Der SVEB realisiert diverse Forschungs- und Entwicklungsprojekte. In der Datenbank k\u00f6nnen Sie Projekte nach Kriterien und Zeitr\u00e4umen filtern.","robots":{"index":"index","follow":"follow","max-snippet":"max-snippet:-1","max-image-preview":"max-image-preview:large","max-video-preview":"max-video-preview:-1"},"canonical":"https:\/\/alice.ch\/de\/forschung\/projekte\/","next":"https:\/\/alice.ch\/de\/forschung\/projekte\/524?query-0-page=2","og_locale":"de_DE","og_type":"article","og_title":"Projekte - SVEB","og_description":"Der SVEB realisiert diverse Forschungs- und Entwicklungsprojekte. In der Datenbank k\u00f6nnen Sie Projekte nach Kriterien und Zeitr\u00e4umen filtern.","og_url":"https:\/\/alice.ch\/de\/forschung\/projekte\/","og_site_name":"SVEB","article_modified_time":"2025-09-09T07:47:25+00:00","twitter_card":"summary_large_image","twitter_misc":{"Gesch\u00e4tzte Lesezeit":"1\u00a0Minute"},"schema":{"@context":"https:\/\/schema.org","@graph":[{"@type":"WebPage","@id":"https:\/\/alice.ch\/de\/forschung\/projekte\/","url":"https:\/\/alice.ch\/de\/forschung\/projekte\/","name":"Projekte - SVEB","isPartOf":{"@id":"https:\/\/alice.ch\/de\/#website"},"primaryImageOfPage":{"@id":"https:\/\/alice.ch\/de\/forschung\/projekte\/#primaryimage"},"image":{"@id":"https:\/\/alice.ch\/de\/forschung\/projekte\/#primaryimage"},"thumbnailUrl":"https:\/\/alice.ch\/app\/uploads\/2022\/11\/default.jpg","datePublished":"2022-08-16T15:02:26+00:00","dateModified":"2025-09-09T07:47:25+00:00","description":"Der SVEB realisiert diverse Forschungs- und Entwicklungsprojekte. In der Datenbank k\u00f6nnen Sie Projekte nach Kriterien und Zeitr\u00e4umen filtern.","breadcrumb":{"@id":"https:\/\/alice.ch\/de\/forschung\/projekte\/#breadcrumb"},"inLanguage":"de","potentialAction":[{"@type":"ReadAction","target":["https:\/\/alice.ch\/de\/forschung\/projekte\/"]}]},{"@type":"ImageObject","inLanguage":"de","@id":"https:\/\/alice.ch\/de\/forschung\/projekte\/#primaryimage","url":"https:\/\/alice.ch\/app\/uploads\/2022\/11\/default.jpg","contentUrl":"https:\/\/alice.ch\/app\/uploads\/2022\/11\/default.jpg","width":1600,"height":900},{"@type":"BreadcrumbList","@id":"https:\/\/alice.ch\/de\/forschung\/projekte\/#breadcrumb","itemListElement":[{"@type":"ListItem","position":1,"name":"Startseite","item":"https:\/\/alice.ch\/de\/"},{"@type":"ListItem","position":2,"name":"Forschung","item":"https:\/\/alice.ch\/de\/forschung\/"},{"@type":"ListItem","position":3,"name":"Projekte"}]},{"@type":"WebSite","@id":"https:\/\/alice.ch\/de\/#website","url":"https:\/\/alice.ch\/de\/","name":"alice.ch (Adult Learning Information Center) ist das Portal der Weiterbildung in der Schweiz.","description":"Schweizerischer Verband f\u00fcr Weiterbildung","publisher":{"@id":"https:\/\/alice.ch\/de\/#organization"},"potentialAction":[{"@type":"SearchAction","target":{"@type":"EntryPoint","urlTemplate":"https:\/\/alice.ch\/de\/?s={search_term_string}"},"query-input":{"@type":"PropertyValueSpecification","valueRequired":true,"valueName":"search_term_string"}}],"inLanguage":"de"},{"@type":"Organization","@id":"https:\/\/alice.ch\/de\/#organization","name":"SVEB Schweizerischer Verband f\u00fcr Weiterbildung","url":"https:\/\/alice.ch\/de\/","logo":{"@type":"ImageObject","inLanguage":"de","@id":"https:\/\/alice.ch\/de\/#\/schema\/logo\/image\/","url":"https:\/\/alice.ch\/app\/uploads\/2022\/07\/logo-sveb.png","contentUrl":"https:\/\/alice.ch\/app\/uploads\/2022\/07\/logo-sveb.png","width":145,"height":64,"caption":"SVEB Schweizerischer Verband f\u00fcr Weiterbildung"},"image":{"@id":"https:\/\/alice.ch\/de\/#\/schema\/logo\/image\/"},"sameAs":["https:\/\/www.linkedin.com\/company\/schweizerischer-verband-fr-weiterbildung-sveb\/"]}]}},"_links":{"self":[{"href":"https:\/\/alice.ch\/de\/wp-json\/wp\/v2\/pages\/524","targetHints":{"allow":["GET"]}}],"collection":[{"href":"https:\/\/alice.ch\/de\/wp-json\/wp\/v2\/pages"}],"about":[{"href":"https:\/\/alice.ch\/de\/wp-json\/wp\/v2\/types\/page"}],"author":[{"embeddable":true,"href":"https:\/\/alice.ch\/de\/wp-json\/wp\/v2\/users\/2"}],"replies":[{"embeddable":true,"href":"https:\/\/alice.ch\/de\/wp-json\/wp\/v2\/comments?post=524"}],"version-history":[{"count":28,"href":"https:\/\/alice.ch\/de\/wp-json\/wp\/v2\/pages\/524\/revisions"}],"predecessor-version":[{"id":70217,"href":"https:\/\/alice.ch\/de\/wp-json\/wp\/v2\/pages\/524\/revisions\/70217"}],"up":[{"embeddable":true,"href":"https:\/\/alice.ch\/de\/wp-json\/wp\/v2\/pages\/29"}],"wp:featuredmedia":[{"embeddable":true,"href":"https:\/\/alice.ch\/de\/wp-json\/wp\/v2\/media\/20799"}],"wp:attachment":[{"href":"https:\/\/alice.ch\/de\/wp-json\/wp\/v2\/media?parent=524"}],"curies":[{"name":"wp","href":"https:\/\/api.w.org\/{rel}","templated":true}]}}