{"id":54746,"date":"2023-10-11T19:26:54","date_gmt":"2023-10-11T17:26:54","guid":{"rendered":"https:\/\/alice.ch\/?page_id=54746"},"modified":"2025-09-22T14:38:53","modified_gmt":"2025-09-22T12:38:53","slug":"inserat-im-sveb-newsletter","status":"publish","type":"page","link":"https:\/\/alice.ch\/de\/dienstleistungen\/werbung-platzieren\/inserat-im-sveb-newsletter\/","title":{"rendered":"Inserat im SVEB-Newsletter"},"content":{"rendered":"\n<div class=\"wp-block-group is-style-reduced-width is-layout-flow wp-block-group-is-layout-flow\">\n<div class=\"wp-block-group is-style-default is-layout-flow wp-block-group-is-layout-flow\">\n<h1 class=\"wp-block-heading\">SVEB-Newsletter reservieren<\/h1>\n\n\n\n<p class=\"is-style-lead\">Mit dem\u00a0<a href=\"https:\/\/alice.ch\/de\/aktuell\/newsletter\/\">Newsletter des SVEB<\/a>\u00a0erreichen Sie rund 9700 Fachleute und Interessierte aus dem Schweizer Bildungsbereich. Der abonnierte Newsletter wird elf Mal im Jahr verschickt und greift aktuelle Themen und Entwicklungen in der Weiterbildung auf.<\/p>\n\n\n\n<p>Pro Newsletter stehen maximal 6 Inseratepl\u00e4tze zur Verf\u00fcgung. Um Ihre Zielgruppe auch regional anzusprechen, stehen Ihnen neben der deutschen Ausgabe auch eine franz\u00f6sische und eine italienische Version zur Verf\u00fcgung.<\/p>\n\n\n\n<h2 class=\"wp-block-heading\">Termine<\/h2>\n\n\n\n<figure class=\"wp-block-table is-style-stripes\"><table><tbody><tr><td><strong>Ausgabe<\/strong><\/td><td><strong>Inserateschluss<\/strong><\/td><td><strong>Versand<\/strong><\/td><\/tr><tr><td>Newsletter 2025\/09<\/td><td>23.09.2025<\/td><td>25.09.2025<\/td><\/tr><tr><td>Newsletter 2025\/10<\/td><td>28.10.2025<\/td><td>30.10.2025<\/td><\/tr><tr><td>Newsletter 2025\/11<\/td><td>25.11.2025<\/td><td>27.11.2025<\/td><\/tr><tr><td>Newsletter 2025\/12<\/td><td>12.12.2025<\/td><td>16.12.2025<\/td><\/tr><tr><td>Newsletter 2026\/01<\/td><td>27.01.2026<\/td><td>29.01.2026<\/td><\/tr><tr><td>Newsletter 2026\/02<\/td><td>24.02.2026<\/td><td>26.02.2026<\/td><\/tr><tr><td>Newsletter 2026\/03<\/td><td>24.03.2026<\/td><td>26.03.2026<\/td><\/tr><tr><td>Newsletter 2026\/04<\/td><td>28.04.2026<\/td><td>30.04.2026<\/td><\/tr><tr><td>Newsletter 2026\/05<\/td><td>26.05.2026<\/td><td>28.05.2026<\/td><\/tr><tr><td>Newsletter 2026\/06<\/td><td>23.06.2026<\/td><td>25.06.2026<\/td><\/tr><tr><td>Newsletter 2026\/07-08<\/td><td>24.08.2026<\/td><td>27.08.2026<\/td><\/tr><tr><td>Newsletter 2026\/09<\/td><td>22.09.2026<\/td><td>24.09.2026<\/td><\/tr><tr><td>Newsletter 2026\/10<\/td><td>27.10.2026<\/td><td>29.10.2026<\/td><\/tr><tr><td>Newsletter 2026\/11<\/td><td>24.11.2026<\/td><td>26.11.2026<\/td><\/tr><tr><td>Newsletter 2026\/12<\/td><td>15.12.2026<\/td><td>17.12.2026<\/td><\/tr><\/tbody><\/table><\/figure>\n<\/div>\n\n\n\n<h2 class=\"wp-block-heading\">Datenlieferung<\/h2>\n\n\n\n<p>Bild-Text-Inserat: Text mit maximal 200 Zeichen inkl. Leerzeichen, Logo oder Bild als eps-, jpg- oder png-Datei.<br>Bild-Inserat: Gr\u00f6sse: 570&#215;185 px als jpg-, png- oder eps-Datei.<\/p>\n\n\n\n<div class=\"wp-block-contact-form-7-contact-form-selector\">\n<div class=\"wpcf7 no-js\" id=\"wpcf7-f17440-o1\" lang=\"de-DE\" dir=\"ltr\" data-wpcf7-id=\"17440\">\n<div class=\"screen-reader-response\"><p role=\"status\" aria-live=\"polite\" aria-atomic=\"true\"><\/p> <ul><\/ul><\/div>\n<form action=\"\/de\/wp-json\/wp\/v2\/pages\/54746#wpcf7-f17440-o1\" method=\"post\" class=\"wpcf7-form init\" aria-label=\"Kontaktformular\" novalidate=\"novalidate\" data-status=\"init\">\n<fieldset class=\"hidden-fields-container\"><input type=\"hidden\" name=\"_wpcf7\" value=\"17440\" \/><input type=\"hidden\" name=\"_wpcf7_version\" value=\"6.1.5\" \/><input type=\"hidden\" name=\"_wpcf7_locale\" value=\"de_DE\" \/><input type=\"hidden\" name=\"_wpcf7_unit_tag\" value=\"wpcf7-f17440-o1\" \/><input type=\"hidden\" name=\"_wpcf7_container_post\" value=\"0\" \/><input type=\"hidden\" name=\"_wpcf7_posted_data_hash\" value=\"\" \/>\n<\/fieldset>\n<p><label>Welche Sprachversion?*<\/label><br \/>\n<span class=\"wpcf7-form-control-wrap\" data-name=\"checkbox-190\"><span class=\"wpcf7-form-control wpcf7-checkbox wpcf7-validates-as-required\"><span class=\"wpcf7-list-item first\"><label><input type=\"checkbox\" name=\"checkbox-190[]\" value=\"Ganze Schweiz (8420 Adressen): CHF 640.\u2013\" \/><span class=\"wpcf7-list-item-label\">Ganze Schweiz (8420 Adressen): CHF 640.\u2013<\/span><\/label><\/span><span class=\"wpcf7-list-item\"><label><input type=\"checkbox\" name=\"checkbox-190[]\" value=\"Deutsche Ausgabe (5940 Adressen): CHF 500.\u2013\" \/><span class=\"wpcf7-list-item-label\">Deutsche Ausgabe (5940 Adressen): CHF 500.\u2013<\/span><\/label><\/span><span class=\"wpcf7-list-item\"><label><input type=\"checkbox\" name=\"checkbox-190[]\" value=\"Franz\u00f6sische Ausgabe (2030 Adressen): CHF 240.\u2013\" \/><span class=\"wpcf7-list-item-label\">Franz\u00f6sische Ausgabe (2030 Adressen): CHF 240.\u2013<\/span><\/label><\/span><span class=\"wpcf7-list-item last\"><label><input type=\"checkbox\" name=\"checkbox-190[]\" value=\"Italienische Ausgabe (450 Adresse): CHF 130.\u2013\" \/><span class=\"wpcf7-list-item-label\">Italienische Ausgabe (450 Adresse): CHF 130.\u2013<\/span><\/label><\/span><\/span><\/span>\n<\/p>\n<p><label>Welche Ausgabe(n)?*<br \/>\n<span class=\"wpcf7-form-control-wrap\" data-name=\"Ausgaben\"><input size=\"40\" maxlength=\"400\" class=\"wpcf7-form-control wpcf7-text wpcf7-validates-as-required\" aria-required=\"true\" aria-invalid=\"false\" placeholder=\"Januar bis Dezember\" value=\"\" type=\"text\" name=\"Ausgaben\" \/><\/span><\/label><br \/>\n<label>Organisation*<br \/>\n<span class=\"wpcf7-form-control-wrap\" data-name=\"your-organisation\"><input size=\"40\" maxlength=\"400\" class=\"wpcf7-form-control wpcf7-text wpcf7-validates-as-required\" aria-required=\"true\" aria-invalid=\"false\" placeholder=\"Musterfirma\" value=\"\" type=\"text\" name=\"your-organisation\" \/><\/span><\/label><br \/>\n<label>Anrede*<br \/>\n<span class=\"wpcf7-form-control-wrap\" data-name=\"salutation\"><input size=\"40\" maxlength=\"400\" class=\"wpcf7-form-control wpcf7-text wpcf7-validates-as-required\" aria-required=\"true\" aria-invalid=\"false\" placeholder=\"Frau\" value=\"\" type=\"text\" name=\"salutation\" \/><\/span><\/label><br \/>\n<label>Vorname*<br \/>\n<span class=\"wpcf7-form-control-wrap\" data-name=\"your-forename\"><input size=\"40\" maxlength=\"400\" class=\"wpcf7-form-control wpcf7-text wpcf7-validates-as-required\" aria-required=\"true\" aria-invalid=\"false\" placeholder=\"Petra\" value=\"\" type=\"text\" name=\"your-forename\" \/><\/span><\/label><br \/>\n<label>Nachname*<br \/>\n<span class=\"wpcf7-form-control-wrap\" data-name=\"your-name\"><input size=\"40\" maxlength=\"400\" class=\"wpcf7-form-control wpcf7-text wpcf7-validates-as-required\" aria-required=\"true\" aria-invalid=\"false\" placeholder=\"Muster\" value=\"\" type=\"text\" name=\"your-name\" \/><\/span><\/label><br \/>\n<label>Strasse und Nr.*<br \/>\n<span class=\"wpcf7-form-control-wrap\" data-name=\"Strasse\"><input size=\"40\" maxlength=\"400\" class=\"wpcf7-form-control wpcf7-text wpcf7-validates-as-required\" aria-required=\"true\" aria-invalid=\"false\" placeholder=\"Musterstrasse 5\" value=\"\" type=\"text\" name=\"Strasse\" \/><\/span><\/label><br \/>\n<label>PLZ und Ort*<br \/>\n<span class=\"wpcf7-form-control-wrap\" data-name=\"PLZ\"><input size=\"40\" maxlength=\"400\" class=\"wpcf7-form-control wpcf7-text wpcf7-validates-as-required\" aria-required=\"true\" aria-invalid=\"false\" placeholder=\"8005 Z\u00fcrich\" value=\"\" type=\"text\" name=\"PLZ\" \/><\/span><\/label><br \/>\n<label>Telefonnummer*<br \/>\n<span class=\"wpcf7-form-control-wrap\" data-name=\"tel-203\"><input size=\"40\" maxlength=\"400\" class=\"wpcf7-form-control wpcf7-tel wpcf7-validates-as-required wpcf7-text wpcf7-validates-as-tel\" aria-required=\"true\" aria-invalid=\"false\" placeholder=\"+41 (0)44 319 71 71\" value=\"\" type=\"tel\" name=\"tel-203\" \/><\/span><\/label><br \/>\n<label>E-Mail-Adresse*<br \/>\n<span class=\"wpcf7-form-control-wrap\" data-name=\"your-email\"><input size=\"40\" maxlength=\"400\" class=\"wpcf7-form-control wpcf7-email wpcf7-validates-as-required wpcf7-text wpcf7-validates-as-email\" aria-required=\"true\" aria-invalid=\"false\" placeholder=\"petra.muster@alice.ch\" value=\"\" type=\"email\" name=\"your-email\" \/><\/span> <\/label><br \/>\n<label>Ihre Bemerkungen (optional)<br \/>\n<span class=\"wpcf7-form-control-wrap\" data-name=\"your-message\"><textarea cols=\"40\" rows=\"10\" maxlength=\"2000\" class=\"wpcf7-form-control wpcf7-textarea\" aria-invalid=\"false\" placeholder=\"Ihr Kommentar\" name=\"your-message\"><\/textarea><\/span> <\/label><br \/>\n<span class=\"wpcf7-form-control-wrap\" data-name=\"checkbox-911\"><span class=\"wpcf7-form-control wpcf7-checkbox\"><span class=\"wpcf7-list-item first last\"><label><input type=\"checkbox\" name=\"checkbox-911[]\" value=\"Ich bin SVEB-Mitglied.\" \/><span class=\"wpcf7-list-item-label\">Ich bin SVEB-Mitglied.<\/span><\/label><\/span><\/span><\/span>\n<\/p>\n<p><span id=\"wpcf7-69ef684d81cb7-wrapper\" class=\"wpcf7-form-control-wrap honeypot-514-wrap\" style=\"display:none !important; visibility:hidden !important;\"><label for=\"wpcf7-69ef684d81cb7-field\" class=\"hp-message\">Bitte lasse dieses Feld leer.<\/label><input id=\"wpcf7-69ef684d81cb7-field\"  class=\"wpcf7-form-control wpcf7-text\" type=\"text\" name=\"honeypot-514\" value=\"\" size=\"40\" tabindex=\"-1\" autocomplete=\"new-password\" \/><\/span>\n<\/p>\n<p><input class=\"wpcf7-form-control wpcf7-submit has-spinner\" type=\"submit\" value=\"Senden\" \/><br \/>\n*Pflichtfelder\n<\/p><div class=\"cf7-cookie-message\" style=\"margin-top:1em;color:#000;\">Bitte akzeptieren Sie die Cookies, um das Formular absenden zu k\u00f6nnen.<\/div><div class=\"wpcf7-response-output\" aria-hidden=\"true\"><\/div>\n<\/form>\n<\/div>\n<\/div>\n\n\n\n<h2 class=\"wp-block-heading\">Werbem\u00f6glichkeiten beim SVEB<\/h2>\n\n\n\n<div class=\"wp-block-columns is-layout-flex wp-container-core-columns-is-layout-28f84493 wp-block-columns-is-layout-flex\">\n<div class=\"wp-block-column is-layout-flow wp-block-column-is-layout-flow\" style=\"flex-basis:50%\">\n<div class=\"wp-block-file\"><a id=\"wp-block-file--media-ea865ae8-8e46-41ca-95ad-0e57c0254522\" href=\"https:\/\/alice.ch\/app\/uploads\/2024\/11\/mediadaten-2025-sveb.pdf\">Mediadaten 2025<br \/>PDF &#8211; 2 MB<\/a><a href=\"https:\/\/alice.ch\/app\/uploads\/2024\/11\/mediadaten-2025-sveb.pdf\" class=\"wp-block-file__button wp-element-button\" download aria-describedby=\"wp-block-file--media-ea865ae8-8e46-41ca-95ad-0e57c0254522\">Herunterladen<br \/>PDF &#8211; 2 MB<\/a><\/div>\n<\/div>\n\n\n\n<div class=\"wp-block-column is-layout-flow wp-block-column-is-layout-flow\" style=\"flex-basis:50%\">\n<div class=\"wp-block-file\"><a id=\"wp-block-file--media-5578c26a-0155-44fd-b56a-0c08519cd818\" href=\"https:\/\/alice.ch\/app\/uploads\/2025\/09\/sveb-mediadaten-2026.pdf\">Mediadaten 2026<br \/>PDF &#8211; 344 KB<\/a><a href=\"https:\/\/alice.ch\/app\/uploads\/2025\/09\/sveb-mediadaten-2026.pdf\" class=\"wp-block-file__button wp-element-button\" download aria-describedby=\"wp-block-file--media-5578c26a-0155-44fd-b56a-0c08519cd818\">Herunterladen<br \/>PDF &#8211; 344 KB<\/a><\/div>\n<\/div>\n<\/div>\n\n\n\n<h2 class=\"wp-block-heading\">Kontakt<\/h2>\n\n\n\n<div class=\"wp-block-columns is-layout-flex wp-container-core-columns-is-layout-28f84493 wp-block-columns-is-layout-flex\">\n<div class=\"wp-block-column is-layout-flow wp-block-column-is-layout-flow\" style=\"flex-basis:50%\"><div class=\"contact-persons\">\n\n\t\t\t\t\t<div class=\"contact-person\">\n\t\t\t\t\tMichelle Mathys<br \/>\t\t\t\t\tVerantwortliche Marketing<br \/>\t\t\t\t\t<br \/>\n\t\t\t\t\t\t\t\t\t\t<a href=\"tel:+41 (0)44 319 71 55\">+41 (0)44 319 71 55<\/a><br \/>\t\t\t\t\t<a href=\"mailto:michelle.mathys@alice.ch\">michelle.mathys@alice.ch<\/a><br \/>\t\t\t\t\t<\/div>\n\t\t\t\t\t<\/div>\n<\/div>\n\n\n\n<div class=\"wp-block-column is-layout-flow wp-block-column-is-layout-flow\" style=\"flex-basis:50%\"><\/div>\n<\/div>\n<\/div>\n","protected":false},"excerpt":{"rendered":"<p>SVEB-Newsletter reservieren Mit dem\u00a0Newsletter des SVEB\u00a0erreichen Sie rund 9700 Fachleute und Interessierte aus dem Schweizer Bildungsbereich. Der abonnierte Newsletter wird [&hellip;]<\/p>\n","protected":false},"author":5,"featured_media":20799,"parent":498,"menu_order":172,"comment_status":"closed","ping_status":"closed","template":"","meta":{"_acf_changed":false,"inline_featured_image":false,"footnotes":""},"class_list":["post-54746","page","type-page","status-publish","has-post-thumbnail","hentry"],"acf":[],"yoast_head":"<!-- This site is optimized with the Yoast SEO plugin v27.3 - https:\/\/yoast.com\/product\/yoast-seo-wordpress\/ -->\n<title>Inserat im SVEB-Newsletter - SVEB<\/title>\n<meta name=\"description\" content=\"Mit einem Inserat im SVEB-Newsletter erreichen Sie rund 8000 Fachleute ohne Streuverlust. Konditionen und Termine hier.\" \/>\n<meta name=\"robots\" content=\"index, follow, max-snippet:-1, max-image-preview:large, max-video-preview:-1\" \/>\n<link rel=\"canonical\" href=\"https:\/\/alice.ch\/de\/dienstleistungen\/werbung-platzieren\/inserat-im-sveb-newsletter\/\" \/>\n<meta property=\"og:locale\" content=\"de_DE\" \/>\n<meta property=\"og:type\" content=\"article\" \/>\n<meta property=\"og:title\" content=\"Inserat im SVEB-Newsletter - SVEB\" \/>\n<meta property=\"og:description\" content=\"Mit einem Inserat im SVEB-Newsletter erreichen Sie rund 8000 Fachleute ohne Streuverlust. Konditionen und Termine hier.\" \/>\n<meta property=\"og:url\" content=\"https:\/\/alice.ch\/de\/dienstleistungen\/werbung-platzieren\/inserat-im-sveb-newsletter\/\" \/>\n<meta property=\"og:site_name\" content=\"SVEB\" \/>\n<meta property=\"article:modified_time\" content=\"2025-09-22T12:38:53+00:00\" \/>\n<meta name=\"twitter:card\" content=\"summary_large_image\" \/>\n<meta name=\"twitter:label1\" content=\"Gesch\u00e4tzte Lesezeit\" \/>\n\t<meta name=\"twitter:data1\" content=\"4\u00a0Minuten\" \/>\n<script type=\"application\/ld+json\" class=\"yoast-schema-graph\">{\"@context\":\"https:\\\/\\\/schema.org\",\"@graph\":[{\"@type\":\"WebPage\",\"@id\":\"https:\\\/\\\/alice.ch\\\/de\\\/dienstleistungen\\\/werbung-platzieren\\\/inserat-im-sveb-newsletter\\\/\",\"url\":\"https:\\\/\\\/alice.ch\\\/de\\\/dienstleistungen\\\/werbung-platzieren\\\/inserat-im-sveb-newsletter\\\/\",\"name\":\"Inserat im SVEB-Newsletter - SVEB\",\"isPartOf\":{\"@id\":\"https:\\\/\\\/alice.ch\\\/de\\\/#website\"},\"primaryImageOfPage\":{\"@id\":\"https:\\\/\\\/alice.ch\\\/de\\\/dienstleistungen\\\/werbung-platzieren\\\/inserat-im-sveb-newsletter\\\/#primaryimage\"},\"image\":{\"@id\":\"https:\\\/\\\/alice.ch\\\/de\\\/dienstleistungen\\\/werbung-platzieren\\\/inserat-im-sveb-newsletter\\\/#primaryimage\"},\"thumbnailUrl\":\"https:\\\/\\\/alice.ch\\\/app\\\/uploads\\\/2022\\\/11\\\/default.jpg\",\"datePublished\":\"2023-10-11T17:26:54+00:00\",\"dateModified\":\"2025-09-22T12:38:53+00:00\",\"description\":\"Mit einem Inserat im SVEB-Newsletter erreichen Sie rund 8000 Fachleute ohne Streuverlust. Konditionen und Termine hier.\",\"breadcrumb\":{\"@id\":\"https:\\\/\\\/alice.ch\\\/de\\\/dienstleistungen\\\/werbung-platzieren\\\/inserat-im-sveb-newsletter\\\/#breadcrumb\"},\"inLanguage\":\"de\",\"potentialAction\":[{\"@type\":\"ReadAction\",\"target\":[\"https:\\\/\\\/alice.ch\\\/de\\\/dienstleistungen\\\/werbung-platzieren\\\/inserat-im-sveb-newsletter\\\/\"]}]},{\"@type\":\"ImageObject\",\"inLanguage\":\"de\",\"@id\":\"https:\\\/\\\/alice.ch\\\/de\\\/dienstleistungen\\\/werbung-platzieren\\\/inserat-im-sveb-newsletter\\\/#primaryimage\",\"url\":\"https:\\\/\\\/alice.ch\\\/app\\\/uploads\\\/2022\\\/11\\\/default.jpg\",\"contentUrl\":\"https:\\\/\\\/alice.ch\\\/app\\\/uploads\\\/2022\\\/11\\\/default.jpg\",\"width\":1600,\"height\":900},{\"@type\":\"BreadcrumbList\",\"@id\":\"https:\\\/\\\/alice.ch\\\/de\\\/dienstleistungen\\\/werbung-platzieren\\\/inserat-im-sveb-newsletter\\\/#breadcrumb\",\"itemListElement\":[{\"@type\":\"ListItem\",\"position\":1,\"name\":\"Startseite\",\"item\":\"https:\\\/\\\/alice.ch\\\/de\\\/\"},{\"@type\":\"ListItem\",\"position\":2,\"name\":\"Dienstleistungen\",\"item\":\"https:\\\/\\\/alice.ch\\\/de\\\/dienstleistungen\\\/\"},{\"@type\":\"ListItem\",\"position\":3,\"name\":\"Werbung platzieren\",\"item\":\"https:\\\/\\\/alice.ch\\\/de\\\/dienstleistungen\\\/werbung-platzieren\\\/\"},{\"@type\":\"ListItem\",\"position\":4,\"name\":\"Inserat im SVEB-Newsletter\"}]},{\"@type\":\"WebSite\",\"@id\":\"https:\\\/\\\/alice.ch\\\/de\\\/#website\",\"url\":\"https:\\\/\\\/alice.ch\\\/de\\\/\",\"name\":\"alice.ch (Adult Learning Information Center) ist das Portal der Weiterbildung in der Schweiz.\",\"description\":\"Schweizerischer Verband f\u00fcr Weiterbildung\",\"publisher\":{\"@id\":\"https:\\\/\\\/alice.ch\\\/de\\\/#organization\"},\"potentialAction\":[{\"@type\":\"SearchAction\",\"target\":{\"@type\":\"EntryPoint\",\"urlTemplate\":\"https:\\\/\\\/alice.ch\\\/de\\\/?s={search_term_string}\"},\"query-input\":{\"@type\":\"PropertyValueSpecification\",\"valueRequired\":true,\"valueName\":\"search_term_string\"}}],\"inLanguage\":\"de\"},{\"@type\":\"Organization\",\"@id\":\"https:\\\/\\\/alice.ch\\\/de\\\/#organization\",\"name\":\"SVEB Schweizerischer Verband f\u00fcr Weiterbildung\",\"url\":\"https:\\\/\\\/alice.ch\\\/de\\\/\",\"logo\":{\"@type\":\"ImageObject\",\"inLanguage\":\"de\",\"@id\":\"https:\\\/\\\/alice.ch\\\/de\\\/#\\\/schema\\\/logo\\\/image\\\/\",\"url\":\"https:\\\/\\\/alice.ch\\\/app\\\/uploads\\\/2022\\\/07\\\/logo-sveb.png\",\"contentUrl\":\"https:\\\/\\\/alice.ch\\\/app\\\/uploads\\\/2022\\\/07\\\/logo-sveb.png\",\"width\":145,\"height\":64,\"caption\":\"SVEB Schweizerischer Verband f\u00fcr Weiterbildung\"},\"image\":{\"@id\":\"https:\\\/\\\/alice.ch\\\/de\\\/#\\\/schema\\\/logo\\\/image\\\/\"},\"sameAs\":[\"https:\\\/\\\/www.linkedin.com\\\/company\\\/schweizerischer-verband-fr-weiterbildung-sveb\\\/\"]}]}<\/script>\n<!-- \/ Yoast SEO plugin. -->","yoast_head_json":{"title":"Inserat im SVEB-Newsletter - SVEB","description":"Mit einem Inserat im SVEB-Newsletter erreichen Sie rund 8000 Fachleute ohne Streuverlust. Konditionen und Termine hier.","robots":{"index":"index","follow":"follow","max-snippet":"max-snippet:-1","max-image-preview":"max-image-preview:large","max-video-preview":"max-video-preview:-1"},"canonical":"https:\/\/alice.ch\/de\/dienstleistungen\/werbung-platzieren\/inserat-im-sveb-newsletter\/","og_locale":"de_DE","og_type":"article","og_title":"Inserat im SVEB-Newsletter - SVEB","og_description":"Mit einem Inserat im SVEB-Newsletter erreichen Sie rund 8000 Fachleute ohne Streuverlust. Konditionen und Termine hier.","og_url":"https:\/\/alice.ch\/de\/dienstleistungen\/werbung-platzieren\/inserat-im-sveb-newsletter\/","og_site_name":"SVEB","article_modified_time":"2025-09-22T12:38:53+00:00","twitter_card":"summary_large_image","twitter_misc":{"Gesch\u00e4tzte Lesezeit":"4\u00a0Minuten"},"schema":{"@context":"https:\/\/schema.org","@graph":[{"@type":"WebPage","@id":"https:\/\/alice.ch\/de\/dienstleistungen\/werbung-platzieren\/inserat-im-sveb-newsletter\/","url":"https:\/\/alice.ch\/de\/dienstleistungen\/werbung-platzieren\/inserat-im-sveb-newsletter\/","name":"Inserat im SVEB-Newsletter - SVEB","isPartOf":{"@id":"https:\/\/alice.ch\/de\/#website"},"primaryImageOfPage":{"@id":"https:\/\/alice.ch\/de\/dienstleistungen\/werbung-platzieren\/inserat-im-sveb-newsletter\/#primaryimage"},"image":{"@id":"https:\/\/alice.ch\/de\/dienstleistungen\/werbung-platzieren\/inserat-im-sveb-newsletter\/#primaryimage"},"thumbnailUrl":"https:\/\/alice.ch\/app\/uploads\/2022\/11\/default.jpg","datePublished":"2023-10-11T17:26:54+00:00","dateModified":"2025-09-22T12:38:53+00:00","description":"Mit einem Inserat im SVEB-Newsletter erreichen Sie rund 8000 Fachleute ohne Streuverlust. Konditionen und Termine hier.","breadcrumb":{"@id":"https:\/\/alice.ch\/de\/dienstleistungen\/werbung-platzieren\/inserat-im-sveb-newsletter\/#breadcrumb"},"inLanguage":"de","potentialAction":[{"@type":"ReadAction","target":["https:\/\/alice.ch\/de\/dienstleistungen\/werbung-platzieren\/inserat-im-sveb-newsletter\/"]}]},{"@type":"ImageObject","inLanguage":"de","@id":"https:\/\/alice.ch\/de\/dienstleistungen\/werbung-platzieren\/inserat-im-sveb-newsletter\/#primaryimage","url":"https:\/\/alice.ch\/app\/uploads\/2022\/11\/default.jpg","contentUrl":"https:\/\/alice.ch\/app\/uploads\/2022\/11\/default.jpg","width":1600,"height":900},{"@type":"BreadcrumbList","@id":"https:\/\/alice.ch\/de\/dienstleistungen\/werbung-platzieren\/inserat-im-sveb-newsletter\/#breadcrumb","itemListElement":[{"@type":"ListItem","position":1,"name":"Startseite","item":"https:\/\/alice.ch\/de\/"},{"@type":"ListItem","position":2,"name":"Dienstleistungen","item":"https:\/\/alice.ch\/de\/dienstleistungen\/"},{"@type":"ListItem","position":3,"name":"Werbung platzieren","item":"https:\/\/alice.ch\/de\/dienstleistungen\/werbung-platzieren\/"},{"@type":"ListItem","position":4,"name":"Inserat im SVEB-Newsletter"}]},{"@type":"WebSite","@id":"https:\/\/alice.ch\/de\/#website","url":"https:\/\/alice.ch\/de\/","name":"alice.ch (Adult Learning Information Center) ist das Portal der Weiterbildung in der Schweiz.","description":"Schweizerischer Verband f\u00fcr Weiterbildung","publisher":{"@id":"https:\/\/alice.ch\/de\/#organization"},"potentialAction":[{"@type":"SearchAction","target":{"@type":"EntryPoint","urlTemplate":"https:\/\/alice.ch\/de\/?s={search_term_string}"},"query-input":{"@type":"PropertyValueSpecification","valueRequired":true,"valueName":"search_term_string"}}],"inLanguage":"de"},{"@type":"Organization","@id":"https:\/\/alice.ch\/de\/#organization","name":"SVEB Schweizerischer Verband f\u00fcr Weiterbildung","url":"https:\/\/alice.ch\/de\/","logo":{"@type":"ImageObject","inLanguage":"de","@id":"https:\/\/alice.ch\/de\/#\/schema\/logo\/image\/","url":"https:\/\/alice.ch\/app\/uploads\/2022\/07\/logo-sveb.png","contentUrl":"https:\/\/alice.ch\/app\/uploads\/2022\/07\/logo-sveb.png","width":145,"height":64,"caption":"SVEB Schweizerischer Verband f\u00fcr Weiterbildung"},"image":{"@id":"https:\/\/alice.ch\/de\/#\/schema\/logo\/image\/"},"sameAs":["https:\/\/www.linkedin.com\/company\/schweizerischer-verband-fr-weiterbildung-sveb\/"]}]}},"_links":{"self":[{"href":"https:\/\/alice.ch\/de\/wp-json\/wp\/v2\/pages\/54746","targetHints":{"allow":["GET"]}}],"collection":[{"href":"https:\/\/alice.ch\/de\/wp-json\/wp\/v2\/pages"}],"about":[{"href":"https:\/\/alice.ch\/de\/wp-json\/wp\/v2\/types\/page"}],"author":[{"embeddable":true,"href":"https:\/\/alice.ch\/de\/wp-json\/wp\/v2\/users\/5"}],"replies":[{"embeddable":true,"href":"https:\/\/alice.ch\/de\/wp-json\/wp\/v2\/comments?post=54746"}],"version-history":[{"count":17,"href":"https:\/\/alice.ch\/de\/wp-json\/wp\/v2\/pages\/54746\/revisions"}],"predecessor-version":[{"id":70545,"href":"https:\/\/alice.ch\/de\/wp-json\/wp\/v2\/pages\/54746\/revisions\/70545"}],"up":[{"embeddable":true,"href":"https:\/\/alice.ch\/de\/wp-json\/wp\/v2\/pages\/498"}],"wp:featuredmedia":[{"embeddable":true,"href":"https:\/\/alice.ch\/de\/wp-json\/wp\/v2\/media\/20799"}],"wp:attachment":[{"href":"https:\/\/alice.ch\/de\/wp-json\/wp\/v2\/media?parent=54746"}],"curies":[{"name":"wp","href":"https:\/\/api.w.org\/{rel}","templated":true}]}}