{"id":55130,"date":"2023-10-31T16:38:19","date_gmt":"2023-10-31T15:38:19","guid":{"rendered":"https:\/\/alice.ch\/?page_id=55130"},"modified":"2025-07-25T13:02:53","modified_gmt":"2025-07-25T11:02:53","slug":"checkliste-fuer-kursteilnehmende","status":"publish","type":"page","link":"https:\/\/alice.ch\/de\/qualitaet\/qualitaet-in-der-weiterbildung\/checkliste-fuer-kursteilnehmende\/","title":{"rendered":"Checkliste f\u00fcr Kursteilnehmende"},"content":{"rendered":"\n<div class=\"wp-block-group is-style-reduced-width is-layout-flow wp-block-group-is-layout-flow\">\n<h1 class=\"wp-block-heading\">\u00abIst das die richtige Weiterbildung f\u00fcr mich?\u00bb<\/h1>\n\n\n\n<p class=\"is-style-lead\">Diese Checkliste hilft Ihnen, ein f\u00fcr Sie passendes Weiterbildungsangebot zu finden, welches den grundlegenden Qualit\u00e4tsstandards in der Weiterbildung entspricht. Die zu kl\u00e4renden Fragen basieren auf den <a href=\"https:\/\/alice.ch\/de\/qualitaet\/qualitaetslabel-eduqua\/\">eduQua:2021<\/a>-Prinzipien und -Kriterien.<\/p>\n\n\n\n<h3 class=\"wp-block-heading\">Bevor Sie einen Weiterbildungskurs besuchen, sollten Sie folgende Fragen kl\u00e4ren:<\/h3>\n\n\n\n<div class=\"wp-block-group is-layout-flow wp-block-group-is-layout-flow\">\n<div class=\"wp-block-columns is-style-accordion is-layout-flex wp-container-core-columns-is-layout-28f84493 wp-block-columns-is-layout-flex\" id=\"faq-element-1\">\n<div class=\"wp-block-column is-layout-flow wp-block-column-is-layout-flow\">\n<h3 class=\"wp-block-heading\">Kursausschreibung und -inhalte<\/h3>\n<\/div>\n\n\n\n<div class=\"wp-block-column is-layout-flow wp-block-column-is-layout-flow\">\n<p><strong>Ist die Kursausschreibung verst\u00e4ndlich und \u00fcbersichtlich?<\/strong><\/p>\n\n\n\n<p><strong>Finde ich Informationen zum Kursinhalt? Gen\u00fcgen mir diese?<\/strong><\/p>\n\n\n\n<p><strong>Sind die zu erreichenden Kompetenzen und\/oder Lernziele beschrieben?<\/strong><\/p>\n<\/div>\n<\/div>\n\n\n\n<div class=\"wp-block-columns is-style-accordion is-layout-flex wp-container-core-columns-is-layout-28f84493 wp-block-columns-is-layout-flex\" id=\"faq-element-1\">\n<div class=\"wp-block-column is-layout-flow wp-block-column-is-layout-flow\">\n<h3 class=\"wp-block-heading\">Voraussetzungen<\/h3>\n<\/div>\n\n\n\n<div class=\"wp-block-column is-layout-flow wp-block-column-is-layout-flow\">\n<p><strong>Welches sind die Voraussetzungen, um am Kurs teilzunehmen? Erf\u00fclle ich sie?&nbsp;<\/strong><\/p>\n<\/div>\n<\/div>\n\n\n\n<div class=\"wp-block-columns is-style-accordion is-layout-flex wp-container-core-columns-is-layout-28f84493 wp-block-columns-is-layout-flex\" id=\"faq-element-1\">\n<div class=\"wp-block-column is-layout-flow wp-block-column-is-layout-flow\">\n<h3 class=\"wp-block-heading\">Abschluss<\/h3>\n<\/div>\n\n\n\n<div class=\"wp-block-column is-layout-flow wp-block-column-is-layout-flow\">\n<p><strong>Gibt es eine Abschlusspr\u00fcfung? Wenn ja, finde ich Informationen zu Form und Umfang dieser Pr\u00fcfung?<\/strong><\/p>\n\n\n\n<p><strong>Erhalte ich nach bestandenem Kurs eine Best\u00e4tigung, ein Zertifikat oder ein Diplom? Ist dieses national bzw. international anerkannt? Ist das f\u00fcr mich wichtig?<\/strong><\/p>\n\n\n\n<p>Wir empfehlen, bei potenziellen Arbeitgebern oder einer Organisation der Arbeitswelt (OdA), bspw. einem Branchenverband, Informationen \u00fcber die Anerkennung eines Zertifikats oder Diploms einzuholen. F\u00fcr Abschl\u00fcsse als Pfleghelferin oder Pflegehelfer w\u00e4ren dies: Kurse beim Schweizerischen Roten Kreuz oder Kurse, die von der <a href=\"https:\/\/www.odasante.ch\/berufe\/#pflegehelfer-in\" target=\"_blank\" rel=\"noreferrer noopener\">OdA Sant\u00e9 <\/a>anerkannt sind.<\/p>\n\n\n\n<p><strong>Erhalte ich einen akademischen Abschluss (Bachelor, Master, Doktorat)? Wo ist dieser Abschluss anerkannt?&nbsp;<\/strong><\/p>\n\n\n\n<p>Siehe hierzu die <a href=\"https:\/\/www.swissuniversities.ch\/themen\/studium\/akkreditierte-schweizer-hochschulen\" target=\"_blank\" rel=\"noreferrer noopener\">akkreditierten Hochschulen in der Schweiz<\/a> und die Informationen des SBFI zu <a href=\"https:\/\/www.sbfi.admin.ch\/de\/titelschutz-und-titelanerkennung\" target=\"_blank\" rel=\"noreferrer noopener\">Titelschutz und Titelanerkennung<\/a>.<\/p>\n\n\n\n<p>Achtung bei Kursen, die zu Berufen f\u00fchren sollen, f\u00fcr die es eine <a href=\"https:\/\/www.becc.admin.ch\/becc\/public\/bvz\/beruf\/grundbildungen\" target=\"_blank\" rel=\"noreferrer noopener\">berufliche Grundbildung<\/a> mit eidgen\u00f6ssischem EBA- oder EFZ-Abschluss gibt. Wenn es kein vom SBFI anerkannter Abschluss ist, kl\u00e4ren Sie, wie gut Ihre Berufschancen sind ohne diese Anerkennung.<\/p>\n<\/div>\n<\/div>\n\n\n\n<div class=\"wp-block-columns is-style-accordion is-layout-flex wp-container-core-columns-is-layout-28f84493 wp-block-columns-is-layout-flex\" id=\"faq-element-1\">\n<div class=\"wp-block-column is-layout-flow wp-block-column-is-layout-flow\">\n<h3 class=\"wp-block-heading\">Kosten und Gesch\u00e4ftsbedingungen<\/h3>\n<\/div>\n\n\n\n<div class=\"wp-block-column is-layout-flow wp-block-column-is-layout-flow\">\n<p><strong>Wie viel kostet die ganze Weiterbildung? Sind die Lehrmittel und andere Geb\u00fchren darin enthalten?&nbsp;<\/strong><\/p>\n\n\n\n<p><strong>Unter welchen Umst\u00e4nden kann ich vom Kurs zur\u00fccktreten?&nbsp;<\/strong><\/p>\n\n\n\n<p><strong>Finde ich die Gesch\u00e4ftsbedingungen und verstehe ich diese?&nbsp;<\/strong><br>(Anmeldefristen, R\u00fccktrittsm\u00f6glichkeiten, Zahlungsfristen etc.)&nbsp;<\/p>\n<\/div>\n<\/div>\n\n\n\n<div class=\"wp-block-columns is-style-accordion is-layout-flex wp-container-core-columns-is-layout-28f84493 wp-block-columns-is-layout-flex\" id=\"faq-element-1\">\n<div class=\"wp-block-column is-layout-flow wp-block-column-is-layout-flow\">\n<h3 class=\"wp-block-heading\">Form und Struktur<\/h3>\n<\/div>\n\n\n\n<div class=\"wp-block-column is-layout-flow wp-block-column-is-layout-flow\">\n<p><strong>Sind die Lernzeiten klar beschrieben?&nbsp;&nbsp;<\/strong><br>(Anzahl Stunden Pr\u00e4senzunterricht, Onlineunterricht, Selbststudium)<\/p>\n\n\n\n<p><strong>Ist hybrider Unterricht vorgesehen?<\/strong> <br>(Online- und Pr\u00e4senzunterricht gleichzeitig)&nbsp;<\/p>\n\n\n\n<p><strong>Passt das f\u00fcr mich?<\/strong><\/p>\n<\/div>\n<\/div>\n\n\n\n<div class=\"wp-block-columns is-style-accordion is-layout-flex wp-container-core-columns-is-layout-28f84493 wp-block-columns-is-layout-flex\" id=\"faq-element-1\">\n<div class=\"wp-block-column is-layout-flow wp-block-column-is-layout-flow\">\n<h3 class=\"wp-block-heading\">Informationen zu Kursleitenden und Rahmenbedingungen<\/h3>\n<\/div>\n\n\n\n<div class=\"wp-block-column is-layout-flow wp-block-column-is-layout-flow\">\n<p><strong>Finde ich Informationen zu den Kursleitenden und ihren Qualifikationen? Ist mir das wichtig?&nbsp;<\/strong><\/p>\n\n\n\n<p><strong>Finde ich Informationen \u00fcber den Kursort und die Kursr\u00e4umlichkeiten?&nbsp;Entsprechen sie meinen Bed\u00fcrfnissen f\u00fcr diesen Kurs?&nbsp;<\/strong><\/p>\n\n\n\n<p><strong>Finde ich Angaben zur Klassengr\u00f6sse?&nbsp;<\/strong><\/p>\n\n\n\n<p><strong>Finde ich Informationen zu den Lehrmitteln? Ist mir das wichtig?&nbsp;<\/strong><\/p>\n<\/div>\n<\/div>\n\n\n\n<div class=\"wp-block-columns is-style-accordion is-layout-flex wp-container-core-columns-is-layout-28f84493 wp-block-columns-is-layout-flex\" id=\"faq-element-1\">\n<div class=\"wp-block-column is-layout-flow wp-block-column-is-layout-flow\">\n<h3 class=\"wp-block-heading\">Beratung<\/h3>\n<\/div>\n\n\n\n<div class=\"wp-block-column is-layout-flow wp-block-column-is-layout-flow\">\n<p><strong>Bei wem kann ich mich bei Fragen melden?&nbsp;<\/strong><\/p>\n\n\n\n<p><strong>Erhalte ich bei Bedarf eine Beratung?&nbsp;<\/strong><\/p>\n<\/div>\n<\/div>\n<\/div>\n\n\n\n<h2 class=\"wp-block-heading\">Informationsquellen<\/h2>\n\n\n\n<ul class=\"wp-block-list\">\n<li>Website des Kursanbieters \/ Informationsmaterial \/ telefonische Ausk\u00fcnfte&nbsp;<\/li>\n\n\n\n<li>Informationsanlass des Kursanbieters oder wenn m\u00f6glich Schnupperstunde in einem Kurs&nbsp;<\/li>\n\n\n\n<li>Referenzen des Kursanbieters \/ Empfehlungen von Personen, die den Kurs schon besucht haben&nbsp;<\/li>\n\n\n\n<li>Vergleich verschiedener Kursanbieter \/ Kursbewertungs- und -beratungsplattformen&nbsp;<\/li>\n\n\n\n<li>Portal, um Kurse zu finden: <a href=\"https:\/\/www.weiterbildung.swiss\/\" target=\"_blank\" rel=\"noreferrer noopener\">https:\/\/www.weiterbildung.swiss\/<\/a>&nbsp;<\/li>\n<\/ul>\n\n\n\n<h2 class=\"wp-block-heading\">Kontakt<\/h2>\n\n\n\n<div class=\"wp-block-columns is-layout-flex wp-container-core-columns-is-layout-28f84493 wp-block-columns-is-layout-flex\">\n<div class=\"wp-block-column is-layout-flow wp-block-column-is-layout-flow\" style=\"flex-basis:50%\"><div class=\"contact-persons\">\n\n\t\t\t\t\t<div class=\"contact-person\">\n\t\t\t\t\tMelanie Schneider<br \/>\t\t\t\t\tFachmitarbeiterin eduQua, Qualit\u00e4t in der Weiterbildung, AdA-Baukasten<br \/>\t\t\t\t\t<br \/>\n\t\t\t\t\t\t\t\t\t\t<a href=\"tel:+41 (0)44 319 71 64\">+41 (0)44 319 71 64<\/a><br \/>\t\t\t\t\t<a href=\"mailto:melanie.schneider@alice.ch\">melanie.schneider@alice.ch<\/a><br \/>\t\t\t\t\t<\/div>\n\t\t\t\t\t<\/div>\n<\/div>\n\n\n\n<div class=\"wp-block-column is-layout-flow wp-block-column-is-layout-flow\" style=\"flex-basis:50%\"><\/div>\n<\/div>\n<\/div>\n","protected":false},"excerpt":{"rendered":"<p>\u00abIst das die richtige Weiterbildung f\u00fcr mich?\u00bb Diese Checkliste hilft Ihnen, ein f\u00fcr Sie passendes Weiterbildungsangebot zu finden, welches den [&hellip;]<\/p>\n","protected":false},"author":5,"featured_media":20799,"parent":598,"menu_order":285,"comment_status":"closed","ping_status":"closed","template":"","meta":{"_acf_changed":false,"inline_featured_image":false,"footnotes":""},"class_list":["post-55130","page","type-page","status-publish","has-post-thumbnail","hentry"],"acf":[],"yoast_head":"<!-- This site is optimized with the Yoast SEO plugin v27.3 - https:\/\/yoast.com\/product\/yoast-seo-wordpress\/ -->\n<title>Checkliste f\u00fcr Kursteilnehmende - SVEB<\/title>\n<meta name=\"description\" content=\"Mit dieser Checkliste eruieren Sie ein Weiterbildungsangebot, dass sowohl Ihren Anspr\u00fcchen als auch den Qualit\u00e4ts-Standards gen\u00fcgt.\" \/>\n<meta name=\"robots\" content=\"index, follow, max-snippet:-1, max-image-preview:large, max-video-preview:-1\" \/>\n<link rel=\"canonical\" href=\"https:\/\/alice.ch\/de\/qualitaet\/qualitaet-in-der-weiterbildung\/checkliste-fuer-kursteilnehmende\/\" \/>\n<meta property=\"og:locale\" content=\"de_DE\" \/>\n<meta property=\"og:type\" content=\"article\" \/>\n<meta property=\"og:title\" content=\"Checkliste f\u00fcr Kursteilnehmende - SVEB\" \/>\n<meta property=\"og:description\" content=\"Mit dieser Checkliste eruieren Sie ein Weiterbildungsangebot, dass sowohl Ihren Anspr\u00fcchen als auch den Qualit\u00e4ts-Standards gen\u00fcgt.\" \/>\n<meta property=\"og:url\" content=\"https:\/\/alice.ch\/de\/qualitaet\/qualitaet-in-der-weiterbildung\/checkliste-fuer-kursteilnehmende\/\" \/>\n<meta property=\"og:site_name\" content=\"SVEB\" \/>\n<meta property=\"article:modified_time\" content=\"2025-07-25T11:02:53+00:00\" \/>\n<meta name=\"twitter:card\" content=\"summary_large_image\" \/>\n<meta name=\"twitter:label1\" content=\"Gesch\u00e4tzte Lesezeit\" \/>\n\t<meta name=\"twitter:data1\" content=\"5\u00a0Minuten\" \/>\n<script type=\"application\/ld+json\" class=\"yoast-schema-graph\">{\"@context\":\"https:\\\/\\\/schema.org\",\"@graph\":[{\"@type\":\"WebPage\",\"@id\":\"https:\\\/\\\/alice.ch\\\/de\\\/qualitaet\\\/qualitaet-in-der-weiterbildung\\\/checkliste-fuer-kursteilnehmende\\\/\",\"url\":\"https:\\\/\\\/alice.ch\\\/de\\\/qualitaet\\\/qualitaet-in-der-weiterbildung\\\/checkliste-fuer-kursteilnehmende\\\/\",\"name\":\"Checkliste f\u00fcr Kursteilnehmende - SVEB\",\"isPartOf\":{\"@id\":\"https:\\\/\\\/alice.ch\\\/de\\\/#website\"},\"primaryImageOfPage\":{\"@id\":\"https:\\\/\\\/alice.ch\\\/de\\\/qualitaet\\\/qualitaet-in-der-weiterbildung\\\/checkliste-fuer-kursteilnehmende\\\/#primaryimage\"},\"image\":{\"@id\":\"https:\\\/\\\/alice.ch\\\/de\\\/qualitaet\\\/qualitaet-in-der-weiterbildung\\\/checkliste-fuer-kursteilnehmende\\\/#primaryimage\"},\"thumbnailUrl\":\"https:\\\/\\\/alice.ch\\\/app\\\/uploads\\\/2022\\\/11\\\/default.jpg\",\"datePublished\":\"2023-10-31T15:38:19+00:00\",\"dateModified\":\"2025-07-25T11:02:53+00:00\",\"description\":\"Mit dieser Checkliste eruieren Sie ein Weiterbildungsangebot, dass sowohl Ihren Anspr\u00fcchen als auch den Qualit\u00e4ts-Standards gen\u00fcgt.\",\"breadcrumb\":{\"@id\":\"https:\\\/\\\/alice.ch\\\/de\\\/qualitaet\\\/qualitaet-in-der-weiterbildung\\\/checkliste-fuer-kursteilnehmende\\\/#breadcrumb\"},\"inLanguage\":\"de\",\"potentialAction\":[{\"@type\":\"ReadAction\",\"target\":[\"https:\\\/\\\/alice.ch\\\/de\\\/qualitaet\\\/qualitaet-in-der-weiterbildung\\\/checkliste-fuer-kursteilnehmende\\\/\"]}]},{\"@type\":\"ImageObject\",\"inLanguage\":\"de\",\"@id\":\"https:\\\/\\\/alice.ch\\\/de\\\/qualitaet\\\/qualitaet-in-der-weiterbildung\\\/checkliste-fuer-kursteilnehmende\\\/#primaryimage\",\"url\":\"https:\\\/\\\/alice.ch\\\/app\\\/uploads\\\/2022\\\/11\\\/default.jpg\",\"contentUrl\":\"https:\\\/\\\/alice.ch\\\/app\\\/uploads\\\/2022\\\/11\\\/default.jpg\",\"width\":1600,\"height\":900},{\"@type\":\"BreadcrumbList\",\"@id\":\"https:\\\/\\\/alice.ch\\\/de\\\/qualitaet\\\/qualitaet-in-der-weiterbildung\\\/checkliste-fuer-kursteilnehmende\\\/#breadcrumb\",\"itemListElement\":[{\"@type\":\"ListItem\",\"position\":1,\"name\":\"Startseite\",\"item\":\"https:\\\/\\\/alice.ch\\\/de\\\/\"},{\"@type\":\"ListItem\",\"position\":2,\"name\":\"Qualit\u00e4t\",\"item\":\"https:\\\/\\\/alice.ch\\\/de\\\/qualitaet\\\/\"},{\"@type\":\"ListItem\",\"position\":3,\"name\":\"Qualit\u00e4t in der Weiterbildung\",\"item\":\"https:\\\/\\\/alice.ch\\\/de\\\/qualitaet\\\/qualitaet-in-der-weiterbildung\\\/\"},{\"@type\":\"ListItem\",\"position\":4,\"name\":\"Checkliste f\u00fcr Kursteilnehmende\"}]},{\"@type\":\"WebSite\",\"@id\":\"https:\\\/\\\/alice.ch\\\/de\\\/#website\",\"url\":\"https:\\\/\\\/alice.ch\\\/de\\\/\",\"name\":\"alice.ch (Adult Learning Information Center) ist das Portal der Weiterbildung in der Schweiz.\",\"description\":\"Schweizerischer Verband f\u00fcr Weiterbildung\",\"publisher\":{\"@id\":\"https:\\\/\\\/alice.ch\\\/de\\\/#organization\"},\"potentialAction\":[{\"@type\":\"SearchAction\",\"target\":{\"@type\":\"EntryPoint\",\"urlTemplate\":\"https:\\\/\\\/alice.ch\\\/de\\\/?s={search_term_string}\"},\"query-input\":{\"@type\":\"PropertyValueSpecification\",\"valueRequired\":true,\"valueName\":\"search_term_string\"}}],\"inLanguage\":\"de\"},{\"@type\":\"Organization\",\"@id\":\"https:\\\/\\\/alice.ch\\\/de\\\/#organization\",\"name\":\"SVEB Schweizerischer Verband f\u00fcr Weiterbildung\",\"url\":\"https:\\\/\\\/alice.ch\\\/de\\\/\",\"logo\":{\"@type\":\"ImageObject\",\"inLanguage\":\"de\",\"@id\":\"https:\\\/\\\/alice.ch\\\/de\\\/#\\\/schema\\\/logo\\\/image\\\/\",\"url\":\"https:\\\/\\\/alice.ch\\\/app\\\/uploads\\\/2022\\\/07\\\/logo-sveb.png\",\"contentUrl\":\"https:\\\/\\\/alice.ch\\\/app\\\/uploads\\\/2022\\\/07\\\/logo-sveb.png\",\"width\":145,\"height\":64,\"caption\":\"SVEB Schweizerischer Verband f\u00fcr Weiterbildung\"},\"image\":{\"@id\":\"https:\\\/\\\/alice.ch\\\/de\\\/#\\\/schema\\\/logo\\\/image\\\/\"},\"sameAs\":[\"https:\\\/\\\/www.linkedin.com\\\/company\\\/schweizerischer-verband-fr-weiterbildung-sveb\\\/\"]}]}<\/script>\n<!-- \/ Yoast SEO plugin. -->","yoast_head_json":{"title":"Checkliste f\u00fcr Kursteilnehmende - SVEB","description":"Mit dieser Checkliste eruieren Sie ein Weiterbildungsangebot, dass sowohl Ihren Anspr\u00fcchen als auch den Qualit\u00e4ts-Standards gen\u00fcgt.","robots":{"index":"index","follow":"follow","max-snippet":"max-snippet:-1","max-image-preview":"max-image-preview:large","max-video-preview":"max-video-preview:-1"},"canonical":"https:\/\/alice.ch\/de\/qualitaet\/qualitaet-in-der-weiterbildung\/checkliste-fuer-kursteilnehmende\/","og_locale":"de_DE","og_type":"article","og_title":"Checkliste f\u00fcr Kursteilnehmende - SVEB","og_description":"Mit dieser Checkliste eruieren Sie ein Weiterbildungsangebot, dass sowohl Ihren Anspr\u00fcchen als auch den Qualit\u00e4ts-Standards gen\u00fcgt.","og_url":"https:\/\/alice.ch\/de\/qualitaet\/qualitaet-in-der-weiterbildung\/checkliste-fuer-kursteilnehmende\/","og_site_name":"SVEB","article_modified_time":"2025-07-25T11:02:53+00:00","twitter_card":"summary_large_image","twitter_misc":{"Gesch\u00e4tzte Lesezeit":"5\u00a0Minuten"},"schema":{"@context":"https:\/\/schema.org","@graph":[{"@type":"WebPage","@id":"https:\/\/alice.ch\/de\/qualitaet\/qualitaet-in-der-weiterbildung\/checkliste-fuer-kursteilnehmende\/","url":"https:\/\/alice.ch\/de\/qualitaet\/qualitaet-in-der-weiterbildung\/checkliste-fuer-kursteilnehmende\/","name":"Checkliste f\u00fcr Kursteilnehmende - SVEB","isPartOf":{"@id":"https:\/\/alice.ch\/de\/#website"},"primaryImageOfPage":{"@id":"https:\/\/alice.ch\/de\/qualitaet\/qualitaet-in-der-weiterbildung\/checkliste-fuer-kursteilnehmende\/#primaryimage"},"image":{"@id":"https:\/\/alice.ch\/de\/qualitaet\/qualitaet-in-der-weiterbildung\/checkliste-fuer-kursteilnehmende\/#primaryimage"},"thumbnailUrl":"https:\/\/alice.ch\/app\/uploads\/2022\/11\/default.jpg","datePublished":"2023-10-31T15:38:19+00:00","dateModified":"2025-07-25T11:02:53+00:00","description":"Mit dieser Checkliste eruieren Sie ein Weiterbildungsangebot, dass sowohl Ihren Anspr\u00fcchen als auch den Qualit\u00e4ts-Standards gen\u00fcgt.","breadcrumb":{"@id":"https:\/\/alice.ch\/de\/qualitaet\/qualitaet-in-der-weiterbildung\/checkliste-fuer-kursteilnehmende\/#breadcrumb"},"inLanguage":"de","potentialAction":[{"@type":"ReadAction","target":["https:\/\/alice.ch\/de\/qualitaet\/qualitaet-in-der-weiterbildung\/checkliste-fuer-kursteilnehmende\/"]}]},{"@type":"ImageObject","inLanguage":"de","@id":"https:\/\/alice.ch\/de\/qualitaet\/qualitaet-in-der-weiterbildung\/checkliste-fuer-kursteilnehmende\/#primaryimage","url":"https:\/\/alice.ch\/app\/uploads\/2022\/11\/default.jpg","contentUrl":"https:\/\/alice.ch\/app\/uploads\/2022\/11\/default.jpg","width":1600,"height":900},{"@type":"BreadcrumbList","@id":"https:\/\/alice.ch\/de\/qualitaet\/qualitaet-in-der-weiterbildung\/checkliste-fuer-kursteilnehmende\/#breadcrumb","itemListElement":[{"@type":"ListItem","position":1,"name":"Startseite","item":"https:\/\/alice.ch\/de\/"},{"@type":"ListItem","position":2,"name":"Qualit\u00e4t","item":"https:\/\/alice.ch\/de\/qualitaet\/"},{"@type":"ListItem","position":3,"name":"Qualit\u00e4t in der Weiterbildung","item":"https:\/\/alice.ch\/de\/qualitaet\/qualitaet-in-der-weiterbildung\/"},{"@type":"ListItem","position":4,"name":"Checkliste f\u00fcr Kursteilnehmende"}]},{"@type":"WebSite","@id":"https:\/\/alice.ch\/de\/#website","url":"https:\/\/alice.ch\/de\/","name":"alice.ch (Adult Learning Information Center) ist das Portal der Weiterbildung in der Schweiz.","description":"Schweizerischer Verband f\u00fcr Weiterbildung","publisher":{"@id":"https:\/\/alice.ch\/de\/#organization"},"potentialAction":[{"@type":"SearchAction","target":{"@type":"EntryPoint","urlTemplate":"https:\/\/alice.ch\/de\/?s={search_term_string}"},"query-input":{"@type":"PropertyValueSpecification","valueRequired":true,"valueName":"search_term_string"}}],"inLanguage":"de"},{"@type":"Organization","@id":"https:\/\/alice.ch\/de\/#organization","name":"SVEB Schweizerischer Verband f\u00fcr Weiterbildung","url":"https:\/\/alice.ch\/de\/","logo":{"@type":"ImageObject","inLanguage":"de","@id":"https:\/\/alice.ch\/de\/#\/schema\/logo\/image\/","url":"https:\/\/alice.ch\/app\/uploads\/2022\/07\/logo-sveb.png","contentUrl":"https:\/\/alice.ch\/app\/uploads\/2022\/07\/logo-sveb.png","width":145,"height":64,"caption":"SVEB Schweizerischer Verband f\u00fcr Weiterbildung"},"image":{"@id":"https:\/\/alice.ch\/de\/#\/schema\/logo\/image\/"},"sameAs":["https:\/\/www.linkedin.com\/company\/schweizerischer-verband-fr-weiterbildung-sveb\/"]}]}},"_links":{"self":[{"href":"https:\/\/alice.ch\/de\/wp-json\/wp\/v2\/pages\/55130","targetHints":{"allow":["GET"]}}],"collection":[{"href":"https:\/\/alice.ch\/de\/wp-json\/wp\/v2\/pages"}],"about":[{"href":"https:\/\/alice.ch\/de\/wp-json\/wp\/v2\/types\/page"}],"author":[{"embeddable":true,"href":"https:\/\/alice.ch\/de\/wp-json\/wp\/v2\/users\/5"}],"replies":[{"embeddable":true,"href":"https:\/\/alice.ch\/de\/wp-json\/wp\/v2\/comments?post=55130"}],"version-history":[{"count":30,"href":"https:\/\/alice.ch\/de\/wp-json\/wp\/v2\/pages\/55130\/revisions"}],"predecessor-version":[{"id":69623,"href":"https:\/\/alice.ch\/de\/wp-json\/wp\/v2\/pages\/55130\/revisions\/69623"}],"up":[{"embeddable":true,"href":"https:\/\/alice.ch\/de\/wp-json\/wp\/v2\/pages\/598"}],"wp:featuredmedia":[{"embeddable":true,"href":"https:\/\/alice.ch\/de\/wp-json\/wp\/v2\/media\/20799"}],"wp:attachment":[{"href":"https:\/\/alice.ch\/de\/wp-json\/wp\/v2\/media?parent=55130"}],"curies":[{"name":"wp","href":"https:\/\/api.w.org\/{rel}","templated":true}]}}