{"id":553,"date":"2022-08-16T17:32:14","date_gmt":"2022-08-16T15:32:14","guid":{"rendered":"https:\/\/projects.atxeit.ch\/sveb\/?page_id=553"},"modified":"2023-12-01T11:57:48","modified_gmt":"2023-12-01T10:57:48","slug":"ada-abschluesse-nach-baukasten-2015","status":"publish","type":"page","link":"https:\/\/alice.ch\/de\/professionalisierung\/ada-baukastensystem\/ada-abschluesse-nach-baukasten-2015\/","title":{"rendered":"AdA-Abschl\u00fcsse nach Baukasten 2015"},"content":{"rendered":"\n<div class=\"wp-block-group is-style-reduced-width is-layout-flow wp-block-group-is-layout-flow\">\n<h1 class=\"wp-block-heading\">AdA-Abschl\u00fcsse nach Baukasten 2015<\/h1>\n\n\n\n<p class=\"is-style-lead\">Auf dieser Seite finden Sie die Modulbeschreibungen aller Module nach dem AdA-Baukastensystem 2015.<\/p>\n\n\n\n<h2 class=\"wp-block-heading\">Stufe I:<\/h2>\n\n\n\n<h3 class=\"wp-block-heading\">SVEB-Zertifikat Kursleiterin\/Kursleiter<\/h3>\n\n\n\n<p>Modul 1: Lernveranstaltungen mit Erwachsenen durchf\u00fchren (AdA FA-M1):<\/p>\n\n\n\n<div class=\"wp-block-columns is-layout-flex wp-container-core-columns-is-layout-28f84493 wp-block-columns-is-layout-flex\">\n<div class=\"wp-block-column is-layout-flow wp-block-column-is-layout-flow\" style=\"flex-basis:50%\">\n<div class=\"wp-block-file\"><a id=\"wp-block-file--media-eec9df04-5b29-4ed0-89c9-db8c1ad39e07\" href=\"https:\/\/alice.ch\/app\/uploads\/2022\/12\/1_MB_AdA_FA-M1.pdf\" target=\"_blank\" rel=\"noreferrer noopener\">Modulbeschreibung AdA FA-M1<br \/>PDF &#8211; 335 KB<\/a><\/div>\n<\/div>\n\n\n\n<div class=\"wp-block-column is-layout-flow wp-block-column-is-layout-flow\" style=\"flex-basis:50%\"><\/div>\n<\/div>\n\n\n\n<h3 class=\"wp-block-heading\">SVEB-Zertifikat Kursleiterin\/Kursleiter f\u00fcr Lehrpersonen<\/h3>\n\n\n\n<p>Verk\u00fcrztes Modul 1: Lernveranstaltungen mit Erwachsenen durchf\u00fchren (AdA FA-M1E-LP) f\u00fcr Lehrpersonen mit EDK-anerkanntem Abschluss<\/p>\n\n\n\n<div class=\"wp-block-columns is-layout-flex wp-container-core-columns-is-layout-28f84493 wp-block-columns-is-layout-flex\">\n<div class=\"wp-block-column is-layout-flow wp-block-column-is-layout-flow\" style=\"flex-basis:50%\">\n<div class=\"wp-block-file\"><a id=\"wp-block-file--media-eec9df04-5b29-4ed0-89c9-db8c1ad39e07\" href=\"https:\/\/alice.ch\/app\/uploads\/2022\/12\/2_MB_AdA_FA-M1E-LP.pdf\" target=\"_blank\" rel=\"noreferrer noopener\">Modulbeschreibung AdA FA-M1E-LP<br \/>PDF &#8211; 297 KB<\/a><\/div>\n<\/div>\n\n\n\n<div class=\"wp-block-column is-layout-flow wp-block-column-is-layout-flow\" style=\"flex-basis:50%\"><\/div>\n<\/div>\n\n\n\n<h3 class=\"wp-block-heading\">SVEB-Zertifikat Praxisausbilderin\/Praxisausbilder<\/h3>\n\n\n\n<p>Lernbegleitungen mit Einzelpersonen durchf\u00fchren (AdA PA):<\/p>\n\n\n\n<div class=\"wp-block-columns is-layout-flex wp-container-core-columns-is-layout-28f84493 wp-block-columns-is-layout-flex\">\n<div class=\"wp-block-column is-layout-flow wp-block-column-is-layout-flow\" style=\"flex-basis:50%\">\n<div class=\"wp-block-file\"><a id=\"wp-block-file--media-eec9df04-5b29-4ed0-89c9-db8c1ad39e07\" href=\"https:\/\/alice.ch\/app\/uploads\/2022\/12\/3_MB_PA.pdf\" target=\"_blank\" rel=\"noreferrer noopener\">Modulbeschreibung PA<br \/>PDF &#8211; 675 KB<\/a><\/div>\n<\/div>\n\n\n\n<div class=\"wp-block-column is-layout-flow wp-block-column-is-layout-flow\" style=\"flex-basis:50%\"><\/div>\n<\/div>\n\n\n\n<p>Wenn Sie das Modul PA besucht haben und zus\u00e4tzlich das SVEB-Zertifikat Kursleiterin\/Kursleiter erlangen m\u00f6chten, k\u00f6nnen Sie das Erg\u00e4nzungsmodul besuchen: Von der Praxisbegleitung zur Kursleitung (AdA FA-PA-E):<\/p>\n\n\n\n<div class=\"wp-block-columns is-layout-flex wp-container-core-columns-is-layout-28f84493 wp-block-columns-is-layout-flex\">\n<div class=\"wp-block-column is-layout-flow wp-block-column-is-layout-flow\" style=\"flex-basis:50%\">\n<div class=\"wp-block-file\"><a id=\"wp-block-file--media-eec9df04-5b29-4ed0-89c9-db8c1ad39e07\" href=\"https:\/\/alice.ch\/app\/uploads\/2022\/12\/4_MB_FA_PA-E.pdf\" target=\"_blank\" rel=\"noreferrer noopener\">Modulbeschreibung PA-E<br \/>PDF &#8211; 708 KB<\/a><\/div>\n<\/div>\n\n\n\n<div class=\"wp-block-column is-layout-flow wp-block-column-is-layout-flow\" style=\"flex-basis:50%\"><\/div>\n<\/div>\n\n\n\n<h2 class=\"wp-block-heading\">Stufe II:<\/h2>\n\n\n\n<p>Modul 2: Gruppenprozesse in Lernveranstaltungen begleiten (AdA FA-M2):<\/p>\n\n\n\n<div class=\"wp-block-columns is-layout-flex wp-container-core-columns-is-layout-28f84493 wp-block-columns-is-layout-flex\">\n<div class=\"wp-block-column is-layout-flow wp-block-column-is-layout-flow\" style=\"flex-basis:50%\">\n<div class=\"wp-block-file\"><a id=\"wp-block-file--media-eec9df04-5b29-4ed0-89c9-db8c1ad39e07\" href=\"https:\/\/alice.ch\/app\/uploads\/2022\/12\/5_MB_AdA_FA-M2.pdf\" target=\"_blank\" rel=\"noreferrer noopener\">Modulbeschreibung AdA FA-M2<br \/>PDF &#8211; 121 KB<\/a><\/div>\n<\/div>\n\n\n\n<div class=\"wp-block-column is-layout-flow wp-block-column-is-layout-flow\" style=\"flex-basis:50%\"><\/div>\n<\/div>\n\n\n\n<p>Modul 3: Individuelle Lernprozesse unterst\u00fctzen (AdA FA-M3):<\/p>\n\n\n\n<div class=\"wp-block-columns is-layout-flex wp-container-core-columns-is-layout-28f84493 wp-block-columns-is-layout-flex\">\n<div class=\"wp-block-column is-layout-flow wp-block-column-is-layout-flow\" style=\"flex-basis:50%\">\n<div class=\"wp-block-file\"><a id=\"wp-block-file--media-eec9df04-5b29-4ed0-89c9-db8c1ad39e07\" href=\"https:\/\/alice.ch\/app\/uploads\/2022\/12\/6_MB_AdA_FA-M3.pdf\" target=\"_blank\" rel=\"noreferrer noopener\">Modulbeschreibung AdA FA-M3<br \/>PDF &#8211; 119 KB<\/a><\/div>\n<\/div>\n\n\n\n<div class=\"wp-block-column is-layout-flow wp-block-column-is-layout-flow\" style=\"flex-basis:50%\"><\/div>\n<\/div>\n\n\n\n<p>Modul 4: Bildungsangebote f\u00fcr Erwachsene konzipieren (AdA FA-M4):<\/p>\n\n\n\n<div class=\"wp-block-columns is-layout-flex wp-container-core-columns-is-layout-28f84493 wp-block-columns-is-layout-flex\">\n<div class=\"wp-block-column is-layout-flow wp-block-column-is-layout-flow\" style=\"flex-basis:50%\">\n<div class=\"wp-block-file\"><a id=\"wp-block-file--media-eec9df04-5b29-4ed0-89c9-db8c1ad39e07\" href=\"https:\/\/alice.ch\/app\/uploads\/2022\/12\/7_MB_AdA_FA-M4.pdf\" target=\"_blank\" rel=\"noreferrer noopener\">Modulbeschreibung AdA FA-M4<br \/>PDF &#8211; 113 KB<\/a><\/div>\n<\/div>\n\n\n\n<div class=\"wp-block-column is-layout-flow wp-block-column-is-layout-flow\" style=\"flex-basis:50%\"><\/div>\n<\/div>\n\n\n\n<p>Modul 5: Lernveranstaltungen f\u00fcr Erwachsene didaktisch gestalten (AdA FA-M5):<\/p>\n\n\n\n<div class=\"wp-block-columns is-layout-flex wp-container-core-columns-is-layout-28f84493 wp-block-columns-is-layout-flex\">\n<div class=\"wp-block-column is-layout-flow wp-block-column-is-layout-flow\" style=\"flex-basis:50%\">\n<div class=\"wp-block-file\"><a id=\"wp-block-file--media-eec9df04-5b29-4ed0-89c9-db8c1ad39e07\" href=\"https:\/\/alice.ch\/app\/uploads\/2022\/12\/8_MB_AdA_FA-M5.pdf\" target=\"_blank\" rel=\"noreferrer noopener\">Modulbeschreibung AdA FA-M5<br \/>PDF &#8211; 115 KB<\/a><\/div>\n<\/div>\n\n\n\n<div class=\"wp-block-column is-layout-flow wp-block-column-is-layout-flow\" style=\"flex-basis:50%\"><\/div>\n<\/div>\n\n\n\n<h2 class=\"wp-block-heading\">Eidgen\u00f6ssischer Fachausweis Ausbilderin\/Ausbilder<\/h2>\n\n\n\n<p>Den eidg. Fachausweis nach AdA-System 2015 erlangen Sie durch die Zentrale \u00dcberpr\u00fcfung (Z\u00dc) Ihrer in den Modulkursen abgelegten Kompetenznachweise. Die Voraussetzungen, Informationen zum Vorgehen sowie wichtige Termine sind auf der Seite <a href=\"https:\/\/alice.ch\/de\/professionalisierung\/eidg-fachausweis-ausbilderin-ausbilder\/zentrale-ueberpruefung-fachausweis-2015\/\">\u00abZentrale \u00dcberpr\u00fcfung Fachausweis 2015\u00bb<\/a> beschrieben.<\/p>\n\n\n\n<p>Die Module des AdA-Baukastensystems 2015 d\u00fcrfen l\u00e4ngstens bis Ende 2025 angeboten werden.<\/p>\n\n\n\n<div class=\"wp-block-columns is-layout-flex wp-container-core-columns-is-layout-28f84493 wp-block-columns-is-layout-flex\">\n<div class=\"wp-block-column is-layout-flow wp-block-column-is-layout-flow\" style=\"flex-basis:100%\">\n<div class=\"wp-block-columns is-layout-flex wp-container-core-columns-is-layout-28f84493 wp-block-columns-is-layout-flex\">\n<div class=\"wp-block-column is-layout-flow wp-block-column-is-layout-flow\" style=\"flex-basis:100%\">\n<div class=\"wp-block-columns is-layout-flex wp-container-core-columns-is-layout-28f84493 wp-block-columns-is-layout-flex\">\n<div class=\"wp-block-column is-layout-flow wp-block-column-is-layout-flow\" style=\"flex-basis:50%\">\n<div class=\"wp-block-file\"><a id=\"wp-block-file--media-eec9df04-5b29-4ed0-89c9-db8c1ad39e07\" href=\"https:\/\/alice.ch\/app\/uploads\/2023\/04\/Uebergangsregelung-vom-FA-2015-zum-FA-2023.pdf\" target=\"_blank\" rel=\"noreferrer noopener\">\u00dcbergangsregelungen<br \/>PDF &#8211; <\/a><\/div>\n<\/div>\n\n\n\n<div class=\"wp-block-column is-layout-flow wp-block-column-is-layout-flow\" style=\"flex-basis:50%\"><\/div>\n<\/div>\n<\/div>\n<\/div>\n<\/div>\n<\/div>\n\n\n\n<div class=\"wp-block-buttons is-layout-flex wp-block-buttons-is-layout-flex\">\n<div class=\"wp-block-button has-custom-width wp-block-button__width-50 is-style-outline is-style-outline--1\"><a class=\"wp-block-button__link wp-element-button\" href=\"https:\/\/alice.ch\/de\/professionalisierung\/ada-baukastensystem\/ada-kurse-finden\/\">AdA-Kurse finden \u2013 Anerkannte Modul-Angebote<\/a><\/div>\n<\/div>\n\n\n\n<h2 class=\"wp-block-heading\">Kontakt<\/h2>\n\n\n\n<div class=\"wp-block-columns is-layout-flex wp-container-core-columns-is-layout-28f84493 wp-block-columns-is-layout-flex\">\n<div class=\"wp-block-column is-layout-flow wp-block-column-is-layout-flow\" style=\"flex-basis:50%\"><div class=\"contact-persons\">\n\n\t\t\t\t\t<div class=\"contact-person\">\n\t\t\t\t\tGesch\u00e4ftsstelle AdA<br \/>\t\t\t\t\tGerry Weibel<br \/>\t\t\t\t\t<br \/>\n\t\t\t\t\tSachbearbeiter AdA Baukasten<br \/>\r\nNationaler Koordinator eidg. Berufspr\u00fcfung Ausbilder\/-in mit Fachausweis<br \/>\t\t\t\t\t<a href=\"tel:+41 (0)44 319 71 62\">+41 (0)44 319 71 62<\/a><br \/>\t\t\t\t\t<a href=\"mailto:gerry.weibel@alice.ch\">gerry.weibel@alice.ch<\/a><br \/>\t\t\t\t\t<\/div>\n\t\t\t\t\t<\/div>\n<\/div>\n\n\n\n<div class=\"wp-block-column is-layout-flow wp-block-column-is-layout-flow\" style=\"flex-basis:50%\"><\/div>\n<\/div>\n<\/div>\n","protected":false},"excerpt":{"rendered":"<p>AdA-Abschl\u00fcsse nach Baukasten 2015 Auf dieser Seite finden Sie die Modulbeschreibungen aller Module nach dem AdA-Baukastensystem 2015. Stufe I: SVEB-Zertifikat [&hellip;]<\/p>\n","protected":false},"author":2,"featured_media":20799,"parent":551,"menu_order":346,"comment_status":"closed","ping_status":"closed","template":"","meta":{"_acf_changed":false,"inline_featured_image":false,"footnotes":""},"class_list":["post-553","page","type-page","status-publish","has-post-thumbnail","hentry"],"acf":[],"yoast_head":"<!-- This site is optimized with the Yoast SEO plugin v27.3 - https:\/\/yoast.com\/product\/yoast-seo-wordpress\/ -->\n<title>AdA-Abschl\u00fcsse nach Baukasten 2015 - SVEB<\/title>\n<meta name=\"description\" content=\"Alle AdA-Abschl\u00fcsse nach Baukasten 2015 mit den Modulbeschreibungen aller Module (Stufe I, Stufe II, Eidg. Fachausweis Ausbilderin\/Ausbilder)\" \/>\n<meta name=\"robots\" content=\"index, follow, max-snippet:-1, max-image-preview:large, max-video-preview:-1\" \/>\n<link rel=\"canonical\" href=\"https:\/\/alice.ch\/de\/professionalisierung\/ada-baukastensystem\/ada-abschluesse-nach-baukasten-2015\/\" \/>\n<meta property=\"og:locale\" content=\"de_DE\" \/>\n<meta property=\"og:type\" content=\"article\" \/>\n<meta property=\"og:title\" content=\"AdA-Abschl\u00fcsse nach Baukasten 2015 - SVEB\" \/>\n<meta property=\"og:description\" content=\"Alle AdA-Abschl\u00fcsse nach Baukasten 2015 mit den Modulbeschreibungen aller Module (Stufe I, Stufe II, Eidg. Fachausweis Ausbilderin\/Ausbilder)\" \/>\n<meta property=\"og:url\" content=\"https:\/\/alice.ch\/de\/professionalisierung\/ada-baukastensystem\/ada-abschluesse-nach-baukasten-2015\/\" \/>\n<meta property=\"og:site_name\" content=\"SVEB\" \/>\n<meta property=\"article:modified_time\" content=\"2023-12-01T10:57:48+00:00\" \/>\n<meta name=\"twitter:card\" content=\"summary_large_image\" \/>\n<meta name=\"twitter:label1\" content=\"Gesch\u00e4tzte Lesezeit\" \/>\n\t<meta name=\"twitter:data1\" content=\"2\u00a0Minuten\" \/>\n<script type=\"application\/ld+json\" class=\"yoast-schema-graph\">{\"@context\":\"https:\\\/\\\/schema.org\",\"@graph\":[{\"@type\":\"WebPage\",\"@id\":\"https:\\\/\\\/alice.ch\\\/de\\\/professionalisierung\\\/ada-baukastensystem\\\/ada-abschluesse-nach-baukasten-2015\\\/\",\"url\":\"https:\\\/\\\/alice.ch\\\/de\\\/professionalisierung\\\/ada-baukastensystem\\\/ada-abschluesse-nach-baukasten-2015\\\/\",\"name\":\"AdA-Abschl\u00fcsse nach Baukasten 2015 - SVEB\",\"isPartOf\":{\"@id\":\"https:\\\/\\\/alice.ch\\\/de\\\/#website\"},\"primaryImageOfPage\":{\"@id\":\"https:\\\/\\\/alice.ch\\\/de\\\/professionalisierung\\\/ada-baukastensystem\\\/ada-abschluesse-nach-baukasten-2015\\\/#primaryimage\"},\"image\":{\"@id\":\"https:\\\/\\\/alice.ch\\\/de\\\/professionalisierung\\\/ada-baukastensystem\\\/ada-abschluesse-nach-baukasten-2015\\\/#primaryimage\"},\"thumbnailUrl\":\"https:\\\/\\\/alice.ch\\\/app\\\/uploads\\\/2022\\\/11\\\/default.jpg\",\"datePublished\":\"2022-08-16T15:32:14+00:00\",\"dateModified\":\"2023-12-01T10:57:48+00:00\",\"description\":\"Alle AdA-Abschl\u00fcsse nach Baukasten 2015 mit den Modulbeschreibungen aller Module (Stufe I, Stufe II, Eidg. Fachausweis Ausbilderin\\\/Ausbilder)\",\"breadcrumb\":{\"@id\":\"https:\\\/\\\/alice.ch\\\/de\\\/professionalisierung\\\/ada-baukastensystem\\\/ada-abschluesse-nach-baukasten-2015\\\/#breadcrumb\"},\"inLanguage\":\"de\",\"potentialAction\":[{\"@type\":\"ReadAction\",\"target\":[\"https:\\\/\\\/alice.ch\\\/de\\\/professionalisierung\\\/ada-baukastensystem\\\/ada-abschluesse-nach-baukasten-2015\\\/\"]}]},{\"@type\":\"ImageObject\",\"inLanguage\":\"de\",\"@id\":\"https:\\\/\\\/alice.ch\\\/de\\\/professionalisierung\\\/ada-baukastensystem\\\/ada-abschluesse-nach-baukasten-2015\\\/#primaryimage\",\"url\":\"https:\\\/\\\/alice.ch\\\/app\\\/uploads\\\/2022\\\/11\\\/default.jpg\",\"contentUrl\":\"https:\\\/\\\/alice.ch\\\/app\\\/uploads\\\/2022\\\/11\\\/default.jpg\",\"width\":1600,\"height\":900},{\"@type\":\"BreadcrumbList\",\"@id\":\"https:\\\/\\\/alice.ch\\\/de\\\/professionalisierung\\\/ada-baukastensystem\\\/ada-abschluesse-nach-baukasten-2015\\\/#breadcrumb\",\"itemListElement\":[{\"@type\":\"ListItem\",\"position\":1,\"name\":\"Startseite\",\"item\":\"https:\\\/\\\/alice.ch\\\/de\\\/\"},{\"@type\":\"ListItem\",\"position\":2,\"name\":\"Professionalisierung\",\"item\":\"https:\\\/\\\/alice.ch\\\/de\\\/professionalisierung\\\/\"},{\"@type\":\"ListItem\",\"position\":3,\"name\":\"AdA-Baukastensystem\",\"item\":\"https:\\\/\\\/alice.ch\\\/de\\\/professionalisierung\\\/ada-baukastensystem\\\/\"},{\"@type\":\"ListItem\",\"position\":4,\"name\":\"AdA-Abschl\u00fcsse nach Baukasten 2015\"}]},{\"@type\":\"WebSite\",\"@id\":\"https:\\\/\\\/alice.ch\\\/de\\\/#website\",\"url\":\"https:\\\/\\\/alice.ch\\\/de\\\/\",\"name\":\"alice.ch (Adult Learning Information Center) ist das Portal der Weiterbildung in der Schweiz.\",\"description\":\"Schweizerischer Verband f\u00fcr Weiterbildung\",\"publisher\":{\"@id\":\"https:\\\/\\\/alice.ch\\\/de\\\/#organization\"},\"potentialAction\":[{\"@type\":\"SearchAction\",\"target\":{\"@type\":\"EntryPoint\",\"urlTemplate\":\"https:\\\/\\\/alice.ch\\\/de\\\/?s={search_term_string}\"},\"query-input\":{\"@type\":\"PropertyValueSpecification\",\"valueRequired\":true,\"valueName\":\"search_term_string\"}}],\"inLanguage\":\"de\"},{\"@type\":\"Organization\",\"@id\":\"https:\\\/\\\/alice.ch\\\/de\\\/#organization\",\"name\":\"SVEB Schweizerischer Verband f\u00fcr Weiterbildung\",\"url\":\"https:\\\/\\\/alice.ch\\\/de\\\/\",\"logo\":{\"@type\":\"ImageObject\",\"inLanguage\":\"de\",\"@id\":\"https:\\\/\\\/alice.ch\\\/de\\\/#\\\/schema\\\/logo\\\/image\\\/\",\"url\":\"https:\\\/\\\/alice.ch\\\/app\\\/uploads\\\/2022\\\/07\\\/logo-sveb.png\",\"contentUrl\":\"https:\\\/\\\/alice.ch\\\/app\\\/uploads\\\/2022\\\/07\\\/logo-sveb.png\",\"width\":145,\"height\":64,\"caption\":\"SVEB Schweizerischer Verband f\u00fcr Weiterbildung\"},\"image\":{\"@id\":\"https:\\\/\\\/alice.ch\\\/de\\\/#\\\/schema\\\/logo\\\/image\\\/\"},\"sameAs\":[\"https:\\\/\\\/www.linkedin.com\\\/company\\\/schweizerischer-verband-fr-weiterbildung-sveb\\\/\"]}]}<\/script>\n<!-- \/ Yoast SEO plugin. -->","yoast_head_json":{"title":"AdA-Abschl\u00fcsse nach Baukasten 2015 - SVEB","description":"Alle AdA-Abschl\u00fcsse nach Baukasten 2015 mit den Modulbeschreibungen aller Module (Stufe I, Stufe II, Eidg. Fachausweis Ausbilderin\/Ausbilder)","robots":{"index":"index","follow":"follow","max-snippet":"max-snippet:-1","max-image-preview":"max-image-preview:large","max-video-preview":"max-video-preview:-1"},"canonical":"https:\/\/alice.ch\/de\/professionalisierung\/ada-baukastensystem\/ada-abschluesse-nach-baukasten-2015\/","og_locale":"de_DE","og_type":"article","og_title":"AdA-Abschl\u00fcsse nach Baukasten 2015 - SVEB","og_description":"Alle AdA-Abschl\u00fcsse nach Baukasten 2015 mit den Modulbeschreibungen aller Module (Stufe I, Stufe II, Eidg. Fachausweis Ausbilderin\/Ausbilder)","og_url":"https:\/\/alice.ch\/de\/professionalisierung\/ada-baukastensystem\/ada-abschluesse-nach-baukasten-2015\/","og_site_name":"SVEB","article_modified_time":"2023-12-01T10:57:48+00:00","twitter_card":"summary_large_image","twitter_misc":{"Gesch\u00e4tzte Lesezeit":"2\u00a0Minuten"},"schema":{"@context":"https:\/\/schema.org","@graph":[{"@type":"WebPage","@id":"https:\/\/alice.ch\/de\/professionalisierung\/ada-baukastensystem\/ada-abschluesse-nach-baukasten-2015\/","url":"https:\/\/alice.ch\/de\/professionalisierung\/ada-baukastensystem\/ada-abschluesse-nach-baukasten-2015\/","name":"AdA-Abschl\u00fcsse nach Baukasten 2015 - SVEB","isPartOf":{"@id":"https:\/\/alice.ch\/de\/#website"},"primaryImageOfPage":{"@id":"https:\/\/alice.ch\/de\/professionalisierung\/ada-baukastensystem\/ada-abschluesse-nach-baukasten-2015\/#primaryimage"},"image":{"@id":"https:\/\/alice.ch\/de\/professionalisierung\/ada-baukastensystem\/ada-abschluesse-nach-baukasten-2015\/#primaryimage"},"thumbnailUrl":"https:\/\/alice.ch\/app\/uploads\/2022\/11\/default.jpg","datePublished":"2022-08-16T15:32:14+00:00","dateModified":"2023-12-01T10:57:48+00:00","description":"Alle AdA-Abschl\u00fcsse nach Baukasten 2015 mit den Modulbeschreibungen aller Module (Stufe I, Stufe II, Eidg. Fachausweis Ausbilderin\/Ausbilder)","breadcrumb":{"@id":"https:\/\/alice.ch\/de\/professionalisierung\/ada-baukastensystem\/ada-abschluesse-nach-baukasten-2015\/#breadcrumb"},"inLanguage":"de","potentialAction":[{"@type":"ReadAction","target":["https:\/\/alice.ch\/de\/professionalisierung\/ada-baukastensystem\/ada-abschluesse-nach-baukasten-2015\/"]}]},{"@type":"ImageObject","inLanguage":"de","@id":"https:\/\/alice.ch\/de\/professionalisierung\/ada-baukastensystem\/ada-abschluesse-nach-baukasten-2015\/#primaryimage","url":"https:\/\/alice.ch\/app\/uploads\/2022\/11\/default.jpg","contentUrl":"https:\/\/alice.ch\/app\/uploads\/2022\/11\/default.jpg","width":1600,"height":900},{"@type":"BreadcrumbList","@id":"https:\/\/alice.ch\/de\/professionalisierung\/ada-baukastensystem\/ada-abschluesse-nach-baukasten-2015\/#breadcrumb","itemListElement":[{"@type":"ListItem","position":1,"name":"Startseite","item":"https:\/\/alice.ch\/de\/"},{"@type":"ListItem","position":2,"name":"Professionalisierung","item":"https:\/\/alice.ch\/de\/professionalisierung\/"},{"@type":"ListItem","position":3,"name":"AdA-Baukastensystem","item":"https:\/\/alice.ch\/de\/professionalisierung\/ada-baukastensystem\/"},{"@type":"ListItem","position":4,"name":"AdA-Abschl\u00fcsse nach Baukasten 2015"}]},{"@type":"WebSite","@id":"https:\/\/alice.ch\/de\/#website","url":"https:\/\/alice.ch\/de\/","name":"alice.ch (Adult Learning Information Center) ist das Portal der Weiterbildung in der Schweiz.","description":"Schweizerischer Verband f\u00fcr Weiterbildung","publisher":{"@id":"https:\/\/alice.ch\/de\/#organization"},"potentialAction":[{"@type":"SearchAction","target":{"@type":"EntryPoint","urlTemplate":"https:\/\/alice.ch\/de\/?s={search_term_string}"},"query-input":{"@type":"PropertyValueSpecification","valueRequired":true,"valueName":"search_term_string"}}],"inLanguage":"de"},{"@type":"Organization","@id":"https:\/\/alice.ch\/de\/#organization","name":"SVEB Schweizerischer Verband f\u00fcr Weiterbildung","url":"https:\/\/alice.ch\/de\/","logo":{"@type":"ImageObject","inLanguage":"de","@id":"https:\/\/alice.ch\/de\/#\/schema\/logo\/image\/","url":"https:\/\/alice.ch\/app\/uploads\/2022\/07\/logo-sveb.png","contentUrl":"https:\/\/alice.ch\/app\/uploads\/2022\/07\/logo-sveb.png","width":145,"height":64,"caption":"SVEB Schweizerischer Verband f\u00fcr Weiterbildung"},"image":{"@id":"https:\/\/alice.ch\/de\/#\/schema\/logo\/image\/"},"sameAs":["https:\/\/www.linkedin.com\/company\/schweizerischer-verband-fr-weiterbildung-sveb\/"]}]}},"_links":{"self":[{"href":"https:\/\/alice.ch\/de\/wp-json\/wp\/v2\/pages\/553","targetHints":{"allow":["GET"]}}],"collection":[{"href":"https:\/\/alice.ch\/de\/wp-json\/wp\/v2\/pages"}],"about":[{"href":"https:\/\/alice.ch\/de\/wp-json\/wp\/v2\/types\/page"}],"author":[{"embeddable":true,"href":"https:\/\/alice.ch\/de\/wp-json\/wp\/v2\/users\/2"}],"replies":[{"embeddable":true,"href":"https:\/\/alice.ch\/de\/wp-json\/wp\/v2\/comments?post=553"}],"version-history":[{"count":44,"href":"https:\/\/alice.ch\/de\/wp-json\/wp\/v2\/pages\/553\/revisions"}],"predecessor-version":[{"id":56287,"href":"https:\/\/alice.ch\/de\/wp-json\/wp\/v2\/pages\/553\/revisions\/56287"}],"up":[{"embeddable":true,"href":"https:\/\/alice.ch\/de\/wp-json\/wp\/v2\/pages\/551"}],"wp:featuredmedia":[{"embeddable":true,"href":"https:\/\/alice.ch\/de\/wp-json\/wp\/v2\/media\/20799"}],"wp:attachment":[{"href":"https:\/\/alice.ch\/de\/wp-json\/wp\/v2\/media?parent=553"}],"curies":[{"name":"wp","href":"https:\/\/api.w.org\/{rel}","templated":true}]}}