{"id":5557,"date":"2022-10-26T15:08:29","date_gmt":"2022-10-26T13:08:29","guid":{"rendered":"https:\/\/projects.atxeit.ch\/sveb\/?page_id=5557"},"modified":"2022-12-30T10:21:46","modified_gmt":"2022-12-30T09:21:46","slug":"unser-netzwerk","status":"publish","type":"page","link":"https:\/\/alice.ch\/de\/themen\/grundkompetenzen\/innovativ-foerdern\/unser-netzwerk\/","title":{"rendered":"Unser Netzwerk"},"content":{"rendered":"\n<div class=\"wp-block-group is-style-reduced-width is-layout-flow wp-block-group-is-layout-flow\">\n<h1 class=\"wp-block-heading\">Unser Netzwerk<\/h1>\n\n\n\n<p>Die F\u00f6rderung der Grundkompetenzen ist eine Querschnittaufgabe, die nur dann erfolgreich umgesetzt werden kann, wenn alle Akteure sich daran beteiligen. Vernetzung und Wissensaustausch sowie Zusammenarbeit und politische Interessenvertretung tragen dazu bei, die ben\u00f6tigten Bildungsangebote und F\u00f6rderstrukturen zu schaffen.<\/p>\n\n\n\n<h2 class=\"wp-block-heading\">SVEB-Netzwerk<\/h2>\n\n\n\n<h3 class=\"wp-block-heading\">IG Grundkompetenzen<\/h3>\n\n\n\n<p>Die IG Grundkompetenzen wurde im August 2011 mit dem Ziel gegr\u00fcndet, die F\u00f6rderung der Grundkompetenzen von Erwachsenen im Hinblick auf das nationale Weiterbildungsgesetz WeBiG zu positionieren. Sie wird vom SVEB und dem&nbsp;<a href=\"http:\/\/www.lesenschreiben.ch\/\" target=\"_blank\" rel=\"noreferrer noopener\">Dachverband Lesen und Schreiben<\/a>&nbsp;gemeinsam pr\u00e4sidiert und vom SVEB koordiniert.<\/p>\n\n\n\n<div class=\"wp-block-buttons is-layout-flex wp-block-buttons-is-layout-flex\">\n<div class=\"wp-block-button has-custom-width wp-block-button__width-50 is-style-outline is-style-outline--1\"><a class=\"wp-block-button__link wp-element-button\" href=\"https:\/\/alice.ch\/de\/themen\/grundkompetenzen\/innovativ-foerdern\/ig-grundkompetenzen\/\">IG Grundkompetenzen<\/a><\/div>\n<\/div>\n\n\n\n<h3 class=\"wp-block-heading\">Austauschplattform Grundkompetenzen<\/h3>\n\n\n\n<p>Die Austauschplattform Grundkompetenzen f\u00fchrt regelm\u00e4ssig Workshops zu den Themen Alltagsmathematik und IKT-Grundkompetenzen sowie anderen aktuellen Themen aus dem Bereich durch. Die Workshops dienen der Vernetzung, dem Austausch und der Weiterentwicklung des fachlichen und strategischen Knowhows der Weiterbildungsanbieter im Bereich Grundkompetenzen. Interessierte melden sich bitte bei&nbsp;<a href=\"mailto:caecilia.maerki@alice.ch\" target=\"_blank\" rel=\"noreferrer noopener\">caecilia.maerki@alice.ch<\/a>.<\/p>\n\n\n\n<h3 class=\"wp-block-heading\">Forum Grundkompetenzen in der italienischen Schweiz<\/h3>\n\n\n\n<p>Das Forum Grundkompetenzen sieht sich als Austauschplattform der Grundkompetenzf\u00f6rderung in der italienischen Schweiz. Diese Plattform bezweckt insbesondere: Vernetzen der Akteure t\u00e4tig in diesem Bereich; Koordinieren der wichtigsten Aktivit\u00e4ten; Optimieren der Zusammenarbeit und der Synergien, um die F\u00f6rderung der Grundkompetenzen Erwachsener zu verbessern. Das Forum wurde 2014 durch Tessiner Weiterbildungsanbieter, die \u00f6ffentliche Hand und Organisationen der Arbeitswelt (OdAs) ins Leben gerufen.<\/p>\n\n\n\n<div class=\"wp-block-buttons is-layout-flex wp-block-buttons-is-layout-flex\">\n<div class=\"wp-block-button has-custom-width wp-block-button__width-50 is-style-outline is-style-outline--2\"><a class=\"wp-block-button__link wp-element-button\" href=\"http:\/\/www.conferenzacfc.ch\/fcb\" target=\"_blank\" rel=\"noreferrer noopener\">\u00abForum competenze di base\u00bb<\/a><\/div>\n<\/div>\n\n\n\n<h3 class=\"wp-block-heading\">Netzwerk Grundkompetenzen in der Romandie (CR-FBA)<\/h3>\n\n\n\n<p>Die CR-FBA ist ein Netzwerk Westschweizer Organisationen, die in der F\u00f6rderung der Grundkompetenzen Erwachsener t\u00e4tig sind. Sie hat zum Ziel, Aktivit\u00e4ten von regionaler Bedeutung in diesem Bereich zu koordinieren und zu f\u00f6rdern und deren politische und \u00f6ffentliche Unterst\u00fctzung zu verst\u00e4rken.<\/p>\n\n\n\n<div class=\"wp-block-buttons is-layout-flex wp-block-buttons-is-layout-flex\">\n<div class=\"wp-block-button has-custom-width wp-block-button__width-50 is-style-outline is-style-outline--3\"><a class=\"wp-block-button__link wp-element-button\" href=\"https:\/\/www.crfba.ch\/\" target=\"_blank\" rel=\"noreferrer noopener\">\u00abCoordination romande pour la formation de base des adultes\u00bb<\/a><\/div>\n<\/div>\n\n\n\n<h2 class=\"wp-block-heading\">Internationales Netzwerk<\/h2>\n\n\n\n<p>Auch in der internationalen Vernetzung \u00fcbernimmt der SVEB eine wichtige Rolle. Seit 2005 beteiligen wir uns an Grundkompetenz-Projekten aus den EU-Bildungsprogrammen (Erasmus+) und haben dadurch Zugang zu Wissen und Erfahrungen aus L\u00e4ndern, die der Schweiz auf diesem Gebiet um Jahre voraus sind.<\/p>\n\n\n\n<p>Das&nbsp;<a href=\"https:\/\/basicskills.eu\/organization\/\" target=\"_blank\" rel=\"noreferrer noopener\">European Basic Skills Networks EBSN<\/a>&nbsp;ist eine wichtige Plattform f\u00fcr den Austausch unter den europ\u00e4ischen Partnern im Bereich Grundkompetenzen. F\u00fcr den SVEB ist C\u00e4cilia M\u00e4rki im Vorstand des EBSN. Im&nbsp;<a href=\"https:\/\/eaea.org\/about-us\/organisation\/executive-board\/\" target=\"_blank\" rel=\"noreferrer noopener\">Europ\u00e4ischen Verband f\u00fcr Erwachsenenbildung EAEA<\/a>&nbsp;ist SVEB-Direktor Bernhard Gr\u00e4miger im Vorstand.<\/p>\n\n\n\n<p>Globale Netzwerke, mit denen der SVEB zusammen arbeitet, sind:<\/p>\n\n\n\n<div class=\"wp-block-buttons is-layout-flex wp-block-buttons-is-layout-flex\">\n<div class=\"wp-block-button has-custom-width wp-block-button__width-50 is-style-outline is-style-outline--4\"><a class=\"wp-block-button__link wp-element-button\" href=\"http:\/\/icae.global\/\" target=\"_blank\" rel=\"noreferrer noopener\">International Council of Adult Education ICAE<\/a><\/div>\n<\/div>\n\n\n\n<div class=\"wp-block-buttons is-layout-flex wp-block-buttons-is-layout-flex\">\n<div class=\"wp-block-button has-custom-width wp-block-button__width-50 is-style-outline is-style-outline--5\"><a class=\"wp-block-button__link wp-element-button\" href=\"https:\/\/uil.unesco.org\/\" target=\"_blank\" rel=\"noreferrer noopener\">UNESCO Institute for Lifelong Learning UIL<\/a><\/div>\n<\/div>\n\n\n\n<div class=\"wp-block-buttons is-layout-flex wp-block-buttons-is-layout-flex\">\n<div class=\"wp-block-button has-custom-width wp-block-button__width-50 is-style-outline is-style-outline--6\"><a class=\"wp-block-button__link wp-element-button\" href=\"https:\/\/basicskills.eu\/\" target=\"_blank\" rel=\"noreferrer noopener\">European Basic Skills Network EBSN<\/a><\/div>\n<\/div>\n\n\n\n<div class=\"wp-block-buttons is-layout-flex wp-block-buttons-is-layout-flex\">\n<div class=\"wp-block-button has-custom-width wp-block-button__width-50 is-style-outline is-style-outline--7\"><a class=\"wp-block-button__link wp-element-button\" href=\"\" target=\"_blank\" rel=\"noreferrer noopener\">Europ\u00e4ischer Verband f\u00fcr Erwachsenenbildung EAEA<\/a><\/div>\n<\/div>\n\n\n\n<h2 class=\"wp-block-heading\">Kontakt<\/h2>\n\n\n\n<div class=\"wp-block-columns is-layout-flex wp-container-core-columns-is-layout-28f84493 wp-block-columns-is-layout-flex\">\n<div class=\"wp-block-column is-layout-flow wp-block-column-is-layout-flow\" style=\"flex-basis:50%\"><div class=\"contact-persons\">\n\n\t\t\t\t\t<div class=\"contact-person\">\n\t\t\t\t\tC\u00e4cilia M\u00e4rki<br \/>\t\t\t\t\tSenior Projektleiterin und Ko-Koordinationsverantwortliche Grundkompetenzen<br \/>\t\t\t\t\t<br \/>\n\t\t\t\t\t\t\t\t\t\t<a href=\"tel:+41 (0)44 319 71 58\">+41 (0)44 319 71 58<\/a><br \/>\t\t\t\t\t<a href=\"mailto:caecilia.maerki@alice.ch\">caecilia.maerki@alice.ch<\/a><br \/>\t\t\t\t\t<\/div>\n\t\t\t\t\t<\/div>\n<\/div>\n\n\n\n<div class=\"wp-block-column is-layout-flow wp-block-column-is-layout-flow\" style=\"flex-basis:50%\"><\/div>\n<\/div>\n<\/div>\n","protected":false},"excerpt":{"rendered":"<p>Unser Netzwerk Die F\u00f6rderung der Grundkompetenzen ist eine Querschnittaufgabe, die nur dann erfolgreich umgesetzt werden kann, wenn alle Akteure sich [&hellip;]<\/p>\n","protected":false},"author":4,"featured_media":20799,"parent":362,"menu_order":46,"comment_status":"closed","ping_status":"closed","template":"","meta":{"_acf_changed":false,"inline_featured_image":false,"footnotes":""},"class_list":["post-5557","page","type-page","status-publish","has-post-thumbnail","hentry"],"acf":[],"yoast_head":"<!-- This site is optimized with the Yoast SEO plugin v27.3 - https:\/\/yoast.com\/product\/yoast-seo-wordpress\/ -->\n<title>Unser Netzwerk - SVEB<\/title>\n<meta name=\"robots\" content=\"index, follow, max-snippet:-1, max-image-preview:large, max-video-preview:-1\" \/>\n<link rel=\"canonical\" href=\"https:\/\/alice.ch\/de\/themen\/grundkompetenzen\/innovativ-foerdern\/unser-netzwerk\/\" \/>\n<meta property=\"og:locale\" content=\"de_DE\" \/>\n<meta property=\"og:type\" content=\"article\" \/>\n<meta property=\"og:title\" content=\"Unser Netzwerk - SVEB\" \/>\n<meta property=\"og:description\" content=\"Unser Netzwerk Die F\u00f6rderung der Grundkompetenzen ist eine Querschnittaufgabe, die nur dann erfolgreich umgesetzt werden kann, wenn alle Akteure sich [&hellip;]\" \/>\n<meta property=\"og:url\" content=\"https:\/\/alice.ch\/de\/themen\/grundkompetenzen\/innovativ-foerdern\/unser-netzwerk\/\" \/>\n<meta property=\"og:site_name\" content=\"SVEB\" \/>\n<meta property=\"article:modified_time\" content=\"2022-12-30T09:21:46+00:00\" \/>\n<meta property=\"og:image\" content=\"https:\/\/alice.ch\/app\/uploads\/2022\/11\/default.jpg\" \/>\n\t<meta property=\"og:image:width\" content=\"1600\" \/>\n\t<meta property=\"og:image:height\" content=\"900\" \/>\n\t<meta property=\"og:image:type\" content=\"image\/jpeg\" \/>\n<meta name=\"twitter:card\" content=\"summary_large_image\" \/>\n<meta name=\"twitter:label1\" content=\"Gesch\u00e4tzte Lesezeit\" \/>\n\t<meta name=\"twitter:data1\" content=\"3\u00a0Minuten\" \/>\n<script type=\"application\/ld+json\" class=\"yoast-schema-graph\">{\"@context\":\"https:\\\/\\\/schema.org\",\"@graph\":[{\"@type\":\"WebPage\",\"@id\":\"https:\\\/\\\/alice.ch\\\/de\\\/themen\\\/grundkompetenzen\\\/innovativ-foerdern\\\/unser-netzwerk\\\/\",\"url\":\"https:\\\/\\\/alice.ch\\\/de\\\/themen\\\/grundkompetenzen\\\/innovativ-foerdern\\\/unser-netzwerk\\\/\",\"name\":\"Unser Netzwerk - SVEB\",\"isPartOf\":{\"@id\":\"https:\\\/\\\/alice.ch\\\/de\\\/#website\"},\"primaryImageOfPage\":{\"@id\":\"https:\\\/\\\/alice.ch\\\/de\\\/themen\\\/grundkompetenzen\\\/innovativ-foerdern\\\/unser-netzwerk\\\/#primaryimage\"},\"image\":{\"@id\":\"https:\\\/\\\/alice.ch\\\/de\\\/themen\\\/grundkompetenzen\\\/innovativ-foerdern\\\/unser-netzwerk\\\/#primaryimage\"},\"thumbnailUrl\":\"https:\\\/\\\/alice.ch\\\/app\\\/uploads\\\/2022\\\/11\\\/default.jpg\",\"datePublished\":\"2022-10-26T13:08:29+00:00\",\"dateModified\":\"2022-12-30T09:21:46+00:00\",\"breadcrumb\":{\"@id\":\"https:\\\/\\\/alice.ch\\\/de\\\/themen\\\/grundkompetenzen\\\/innovativ-foerdern\\\/unser-netzwerk\\\/#breadcrumb\"},\"inLanguage\":\"de\",\"potentialAction\":[{\"@type\":\"ReadAction\",\"target\":[\"https:\\\/\\\/alice.ch\\\/de\\\/themen\\\/grundkompetenzen\\\/innovativ-foerdern\\\/unser-netzwerk\\\/\"]}]},{\"@type\":\"ImageObject\",\"inLanguage\":\"de\",\"@id\":\"https:\\\/\\\/alice.ch\\\/de\\\/themen\\\/grundkompetenzen\\\/innovativ-foerdern\\\/unser-netzwerk\\\/#primaryimage\",\"url\":\"https:\\\/\\\/alice.ch\\\/app\\\/uploads\\\/2022\\\/11\\\/default.jpg\",\"contentUrl\":\"https:\\\/\\\/alice.ch\\\/app\\\/uploads\\\/2022\\\/11\\\/default.jpg\",\"width\":1600,\"height\":900},{\"@type\":\"BreadcrumbList\",\"@id\":\"https:\\\/\\\/alice.ch\\\/de\\\/themen\\\/grundkompetenzen\\\/innovativ-foerdern\\\/unser-netzwerk\\\/#breadcrumb\",\"itemListElement\":[{\"@type\":\"ListItem\",\"position\":1,\"name\":\"Startseite\",\"item\":\"https:\\\/\\\/alice.ch\\\/de\\\/\"},{\"@type\":\"ListItem\",\"position\":2,\"name\":\"Themen\",\"item\":\"https:\\\/\\\/alice.ch\\\/de\\\/themen\\\/\"},{\"@type\":\"ListItem\",\"position\":3,\"name\":\"Grundkompetenzen\",\"item\":\"https:\\\/\\\/alice.ch\\\/de\\\/themen\\\/grundkompetenzen\\\/\"},{\"@type\":\"ListItem\",\"position\":4,\"name\":\"Innovativ f\u00f6rdern\",\"item\":\"https:\\\/\\\/alice.ch\\\/de\\\/themen\\\/grundkompetenzen\\\/innovativ-foerdern\\\/\"},{\"@type\":\"ListItem\",\"position\":5,\"name\":\"Unser Netzwerk\"}]},{\"@type\":\"WebSite\",\"@id\":\"https:\\\/\\\/alice.ch\\\/de\\\/#website\",\"url\":\"https:\\\/\\\/alice.ch\\\/de\\\/\",\"name\":\"alice.ch (Adult Learning Information Center) ist das Portal der Weiterbildung in der Schweiz.\",\"description\":\"Schweizerischer Verband f\u00fcr Weiterbildung\",\"publisher\":{\"@id\":\"https:\\\/\\\/alice.ch\\\/de\\\/#organization\"},\"potentialAction\":[{\"@type\":\"SearchAction\",\"target\":{\"@type\":\"EntryPoint\",\"urlTemplate\":\"https:\\\/\\\/alice.ch\\\/de\\\/?s={search_term_string}\"},\"query-input\":{\"@type\":\"PropertyValueSpecification\",\"valueRequired\":true,\"valueName\":\"search_term_string\"}}],\"inLanguage\":\"de\"},{\"@type\":\"Organization\",\"@id\":\"https:\\\/\\\/alice.ch\\\/de\\\/#organization\",\"name\":\"SVEB Schweizerischer Verband f\u00fcr Weiterbildung\",\"url\":\"https:\\\/\\\/alice.ch\\\/de\\\/\",\"logo\":{\"@type\":\"ImageObject\",\"inLanguage\":\"de\",\"@id\":\"https:\\\/\\\/alice.ch\\\/de\\\/#\\\/schema\\\/logo\\\/image\\\/\",\"url\":\"https:\\\/\\\/alice.ch\\\/app\\\/uploads\\\/2022\\\/07\\\/logo-sveb.png\",\"contentUrl\":\"https:\\\/\\\/alice.ch\\\/app\\\/uploads\\\/2022\\\/07\\\/logo-sveb.png\",\"width\":145,\"height\":64,\"caption\":\"SVEB Schweizerischer Verband f\u00fcr Weiterbildung\"},\"image\":{\"@id\":\"https:\\\/\\\/alice.ch\\\/de\\\/#\\\/schema\\\/logo\\\/image\\\/\"},\"sameAs\":[\"https:\\\/\\\/www.linkedin.com\\\/company\\\/schweizerischer-verband-fr-weiterbildung-sveb\\\/\"]}]}<\/script>\n<!-- \/ Yoast SEO plugin. -->","yoast_head_json":{"title":"Unser Netzwerk - SVEB","robots":{"index":"index","follow":"follow","max-snippet":"max-snippet:-1","max-image-preview":"max-image-preview:large","max-video-preview":"max-video-preview:-1"},"canonical":"https:\/\/alice.ch\/de\/themen\/grundkompetenzen\/innovativ-foerdern\/unser-netzwerk\/","og_locale":"de_DE","og_type":"article","og_title":"Unser Netzwerk - SVEB","og_description":"Unser Netzwerk Die F\u00f6rderung der Grundkompetenzen ist eine Querschnittaufgabe, die nur dann erfolgreich umgesetzt werden kann, wenn alle Akteure sich [&hellip;]","og_url":"https:\/\/alice.ch\/de\/themen\/grundkompetenzen\/innovativ-foerdern\/unser-netzwerk\/","og_site_name":"SVEB","article_modified_time":"2022-12-30T09:21:46+00:00","og_image":[{"width":1600,"height":900,"url":"https:\/\/alice.ch\/app\/uploads\/2022\/11\/default.jpg","type":"image\/jpeg"}],"twitter_card":"summary_large_image","twitter_misc":{"Gesch\u00e4tzte Lesezeit":"3\u00a0Minuten"},"schema":{"@context":"https:\/\/schema.org","@graph":[{"@type":"WebPage","@id":"https:\/\/alice.ch\/de\/themen\/grundkompetenzen\/innovativ-foerdern\/unser-netzwerk\/","url":"https:\/\/alice.ch\/de\/themen\/grundkompetenzen\/innovativ-foerdern\/unser-netzwerk\/","name":"Unser Netzwerk - SVEB","isPartOf":{"@id":"https:\/\/alice.ch\/de\/#website"},"primaryImageOfPage":{"@id":"https:\/\/alice.ch\/de\/themen\/grundkompetenzen\/innovativ-foerdern\/unser-netzwerk\/#primaryimage"},"image":{"@id":"https:\/\/alice.ch\/de\/themen\/grundkompetenzen\/innovativ-foerdern\/unser-netzwerk\/#primaryimage"},"thumbnailUrl":"https:\/\/alice.ch\/app\/uploads\/2022\/11\/default.jpg","datePublished":"2022-10-26T13:08:29+00:00","dateModified":"2022-12-30T09:21:46+00:00","breadcrumb":{"@id":"https:\/\/alice.ch\/de\/themen\/grundkompetenzen\/innovativ-foerdern\/unser-netzwerk\/#breadcrumb"},"inLanguage":"de","potentialAction":[{"@type":"ReadAction","target":["https:\/\/alice.ch\/de\/themen\/grundkompetenzen\/innovativ-foerdern\/unser-netzwerk\/"]}]},{"@type":"ImageObject","inLanguage":"de","@id":"https:\/\/alice.ch\/de\/themen\/grundkompetenzen\/innovativ-foerdern\/unser-netzwerk\/#primaryimage","url":"https:\/\/alice.ch\/app\/uploads\/2022\/11\/default.jpg","contentUrl":"https:\/\/alice.ch\/app\/uploads\/2022\/11\/default.jpg","width":1600,"height":900},{"@type":"BreadcrumbList","@id":"https:\/\/alice.ch\/de\/themen\/grundkompetenzen\/innovativ-foerdern\/unser-netzwerk\/#breadcrumb","itemListElement":[{"@type":"ListItem","position":1,"name":"Startseite","item":"https:\/\/alice.ch\/de\/"},{"@type":"ListItem","position":2,"name":"Themen","item":"https:\/\/alice.ch\/de\/themen\/"},{"@type":"ListItem","position":3,"name":"Grundkompetenzen","item":"https:\/\/alice.ch\/de\/themen\/grundkompetenzen\/"},{"@type":"ListItem","position":4,"name":"Innovativ f\u00f6rdern","item":"https:\/\/alice.ch\/de\/themen\/grundkompetenzen\/innovativ-foerdern\/"},{"@type":"ListItem","position":5,"name":"Unser Netzwerk"}]},{"@type":"WebSite","@id":"https:\/\/alice.ch\/de\/#website","url":"https:\/\/alice.ch\/de\/","name":"alice.ch (Adult Learning Information Center) ist das Portal der Weiterbildung in der Schweiz.","description":"Schweizerischer Verband f\u00fcr Weiterbildung","publisher":{"@id":"https:\/\/alice.ch\/de\/#organization"},"potentialAction":[{"@type":"SearchAction","target":{"@type":"EntryPoint","urlTemplate":"https:\/\/alice.ch\/de\/?s={search_term_string}"},"query-input":{"@type":"PropertyValueSpecification","valueRequired":true,"valueName":"search_term_string"}}],"inLanguage":"de"},{"@type":"Organization","@id":"https:\/\/alice.ch\/de\/#organization","name":"SVEB Schweizerischer Verband f\u00fcr Weiterbildung","url":"https:\/\/alice.ch\/de\/","logo":{"@type":"ImageObject","inLanguage":"de","@id":"https:\/\/alice.ch\/de\/#\/schema\/logo\/image\/","url":"https:\/\/alice.ch\/app\/uploads\/2022\/07\/logo-sveb.png","contentUrl":"https:\/\/alice.ch\/app\/uploads\/2022\/07\/logo-sveb.png","width":145,"height":64,"caption":"SVEB Schweizerischer Verband f\u00fcr Weiterbildung"},"image":{"@id":"https:\/\/alice.ch\/de\/#\/schema\/logo\/image\/"},"sameAs":["https:\/\/www.linkedin.com\/company\/schweizerischer-verband-fr-weiterbildung-sveb\/"]}]}},"_links":{"self":[{"href":"https:\/\/alice.ch\/de\/wp-json\/wp\/v2\/pages\/5557","targetHints":{"allow":["GET"]}}],"collection":[{"href":"https:\/\/alice.ch\/de\/wp-json\/wp\/v2\/pages"}],"about":[{"href":"https:\/\/alice.ch\/de\/wp-json\/wp\/v2\/types\/page"}],"author":[{"embeddable":true,"href":"https:\/\/alice.ch\/de\/wp-json\/wp\/v2\/users\/4"}],"replies":[{"embeddable":true,"href":"https:\/\/alice.ch\/de\/wp-json\/wp\/v2\/comments?post=5557"}],"version-history":[{"count":29,"href":"https:\/\/alice.ch\/de\/wp-json\/wp\/v2\/pages\/5557\/revisions"}],"predecessor-version":[{"id":40152,"href":"https:\/\/alice.ch\/de\/wp-json\/wp\/v2\/pages\/5557\/revisions\/40152"}],"up":[{"embeddable":true,"href":"https:\/\/alice.ch\/de\/wp-json\/wp\/v2\/pages\/362"}],"wp:featuredmedia":[{"embeddable":true,"href":"https:\/\/alice.ch\/de\/wp-json\/wp\/v2\/media\/20799"}],"wp:attachment":[{"href":"https:\/\/alice.ch\/de\/wp-json\/wp\/v2\/media?parent=5557"}],"curies":[{"name":"wp","href":"https:\/\/api.w.org\/{rel}","templated":true}]}}