{"id":570,"date":"2022-08-16T17:39:37","date_gmt":"2022-08-16T15:39:37","guid":{"rendered":"https:\/\/projects.atxeit.ch\/sveb\/?page_id=570"},"modified":"2025-11-15T16:24:29","modified_gmt":"2025-11-15T15:24:29","slug":"sveb-weiterbildungszertifikate","status":"publish","type":"page","link":"https:\/\/alice.ch\/de\/professionalisierung\/sveb-weiterbildungszertifikate\/","title":{"rendered":"SVEB-Weiterbildungszertifikate"},"content":{"rendered":"\n<div class=\"wp-block-group is-style-reduced-width is-layout-flow wp-block-group-is-layout-flow\">\n<h1 class=\"wp-block-heading\">SVEB-Weiterbildungszertifikate<\/h1>\n\n\n\n<p class=\"is-style-lead\">Ein Weiterbildungsbereich erg\u00e4nzt das AdA-Baukastensystem. Wer ein SVEB-Zertifikat hat, kann sich demnach nicht nur vertikal (via eidg. Fachausweis Ausbilderin\/Ausbilder), sondern auch horizontal mit den Weiterbildungszertifikaten weiterentwickeln.<\/p>\n\n\n\n<p>Auf Stufe I steht ein Weiterbildungszertifikat zur Auswahl. Auf Stufe II k\u00f6nnen drei Vertiefungsmodule zum Fachausweis als Weiterbildungsmodule besucht werden. Diese bilden eine Erg\u00e4nzung zu den formalen Abschl\u00fcssen des AdA-Baukastens. <\/p>\n\n\n\n<div class=\"wp-block-columns is-layout-flex wp-container-core-columns-is-layout-28f84493 wp-block-columns-is-layout-flex\">\n<div class=\"wp-block-column is-layout-flow wp-block-column-is-layout-flow\" style=\"flex-basis:66.66%\">\n<figure class=\"wp-block-image size-large is-style-no-border\"><img decoding=\"async\" src=\"https:\/\/alice.ch\/app\/uploads\/2025\/06\/weiterbildungsmodule.svg\" alt=\"\" class=\"wp-image-68930\"\/><\/figure>\n<\/div>\n\n\n\n<div class=\"wp-block-column is-layout-flow wp-block-column-is-layout-flow\" style=\"flex-basis:33.33%\"><\/div>\n<\/div>\n\n\n\n<div class=\"wp-block-columns is-style-accordion is-layout-flex wp-container-core-columns-is-layout-28f84493 wp-block-columns-is-layout-flex\" id=\"faq-element-1\">\n<div class=\"wp-block-column is-layout-flow wp-block-column-is-layout-flow\">\n<h3 class=\"wp-block-heading\">Stufe I: \u00abLernprozesse mit digitalen Lerntechnologien und k\u00fcnstlicher Intelligenz unterst\u00fctzen\u00bb (AdA WBM-digital)<\/h3>\n<\/div>\n\n\n\n<div class=\"wp-block-column is-layout-flow wp-block-column-is-layout-flow\">\n<p>Im eigenen Fachbereich digital gest\u00fctzte Lernprozesse mit Erwachsenen durch moderne digitale Lerntechnologien und KI effektiv umsetzen und reflektieren<\/p>\n\n\n\n<div class=\"wp-block-file\"><a id=\"wp-block-file--media-eec9df04-5b29-4ed0-89c9-db8c1ad39e07\" href=\"https:\/\/alice.ch\/app\/uploads\/2022\/11\/wbm-digital-fortgeschrittene-stufe-I.pdf\" target=\"_blank\" rel=\"noreferrer noopener\">Modulbeschreibung AdA WBM-digital<br \/>PDF &#8211; 565 KB<\/a><\/div>\n<\/div>\n<\/div>\n\n\n\n<div class=\"wp-block-columns is-style-accordion is-layout-flex wp-container-core-columns-is-layout-28f84493 wp-block-columns-is-layout-flex\" id=\"faq-element-1\">\n<div class=\"wp-block-column is-layout-flow wp-block-column-is-layout-flow\">\n<h3 class=\"wp-block-heading\">Stufe II: \u00abGruppenprozesse in Lernveranstaltungen begleiten\u00bb ( AdA FA-VM-GR)<\/h3>\n<\/div>\n\n\n\n<div class=\"wp-block-column is-layout-flow wp-block-column-is-layout-flow\">\n<p>Gruppenprozesse in Lernveranstaltungen mit Erwachsenen erkennen, situationsbezogen intervenieren und die Lern- und Arbeitsf\u00e4higkeit aktiv f\u00f6rdern<\/p>\n\n\n\n<div class=\"wp-block-file\"><a id=\"wp-block-file--media-eec9df04-5b29-4ed0-89c9-db8c1ad39e07\" href=\"https:\/\/alice.ch\/app\/uploads\/2022\/11\/FA-VM-GR_01.pdf\" target=\"_blank\" rel=\"noreferrer noopener\">Modulbeschreibung AdA FA-VM-GR Vertiefungsmodul<br \/>PDF &#8211; 213 KB<\/a><\/div>\n<\/div>\n<\/div>\n\n\n\n<div class=\"wp-block-columns is-style-accordion is-layout-flex wp-container-core-columns-is-layout-28f84493 wp-block-columns-is-layout-flex\" id=\"faq-element-1\">\n<div class=\"wp-block-column is-layout-flow wp-block-column-is-layout-flow\">\n<h3 class=\"wp-block-heading\">Stufe II: \u00abOnline-Lernangebote didaktisch konzipieren und gestalten\u00bb (AdA FA-VM-OL)<\/h3>\n<\/div>\n\n\n\n<div class=\"wp-block-column is-layout-flow wp-block-column-is-layout-flow\">\n<p>Digitale Lernformen und Lernveranstaltungen didaktisch konzipieren, gestalten und auswerten<\/p>\n\n\n\n<div class=\"wp-block-file\"><a id=\"wp-block-file--media-eec9df04-5b29-4ed0-89c9-db8c1ad39e07\" href=\"https:\/\/alice.ch\/app\/uploads\/2022\/11\/FA-VM-OL_01.pdf\" target=\"_blank\" rel=\"noreferrer noopener\">Modulbeschreibung AdA FA-VM-OL Vertiefungsmodul<br \/>PDF &#8211; 180 KB<\/a><\/div>\n<\/div>\n<\/div>\n\n\n\n<div class=\"wp-block-columns is-style-accordion is-layout-flex wp-container-core-columns-is-layout-28f84493 wp-block-columns-is-layout-flex\" id=\"faq-element-1\">\n<div class=\"wp-block-column is-layout-flow wp-block-column-is-layout-flow\">\n<h3 class=\"wp-block-heading\">Stufe II: \u00abQualifikationsverfahren kompetenzorientiert planen und gestalten\u00bb (AdA FA-VM-QV)<\/h3>\n<\/div>\n\n\n\n<div class=\"wp-block-column is-layout-flow wp-block-column-is-layout-flow\">\n<p>Kompetenzorientierte Bewertungsverfahren und Qualifikationsverfahren als<br>Ausbilderin, als Ausbilder entwickeln, durchf\u00fchren, auswerten und Leistungen bewerten<\/p>\n\n\n\n<div class=\"wp-block-file\"><a id=\"wp-block-file--media-eec9df04-5b29-4ed0-89c9-db8c1ad39e07\" href=\"https:\/\/alice.ch\/app\/uploads\/2022\/11\/FA-VM-QV_01.pdf\" target=\"_blank\" rel=\"noreferrer noopener\">Modulbeschreibung AdA FA-VM-QV Vertiefungsmodul<br \/>PDF &#8211; 209 KB<\/a><\/div>\n<\/div>\n<\/div>\n\n\n\n<h2 class=\"wp-block-heading\">AdA-Module finden<\/h2>\n\n\n\n<p>In der Kurs-Datenbank finden Sie Bildungsanbieter, die Weiterbildungsmodule anbieten:<\/p>\n\n\n\n<div class=\"wp-block-buttons is-layout-flex wp-block-buttons-is-layout-flex\">\n<div class=\"wp-block-button has-custom-width wp-block-button__width-50 is-style-outline is-style-outline--1\"><a class=\"wp-block-button__link wp-element-button\" href=\"https:\/\/alice.ch\/de\/professionalisierung\/ada-baukastensystem\/ada-kurse-finden\/?modul=21,28,27,26\">Module finden<\/a><\/div>\n<\/div>\n\n\n\n<h2 class=\"wp-block-heading\">Kontakt<\/h2>\n\n\n\n<div class=\"wp-block-columns is-style-default is-layout-flex wp-container-core-columns-is-layout-28f84493 wp-block-columns-is-layout-flex\">\n<div class=\"wp-block-column is-layout-flow wp-block-column-is-layout-flow\" style=\"flex-basis:50%\"><div class=\"contact-persons\">\n\n\t\t\t\t\t<div class=\"contact-person\">\n\t\t\t\t\tGesch\u00e4ftsstelle AdA<br \/>\t\t\t\t\tAnna Pi\u00f1ol<br \/>\t\t\t\t\t<br \/>\n\t\t\t\t\tHardstrasse 235<br \/>\r\n8005 Z\u00fcrich<br \/>\t\t\t\t\t<a href=\"tel:+41 (0)44 319 71 63\">+41 (0)44 319 71 63<\/a><br \/>\t\t\t\t\t<a href=\"mailto:ada@alice.ch\">ada@alice.ch<\/a><br \/>\t\t\t\t\t<\/div>\n\t\t\t\t\t<\/div>\n<\/div>\n\n\n\n<div class=\"wp-block-column is-layout-flow wp-block-column-is-layout-flow\" style=\"flex-basis:50%\"><\/div>\n<\/div>\n<\/div>\n\n\n\n<p><\/p>\n","protected":false},"excerpt":{"rendered":"<p>SVEB-Weiterbildungszertifikate Ein Weiterbildungsbereich erg\u00e4nzt das AdA-Baukastensystem. Wer ein SVEB-Zertifikat hat, kann sich demnach nicht nur vertikal (via eidg. Fachausweis Ausbilderin\/Ausbilder), [&hellip;]<\/p>\n","protected":false},"author":2,"featured_media":20799,"parent":25,"menu_order":604,"comment_status":"closed","ping_status":"closed","template":"","meta":{"_acf_changed":false,"inline_featured_image":false,"footnotes":""},"class_list":["post-570","page","type-page","status-publish","has-post-thumbnail","hentry"],"acf":[],"yoast_head":"<!-- This site is optimized with the Yoast SEO plugin v27.3 - https:\/\/yoast.com\/product\/yoast-seo-wordpress\/ -->\n<title>SVEB-Weiterbildungszertifikate - SVEB<\/title>\n<meta name=\"description\" content=\"Ein SVEB-Weiterbildungszertifikat ist eine Erg\u00e4nzung zu den formalen Abschl\u00fcssen des AdA-Baukastensystems.\" \/>\n<meta name=\"robots\" content=\"index, follow, max-snippet:-1, max-image-preview:large, max-video-preview:-1\" \/>\n<link rel=\"canonical\" href=\"https:\/\/alice.ch\/de\/professionalisierung\/sveb-weiterbildungszertifikate\/\" \/>\n<meta property=\"og:locale\" content=\"de_DE\" \/>\n<meta property=\"og:type\" content=\"article\" \/>\n<meta property=\"og:title\" content=\"SVEB-Weiterbildungszertifikate - SVEB\" \/>\n<meta property=\"og:description\" content=\"Ein SVEB-Weiterbildungszertifikat ist eine Erg\u00e4nzung zu den formalen Abschl\u00fcssen des AdA-Baukastensystems.\" \/>\n<meta property=\"og:url\" content=\"https:\/\/alice.ch\/de\/professionalisierung\/sveb-weiterbildungszertifikate\/\" \/>\n<meta property=\"og:site_name\" content=\"SVEB\" \/>\n<meta property=\"article:modified_time\" content=\"2025-11-15T15:24:29+00:00\" \/>\n<meta name=\"twitter:card\" content=\"summary_large_image\" \/>\n<meta name=\"twitter:label1\" content=\"Gesch\u00e4tzte Lesezeit\" \/>\n\t<meta name=\"twitter:data1\" content=\"2\u00a0Minuten\" \/>\n<script type=\"application\/ld+json\" class=\"yoast-schema-graph\">{\"@context\":\"https:\\\/\\\/schema.org\",\"@graph\":[{\"@type\":\"WebPage\",\"@id\":\"https:\\\/\\\/alice.ch\\\/de\\\/professionalisierung\\\/sveb-weiterbildungszertifikate\\\/\",\"url\":\"https:\\\/\\\/alice.ch\\\/de\\\/professionalisierung\\\/sveb-weiterbildungszertifikate\\\/\",\"name\":\"SVEB-Weiterbildungszertifikate - SVEB\",\"isPartOf\":{\"@id\":\"https:\\\/\\\/alice.ch\\\/de\\\/#website\"},\"primaryImageOfPage\":{\"@id\":\"https:\\\/\\\/alice.ch\\\/de\\\/professionalisierung\\\/sveb-weiterbildungszertifikate\\\/#primaryimage\"},\"image\":{\"@id\":\"https:\\\/\\\/alice.ch\\\/de\\\/professionalisierung\\\/sveb-weiterbildungszertifikate\\\/#primaryimage\"},\"thumbnailUrl\":\"https:\\\/\\\/alice.ch\\\/app\\\/uploads\\\/2022\\\/11\\\/default.jpg\",\"datePublished\":\"2022-08-16T15:39:37+00:00\",\"dateModified\":\"2025-11-15T15:24:29+00:00\",\"description\":\"Ein SVEB-Weiterbildungszertifikat ist eine Erg\u00e4nzung zu den formalen Abschl\u00fcssen des AdA-Baukastensystems.\",\"breadcrumb\":{\"@id\":\"https:\\\/\\\/alice.ch\\\/de\\\/professionalisierung\\\/sveb-weiterbildungszertifikate\\\/#breadcrumb\"},\"inLanguage\":\"de\",\"potentialAction\":[{\"@type\":\"ReadAction\",\"target\":[\"https:\\\/\\\/alice.ch\\\/de\\\/professionalisierung\\\/sveb-weiterbildungszertifikate\\\/\"]}]},{\"@type\":\"ImageObject\",\"inLanguage\":\"de\",\"@id\":\"https:\\\/\\\/alice.ch\\\/de\\\/professionalisierung\\\/sveb-weiterbildungszertifikate\\\/#primaryimage\",\"url\":\"https:\\\/\\\/alice.ch\\\/app\\\/uploads\\\/2022\\\/11\\\/default.jpg\",\"contentUrl\":\"https:\\\/\\\/alice.ch\\\/app\\\/uploads\\\/2022\\\/11\\\/default.jpg\",\"width\":1600,\"height\":900},{\"@type\":\"BreadcrumbList\",\"@id\":\"https:\\\/\\\/alice.ch\\\/de\\\/professionalisierung\\\/sveb-weiterbildungszertifikate\\\/#breadcrumb\",\"itemListElement\":[{\"@type\":\"ListItem\",\"position\":1,\"name\":\"Startseite\",\"item\":\"https:\\\/\\\/alice.ch\\\/de\\\/\"},{\"@type\":\"ListItem\",\"position\":2,\"name\":\"Professionalisierung\",\"item\":\"https:\\\/\\\/alice.ch\\\/de\\\/professionalisierung\\\/\"},{\"@type\":\"ListItem\",\"position\":3,\"name\":\"SVEB-Weiterbildungszertifikate\"}]},{\"@type\":\"WebSite\",\"@id\":\"https:\\\/\\\/alice.ch\\\/de\\\/#website\",\"url\":\"https:\\\/\\\/alice.ch\\\/de\\\/\",\"name\":\"alice.ch (Adult Learning Information Center) ist das Portal der Weiterbildung in der Schweiz.\",\"description\":\"Schweizerischer Verband f\u00fcr Weiterbildung\",\"publisher\":{\"@id\":\"https:\\\/\\\/alice.ch\\\/de\\\/#organization\"},\"potentialAction\":[{\"@type\":\"SearchAction\",\"target\":{\"@type\":\"EntryPoint\",\"urlTemplate\":\"https:\\\/\\\/alice.ch\\\/de\\\/?s={search_term_string}\"},\"query-input\":{\"@type\":\"PropertyValueSpecification\",\"valueRequired\":true,\"valueName\":\"search_term_string\"}}],\"inLanguage\":\"de\"},{\"@type\":\"Organization\",\"@id\":\"https:\\\/\\\/alice.ch\\\/de\\\/#organization\",\"name\":\"SVEB Schweizerischer Verband f\u00fcr Weiterbildung\",\"url\":\"https:\\\/\\\/alice.ch\\\/de\\\/\",\"logo\":{\"@type\":\"ImageObject\",\"inLanguage\":\"de\",\"@id\":\"https:\\\/\\\/alice.ch\\\/de\\\/#\\\/schema\\\/logo\\\/image\\\/\",\"url\":\"https:\\\/\\\/alice.ch\\\/app\\\/uploads\\\/2022\\\/07\\\/logo-sveb.png\",\"contentUrl\":\"https:\\\/\\\/alice.ch\\\/app\\\/uploads\\\/2022\\\/07\\\/logo-sveb.png\",\"width\":145,\"height\":64,\"caption\":\"SVEB Schweizerischer Verband f\u00fcr Weiterbildung\"},\"image\":{\"@id\":\"https:\\\/\\\/alice.ch\\\/de\\\/#\\\/schema\\\/logo\\\/image\\\/\"},\"sameAs\":[\"https:\\\/\\\/www.linkedin.com\\\/company\\\/schweizerischer-verband-fr-weiterbildung-sveb\\\/\"]}]}<\/script>\n<!-- \/ Yoast SEO plugin. -->","yoast_head_json":{"title":"SVEB-Weiterbildungszertifikate - SVEB","description":"Ein SVEB-Weiterbildungszertifikat ist eine Erg\u00e4nzung zu den formalen Abschl\u00fcssen des AdA-Baukastensystems.","robots":{"index":"index","follow":"follow","max-snippet":"max-snippet:-1","max-image-preview":"max-image-preview:large","max-video-preview":"max-video-preview:-1"},"canonical":"https:\/\/alice.ch\/de\/professionalisierung\/sveb-weiterbildungszertifikate\/","og_locale":"de_DE","og_type":"article","og_title":"SVEB-Weiterbildungszertifikate - SVEB","og_description":"Ein SVEB-Weiterbildungszertifikat ist eine Erg\u00e4nzung zu den formalen Abschl\u00fcssen des AdA-Baukastensystems.","og_url":"https:\/\/alice.ch\/de\/professionalisierung\/sveb-weiterbildungszertifikate\/","og_site_name":"SVEB","article_modified_time":"2025-11-15T15:24:29+00:00","twitter_card":"summary_large_image","twitter_misc":{"Gesch\u00e4tzte Lesezeit":"2\u00a0Minuten"},"schema":{"@context":"https:\/\/schema.org","@graph":[{"@type":"WebPage","@id":"https:\/\/alice.ch\/de\/professionalisierung\/sveb-weiterbildungszertifikate\/","url":"https:\/\/alice.ch\/de\/professionalisierung\/sveb-weiterbildungszertifikate\/","name":"SVEB-Weiterbildungszertifikate - SVEB","isPartOf":{"@id":"https:\/\/alice.ch\/de\/#website"},"primaryImageOfPage":{"@id":"https:\/\/alice.ch\/de\/professionalisierung\/sveb-weiterbildungszertifikate\/#primaryimage"},"image":{"@id":"https:\/\/alice.ch\/de\/professionalisierung\/sveb-weiterbildungszertifikate\/#primaryimage"},"thumbnailUrl":"https:\/\/alice.ch\/app\/uploads\/2022\/11\/default.jpg","datePublished":"2022-08-16T15:39:37+00:00","dateModified":"2025-11-15T15:24:29+00:00","description":"Ein SVEB-Weiterbildungszertifikat ist eine Erg\u00e4nzung zu den formalen Abschl\u00fcssen des AdA-Baukastensystems.","breadcrumb":{"@id":"https:\/\/alice.ch\/de\/professionalisierung\/sveb-weiterbildungszertifikate\/#breadcrumb"},"inLanguage":"de","potentialAction":[{"@type":"ReadAction","target":["https:\/\/alice.ch\/de\/professionalisierung\/sveb-weiterbildungszertifikate\/"]}]},{"@type":"ImageObject","inLanguage":"de","@id":"https:\/\/alice.ch\/de\/professionalisierung\/sveb-weiterbildungszertifikate\/#primaryimage","url":"https:\/\/alice.ch\/app\/uploads\/2022\/11\/default.jpg","contentUrl":"https:\/\/alice.ch\/app\/uploads\/2022\/11\/default.jpg","width":1600,"height":900},{"@type":"BreadcrumbList","@id":"https:\/\/alice.ch\/de\/professionalisierung\/sveb-weiterbildungszertifikate\/#breadcrumb","itemListElement":[{"@type":"ListItem","position":1,"name":"Startseite","item":"https:\/\/alice.ch\/de\/"},{"@type":"ListItem","position":2,"name":"Professionalisierung","item":"https:\/\/alice.ch\/de\/professionalisierung\/"},{"@type":"ListItem","position":3,"name":"SVEB-Weiterbildungszertifikate"}]},{"@type":"WebSite","@id":"https:\/\/alice.ch\/de\/#website","url":"https:\/\/alice.ch\/de\/","name":"alice.ch (Adult Learning Information Center) ist das Portal der Weiterbildung in der Schweiz.","description":"Schweizerischer Verband f\u00fcr Weiterbildung","publisher":{"@id":"https:\/\/alice.ch\/de\/#organization"},"potentialAction":[{"@type":"SearchAction","target":{"@type":"EntryPoint","urlTemplate":"https:\/\/alice.ch\/de\/?s={search_term_string}"},"query-input":{"@type":"PropertyValueSpecification","valueRequired":true,"valueName":"search_term_string"}}],"inLanguage":"de"},{"@type":"Organization","@id":"https:\/\/alice.ch\/de\/#organization","name":"SVEB Schweizerischer Verband f\u00fcr Weiterbildung","url":"https:\/\/alice.ch\/de\/","logo":{"@type":"ImageObject","inLanguage":"de","@id":"https:\/\/alice.ch\/de\/#\/schema\/logo\/image\/","url":"https:\/\/alice.ch\/app\/uploads\/2022\/07\/logo-sveb.png","contentUrl":"https:\/\/alice.ch\/app\/uploads\/2022\/07\/logo-sveb.png","width":145,"height":64,"caption":"SVEB Schweizerischer Verband f\u00fcr Weiterbildung"},"image":{"@id":"https:\/\/alice.ch\/de\/#\/schema\/logo\/image\/"},"sameAs":["https:\/\/www.linkedin.com\/company\/schweizerischer-verband-fr-weiterbildung-sveb\/"]}]}},"_links":{"self":[{"href":"https:\/\/alice.ch\/de\/wp-json\/wp\/v2\/pages\/570","targetHints":{"allow":["GET"]}}],"collection":[{"href":"https:\/\/alice.ch\/de\/wp-json\/wp\/v2\/pages"}],"about":[{"href":"https:\/\/alice.ch\/de\/wp-json\/wp\/v2\/types\/page"}],"author":[{"embeddable":true,"href":"https:\/\/alice.ch\/de\/wp-json\/wp\/v2\/users\/2"}],"replies":[{"embeddable":true,"href":"https:\/\/alice.ch\/de\/wp-json\/wp\/v2\/comments?post=570"}],"version-history":[{"count":26,"href":"https:\/\/alice.ch\/de\/wp-json\/wp\/v2\/pages\/570\/revisions"}],"predecessor-version":[{"id":72018,"href":"https:\/\/alice.ch\/de\/wp-json\/wp\/v2\/pages\/570\/revisions\/72018"}],"up":[{"embeddable":true,"href":"https:\/\/alice.ch\/de\/wp-json\/wp\/v2\/pages\/25"}],"wp:featuredmedia":[{"embeddable":true,"href":"https:\/\/alice.ch\/de\/wp-json\/wp\/v2\/media\/20799"}],"wp:attachment":[{"href":"https:\/\/alice.ch\/de\/wp-json\/wp\/v2\/media?parent=570"}],"curies":[{"name":"wp","href":"https:\/\/api.w.org\/{rel}","templated":true}]}}