{"id":574,"date":"2022-08-16T17:41:00","date_gmt":"2022-08-16T15:41:00","guid":{"rendered":"https:\/\/projects.atxeit.ch\/sveb\/?page_id=574"},"modified":"2023-05-13T11:01:42","modified_gmt":"2023-05-13T09:01:42","slug":"ada-anbieter","status":"publish","type":"page","link":"https:\/\/alice.ch\/de\/professionalisierung\/ada-anbieter\/","title":{"rendered":"AdA-Anbieter"},"content":{"rendered":"\n<div class=\"wp-block-group alignwide is-style-reduced-width is-layout-flow wp-block-group-is-layout-flow\">\n<h1 class=\"wp-block-heading\">Anbieter der AdA-Baukasten-Module<\/h1>\n\n\n\n<p class=\"is-style-lead\">Die AdA-Gesch\u00e4ftsstelle f\u00fchrt seit vielen Jahren angebotsspezifische Qualit\u00e4tssicherung in Form von Anerkennungsverfahren (AKV) durch. Institutionen, die ein solches AKV erfolgreich abgeschlossen haben, gelten als anerkannte Anbieter.<\/p>\n\n\n\n<p class=\"is-style-default\">Rund 120 Institutionen schweizweit verf\u00fcgen \u00fcber eine Anerkennung durch die Gesch\u00e4ftsstelle AdA und sind berechtigt, AdA-Module durchzuf\u00fchren und die entsprechenden Modulzertifikate auszustellen.<\/p>\n\n\n\n<div class=\"wp-block-media-text alignwide is-stacked-on-mobile is-style-icon-text\"><figure class=\"wp-block-media-text__media\"><a href=\"https:\/\/alice.ch\/de\/professionalisierung\/ada-anbieter\/ada-anbieter-werden\/\"><img decoding=\"async\" width=\"460\" height=\"460\" src=\"https:\/\/alice.ch\/app\/uploads\/2022\/11\/icon-ada-baukastensystem.png\" alt=\"\" class=\"wp-image-9469 size-full\" srcset=\"https:\/\/alice.ch\/app\/uploads\/2022\/11\/icon-ada-baukastensystem.png 460w, https:\/\/alice.ch\/app\/uploads\/2022\/11\/icon-ada-baukastensystem-300x300.png 300w, https:\/\/alice.ch\/app\/uploads\/2022\/11\/icon-ada-baukastensystem-150x150.png 150w\" sizes=\"(max-width: 460px) 100vw, 460px\" \/><\/a><\/figure><div class=\"wp-block-media-text__content\">\n<h2 class=\"wp-block-heading\"><a href=\"https:\/\/alice.ch\/de\/professionalisierung\/ada-anbieter\/ada-anbieter-werden\/\">AdA-Anbieter werden<\/a><\/h2>\n\n\n\n<p>Wie k\u00f6nnen sich Institutionen anerkennen lassen, um Module des AdA-Baukastensystems anzubieten?<\/p>\n<\/div><\/div>\n\n\n\n<hr class=\"wp-block-separator has-alpha-channel-opacity is-style-wide\"\/>\n\n\n\n<div class=\"wp-block-media-text alignwide is-stacked-on-mobile is-style-icon-text\"><figure class=\"wp-block-media-text__media\"><a href=\"https:\/\/alice.ch\/de\/professionalisierung\/ada-anbieter\/informationen-fuer-anbieter\/\"><img decoding=\"async\" width=\"1024\" height=\"785\" src=\"https:\/\/alice.ch\/app\/uploads\/2022\/11\/icons-medienkonferenz-ada-1024x785.png\" alt=\"\" class=\"wp-image-9967 size-full\" srcset=\"https:\/\/alice.ch\/app\/uploads\/2022\/11\/icons-medienkonferenz-ada-1024x785.png 1024w, https:\/\/alice.ch\/app\/uploads\/2022\/11\/icons-medienkonferenz-ada-300x230.png 300w, https:\/\/alice.ch\/app\/uploads\/2022\/11\/icons-medienkonferenz-ada-768x589.png 768w, https:\/\/alice.ch\/app\/uploads\/2022\/11\/icons-medienkonferenz-ada.png 1515w\" sizes=\"(max-width: 1024px) 100vw, 1024px\" \/><\/a><\/figure><div class=\"wp-block-media-text__content\">\n<h2 class=\"wp-block-heading\"><a href=\"https:\/\/alice.ch\/de\/professionalisierung\/ada-anbieter\/informationen-fuer-anbieter\/\">Informationen f\u00fcr Anbieter<\/a><\/h2>\n\n\n\n<p>Die AdA-Gesch\u00e4ftsstelle informiert regelm\u00e4ssig \u00fcber Neuerungen und Themen rund um den Baukasten.<\/p>\n<\/div><\/div>\n\n\n\n<hr class=\"wp-block-separator has-alpha-channel-opacity is-style-wide\"\/>\n\n\n\n<div class=\"wp-block-media-text alignwide is-stacked-on-mobile is-style-icon-text\"><figure class=\"wp-block-media-text__media\"><a href=\"https:\/\/alice.ch\/de\/professionalisierung\/ada-anbieter\/ada-plattformtagung\/\"><img decoding=\"async\" width=\"1024\" height=\"667\" src=\"https:\/\/alice.ch\/app\/uploads\/2022\/11\/icons-events-ada-1024x667.png\" alt=\"\" class=\"wp-image-9974 size-full\" srcset=\"https:\/\/alice.ch\/app\/uploads\/2022\/11\/icons-events-ada-1024x667.png 1024w, https:\/\/alice.ch\/app\/uploads\/2022\/11\/icons-events-ada-300x195.png 300w, https:\/\/alice.ch\/app\/uploads\/2022\/11\/icons-events-ada-768x500.png 768w, https:\/\/alice.ch\/app\/uploads\/2022\/11\/icons-events-ada-1536x1000.png 1536w, https:\/\/alice.ch\/app\/uploads\/2022\/11\/icons-events-ada.png 1603w\" sizes=\"(max-width: 1024px) 100vw, 1024px\" \/><\/a><\/figure><div class=\"wp-block-media-text__content\">\n<h2 class=\"wp-block-heading\"><a href=\"https:\/\/alice.ch\/de\/professionalisierung\/ada-anbieter\/ada-plattformtagung\/\">AdA-Plattformtagung<\/a><\/h2>\n\n\n\n<p>Informationen zur j\u00e4hrlichen Austauschveranstaltung<\/p>\n<\/div><\/div>\n\n\n\n<h2 class=\"wp-block-heading\">Kontakt<\/h2>\n\n\n\n<div class=\"wp-block-columns is-layout-flex wp-container-core-columns-is-layout-28f84493 wp-block-columns-is-layout-flex\">\n<div class=\"wp-block-column is-layout-flow wp-block-column-is-layout-flow\" style=\"flex-basis:50%\"><div class=\"contact-persons\">\n\n\t\t\t\t\t<div class=\"contact-person\">\n\t\t\t\t\tGesch\u00e4ftsstelle AdA<br \/>\t\t\t\t\tAnna Pi\u00f1ol<br \/>\t\t\t\t\t<br \/>\n\t\t\t\t\tHardstrasse 235<br \/>\r\n8005 Z\u00fcrich<br \/>\t\t\t\t\t<a href=\"tel:+41 (0)44 319 71 63\">+41 (0)44 319 71 63<\/a><br \/>\t\t\t\t\t<a href=\"mailto:ada@alice.ch\">ada@alice.ch<\/a><br \/>\t\t\t\t\t<\/div>\n\t\t\t\t\t<\/div>\n<\/div>\n\n\n\n<div class=\"wp-block-column is-layout-flow wp-block-column-is-layout-flow\" style=\"flex-basis:50%\"><\/div>\n<\/div>\n<\/div>\n","protected":false},"excerpt":{"rendered":"<p>Anbieter der AdA-Baukasten-Module Die AdA-Gesch\u00e4ftsstelle f\u00fchrt seit vielen Jahren angebotsspezifische Qualit\u00e4tssicherung in Form von Anerkennungsverfahren (AKV) durch. Institutionen, die ein [&hellip;]<\/p>\n","protected":false},"author":2,"featured_media":20799,"parent":25,"menu_order":478,"comment_status":"closed","ping_status":"closed","template":"","meta":{"_acf_changed":false,"inline_featured_image":false,"footnotes":""},"class_list":["post-574","page","type-page","status-publish","has-post-thumbnail","hentry"],"acf":[],"yoast_head":"<!-- This site is optimized with the Yoast SEO plugin v27.3 - https:\/\/yoast.com\/product\/yoast-seo-wordpress\/ -->\n<title>AdA-Anbieter - SVEB<\/title>\n<meta name=\"description\" content=\"AdA-anerkannte Institutionen sind schweizweit berechtigt, AdA-Module durchzuf\u00fchren und Modulzertifikate auszustellen.\" \/>\n<meta name=\"robots\" content=\"index, follow, max-snippet:-1, max-image-preview:large, max-video-preview:-1\" \/>\n<link rel=\"canonical\" href=\"https:\/\/alice.ch\/de\/professionalisierung\/ada-anbieter\/\" \/>\n<meta property=\"og:locale\" content=\"de_DE\" \/>\n<meta property=\"og:type\" content=\"article\" \/>\n<meta property=\"og:title\" content=\"AdA-Anbieter - SVEB\" \/>\n<meta property=\"og:description\" content=\"AdA-anerkannte Institutionen sind schweizweit berechtigt, AdA-Module durchzuf\u00fchren und Modulzertifikate auszustellen.\" \/>\n<meta property=\"og:url\" content=\"https:\/\/alice.ch\/de\/professionalisierung\/ada-anbieter\/\" \/>\n<meta property=\"og:site_name\" content=\"SVEB\" \/>\n<meta property=\"article:modified_time\" content=\"2023-05-13T09:01:42+00:00\" \/>\n<meta property=\"og:image\" content=\"https:\/\/alice.ch\/app\/uploads\/2022\/11\/icon-ada-baukastensystem.png\" \/>\n<meta name=\"twitter:card\" content=\"summary_large_image\" \/>\n<meta name=\"twitter:label1\" content=\"Gesch\u00e4tzte Lesezeit\" \/>\n\t<meta name=\"twitter:data1\" content=\"2\u00a0Minuten\" \/>\n<script type=\"application\/ld+json\" class=\"yoast-schema-graph\">{\"@context\":\"https:\\\/\\\/schema.org\",\"@graph\":[{\"@type\":\"WebPage\",\"@id\":\"https:\\\/\\\/alice.ch\\\/de\\\/professionalisierung\\\/ada-anbieter\\\/\",\"url\":\"https:\\\/\\\/alice.ch\\\/de\\\/professionalisierung\\\/ada-anbieter\\\/\",\"name\":\"AdA-Anbieter - SVEB\",\"isPartOf\":{\"@id\":\"https:\\\/\\\/alice.ch\\\/de\\\/#website\"},\"primaryImageOfPage\":{\"@id\":\"https:\\\/\\\/alice.ch\\\/de\\\/professionalisierung\\\/ada-anbieter\\\/#primaryimage\"},\"image\":{\"@id\":\"https:\\\/\\\/alice.ch\\\/de\\\/professionalisierung\\\/ada-anbieter\\\/#primaryimage\"},\"thumbnailUrl\":\"https:\\\/\\\/alice.ch\\\/app\\\/uploads\\\/2022\\\/11\\\/default.jpg\",\"datePublished\":\"2022-08-16T15:41:00+00:00\",\"dateModified\":\"2023-05-13T09:01:42+00:00\",\"description\":\"AdA-anerkannte Institutionen sind schweizweit berechtigt, AdA-Module durchzuf\u00fchren und Modulzertifikate auszustellen.\",\"breadcrumb\":{\"@id\":\"https:\\\/\\\/alice.ch\\\/de\\\/professionalisierung\\\/ada-anbieter\\\/#breadcrumb\"},\"inLanguage\":\"de\",\"potentialAction\":[{\"@type\":\"ReadAction\",\"target\":[\"https:\\\/\\\/alice.ch\\\/de\\\/professionalisierung\\\/ada-anbieter\\\/\"]}]},{\"@type\":\"ImageObject\",\"inLanguage\":\"de\",\"@id\":\"https:\\\/\\\/alice.ch\\\/de\\\/professionalisierung\\\/ada-anbieter\\\/#primaryimage\",\"url\":\"https:\\\/\\\/alice.ch\\\/app\\\/uploads\\\/2022\\\/11\\\/default.jpg\",\"contentUrl\":\"https:\\\/\\\/alice.ch\\\/app\\\/uploads\\\/2022\\\/11\\\/default.jpg\",\"width\":1600,\"height\":900},{\"@type\":\"BreadcrumbList\",\"@id\":\"https:\\\/\\\/alice.ch\\\/de\\\/professionalisierung\\\/ada-anbieter\\\/#breadcrumb\",\"itemListElement\":[{\"@type\":\"ListItem\",\"position\":1,\"name\":\"Startseite\",\"item\":\"https:\\\/\\\/alice.ch\\\/de\\\/\"},{\"@type\":\"ListItem\",\"position\":2,\"name\":\"Professionalisierung\",\"item\":\"https:\\\/\\\/alice.ch\\\/de\\\/professionalisierung\\\/\"},{\"@type\":\"ListItem\",\"position\":3,\"name\":\"AdA-Anbieter\"}]},{\"@type\":\"WebSite\",\"@id\":\"https:\\\/\\\/alice.ch\\\/de\\\/#website\",\"url\":\"https:\\\/\\\/alice.ch\\\/de\\\/\",\"name\":\"alice.ch (Adult Learning Information Center) ist das Portal der Weiterbildung in der Schweiz.\",\"description\":\"Schweizerischer Verband f\u00fcr Weiterbildung\",\"publisher\":{\"@id\":\"https:\\\/\\\/alice.ch\\\/de\\\/#organization\"},\"potentialAction\":[{\"@type\":\"SearchAction\",\"target\":{\"@type\":\"EntryPoint\",\"urlTemplate\":\"https:\\\/\\\/alice.ch\\\/de\\\/?s={search_term_string}\"},\"query-input\":{\"@type\":\"PropertyValueSpecification\",\"valueRequired\":true,\"valueName\":\"search_term_string\"}}],\"inLanguage\":\"de\"},{\"@type\":\"Organization\",\"@id\":\"https:\\\/\\\/alice.ch\\\/de\\\/#organization\",\"name\":\"SVEB Schweizerischer Verband f\u00fcr Weiterbildung\",\"url\":\"https:\\\/\\\/alice.ch\\\/de\\\/\",\"logo\":{\"@type\":\"ImageObject\",\"inLanguage\":\"de\",\"@id\":\"https:\\\/\\\/alice.ch\\\/de\\\/#\\\/schema\\\/logo\\\/image\\\/\",\"url\":\"https:\\\/\\\/alice.ch\\\/app\\\/uploads\\\/2022\\\/07\\\/logo-sveb.png\",\"contentUrl\":\"https:\\\/\\\/alice.ch\\\/app\\\/uploads\\\/2022\\\/07\\\/logo-sveb.png\",\"width\":145,\"height\":64,\"caption\":\"SVEB Schweizerischer Verband f\u00fcr Weiterbildung\"},\"image\":{\"@id\":\"https:\\\/\\\/alice.ch\\\/de\\\/#\\\/schema\\\/logo\\\/image\\\/\"},\"sameAs\":[\"https:\\\/\\\/www.linkedin.com\\\/company\\\/schweizerischer-verband-fr-weiterbildung-sveb\\\/\"]}]}<\/script>\n<!-- \/ Yoast SEO plugin. -->","yoast_head_json":{"title":"AdA-Anbieter - SVEB","description":"AdA-anerkannte Institutionen sind schweizweit berechtigt, AdA-Module durchzuf\u00fchren und Modulzertifikate auszustellen.","robots":{"index":"index","follow":"follow","max-snippet":"max-snippet:-1","max-image-preview":"max-image-preview:large","max-video-preview":"max-video-preview:-1"},"canonical":"https:\/\/alice.ch\/de\/professionalisierung\/ada-anbieter\/","og_locale":"de_DE","og_type":"article","og_title":"AdA-Anbieter - SVEB","og_description":"AdA-anerkannte Institutionen sind schweizweit berechtigt, AdA-Module durchzuf\u00fchren und Modulzertifikate auszustellen.","og_url":"https:\/\/alice.ch\/de\/professionalisierung\/ada-anbieter\/","og_site_name":"SVEB","article_modified_time":"2023-05-13T09:01:42+00:00","og_image":[{"url":"https:\/\/alice.ch\/app\/uploads\/2022\/11\/icon-ada-baukastensystem.png","type":"","width":"","height":""}],"twitter_card":"summary_large_image","twitter_misc":{"Gesch\u00e4tzte Lesezeit":"2\u00a0Minuten"},"schema":{"@context":"https:\/\/schema.org","@graph":[{"@type":"WebPage","@id":"https:\/\/alice.ch\/de\/professionalisierung\/ada-anbieter\/","url":"https:\/\/alice.ch\/de\/professionalisierung\/ada-anbieter\/","name":"AdA-Anbieter - SVEB","isPartOf":{"@id":"https:\/\/alice.ch\/de\/#website"},"primaryImageOfPage":{"@id":"https:\/\/alice.ch\/de\/professionalisierung\/ada-anbieter\/#primaryimage"},"image":{"@id":"https:\/\/alice.ch\/de\/professionalisierung\/ada-anbieter\/#primaryimage"},"thumbnailUrl":"https:\/\/alice.ch\/app\/uploads\/2022\/11\/default.jpg","datePublished":"2022-08-16T15:41:00+00:00","dateModified":"2023-05-13T09:01:42+00:00","description":"AdA-anerkannte Institutionen sind schweizweit berechtigt, AdA-Module durchzuf\u00fchren und Modulzertifikate auszustellen.","breadcrumb":{"@id":"https:\/\/alice.ch\/de\/professionalisierung\/ada-anbieter\/#breadcrumb"},"inLanguage":"de","potentialAction":[{"@type":"ReadAction","target":["https:\/\/alice.ch\/de\/professionalisierung\/ada-anbieter\/"]}]},{"@type":"ImageObject","inLanguage":"de","@id":"https:\/\/alice.ch\/de\/professionalisierung\/ada-anbieter\/#primaryimage","url":"https:\/\/alice.ch\/app\/uploads\/2022\/11\/default.jpg","contentUrl":"https:\/\/alice.ch\/app\/uploads\/2022\/11\/default.jpg","width":1600,"height":900},{"@type":"BreadcrumbList","@id":"https:\/\/alice.ch\/de\/professionalisierung\/ada-anbieter\/#breadcrumb","itemListElement":[{"@type":"ListItem","position":1,"name":"Startseite","item":"https:\/\/alice.ch\/de\/"},{"@type":"ListItem","position":2,"name":"Professionalisierung","item":"https:\/\/alice.ch\/de\/professionalisierung\/"},{"@type":"ListItem","position":3,"name":"AdA-Anbieter"}]},{"@type":"WebSite","@id":"https:\/\/alice.ch\/de\/#website","url":"https:\/\/alice.ch\/de\/","name":"alice.ch (Adult Learning Information Center) ist das Portal der Weiterbildung in der Schweiz.","description":"Schweizerischer Verband f\u00fcr Weiterbildung","publisher":{"@id":"https:\/\/alice.ch\/de\/#organization"},"potentialAction":[{"@type":"SearchAction","target":{"@type":"EntryPoint","urlTemplate":"https:\/\/alice.ch\/de\/?s={search_term_string}"},"query-input":{"@type":"PropertyValueSpecification","valueRequired":true,"valueName":"search_term_string"}}],"inLanguage":"de"},{"@type":"Organization","@id":"https:\/\/alice.ch\/de\/#organization","name":"SVEB Schweizerischer Verband f\u00fcr Weiterbildung","url":"https:\/\/alice.ch\/de\/","logo":{"@type":"ImageObject","inLanguage":"de","@id":"https:\/\/alice.ch\/de\/#\/schema\/logo\/image\/","url":"https:\/\/alice.ch\/app\/uploads\/2022\/07\/logo-sveb.png","contentUrl":"https:\/\/alice.ch\/app\/uploads\/2022\/07\/logo-sveb.png","width":145,"height":64,"caption":"SVEB Schweizerischer Verband f\u00fcr Weiterbildung"},"image":{"@id":"https:\/\/alice.ch\/de\/#\/schema\/logo\/image\/"},"sameAs":["https:\/\/www.linkedin.com\/company\/schweizerischer-verband-fr-weiterbildung-sveb\/"]}]}},"_links":{"self":[{"href":"https:\/\/alice.ch\/de\/wp-json\/wp\/v2\/pages\/574","targetHints":{"allow":["GET"]}}],"collection":[{"href":"https:\/\/alice.ch\/de\/wp-json\/wp\/v2\/pages"}],"about":[{"href":"https:\/\/alice.ch\/de\/wp-json\/wp\/v2\/types\/page"}],"author":[{"embeddable":true,"href":"https:\/\/alice.ch\/de\/wp-json\/wp\/v2\/users\/2"}],"replies":[{"embeddable":true,"href":"https:\/\/alice.ch\/de\/wp-json\/wp\/v2\/comments?post=574"}],"version-history":[{"count":13,"href":"https:\/\/alice.ch\/de\/wp-json\/wp\/v2\/pages\/574\/revisions"}],"predecessor-version":[{"id":50754,"href":"https:\/\/alice.ch\/de\/wp-json\/wp\/v2\/pages\/574\/revisions\/50754"}],"up":[{"embeddable":true,"href":"https:\/\/alice.ch\/de\/wp-json\/wp\/v2\/pages\/25"}],"wp:featuredmedia":[{"embeddable":true,"href":"https:\/\/alice.ch\/de\/wp-json\/wp\/v2\/media\/20799"}],"wp:attachment":[{"href":"https:\/\/alice.ch\/de\/wp-json\/wp\/v2\/media?parent=574"}],"curies":[{"name":"wp","href":"https:\/\/api.w.org\/{rel}","templated":true}]}}