{"id":57961,"date":"2024-08-27T18:01:42","date_gmt":"2024-08-27T16:01:42","guid":{"rendered":"https:\/\/alice.ch\/?page_id=57961"},"modified":"2025-10-09T08:49:22","modified_gmt":"2025-10-09T06:49:22","slug":"forschungs-team","status":"publish","type":"page","link":"https:\/\/alice.ch\/de\/forschung\/forschungsaktivitaeten-des-sveb\/forschungs-team\/","title":{"rendered":"Forschungs-Team"},"content":{"rendered":"\n<div class=\"wp-block-group is-style-reduced-width is-layout-flow wp-block-group-is-layout-flow\">\n<h1 class=\"wp-block-heading\">Team Forschung &amp; Entwicklung<\/h1>\n\n\n\n<div class=\"wp-block-columns is-layout-flex wp-container-core-columns-is-layout-28f84493 wp-block-columns-is-layout-flex\">\n<div class=\"wp-block-column is-layout-flow wp-block-column-is-layout-flow\" style=\"flex-basis:20%\">\n<figure class=\"wp-block-image size-full is-resized is-style-no-border\"><img decoding=\"async\" width=\"180\" height=\"184\" src=\"https:\/\/alice.ch\/app\/uploads\/2025\/10\/sveb_007_bearbeitet_web.jpg\" alt=\"\" class=\"wp-image-71079\" style=\"width:182px;height:auto\"\/><\/figure>\n<\/div>\n\n\n\n<div class=\"wp-block-column is-layout-flow wp-block-column-is-layout-flow\" style=\"flex-basis:80%\">\n<p><strong><a href=\"mailto:lynette.weber@alice.ch\">Adea Barileva<\/a><\/strong>: Erziehungswissenschaftlerin MA<br>+41 (0)44 319 71 68<\/p>\n\n\n\n<p><strong>Aus- und Weiterbildung<\/strong>: Studium der Erziehungswissenschaft, Sozialwissenschaften, Kommunikationswissenschaft und Medienforschung (UZH)<\/p>\n\n\n\n<p><strong>Arbeitsschwerpunkte<\/strong>: Nachhaltigkeit in der Weiterbildung, Chancengleichheit, Anbieterbefragung<\/p>\n\n\n\n<p><strong>Forschungsprojekte<\/strong>: <a href=\"https:\/\/alice.ch\/de\/forschung\/forschungsaktivitaeten-des-sveb\/sveb-branchenmonitor\/\">SVEB-Branchenmonitor<\/a>, <a href=\"https:\/\/alice.ch\/de\/forschung\/forschungsaktivitaeten-des-sveb\/kmu-studie\/\">FOCUS Weiterbildung<\/a><\/p>\n\n\n\n<p><strong>Praxisprojekte<\/strong>: <a href=\"https:\/\/alice.ch\/de\/project\/enhance-enhancing-adult-learners-voices\/\"><\/a><a href=\"https:\/\/alice.ch\/de\/project\/klima-check\/\">Klima-Check<\/a>, <a href=\"https:\/\/alice.ch\/de\/project\/digitaler-bildungspass\/\">digitaler Bildungspass<\/a><\/p>\n\n\n\n<hr class=\"wp-block-separator has-alpha-channel-opacity is-style-wide\"\/>\n<\/div>\n<\/div>\n\n\n\n<div class=\"wp-block-columns is-layout-flex wp-container-core-columns-is-layout-28f84493 wp-block-columns-is-layout-flex\">\n<div class=\"wp-block-column is-layout-flow wp-block-column-is-layout-flow\" style=\"flex-basis:20%\">\n<figure class=\"wp-block-image size-large is-style-no-border\"><img decoding=\"async\" width=\"180\" height=\"184\" src=\"https:\/\/alice.ch\/app\/uploads\/2023\/01\/helene-buchs.jpg\" alt=\"\" class=\"wp-image-42127\"\/><\/figure>\n<\/div>\n\n\n\n<div class=\"wp-block-column is-layout-flow wp-block-column-is-layout-flow\" style=\"flex-basis:80%\">\n<p><strong><a href=\"mailto:helen.buchs@alice.ch\">Helen Buchs<\/a><\/strong>: Dr. Soziologin <br>+41 (0)44 319 71 56<\/p>\n\n\n\n<p><strong>Aus- und Weiterbildung<\/strong>: Studium der Soziologie, Volkswirtschaft und Politologie, Promotion in Soziologie (2018) zu Qualifikationsprozessen und Berufswechseln in der Schweiz&nbsp;<\/p>\n\n\n\n<p><strong>Arbeitsschwerpunkte<\/strong>: Zukunft der Weiterbildung, gesellschaftliche Trends, Forschungsmethoden und -design, Monitoring der Weiterbildung<\/p>\n\n\n\n<p><strong>Forschungsprojekte<\/strong>: <a href=\"https:\/\/thinktank-transit.ch\/de\/\">Think-Tank TRANSIT<\/a>, <a href=\"https:\/\/alice.ch\/de\/forschung\/forschungsaktivitaeten-des-sveb\/focus-weiterbildung\/\">FOCUS Weiterbildung<\/a>, <a href=\"https:\/\/alice.ch\/de\/forschung\/forschungsaktivitaeten-des-sveb\/sveb-branchenmonitor\/\">SVEB-Branchenmonitor<\/a>, <a href=\"https:\/\/alice.ch\/de\/project\/lebenswelten\/\">Lebenswelten von Nicht-Teilnehmenden<\/a>&nbsp;<\/p>\n\n\n\n<p><strong>Praxisprojekte<\/strong>: <a href=\"https:\/\/alice.ch\/de\/project\/micro-credentials\/\">Micro-Credentials<\/a><\/p>\n\n\n\n<p><strong><a href=\"https:\/\/alice.ch\/app\/uploads\/2025\/08\/250821_Publikationsliste-Helen-Buchs.pdf\" target=\"_blank\" rel=\"noreferrer noopener\">Publikationen<\/a><\/strong><\/p>\n\n\n\n<hr class=\"wp-block-separator has-alpha-channel-opacity is-style-wide\"\/>\n<\/div>\n<\/div>\n\n\n\n<div class=\"wp-block-columns is-layout-flex wp-container-core-columns-is-layout-28f84493 wp-block-columns-is-layout-flex\">\n<div class=\"wp-block-column is-layout-flow wp-block-column-is-layout-flow\" style=\"flex-basis:20%\">\n<figure class=\"wp-block-image size-full is-style-no-border\"><img decoding=\"async\" width=\"180\" height=\"184\" src=\"https:\/\/alice.ch\/app\/uploads\/2022\/10\/marianne-mueller.jpeg\" alt=\"\" class=\"wp-image-5012\"\/><\/figure>\n<\/div>\n\n\n\n<div class=\"wp-block-column is-layout-flow wp-block-column-is-layout-flow\" style=\"flex-basis:80%\">\n<p><strong><a href=\"mailto:marianne.mueller@alice.ch\">Marianne M\u00fcller<\/a><\/strong>: Soziologin MA, Lehrdiplom SekII<br>+41 (0)44 319 71 67<\/p>\n\n\n\n<p><strong>Aus- und Weiterbildung<\/strong>: Studium der Soziologie, Ausbildung Lehrperson Berufsschullehrerin Allgemeinbildung, CAS ETH Global Cooperation and Sustainable Development<\/p>\n\n\n\n<p><strong>Arbeitsschwerpunkte<\/strong>: Internationale Transferprojekte und Vernetzung, Nachhaltigkeit in der Weiterbildung, Weiterbildungsforschung<\/p>\n\n\n\n<p><strong>Forschungsprojekte<\/strong>: <a href=\"https:\/\/alice.ch\/de\/forschung\/forschungsaktivitaeten-des-sveb\/kmu-studie\/\">KMU-Studie<\/a><\/p>\n\n\n\n<p><strong>Praxisprojekte<\/strong>: <a href=\"https:\/\/alice.ch\/de\/project\/klima-check\/\">Klima-Check<\/a>, <a href=\"https:\/\/alice.ch\/de\/project\/klimabildung\/\">Klimabericht<\/a>, <a href=\"https:\/\/alice.ch\/de\/forschung\/projekte\/\">internationale Kooperationsprojekte<\/a>, <a href=\"https:\/\/alice.ch\/de\/forschung\/projekte\/\">internationale Transferprojekte<\/a><\/p>\n\n\n\n<p><strong><a href=\"https:\/\/alice.ch\/app\/uploads\/2024\/08\/240628_Bibliographie_Marianne.pdf\" target=\"_blank\" rel=\"noreferrer noopener\">Publikationen<\/a><\/strong><\/p>\n\n\n\n<hr class=\"wp-block-separator has-alpha-channel-opacity is-style-wide\"\/>\n<\/div>\n<\/div>\n\n\n\n<div class=\"wp-block-columns is-layout-flex wp-container-core-columns-is-layout-28f84493 wp-block-columns-is-layout-flex\">\n<div class=\"wp-block-column is-layout-flow wp-block-column-is-layout-flow\" style=\"flex-basis:20%\">\n<figure class=\"wp-block-image size-full is-style-no-border\"><img decoding=\"async\" width=\"180\" height=\"184\" src=\"https:\/\/alice.ch\/app\/uploads\/2025\/06\/Aranya_Sritharan_web.jpg\" alt=\"\" class=\"wp-image-69136\"\/><\/figure>\n<\/div>\n\n\n\n<div class=\"wp-block-column is-layout-flow wp-block-column-is-layout-flow\" style=\"flex-basis:80%\">\n<p><strong><a href=\"mailto:aranya.sritharan@alice.ch\">Aranya Sritharan<\/a><\/strong>: Dr. Soziologin\/\u00d6konomin <br>+41 (0)44 319 71 74<\/p>\n\n\n\n<p><strong>Aus- und Weiterbildung<\/strong>: Studium der Soziologie und Wirtschaftsgeografie (Universit\u00e4t Z\u00fcrich), Doktorat im Bereich Bildungs- und Arbeitsmarkt\u00f6konomie (ETH Z\u00fcrich)&nbsp;<\/p>\n\n\n\n<p><strong>Arbeitsschwerpunkte<\/strong>: Wert von (Weiter-)Bildung auf dem Arbeitsmarkt, Lohnertr\u00e4ge nach Aus- und Weiterbildung, Bildungsentscheidungen, Forschungs- und Umfragedesigns, quantitative Methoden<\/p>\n\n\n\n<p><strong>Forschungsprojekte<\/strong>: <a href=\"https:\/\/alice.ch\/de\/forschung\/forschungsaktivitaeten-des-sveb\/focus-weiterbildung\/\">FOCUS Weiterbildung<\/a>, <a href=\"https:\/\/alice.ch\/de\/forschung\/forschungsaktivitaeten-des-sveb\/sveb-branchenmonitor\/\">SVEB-Branchenmonitor<\/a>, <a href=\"https:\/\/alice.ch\/de\/dienstleistungen\/gutscheinprojekte-des-sveb\/\">Bildungsgutscheine<\/a><\/p>\n\n\n\n<p><strong><a href=\"https:\/\/alice.ch\/app\/uploads\/2025\/06\/publikationsliste_aranyasritharan2025.pdf\" target=\"_blank\" rel=\"noreferrer noopener\">Publikationen<\/a><\/strong><\/p>\n\n\n\n<hr class=\"wp-block-separator has-alpha-channel-opacity is-style-wide\"\/>\n<\/div>\n<\/div>\n\n\n\n<div class=\"wp-block-columns is-layout-flex wp-container-core-columns-is-layout-28f84493 wp-block-columns-is-layout-flex\">\n<div class=\"wp-block-column is-layout-flow wp-block-column-is-layout-flow\" style=\"flex-basis:20%\">\n<figure class=\"wp-block-image size-full is-style-no-border\"><img decoding=\"async\" width=\"180\" height=\"184\" src=\"https:\/\/alice.ch\/app\/uploads\/2025\/10\/sveb_051_bearbeitet_web.jpg\" alt=\"\" class=\"wp-image-71139\"\/><\/figure>\n<\/div>\n\n\n\n<div class=\"wp-block-column is-layout-flow wp-block-column-is-layout-flow\" style=\"flex-basis:80%\">\n<p><strong><a href=\"mailto:lynette.weber@alice.ch\">Lynette Weber<\/a><\/strong>: Erziehungswissenschaftlerin MA<br>+41 (0)44 319 71 69<\/p>\n\n\n\n<p><strong>Aus- und Weiterbildung<\/strong>: Studium der Erziehungswissenschaft, Berufs- und Wirtschaftsp\u00e4dagogik (UZH)<\/p>\n\n\n\n<p><strong>Arbeitsschwerpunkte<\/strong>: Partizipation, KI in der Weiterbildung, Anbieterbefragung, internationale Kooperations- und Mobilit\u00e4tsprojekte, Redaktion <a href=\"https:\/\/www.ep-web.ch\/de\/\">Education Permanente<\/a><\/p>\n\n\n\n<p><strong>Forschungsprojekte<\/strong>: <a href=\"https:\/\/alice.ch\/de\/forschung\/forschungsaktivitaeten-des-sveb\/kmu-studie\/\">FOCUS Weiterbildung<\/a>, <a href=\"https:\/\/alice.ch\/de\/project\/lebenswelten\/\">Lebenswelten von Nicht-Teilnehmenden<\/a><\/p>\n\n\n\n<p><strong>Praxisprojekte<\/strong>: <a href=\"https:\/\/alice.ch\/de\/project\/enhance-enhancing-adult-learners-voices\/\">ENHANCE<\/a>, <a href=\"https:\/\/alice.ch\/de\/project\/blocked-empowering-adult-learners-through-microcredential-blockchain-integration\/\">BlockED<\/a>, <a href=\"https:\/\/alice.ch\/de\/project\/innovationskompass\/\">Innovationskompass<\/a>, Esperienza<\/p>\n\n\n\n<hr class=\"wp-block-separator has-alpha-channel-opacity is-style-wide\"\/>\n<\/div>\n<\/div>\n<\/div>\n\n\n\n<h2 class=\"wp-block-heading\">Leitung<\/h2>\n\n\n<div class=\"contact-persons\">\n\n\t\t\t\t\t<div class=\"contact-person\">\n\t\t\t\t\tIrena Sgier<br \/>\t\t\t\t\t Stv. Direktorin, Leiterin Forschung, Entwicklung und Innovation<br \/>\t\t\t\t\t<br \/>\n\t\t\t\t\t\t\t\t\t\t<a href=\"tel:+41 (0)44 319 71 59\">+41 (0)44 319 71 59<\/a><br \/>\t\t\t\t\t<a href=\"mailto:irena.sgier@alice.ch\">irena.sgier@alice.ch<\/a><br \/>\t\t\t\t\t<\/div>\n\t\t\t\t\t<\/div>\n","protected":false},"excerpt":{"rendered":"<p>Team Forschung &amp; Entwicklung Adea Barileva: Erziehungswissenschaftlerin MA+41 (0)44 319 71 68 Aus- und Weiterbildung: Studium der Erziehungswissenschaft, Sozialwissenschaften, Kommunikationswissenschaft [&hellip;]<\/p>\n","protected":false},"author":27,"featured_media":20799,"parent":532,"menu_order":583,"comment_status":"closed","ping_status":"closed","template":"","meta":{"_acf_changed":false,"inline_featured_image":false,"footnotes":""},"class_list":["post-57961","page","type-page","status-publish","has-post-thumbnail","hentry"],"acf":[],"yoast_head":"<!-- This site is optimized with the Yoast SEO plugin v27.3 - https:\/\/yoast.com\/product\/yoast-seo-wordpress\/ -->\n<title>Forschungs-Team - SVEB<\/title>\n<meta name=\"description\" content=\"Das Forschungsteam des SVEB Schweizerischen Verbands f\u00fcr Weiterbildung f\u00fchrt verschiedene wissenschaftliche Projekte zur Weiterbildung durch.\" \/>\n<meta name=\"robots\" content=\"index, follow, max-snippet:-1, max-image-preview:large, max-video-preview:-1\" \/>\n<link rel=\"canonical\" href=\"https:\/\/alice.ch\/de\/forschung\/forschungsaktivitaeten-des-sveb\/forschungs-team\/\" \/>\n<meta property=\"og:locale\" content=\"de_DE\" \/>\n<meta property=\"og:type\" content=\"article\" \/>\n<meta property=\"og:title\" content=\"Forschungs-Team - SVEB\" \/>\n<meta property=\"og:description\" content=\"Das Forschungsteam des SVEB Schweizerischen Verbands f\u00fcr Weiterbildung f\u00fchrt verschiedene wissenschaftliche Projekte zur Weiterbildung durch.\" \/>\n<meta property=\"og:url\" content=\"https:\/\/alice.ch\/de\/forschung\/forschungsaktivitaeten-des-sveb\/forschungs-team\/\" \/>\n<meta property=\"og:site_name\" content=\"SVEB\" \/>\n<meta property=\"article:modified_time\" content=\"2025-10-09T06:49:22+00:00\" \/>\n<meta property=\"og:image\" content=\"https:\/\/alice.ch\/app\/uploads\/2025\/10\/sveb_007_bearbeitet_web.jpg\" \/>\n\t<meta property=\"og:image:width\" content=\"180\" \/>\n\t<meta property=\"og:image:height\" content=\"184\" \/>\n\t<meta property=\"og:image:type\" content=\"image\/jpeg\" \/>\n<meta name=\"twitter:card\" content=\"summary_large_image\" \/>\n<meta name=\"twitter:label1\" content=\"Gesch\u00e4tzte Lesezeit\" \/>\n\t<meta name=\"twitter:data1\" content=\"8\u00a0Minuten\" \/>\n<script type=\"application\/ld+json\" class=\"yoast-schema-graph\">{\"@context\":\"https:\\\/\\\/schema.org\",\"@graph\":[{\"@type\":\"WebPage\",\"@id\":\"https:\\\/\\\/alice.ch\\\/de\\\/forschung\\\/forschungsaktivitaeten-des-sveb\\\/forschungs-team\\\/\",\"url\":\"https:\\\/\\\/alice.ch\\\/de\\\/forschung\\\/forschungsaktivitaeten-des-sveb\\\/forschungs-team\\\/\",\"name\":\"Forschungs-Team - SVEB\",\"isPartOf\":{\"@id\":\"https:\\\/\\\/alice.ch\\\/de\\\/#website\"},\"primaryImageOfPage\":{\"@id\":\"https:\\\/\\\/alice.ch\\\/de\\\/forschung\\\/forschungsaktivitaeten-des-sveb\\\/forschungs-team\\\/#primaryimage\"},\"image\":{\"@id\":\"https:\\\/\\\/alice.ch\\\/de\\\/forschung\\\/forschungsaktivitaeten-des-sveb\\\/forschungs-team\\\/#primaryimage\"},\"thumbnailUrl\":\"https:\\\/\\\/alice.ch\\\/app\\\/uploads\\\/2022\\\/11\\\/default.jpg\",\"datePublished\":\"2024-08-27T16:01:42+00:00\",\"dateModified\":\"2025-10-09T06:49:22+00:00\",\"description\":\"Das Forschungsteam des SVEB Schweizerischen Verbands f\u00fcr Weiterbildung f\u00fchrt verschiedene wissenschaftliche Projekte zur Weiterbildung durch.\",\"breadcrumb\":{\"@id\":\"https:\\\/\\\/alice.ch\\\/de\\\/forschung\\\/forschungsaktivitaeten-des-sveb\\\/forschungs-team\\\/#breadcrumb\"},\"inLanguage\":\"de\",\"potentialAction\":[{\"@type\":\"ReadAction\",\"target\":[\"https:\\\/\\\/alice.ch\\\/de\\\/forschung\\\/forschungsaktivitaeten-des-sveb\\\/forschungs-team\\\/\"]}]},{\"@type\":\"ImageObject\",\"inLanguage\":\"de\",\"@id\":\"https:\\\/\\\/alice.ch\\\/de\\\/forschung\\\/forschungsaktivitaeten-des-sveb\\\/forschungs-team\\\/#primaryimage\",\"url\":\"https:\\\/\\\/alice.ch\\\/app\\\/uploads\\\/2022\\\/11\\\/default.jpg\",\"contentUrl\":\"https:\\\/\\\/alice.ch\\\/app\\\/uploads\\\/2022\\\/11\\\/default.jpg\",\"width\":1600,\"height\":900},{\"@type\":\"BreadcrumbList\",\"@id\":\"https:\\\/\\\/alice.ch\\\/de\\\/forschung\\\/forschungsaktivitaeten-des-sveb\\\/forschungs-team\\\/#breadcrumb\",\"itemListElement\":[{\"@type\":\"ListItem\",\"position\":1,\"name\":\"Startseite\",\"item\":\"https:\\\/\\\/alice.ch\\\/de\\\/\"},{\"@type\":\"ListItem\",\"position\":2,\"name\":\"Forschung\",\"item\":\"https:\\\/\\\/alice.ch\\\/de\\\/forschung\\\/\"},{\"@type\":\"ListItem\",\"position\":3,\"name\":\"Forschungsaktivit\u00e4ten des SVEB\",\"item\":\"https:\\\/\\\/alice.ch\\\/de\\\/forschung\\\/forschungsaktivitaeten-des-sveb\\\/\"},{\"@type\":\"ListItem\",\"position\":4,\"name\":\"Forschungs-Team\"}]},{\"@type\":\"WebSite\",\"@id\":\"https:\\\/\\\/alice.ch\\\/de\\\/#website\",\"url\":\"https:\\\/\\\/alice.ch\\\/de\\\/\",\"name\":\"alice.ch (Adult Learning Information Center) ist das Portal der Weiterbildung in der Schweiz.\",\"description\":\"Schweizerischer Verband f\u00fcr Weiterbildung\",\"publisher\":{\"@id\":\"https:\\\/\\\/alice.ch\\\/de\\\/#organization\"},\"potentialAction\":[{\"@type\":\"SearchAction\",\"target\":{\"@type\":\"EntryPoint\",\"urlTemplate\":\"https:\\\/\\\/alice.ch\\\/de\\\/?s={search_term_string}\"},\"query-input\":{\"@type\":\"PropertyValueSpecification\",\"valueRequired\":true,\"valueName\":\"search_term_string\"}}],\"inLanguage\":\"de\"},{\"@type\":\"Organization\",\"@id\":\"https:\\\/\\\/alice.ch\\\/de\\\/#organization\",\"name\":\"SVEB Schweizerischer Verband f\u00fcr Weiterbildung\",\"url\":\"https:\\\/\\\/alice.ch\\\/de\\\/\",\"logo\":{\"@type\":\"ImageObject\",\"inLanguage\":\"de\",\"@id\":\"https:\\\/\\\/alice.ch\\\/de\\\/#\\\/schema\\\/logo\\\/image\\\/\",\"url\":\"https:\\\/\\\/alice.ch\\\/app\\\/uploads\\\/2022\\\/07\\\/logo-sveb.png\",\"contentUrl\":\"https:\\\/\\\/alice.ch\\\/app\\\/uploads\\\/2022\\\/07\\\/logo-sveb.png\",\"width\":145,\"height\":64,\"caption\":\"SVEB Schweizerischer Verband f\u00fcr Weiterbildung\"},\"image\":{\"@id\":\"https:\\\/\\\/alice.ch\\\/de\\\/#\\\/schema\\\/logo\\\/image\\\/\"},\"sameAs\":[\"https:\\\/\\\/www.linkedin.com\\\/company\\\/schweizerischer-verband-fr-weiterbildung-sveb\\\/\"]}]}<\/script>\n<!-- \/ Yoast SEO plugin. -->","yoast_head_json":{"title":"Forschungs-Team - SVEB","description":"Das Forschungsteam des SVEB Schweizerischen Verbands f\u00fcr Weiterbildung f\u00fchrt verschiedene wissenschaftliche Projekte zur Weiterbildung durch.","robots":{"index":"index","follow":"follow","max-snippet":"max-snippet:-1","max-image-preview":"max-image-preview:large","max-video-preview":"max-video-preview:-1"},"canonical":"https:\/\/alice.ch\/de\/forschung\/forschungsaktivitaeten-des-sveb\/forschungs-team\/","og_locale":"de_DE","og_type":"article","og_title":"Forschungs-Team - SVEB","og_description":"Das Forschungsteam des SVEB Schweizerischen Verbands f\u00fcr Weiterbildung f\u00fchrt verschiedene wissenschaftliche Projekte zur Weiterbildung durch.","og_url":"https:\/\/alice.ch\/de\/forschung\/forschungsaktivitaeten-des-sveb\/forschungs-team\/","og_site_name":"SVEB","article_modified_time":"2025-10-09T06:49:22+00:00","og_image":[{"width":180,"height":184,"url":"https:\/\/alice.ch\/app\/uploads\/2025\/10\/sveb_007_bearbeitet_web.jpg","type":"image\/jpeg"}],"twitter_card":"summary_large_image","twitter_misc":{"Gesch\u00e4tzte Lesezeit":"8\u00a0Minuten"},"schema":{"@context":"https:\/\/schema.org","@graph":[{"@type":"WebPage","@id":"https:\/\/alice.ch\/de\/forschung\/forschungsaktivitaeten-des-sveb\/forschungs-team\/","url":"https:\/\/alice.ch\/de\/forschung\/forschungsaktivitaeten-des-sveb\/forschungs-team\/","name":"Forschungs-Team - SVEB","isPartOf":{"@id":"https:\/\/alice.ch\/de\/#website"},"primaryImageOfPage":{"@id":"https:\/\/alice.ch\/de\/forschung\/forschungsaktivitaeten-des-sveb\/forschungs-team\/#primaryimage"},"image":{"@id":"https:\/\/alice.ch\/de\/forschung\/forschungsaktivitaeten-des-sveb\/forschungs-team\/#primaryimage"},"thumbnailUrl":"https:\/\/alice.ch\/app\/uploads\/2022\/11\/default.jpg","datePublished":"2024-08-27T16:01:42+00:00","dateModified":"2025-10-09T06:49:22+00:00","description":"Das Forschungsteam des SVEB Schweizerischen Verbands f\u00fcr Weiterbildung f\u00fchrt verschiedene wissenschaftliche Projekte zur Weiterbildung durch.","breadcrumb":{"@id":"https:\/\/alice.ch\/de\/forschung\/forschungsaktivitaeten-des-sveb\/forschungs-team\/#breadcrumb"},"inLanguage":"de","potentialAction":[{"@type":"ReadAction","target":["https:\/\/alice.ch\/de\/forschung\/forschungsaktivitaeten-des-sveb\/forschungs-team\/"]}]},{"@type":"ImageObject","inLanguage":"de","@id":"https:\/\/alice.ch\/de\/forschung\/forschungsaktivitaeten-des-sveb\/forschungs-team\/#primaryimage","url":"https:\/\/alice.ch\/app\/uploads\/2022\/11\/default.jpg","contentUrl":"https:\/\/alice.ch\/app\/uploads\/2022\/11\/default.jpg","width":1600,"height":900},{"@type":"BreadcrumbList","@id":"https:\/\/alice.ch\/de\/forschung\/forschungsaktivitaeten-des-sveb\/forschungs-team\/#breadcrumb","itemListElement":[{"@type":"ListItem","position":1,"name":"Startseite","item":"https:\/\/alice.ch\/de\/"},{"@type":"ListItem","position":2,"name":"Forschung","item":"https:\/\/alice.ch\/de\/forschung\/"},{"@type":"ListItem","position":3,"name":"Forschungsaktivit\u00e4ten des SVEB","item":"https:\/\/alice.ch\/de\/forschung\/forschungsaktivitaeten-des-sveb\/"},{"@type":"ListItem","position":4,"name":"Forschungs-Team"}]},{"@type":"WebSite","@id":"https:\/\/alice.ch\/de\/#website","url":"https:\/\/alice.ch\/de\/","name":"alice.ch (Adult Learning Information Center) ist das Portal der Weiterbildung in der Schweiz.","description":"Schweizerischer Verband f\u00fcr Weiterbildung","publisher":{"@id":"https:\/\/alice.ch\/de\/#organization"},"potentialAction":[{"@type":"SearchAction","target":{"@type":"EntryPoint","urlTemplate":"https:\/\/alice.ch\/de\/?s={search_term_string}"},"query-input":{"@type":"PropertyValueSpecification","valueRequired":true,"valueName":"search_term_string"}}],"inLanguage":"de"},{"@type":"Organization","@id":"https:\/\/alice.ch\/de\/#organization","name":"SVEB Schweizerischer Verband f\u00fcr Weiterbildung","url":"https:\/\/alice.ch\/de\/","logo":{"@type":"ImageObject","inLanguage":"de","@id":"https:\/\/alice.ch\/de\/#\/schema\/logo\/image\/","url":"https:\/\/alice.ch\/app\/uploads\/2022\/07\/logo-sveb.png","contentUrl":"https:\/\/alice.ch\/app\/uploads\/2022\/07\/logo-sveb.png","width":145,"height":64,"caption":"SVEB Schweizerischer Verband f\u00fcr Weiterbildung"},"image":{"@id":"https:\/\/alice.ch\/de\/#\/schema\/logo\/image\/"},"sameAs":["https:\/\/www.linkedin.com\/company\/schweizerischer-verband-fr-weiterbildung-sveb\/"]}]}},"_links":{"self":[{"href":"https:\/\/alice.ch\/de\/wp-json\/wp\/v2\/pages\/57961","targetHints":{"allow":["GET"]}}],"collection":[{"href":"https:\/\/alice.ch\/de\/wp-json\/wp\/v2\/pages"}],"about":[{"href":"https:\/\/alice.ch\/de\/wp-json\/wp\/v2\/types\/page"}],"author":[{"embeddable":true,"href":"https:\/\/alice.ch\/de\/wp-json\/wp\/v2\/users\/27"}],"replies":[{"embeddable":true,"href":"https:\/\/alice.ch\/de\/wp-json\/wp\/v2\/comments?post=57961"}],"version-history":[{"count":35,"href":"https:\/\/alice.ch\/de\/wp-json\/wp\/v2\/pages\/57961\/revisions"}],"predecessor-version":[{"id":71146,"href":"https:\/\/alice.ch\/de\/wp-json\/wp\/v2\/pages\/57961\/revisions\/71146"}],"up":[{"embeddable":true,"href":"https:\/\/alice.ch\/de\/wp-json\/wp\/v2\/pages\/532"}],"wp:featuredmedia":[{"embeddable":true,"href":"https:\/\/alice.ch\/de\/wp-json\/wp\/v2\/media\/20799"}],"wp:attachment":[{"href":"https:\/\/alice.ch\/de\/wp-json\/wp\/v2\/media?parent=57961"}],"curies":[{"name":"wp","href":"https:\/\/api.w.org\/{rel}","templated":true}]}}