{"id":588,"date":"2022-08-16T17:46:32","date_gmt":"2022-08-16T15:46:32","guid":{"rendered":"https:\/\/projects.atxeit.ch\/sveb\/?page_id=588"},"modified":"2026-04-27T16:53:55","modified_gmt":"2026-04-27T14:53:55","slug":"zertifizierungsstellen-selbststaendig-und-akkreditiert","status":"publish","type":"page","link":"https:\/\/alice.ch\/de\/qualitaet\/qualitaetslabel-eduqua\/zertifizierungsstellen-selbststaendig-und-akkreditiert\/","title":{"rendered":"Zertifizierungsstellen \u2013 selbstst\u00e4ndig und akkreditiert"},"content":{"rendered":"\n<div class=\"wp-block-group is-style-reduced-width is-layout-flow wp-block-group-is-layout-flow\">\n<h1 class=\"wp-block-heading\">Zertifizierungsstellen \u2013 selbstst\u00e4ndig und akkreditiert<\/h1>\n\n\n\n<p class=\"is-style-lead\">Die eduQua-Zertifizierung liegt nicht in der Kompetenz der eduQua-Gesch\u00e4ftsstelle. Die Pr\u00fcfung und Zertifizierung nehmen selbstst\u00e4ndige, akkreditierte Zertifizierungsstellen im Auftrag von eduQua In allen Regionen der Schweiz vor.<\/p>\n\n\n\n<p>Sie f\u00fchren das Zertifizierungsverfahren mit der Institution durch, pr\u00fcfen die Dokumentation, nehmen ein Audit vor Ort vor und erstellen einen Zertifizierungsbericht. W\u00e4hrend der Zertifikatsdauer nehmen die Zertifizierungsstellen j\u00e4hrliche Zwischenaudits vor. Und alle drei Jahre f\u00fchren sie die Rezertifizierung zur Zertifikatserneuerung durch.&nbsp;<\/p>\n\n\n\n<h2 class=\"wp-block-heading\">Zertifizierungsstellen<\/h2>\n\n\n\n<p>Die folgenden sechs Zertifizierungsstellen sind berechtigt, eduQua-Zertifizierungen vorzunehmen:<\/p>\n\n\n\n<figure class=\"wp-block-table is-style-stripes\"><table><tbody><tr><td><strong>IOL<\/strong><\/td><td><a href=\"https:\/\/www.ost.ch\/de\/forschung-und-dienstleistungen\/wirtschaft\/iqb-institut-fuer-qualitaetsmanagement-und-angewandte-betriebswirtschaft\/zertifizierungsstelle-eduqua-iso-29990\/zertifizierung-nach-eduqua\" target=\"_blank\" rel=\"noreferrer noopener\">OST \u2013 Ostschweizer Fachhochschule<br>Institut f\u00fcr Organisation und Leadership (IOL)<\/a><br>Rosenbergstrasse 59, 9001 St. Gallen<br>Zertifizierung in folgenden Sprachen m\u00f6glich: Deutsch<br>Kontakt:&nbsp;<a href=\"mailto:antonella.minosi@ost.ch\" target=\"_blank\" rel=\"noreferrer noopener\">Antonella Minosi<\/a>, Projektleitung<br>Tel. 058 257 17&nbsp;62&nbsp;<br>Leiter Zertifizierungsstelle:&nbsp;<a href=\"mailto:lukas.scherer@ost.ch\" target=\"_blank\" rel=\"noreferrer noopener\">Prof. Dr. Lukas Scherer<\/a><\/td><\/tr><tr><td><strong>ProCert<\/strong><\/td><td><a href=\"https:\/\/procert.ch\/\" target=\"_blank\" rel=\"noreferrer noopener\">ProCert AG<\/a><br>Marktgasse 65, 3011 Bern<br>Zertifizierung in folgenden Sprachen m\u00f6glich: <br>Deutsch und Englisch<br>Kontakt:&nbsp;<a href=\"mailto:a.belal@procert.ch\">Anik\u00f3 Belal<\/a><br>Tel. 031 560 67 66<br>Tel. 078 840 22 95<br>Franz\u00f6sisch und Italienisch<br>Kontakt: <a href=\"mailto:d.fernandez@procert.ch\">Domingo Fernandez<\/a><br>Tel. 024 425 01 20<br>Tel. 078 711 20 02<\/td><\/tr><tr><td><strong><strong>Servizio Certificazione SUPSI<\/strong><\/strong><br><mark style=\"color:#cf2e2e\" class=\"has-inline-color\">(Zertifizierungsdienst wird <\/mark><br><mark style=\"color:#cf2e2e\" class=\"has-inline-color\">per 30. September 2026<br>eingestellt)<\/mark><\/td><td><a href=\"https:\/\/www.supsi.ch\/it\/servizio-di-certificazione\" target=\"_blank\" rel=\"noreferrer noopener\">Servizio qualit\u00e0&nbsp;<br>Scuola Universitaria Professionale Svizzera italiana (SUPSI)<\/a><br>Via Pobiette 11, 6928 Manno<br>Zertifizierung in folgenden Sprachen m\u00f6glich: Italienisch<br>Kontakt:&nbsp;<a href=\"mailto:thomas.tommasini@supsi.ch\" target=\"_blank\" rel=\"noreferrer noopener\">Thomas Tommasini<\/a><br>Tel. 058 666 60 22<\/td><\/tr><tr><td><strong><strong><strong>SGS<\/strong><\/strong><\/strong><\/td><td><a href=\"https:\/\/www.sgs.com\/de-ch\/dienstleistungen\/zertifizierung\" target=\"_blank\" rel=\"noreferrer noopener\">SGS Suisse SA (SGS Switzerland Ltd)<\/a><br>Zugerstrasse 57, 6340 Baar<br>Zertifizierung in folgenden Sprachen m\u00f6glich: <br>Deutsch, Franz\u00f6sisch und Englisch<br>Kontakt:&nbsp;<a href=\"mailto:Davide.Molinaro@sgs.com\" target=\"_blank\" rel=\"noreferrer noopener\">Davide Molinaro<\/a><br>Tel. 044 445 16 80<\/td><\/tr><tr><td><strong>SQS<\/strong><\/td><td><a href=\"https:\/\/www.sqs.ch\/de\" target=\"_blank\" rel=\"noreferrer noopener\">Schweiz. Vereinigung f\u00fcr Qualit\u00e4ts- und Management-Systeme (SQS)<\/a><br>Bernstrasse 103, Postfach 686, 3052 Zollikofen<br>Zertifizierung in folgenden Sprachen m\u00f6glich:<br>Deutsch, Franz\u00f6sisch, Italienisch und Englisch<br>Kontakt:&nbsp;<a href=\"mailto:severin.cucco@sqs.ch\" target=\"_blank\" rel=\"noreferrer noopener\">Severin Cucco<\/a><br>Tel. 058 710 35 35<\/td><\/tr><tr><td><strong><strong><strong><strong>Swiss Safety Cen<\/strong><\/strong><\/strong>ter<\/strong><\/td><td><a href=\"https:\/\/www.safetycenter.ch\/\">Swiss Safety Center AG<\/a><br>Richtistrasse 15, 8304 Wallisellen<br>Zertifizierung in folgenden Sprachen m\u00f6glich:<br>Deutsch<br>Kontakt: <a href=\"mailto:Andrea.Mueller@safetycenter.ch\" id=\"mailto:Andrea.Mueller@safetycenter.ch\">Andrea M\u00fcller<\/a><br>Tel. 044 877 62 30<br>Franz\u00f6sisch und Italienisch<br>Kontakt: <a href=\"mailto:sandro.rossetti@safetycenter.ch\" id=\"mailto:sandro.rossetti@safetycenter.ch\">Sandro Rossetti<\/a><br>Tel. 032 723 80 10<\/td><\/tr><\/tbody><\/table><\/figure>\n\n\n\n<div class=\"wp-block-group is-style-run-to-edge has-primary-background-color has-background is-layout-flow wp-block-group-is-layout-flow\">\n<p class=\"is-style-lead has-background-color has-text-color\"><strong>Zu beachten:&nbsp;<\/strong>Nur die hier aufgef\u00fchrten Zertifizierungsstellen sind von der&nbsp;Schweizerischen Akkreditierungsstelle&nbsp;(SAS) offiziell f\u00fcr eduQua akkreditiert.<\/p>\n<\/div>\n\n\n\n<h2 class=\"wp-block-heading\">Kontakt<\/h2>\n\n\n\n<div class=\"wp-block-columns is-layout-flex wp-container-core-columns-is-layout-28f84493 wp-block-columns-is-layout-flex\">\n<div class=\"wp-block-column is-layout-flow wp-block-column-is-layout-flow\" style=\"flex-basis:50%\"><div class=\"contact-persons\">\n\n\t\t\t\t\t<div class=\"contact-person\">\n\t\t\t\t\tGesch\u00e4ftsstelle eduQua<br \/>\t\t\t\t\t\t\t\t\t\t<br \/>\n\t\t\t\t\tHardstrasse 235<br \/>\r\n8005 Z\u00fcrich<br \/>\t\t\t\t\t<a href=\"tel:+41 (0)44 319 71 64\">+41 (0)44 319 71 64<\/a><br \/>\t\t\t\t\t<a href=\"mailto:eduqua@alice.ch\">eduqua@alice.ch<\/a><br \/>\t\t\t\t\t<\/div>\n\t\t\t\t\t<\/div>\n<\/div>\n\n\n\n<div class=\"wp-block-column is-layout-flow wp-block-column-is-layout-flow\" style=\"flex-basis:50%\"><\/div>\n<\/div>\n<\/div>\n","protected":false},"excerpt":{"rendered":"<p>Zertifizierungsstellen \u2013 selbstst\u00e4ndig und akkreditiert Die eduQua-Zertifizierung liegt nicht in der Kompetenz der eduQua-Gesch\u00e4ftsstelle. Die Pr\u00fcfung und Zertifizierung nehmen selbstst\u00e4ndige, [&hellip;]<\/p>\n","protected":false},"author":4,"featured_media":20799,"parent":65,"menu_order":571,"comment_status":"closed","ping_status":"closed","template":"","meta":{"_acf_changed":false,"inline_featured_image":false,"footnotes":""},"class_list":["post-588","page","type-page","status-publish","has-post-thumbnail","hentry"],"acf":[],"yoast_head":"<!-- This site is optimized with the Yoast SEO plugin v27.3 - https:\/\/yoast.com\/product\/yoast-seo-wordpress\/ -->\n<title>Zertifizierungsstellen \u2013 selbstst\u00e4ndig und akkreditiert - SVEB<\/title>\n<meta name=\"description\" content=\"Diese sechs Zertifizierungsstellen sind berechtigt, Zertifizierungen f\u00fcr eduQua, das Schweizer Qualit\u00e4tslabel der Weiterbildung, vorzunehmen.\" \/>\n<meta name=\"robots\" content=\"index, follow, max-snippet:-1, max-image-preview:large, max-video-preview:-1\" \/>\n<link rel=\"canonical\" href=\"https:\/\/alice.ch\/de\/qualitaet\/qualitaetslabel-eduqua\/zertifizierungsstellen-selbststaendig-und-akkreditiert\/\" \/>\n<meta property=\"og:locale\" content=\"de_DE\" \/>\n<meta property=\"og:type\" content=\"article\" \/>\n<meta property=\"og:title\" content=\"Zertifizierungsstellen \u2013 selbstst\u00e4ndig und akkreditiert - SVEB\" \/>\n<meta property=\"og:description\" content=\"Diese sechs Zertifizierungsstellen sind berechtigt, Zertifizierungen f\u00fcr eduQua, das Schweizer Qualit\u00e4tslabel der Weiterbildung, vorzunehmen.\" \/>\n<meta property=\"og:url\" content=\"https:\/\/alice.ch\/de\/qualitaet\/qualitaetslabel-eduqua\/zertifizierungsstellen-selbststaendig-und-akkreditiert\/\" \/>\n<meta property=\"og:site_name\" content=\"SVEB\" \/>\n<meta property=\"article:modified_time\" content=\"2026-04-27T14:53:55+00:00\" \/>\n<meta name=\"twitter:card\" content=\"summary_large_image\" \/>\n<meta name=\"twitter:label1\" content=\"Gesch\u00e4tzte Lesezeit\" \/>\n\t<meta name=\"twitter:data1\" content=\"2\u00a0Minuten\" \/>\n<script type=\"application\/ld+json\" class=\"yoast-schema-graph\">{\"@context\":\"https:\\\/\\\/schema.org\",\"@graph\":[{\"@type\":\"WebPage\",\"@id\":\"https:\\\/\\\/alice.ch\\\/de\\\/qualitaet\\\/qualitaetslabel-eduqua\\\/zertifizierungsstellen-selbststaendig-und-akkreditiert\\\/\",\"url\":\"https:\\\/\\\/alice.ch\\\/de\\\/qualitaet\\\/qualitaetslabel-eduqua\\\/zertifizierungsstellen-selbststaendig-und-akkreditiert\\\/\",\"name\":\"Zertifizierungsstellen \u2013 selbstst\u00e4ndig und akkreditiert - SVEB\",\"isPartOf\":{\"@id\":\"https:\\\/\\\/alice.ch\\\/de\\\/#website\"},\"primaryImageOfPage\":{\"@id\":\"https:\\\/\\\/alice.ch\\\/de\\\/qualitaet\\\/qualitaetslabel-eduqua\\\/zertifizierungsstellen-selbststaendig-und-akkreditiert\\\/#primaryimage\"},\"image\":{\"@id\":\"https:\\\/\\\/alice.ch\\\/de\\\/qualitaet\\\/qualitaetslabel-eduqua\\\/zertifizierungsstellen-selbststaendig-und-akkreditiert\\\/#primaryimage\"},\"thumbnailUrl\":\"https:\\\/\\\/alice.ch\\\/app\\\/uploads\\\/2022\\\/11\\\/default.jpg\",\"datePublished\":\"2022-08-16T15:46:32+00:00\",\"dateModified\":\"2026-04-27T14:53:55+00:00\",\"description\":\"Diese sechs Zertifizierungsstellen sind berechtigt, Zertifizierungen f\u00fcr eduQua, das Schweizer Qualit\u00e4tslabel der Weiterbildung, vorzunehmen.\",\"breadcrumb\":{\"@id\":\"https:\\\/\\\/alice.ch\\\/de\\\/qualitaet\\\/qualitaetslabel-eduqua\\\/zertifizierungsstellen-selbststaendig-und-akkreditiert\\\/#breadcrumb\"},\"inLanguage\":\"de\",\"potentialAction\":[{\"@type\":\"ReadAction\",\"target\":[\"https:\\\/\\\/alice.ch\\\/de\\\/qualitaet\\\/qualitaetslabel-eduqua\\\/zertifizierungsstellen-selbststaendig-und-akkreditiert\\\/\"]}]},{\"@type\":\"ImageObject\",\"inLanguage\":\"de\",\"@id\":\"https:\\\/\\\/alice.ch\\\/de\\\/qualitaet\\\/qualitaetslabel-eduqua\\\/zertifizierungsstellen-selbststaendig-und-akkreditiert\\\/#primaryimage\",\"url\":\"https:\\\/\\\/alice.ch\\\/app\\\/uploads\\\/2022\\\/11\\\/default.jpg\",\"contentUrl\":\"https:\\\/\\\/alice.ch\\\/app\\\/uploads\\\/2022\\\/11\\\/default.jpg\",\"width\":1600,\"height\":900},{\"@type\":\"BreadcrumbList\",\"@id\":\"https:\\\/\\\/alice.ch\\\/de\\\/qualitaet\\\/qualitaetslabel-eduqua\\\/zertifizierungsstellen-selbststaendig-und-akkreditiert\\\/#breadcrumb\",\"itemListElement\":[{\"@type\":\"ListItem\",\"position\":1,\"name\":\"Startseite\",\"item\":\"https:\\\/\\\/alice.ch\\\/de\\\/\"},{\"@type\":\"ListItem\",\"position\":2,\"name\":\"Qualit\u00e4t\",\"item\":\"https:\\\/\\\/alice.ch\\\/de\\\/qualitaet\\\/\"},{\"@type\":\"ListItem\",\"position\":3,\"name\":\"Qualit\u00e4tslabel eduQua\",\"item\":\"https:\\\/\\\/alice.ch\\\/de\\\/qualitaet\\\/qualitaetslabel-eduqua\\\/\"},{\"@type\":\"ListItem\",\"position\":4,\"name\":\"Zertifizierungsstellen \u2013 selbstst\u00e4ndig und akkreditiert\"}]},{\"@type\":\"WebSite\",\"@id\":\"https:\\\/\\\/alice.ch\\\/de\\\/#website\",\"url\":\"https:\\\/\\\/alice.ch\\\/de\\\/\",\"name\":\"alice.ch (Adult Learning Information Center) ist das Portal der Weiterbildung in der Schweiz.\",\"description\":\"Schweizerischer Verband f\u00fcr Weiterbildung\",\"publisher\":{\"@id\":\"https:\\\/\\\/alice.ch\\\/de\\\/#organization\"},\"potentialAction\":[{\"@type\":\"SearchAction\",\"target\":{\"@type\":\"EntryPoint\",\"urlTemplate\":\"https:\\\/\\\/alice.ch\\\/de\\\/?s={search_term_string}\"},\"query-input\":{\"@type\":\"PropertyValueSpecification\",\"valueRequired\":true,\"valueName\":\"search_term_string\"}}],\"inLanguage\":\"de\"},{\"@type\":\"Organization\",\"@id\":\"https:\\\/\\\/alice.ch\\\/de\\\/#organization\",\"name\":\"SVEB Schweizerischer Verband f\u00fcr Weiterbildung\",\"url\":\"https:\\\/\\\/alice.ch\\\/de\\\/\",\"logo\":{\"@type\":\"ImageObject\",\"inLanguage\":\"de\",\"@id\":\"https:\\\/\\\/alice.ch\\\/de\\\/#\\\/schema\\\/logo\\\/image\\\/\",\"url\":\"https:\\\/\\\/alice.ch\\\/app\\\/uploads\\\/2022\\\/07\\\/logo-sveb.png\",\"contentUrl\":\"https:\\\/\\\/alice.ch\\\/app\\\/uploads\\\/2022\\\/07\\\/logo-sveb.png\",\"width\":145,\"height\":64,\"caption\":\"SVEB Schweizerischer Verband f\u00fcr Weiterbildung\"},\"image\":{\"@id\":\"https:\\\/\\\/alice.ch\\\/de\\\/#\\\/schema\\\/logo\\\/image\\\/\"},\"sameAs\":[\"https:\\\/\\\/www.linkedin.com\\\/company\\\/schweizerischer-verband-fr-weiterbildung-sveb\\\/\"]}]}<\/script>\n<!-- \/ Yoast SEO plugin. -->","yoast_head_json":{"title":"Zertifizierungsstellen \u2013 selbstst\u00e4ndig und akkreditiert - SVEB","description":"Diese sechs Zertifizierungsstellen sind berechtigt, Zertifizierungen f\u00fcr eduQua, das Schweizer Qualit\u00e4tslabel der Weiterbildung, vorzunehmen.","robots":{"index":"index","follow":"follow","max-snippet":"max-snippet:-1","max-image-preview":"max-image-preview:large","max-video-preview":"max-video-preview:-1"},"canonical":"https:\/\/alice.ch\/de\/qualitaet\/qualitaetslabel-eduqua\/zertifizierungsstellen-selbststaendig-und-akkreditiert\/","og_locale":"de_DE","og_type":"article","og_title":"Zertifizierungsstellen \u2013 selbstst\u00e4ndig und akkreditiert - SVEB","og_description":"Diese sechs Zertifizierungsstellen sind berechtigt, Zertifizierungen f\u00fcr eduQua, das Schweizer Qualit\u00e4tslabel der Weiterbildung, vorzunehmen.","og_url":"https:\/\/alice.ch\/de\/qualitaet\/qualitaetslabel-eduqua\/zertifizierungsstellen-selbststaendig-und-akkreditiert\/","og_site_name":"SVEB","article_modified_time":"2026-04-27T14:53:55+00:00","twitter_card":"summary_large_image","twitter_misc":{"Gesch\u00e4tzte Lesezeit":"2\u00a0Minuten"},"schema":{"@context":"https:\/\/schema.org","@graph":[{"@type":"WebPage","@id":"https:\/\/alice.ch\/de\/qualitaet\/qualitaetslabel-eduqua\/zertifizierungsstellen-selbststaendig-und-akkreditiert\/","url":"https:\/\/alice.ch\/de\/qualitaet\/qualitaetslabel-eduqua\/zertifizierungsstellen-selbststaendig-und-akkreditiert\/","name":"Zertifizierungsstellen \u2013 selbstst\u00e4ndig und akkreditiert - SVEB","isPartOf":{"@id":"https:\/\/alice.ch\/de\/#website"},"primaryImageOfPage":{"@id":"https:\/\/alice.ch\/de\/qualitaet\/qualitaetslabel-eduqua\/zertifizierungsstellen-selbststaendig-und-akkreditiert\/#primaryimage"},"image":{"@id":"https:\/\/alice.ch\/de\/qualitaet\/qualitaetslabel-eduqua\/zertifizierungsstellen-selbststaendig-und-akkreditiert\/#primaryimage"},"thumbnailUrl":"https:\/\/alice.ch\/app\/uploads\/2022\/11\/default.jpg","datePublished":"2022-08-16T15:46:32+00:00","dateModified":"2026-04-27T14:53:55+00:00","description":"Diese sechs Zertifizierungsstellen sind berechtigt, Zertifizierungen f\u00fcr eduQua, das Schweizer Qualit\u00e4tslabel der Weiterbildung, vorzunehmen.","breadcrumb":{"@id":"https:\/\/alice.ch\/de\/qualitaet\/qualitaetslabel-eduqua\/zertifizierungsstellen-selbststaendig-und-akkreditiert\/#breadcrumb"},"inLanguage":"de","potentialAction":[{"@type":"ReadAction","target":["https:\/\/alice.ch\/de\/qualitaet\/qualitaetslabel-eduqua\/zertifizierungsstellen-selbststaendig-und-akkreditiert\/"]}]},{"@type":"ImageObject","inLanguage":"de","@id":"https:\/\/alice.ch\/de\/qualitaet\/qualitaetslabel-eduqua\/zertifizierungsstellen-selbststaendig-und-akkreditiert\/#primaryimage","url":"https:\/\/alice.ch\/app\/uploads\/2022\/11\/default.jpg","contentUrl":"https:\/\/alice.ch\/app\/uploads\/2022\/11\/default.jpg","width":1600,"height":900},{"@type":"BreadcrumbList","@id":"https:\/\/alice.ch\/de\/qualitaet\/qualitaetslabel-eduqua\/zertifizierungsstellen-selbststaendig-und-akkreditiert\/#breadcrumb","itemListElement":[{"@type":"ListItem","position":1,"name":"Startseite","item":"https:\/\/alice.ch\/de\/"},{"@type":"ListItem","position":2,"name":"Qualit\u00e4t","item":"https:\/\/alice.ch\/de\/qualitaet\/"},{"@type":"ListItem","position":3,"name":"Qualit\u00e4tslabel eduQua","item":"https:\/\/alice.ch\/de\/qualitaet\/qualitaetslabel-eduqua\/"},{"@type":"ListItem","position":4,"name":"Zertifizierungsstellen \u2013 selbstst\u00e4ndig und akkreditiert"}]},{"@type":"WebSite","@id":"https:\/\/alice.ch\/de\/#website","url":"https:\/\/alice.ch\/de\/","name":"alice.ch (Adult Learning Information Center) ist das Portal der Weiterbildung in der Schweiz.","description":"Schweizerischer Verband f\u00fcr Weiterbildung","publisher":{"@id":"https:\/\/alice.ch\/de\/#organization"},"potentialAction":[{"@type":"SearchAction","target":{"@type":"EntryPoint","urlTemplate":"https:\/\/alice.ch\/de\/?s={search_term_string}"},"query-input":{"@type":"PropertyValueSpecification","valueRequired":true,"valueName":"search_term_string"}}],"inLanguage":"de"},{"@type":"Organization","@id":"https:\/\/alice.ch\/de\/#organization","name":"SVEB Schweizerischer Verband f\u00fcr Weiterbildung","url":"https:\/\/alice.ch\/de\/","logo":{"@type":"ImageObject","inLanguage":"de","@id":"https:\/\/alice.ch\/de\/#\/schema\/logo\/image\/","url":"https:\/\/alice.ch\/app\/uploads\/2022\/07\/logo-sveb.png","contentUrl":"https:\/\/alice.ch\/app\/uploads\/2022\/07\/logo-sveb.png","width":145,"height":64,"caption":"SVEB Schweizerischer Verband f\u00fcr Weiterbildung"},"image":{"@id":"https:\/\/alice.ch\/de\/#\/schema\/logo\/image\/"},"sameAs":["https:\/\/www.linkedin.com\/company\/schweizerischer-verband-fr-weiterbildung-sveb\/"]}]}},"_links":{"self":[{"href":"https:\/\/alice.ch\/de\/wp-json\/wp\/v2\/pages\/588","targetHints":{"allow":["GET"]}}],"collection":[{"href":"https:\/\/alice.ch\/de\/wp-json\/wp\/v2\/pages"}],"about":[{"href":"https:\/\/alice.ch\/de\/wp-json\/wp\/v2\/types\/page"}],"author":[{"embeddable":true,"href":"https:\/\/alice.ch\/de\/wp-json\/wp\/v2\/users\/4"}],"replies":[{"embeddable":true,"href":"https:\/\/alice.ch\/de\/wp-json\/wp\/v2\/comments?post=588"}],"version-history":[{"count":36,"href":"https:\/\/alice.ch\/de\/wp-json\/wp\/v2\/pages\/588\/revisions"}],"predecessor-version":[{"id":75228,"href":"https:\/\/alice.ch\/de\/wp-json\/wp\/v2\/pages\/588\/revisions\/75228"}],"up":[{"embeddable":true,"href":"https:\/\/alice.ch\/de\/wp-json\/wp\/v2\/pages\/65"}],"wp:featuredmedia":[{"embeddable":true,"href":"https:\/\/alice.ch\/de\/wp-json\/wp\/v2\/media\/20799"}],"wp:attachment":[{"href":"https:\/\/alice.ch\/de\/wp-json\/wp\/v2\/media?parent=588"}],"curies":[{"name":"wp","href":"https:\/\/api.w.org\/{rel}","templated":true}]}}