{"id":590,"date":"2022-08-16T17:47:14","date_gmt":"2022-08-16T15:47:14","guid":{"rendered":"https:\/\/projects.atxeit.ch\/sveb\/?page_id=590"},"modified":"2025-10-13T16:10:06","modified_gmt":"2025-10-13T14:10:06","slug":"traegerschaft-des-eduqua-labels","status":"publish","type":"page","link":"https:\/\/alice.ch\/de\/qualitaet\/qualitaetslabel-eduqua\/traegerschaft-des-eduqua-labels\/","title":{"rendered":"Tr\u00e4gerschaft und Entwicklung des eduQua-Labels"},"content":{"rendered":"\n<div class=\"wp-block-group is-style-default is-layout-flow wp-block-group-is-layout-flow\">\n<div class=\"wp-block-group is-style-reduced-width is-layout-constrained wp-block-group-is-layout-constrained\">\n<h1 class=\"wp-block-heading\">Tr\u00e4gerschaft und Entwicklung des eduQua-Labels<\/h1>\n\n\n\n<p class=\"is-style-lead\">Der Schweizerische Verband f\u00fcr Weiterbildung (SVEB) ist seit 2018 alleiniger Tr\u00e4ger des Qualit\u00e4tslabels eduQua. Er f\u00fchrt die eduQua-Gesch\u00e4ftsstelle und stellt den Betrieb des Systems sicher. Als Steuerungsgremium fungiert der&nbsp;SVEB-Vorstand.<\/p>\n\n\n\n<p>Bei der Weiterentwicklung des Labels \u00fcbernimmt die eduQua-Begleitgruppe als beratendes Organ eine wesentliche Rolle. Mitglieder sind Vertreterinnen und Vertreter der \u00f6ffentlichen Hand und der F\u00f6rderstrukturen sowie der privaten und \u00f6ffentlichen Weiterbildungsanbieter.<\/p>\n\n\n\n<p>F\u00fcr die Durchf\u00fchrung des Zertifizierungsverfahrens bei den Weiterbildungsinstitutionen sind die&nbsp;<a href=\"https:\/\/alice.ch\/de\/qualitaet\/qualitaetslabel-eduqua\/zertifizierungsstellen-selbststaendig-und-akkreditiert\/\">Zertifizierungsstellen<\/a>&nbsp;zust\u00e4ndig. Diese werden von der Schweizerischen Akkreditierungsstelle (<a href=\"https:\/\/www.sas.admin.ch\/sas\/de\/home.html\" target=\"_blank\" rel=\"noreferrer noopener\">SAS<\/a>) akkreditiert.<\/p>\n\n\n\n<h2 class=\"wp-block-heading\">Begleitgruppe eduQua: Zusammensetzung<\/h2>\n\n\n\n<p>Folgende Organisationen sind Mitglieder der eduQua-Begleitgruppe:<\/p>\n\n\n\n<h3 class=\"wp-block-heading\">F\u00f6rderstrukturen\/\u00f6ffentliche Hand<\/h3>\n\n\n\n<ul class=\"wp-block-list\">\n<li><a href=\"https:\/\/www.seco.admin.ch\/seco\/de\/home.html\" target=\"_blank\" rel=\"noreferrer noopener\">Staatssekretariat f\u00fcr Wirtschaft (SECO)<\/a><\/li>\n\n\n\n<li><a href=\"https:\/\/vsaa.ch\/\" target=\"_blank\" rel=\"noreferrer noopener\">Verband Schweizerischer Arbeitsmarktbeh\u00f6rden (VSAA)<\/a><\/li>\n\n\n\n<li><a href=\"https:\/\/www.sbfi.admin.ch\/sbfi\/de\/home\/das-sbfi.html\" target=\"_blank\" rel=\"noreferrer noopener\">Staatssekretariat f\u00fcr Bildung, Forschung und Innovation (SBFI)<\/a><\/li>\n\n\n\n<li><a href=\"https:\/\/www.sem.admin.ch\/sem\/de\/home.html\" target=\"_blank\" rel=\"noreferrer noopener\">Staatssekretariat f\u00fcr Migration (SEM)<\/a><\/li>\n\n\n\n<li><a href=\"https:\/\/www.ifc.ti.ch\/\">Instituto della formazione continua (IFC) Kanton Tessin<\/a><\/li>\n\n\n\n<li><a href=\"https:\/\/www.edk.ch\/de\" target=\"_blank\" rel=\"noreferrer noopener\">Schweizerische Konferenz der kantonalen Erziehungsdirektoren (EDK)<\/a>, vertreten durch:\n<ul class=\"wp-block-list\">\n<li><a href=\"https:\/\/www.edk.ch\/de\/sbbk\/\">Schweizerische Berufsbildungs\u00e4mter-Konferenz (SBBK)<\/a><\/li>\n\n\n\n<li><a href=\"https:\/\/www.edk.ch\/de\/themen\/berufsbildung\/swbk\">Schweizerische Weiterbildungskonferenz (SWBK)<\/a><\/li>\n<\/ul>\n<\/li>\n<\/ul>\n\n\n\n<h3 class=\"wp-block-heading\">Weiterbildungsanbieter<\/h3>\n\n\n\n<ul class=\"wp-block-list\">\n<li><a href=\"https:\/\/www.cip-tramelan.ch\/\">CIP (Centre interr\u00e9gional de perfectionnement) Tramelan<\/a><\/li>\n\n\n\n<li><a href=\"https:\/\/www.lernwerkstatt.ch\/\" target=\"_blank\" rel=\"noreferrer noopener\">Lernwerkstatt Olten<\/a><\/li>\n\n\n\n<li><a href=\"https:\/\/www.miduca.ch\/\">Miduca AG<\/a><\/li>\n\n\n\n<li><a href=\"https:\/\/www.perform.training\/\">PERFORM Yverdon-les-Bains<\/a><\/li>\n<\/ul>\n\n\n\n<h3 class=\"wp-block-heading\">Zertifizierungsstellen<\/h3>\n\n\n\n<ul class=\"wp-block-list\">\n<li>Vertretung Zertifizierungsstellen:&nbsp;<a href=\"http:\/\/www.sqs.ch\/de\" target=\"_blank\" rel=\"noreferrer noopener\">Schweiz. Vereinigung f\u00fcr Qualit\u00e4ts- und Management-&nbsp;<br>Systeme (SQS)<\/a><\/li>\n<\/ul>\n\n\n\n<h2 class=\"wp-block-heading\">Organisation eduQua<\/h2>\n\n\n\n<div class=\"wp-block-columns is-layout-flex wp-container-core-columns-is-layout-28f84493 wp-block-columns-is-layout-flex\">\n<div class=\"wp-block-column is-layout-flow wp-block-column-is-layout-flow\" style=\"flex-basis:50%\">\n<div class=\"wp-block-file\"><a id=\"wp-block-file--media-eec9df04-5b29-4ed0-89c9-db8c1ad39e07\" href=\"https:\/\/alice.ch\/app\/uploads\/2022\/11\/eduQua_Organisationsstruktur.pdf\" target=\"_blank\" rel=\"noreferrer noopener\">Organisationsstruktur eduQua<br \/>PDF &#8211; 139 KB<\/a><\/div>\n<\/div>\n\n\n\n<div class=\"wp-block-column is-layout-flow wp-block-column-is-layout-flow\" style=\"flex-basis:50%\"><\/div>\n<\/div>\n\n\n\n<h2 class=\"wp-block-heading\">Die Weiterentwicklung des eduQua-Labels<\/h2>\n\n\n\n<p>Das Qualit\u00e4tslabel eduQua wurde Ende der 90er Jahre auf Initiative des Staatssekretariats f\u00fcr Wirtschaft (SECO), des damaligen Bundesamts f\u00fcr Berufsbildung und Technologie (BBT, heute Staatssekretariat f\u00fcr Bildung, Forschung und Innovation SBFI), der Deutschschweizerischen Berufsbildungs\u00e4mter-Konferenz (DBK) und des Schweizerischen Verbands f\u00fcr Weiterbildung (SVEB) entwickelt.<\/p>\n\n\n\n<p>eduQua ist das Schweizer Qualit\u00e4tslabel in der Weiterbildung und wurde als erste Qualit\u00e4tsnorm auf Institutionen der Erwachsenenbildung bzw. Weiterbildung zugeschnitten. Zertifiziert wird die ganze Institution, nicht ein einzelnes Angebot oder eine Lehrperson. Von Anfang an war es ein wichtiges Ziel des Labels, die Qualit\u00e4tssicherung der Anbieter gegen\u00fcber den Kundinnen und Kunden sowie den Beh\u00f6rden und kantonalen F\u00f6rderstrukturen transparent und nachvollziehbar auszuweisen.<\/p>\n\n\n\n<p>Die erste Fassung der Norm wurde im Jahr 2000 ver\u00f6ffentlicht. Die eduQua-Gesch\u00e4ftsstelle ist seit dem Start des eduQua-Zertifikats beim SVEB angesiedelt. Per Ende Jahr 2021 waren mehr als 1000 <a href=\"https:\/\/alice.ch\/de\/qualitaet\/qualitaetslabel-eduqua\/eduqua-zertifizierte-institutionen\/\">Anbieter zertifiziert<\/a>.<\/p>\n\n\n\n<h3 class=\"wp-block-heading\">eduQua:2004<\/h3>\n\n\n\n<p>Bereits 2006 trat die erste \u00dcberarbeitung (eduQua:2004) in Kraft. Ein ausgew\u00e4hltes Angebot stand im Zentrum der Zertifizierungs-Audits. Die Anforderungen an die Angebote und an die Institution wurden jeweils in separaten, parallelen Standards formuliert.<\/p>\n\n\n\n<h3 class=\"wp-block-heading\">eduQua:2012<\/h3>\n\n\n\n<p>Bei der Norm <a href=\"https:\/\/alice.ch\/de\/qualitaet\/qualitaetslabel-eduqua\/zertifizierung-nach-der-bisherigen-norm-eduqua2012\/\">eduQua:2012<\/a> wurden die Anforderungen an die F\u00fchrung und das Qualit\u00e4tsmanagement \u2013 neben den Standards zu den Weiterbildungsangeboten und zur Durchf\u00fchrung der Kurse \u2013 verst\u00e4rkt. Entsprechend wurden neue Standards zu F\u00fchrungsinstrumenten, Organisation und Controlling aufgenommen. Die Norm wurde auf sechs \u00fcbergeordneten Kriterien aufgebaut, denen 22 Standards zugeordnet wurden. Bei den einzureichenden Dokumenten pro Standard wurden jeweils die Ebenen Institution und Angebot unterschieden.<\/p>\n\n\n\n<h3 class=\"wp-block-heading\">eduQua:2021<\/h3>\n\n\n\n<p>Mit der letzten Revision wurde <a href=\"https:\/\/alice.ch\/de\/qualitaet\/qualitaetslabel-eduqua\/eduqua2021\/\">eduQua:2021<\/a> klar als Norm f\u00fcr die Anbieter in allen Bereichen der Weiterbildung positioniert. Der Teil F\u00fchrung und Qualit\u00e4tsmanagement st\u00fctzt sich auf die Struktur der ISO-Management-Normen ab und umfasst aktuelle Anforderungen zur kontextorientierten und flexiblen Ausrichtung der Institution und ihrer Angebote. Die Norm ist neu nach 8 Prinzipien und 19 Kriterien aufgebaut und weist eine klare und praxisbezogene Struktur auf.<\/p>\n\n\n\n<p>Bei den Anforderungen an die Weiterbildungsangebote und Lernprozesse wurden die wachsende Vielfalt und die Trends bei den Angebots- und Lernformen aufgenommen. Neu zeigt die Institution im Audit-Verfahren die Umsetzung und Wirksamkeit des Qualit\u00e4tsmanagements anhand der verschiedenen Angebote auf, die Darstellung anhand eines spezifischen Angebots f\u00e4llt weg.<\/p>\n\n\n\n<h2 class=\"wp-block-heading\">Kontakt<\/h2>\n\n\n\n<div class=\"wp-block-columns is-layout-flex wp-container-core-columns-is-layout-28f84493 wp-block-columns-is-layout-flex\">\n<div class=\"wp-block-column is-layout-flow wp-block-column-is-layout-flow\" style=\"flex-basis:50%\"><div class=\"contact-persons\">\n\n\t\t\t\t\t<div class=\"contact-person\">\n\t\t\t\t\tGesch\u00e4ftsstelle eduQua<br \/>\t\t\t\t\t\t\t\t\t\t<br \/>\n\t\t\t\t\tHardstrasse 235<br \/>\r\n8005 Z\u00fcrich<br \/>\t\t\t\t\t<a href=\"tel:+41 (0)44 319 71 64\">+41 (0)44 319 71 64<\/a><br \/>\t\t\t\t\t<a href=\"mailto:eduqua@alice.ch\">eduqua@alice.ch<\/a><br \/>\t\t\t\t\t<\/div>\n\t\t\t\t\t<\/div>\n<\/div>\n\n\n\n<div class=\"wp-block-column is-layout-flow wp-block-column-is-layout-flow\" style=\"flex-basis:50%\"><\/div>\n<\/div>\n<\/div>\n<\/div>\n","protected":false},"excerpt":{"rendered":"<p>Tr\u00e4gerschaft und Entwicklung des eduQua-Labels Der Schweizerische Verband f\u00fcr Weiterbildung (SVEB) ist seit 2018 alleiniger Tr\u00e4ger des Qualit\u00e4tslabels eduQua. Er [&hellip;]<\/p>\n","protected":false},"author":4,"featured_media":20799,"parent":65,"menu_order":256,"comment_status":"closed","ping_status":"closed","template":"","meta":{"_acf_changed":false,"inline_featured_image":false,"footnotes":""},"class_list":["post-590","page","type-page","status-publish","has-post-thumbnail","hentry"],"acf":[],"yoast_head":"<!-- This site is optimized with the Yoast SEO plugin v27.3 - https:\/\/yoast.com\/product\/yoast-seo-wordpress\/ -->\n<title>Tr\u00e4gerschaft und Entwicklung des eduQua-Labels - SVEB<\/title>\n<meta name=\"description\" content=\"Der SVEB ist Tr\u00e4ger des Qualit\u00e4tslabels eduQua. Er f\u00fchrt die eduQua-Gesch\u00e4ftsstelle und stellt den Betrieb des Systems sicher.\" \/>\n<meta name=\"robots\" content=\"index, follow, max-snippet:-1, max-image-preview:large, max-video-preview:-1\" \/>\n<link rel=\"canonical\" href=\"https:\/\/alice.ch\/de\/qualitaet\/qualitaetslabel-eduqua\/traegerschaft-des-eduqua-labels\/\" \/>\n<meta property=\"og:locale\" content=\"de_DE\" \/>\n<meta property=\"og:type\" content=\"article\" \/>\n<meta property=\"og:title\" content=\"Tr\u00e4gerschaft und Entwicklung des eduQua-Labels - SVEB\" \/>\n<meta property=\"og:description\" content=\"Der SVEB ist Tr\u00e4ger des Qualit\u00e4tslabels eduQua. Er f\u00fchrt die eduQua-Gesch\u00e4ftsstelle und stellt den Betrieb des Systems sicher.\" \/>\n<meta property=\"og:url\" content=\"https:\/\/alice.ch\/de\/qualitaet\/qualitaetslabel-eduqua\/traegerschaft-des-eduqua-labels\/\" \/>\n<meta property=\"og:site_name\" content=\"SVEB\" \/>\n<meta property=\"article:modified_time\" content=\"2025-10-13T14:10:06+00:00\" \/>\n<meta name=\"twitter:card\" content=\"summary_large_image\" \/>\n<meta name=\"twitter:label1\" content=\"Gesch\u00e4tzte Lesezeit\" \/>\n\t<meta name=\"twitter:data1\" content=\"3\u00a0Minuten\" \/>\n<script type=\"application\/ld+json\" class=\"yoast-schema-graph\">{\"@context\":\"https:\\\/\\\/schema.org\",\"@graph\":[{\"@type\":\"WebPage\",\"@id\":\"https:\\\/\\\/alice.ch\\\/de\\\/qualitaet\\\/qualitaetslabel-eduqua\\\/traegerschaft-des-eduqua-labels\\\/\",\"url\":\"https:\\\/\\\/alice.ch\\\/de\\\/qualitaet\\\/qualitaetslabel-eduqua\\\/traegerschaft-des-eduqua-labels\\\/\",\"name\":\"Tr\u00e4gerschaft und Entwicklung des eduQua-Labels - SVEB\",\"isPartOf\":{\"@id\":\"https:\\\/\\\/alice.ch\\\/de\\\/#website\"},\"primaryImageOfPage\":{\"@id\":\"https:\\\/\\\/alice.ch\\\/de\\\/qualitaet\\\/qualitaetslabel-eduqua\\\/traegerschaft-des-eduqua-labels\\\/#primaryimage\"},\"image\":{\"@id\":\"https:\\\/\\\/alice.ch\\\/de\\\/qualitaet\\\/qualitaetslabel-eduqua\\\/traegerschaft-des-eduqua-labels\\\/#primaryimage\"},\"thumbnailUrl\":\"https:\\\/\\\/alice.ch\\\/app\\\/uploads\\\/2022\\\/11\\\/default.jpg\",\"datePublished\":\"2022-08-16T15:47:14+00:00\",\"dateModified\":\"2025-10-13T14:10:06+00:00\",\"description\":\"Der SVEB ist Tr\u00e4ger des Qualit\u00e4tslabels eduQua. Er f\u00fchrt die eduQua-Gesch\u00e4ftsstelle und stellt den Betrieb des Systems sicher.\",\"breadcrumb\":{\"@id\":\"https:\\\/\\\/alice.ch\\\/de\\\/qualitaet\\\/qualitaetslabel-eduqua\\\/traegerschaft-des-eduqua-labels\\\/#breadcrumb\"},\"inLanguage\":\"de\",\"potentialAction\":[{\"@type\":\"ReadAction\",\"target\":[\"https:\\\/\\\/alice.ch\\\/de\\\/qualitaet\\\/qualitaetslabel-eduqua\\\/traegerschaft-des-eduqua-labels\\\/\"]}]},{\"@type\":\"ImageObject\",\"inLanguage\":\"de\",\"@id\":\"https:\\\/\\\/alice.ch\\\/de\\\/qualitaet\\\/qualitaetslabel-eduqua\\\/traegerschaft-des-eduqua-labels\\\/#primaryimage\",\"url\":\"https:\\\/\\\/alice.ch\\\/app\\\/uploads\\\/2022\\\/11\\\/default.jpg\",\"contentUrl\":\"https:\\\/\\\/alice.ch\\\/app\\\/uploads\\\/2022\\\/11\\\/default.jpg\",\"width\":1600,\"height\":900},{\"@type\":\"BreadcrumbList\",\"@id\":\"https:\\\/\\\/alice.ch\\\/de\\\/qualitaet\\\/qualitaetslabel-eduqua\\\/traegerschaft-des-eduqua-labels\\\/#breadcrumb\",\"itemListElement\":[{\"@type\":\"ListItem\",\"position\":1,\"name\":\"Startseite\",\"item\":\"https:\\\/\\\/alice.ch\\\/de\\\/\"},{\"@type\":\"ListItem\",\"position\":2,\"name\":\"Qualit\u00e4t\",\"item\":\"https:\\\/\\\/alice.ch\\\/de\\\/qualitaet\\\/\"},{\"@type\":\"ListItem\",\"position\":3,\"name\":\"Qualit\u00e4tslabel eduQua\",\"item\":\"https:\\\/\\\/alice.ch\\\/de\\\/qualitaet\\\/qualitaetslabel-eduqua\\\/\"},{\"@type\":\"ListItem\",\"position\":4,\"name\":\"Tr\u00e4gerschaft und Entwicklung des eduQua-Labels\"}]},{\"@type\":\"WebSite\",\"@id\":\"https:\\\/\\\/alice.ch\\\/de\\\/#website\",\"url\":\"https:\\\/\\\/alice.ch\\\/de\\\/\",\"name\":\"alice.ch (Adult Learning Information Center) ist das Portal der Weiterbildung in der Schweiz.\",\"description\":\"Schweizerischer Verband f\u00fcr Weiterbildung\",\"publisher\":{\"@id\":\"https:\\\/\\\/alice.ch\\\/de\\\/#organization\"},\"potentialAction\":[{\"@type\":\"SearchAction\",\"target\":{\"@type\":\"EntryPoint\",\"urlTemplate\":\"https:\\\/\\\/alice.ch\\\/de\\\/?s={search_term_string}\"},\"query-input\":{\"@type\":\"PropertyValueSpecification\",\"valueRequired\":true,\"valueName\":\"search_term_string\"}}],\"inLanguage\":\"de\"},{\"@type\":\"Organization\",\"@id\":\"https:\\\/\\\/alice.ch\\\/de\\\/#organization\",\"name\":\"SVEB Schweizerischer Verband f\u00fcr Weiterbildung\",\"url\":\"https:\\\/\\\/alice.ch\\\/de\\\/\",\"logo\":{\"@type\":\"ImageObject\",\"inLanguage\":\"de\",\"@id\":\"https:\\\/\\\/alice.ch\\\/de\\\/#\\\/schema\\\/logo\\\/image\\\/\",\"url\":\"https:\\\/\\\/alice.ch\\\/app\\\/uploads\\\/2022\\\/07\\\/logo-sveb.png\",\"contentUrl\":\"https:\\\/\\\/alice.ch\\\/app\\\/uploads\\\/2022\\\/07\\\/logo-sveb.png\",\"width\":145,\"height\":64,\"caption\":\"SVEB Schweizerischer Verband f\u00fcr Weiterbildung\"},\"image\":{\"@id\":\"https:\\\/\\\/alice.ch\\\/de\\\/#\\\/schema\\\/logo\\\/image\\\/\"},\"sameAs\":[\"https:\\\/\\\/www.linkedin.com\\\/company\\\/schweizerischer-verband-fr-weiterbildung-sveb\\\/\"]}]}<\/script>\n<!-- \/ Yoast SEO plugin. -->","yoast_head_json":{"title":"Tr\u00e4gerschaft und Entwicklung des eduQua-Labels - SVEB","description":"Der SVEB ist Tr\u00e4ger des Qualit\u00e4tslabels eduQua. Er f\u00fchrt die eduQua-Gesch\u00e4ftsstelle und stellt den Betrieb des Systems sicher.","robots":{"index":"index","follow":"follow","max-snippet":"max-snippet:-1","max-image-preview":"max-image-preview:large","max-video-preview":"max-video-preview:-1"},"canonical":"https:\/\/alice.ch\/de\/qualitaet\/qualitaetslabel-eduqua\/traegerschaft-des-eduqua-labels\/","og_locale":"de_DE","og_type":"article","og_title":"Tr\u00e4gerschaft und Entwicklung des eduQua-Labels - SVEB","og_description":"Der SVEB ist Tr\u00e4ger des Qualit\u00e4tslabels eduQua. Er f\u00fchrt die eduQua-Gesch\u00e4ftsstelle und stellt den Betrieb des Systems sicher.","og_url":"https:\/\/alice.ch\/de\/qualitaet\/qualitaetslabel-eduqua\/traegerschaft-des-eduqua-labels\/","og_site_name":"SVEB","article_modified_time":"2025-10-13T14:10:06+00:00","twitter_card":"summary_large_image","twitter_misc":{"Gesch\u00e4tzte Lesezeit":"3\u00a0Minuten"},"schema":{"@context":"https:\/\/schema.org","@graph":[{"@type":"WebPage","@id":"https:\/\/alice.ch\/de\/qualitaet\/qualitaetslabel-eduqua\/traegerschaft-des-eduqua-labels\/","url":"https:\/\/alice.ch\/de\/qualitaet\/qualitaetslabel-eduqua\/traegerschaft-des-eduqua-labels\/","name":"Tr\u00e4gerschaft und Entwicklung des eduQua-Labels - SVEB","isPartOf":{"@id":"https:\/\/alice.ch\/de\/#website"},"primaryImageOfPage":{"@id":"https:\/\/alice.ch\/de\/qualitaet\/qualitaetslabel-eduqua\/traegerschaft-des-eduqua-labels\/#primaryimage"},"image":{"@id":"https:\/\/alice.ch\/de\/qualitaet\/qualitaetslabel-eduqua\/traegerschaft-des-eduqua-labels\/#primaryimage"},"thumbnailUrl":"https:\/\/alice.ch\/app\/uploads\/2022\/11\/default.jpg","datePublished":"2022-08-16T15:47:14+00:00","dateModified":"2025-10-13T14:10:06+00:00","description":"Der SVEB ist Tr\u00e4ger des Qualit\u00e4tslabels eduQua. Er f\u00fchrt die eduQua-Gesch\u00e4ftsstelle und stellt den Betrieb des Systems sicher.","breadcrumb":{"@id":"https:\/\/alice.ch\/de\/qualitaet\/qualitaetslabel-eduqua\/traegerschaft-des-eduqua-labels\/#breadcrumb"},"inLanguage":"de","potentialAction":[{"@type":"ReadAction","target":["https:\/\/alice.ch\/de\/qualitaet\/qualitaetslabel-eduqua\/traegerschaft-des-eduqua-labels\/"]}]},{"@type":"ImageObject","inLanguage":"de","@id":"https:\/\/alice.ch\/de\/qualitaet\/qualitaetslabel-eduqua\/traegerschaft-des-eduqua-labels\/#primaryimage","url":"https:\/\/alice.ch\/app\/uploads\/2022\/11\/default.jpg","contentUrl":"https:\/\/alice.ch\/app\/uploads\/2022\/11\/default.jpg","width":1600,"height":900},{"@type":"BreadcrumbList","@id":"https:\/\/alice.ch\/de\/qualitaet\/qualitaetslabel-eduqua\/traegerschaft-des-eduqua-labels\/#breadcrumb","itemListElement":[{"@type":"ListItem","position":1,"name":"Startseite","item":"https:\/\/alice.ch\/de\/"},{"@type":"ListItem","position":2,"name":"Qualit\u00e4t","item":"https:\/\/alice.ch\/de\/qualitaet\/"},{"@type":"ListItem","position":3,"name":"Qualit\u00e4tslabel eduQua","item":"https:\/\/alice.ch\/de\/qualitaet\/qualitaetslabel-eduqua\/"},{"@type":"ListItem","position":4,"name":"Tr\u00e4gerschaft und Entwicklung des eduQua-Labels"}]},{"@type":"WebSite","@id":"https:\/\/alice.ch\/de\/#website","url":"https:\/\/alice.ch\/de\/","name":"alice.ch (Adult Learning Information Center) ist das Portal der Weiterbildung in der Schweiz.","description":"Schweizerischer Verband f\u00fcr Weiterbildung","publisher":{"@id":"https:\/\/alice.ch\/de\/#organization"},"potentialAction":[{"@type":"SearchAction","target":{"@type":"EntryPoint","urlTemplate":"https:\/\/alice.ch\/de\/?s={search_term_string}"},"query-input":{"@type":"PropertyValueSpecification","valueRequired":true,"valueName":"search_term_string"}}],"inLanguage":"de"},{"@type":"Organization","@id":"https:\/\/alice.ch\/de\/#organization","name":"SVEB Schweizerischer Verband f\u00fcr Weiterbildung","url":"https:\/\/alice.ch\/de\/","logo":{"@type":"ImageObject","inLanguage":"de","@id":"https:\/\/alice.ch\/de\/#\/schema\/logo\/image\/","url":"https:\/\/alice.ch\/app\/uploads\/2022\/07\/logo-sveb.png","contentUrl":"https:\/\/alice.ch\/app\/uploads\/2022\/07\/logo-sveb.png","width":145,"height":64,"caption":"SVEB Schweizerischer Verband f\u00fcr Weiterbildung"},"image":{"@id":"https:\/\/alice.ch\/de\/#\/schema\/logo\/image\/"},"sameAs":["https:\/\/www.linkedin.com\/company\/schweizerischer-verband-fr-weiterbildung-sveb\/"]}]}},"_links":{"self":[{"href":"https:\/\/alice.ch\/de\/wp-json\/wp\/v2\/pages\/590","targetHints":{"allow":["GET"]}}],"collection":[{"href":"https:\/\/alice.ch\/de\/wp-json\/wp\/v2\/pages"}],"about":[{"href":"https:\/\/alice.ch\/de\/wp-json\/wp\/v2\/types\/page"}],"author":[{"embeddable":true,"href":"https:\/\/alice.ch\/de\/wp-json\/wp\/v2\/users\/4"}],"replies":[{"embeddable":true,"href":"https:\/\/alice.ch\/de\/wp-json\/wp\/v2\/comments?post=590"}],"version-history":[{"count":25,"href":"https:\/\/alice.ch\/de\/wp-json\/wp\/v2\/pages\/590\/revisions"}],"predecessor-version":[{"id":71182,"href":"https:\/\/alice.ch\/de\/wp-json\/wp\/v2\/pages\/590\/revisions\/71182"}],"up":[{"embeddable":true,"href":"https:\/\/alice.ch\/de\/wp-json\/wp\/v2\/pages\/65"}],"wp:featuredmedia":[{"embeddable":true,"href":"https:\/\/alice.ch\/de\/wp-json\/wp\/v2\/media\/20799"}],"wp:attachment":[{"href":"https:\/\/alice.ch\/de\/wp-json\/wp\/v2\/media?parent=590"}],"curies":[{"name":"wp","href":"https:\/\/api.w.org\/{rel}","templated":true}]}}