{"id":598,"date":"2022-08-16T17:50:29","date_gmt":"2022-08-16T15:50:29","guid":{"rendered":"https:\/\/projects.atxeit.ch\/sveb\/?page_id=598"},"modified":"2025-08-04T13:43:10","modified_gmt":"2025-08-04T11:43:10","slug":"qualitaet-in-der-weiterbildung","status":"publish","type":"page","link":"https:\/\/alice.ch\/de\/qualitaet\/qualitaet-in-der-weiterbildung\/","title":{"rendered":"Qualit\u00e4t in der Weiterbildung"},"content":{"rendered":"\n<div class=\"wp-block-group is-style-reduced-width is-layout-flow wp-block-group-is-layout-flow\">\n<h1 class=\"wp-block-heading\">Qualit\u00e4t in der Weiterbildung \u2013 ein zentrales Thema f\u00fcr alle Beteiligten<\/h1>\n\n\n\n<p class=\"is-style-lead\">Der Weiterbildung kommt in Wirtschaft und Gesellschaft sowie im Bildungssystem eine zentrale Rolle zu. Auf der Grundlage des Weiterbildungsgesetzes (WeBiG) von 2017 soll in der Schweiz der Zugang aller erwachsenen Menschen zu den Angeboten der Weiterbildung gef\u00f6rdert werden.<\/p>\n\n\n\n<p>Gleichzeitig wurden im WeBiG wichtige Grunds\u00e4tze zur Sicherung und Entwicklung der Qualit\u00e4t festgelegt. Die Verantwortung daf\u00fcr tragen grunds\u00e4tzlich die Anbieterinnen und Anbieter von Weiterbildung. Zudem k\u00f6nnen Bund und Kantone Verfahren der Qualit\u00e4tssicherung und der Qualit\u00e4tsentwicklung unterst\u00fctzen, um bei den Bildungsg\u00e4ngen und Abschl\u00fcssen in der Weiterbildung Transparenz und Vergleichbarkeit zu schaffen.<\/p>\n\n\n\n<p>Die F\u00f6rderung der Qualit\u00e4t in der Weiterbildung bildet f\u00fcr den SVEB einen Schwerpunkt. Die Themen und Aktivit\u00e4ten f\u00fcr Anbieter, Kundinnen und Kunden, \u00f6ffentliche F\u00f6rderstrukturen und Qualit\u00e4tsfachleute sind auf den folgenden Seiten dokumentiert.<\/p>\n\n\n\n<p>Die Abteilung Qualit\u00e4t in der Weiterbildung arbeitet mit Partnerorganisationen zusammen. Die Leistungen des SVEB werden im Rahmen der Leistungsvereinbarung vom Staatssekretariat f\u00fcr Bildung, Forschung und Innovation (SBFI) unterst\u00fctzt.<a id=\"_msocom_1\"><\/a><\/p>\n\n\n\n<div class=\"wp-block-media-text alignwide is-stacked-on-mobile is-style-icon-text\"><figure class=\"wp-block-media-text__media\"><a href=\"https:\/\/alice.ch\/de\/qualitaet\/qualitaet-in-der-weiterbildung\/fokus-qualitaet-in-der-weiterbildung\/\"><img decoding=\"async\" width=\"300\" height=\"249\" src=\"https:\/\/alice.ch\/app\/uploads\/2022\/10\/icon-q-management-300x249.png\" alt=\"\" class=\"wp-image-4516 size-medium\" srcset=\"https:\/\/alice.ch\/app\/uploads\/2022\/10\/icon-q-management-300x249.png 300w, https:\/\/alice.ch\/app\/uploads\/2022\/10\/icon-q-management.png 466w\" sizes=\"(max-width: 300px) 100vw, 300px\" \/><\/a><\/figure><div class=\"wp-block-media-text__content\">\n<h2 class=\"wp-block-heading\"><a href=\"https:\/\/alice.ch\/de\/qualitaet\/qualitaet-in-der-weiterbildung\/fokus-qualitaet-in-der-weiterbildung\/\">Fokus Qualit\u00e4t in der Weiterbildung<\/a><\/h2>\n\n\n\n<p>Aktuelle Themen und Veranstaltungen und Resultate der nationalen Qualit\u00e4tstagungen und Workshops<\/p>\n<\/div><\/div>\n\n\n\n<hr class=\"wp-block-separator has-alpha-channel-opacity is-style-wide\"\/>\n\n\n\n<div class=\"wp-block-media-text alignwide is-stacked-on-mobile is-style-icon-text\"><figure class=\"wp-block-media-text__media\"><a href=\"https:\/\/alice.ch\/de\/qualitaet\/qualitaet-in-der-weiterbildung\/qualitaetsmanagement-in-der-weiterbildungsinstitution\/\"><img decoding=\"async\" width=\"300\" height=\"252\" src=\"https:\/\/alice.ch\/app\/uploads\/2022\/10\/icon-qualita\u0308tsmanagementsystem-300x252.png\" alt=\"\" class=\"wp-image-2620 size-medium\" srcset=\"https:\/\/alice.ch\/app\/uploads\/2022\/10\/icon-qualita\u0308tsmanagementsystem-300x252.png 300w, https:\/\/alice.ch\/app\/uploads\/2022\/10\/icon-qualita\u0308tsmanagementsystem.png 656w\" sizes=\"(max-width: 300px) 100vw, 300px\" \/><\/a><\/figure><div class=\"wp-block-media-text__content\">\n<h2 class=\"wp-block-heading\"><a href=\"https:\/\/alice.ch\/de\/qualitaet\/qualitaet-in-der-weiterbildung\/qualitaetsmanagement-in-der-weiterbildungsinstitution\/\">Qualit\u00e4tsmanagement in der Weiterbildungsinstitution<\/a><\/h2>\n\n\n\n<p>Grundlagen und praktische Modelle f\u00fcr die Sicherung und Entwicklung der Qualit\u00e4t im Alltag der Bildungsinstitution<\/p>\n<\/div><\/div>\n\n\n\n<hr class=\"wp-block-separator has-alpha-channel-opacity is-style-wide\"\/>\n\n\n\n<div class=\"wp-block-media-text alignwide is-stacked-on-mobile is-style-icon-text\"><figure class=\"wp-block-media-text__media\"><a href=\"https:\/\/alice.ch\/de\/qualitaet\/qualitaet-in-der-weiterbildung\/qualitaetslabels\/\"><img decoding=\"async\" width=\"300\" height=\"216\" src=\"https:\/\/alice.ch\/app\/uploads\/2022\/10\/icon-q-uebersicht-300x216.png\" alt=\"\" class=\"wp-image-4520 size-medium\" srcset=\"https:\/\/alice.ch\/app\/uploads\/2022\/10\/icon-q-uebersicht-300x216.png 300w, https:\/\/alice.ch\/app\/uploads\/2022\/10\/icon-q-uebersicht.png 608w\" sizes=\"(max-width: 300px) 100vw, 300px\" \/><\/a><\/figure><div class=\"wp-block-media-text__content\">\n<h2 class=\"wp-block-heading\"><a href=\"https:\/\/alice.ch\/de\/qualitaet\/qualitaet-in-der-weiterbildung\/qualitaetslabels\/\">\u00dcbersicht Qualit\u00e4tslabels in der Weiterbildung<\/a><\/h2>\n\n\n\n<p>Die f\u00fcr die Schweizer Weiterbildung zentralen Labels, Modelle und Zertifikate<\/p>\n<\/div><\/div>\n\n\n\n<hr class=\"wp-block-separator has-alpha-channel-opacity is-style-wide\"\/>\n\n\n\n<div class=\"wp-block-media-text alignwide is-stacked-on-mobile is-style-icon-text\"><figure class=\"wp-block-media-text__media\"><a href=\"https:\/\/alice.ch\/de\/qualitaet\/qualitaet-in-der-weiterbildung\/qualitaetsnormen-zu-e-learning-angeboten\/\"><img decoding=\"async\" width=\"500\" height=\"500\" src=\"https:\/\/alice.ch\/app\/uploads\/2022\/10\/e-Learning-1.png\" alt=\"\" class=\"wp-image-5852 size-full\" srcset=\"https:\/\/alice.ch\/app\/uploads\/2022\/10\/e-Learning-1.png 500w, https:\/\/alice.ch\/app\/uploads\/2022\/10\/e-Learning-1-300x300.png 300w, https:\/\/alice.ch\/app\/uploads\/2022\/10\/e-Learning-1-150x150.png 150w\" sizes=\"(max-width: 500px) 100vw, 500px\" \/><\/a><\/figure><div class=\"wp-block-media-text__content\">\n<h2 class=\"wp-block-heading\"><a href=\"https:\/\/alice.ch\/de\/qualitaet\/qualitaet-in-der-weiterbildung\/qualitaetsnormen-zu-e-learning-angeboten\/\">Qualit\u00e4tsnormen zu E-Learning-Angeboten<\/a><\/h2>\n\n\n\n<p>Richtlinien oder spezifische Labels k\u00f6nnen dazu beitragen, die Qualit\u00e4tssicherung- und -entwicklung von E-Learning-Angeboten strategisch anzugehen.<\/p>\n<\/div><\/div>\n\n\n\n<hr class=\"wp-block-separator has-alpha-channel-opacity is-style-wide\"\/>\n\n\n\n<div class=\"wp-block-media-text alignwide is-stacked-on-mobile is-style-icon-text\"><figure class=\"wp-block-media-text__media\"><a href=\"https:\/\/alice.ch\/de\/qualitaet\/qualitaet-in-der-weiterbildung\/transparente-kursausschreibungen\/\"><img decoding=\"async\" width=\"441\" height=\"482\" src=\"https:\/\/alice.ch\/app\/uploads\/2022\/11\/icon-transparente-kursausschreibung.jpeg\" alt=\"\" class=\"wp-image-6705 size-full\" srcset=\"https:\/\/alice.ch\/app\/uploads\/2022\/11\/icon-transparente-kursausschreibung.jpeg 441w, https:\/\/alice.ch\/app\/uploads\/2022\/11\/icon-transparente-kursausschreibung-274x300.jpeg 274w\" sizes=\"(max-width: 441px) 100vw, 441px\" \/><\/a><\/figure><div class=\"wp-block-media-text__content\">\n<h2 class=\"wp-block-heading\"><a href=\"https:\/\/alice.ch\/de\/qualitaet\/qualitaet-in-der-weiterbildung\/transparente-kursausschreibungen\/\">Transparente Kursausschreibung<\/a><\/h2>\n\n\n\n<p>Wie Weiterbildungsanbieter die Informationen zu den Lernangeboten gestalten k\u00f6nnen, um den Interessierten eine qualifizierte Kurswahl zu erm\u00f6glichen.<\/p>\n<\/div><\/div>\n\n\n\n<hr class=\"wp-block-separator has-alpha-channel-opacity is-style-wide\"\/>\n\n\n\n<div class=\"wp-block-media-text alignwide is-stacked-on-mobile is-style-icon-text\"><figure class=\"wp-block-media-text__media\"><a href=\"https:\/\/alice.ch\/de\/qualitaet\/qualitaet-in-der-weiterbildung\/transparente-kursausschreibungen\/\"><img decoding=\"async\" width=\"400\" height=\"480\" src=\"https:\/\/alice.ch\/app\/uploads\/2024\/08\/icon-checkliste.png\" alt=\"\" class=\"wp-image-61724 size-full\" srcset=\"https:\/\/alice.ch\/app\/uploads\/2024\/08\/icon-checkliste.png 400w, https:\/\/alice.ch\/app\/uploads\/2024\/08\/icon-checkliste-250x300.png 250w\" sizes=\"(max-width: 400px) 100vw, 400px\" \/><\/a><\/figure><div class=\"wp-block-media-text__content\">\n<h2 class=\"wp-block-heading\"><a href=\"https:\/\/alice.ch\/de\/qualitaet\/qualitaet-in-der-weiterbildung\/checkliste-fuer-kursteilnehmende\/\">Checkliste f\u00fcr Kursteilnehmende<\/a><\/h2>\n\n\n\n<p>Die Checkliste soll potenziellen Kursteilnehmenden helfen, ein passendes Weiterbildungsangebot zu finden, das den individuellen Bed\u00fcrfnissen und Erwartungen entspricht.<\/p>\n<\/div><\/div>\n\n\n\n<hr class=\"wp-block-separator has-alpha-channel-opacity is-style-wide\"\/>\n\n\n\n<div class=\"wp-block-media-text alignwide is-stacked-on-mobile is-style-icon-text\"><figure class=\"wp-block-media-text__media\"><a href=\"https:\/\/alice.ch\/de\/qualitaet\/qualitaet-in-der-weiterbildung\/faq-rund-um-qualitaet\/\"><img decoding=\"async\" width=\"242\" height=\"257\" src=\"https:\/\/alice.ch\/app\/uploads\/2022\/10\/datenquellen.png\" alt=\"\" class=\"wp-image-5817 size-full\"\/><\/a><\/figure><div class=\"wp-block-media-text__content\">\n<h2 class=\"wp-block-heading\"><a href=\"https:\/\/alice.ch\/de\/qualitaet\/qualitaet-in-der-weiterbildung\/faq-rund-um-qualitaet\/\">FAQ rund um Qualit\u00e4t<\/a><\/h2>\n\n\n\n<p>Ist eine SVEB-Mitgliedschaft ein Garant f\u00fcr Qualit\u00e4t? Was bedeutet das eduQua-Label und was sagt es \u00fcber Kurse aus? Hier werden die h\u00e4ufigsten Fragen rund um Qualit\u00e4t in der Weiterbildung beantwortet.<\/p>\n<\/div><\/div>\n\n\n\n<h2 class=\"wp-block-heading\">Kontakt<\/h2>\n\n\n\n<div class=\"wp-block-columns is-layout-flex wp-container-core-columns-is-layout-28f84493 wp-block-columns-is-layout-flex\">\n<div class=\"wp-block-column is-layout-flow wp-block-column-is-layout-flow\" style=\"flex-basis:50%\"><div class=\"contact-persons\">\n\n\t\t\t\t\t<div class=\"contact-person\">\n\t\t\t\t\tMelanie Schneider<br \/>\t\t\t\t\tFachmitarbeiterin eduQua, Qualit\u00e4t in der Weiterbildung, AdA-Baukasten<br \/>\t\t\t\t\t<br \/>\n\t\t\t\t\t\t\t\t\t\t<a href=\"tel:+41 (0)44 319 71 64\">+41 (0)44 319 71 64<\/a><br \/>\t\t\t\t\t<a href=\"mailto:melanie.schneider@alice.ch\">melanie.schneider@alice.ch<\/a><br \/>\t\t\t\t\t<\/div>\n\t\t\t\t\t<\/div>\n<\/div>\n\n\n\n<div class=\"wp-block-column is-layout-flow wp-block-column-is-layout-flow\" style=\"flex-basis:50%\"><\/div>\n<\/div>\n<\/div>\n","protected":false},"excerpt":{"rendered":"<p>Qualit\u00e4t in der Weiterbildung \u2013 ein zentrales Thema f\u00fcr alle Beteiligten Der Weiterbildung kommt in Wirtschaft und Gesellschaft sowie im [&hellip;]<\/p>\n","protected":false},"author":4,"featured_media":20799,"parent":27,"menu_order":255,"comment_status":"closed","ping_status":"closed","template":"","meta":{"_acf_changed":false,"inline_featured_image":false,"footnotes":""},"class_list":["post-598","page","type-page","status-publish","has-post-thumbnail","hentry"],"acf":[],"yoast_head":"<!-- This site is optimized with the Yoast SEO plugin v27.3 - https:\/\/yoast.com\/product\/yoast-seo-wordpress\/ -->\n<title>Qualit\u00e4t in der Weiterbildung - SVEB<\/title>\n<meta name=\"description\" content=\"Der SVEB unterst\u00fctzt die Qualit\u00e4tsanstrengungen der Anbieter und f\u00f6rdert die \u00f6ffentliche Diskussion zur Qualit\u00e4t in der Weiterbildung.\" \/>\n<meta name=\"robots\" content=\"index, follow, max-snippet:-1, max-image-preview:large, max-video-preview:-1\" \/>\n<link rel=\"canonical\" href=\"https:\/\/alice.ch\/de\/qualitaet\/qualitaet-in-der-weiterbildung\/\" \/>\n<meta property=\"og:locale\" content=\"de_DE\" \/>\n<meta property=\"og:type\" content=\"article\" \/>\n<meta property=\"og:title\" content=\"Qualit\u00e4t in der Weiterbildung - SVEB\" \/>\n<meta property=\"og:description\" content=\"Der SVEB unterst\u00fctzt die Qualit\u00e4tsanstrengungen der Anbieter und f\u00f6rdert die \u00f6ffentliche Diskussion zur Qualit\u00e4t in der Weiterbildung.\" \/>\n<meta property=\"og:url\" content=\"https:\/\/alice.ch\/de\/qualitaet\/qualitaet-in-der-weiterbildung\/\" \/>\n<meta property=\"og:site_name\" content=\"SVEB\" \/>\n<meta property=\"article:modified_time\" content=\"2025-08-04T11:43:10+00:00\" \/>\n<meta property=\"og:image\" content=\"https:\/\/alice.ch\/app\/uploads\/2022\/10\/icon-q-management.png\" \/>\n\t<meta property=\"og:image:width\" content=\"466\" \/>\n\t<meta property=\"og:image:height\" content=\"387\" \/>\n\t<meta property=\"og:image:type\" content=\"image\/png\" \/>\n<meta name=\"twitter:card\" content=\"summary_large_image\" \/>\n<meta name=\"twitter:label1\" content=\"Gesch\u00e4tzte Lesezeit\" \/>\n\t<meta name=\"twitter:data1\" content=\"3\u00a0Minuten\" \/>\n<script type=\"application\/ld+json\" class=\"yoast-schema-graph\">{\"@context\":\"https:\\\/\\\/schema.org\",\"@graph\":[{\"@type\":\"WebPage\",\"@id\":\"https:\\\/\\\/alice.ch\\\/de\\\/qualitaet\\\/qualitaet-in-der-weiterbildung\\\/\",\"url\":\"https:\\\/\\\/alice.ch\\\/de\\\/qualitaet\\\/qualitaet-in-der-weiterbildung\\\/\",\"name\":\"Qualit\u00e4t in der Weiterbildung - SVEB\",\"isPartOf\":{\"@id\":\"https:\\\/\\\/alice.ch\\\/de\\\/#website\"},\"primaryImageOfPage\":{\"@id\":\"https:\\\/\\\/alice.ch\\\/de\\\/qualitaet\\\/qualitaet-in-der-weiterbildung\\\/#primaryimage\"},\"image\":{\"@id\":\"https:\\\/\\\/alice.ch\\\/de\\\/qualitaet\\\/qualitaet-in-der-weiterbildung\\\/#primaryimage\"},\"thumbnailUrl\":\"https:\\\/\\\/alice.ch\\\/app\\\/uploads\\\/2022\\\/11\\\/default.jpg\",\"datePublished\":\"2022-08-16T15:50:29+00:00\",\"dateModified\":\"2025-08-04T11:43:10+00:00\",\"description\":\"Der SVEB unterst\u00fctzt die Qualit\u00e4tsanstrengungen der Anbieter und f\u00f6rdert die \u00f6ffentliche Diskussion zur Qualit\u00e4t in der Weiterbildung.\",\"breadcrumb\":{\"@id\":\"https:\\\/\\\/alice.ch\\\/de\\\/qualitaet\\\/qualitaet-in-der-weiterbildung\\\/#breadcrumb\"},\"inLanguage\":\"de\",\"potentialAction\":[{\"@type\":\"ReadAction\",\"target\":[\"https:\\\/\\\/alice.ch\\\/de\\\/qualitaet\\\/qualitaet-in-der-weiterbildung\\\/\"]}]},{\"@type\":\"ImageObject\",\"inLanguage\":\"de\",\"@id\":\"https:\\\/\\\/alice.ch\\\/de\\\/qualitaet\\\/qualitaet-in-der-weiterbildung\\\/#primaryimage\",\"url\":\"https:\\\/\\\/alice.ch\\\/app\\\/uploads\\\/2022\\\/11\\\/default.jpg\",\"contentUrl\":\"https:\\\/\\\/alice.ch\\\/app\\\/uploads\\\/2022\\\/11\\\/default.jpg\",\"width\":1600,\"height\":900},{\"@type\":\"BreadcrumbList\",\"@id\":\"https:\\\/\\\/alice.ch\\\/de\\\/qualitaet\\\/qualitaet-in-der-weiterbildung\\\/#breadcrumb\",\"itemListElement\":[{\"@type\":\"ListItem\",\"position\":1,\"name\":\"Startseite\",\"item\":\"https:\\\/\\\/alice.ch\\\/de\\\/\"},{\"@type\":\"ListItem\",\"position\":2,\"name\":\"Qualit\u00e4t\",\"item\":\"https:\\\/\\\/alice.ch\\\/de\\\/qualitaet\\\/\"},{\"@type\":\"ListItem\",\"position\":3,\"name\":\"Qualit\u00e4t in der Weiterbildung\"}]},{\"@type\":\"WebSite\",\"@id\":\"https:\\\/\\\/alice.ch\\\/de\\\/#website\",\"url\":\"https:\\\/\\\/alice.ch\\\/de\\\/\",\"name\":\"alice.ch (Adult Learning Information Center) ist das Portal der Weiterbildung in der Schweiz.\",\"description\":\"Schweizerischer Verband f\u00fcr Weiterbildung\",\"publisher\":{\"@id\":\"https:\\\/\\\/alice.ch\\\/de\\\/#organization\"},\"potentialAction\":[{\"@type\":\"SearchAction\",\"target\":{\"@type\":\"EntryPoint\",\"urlTemplate\":\"https:\\\/\\\/alice.ch\\\/de\\\/?s={search_term_string}\"},\"query-input\":{\"@type\":\"PropertyValueSpecification\",\"valueRequired\":true,\"valueName\":\"search_term_string\"}}],\"inLanguage\":\"de\"},{\"@type\":\"Organization\",\"@id\":\"https:\\\/\\\/alice.ch\\\/de\\\/#organization\",\"name\":\"SVEB Schweizerischer Verband f\u00fcr Weiterbildung\",\"url\":\"https:\\\/\\\/alice.ch\\\/de\\\/\",\"logo\":{\"@type\":\"ImageObject\",\"inLanguage\":\"de\",\"@id\":\"https:\\\/\\\/alice.ch\\\/de\\\/#\\\/schema\\\/logo\\\/image\\\/\",\"url\":\"https:\\\/\\\/alice.ch\\\/app\\\/uploads\\\/2022\\\/07\\\/logo-sveb.png\",\"contentUrl\":\"https:\\\/\\\/alice.ch\\\/app\\\/uploads\\\/2022\\\/07\\\/logo-sveb.png\",\"width\":145,\"height\":64,\"caption\":\"SVEB Schweizerischer Verband f\u00fcr Weiterbildung\"},\"image\":{\"@id\":\"https:\\\/\\\/alice.ch\\\/de\\\/#\\\/schema\\\/logo\\\/image\\\/\"},\"sameAs\":[\"https:\\\/\\\/www.linkedin.com\\\/company\\\/schweizerischer-verband-fr-weiterbildung-sveb\\\/\"]}]}<\/script>\n<!-- \/ Yoast SEO plugin. -->","yoast_head_json":{"title":"Qualit\u00e4t in der Weiterbildung - SVEB","description":"Der SVEB unterst\u00fctzt die Qualit\u00e4tsanstrengungen der Anbieter und f\u00f6rdert die \u00f6ffentliche Diskussion zur Qualit\u00e4t in der Weiterbildung.","robots":{"index":"index","follow":"follow","max-snippet":"max-snippet:-1","max-image-preview":"max-image-preview:large","max-video-preview":"max-video-preview:-1"},"canonical":"https:\/\/alice.ch\/de\/qualitaet\/qualitaet-in-der-weiterbildung\/","og_locale":"de_DE","og_type":"article","og_title":"Qualit\u00e4t in der Weiterbildung - SVEB","og_description":"Der SVEB unterst\u00fctzt die Qualit\u00e4tsanstrengungen der Anbieter und f\u00f6rdert die \u00f6ffentliche Diskussion zur Qualit\u00e4t in der Weiterbildung.","og_url":"https:\/\/alice.ch\/de\/qualitaet\/qualitaet-in-der-weiterbildung\/","og_site_name":"SVEB","article_modified_time":"2025-08-04T11:43:10+00:00","og_image":[{"width":466,"height":387,"url":"https:\/\/alice.ch\/app\/uploads\/2022\/10\/icon-q-management.png","type":"image\/png"}],"twitter_card":"summary_large_image","twitter_misc":{"Gesch\u00e4tzte Lesezeit":"3\u00a0Minuten"},"schema":{"@context":"https:\/\/schema.org","@graph":[{"@type":"WebPage","@id":"https:\/\/alice.ch\/de\/qualitaet\/qualitaet-in-der-weiterbildung\/","url":"https:\/\/alice.ch\/de\/qualitaet\/qualitaet-in-der-weiterbildung\/","name":"Qualit\u00e4t in der Weiterbildung - SVEB","isPartOf":{"@id":"https:\/\/alice.ch\/de\/#website"},"primaryImageOfPage":{"@id":"https:\/\/alice.ch\/de\/qualitaet\/qualitaet-in-der-weiterbildung\/#primaryimage"},"image":{"@id":"https:\/\/alice.ch\/de\/qualitaet\/qualitaet-in-der-weiterbildung\/#primaryimage"},"thumbnailUrl":"https:\/\/alice.ch\/app\/uploads\/2022\/11\/default.jpg","datePublished":"2022-08-16T15:50:29+00:00","dateModified":"2025-08-04T11:43:10+00:00","description":"Der SVEB unterst\u00fctzt die Qualit\u00e4tsanstrengungen der Anbieter und f\u00f6rdert die \u00f6ffentliche Diskussion zur Qualit\u00e4t in der Weiterbildung.","breadcrumb":{"@id":"https:\/\/alice.ch\/de\/qualitaet\/qualitaet-in-der-weiterbildung\/#breadcrumb"},"inLanguage":"de","potentialAction":[{"@type":"ReadAction","target":["https:\/\/alice.ch\/de\/qualitaet\/qualitaet-in-der-weiterbildung\/"]}]},{"@type":"ImageObject","inLanguage":"de","@id":"https:\/\/alice.ch\/de\/qualitaet\/qualitaet-in-der-weiterbildung\/#primaryimage","url":"https:\/\/alice.ch\/app\/uploads\/2022\/11\/default.jpg","contentUrl":"https:\/\/alice.ch\/app\/uploads\/2022\/11\/default.jpg","width":1600,"height":900},{"@type":"BreadcrumbList","@id":"https:\/\/alice.ch\/de\/qualitaet\/qualitaet-in-der-weiterbildung\/#breadcrumb","itemListElement":[{"@type":"ListItem","position":1,"name":"Startseite","item":"https:\/\/alice.ch\/de\/"},{"@type":"ListItem","position":2,"name":"Qualit\u00e4t","item":"https:\/\/alice.ch\/de\/qualitaet\/"},{"@type":"ListItem","position":3,"name":"Qualit\u00e4t in der Weiterbildung"}]},{"@type":"WebSite","@id":"https:\/\/alice.ch\/de\/#website","url":"https:\/\/alice.ch\/de\/","name":"alice.ch (Adult Learning Information Center) ist das Portal der Weiterbildung in der Schweiz.","description":"Schweizerischer Verband f\u00fcr Weiterbildung","publisher":{"@id":"https:\/\/alice.ch\/de\/#organization"},"potentialAction":[{"@type":"SearchAction","target":{"@type":"EntryPoint","urlTemplate":"https:\/\/alice.ch\/de\/?s={search_term_string}"},"query-input":{"@type":"PropertyValueSpecification","valueRequired":true,"valueName":"search_term_string"}}],"inLanguage":"de"},{"@type":"Organization","@id":"https:\/\/alice.ch\/de\/#organization","name":"SVEB Schweizerischer Verband f\u00fcr Weiterbildung","url":"https:\/\/alice.ch\/de\/","logo":{"@type":"ImageObject","inLanguage":"de","@id":"https:\/\/alice.ch\/de\/#\/schema\/logo\/image\/","url":"https:\/\/alice.ch\/app\/uploads\/2022\/07\/logo-sveb.png","contentUrl":"https:\/\/alice.ch\/app\/uploads\/2022\/07\/logo-sveb.png","width":145,"height":64,"caption":"SVEB Schweizerischer Verband f\u00fcr Weiterbildung"},"image":{"@id":"https:\/\/alice.ch\/de\/#\/schema\/logo\/image\/"},"sameAs":["https:\/\/www.linkedin.com\/company\/schweizerischer-verband-fr-weiterbildung-sveb\/"]}]}},"_links":{"self":[{"href":"https:\/\/alice.ch\/de\/wp-json\/wp\/v2\/pages\/598","targetHints":{"allow":["GET"]}}],"collection":[{"href":"https:\/\/alice.ch\/de\/wp-json\/wp\/v2\/pages"}],"about":[{"href":"https:\/\/alice.ch\/de\/wp-json\/wp\/v2\/types\/page"}],"author":[{"embeddable":true,"href":"https:\/\/alice.ch\/de\/wp-json\/wp\/v2\/users\/4"}],"replies":[{"embeddable":true,"href":"https:\/\/alice.ch\/de\/wp-json\/wp\/v2\/comments?post=598"}],"version-history":[{"count":75,"href":"https:\/\/alice.ch\/de\/wp-json\/wp\/v2\/pages\/598\/revisions"}],"predecessor-version":[{"id":69738,"href":"https:\/\/alice.ch\/de\/wp-json\/wp\/v2\/pages\/598\/revisions\/69738"}],"up":[{"embeddable":true,"href":"https:\/\/alice.ch\/de\/wp-json\/wp\/v2\/pages\/27"}],"wp:featuredmedia":[{"embeddable":true,"href":"https:\/\/alice.ch\/de\/wp-json\/wp\/v2\/media\/20799"}],"wp:attachment":[{"href":"https:\/\/alice.ch\/de\/wp-json\/wp\/v2\/media?parent=598"}],"curies":[{"name":"wp","href":"https:\/\/api.w.org\/{rel}","templated":true}]}}