{"id":603,"date":"2022-08-16T17:51:53","date_gmt":"2022-08-16T15:51:53","guid":{"rendered":"https:\/\/projects.atxeit.ch\/sveb\/?page_id=603"},"modified":"2025-05-20T15:29:03","modified_gmt":"2025-05-20T13:29:03","slug":"qualitaetslabels","status":"publish","type":"page","link":"https:\/\/alice.ch\/de\/qualitaet\/qualitaet-in-der-weiterbildung\/qualitaetslabels\/","title":{"rendered":"Qualit\u00e4tslabels in der Weiterbildung"},"content":{"rendered":"\n<div class=\"wp-block-group is-style-reduced-width is-layout-flow wp-block-group-is-layout-flow\">\n<h1 class=\"wp-block-heading\">Qualit\u00e4tslabels in der Weiterbildung<\/h1>\n\n\n\n<p class=\"is-style-lead\">Viele Weiterbildungsanbieter lassen sich mit einem Qualit\u00e4tslabel auszeichnen. Davon gibt es zahlreiche. Die relevantesten Labels, Modelle und Zertifikate f\u00fcr die Sicherung und Entwicklung der Qualit\u00e4t in der Weiterbildung in der Schweiz sind hier zusammengestellt.<\/p>\n\n\n\n<h2 class=\"wp-block-heading\">Nationale Labels und Normen<\/h2>\n\n\n\n<div class=\"wp-block-group is-layout-flow wp-block-group-is-layout-flow\">\n<div class=\"wp-block-columns is-style-accordion is-layout-flex wp-container-core-columns-is-layout-28f84493 wp-block-columns-is-layout-flex\" id=\"faq-element-1\">\n<div class=\"wp-block-column is-layout-flow wp-block-column-is-layout-flow\">\n<h3 class=\"wp-block-heading\"><a href=\"https:\/\/alice.ch\/de\/qualitaet\/qualitaetslabel-eduqua\/eduqua2021\/\">eduQua:2021<\/a>&nbsp;(Weiterbildungsinstitutionen)&nbsp;<\/h3>\n<\/div>\n\n\n\n<div class=\"wp-block-column is-layout-flow wp-block-column-is-layout-flow\">\n<p>eduQua ist das spezifisch auf Weiterbildungsanbieter zugeschnittene Schweizer Qualit\u00e4tslabel. Tr\u00e4ger des Qualit\u00e4tssystems ist der <a href=\"https:\/\/alice.ch\/de\/sveb\/\">SVEB Schweizerische Verband f\u00fcr Weiterbildung<\/a>. Mit rund 1&#8217;100&nbsp;<a href=\"https:\/\/alice.ch\/de\/qualitaet\/qualitaetslabel-eduqua\/eduqua-zertifizierte-institutionen\/\">zertifizierten Institutionen<\/a>&nbsp;ist es das bekannteste und meistverbreitete Qualit\u00e4tslabel im Weiterbildungsbereich der Schweiz. Die im Jahr 2021 revidierte Norm \u00fcberpr\u00fcft 19 Qualit\u00e4tskriterien in den Bereichen F\u00fchrung und Management sowie bei den Weiterbildungsangeboten und Lernprozessen. Die eduQua-Zertifizierung unterst\u00fctzt eine kontinuierliche Entwicklung der Qualit\u00e4t bei den Weiterbildungsinstitutionen und erm\u00f6glicht in vielen Bereichen die Erf\u00fcllung beh\u00f6rdlicher Auflagen (z. B. f\u00fcr Arbeitsmarktliche Massnahmen AMM).&nbsp;<\/p>\n\n\n\n<p>Das Zertifikat ist jeweils drei Jahre g\u00fcltig. Die Aufrechterhaltung wird durch ein j\u00e4hrlich stattfindendes Zwischenaudit \u00fcberpr\u00fcft.<\/p>\n<\/div>\n<\/div>\n\n\n\n<div class=\"wp-block-columns is-style-accordion is-layout-flex wp-container-core-columns-is-layout-28f84493 wp-block-columns-is-layout-flex\" id=\"faq-element-1\">\n<div class=\"wp-block-column is-layout-flow wp-block-column-is-layout-flow\">\n<h3 class=\"wp-block-heading\"><a href=\"http:\/\/www.arbeitsintegrationschweiz.ch\/qualitatszertifikat\" target=\"_blank\" rel=\"noreferrer noopener\">IN-Qualis:2018<\/a>&nbsp;(Dienstleistungen der Arbeitsintegration)<\/h3>\n<\/div>\n\n\n\n<div class=\"wp-block-column is-layout-flow wp-block-column-is-layout-flow\">\n<p>IN-Qualis:2018 wurde am im Jahr 2019 eingef\u00fchrt und ersetzt die fr\u00fchere Norm SVOAM:2010. Das Qualit\u00e4tsmanagementsystem sichert und entwickelt die Qualit\u00e4t von Dienstleistungen der Arbeitsintegration. Organisationen der Arbeitsintegration unterst\u00fctzen Menschen mit besonderen Bed\u00fcrfnissen bei der sozialen Integration, der Integration in den Arbeitsmarkt oder in eine Ausbildungsstelle (berufliche Grundbildung). IN-Qualis bietet diesen Organisationen modulare Elemente, mit deren Hilfe sie ein Qualit\u00e4tsmanagement aufbauen und betreiben k\u00f6nnen. Das Zertifikat ist drei Jahre g\u00fcltig, mit einem j\u00e4hrlich stattfindenden Zwischen-Audit vor Ort.<\/p>\n<\/div>\n<\/div>\n\n\n\n<div class=\"wp-block-columns is-style-accordion is-layout-flex wp-container-core-columns-is-layout-28f84493 wp-block-columns-is-layout-flex\" id=\"faq-element-1\">\n<div class=\"wp-block-column is-layout-flow wp-block-column-is-layout-flow\">\n<h3 class=\"wp-block-heading\"><a href=\"https:\/\/fide-info.ch\/de\/label\/qualitaetskonzept\" target=\"_blank\" rel=\"noreferrer noopener\">fide-Label<\/a>&nbsp;(Bereich Zweitsprache von erwachsenen Migrantinnen und Migranten)<\/h3>\n<\/div>\n\n\n\n<div class=\"wp-block-column is-layout-flow wp-block-column-is-layout-flow\">\n<p>Das fide-Label beruht auf dem fide-Qualit\u00e4tskonzept. Es zertifiziert Angebote im Bereich Zweitsprache f\u00fcr erwachsene Migrantinnen und Migranten. Das Label pr\u00fcft insbesondere die spezifischen Anforderungen an die didaktische Gestaltung und Durchf\u00fchrung gem\u00e4ss fide-Prinzipien. Weiter f\u00f6rdert es gezielt die Qualit\u00e4tsentwicklung im Bereich Organisation der Lernangebote.<\/p>\n<\/div>\n<\/div>\n\n\n\n<div class=\"wp-block-columns is-style-accordion is-layout-flex wp-container-core-columns-is-layout-28f84493 wp-block-columns-is-layout-flex\" id=\"faq-element-1\">\n<div class=\"wp-block-column is-layout-flow wp-block-column-is-layout-flow\">\n<h3 class=\"wp-block-heading\"><a href=\"https:\/\/fide-info.ch\/de\/label\/qualitaetskonzept\" target=\"_blank\" rel=\"noreferrer noopener\"><a href=\"https:\/\/www.sieb.ch\/fqs\/\" target=\"_blank\" rel=\"noreferrer noopener\">FQS<\/a>\u00a0(Qualit\u00e4tsentwicklung von Schulen auf Basis von Selbstevaluation)<\/a><\/h3>\n<\/div>\n\n\n\n<div class=\"wp-block-column is-layout-flow wp-block-column-is-layout-flow\">\n<p>Das F\u00f6rdernde bzw. Formative Qualit\u00e4tsevaluations-System FQS dient zur Zertifizierung, Weiterentwicklung und \u00dcberpr\u00fcfung der Qualit\u00e4tsentwicklung sowie Beratung von Schulen und Weiterbildungsinstitutionen. FQS geht vom Vorrang der Selbstevaluation aus: Es liegt in der Verantwortung der einzelnen Schule, die vorgegebenen und selbst definierten Qualit\u00e4tsanspr\u00fcche zu \u00fcberpr\u00fcfen und ihren Betrieb zu optimieren.<\/p>\n<\/div>\n<\/div>\n\n\n\n<div class=\"wp-block-columns is-style-accordion is-layout-flex wp-container-core-columns-is-layout-28f84493 wp-block-columns-is-layout-flex\" id=\"faq-element-1\">\n<div class=\"wp-block-column is-layout-flow wp-block-column-is-layout-flow\">\n<h3 class=\"wp-block-heading\"><a href=\"http:\/\/aaq.ch\/\" target=\"_blank\" rel=\"noreferrer noopener\">aaq<\/a>&nbsp;(Hochschulen)&nbsp;<\/h3>\n<\/div>\n\n\n\n<div class=\"wp-block-column is-layout-flow wp-block-column-is-layout-flow\">\n<p>Die AAQ (Schweizerische Agentur f\u00fcr Akkreditierung und Qualit\u00e4tssicherung) f\u00fchrt gem\u00e4ss Hochschulf\u00f6rderungs- und Koordinationsgesetz (HFKG) institutionelle Akkreditierungen im Schweizerischen Hochschulraum durch. Diese Verfahren sind Voraussetzung f\u00fcr das Recht, eine der drei gesch\u00fctzten Bezeichnungen \u00abUniversit\u00e4t\u00bb, \u00abFachhochschule\u00bb und \u00abP\u00e4dagogische Hochschule\u00bb zu tragen.<\/p>\n<\/div>\n<\/div>\n\n\n\n<div class=\"wp-block-columns is-style-accordion is-layout-flex wp-container-core-columns-is-layout-28f84493 wp-block-columns-is-layout-flex\" id=\"faq-element-1\">\n<div class=\"wp-block-column is-layout-flow wp-block-column-is-layout-flow\">\n<h3 class=\"wp-block-heading\"><a href=\"http:\/\/www.informa-modellf.ch\/\" target=\"_blank\" rel=\"noreferrer noopener\">Modell F<\/a>&nbsp;(Flexible Bildungsangebote)&nbsp;<\/h3>\n<\/div>\n\n\n\n<div class=\"wp-block-column is-layout-flow wp-block-column-is-layout-flow\">\n<p>Modell F best\u00e4tigt die Flexibilit\u00e4t bestimmter Bildungs- und Studieng\u00e4nge, welche die Vereinbarkeit von Weiterbildung mit Familie, Beruf, Hochleistungssport oder Milit\u00e4rdienst erm\u00f6glichen. Das Zertifikat richtet sich an Weiterbildungsinstitutionen wie z. B. Fachhochschulen, H\u00f6here Fachschulen, Berufliche Weiterbildungsinstitutionen. Diese vom Staatssekretariat f\u00fcr Bildung, Forschung und Innovation (SBFI) unterst\u00fctzte Zertifizierung wird nur in der Schweiz verliehen. Das Zertifikat ist drei Jahre g\u00fcltig, mit j\u00e4hrlichem Aufrechterhaltungs-Audit.<\/p>\n<\/div>\n<\/div>\n\n\n\n<div class=\"wp-block-columns is-style-accordion is-layout-flex wp-container-core-columns-is-layout-28f84493 wp-block-columns-is-layout-flex\" id=\"faq-element-1\">\n<div class=\"wp-block-column is-layout-flow wp-block-column-is-layout-flow\">\n<h3 class=\"wp-block-heading\">Weitere Qualit\u00e4tsmodelle<\/h3>\n<\/div>\n\n\n\n<div class=\"wp-block-column is-layout-flow wp-block-column-is-layout-flow\">\n<p>Auf nationaler Ebene gibt es nebst den genannten, eher allgemeinen Qualit\u00e4tsmodellen auch solche, die f\u00fcr bestimmte Schularten wie Musik-, Sport- oder Hotelfachschulen oder f\u00fcr die Aus- und Weiterbildung in spezifischen Branchen (Finanzen, Gesundheit, Sicherheit etc.) entwickelt wurden. Branchen- und Berufsverb\u00e4nde k\u00f6nnen hierzu informieren.<\/p>\n<\/div>\n<\/div>\n<\/div>\n\n\n\n<h2 class=\"wp-block-heading\">Internationale Labels und Normen<\/h2>\n\n\n\n<div class=\"wp-block-group is-layout-flow wp-block-group-is-layout-flow\">\n<div class=\"wp-block-columns is-style-accordion is-layout-flex wp-container-core-columns-is-layout-28f84493 wp-block-columns-is-layout-flex\" id=\"faq-element-1\">\n<div class=\"wp-block-column is-layout-flow wp-block-column-is-layout-flow\">\n<h3 class=\"wp-block-heading\"><a href=\"https:\/\/www.iso.org\/standard\/62085.html\" target=\"_blank\" rel=\"noreferrer noopener\">ISO 9001:2015<\/a>&nbsp;(Qualit\u00e4tsmanagement-System)<\/h3>\n<\/div>\n\n\n\n<div class=\"wp-block-column is-layout-flow wp-block-column-is-layout-flow\">\n<p>ISO 9001 legt Mindestanforderungen an ein Qualit\u00e4tsmanagement-System fest. Die Anforderungen sind allgemein formuliert, so dass die Anwendung f\u00fcr Unternehmen und Organisationen aller Gr\u00f6ssen und Branchen m\u00f6glich ist. Das Label ist nicht spezifisch auf den Bildungsbereich ausgerichtet. Die Zertifizierung ist drei Jahre g\u00fcltig und wird mit einem j\u00e4hrlichen Aufrechterhaltungsaudit \u00fcberpr\u00fcft. Die Kosten f\u00fcr eine Zertifizierung richten sich nach der Anzahl der Mitarbeitenden.<\/p>\n<\/div>\n<\/div>\n\n\n\n<div class=\"wp-block-columns is-style-accordion is-layout-flex wp-container-core-columns-is-layout-28f84493 wp-block-columns-is-layout-flex\" id=\"faq-element-1\">\n<div class=\"wp-block-column is-layout-flow wp-block-column-is-layout-flow\">\n<h3 class=\"wp-block-heading\"><a href=\"https:\/\/www.iso.org\/standard\/66266.html\" target=\"_blank\" rel=\"noreferrer noopener\">ISO 21001:2018<\/a>&nbsp;(Qualit\u00e4tsmanagement-System f\u00fcr Bildungsorganisationen)<\/h3>\n<\/div>\n\n\n\n<div class=\"wp-block-column is-layout-flow wp-block-column-is-layout-flow\">\n<p>Diese neuere Norm st\u00fctzt sich auf ISO 9001:2015 und l\u00f6st ISO 29990 ab (2017 ausgelaufen). Sie wurde als Managementsystem-Norm mit \u00fcbergeordneten Standards f\u00fcr Organisationen der formalen und non-formalen Bildung eingef\u00fchrt. Die Struktur von ISO 20001 ist identisch mit ISO 9001. Und die Anforderungen werden, wo n\u00f6tig, auf allgemeine Dienstleistungen an Lernende bezogen. Spezifische Anforderungen an die Lerndienstleistungen in der Weiterbildung sind nicht erfasst. Daf\u00fcr ist die Dienstleistungsnorm ISO 29993:2018 vorgesehen.<\/p>\n<\/div>\n<\/div>\n\n\n\n<div class=\"wp-block-columns is-style-accordion is-layout-flex wp-container-core-columns-is-layout-28f84493 wp-block-columns-is-layout-flex\" id=\"faq-element-1\">\n<div class=\"wp-block-column is-layout-flow wp-block-column-is-layout-flow\">\n<h3 class=\"wp-block-heading\"><a href=\"https:\/\/www.iso.org\/standard\/70357.html\" target=\"_blank\" rel=\"noreferrer noopener\">ISO 29993:2018<\/a>&nbsp;(Lerndienstleistungen ausserhalb der formalen Bildung)<\/h3>\n<\/div>\n\n\n\n<div class=\"wp-block-column is-layout-flow wp-block-column-is-layout-flow\">\n<p>Diese Norm legt Anforderungen an Lerndienstleistungen ausserhalb der formalen Bildung fest. Sie ist auf alle Formen des lebenslangen Lernens ausgerichtet. z. B. der beruflichen und innerbetrieblichen Weiterbildung. ISO 29993:2018 ist vor allem darauf angelegt, verschiedene Elemente von Lerndienstleistungen aufeinander abzustimmen, einschliesslich Werbung, Information der Lernenden, Bedarfsanalyse, Gestaltung, Beurteilung und Bewertung. Ziel ist es, die Effektivit\u00e4t, Effizienz und Transparenz von Lerndienstleistungen zu verbessern.<\/p>\n<\/div>\n<\/div>\n\n\n\n<div class=\"wp-block-columns is-style-accordion is-layout-flex wp-container-core-columns-is-layout-28f84493 wp-block-columns-is-layout-flex\" id=\"faq-element-1\">\n<div class=\"wp-block-column is-layout-flow wp-block-column-is-layout-flow\">\n<h3 class=\"wp-block-heading\"><a href=\"https:\/\/saq.ch\/de\/business_excellence\/efqm-excellence-modell\/\" target=\"_blank\" rel=\"noreferrer noopener\">EFQM:2025<\/a>\u00a0(Business Excellence)<\/h3>\n<\/div>\n\n\n\n<div class=\"wp-block-column is-layout-flow wp-block-column-is-layout-flow\">\n<p>Europ\u00e4isches Modell f\u00fcr Total Quality Management (TQM), das einen umfangreichen Managementrahmen f\u00fcr eine ganzheitliche Bewertung und Steuerung der Organisation bietet. Das Modell baut auf dem Zusammenspiel von drei Komponenten auf: den Grundkonzepten der Excellence, dem Kriterienmodell f\u00fcr die praktische Umsetzung und der RADAR-Logik als Planungs- und Bewertungsinstrument. Organisationen aus allen Bereichen k\u00f6nnen sich anhand dieses Bezugsrahmens mit nachhaltigen Organisationen vergleichen und ihre eigene Reife \u00fcberpr\u00fcfen und entwickeln. EFQM verf\u00fcgt \u00fcber mehrere Anerkennungsstufen. Die Auszeichnung ist je Stufe drei Jahre g\u00fcltig.<\/p>\n<\/div>\n<\/div>\n<\/div>\n\n\n\n<h3 class=\"wp-block-heading\">Internationale Qualit\u00e4tslabels f\u00fcr Sprachschulen<\/h3>\n\n\n\n<p>F\u00fcr Sprachschulen gibt es eine Reihe von internationalen und sprachregionalen Qualit\u00e4tszertifikaten sowie Branchenvereinigungen mit gemeinsamen Qualit\u00e4tsstandards. Die folgende Auswahl ist nicht abschliessend:<\/p>\n\n\n\n<div class=\"wp-block-buttons is-layout-flex wp-block-buttons-is-layout-flex\">\n<div class=\"wp-block-button has-custom-width wp-block-button__width-50 is-style-outline is-style-outline--1\"><a class=\"wp-block-button__link wp-element-button\" href=\"https:\/\/alice.ch\/de\/qualitaet\/qualitaet-in-der-weiterbildung\/qualitaetslabels\/internationale-qualitaetslabels-fuer-sprachschulen\/\">Internationale Qualit\u00e4tslabels f\u00fcr Sprachschulen<\/a><\/div>\n<\/div>\n\n\n\n<h3 class=\"wp-block-heading\">Internationale Akkreditierung und Zertifizierung von Business- und Management-Schulen<\/h3>\n\n\n\n<p>International bestehen diverse Systeme zur Akkreditierung bzw. Zertifizierung von Business- und Management-Schulen bzw. deren Lehrg\u00e4ngen. Einige wichtige Zertifikate werden hier vorgestellt (ohne Vollst\u00e4ndigkeit):<\/p>\n\n\n\n<div class=\"wp-block-buttons is-layout-flex wp-block-buttons-is-layout-flex\">\n<div class=\"wp-block-button has-custom-width wp-block-button__width-50 is-style-outline is-style-outline--2\"><a class=\"wp-block-button__link wp-element-button\" href=\"https:\/\/alice.ch\/de\/qualitaet\/qualitaet-in-der-weiterbildung\/qualitaetslabels\/akkreditierung-von-business-und-management-schulen\/\">Qualit\u00e4tssiegel vergebende Institutionen<\/a><\/div>\n<\/div>\n\n\n\n<p><strong>Quellen:<\/strong> Webseiten der Qualit\u00e4tslabels und Zusammenstellung in<br><a href=\"https:\/\/alice.ch\/app\/uploads\/2023\/09\/EDK-uebersicht-qualitaetslabels-im-bildungsbereich-2023.pdf\" target=\"_blank\" rel=\"noreferrer noopener\">\u00abIDES-Dossier Qualit\u00e4tsmanagement: Modelle und Normen im Bildungsbereich\u00bb<\/a> (PDF) der Schweizerischen Konferenz der kantonalen Erziehungsdirektoren EDK (2023)<\/p>\n\n\n\n<h2 class=\"wp-block-heading\">Kontakt<\/h2>\n\n\n\n<div class=\"wp-block-columns is-layout-flex wp-container-core-columns-is-layout-28f84493 wp-block-columns-is-layout-flex\">\n<div class=\"wp-block-column is-layout-flow wp-block-column-is-layout-flow\" style=\"flex-basis:50%\"><div class=\"contact-persons\">\n\n\t\t\t\t\t<div class=\"contact-person\">\n\t\t\t\t\tMelanie Schneider<br \/>\t\t\t\t\tFachmitarbeiterin eduQua, Qualit\u00e4t in der Weiterbildung, AdA-Baukasten<br \/>\t\t\t\t\t<br \/>\n\t\t\t\t\t\t\t\t\t\t<a href=\"tel:+41 (0)44 319 71 64\">+41 (0)44 319 71 64<\/a><br \/>\t\t\t\t\t<a href=\"mailto:melanie.schneider@alice.ch\">melanie.schneider@alice.ch<\/a><br \/>\t\t\t\t\t<\/div>\n\t\t\t\t\t<\/div>\n<\/div>\n\n\n\n<div class=\"wp-block-column is-layout-flow wp-block-column-is-layout-flow\" style=\"flex-basis:50%\"><\/div>\n<\/div>\n<\/div>\n","protected":false},"excerpt":{"rendered":"<p>Qualit\u00e4tslabels in der Weiterbildung Viele Weiterbildungsanbieter lassen sich mit einem Qualit\u00e4tslabel auszeichnen. Davon gibt es zahlreiche. Die relevantesten Labels, Modelle [&hellip;]<\/p>\n","protected":false},"author":4,"featured_media":20799,"parent":598,"menu_order":302,"comment_status":"closed","ping_status":"closed","template":"","meta":{"_acf_changed":false,"inline_featured_image":false,"footnotes":""},"class_list":["post-603","page","type-page","status-publish","has-post-thumbnail","hentry"],"acf":[],"yoast_head":"<!-- This site is optimized with the Yoast SEO plugin v27.3 - https:\/\/yoast.com\/product\/yoast-seo-wordpress\/ -->\n<title>Qualit\u00e4tslabels in der Weiterbildung - SVEB<\/title>\n<meta name=\"description\" content=\"Die relevantesten Labels, Modelle und Zertifikate f\u00fcr die Sicherung und Entwicklung der Qualit\u00e4t in der Weiterbildung in der Schweiz.\" \/>\n<meta name=\"robots\" content=\"index, follow, max-snippet:-1, max-image-preview:large, max-video-preview:-1\" \/>\n<link rel=\"canonical\" href=\"https:\/\/alice.ch\/de\/qualitaet\/qualitaet-in-der-weiterbildung\/qualitaetslabels\/\" \/>\n<meta property=\"og:locale\" content=\"de_DE\" \/>\n<meta property=\"og:type\" content=\"article\" \/>\n<meta property=\"og:title\" content=\"Qualit\u00e4tslabels in der Weiterbildung - SVEB\" \/>\n<meta property=\"og:description\" content=\"Die relevantesten Labels, Modelle und Zertifikate f\u00fcr die Sicherung und Entwicklung der Qualit\u00e4t in der Weiterbildung in der Schweiz.\" \/>\n<meta property=\"og:url\" content=\"https:\/\/alice.ch\/de\/qualitaet\/qualitaet-in-der-weiterbildung\/qualitaetslabels\/\" \/>\n<meta property=\"og:site_name\" content=\"SVEB\" \/>\n<meta property=\"article:modified_time\" content=\"2025-05-20T13:29:03+00:00\" \/>\n<meta name=\"twitter:card\" content=\"summary_large_image\" \/>\n<meta name=\"twitter:label1\" content=\"Gesch\u00e4tzte Lesezeit\" \/>\n\t<meta name=\"twitter:data1\" content=\"5\u00a0Minuten\" \/>\n<script type=\"application\/ld+json\" class=\"yoast-schema-graph\">{\"@context\":\"https:\\\/\\\/schema.org\",\"@graph\":[{\"@type\":\"WebPage\",\"@id\":\"https:\\\/\\\/alice.ch\\\/de\\\/qualitaet\\\/qualitaet-in-der-weiterbildung\\\/qualitaetslabels\\\/\",\"url\":\"https:\\\/\\\/alice.ch\\\/de\\\/qualitaet\\\/qualitaet-in-der-weiterbildung\\\/qualitaetslabels\\\/\",\"name\":\"Qualit\u00e4tslabels in der Weiterbildung - SVEB\",\"isPartOf\":{\"@id\":\"https:\\\/\\\/alice.ch\\\/de\\\/#website\"},\"primaryImageOfPage\":{\"@id\":\"https:\\\/\\\/alice.ch\\\/de\\\/qualitaet\\\/qualitaet-in-der-weiterbildung\\\/qualitaetslabels\\\/#primaryimage\"},\"image\":{\"@id\":\"https:\\\/\\\/alice.ch\\\/de\\\/qualitaet\\\/qualitaet-in-der-weiterbildung\\\/qualitaetslabels\\\/#primaryimage\"},\"thumbnailUrl\":\"https:\\\/\\\/alice.ch\\\/app\\\/uploads\\\/2022\\\/11\\\/default.jpg\",\"datePublished\":\"2022-08-16T15:51:53+00:00\",\"dateModified\":\"2025-05-20T13:29:03+00:00\",\"description\":\"Die relevantesten Labels, Modelle und Zertifikate f\u00fcr die Sicherung und Entwicklung der Qualit\u00e4t in der Weiterbildung in der Schweiz.\",\"breadcrumb\":{\"@id\":\"https:\\\/\\\/alice.ch\\\/de\\\/qualitaet\\\/qualitaet-in-der-weiterbildung\\\/qualitaetslabels\\\/#breadcrumb\"},\"inLanguage\":\"de\",\"potentialAction\":[{\"@type\":\"ReadAction\",\"target\":[\"https:\\\/\\\/alice.ch\\\/de\\\/qualitaet\\\/qualitaet-in-der-weiterbildung\\\/qualitaetslabels\\\/\"]}]},{\"@type\":\"ImageObject\",\"inLanguage\":\"de\",\"@id\":\"https:\\\/\\\/alice.ch\\\/de\\\/qualitaet\\\/qualitaet-in-der-weiterbildung\\\/qualitaetslabels\\\/#primaryimage\",\"url\":\"https:\\\/\\\/alice.ch\\\/app\\\/uploads\\\/2022\\\/11\\\/default.jpg\",\"contentUrl\":\"https:\\\/\\\/alice.ch\\\/app\\\/uploads\\\/2022\\\/11\\\/default.jpg\",\"width\":1600,\"height\":900},{\"@type\":\"BreadcrumbList\",\"@id\":\"https:\\\/\\\/alice.ch\\\/de\\\/qualitaet\\\/qualitaet-in-der-weiterbildung\\\/qualitaetslabels\\\/#breadcrumb\",\"itemListElement\":[{\"@type\":\"ListItem\",\"position\":1,\"name\":\"Startseite\",\"item\":\"https:\\\/\\\/alice.ch\\\/de\\\/\"},{\"@type\":\"ListItem\",\"position\":2,\"name\":\"Qualit\u00e4t\",\"item\":\"https:\\\/\\\/alice.ch\\\/de\\\/qualitaet\\\/\"},{\"@type\":\"ListItem\",\"position\":3,\"name\":\"Qualit\u00e4t in der Weiterbildung\",\"item\":\"https:\\\/\\\/alice.ch\\\/de\\\/qualitaet\\\/qualitaet-in-der-weiterbildung\\\/\"},{\"@type\":\"ListItem\",\"position\":4,\"name\":\"Qualit\u00e4tslabels in der Weiterbildung\"}]},{\"@type\":\"WebSite\",\"@id\":\"https:\\\/\\\/alice.ch\\\/de\\\/#website\",\"url\":\"https:\\\/\\\/alice.ch\\\/de\\\/\",\"name\":\"alice.ch (Adult Learning Information Center) ist das Portal der Weiterbildung in der Schweiz.\",\"description\":\"Schweizerischer Verband f\u00fcr Weiterbildung\",\"publisher\":{\"@id\":\"https:\\\/\\\/alice.ch\\\/de\\\/#organization\"},\"potentialAction\":[{\"@type\":\"SearchAction\",\"target\":{\"@type\":\"EntryPoint\",\"urlTemplate\":\"https:\\\/\\\/alice.ch\\\/de\\\/?s={search_term_string}\"},\"query-input\":{\"@type\":\"PropertyValueSpecification\",\"valueRequired\":true,\"valueName\":\"search_term_string\"}}],\"inLanguage\":\"de\"},{\"@type\":\"Organization\",\"@id\":\"https:\\\/\\\/alice.ch\\\/de\\\/#organization\",\"name\":\"SVEB Schweizerischer Verband f\u00fcr Weiterbildung\",\"url\":\"https:\\\/\\\/alice.ch\\\/de\\\/\",\"logo\":{\"@type\":\"ImageObject\",\"inLanguage\":\"de\",\"@id\":\"https:\\\/\\\/alice.ch\\\/de\\\/#\\\/schema\\\/logo\\\/image\\\/\",\"url\":\"https:\\\/\\\/alice.ch\\\/app\\\/uploads\\\/2022\\\/07\\\/logo-sveb.png\",\"contentUrl\":\"https:\\\/\\\/alice.ch\\\/app\\\/uploads\\\/2022\\\/07\\\/logo-sveb.png\",\"width\":145,\"height\":64,\"caption\":\"SVEB Schweizerischer Verband f\u00fcr Weiterbildung\"},\"image\":{\"@id\":\"https:\\\/\\\/alice.ch\\\/de\\\/#\\\/schema\\\/logo\\\/image\\\/\"},\"sameAs\":[\"https:\\\/\\\/www.linkedin.com\\\/company\\\/schweizerischer-verband-fr-weiterbildung-sveb\\\/\"]}]}<\/script>\n<!-- \/ Yoast SEO plugin. -->","yoast_head_json":{"title":"Qualit\u00e4tslabels in der Weiterbildung - SVEB","description":"Die relevantesten Labels, Modelle und Zertifikate f\u00fcr die Sicherung und Entwicklung der Qualit\u00e4t in der Weiterbildung in der Schweiz.","robots":{"index":"index","follow":"follow","max-snippet":"max-snippet:-1","max-image-preview":"max-image-preview:large","max-video-preview":"max-video-preview:-1"},"canonical":"https:\/\/alice.ch\/de\/qualitaet\/qualitaet-in-der-weiterbildung\/qualitaetslabels\/","og_locale":"de_DE","og_type":"article","og_title":"Qualit\u00e4tslabels in der Weiterbildung - SVEB","og_description":"Die relevantesten Labels, Modelle und Zertifikate f\u00fcr die Sicherung und Entwicklung der Qualit\u00e4t in der Weiterbildung in der Schweiz.","og_url":"https:\/\/alice.ch\/de\/qualitaet\/qualitaet-in-der-weiterbildung\/qualitaetslabels\/","og_site_name":"SVEB","article_modified_time":"2025-05-20T13:29:03+00:00","twitter_card":"summary_large_image","twitter_misc":{"Gesch\u00e4tzte Lesezeit":"5\u00a0Minuten"},"schema":{"@context":"https:\/\/schema.org","@graph":[{"@type":"WebPage","@id":"https:\/\/alice.ch\/de\/qualitaet\/qualitaet-in-der-weiterbildung\/qualitaetslabels\/","url":"https:\/\/alice.ch\/de\/qualitaet\/qualitaet-in-der-weiterbildung\/qualitaetslabels\/","name":"Qualit\u00e4tslabels in der Weiterbildung - SVEB","isPartOf":{"@id":"https:\/\/alice.ch\/de\/#website"},"primaryImageOfPage":{"@id":"https:\/\/alice.ch\/de\/qualitaet\/qualitaet-in-der-weiterbildung\/qualitaetslabels\/#primaryimage"},"image":{"@id":"https:\/\/alice.ch\/de\/qualitaet\/qualitaet-in-der-weiterbildung\/qualitaetslabels\/#primaryimage"},"thumbnailUrl":"https:\/\/alice.ch\/app\/uploads\/2022\/11\/default.jpg","datePublished":"2022-08-16T15:51:53+00:00","dateModified":"2025-05-20T13:29:03+00:00","description":"Die relevantesten Labels, Modelle und Zertifikate f\u00fcr die Sicherung und Entwicklung der Qualit\u00e4t in der Weiterbildung in der Schweiz.","breadcrumb":{"@id":"https:\/\/alice.ch\/de\/qualitaet\/qualitaet-in-der-weiterbildung\/qualitaetslabels\/#breadcrumb"},"inLanguage":"de","potentialAction":[{"@type":"ReadAction","target":["https:\/\/alice.ch\/de\/qualitaet\/qualitaet-in-der-weiterbildung\/qualitaetslabels\/"]}]},{"@type":"ImageObject","inLanguage":"de","@id":"https:\/\/alice.ch\/de\/qualitaet\/qualitaet-in-der-weiterbildung\/qualitaetslabels\/#primaryimage","url":"https:\/\/alice.ch\/app\/uploads\/2022\/11\/default.jpg","contentUrl":"https:\/\/alice.ch\/app\/uploads\/2022\/11\/default.jpg","width":1600,"height":900},{"@type":"BreadcrumbList","@id":"https:\/\/alice.ch\/de\/qualitaet\/qualitaet-in-der-weiterbildung\/qualitaetslabels\/#breadcrumb","itemListElement":[{"@type":"ListItem","position":1,"name":"Startseite","item":"https:\/\/alice.ch\/de\/"},{"@type":"ListItem","position":2,"name":"Qualit\u00e4t","item":"https:\/\/alice.ch\/de\/qualitaet\/"},{"@type":"ListItem","position":3,"name":"Qualit\u00e4t in der Weiterbildung","item":"https:\/\/alice.ch\/de\/qualitaet\/qualitaet-in-der-weiterbildung\/"},{"@type":"ListItem","position":4,"name":"Qualit\u00e4tslabels in der Weiterbildung"}]},{"@type":"WebSite","@id":"https:\/\/alice.ch\/de\/#website","url":"https:\/\/alice.ch\/de\/","name":"alice.ch (Adult Learning Information Center) ist das Portal der Weiterbildung in der Schweiz.","description":"Schweizerischer Verband f\u00fcr Weiterbildung","publisher":{"@id":"https:\/\/alice.ch\/de\/#organization"},"potentialAction":[{"@type":"SearchAction","target":{"@type":"EntryPoint","urlTemplate":"https:\/\/alice.ch\/de\/?s={search_term_string}"},"query-input":{"@type":"PropertyValueSpecification","valueRequired":true,"valueName":"search_term_string"}}],"inLanguage":"de"},{"@type":"Organization","@id":"https:\/\/alice.ch\/de\/#organization","name":"SVEB Schweizerischer Verband f\u00fcr Weiterbildung","url":"https:\/\/alice.ch\/de\/","logo":{"@type":"ImageObject","inLanguage":"de","@id":"https:\/\/alice.ch\/de\/#\/schema\/logo\/image\/","url":"https:\/\/alice.ch\/app\/uploads\/2022\/07\/logo-sveb.png","contentUrl":"https:\/\/alice.ch\/app\/uploads\/2022\/07\/logo-sveb.png","width":145,"height":64,"caption":"SVEB Schweizerischer Verband f\u00fcr Weiterbildung"},"image":{"@id":"https:\/\/alice.ch\/de\/#\/schema\/logo\/image\/"},"sameAs":["https:\/\/www.linkedin.com\/company\/schweizerischer-verband-fr-weiterbildung-sveb\/"]}]}},"_links":{"self":[{"href":"https:\/\/alice.ch\/de\/wp-json\/wp\/v2\/pages\/603","targetHints":{"allow":["GET"]}}],"collection":[{"href":"https:\/\/alice.ch\/de\/wp-json\/wp\/v2\/pages"}],"about":[{"href":"https:\/\/alice.ch\/de\/wp-json\/wp\/v2\/types\/page"}],"author":[{"embeddable":true,"href":"https:\/\/alice.ch\/de\/wp-json\/wp\/v2\/users\/4"}],"replies":[{"embeddable":true,"href":"https:\/\/alice.ch\/de\/wp-json\/wp\/v2\/comments?post=603"}],"version-history":[{"count":48,"href":"https:\/\/alice.ch\/de\/wp-json\/wp\/v2\/pages\/603\/revisions"}],"predecessor-version":[{"id":68397,"href":"https:\/\/alice.ch\/de\/wp-json\/wp\/v2\/pages\/603\/revisions\/68397"}],"up":[{"embeddable":true,"href":"https:\/\/alice.ch\/de\/wp-json\/wp\/v2\/pages\/598"}],"wp:featuredmedia":[{"embeddable":true,"href":"https:\/\/alice.ch\/de\/wp-json\/wp\/v2\/media\/20799"}],"wp:attachment":[{"href":"https:\/\/alice.ch\/de\/wp-json\/wp\/v2\/media?parent=603"}],"curies":[{"name":"wp","href":"https:\/\/api.w.org\/{rel}","templated":true}]}}