{"id":610,"date":"2022-08-16T17:53:52","date_gmt":"2022-08-16T15:53:52","guid":{"rendered":"https:\/\/projects.atxeit.ch\/sveb\/?page_id=610"},"modified":"2025-01-07T17:36:09","modified_gmt":"2025-01-07T16:36:09","slug":"fokus-qualitaet-in-der-weiterbildung","status":"publish","type":"page","link":"https:\/\/alice.ch\/de\/qualitaet\/qualitaet-in-der-weiterbildung\/fokus-qualitaet-in-der-weiterbildung\/","title":{"rendered":"Fokus Qualit\u00e4t in der Weiterbildung"},"content":{"rendered":"\n<div class=\"wp-block-group is-style-reduced-width is-layout-flow wp-block-group-is-layout-flow\">\n<h1 class=\"wp-block-heading\">Fokus Qualit\u00e4t in der Weiterbildung<\/h1>\n\n\n\n<p class=\"is-style-lead\">Im Rahmen eines Leistungsauftrages des SBFI \u00fcbernimmt der SVEB wichtige Aufgaben zum Thema Qualit\u00e4t in der Weiterbildung. Er f\u00f6rdert den Austausch zwischen den Tr\u00e4gern von Qualit\u00e4tslabels sowie weiteren Stakeholdern und gibt Impulse f\u00fcr die Entwicklungen im Bereich Qualit\u00e4tssicherung und -entwicklung.<\/p>\n\n\n\n<p>Zusammen mit der Arbeitsgruppe Qualit\u00e4t in der Weiterbildung (Deutschschweiz) und dem R\u00e9seau romand pour la Qualit\u00e9 en Formation des Adultes RQFA (Westschweiz) werden aktuelle Themen definiert und Veranstaltungen geplant. Der SVEB koordiniert die Aktivit\u00e4ten und organisiert Workshops. Diese richten sich an Weiterbildungsanbieter, Qualit\u00e4tsverantwortliche, kantonale Beh\u00f6rden und alle Interessierten.<\/p>\n\n\n\n<p><strong>Institutionen der Arbeitsgruppe Qualit\u00e4t: <\/strong><\/p>\n\n\n\n<ul class=\"wp-block-list\">\n<li><a href=\"https:\/\/www.arbeitsintegrationschweiz.ch\/de\/home\" target=\"_blank\" rel=\"noreferrer noopener\">Arbeitsintegration Schweiz (IN-Qualis)<\/a><\/li>\n\n\n\n<li><a href=\"https:\/\/dualstark.ch\" target=\"_blank\" rel=\"noreferrer noopener\">Kaufm\u00e4nnischer Verband Schweiz, Dualstark<\/a><\/li>\n\n\n\n<li><a href=\"https:\/\/miduca.ch\" target=\"_blank\" rel=\"noreferrer noopener\">Miduca AG<\/a><\/li>\n\n\n\n<li>R\u00e9seau romand pour la Qualit\u00e9 en Formation des Adultes (RQFA)&nbsp;<\/li>\n\n\n\n<li><a href=\"https:\/\/aaq.ch\" target=\"_blank\" rel=\"noreferrer noopener\">Schweizerische Agentur f\u00fcr Akkreditierung und Qualit\u00e4tssicherung (AAQ)&nbsp;<\/a><\/li>\n\n\n\n<li><a href=\"https:\/\/www.snv.ch\/de\/\" target=\"_blank\" rel=\"noreferrer noopener\">Schweizerische Normen-Vereinigung SNV (ISO)<\/a>&nbsp;<\/li>\n\n\n\n<li><a href=\"http:\/\/alice.ch\">Schweizerischer Verband f\u00fcr Weiterbildung SVEB (eduQua)<\/a>&nbsp;<\/li>\n\n\n\n<li><a href=\"https:\/\/fide-info.ch\/de\/home\" target=\"_blank\" rel=\"noreferrer noopener\">Staatssekretariat f\u00fcr Migration SEM (fide)<\/a><\/li>\n\n\n\n<li><a href=\"https:\/\/saq.ch\" target=\"_blank\" rel=\"noreferrer noopener\">SAQ Swiss Association for Quality (EFQM)<\/a><\/li>\n\n\n\n<li><a href=\"https:\/\/www.modellf.ch\/start\" target=\"_blank\" rel=\"noreferrer noopener\">Verein Modell <\/a><a href=\"https:\/\/www.modellf.ch\/\">F<\/a><\/li>\n<\/ul>\n\n\n\n<h2 class=\"wp-block-heading\">Qualit\u00e4tstagung Weiterbildung<\/h2>\n\n\n\n<p>Die letzten Jahre fand j\u00e4hrlich eine nationale Qualit\u00e4tstagung zu einem Schwerpunkt statt. Die Tagung bot Impuls-Referate von Fachleuten aus der Weiterbildungspraxis und der Wissenschaft und erm\u00f6glichte einen vertieften Austausch zu aktuellen Themen.<\/p>\n\n\n\n<h2 class=\"wp-block-heading\">Fr\u00fchere Treffen<\/h2>\n\n\n\n<figure class=\"wp-block-table is-style-stripes\"><table><thead><tr><th class=\"has-text-align-left\" data-align=\"left\" scope=\"col\">Jahr<\/th><th class=\"has-text-align-left\" data-align=\"left\" scope=\"col\">Thema<\/th><th class=\"has-text-align-left\" data-align=\"left\" scope=\"col\">Referierende<\/th><\/tr><\/thead><tbody><tr><td class=\"has-text-align-left\" data-align=\"left\"><a href=\"https:\/\/alice.ch\/de\/event\/qualitaetstagung-2024\/\">2024<\/a><\/td><td class=\"has-text-align-left\" data-align=\"left\">Wirksamkeit von Bildungsmassnahmen<br>R\u00fcckblick: <a href=\"https:\/\/alice.ch\/de\/news\/wirksamkeit-von-weiterbildung-messen-einfach-ist-es-nicht\/\">Nationale Qualit\u00e4tstagung 2024<\/a><\/td><td class=\"has-text-align-left\" data-align=\"left\">Frank Schirmer, Anita Sandmeier, Didier Juillerat<\/td><\/tr><tr><td class=\"has-text-align-left\" data-align=\"left\"><a href=\"https:\/\/alice.ch\/de\/event\/qualitaetstagung-2023\/\">2023<\/a><\/td><td class=\"has-text-align-left\" data-align=\"left\">Digitale Bewertungssysteme \u2013 Chancen und Herausforderungen f\u00fcr die Qualit\u00e4tssicherung<br><a href=\"https:\/\/alice.ch\/de\/news\/rueckblick-das-war-die-nationale-qualitaetstagung-2023\/\" target=\"_blank\" rel=\"noreferrer noopener\">R\u00fcckblick: Nationale Qualit\u00e4tstagung 2023<\/a><\/td><td class=\"has-text-align-left\" data-align=\"left\">Walter Sch\u00f6ni, J\u00e9r\u00e9mie Agboklu<\/td><\/tr><tr><td class=\"has-text-align-left\" data-align=\"left\"><a href=\"https:\/\/alice.ch\/de\/event\/nationale-qualitaetstagung-2022\/\">2022<\/a><\/td><td class=\"has-text-align-left\" data-align=\"left\">Qualit\u00e4t als Wettbewerbsvorteil im Weiterbildungsmarkt \u2013 Qualit\u00e4tsfaktoren entwickeln und zeigen<br><a href=\"https:\/\/alice.ch\/de\/news\/nationale-qualitaetstagung-vom-31-oktober-2022\/\">R\u00fcckblick: Nationale Qualit\u00e4tstagung 2022<\/a><\/td><td class=\"has-text-align-left\" data-align=\"left\">C. Meier, F. Sauli, S. Franzen<\/td><\/tr><tr><td class=\"has-text-align-left\" data-align=\"left\"><a href=\"https:\/\/alice.ch\/de\/event\/nationale-qualitaetstagung-2021\/\">2021<\/a><\/td><td class=\"has-text-align-left\" data-align=\"left\">Neue Lerngewohnheiten und Teilnehmendenbed\u00fcrfnisse \u2013 Herausforderungen und Chancen f\u00fcr die Qualit\u00e4t der Lernprozesse<\/td><td class=\"has-text-align-left\" data-align=\"left\">S. Poopalapillai, A. Riebli, Q. Rime, J. Spirgi, C. Zahn<\/td><\/tr><tr><td class=\"has-text-align-left\" data-align=\"left\"><a href=\"https:\/\/alice.ch\/de\/event\/vertiefungsworkshop-wie-viel-duerfen-online-lernangebote-kosten-qualitaet-und-preis-von-digitalen-lernformaten\/\">2021<\/a><\/td><td class=\"has-text-align-left\" data-align=\"left\">Vertiefungsworkshop: Wie viel d\u00fcrfen Online-Angebote kosten?<\/td><td class=\"has-text-align-left\" data-align=\"left\">St. Seiz, E. Basler<\/td><\/tr><tr><td class=\"has-text-align-left\" data-align=\"left\"><a href=\"https:\/\/alice.ch\/de\/event\/nationale-qualitaetstagung-2020-qualitaetssicherung-in-online-lernangeboten\/\">2020<\/a><\/td><td class=\"has-text-align-left\" data-align=\"left\">Qualit\u00e4tssicherung in Online-Lernangeboten<\/td><td class=\"has-text-align-left\" data-align=\"left\">C. Bremer, M. Dormann, S. Schmidt, C. Grolimund, O. Marro<\/td><\/tr><tr><td class=\"has-text-align-left\" data-align=\"left\"><a href=\"https:\/\/alice.ch\/de\/event\/dritte-nationale-qualitaetstagung\/\">2019<\/a><\/td><td class=\"has-text-align-left\" data-align=\"left\">Wie agil m\u00fcssen Weiterbildungsorganisationen heute sein?<\/td><td class=\"has-text-align-left\" data-align=\"left\">C. Schiersmann, M. Achermann<\/td><\/tr><tr><td class=\"has-text-align-left\" data-align=\"left\"><a href=\"https:\/\/alice.ch\/de\/event\/nationale-qualitaetstagung-2018\/\">2018<\/a><\/td><td class=\"has-text-align-left\" data-align=\"left\">Qualit\u00e4tslabel in der Weiterbildung: Nutzen maximieren, Mehrwert verkaufen<\/td><td class=\"has-text-align-left\" data-align=\"left\">G. Frera, K. Rubeli, S. Dunand, M. M\u00fcller, G. Neyer, C. Eggenberger<\/td><\/tr><tr><td class=\"has-text-align-left\" data-align=\"left\"><a href=\"https:\/\/alice.ch\/de\/event\/nationale-qualitaetstagung-2017\/\">2017<\/a><\/td><td class=\"has-text-align-left\" data-align=\"left\">Wohin steuert die Qualit\u00e4tssicherung in der Weiterbildung?<\/td><td class=\"has-text-align-left\" data-align=\"left\">C. Meier, R. Meyer, K. Widmer, B. Fuhrer, S. Bissig, G. Bottazzoli, T. Kuratli, P.&nbsp;Widmer<\/td><\/tr><\/tbody><\/table><\/figure>\n\n\n\n<h2 class=\"wp-block-heading\">Kontakt<\/h2>\n\n\n\n<div class=\"wp-block-columns is-layout-flex wp-container-core-columns-is-layout-28f84493 wp-block-columns-is-layout-flex\">\n<div class=\"wp-block-column is-layout-flow wp-block-column-is-layout-flow\" style=\"flex-basis:50%\"><div class=\"contact-persons\">\n\n\t\t\t\t\t<div class=\"contact-person\">\n\t\t\t\t\tGesch\u00e4ftsstelle eduQua<br \/>\t\t\t\t\t\t\t\t\t\t<br \/>\n\t\t\t\t\tHardstrasse 235<br \/>\r\n8005 Z\u00fcrich<br \/>\t\t\t\t\t<a href=\"tel:+41 (0)44 319 71 64\">+41 (0)44 319 71 64<\/a><br \/>\t\t\t\t\t<a href=\"mailto:eduqua@alice.ch\">eduqua@alice.ch<\/a><br \/>\t\t\t\t\t<\/div>\n\t\t\t\t\t<\/div>\n<\/div>\n\n\n\n<div class=\"wp-block-column is-layout-flow wp-block-column-is-layout-flow\" style=\"flex-basis:50%\"><\/div>\n<\/div>\n<\/div>\n","protected":false},"excerpt":{"rendered":"<p>Fokus Qualit\u00e4t in der Weiterbildung Im Rahmen eines Leistungsauftrages des SBFI \u00fcbernimmt der SVEB wichtige Aufgaben zum Thema Qualit\u00e4t in [&hellip;]<\/p>\n","protected":false},"author":4,"featured_media":20799,"parent":598,"menu_order":612,"comment_status":"closed","ping_status":"closed","template":"","meta":{"_acf_changed":false,"inline_featured_image":false,"footnotes":""},"class_list":["post-610","page","type-page","status-publish","has-post-thumbnail","hentry"],"acf":[],"yoast_head":"<!-- This site is optimized with the Yoast SEO plugin v27.3 - https:\/\/yoast.com\/product\/yoast-seo-wordpress\/ -->\n<title>Fokus Qualit\u00e4t in der Weiterbildung - SVEB<\/title>\n<meta name=\"description\" content=\"Wie wird die Qualit\u00e4t in der Weiterbildung gef\u00f6rdert? Die Arbeitsgruppe Qualit\u00e4t, Workshops, Webinare und der Qualit\u00e4tstag Weiterbildung.\" \/>\n<meta name=\"robots\" content=\"index, follow, max-snippet:-1, max-image-preview:large, max-video-preview:-1\" \/>\n<link rel=\"canonical\" href=\"https:\/\/alice.ch\/de\/qualitaet\/qualitaet-in-der-weiterbildung\/fokus-qualitaet-in-der-weiterbildung\/\" \/>\n<meta property=\"og:locale\" content=\"de_DE\" \/>\n<meta property=\"og:type\" content=\"article\" \/>\n<meta property=\"og:title\" content=\"Fokus Qualit\u00e4t in der Weiterbildung - SVEB\" \/>\n<meta property=\"og:description\" content=\"Wie wird die Qualit\u00e4t in der Weiterbildung gef\u00f6rdert? Die Arbeitsgruppe Qualit\u00e4t, Workshops, Webinare und der Qualit\u00e4tstag Weiterbildung.\" \/>\n<meta property=\"og:url\" content=\"https:\/\/alice.ch\/de\/qualitaet\/qualitaet-in-der-weiterbildung\/fokus-qualitaet-in-der-weiterbildung\/\" \/>\n<meta property=\"og:site_name\" content=\"SVEB\" \/>\n<meta property=\"article:modified_time\" content=\"2025-01-07T16:36:09+00:00\" \/>\n<meta name=\"twitter:card\" content=\"summary_large_image\" \/>\n<meta name=\"twitter:label1\" content=\"Gesch\u00e4tzte Lesezeit\" \/>\n\t<meta name=\"twitter:data1\" content=\"2\u00a0Minuten\" \/>\n<script type=\"application\/ld+json\" class=\"yoast-schema-graph\">{\"@context\":\"https:\\\/\\\/schema.org\",\"@graph\":[{\"@type\":\"WebPage\",\"@id\":\"https:\\\/\\\/alice.ch\\\/de\\\/qualitaet\\\/qualitaet-in-der-weiterbildung\\\/fokus-qualitaet-in-der-weiterbildung\\\/\",\"url\":\"https:\\\/\\\/alice.ch\\\/de\\\/qualitaet\\\/qualitaet-in-der-weiterbildung\\\/fokus-qualitaet-in-der-weiterbildung\\\/\",\"name\":\"Fokus Qualit\u00e4t in der Weiterbildung - SVEB\",\"isPartOf\":{\"@id\":\"https:\\\/\\\/alice.ch\\\/de\\\/#website\"},\"primaryImageOfPage\":{\"@id\":\"https:\\\/\\\/alice.ch\\\/de\\\/qualitaet\\\/qualitaet-in-der-weiterbildung\\\/fokus-qualitaet-in-der-weiterbildung\\\/#primaryimage\"},\"image\":{\"@id\":\"https:\\\/\\\/alice.ch\\\/de\\\/qualitaet\\\/qualitaet-in-der-weiterbildung\\\/fokus-qualitaet-in-der-weiterbildung\\\/#primaryimage\"},\"thumbnailUrl\":\"https:\\\/\\\/alice.ch\\\/app\\\/uploads\\\/2022\\\/11\\\/default.jpg\",\"datePublished\":\"2022-08-16T15:53:52+00:00\",\"dateModified\":\"2025-01-07T16:36:09+00:00\",\"description\":\"Wie wird die Qualit\u00e4t in der Weiterbildung gef\u00f6rdert? Die Arbeitsgruppe Qualit\u00e4t, Workshops, Webinare und der Qualit\u00e4tstag Weiterbildung.\",\"breadcrumb\":{\"@id\":\"https:\\\/\\\/alice.ch\\\/de\\\/qualitaet\\\/qualitaet-in-der-weiterbildung\\\/fokus-qualitaet-in-der-weiterbildung\\\/#breadcrumb\"},\"inLanguage\":\"de\",\"potentialAction\":[{\"@type\":\"ReadAction\",\"target\":[\"https:\\\/\\\/alice.ch\\\/de\\\/qualitaet\\\/qualitaet-in-der-weiterbildung\\\/fokus-qualitaet-in-der-weiterbildung\\\/\"]}]},{\"@type\":\"ImageObject\",\"inLanguage\":\"de\",\"@id\":\"https:\\\/\\\/alice.ch\\\/de\\\/qualitaet\\\/qualitaet-in-der-weiterbildung\\\/fokus-qualitaet-in-der-weiterbildung\\\/#primaryimage\",\"url\":\"https:\\\/\\\/alice.ch\\\/app\\\/uploads\\\/2022\\\/11\\\/default.jpg\",\"contentUrl\":\"https:\\\/\\\/alice.ch\\\/app\\\/uploads\\\/2022\\\/11\\\/default.jpg\",\"width\":1600,\"height\":900},{\"@type\":\"BreadcrumbList\",\"@id\":\"https:\\\/\\\/alice.ch\\\/de\\\/qualitaet\\\/qualitaet-in-der-weiterbildung\\\/fokus-qualitaet-in-der-weiterbildung\\\/#breadcrumb\",\"itemListElement\":[{\"@type\":\"ListItem\",\"position\":1,\"name\":\"Startseite\",\"item\":\"https:\\\/\\\/alice.ch\\\/de\\\/\"},{\"@type\":\"ListItem\",\"position\":2,\"name\":\"Qualit\u00e4t\",\"item\":\"https:\\\/\\\/alice.ch\\\/de\\\/qualitaet\\\/\"},{\"@type\":\"ListItem\",\"position\":3,\"name\":\"Qualit\u00e4t in der Weiterbildung\",\"item\":\"https:\\\/\\\/alice.ch\\\/de\\\/qualitaet\\\/qualitaet-in-der-weiterbildung\\\/\"},{\"@type\":\"ListItem\",\"position\":4,\"name\":\"Fokus Qualit\u00e4t in der Weiterbildung\"}]},{\"@type\":\"WebSite\",\"@id\":\"https:\\\/\\\/alice.ch\\\/de\\\/#website\",\"url\":\"https:\\\/\\\/alice.ch\\\/de\\\/\",\"name\":\"alice.ch (Adult Learning Information Center) ist das Portal der Weiterbildung in der Schweiz.\",\"description\":\"Schweizerischer Verband f\u00fcr Weiterbildung\",\"publisher\":{\"@id\":\"https:\\\/\\\/alice.ch\\\/de\\\/#organization\"},\"potentialAction\":[{\"@type\":\"SearchAction\",\"target\":{\"@type\":\"EntryPoint\",\"urlTemplate\":\"https:\\\/\\\/alice.ch\\\/de\\\/?s={search_term_string}\"},\"query-input\":{\"@type\":\"PropertyValueSpecification\",\"valueRequired\":true,\"valueName\":\"search_term_string\"}}],\"inLanguage\":\"de\"},{\"@type\":\"Organization\",\"@id\":\"https:\\\/\\\/alice.ch\\\/de\\\/#organization\",\"name\":\"SVEB Schweizerischer Verband f\u00fcr Weiterbildung\",\"url\":\"https:\\\/\\\/alice.ch\\\/de\\\/\",\"logo\":{\"@type\":\"ImageObject\",\"inLanguage\":\"de\",\"@id\":\"https:\\\/\\\/alice.ch\\\/de\\\/#\\\/schema\\\/logo\\\/image\\\/\",\"url\":\"https:\\\/\\\/alice.ch\\\/app\\\/uploads\\\/2022\\\/07\\\/logo-sveb.png\",\"contentUrl\":\"https:\\\/\\\/alice.ch\\\/app\\\/uploads\\\/2022\\\/07\\\/logo-sveb.png\",\"width\":145,\"height\":64,\"caption\":\"SVEB Schweizerischer Verband f\u00fcr Weiterbildung\"},\"image\":{\"@id\":\"https:\\\/\\\/alice.ch\\\/de\\\/#\\\/schema\\\/logo\\\/image\\\/\"},\"sameAs\":[\"https:\\\/\\\/www.linkedin.com\\\/company\\\/schweizerischer-verband-fr-weiterbildung-sveb\\\/\"]}]}<\/script>\n<!-- \/ Yoast SEO plugin. -->","yoast_head_json":{"title":"Fokus Qualit\u00e4t in der Weiterbildung - SVEB","description":"Wie wird die Qualit\u00e4t in der Weiterbildung gef\u00f6rdert? Die Arbeitsgruppe Qualit\u00e4t, Workshops, Webinare und der Qualit\u00e4tstag Weiterbildung.","robots":{"index":"index","follow":"follow","max-snippet":"max-snippet:-1","max-image-preview":"max-image-preview:large","max-video-preview":"max-video-preview:-1"},"canonical":"https:\/\/alice.ch\/de\/qualitaet\/qualitaet-in-der-weiterbildung\/fokus-qualitaet-in-der-weiterbildung\/","og_locale":"de_DE","og_type":"article","og_title":"Fokus Qualit\u00e4t in der Weiterbildung - SVEB","og_description":"Wie wird die Qualit\u00e4t in der Weiterbildung gef\u00f6rdert? Die Arbeitsgruppe Qualit\u00e4t, Workshops, Webinare und der Qualit\u00e4tstag Weiterbildung.","og_url":"https:\/\/alice.ch\/de\/qualitaet\/qualitaet-in-der-weiterbildung\/fokus-qualitaet-in-der-weiterbildung\/","og_site_name":"SVEB","article_modified_time":"2025-01-07T16:36:09+00:00","twitter_card":"summary_large_image","twitter_misc":{"Gesch\u00e4tzte Lesezeit":"2\u00a0Minuten"},"schema":{"@context":"https:\/\/schema.org","@graph":[{"@type":"WebPage","@id":"https:\/\/alice.ch\/de\/qualitaet\/qualitaet-in-der-weiterbildung\/fokus-qualitaet-in-der-weiterbildung\/","url":"https:\/\/alice.ch\/de\/qualitaet\/qualitaet-in-der-weiterbildung\/fokus-qualitaet-in-der-weiterbildung\/","name":"Fokus Qualit\u00e4t in der Weiterbildung - SVEB","isPartOf":{"@id":"https:\/\/alice.ch\/de\/#website"},"primaryImageOfPage":{"@id":"https:\/\/alice.ch\/de\/qualitaet\/qualitaet-in-der-weiterbildung\/fokus-qualitaet-in-der-weiterbildung\/#primaryimage"},"image":{"@id":"https:\/\/alice.ch\/de\/qualitaet\/qualitaet-in-der-weiterbildung\/fokus-qualitaet-in-der-weiterbildung\/#primaryimage"},"thumbnailUrl":"https:\/\/alice.ch\/app\/uploads\/2022\/11\/default.jpg","datePublished":"2022-08-16T15:53:52+00:00","dateModified":"2025-01-07T16:36:09+00:00","description":"Wie wird die Qualit\u00e4t in der Weiterbildung gef\u00f6rdert? Die Arbeitsgruppe Qualit\u00e4t, Workshops, Webinare und der Qualit\u00e4tstag Weiterbildung.","breadcrumb":{"@id":"https:\/\/alice.ch\/de\/qualitaet\/qualitaet-in-der-weiterbildung\/fokus-qualitaet-in-der-weiterbildung\/#breadcrumb"},"inLanguage":"de","potentialAction":[{"@type":"ReadAction","target":["https:\/\/alice.ch\/de\/qualitaet\/qualitaet-in-der-weiterbildung\/fokus-qualitaet-in-der-weiterbildung\/"]}]},{"@type":"ImageObject","inLanguage":"de","@id":"https:\/\/alice.ch\/de\/qualitaet\/qualitaet-in-der-weiterbildung\/fokus-qualitaet-in-der-weiterbildung\/#primaryimage","url":"https:\/\/alice.ch\/app\/uploads\/2022\/11\/default.jpg","contentUrl":"https:\/\/alice.ch\/app\/uploads\/2022\/11\/default.jpg","width":1600,"height":900},{"@type":"BreadcrumbList","@id":"https:\/\/alice.ch\/de\/qualitaet\/qualitaet-in-der-weiterbildung\/fokus-qualitaet-in-der-weiterbildung\/#breadcrumb","itemListElement":[{"@type":"ListItem","position":1,"name":"Startseite","item":"https:\/\/alice.ch\/de\/"},{"@type":"ListItem","position":2,"name":"Qualit\u00e4t","item":"https:\/\/alice.ch\/de\/qualitaet\/"},{"@type":"ListItem","position":3,"name":"Qualit\u00e4t in der Weiterbildung","item":"https:\/\/alice.ch\/de\/qualitaet\/qualitaet-in-der-weiterbildung\/"},{"@type":"ListItem","position":4,"name":"Fokus Qualit\u00e4t in der Weiterbildung"}]},{"@type":"WebSite","@id":"https:\/\/alice.ch\/de\/#website","url":"https:\/\/alice.ch\/de\/","name":"alice.ch (Adult Learning Information Center) ist das Portal der Weiterbildung in der Schweiz.","description":"Schweizerischer Verband f\u00fcr Weiterbildung","publisher":{"@id":"https:\/\/alice.ch\/de\/#organization"},"potentialAction":[{"@type":"SearchAction","target":{"@type":"EntryPoint","urlTemplate":"https:\/\/alice.ch\/de\/?s={search_term_string}"},"query-input":{"@type":"PropertyValueSpecification","valueRequired":true,"valueName":"search_term_string"}}],"inLanguage":"de"},{"@type":"Organization","@id":"https:\/\/alice.ch\/de\/#organization","name":"SVEB Schweizerischer Verband f\u00fcr Weiterbildung","url":"https:\/\/alice.ch\/de\/","logo":{"@type":"ImageObject","inLanguage":"de","@id":"https:\/\/alice.ch\/de\/#\/schema\/logo\/image\/","url":"https:\/\/alice.ch\/app\/uploads\/2022\/07\/logo-sveb.png","contentUrl":"https:\/\/alice.ch\/app\/uploads\/2022\/07\/logo-sveb.png","width":145,"height":64,"caption":"SVEB Schweizerischer Verband f\u00fcr Weiterbildung"},"image":{"@id":"https:\/\/alice.ch\/de\/#\/schema\/logo\/image\/"},"sameAs":["https:\/\/www.linkedin.com\/company\/schweizerischer-verband-fr-weiterbildung-sveb\/"]}]}},"_links":{"self":[{"href":"https:\/\/alice.ch\/de\/wp-json\/wp\/v2\/pages\/610","targetHints":{"allow":["GET"]}}],"collection":[{"href":"https:\/\/alice.ch\/de\/wp-json\/wp\/v2\/pages"}],"about":[{"href":"https:\/\/alice.ch\/de\/wp-json\/wp\/v2\/types\/page"}],"author":[{"embeddable":true,"href":"https:\/\/alice.ch\/de\/wp-json\/wp\/v2\/users\/4"}],"replies":[{"embeddable":true,"href":"https:\/\/alice.ch\/de\/wp-json\/wp\/v2\/comments?post=610"}],"version-history":[{"count":33,"href":"https:\/\/alice.ch\/de\/wp-json\/wp\/v2\/pages\/610\/revisions"}],"predecessor-version":[{"id":65288,"href":"https:\/\/alice.ch\/de\/wp-json\/wp\/v2\/pages\/610\/revisions\/65288"}],"up":[{"embeddable":true,"href":"https:\/\/alice.ch\/de\/wp-json\/wp\/v2\/pages\/598"}],"wp:featuredmedia":[{"embeddable":true,"href":"https:\/\/alice.ch\/de\/wp-json\/wp\/v2\/media\/20799"}],"wp:attachment":[{"href":"https:\/\/alice.ch\/de\/wp-json\/wp\/v2\/media?parent=610"}],"curies":[{"name":"wp","href":"https:\/\/api.w.org\/{rel}","templated":true}]}}