{"id":62315,"date":"2024-09-20T10:38:53","date_gmt":"2024-09-20T08:38:53","guid":{"rendered":"https:\/\/alice.ch\/?page_id=62315"},"modified":"2025-08-04T13:53:00","modified_gmt":"2025-08-04T11:53:00","slug":"faq-rund-um-qualitaet","status":"publish","type":"page","link":"https:\/\/alice.ch\/de\/qualitaet\/qualitaet-in-der-weiterbildung\/faq-rund-um-qualitaet\/","title":{"rendered":"FAQ rund um Qualit\u00e4t"},"content":{"rendered":"\n<div class=\"wp-block-group is-style-reduced-width is-layout-flow wp-block-group-is-layout-flow\">\n<h1 class=\"wp-block-heading\">\u00abEin Kursanbieter stellt Zertifikate aus \u2013 ist das ein Qualit\u00e4tszeichen?\u00bb<\/h1>\n\n\n\n<p class=\"is-style-lead\">Ist eine SVEB-Mitgliedschaft ein Garant f\u00fcr Qualit\u00e4t? Was bedeutet das eduQua-Label und was sagt es \u00fcber Kurse aus? Hier werden die h\u00e4ufigsten Fragen rund um Qualit\u00e4t in der Weiterbildung beantwortet.<\/p>\n\n\n\n<div class=\"wp-block-group is-layout-flow wp-block-group-is-layout-flow\">\n<div class=\"wp-block-columns is-style-accordion is-layout-flex wp-container-core-columns-is-layout-28f84493 wp-block-columns-is-layout-flex\" id=\"faq-element-1\">\n<div class=\"wp-block-column is-layout-flow wp-block-column-is-layout-flow\">\n<h3 class=\"wp-block-heading\">Wer kontrolliert in der Schweiz die Qualit\u00e4t von Weiterbildungsanbietern?<\/h3>\n<\/div>\n\n\n\n<div class=\"wp-block-column is-layout-flow wp-block-column-is-layout-flow\">\n<p>Die Verantwortung f\u00fcr die Qualit\u00e4tssicherung und Qualit\u00e4tsentwicklung tragen gem\u00e4ss WeBiG die Anbieterinnen und Anbieter. Zumal bei der Erarbeitung des <a href=\"https:\/\/alice.ch\/de\/sveb\/weiterbildungspolitik\/weiterbildungsgesetz\/\">Weiterbildungsgesetzes 2014 (WeBiG)<\/a> darauf verzichtet wurde, allgemeine und inhaltliche G\u00fctekriterien f\u00fcr Qualit\u00e4t in der Weiterbildung aufzustellen. Auch von einer \u00fcbergeordneten, staatlich betriebenen und anerkannten Zertifizierungsstelle f\u00fcr Weiterbildungsangebote wurde im Gesetz abgesehen. Bund und Kantone sind aber verpflichtet, die Qualit\u00e4t von \u00f6ffentlich geregelten und finanzierten Weiterbildungen sicherzustellen.<\/p>\n<\/div>\n<\/div>\n\n\n\n<div class=\"wp-block-columns is-style-accordion is-layout-flex wp-container-core-columns-is-layout-28f84493 wp-block-columns-is-layout-flex\" id=\"faq-element-1\">\n<div class=\"wp-block-column is-layout-flow wp-block-column-is-layout-flow\">\n<h3 class=\"wp-block-heading\">Existiert also keine Art Aufsicht \u00fcber Weiterbildungsanbieter?<\/h3>\n<\/div>\n\n\n\n<div class=\"wp-block-column is-layout-flow wp-block-column-is-layout-flow\">\n<p>In mehrere Branchen existieren sogenannte \u00abBranchenabschl\u00fcsse\u00bb. Diese werden in der Regel vom Branchenverband getragen. Anbieter, welche Angebote durchf\u00fchren, die zu einem Branchenabschluss f\u00fchren, m\u00fcssen in der Regel gewisse Anforderungen erf\u00fcllen. Ein Beispiel daf\u00fcr sind die rund 100 Anbieter von Kursen f\u00fcr Ausbildende, die mit dem SVEB-Zertifikat abschliessen.<\/p>\n<\/div>\n<\/div>\n\n\n\n<div class=\"wp-block-columns is-style-accordion is-layout-flex wp-container-core-columns-is-layout-28f84493 wp-block-columns-is-layout-flex\" id=\"faq-element-1\">\n<div class=\"wp-block-column is-layout-flow wp-block-column-is-layout-flow\">\n<h3 class=\"wp-block-heading\">Was l\u00e4sst sich \u00fcber die Qualit\u00e4t auf dem Schweizer Weiterbildungsmarkt sagen?<\/h3>\n<\/div>\n\n\n\n<div class=\"wp-block-column is-layout-flow wp-block-column-is-layout-flow\">\n<p>Insgesamt ist der Schweizer Weiterbildungsmarkt von einer hohen Qualit\u00e4t gepr\u00e4gt. Diese ist unter anderem auf einen regen Wettbewerb zur\u00fcckzuf\u00fchren \u2013 was wiederum Vor- und Nachteile mit sich bringt: Der Wettbewerb f\u00fchrt einerseits zu einem dynamischen Weiterbildungsmarkt, der rasch auf ver\u00e4ndernde Anforderungen reagiert, andereseits l\u00e4sst sie zu, dass auch qualitativ minderwertige Weiterbildungen angeboten werden k\u00f6nnen.<\/p>\n<\/div>\n<\/div>\n\n\n\n<div class=\"wp-block-columns is-style-accordion is-layout-flex wp-container-core-columns-is-layout-28f84493 wp-block-columns-is-layout-flex\" id=\"faq-element-1\">\n<div class=\"wp-block-column is-layout-flow wp-block-column-is-layout-flow\">\n<h3 class=\"wp-block-heading\">Welche Rolle spielt der SVEB?<\/h3>\n<\/div>\n\n\n\n<div class=\"wp-block-column is-layout-flow wp-block-column-is-layout-flow\">\n<p>Der SVEB als nationaler Dachverband setzt sich seit \u00fcber 70 Jahren ein f\u00fcr Qualit\u00e4t und Professionalisierung in der Weiterbildung. Er ist Normgeber des eduQua-Qualit\u00e4tslabels, das Transparenz, Vergleichbarkeit und Qualit\u00e4t von Weiterbildungsangeboten f\u00f6rdert. eduQua ist eine Qualit\u00e4tsnorm, die von der <a href=\"https:\/\/www.sas.admin.ch\/sas\/de\/home.html\" target=\"_blank\" rel=\"noreferrer noopener\">Schweizerischen Akkreditierungsstelle SAS<\/a> akkreditiert ist. Die Zertifizierungen werden von sechs akkreditierten Zertifizierungsstellen durchgef\u00fchrt (vgl. www.eduQua.ch). Aktuell sind \u00fcber 1000 Weiterbildungsanbieter eduQua-zertifiziert.<\/p>\n\n\n\n<p>Der SVEB hat zudem ein Aus-und Weiterbildungssystem f\u00fcr Ausbildende in der Weiterbildung entwickelt. Dieses tr\u00e4gt seit den 90er Jahren wesentlich dazu bei, dass Kursleitende \u00fcber die notwendigen Kompetenzen verf\u00fcgen, um qualitativ hochwertigen Unterricht durchzuf\u00fchren. Bis heute haben \u00fcber 70&#8217;000 Kursleitende das SVEB-Zertifikat erworben, \u00fcber 15&#8217;000 einen eidgen\u00f6ssischen Fachausweis AusbilderIn (vgl. <a href=\"https:\/\/alice.ch\/de\/professionalisierung\">https:\/\/alice.ch\/de\/professionalisierung<\/a>).<\/p>\n<\/div>\n<\/div>\n\n\n\n<div class=\"wp-block-columns is-style-accordion is-layout-flex wp-container-core-columns-is-layout-28f84493 wp-block-columns-is-layout-flex\" id=\"faq-element-1\">\n<div class=\"wp-block-column is-layout-flow wp-block-column-is-layout-flow\">\n<h3 class=\"wp-block-heading\">Welche Anforderungen m\u00fcssen SVEB-Mitglieder erf\u00fcllen?<\/h3>\n<\/div>\n\n\n\n<div class=\"wp-block-column is-layout-flow wp-block-column-is-layout-flow\">\n<p>Die rund 700 Mitglieder sind private und staatliche Bildungsanbieter, in der Weiterbildung t\u00e4tige Einzelpersonen, Verb\u00e4nde und Weiterbildungsabteilungen von Betrieben. Geeint werden sie durch die Absicht, sich f\u00fcr ein wirksames und zukunftsf\u00e4higes Weiterbildungssystem einzusetzen. Die Mitgliedschaft beim SVEB ist jedoch nicht mit einer Qualit\u00e4tspr\u00fcfung verkn\u00fcpft.<\/p>\n<\/div>\n<\/div>\n\n\n\n<div class=\"wp-block-columns is-style-accordion is-layout-flex wp-container-core-columns-is-layout-28f84493 wp-block-columns-is-layout-flex\" id=\"faq-element-1\">\n<div class=\"wp-block-column is-layout-flow wp-block-column-is-layout-flow\">\n<h3 class=\"wp-block-heading\">Was bedeutet eine SVEB-Mitgliedschaft f\u00fcr Leute, die einen Kurs besuchen?<\/h3>\n<\/div>\n\n\n\n<div class=\"wp-block-column is-layout-flow wp-block-column-is-layout-flow\">\n<p>Die Kundinnen und Kunden von Weiterbildungen k\u00f6nnen bei einer SVEB-Mitgliedschaft der Anbieterinstitution davon ausgehen, dass diese sich f\u00fcr Belange der Weiterbildung interessiert und die Absicht hat, sich f\u00fcr ein wirksames und zukunftsf\u00e4higes Weiterbildungssystem einzusetzen. Weitere Schl\u00fcsse auf die Qualit\u00e4t der Institution oder ihrer Angebote lassen sich nicht ziehen.<\/p>\n<\/div>\n<\/div>\n\n\n\n<div class=\"wp-block-columns is-style-accordion is-layout-flex wp-container-core-columns-is-layout-28f84493 wp-block-columns-is-layout-flex\" id=\"faq-element-1\">\n<div class=\"wp-block-column is-layout-flow wp-block-column-is-layout-flow\">\n<h3 class=\"wp-block-heading\">Was ist das eduQua-Label?<\/h3>\n<\/div>\n\n\n\n<div class=\"wp-block-column is-layout-flow wp-block-column-is-layout-flow\">\n<p>eduQua umfasst 19 Kriterien zur Bewertung von Anforderungen auf der Ebene der Institution und des Qualit\u00e4tsmanagements, der Weiterbildungsangebote und der Lernprozesse \u2013 gegliedert in 8 Prinzipien. Ein eduQua-Zertifikat zeichnet Weiterbildungsanbieter aus, welche diese Prinzipien und Anforderungen erf\u00fcllen. Es stellt aber keine Akkreditierung oder Anerkennung der einzelnen Weiterbildungsangebote oder der Abschl\u00fcsse respektive Titel dar. Ein eduQua-Zertifikat gilt f\u00fcr die Weiterbildungsinstitution beziehungsweise f\u00fcr den zertifizierten Bereich. Es darf nicht zur Kennzeichnung einzelner Bildungsangebote verwendet werden. Weitere Fragen und Antworten zum eduQua-Label finden Sie <a href=\"https:\/\/alice.ch\/de\/qualitaet\/qualitaetslabel-eduqua\/faq\/\">hier<\/a>.<\/p>\n<\/div>\n<\/div>\n\n\n\n<div class=\"wp-block-columns is-style-accordion is-layout-flex wp-container-core-columns-is-layout-28f84493 wp-block-columns-is-layout-flex\" id=\"faq-element-1\">\n<div class=\"wp-block-column is-layout-flow wp-block-column-is-layout-flow\">\n<h3 class=\"wp-block-heading\">Was bedeutet das eduQua-Label f\u00fcr Leute, die einen Kurs besuchen?<\/h3>\n<\/div>\n\n\n\n<div class=\"wp-block-column is-layout-flow wp-block-column-is-layout-flow\">\n<p>Durch eine eduQua-Zertifizierung verpflichten sich Weiterbildungsanbieter, die Qualit\u00e4t ihrer Bildungsangebote stark zu gewichten, zu evaluieren und weiterzuentwickeln. Das eduQua-Label macht dieses Engagement sichtbar. Potenzielle Teilnehmende k\u00f6nnen aus einer eduQua-Zertifizierung Schl\u00fcsse auf den Weiterbildungsanbieter ziehen, nicht zwingend aber auf dessen Angebote.<\/p>\n<\/div>\n<\/div>\n\n\n\n<div class=\"wp-block-columns is-style-accordion is-layout-flex wp-container-core-columns-is-layout-28f84493 wp-block-columns-is-layout-flex\" id=\"faq-element-1\">\n<div class=\"wp-block-column is-layout-flow wp-block-column-is-layout-flow\">\n<h3 class=\"wp-block-heading\">Gibt es noch weitere Qualit\u00e4tslabels?<\/h3>\n<\/div>\n\n\n\n<div class=\"wp-block-column is-layout-flow wp-block-column-is-layout-flow\">\n<p>Neben eduQua gibt es weitere Qualit\u00e4tslabels im Weiterbildungsbereich. Die relevantesten Labels, Modelle und Zertifikate f\u00fcr die Sicherung und Entwicklung der Qualit\u00e4t in der Weiterbildung in der Schweiz sind <a href=\"https:\/\/alice.ch\/de\/qualitaet\/qualitaet-in-der-weiterbildung\/qualitaetslabels\/\">hier zusammengestellt<\/a>.<\/p>\n<\/div>\n<\/div>\n\n\n\n<div class=\"wp-block-columns is-style-accordion is-layout-flex wp-container-core-columns-is-layout-28f84493 wp-block-columns-is-layout-flex\" id=\"faq-element-1\">\n<div class=\"wp-block-column is-layout-flow wp-block-column-is-layout-flow\">\n<h3 class=\"wp-block-heading\">Wie finde ich in der F\u00fclle an Angeboten und Informationen heraus, auf welche ich mich verlassen kann?<\/h3>\n<\/div>\n\n\n\n<div class=\"wp-block-column is-layout-flow wp-block-column-is-layout-flow\">\n<p>Es ist f\u00fcr Teilnehmende nicht einfach, Kurse anhand einer kurzen Beschreibung zu beurteilen und mit anderen Angeboten zu vergleichen. Die Art, wie ein Kurs ausgeschrieben wird, gibt aber Hinweise darauf, was potenzielle Teilnehmende von einem Anbieter erwarten k\u00f6nnen. Enth\u00e4lt die Ausschreibung alle relevanten Informationen? Ist sie klar formuliert? Eine gute Kursausschreibung sollte Informationen \u00fcber Lernziele, Inhaltsstruktur, Zielgruppen, Aufnahmebedingungen, Kosten etc. enthalten. Der Anbieter sollte auch einen Hinweis darauf geben, ob die Institution \u00fcber ein Qualit\u00e4tslabel verf\u00fcgt (bspw. eduQua) oder nicht. Unsere <a href=\"https:\/\/alice.ch\/de\/qualitaet\/qualitaet-in-der-weiterbildung\/checkliste-fuer-kursteilnehmende\/\">Checkliste<\/a> kann hier helfen.<\/p>\n<\/div>\n<\/div>\n\n\n\n<div class=\"wp-block-columns is-style-accordion is-layout-flex wp-container-core-columns-is-layout-28f84493 wp-block-columns-is-layout-flex\" id=\"faq-element-1\">\n<div class=\"wp-block-column is-layout-flow wp-block-column-is-layout-flow\">\n<h3 class=\"wp-block-heading\">Wenn ein Zertifikat angeboten wird, ist das ein Qualit\u00e4tszeichen?<\/h3>\n<\/div>\n\n\n\n<div class=\"wp-block-column is-layout-flow wp-block-column-is-layout-flow\">\n<p>Der Titel \u00abZertifikat\u00bb ist in der Schweiz nicht gesch\u00fctzt. Jede Weiterbildungsinstitution darf deshalb ein Zertifikat ausstellen. Wichtig ist, dass der Anbieter klar kommuniziert, welchen Wert das Zertifikat hat: Ist das Zertifikat bei den Arbeitgeberinnen in der Branche anerkannt? Oder handelt es sich lediglich um eine Teilnahmebest\u00e4tigung?<\/p>\n<\/div>\n<\/div>\n\n\n\n<div class=\"wp-block-columns is-style-accordion is-layout-flex wp-container-core-columns-is-layout-28f84493 wp-block-columns-is-layout-flex\" id=\"faq-element-1\">\n<div class=\"wp-block-column is-layout-flow wp-block-column-is-layout-flow\">\n<h3 class=\"wp-block-heading\">Was ist potenziellen Teilnehmenden zu raten?<\/h3>\n<\/div>\n\n\n\n<div class=\"wp-block-column is-layout-flow wp-block-column-is-layout-flow\">\n<p>Wir empfehlen den Teilnehmenden, die Angebotsbeschreibung kritisch zu pr\u00fcfen und sich bei offenen Fragen direkt mit dem Anbieter in Verbindung zu setzen. Auch eine kurze Recherche zeigt oft, ob schlechte Kursbewertungen oder negative Presseberichte zum Kurs oder zum Anbieter vorhanden sind. Bei gr\u00f6sseren Weiterbildungsinstitutionen ist es durchaus auch sinnvoll, sich beraten zu lassen. Es gibt sowohl private wie auch \u00f6ffentliche Beratungsdienste, welche Erwachsene unterst\u00fctzen k\u00f6nnen.<\/p>\n<\/div>\n<\/div>\n\n\n\n<div class=\"wp-block-columns is-style-accordion is-layout-flex wp-container-core-columns-is-layout-28f84493 wp-block-columns-is-layout-flex\" id=\"faq-element-1\">\n<div class=\"wp-block-column is-layout-flow wp-block-column-is-layout-flow\">\n<h3 class=\"wp-block-heading\">Was, wenn ich einen Beruf aus\u00fcben will, f\u00fcr den es gar keine Lehre gibt? <\/h3>\n<\/div>\n\n\n\n<div class=\"wp-block-column is-layout-flow wp-block-column-is-layout-flow\">\n<p>Es ist grunds\u00e4tzlich eine St\u00e4rke des Weiterbildungsmarktes, dass in Berufsfeldern, in denen (noch) kein formaler Berufsabschluss besteht, Bildungsangebote entstehen. Die Weiterbildung kann so sehr rasch auf neue Entwicklungen im Arbeitsmarkt reagieren (beispielsweise derzeit Kurse zu k\u00fcnstlicher Intelligenz). Wichtig hierbei ist, dass die Anbietenden klar und transparent informieren, was die Teilnehmenden in einem Kurs erwartet und was f\u00fcr einen Wert die Weiterbildungsabschl\u00fcsse in einer Branche haben.<\/p>\n<\/div>\n<\/div>\n\n\n\n<div class=\"wp-block-columns is-style-accordion is-layout-flex wp-container-core-columns-is-layout-28f84493 wp-block-columns-is-layout-flex\" id=\"faq-element-1\">\n<div class=\"wp-block-column is-layout-flow wp-block-column-is-layout-flow\">\n<h3 class=\"wp-block-heading\">Ist es ein Qualit\u00e4tszeichen, wenn ein Abschluss mit ECTS-Punkten vergeben wird?<\/h3>\n<\/div>\n\n\n\n<div class=\"wp-block-column is-layout-flow wp-block-column-is-layout-flow\">\n<p>ECTS-Punkte werden grunds\u00e4tzlich von akkreditierten Hochschulen f\u00fcr akademische Diplome\/Titel (Bachelor, Master, Doktorat) sowie f\u00fcr die Hochschulweiterbildungsabschl\u00fcsse \u00abCertificate of Advanced Studies CAS, Diploma of Advanced Studies DAS und Master of Advanced Studies MAS\u00bb vergeben. Das Ziel des European Credit Transfer and Accumulation System (ECTS) ist es, Transparenz und die Mobilit\u00e4t von Studierenden innerhalb Europas zu f\u00f6rdern. Private Institutionen, die nicht gem\u00e4ss Hochschulf\u00f6rderungs- und -koordinationsgesetz (HFKG) akkreditiert sind, d\u00fcrfen die Titelbezeichnungen und Angabe von ECTS zwar verwenden, die Anerkennung ihrer Abschl\u00fcsse liegt aber im Ermessen der Arbeitgeber und anderen Hochschulen im In- und Ausland. Deshalb ist es auch hier wichtig, zu pr\u00fcfen, ob der Anbieter nach dem HFKG akkreditiert ist und wo die angebotenen Abschl\u00fcsse und ECTS-Punkte anerkannt sind. Folgende Links helfen dabei: <a href=\"https:\/\/www.swissuniversities.ch\/themen\/lehre-studium\/akkreditierte-schweizer-hochschulen\">swissuniversities<\/a>&nbsp;und&nbsp;<a href=\"https:\/\/www.sbfi.admin.ch\/sbfi\/de\/home\/hs\/hochschulen\/koordination-hochschulbereich\/titelschutz-und-titelanerkennung.html\">SBFI<\/a><\/p>\n<\/div>\n<\/div>\n\n\n\n<div class=\"wp-block-columns is-style-accordion is-layout-flex wp-container-core-columns-is-layout-28f84493 wp-block-columns-is-layout-flex\" id=\"faq-element-1\">\n<div class=\"wp-block-column is-layout-flow wp-block-column-is-layout-flow\">\n<h3 class=\"wp-block-heading\">Was m\u00fcssen Anbieter ber\u00fccksichtigen?<\/h3>\n<\/div>\n\n\n\n<div class=\"wp-block-column is-layout-flow wp-block-column-is-layout-flow\">\n<p>Damit Weiterbildungsinteressierte gut informierte Entscheide bei der Auswahl von Anbietern und Angeboten treffen k\u00f6nnen, ist es notwendig, dass die Anbieter transparent und klar informieren. Der SVEB sensibilisiert die Anbieter regelm\u00e4ssig f\u00fcr diese Thematik und hat beispielsweise mit Branchenvertretern einen <a href=\"https:\/\/alice.ch\/app\/uploads\/2022\/10\/SVEB_Transparenzkriterien_D.pdf\">Kriterienkatalog f\u00fcr transparente Kursausschreibungen<\/a> erarbeitet. Dieser unterst\u00fctzt die Anbieter bei ihrer Kommunikationsarbeit.<\/p>\n<\/div>\n<\/div>\n<\/div>\n\n\n\n<h2 class=\"wp-block-heading\">Kontakt<\/h2>\n\n\n\n<div class=\"wp-block-columns is-layout-flex wp-container-core-columns-is-layout-28f84493 wp-block-columns-is-layout-flex\">\n<div class=\"wp-block-column is-layout-flow wp-block-column-is-layout-flow\" style=\"flex-basis:50%\"><div class=\"contact-persons\">\n\n\t\t\t\t\t<div class=\"contact-person\">\n\t\t\t\t\tMelanie Schneider<br \/>\t\t\t\t\tFachmitarbeiterin eduQua, Qualit\u00e4t in der Weiterbildung, AdA-Baukasten<br \/>\t\t\t\t\t<br \/>\n\t\t\t\t\t\t\t\t\t\t<a href=\"tel:+41 (0)44 319 71 64\">+41 (0)44 319 71 64<\/a><br \/>\t\t\t\t\t<a href=\"mailto:melanie.schneider@alice.ch\">melanie.schneider@alice.ch<\/a><br \/>\t\t\t\t\t<\/div>\n\t\t\t\t\t<\/div>\n<\/div>\n\n\n\n<div class=\"wp-block-column is-layout-flow wp-block-column-is-layout-flow\" style=\"flex-basis:50%\"><\/div>\n<\/div>\n<\/div>\n","protected":false},"excerpt":{"rendered":"<p>\u00abEin Kursanbieter stellt Zertifikate aus \u2013 ist das ein Qualit\u00e4tszeichen?\u00bb Ist eine SVEB-Mitgliedschaft ein Garant f\u00fcr Qualit\u00e4t? Was bedeutet das [&hellip;]<\/p>\n","protected":false},"author":27,"featured_media":20799,"parent":598,"menu_order":292,"comment_status":"closed","ping_status":"closed","template":"","meta":{"_acf_changed":false,"inline_featured_image":false,"footnotes":""},"class_list":["post-62315","page","type-page","status-publish","has-post-thumbnail","hentry"],"acf":[],"yoast_head":"<!-- This site is optimized with the Yoast SEO plugin v27.3 - https:\/\/yoast.com\/product\/yoast-seo-wordpress\/ -->\n<title>FAQ rund um Qualit\u00e4t - SVEB<\/title>\n<meta name=\"description\" content=\"Mit dieser Checkliste eruieren Sie ein Weiterbildungsangebot, dass sowohl Ihren Anspr\u00fcchen als auch den Qualit\u00e4ts-Standards gen\u00fcgt.\" \/>\n<meta name=\"robots\" content=\"index, follow, max-snippet:-1, max-image-preview:large, max-video-preview:-1\" \/>\n<link rel=\"canonical\" href=\"https:\/\/alice.ch\/de\/qualitaet\/qualitaet-in-der-weiterbildung\/faq-rund-um-qualitaet\/\" \/>\n<meta property=\"og:locale\" content=\"de_DE\" \/>\n<meta property=\"og:type\" content=\"article\" \/>\n<meta property=\"og:title\" content=\"FAQ rund um Qualit\u00e4t - SVEB\" \/>\n<meta property=\"og:description\" content=\"Mit dieser Checkliste eruieren Sie ein Weiterbildungsangebot, dass sowohl Ihren Anspr\u00fcchen als auch den Qualit\u00e4ts-Standards gen\u00fcgt.\" \/>\n<meta property=\"og:url\" content=\"https:\/\/alice.ch\/de\/qualitaet\/qualitaet-in-der-weiterbildung\/faq-rund-um-qualitaet\/\" \/>\n<meta property=\"og:site_name\" content=\"SVEB\" \/>\n<meta property=\"article:modified_time\" content=\"2025-08-04T11:53:00+00:00\" \/>\n<meta name=\"twitter:card\" content=\"summary_large_image\" \/>\n<meta name=\"twitter:label1\" content=\"Gesch\u00e4tzte Lesezeit\" \/>\n\t<meta name=\"twitter:data1\" content=\"5\u00a0Minuten\" \/>\n<script type=\"application\/ld+json\" class=\"yoast-schema-graph\">{\"@context\":\"https:\\\/\\\/schema.org\",\"@graph\":[{\"@type\":\"WebPage\",\"@id\":\"https:\\\/\\\/alice.ch\\\/de\\\/qualitaet\\\/qualitaet-in-der-weiterbildung\\\/faq-rund-um-qualitaet\\\/\",\"url\":\"https:\\\/\\\/alice.ch\\\/de\\\/qualitaet\\\/qualitaet-in-der-weiterbildung\\\/faq-rund-um-qualitaet\\\/\",\"name\":\"FAQ rund um Qualit\u00e4t - SVEB\",\"isPartOf\":{\"@id\":\"https:\\\/\\\/alice.ch\\\/de\\\/#website\"},\"primaryImageOfPage\":{\"@id\":\"https:\\\/\\\/alice.ch\\\/de\\\/qualitaet\\\/qualitaet-in-der-weiterbildung\\\/faq-rund-um-qualitaet\\\/#primaryimage\"},\"image\":{\"@id\":\"https:\\\/\\\/alice.ch\\\/de\\\/qualitaet\\\/qualitaet-in-der-weiterbildung\\\/faq-rund-um-qualitaet\\\/#primaryimage\"},\"thumbnailUrl\":\"https:\\\/\\\/alice.ch\\\/app\\\/uploads\\\/2022\\\/11\\\/default.jpg\",\"datePublished\":\"2024-09-20T08:38:53+00:00\",\"dateModified\":\"2025-08-04T11:53:00+00:00\",\"description\":\"Mit dieser Checkliste eruieren Sie ein Weiterbildungsangebot, dass sowohl Ihren Anspr\u00fcchen als auch den Qualit\u00e4ts-Standards gen\u00fcgt.\",\"breadcrumb\":{\"@id\":\"https:\\\/\\\/alice.ch\\\/de\\\/qualitaet\\\/qualitaet-in-der-weiterbildung\\\/faq-rund-um-qualitaet\\\/#breadcrumb\"},\"inLanguage\":\"de\",\"potentialAction\":[{\"@type\":\"ReadAction\",\"target\":[\"https:\\\/\\\/alice.ch\\\/de\\\/qualitaet\\\/qualitaet-in-der-weiterbildung\\\/faq-rund-um-qualitaet\\\/\"]}]},{\"@type\":\"ImageObject\",\"inLanguage\":\"de\",\"@id\":\"https:\\\/\\\/alice.ch\\\/de\\\/qualitaet\\\/qualitaet-in-der-weiterbildung\\\/faq-rund-um-qualitaet\\\/#primaryimage\",\"url\":\"https:\\\/\\\/alice.ch\\\/app\\\/uploads\\\/2022\\\/11\\\/default.jpg\",\"contentUrl\":\"https:\\\/\\\/alice.ch\\\/app\\\/uploads\\\/2022\\\/11\\\/default.jpg\",\"width\":1600,\"height\":900},{\"@type\":\"BreadcrumbList\",\"@id\":\"https:\\\/\\\/alice.ch\\\/de\\\/qualitaet\\\/qualitaet-in-der-weiterbildung\\\/faq-rund-um-qualitaet\\\/#breadcrumb\",\"itemListElement\":[{\"@type\":\"ListItem\",\"position\":1,\"name\":\"Startseite\",\"item\":\"https:\\\/\\\/alice.ch\\\/de\\\/\"},{\"@type\":\"ListItem\",\"position\":2,\"name\":\"Qualit\u00e4t\",\"item\":\"https:\\\/\\\/alice.ch\\\/de\\\/qualitaet\\\/\"},{\"@type\":\"ListItem\",\"position\":3,\"name\":\"Qualit\u00e4t in der Weiterbildung\",\"item\":\"https:\\\/\\\/alice.ch\\\/de\\\/qualitaet\\\/qualitaet-in-der-weiterbildung\\\/\"},{\"@type\":\"ListItem\",\"position\":4,\"name\":\"FAQ rund um Qualit\u00e4t\"}]},{\"@type\":\"WebSite\",\"@id\":\"https:\\\/\\\/alice.ch\\\/de\\\/#website\",\"url\":\"https:\\\/\\\/alice.ch\\\/de\\\/\",\"name\":\"alice.ch (Adult Learning Information Center) ist das Portal der Weiterbildung in der Schweiz.\",\"description\":\"Schweizerischer Verband f\u00fcr Weiterbildung\",\"publisher\":{\"@id\":\"https:\\\/\\\/alice.ch\\\/de\\\/#organization\"},\"potentialAction\":[{\"@type\":\"SearchAction\",\"target\":{\"@type\":\"EntryPoint\",\"urlTemplate\":\"https:\\\/\\\/alice.ch\\\/de\\\/?s={search_term_string}\"},\"query-input\":{\"@type\":\"PropertyValueSpecification\",\"valueRequired\":true,\"valueName\":\"search_term_string\"}}],\"inLanguage\":\"de\"},{\"@type\":\"Organization\",\"@id\":\"https:\\\/\\\/alice.ch\\\/de\\\/#organization\",\"name\":\"SVEB Schweizerischer Verband f\u00fcr Weiterbildung\",\"url\":\"https:\\\/\\\/alice.ch\\\/de\\\/\",\"logo\":{\"@type\":\"ImageObject\",\"inLanguage\":\"de\",\"@id\":\"https:\\\/\\\/alice.ch\\\/de\\\/#\\\/schema\\\/logo\\\/image\\\/\",\"url\":\"https:\\\/\\\/alice.ch\\\/app\\\/uploads\\\/2022\\\/07\\\/logo-sveb.png\",\"contentUrl\":\"https:\\\/\\\/alice.ch\\\/app\\\/uploads\\\/2022\\\/07\\\/logo-sveb.png\",\"width\":145,\"height\":64,\"caption\":\"SVEB Schweizerischer Verband f\u00fcr Weiterbildung\"},\"image\":{\"@id\":\"https:\\\/\\\/alice.ch\\\/de\\\/#\\\/schema\\\/logo\\\/image\\\/\"},\"sameAs\":[\"https:\\\/\\\/www.linkedin.com\\\/company\\\/schweizerischer-verband-fr-weiterbildung-sveb\\\/\"]}]}<\/script>\n<!-- \/ Yoast SEO plugin. -->","yoast_head_json":{"title":"FAQ rund um Qualit\u00e4t - SVEB","description":"Mit dieser Checkliste eruieren Sie ein Weiterbildungsangebot, dass sowohl Ihren Anspr\u00fcchen als auch den Qualit\u00e4ts-Standards gen\u00fcgt.","robots":{"index":"index","follow":"follow","max-snippet":"max-snippet:-1","max-image-preview":"max-image-preview:large","max-video-preview":"max-video-preview:-1"},"canonical":"https:\/\/alice.ch\/de\/qualitaet\/qualitaet-in-der-weiterbildung\/faq-rund-um-qualitaet\/","og_locale":"de_DE","og_type":"article","og_title":"FAQ rund um Qualit\u00e4t - SVEB","og_description":"Mit dieser Checkliste eruieren Sie ein Weiterbildungsangebot, dass sowohl Ihren Anspr\u00fcchen als auch den Qualit\u00e4ts-Standards gen\u00fcgt.","og_url":"https:\/\/alice.ch\/de\/qualitaet\/qualitaet-in-der-weiterbildung\/faq-rund-um-qualitaet\/","og_site_name":"SVEB","article_modified_time":"2025-08-04T11:53:00+00:00","twitter_card":"summary_large_image","twitter_misc":{"Gesch\u00e4tzte Lesezeit":"5\u00a0Minuten"},"schema":{"@context":"https:\/\/schema.org","@graph":[{"@type":"WebPage","@id":"https:\/\/alice.ch\/de\/qualitaet\/qualitaet-in-der-weiterbildung\/faq-rund-um-qualitaet\/","url":"https:\/\/alice.ch\/de\/qualitaet\/qualitaet-in-der-weiterbildung\/faq-rund-um-qualitaet\/","name":"FAQ rund um Qualit\u00e4t - SVEB","isPartOf":{"@id":"https:\/\/alice.ch\/de\/#website"},"primaryImageOfPage":{"@id":"https:\/\/alice.ch\/de\/qualitaet\/qualitaet-in-der-weiterbildung\/faq-rund-um-qualitaet\/#primaryimage"},"image":{"@id":"https:\/\/alice.ch\/de\/qualitaet\/qualitaet-in-der-weiterbildung\/faq-rund-um-qualitaet\/#primaryimage"},"thumbnailUrl":"https:\/\/alice.ch\/app\/uploads\/2022\/11\/default.jpg","datePublished":"2024-09-20T08:38:53+00:00","dateModified":"2025-08-04T11:53:00+00:00","description":"Mit dieser Checkliste eruieren Sie ein Weiterbildungsangebot, dass sowohl Ihren Anspr\u00fcchen als auch den Qualit\u00e4ts-Standards gen\u00fcgt.","breadcrumb":{"@id":"https:\/\/alice.ch\/de\/qualitaet\/qualitaet-in-der-weiterbildung\/faq-rund-um-qualitaet\/#breadcrumb"},"inLanguage":"de","potentialAction":[{"@type":"ReadAction","target":["https:\/\/alice.ch\/de\/qualitaet\/qualitaet-in-der-weiterbildung\/faq-rund-um-qualitaet\/"]}]},{"@type":"ImageObject","inLanguage":"de","@id":"https:\/\/alice.ch\/de\/qualitaet\/qualitaet-in-der-weiterbildung\/faq-rund-um-qualitaet\/#primaryimage","url":"https:\/\/alice.ch\/app\/uploads\/2022\/11\/default.jpg","contentUrl":"https:\/\/alice.ch\/app\/uploads\/2022\/11\/default.jpg","width":1600,"height":900},{"@type":"BreadcrumbList","@id":"https:\/\/alice.ch\/de\/qualitaet\/qualitaet-in-der-weiterbildung\/faq-rund-um-qualitaet\/#breadcrumb","itemListElement":[{"@type":"ListItem","position":1,"name":"Startseite","item":"https:\/\/alice.ch\/de\/"},{"@type":"ListItem","position":2,"name":"Qualit\u00e4t","item":"https:\/\/alice.ch\/de\/qualitaet\/"},{"@type":"ListItem","position":3,"name":"Qualit\u00e4t in der Weiterbildung","item":"https:\/\/alice.ch\/de\/qualitaet\/qualitaet-in-der-weiterbildung\/"},{"@type":"ListItem","position":4,"name":"FAQ rund um Qualit\u00e4t"}]},{"@type":"WebSite","@id":"https:\/\/alice.ch\/de\/#website","url":"https:\/\/alice.ch\/de\/","name":"alice.ch (Adult Learning Information Center) ist das Portal der Weiterbildung in der Schweiz.","description":"Schweizerischer Verband f\u00fcr Weiterbildung","publisher":{"@id":"https:\/\/alice.ch\/de\/#organization"},"potentialAction":[{"@type":"SearchAction","target":{"@type":"EntryPoint","urlTemplate":"https:\/\/alice.ch\/de\/?s={search_term_string}"},"query-input":{"@type":"PropertyValueSpecification","valueRequired":true,"valueName":"search_term_string"}}],"inLanguage":"de"},{"@type":"Organization","@id":"https:\/\/alice.ch\/de\/#organization","name":"SVEB Schweizerischer Verband f\u00fcr Weiterbildung","url":"https:\/\/alice.ch\/de\/","logo":{"@type":"ImageObject","inLanguage":"de","@id":"https:\/\/alice.ch\/de\/#\/schema\/logo\/image\/","url":"https:\/\/alice.ch\/app\/uploads\/2022\/07\/logo-sveb.png","contentUrl":"https:\/\/alice.ch\/app\/uploads\/2022\/07\/logo-sveb.png","width":145,"height":64,"caption":"SVEB Schweizerischer Verband f\u00fcr Weiterbildung"},"image":{"@id":"https:\/\/alice.ch\/de\/#\/schema\/logo\/image\/"},"sameAs":["https:\/\/www.linkedin.com\/company\/schweizerischer-verband-fr-weiterbildung-sveb\/"]}]}},"_links":{"self":[{"href":"https:\/\/alice.ch\/de\/wp-json\/wp\/v2\/pages\/62315","targetHints":{"allow":["GET"]}}],"collection":[{"href":"https:\/\/alice.ch\/de\/wp-json\/wp\/v2\/pages"}],"about":[{"href":"https:\/\/alice.ch\/de\/wp-json\/wp\/v2\/types\/page"}],"author":[{"embeddable":true,"href":"https:\/\/alice.ch\/de\/wp-json\/wp\/v2\/users\/27"}],"replies":[{"embeddable":true,"href":"https:\/\/alice.ch\/de\/wp-json\/wp\/v2\/comments?post=62315"}],"version-history":[{"count":7,"href":"https:\/\/alice.ch\/de\/wp-json\/wp\/v2\/pages\/62315\/revisions"}],"predecessor-version":[{"id":69740,"href":"https:\/\/alice.ch\/de\/wp-json\/wp\/v2\/pages\/62315\/revisions\/69740"}],"up":[{"embeddable":true,"href":"https:\/\/alice.ch\/de\/wp-json\/wp\/v2\/pages\/598"}],"wp:featuredmedia":[{"embeddable":true,"href":"https:\/\/alice.ch\/de\/wp-json\/wp\/v2\/media\/20799"}],"wp:attachment":[{"href":"https:\/\/alice.ch\/de\/wp-json\/wp\/v2\/media?parent=62315"}],"curies":[{"name":"wp","href":"https:\/\/api.w.org\/{rel}","templated":true}]}}