{"id":64234,"date":"2024-12-04T15:39:24","date_gmt":"2024-12-04T14:39:24","guid":{"rendered":"https:\/\/alice.ch\/?page_id=64234"},"modified":"2026-02-16T17:10:21","modified_gmt":"2026-02-16T16:10:21","slug":"ki-in-der-weiterbildung","status":"publish","type":"page","link":"https:\/\/alice.ch\/de\/themen\/digitalisierung-in-der-weiterbildung\/ki-in-der-weiterbildung\/","title":{"rendered":"KI in der Weiterbildung"},"content":{"rendered":"\n<div class=\"wp-block-group is-style-reduced-width is-layout-flow wp-block-group-is-layout-flow\">\n<h1 class=\"wp-block-heading\">K\u00fcnstliche Intelligenz und Weiterbildung<\/h1>\n\n\n\n<p class=\"is-style-lead\">KI hat das Potenzial, das (Arbeits-)Leben, wie wir es kennen, grundlegend zu ver\u00e4ndern. Und so auch die Weiterbildung. Der SVEB setzt sich daf\u00fcr ein, m\u00f6glichst allen den Zugang zu Wissen und Kompetenzen zu erm\u00f6glichen, um sinnvoll mit KI umgehen zu k\u00f6nnen.<\/p>\n\n\n\n<p>Mit der Lancierung von ChatGPT Ende 2022 hat die k\u00fcnstliche Intelligenz, insbesondere die generative KI, einen rasanten Aufschwung erfahren und ist zu einem zentralen gesellschaftlichen Thema geworden. Seit es m\u00f6glich ist, Texte, Bilder, Pr\u00e4sentationen, Videos, Tabellen und vieles mehr von KI erstellen zu lassen, scheint klar, dass die Technologie grosses Potenzial hat, die Wirtschaft, die Arbeitswelt und die Gesellschaft insgesamt tiefgreifend zu ver\u00e4ndern.<\/p>\n\n\n\n<p>Auch die (Weiter-)Bildung ist vom transformativen Potenzial&nbsp;der KI betroffen, genauer in zweierlei Hinsicht:<\/p>\n\n\n\n<ul class=\"wp-block-list\">\n<li>Einerseits muss das Weiterbildungsfeld wie alle anderen Branchen bestrebt sein, Voraussetzungen zu schaffen, um KI in sein System zu integrieren. Es hat also beispielsweise Standards zu erstellen, wie damit umzugehen ist, wenn Teilnehmende KI einsetzen, um Arbeiten zu schreiben. Gleichsam muss gepr\u00fcft werden, wie Kursleitende KI sinnvoll einsetzen k\u00f6nnen oder inwiefern sich didaktische Methoden, Settings oder das Lernverhalten durch den Einsatz von KI ver\u00e4ndert.<\/li>\n\n\n\n<li>Auf der anderen Seite ben\u00f6tigt die Gesellschaft Kompetenzen, um KI nutzen zu k\u00f6nnen \u2013 auch hier ist die Weiterbildung gefordert: Sie kann ihren Beitrag dazu leisten, Rahmenbedingungen zu schaffen, damit m\u00f6glichst alle die Vorteile von KI nutzen k\u00f6nnen&nbsp;\u2013 und sich gleichzeitig der Risiken bewusst sind, die KI mit sich bringt.<\/li>\n<\/ul>\n\n\n\n<h2 class=\"wp-block-heading\">Der SVEB und KI<\/h2>\n\n\n\n<p>Als Dachverband, der sich f\u00fcr \u00abWeiterbildung f\u00fcr alle\u00bb sowie f\u00fcr ein starkes, qualitativ hochstehendes Weiterbildungssystem einsetzt, sieht der SVEB sich in der Aufgabe, diese Entwicklung zu verfolgen und das Weiterbildungsfeld dabei zu unterst\u00fctzen, das Potential von KI zu nutzen und die n\u00f6tigen Kompetenzen daf\u00fcr zu entwickeln. <\/p>\n\n\n\n<p>Unsere aktuellen Aktivit\u00e4ten sind:<\/p>\n\n\n\n<ul class=\"wp-block-list\">\n<li>Aufbau einer Expertengruppe, die die Aktivit\u00e4ten des SVEB begleitet<\/li>\n\n\n\n<li>Erweiterung des <a href=\"https:\/\/alice.ch\/de\/professionalisierung\/eidg-fachausweis-ausbilderin-ausbilder\/vertiefungsmodul-online-lernangebote\/\">Weiterbildungsmoduls \u00abLernprozesse digital unterst\u00fctzen\u00bb<\/a> im AdA-Baukasten mit KI-Kompetenzen<\/li>\n\n\n\n<li>Projektarbeit<\/li>\n\n\n\n<li>Internationaler Austausch (bspw. im DACH-Raum)<\/li>\n\n\n\n<li>Veranstaltungen<\/li>\n<\/ul>\n\n\n\n<h2 class=\"wp-block-heading\">News zum Thema KI in der Weiterbildung<\/h2>\n<\/div>\n\n\n\n<div class=\"wp-block-query is-style-mobile-slider is-layout-flow wp-block-query-is-layout-flow\"><ul class=\"columns-3 wp-block-post-template is-layout-grid wp-container-core-post-template-is-layout-6d3fbd8f wp-block-post-template-is-layout-grid\"><li class=\"wp-block-post post-74971 news type-news status-publish has-post-thumbnail hentry news-category-digitalisierung global-category-ki-in-der-weiterbildung\">\n<figure class=\"wp-block-post-featured-image\"><a href=\"https:\/\/alice.ch\/de\/news\/so-wird-ki-bei-jobsuche-und-rekrutierung-eingesetzt\/\" target=\"_self\"  ><img decoding=\"async\" width=\"1200\" height=\"627\" src=\"https:\/\/alice.ch\/app\/uploads\/2026\/04\/dmitrii-shirnin-MRNuFO7Je9M-unsplash1.jpg\" class=\"attachment-post-thumbnail size-post-thumbnail wp-post-image\" alt=\"So wird KI bei Jobsuche und Rekrutierung eingesetzt\" style=\"object-fit:cover;\" srcset=\"https:\/\/alice.ch\/app\/uploads\/2026\/04\/dmitrii-shirnin-MRNuFO7Je9M-unsplash1.jpg 1200w, https:\/\/alice.ch\/app\/uploads\/2026\/04\/dmitrii-shirnin-MRNuFO7Je9M-unsplash1-300x157.jpg 300w, https:\/\/alice.ch\/app\/uploads\/2026\/04\/dmitrii-shirnin-MRNuFO7Je9M-unsplash1-1024x535.jpg 1024w, https:\/\/alice.ch\/app\/uploads\/2026\/04\/dmitrii-shirnin-MRNuFO7Je9M-unsplash1-768x401.jpg 768w\" sizes=\"(max-width: 1200px) 100vw, 1200px\" \/><\/a><\/figure>\n\n\n<div class=\"wp-block-news-category\">Digitalisierung<\/div>\n\n\n<div class=\"wp-block-post-date\"><time datetime=\"2026-04-22T09:20:07+02:00\">22. April 2026<\/time><\/div>\n\n<h3 class=\"wp-block-post-title\"><a href=\"https:\/\/alice.ch\/de\/news\/so-wird-ki-bei-jobsuche-und-rekrutierung-eingesetzt\/\" target=\"_self\" >So wird KI bei Jobsuche und Rekrutierung eingesetzt<\/a><\/h3>\n\n<a class=\"wp-block-query-loop-link is-style-minimal\" href=\"https:\/\/alice.ch\/de\/news\/so-wird-ki-bei-jobsuche-und-rekrutierung-eingesetzt\/\">Artikel lesen<\/a>\n\n<\/li><li class=\"wp-block-post post-74909 news type-news status-publish has-post-thumbnail hentry news-category-digitalisierung global-category-ki-in-der-weiterbildung\">\n<figure class=\"wp-block-post-featured-image\"><a href=\"https:\/\/alice.ch\/de\/news\/ki-wird-vor-allem-fuer-text-recherche-und-uebersetzungen-eingesetzt\/\" target=\"_self\"  ><img decoding=\"async\" width=\"1200\" height=\"627\" src=\"https:\/\/alice.ch\/app\/uploads\/2026\/04\/vitaly-gariev-UF9tYtRze5E-unsplash1.jpg\" class=\"attachment-post-thumbnail size-post-thumbnail wp-post-image\" alt=\"KI kommt vor allem f\u00fcr Text, Recherche und \u00dcbersetzungen zum Einsatz\" style=\"object-fit:cover;\" srcset=\"https:\/\/alice.ch\/app\/uploads\/2026\/04\/vitaly-gariev-UF9tYtRze5E-unsplash1.jpg 1200w, https:\/\/alice.ch\/app\/uploads\/2026\/04\/vitaly-gariev-UF9tYtRze5E-unsplash1-300x157.jpg 300w, https:\/\/alice.ch\/app\/uploads\/2026\/04\/vitaly-gariev-UF9tYtRze5E-unsplash1-1024x535.jpg 1024w, https:\/\/alice.ch\/app\/uploads\/2026\/04\/vitaly-gariev-UF9tYtRze5E-unsplash1-768x401.jpg 768w\" sizes=\"(max-width: 1200px) 100vw, 1200px\" \/><\/a><\/figure>\n\n\n<div class=\"wp-block-news-category\">Digitalisierung<\/div>\n\n\n<div class=\"wp-block-post-date\"><time datetime=\"2026-04-10T11:08:05+02:00\">10. April 2026<\/time><\/div>\n\n<h3 class=\"wp-block-post-title\"><a href=\"https:\/\/alice.ch\/de\/news\/ki-wird-vor-allem-fuer-text-recherche-und-uebersetzungen-eingesetzt\/\" target=\"_self\" >KI kommt vor allem f\u00fcr Text, Recherche und \u00dcbersetzungen zum Einsatz<\/a><\/h3>\n\n<a class=\"wp-block-query-loop-link is-style-minimal\" href=\"https:\/\/alice.ch\/de\/news\/ki-wird-vor-allem-fuer-text-recherche-und-uebersetzungen-eingesetzt\/\">Artikel lesen<\/a>\n\n<\/li><li class=\"wp-block-post post-73714 news type-news status-publish has-post-thumbnail hentry news-category-digitalisierung global-category-ki-in-der-weiterbildung\">\n<figure class=\"wp-block-post-featured-image\"><a href=\"https:\/\/alice.ch\/de\/news\/starke-ki-nutzung-reduziert-die-faehigkeit-zum-kritischen-denken\/\" target=\"_self\"  ><img decoding=\"async\" width=\"1200\" height=\"627\" src=\"https:\/\/alice.ch\/app\/uploads\/2026\/02\/bruce-mars-xj8qrWvuOEs-unsplash1.jpg\" class=\"attachment-post-thumbnail size-post-thumbnail wp-post-image\" alt=\"Studie: Starke KI-Nutzung reduziert die F\u00e4higkeit zum kritischen Denken\" style=\"object-fit:cover;\" srcset=\"https:\/\/alice.ch\/app\/uploads\/2026\/02\/bruce-mars-xj8qrWvuOEs-unsplash1.jpg 1200w, https:\/\/alice.ch\/app\/uploads\/2026\/02\/bruce-mars-xj8qrWvuOEs-unsplash1-300x157.jpg 300w, https:\/\/alice.ch\/app\/uploads\/2026\/02\/bruce-mars-xj8qrWvuOEs-unsplash1-1024x535.jpg 1024w, https:\/\/alice.ch\/app\/uploads\/2026\/02\/bruce-mars-xj8qrWvuOEs-unsplash1-768x401.jpg 768w\" sizes=\"(max-width: 1200px) 100vw, 1200px\" \/><\/a><\/figure>\n\n\n<div class=\"wp-block-news-category\">Digitalisierung<\/div>\n\n\n<div class=\"wp-block-post-date\"><time datetime=\"2026-02-17T11:55:26+01:00\">17. Februar 2026<\/time><\/div>\n\n<h3 class=\"wp-block-post-title\"><a href=\"https:\/\/alice.ch\/de\/news\/starke-ki-nutzung-reduziert-die-faehigkeit-zum-kritischen-denken\/\" target=\"_self\" >Studie: Starke KI-Nutzung reduziert die F\u00e4higkeit zum kritischen Denken<\/a><\/h3>\n\n<a class=\"wp-block-query-loop-link is-style-minimal\" href=\"https:\/\/alice.ch\/de\/news\/starke-ki-nutzung-reduziert-die-faehigkeit-zum-kritischen-denken\/\">Artikel lesen<\/a>\n\n<\/li><li class=\"wp-block-post post-72894 news type-news status-publish has-post-thumbnail hentry news-category-branche global-category-ki-in-der-weiterbildung\">\n<figure class=\"wp-block-post-featured-image\"><a href=\"https:\/\/alice.ch\/de\/news\/die-innovationspreis-was-das-seepferdchen-mit-ki-zu-tun-hat\/\" target=\"_self\"  ><img decoding=\"async\" width=\"1200\" height=\"627\" src=\"https:\/\/alice.ch\/app\/uploads\/2026\/01\/gary-walker-jones-wWdstUenUQw-unsplash1.jpg\" class=\"attachment-post-thumbnail size-post-thumbnail wp-post-image\" alt=\"DIE-Innovationspreis: Was das Seepferdchen mit KI zu tun hat\" style=\"object-fit:cover;\" srcset=\"https:\/\/alice.ch\/app\/uploads\/2026\/01\/gary-walker-jones-wWdstUenUQw-unsplash1.jpg 1200w, https:\/\/alice.ch\/app\/uploads\/2026\/01\/gary-walker-jones-wWdstUenUQw-unsplash1-300x157.jpg 300w, https:\/\/alice.ch\/app\/uploads\/2026\/01\/gary-walker-jones-wWdstUenUQw-unsplash1-1024x535.jpg 1024w, https:\/\/alice.ch\/app\/uploads\/2026\/01\/gary-walker-jones-wWdstUenUQw-unsplash1-768x401.jpg 768w\" sizes=\"(max-width: 1200px) 100vw, 1200px\" \/><\/a><\/figure>\n\n\n<div class=\"wp-block-news-category\">Branche<\/div>\n\n\n<div class=\"wp-block-post-date\"><time datetime=\"2026-01-15T11:07:40+01:00\">15. Januar 2026<\/time><\/div>\n\n<h3 class=\"wp-block-post-title\"><a href=\"https:\/\/alice.ch\/de\/news\/die-innovationspreis-was-das-seepferdchen-mit-ki-zu-tun-hat\/\" target=\"_self\" >DIE-Innovationspreis: Was das Seepferdchen mit KI zu tun hat<\/a><\/h3>\n\n<a class=\"wp-block-query-loop-link is-style-minimal\" href=\"https:\/\/alice.ch\/de\/news\/die-innovationspreis-was-das-seepferdchen-mit-ki-zu-tun-hat\/\">Artikel lesen<\/a>\n\n<\/li><li class=\"wp-block-post post-72830 news type-news status-publish has-post-thumbnail hentry news-category-digitalisierung global-category-ki-in-der-weiterbildung\">\n<figure class=\"wp-block-post-featured-image\"><a href=\"https:\/\/alice.ch\/de\/news\/ki-kompetenzen-vermitteln-9-konkrete-tipps\/\" target=\"_self\"  ><img decoding=\"async\" width=\"1200\" height=\"627\" src=\"https:\/\/alice.ch\/app\/uploads\/2026\/01\/walls-io-cNGvcAvxHAo-unsplash1.jpg\" class=\"attachment-post-thumbnail size-post-thumbnail wp-post-image\" alt=\"KI-Kompetenzen vermitteln: 9 konkrete Tipps\" style=\"object-fit:cover;\" srcset=\"https:\/\/alice.ch\/app\/uploads\/2026\/01\/walls-io-cNGvcAvxHAo-unsplash1.jpg 1200w, https:\/\/alice.ch\/app\/uploads\/2026\/01\/walls-io-cNGvcAvxHAo-unsplash1-300x157.jpg 300w, https:\/\/alice.ch\/app\/uploads\/2026\/01\/walls-io-cNGvcAvxHAo-unsplash1-1024x535.jpg 1024w, https:\/\/alice.ch\/app\/uploads\/2026\/01\/walls-io-cNGvcAvxHAo-unsplash1-768x401.jpg 768w\" sizes=\"(max-width: 1200px) 100vw, 1200px\" \/><\/a><\/figure>\n\n\n<div class=\"wp-block-news-category\">Digitalisierung<\/div>\n\n\n<div class=\"wp-block-post-date\"><time datetime=\"2026-01-08T08:31:58+01:00\">8. Januar 2026<\/time><\/div>\n\n<h3 class=\"wp-block-post-title\"><a href=\"https:\/\/alice.ch\/de\/news\/ki-kompetenzen-vermitteln-9-konkrete-tipps\/\" target=\"_self\" >KI-Kompetenzen vermitteln: 9 konkrete Tipps<\/a><\/h3>\n\n<a class=\"wp-block-query-loop-link is-style-minimal\" href=\"https:\/\/alice.ch\/de\/news\/ki-kompetenzen-vermitteln-9-konkrete-tipps\/\">Artikel lesen<\/a>\n\n<\/li><li class=\"wp-block-post post-72461 news type-news status-publish has-post-thumbnail hentry news-category-digitalisierung global-category-ki-in-der-weiterbildung\">\n<figure class=\"wp-block-post-featured-image\"><a href=\"https:\/\/alice.ch\/de\/news\/ki-in-der-weiterbildung-nur-bedingte-effizienzsteigerung\/\" target=\"_self\"  ><img decoding=\"async\" width=\"1200\" height=\"627\" src=\"https:\/\/alice.ch\/app\/uploads\/2025\/12\/getty-images-X4N1yp1aJ6U-unsplash1.jpg\" class=\"attachment-post-thumbnail size-post-thumbnail wp-post-image\" alt=\"KI in der Weiterbildung: nur bedingte Effizienzsteigerung\" style=\"object-fit:cover;\" srcset=\"https:\/\/alice.ch\/app\/uploads\/2025\/12\/getty-images-X4N1yp1aJ6U-unsplash1.jpg 1200w, https:\/\/alice.ch\/app\/uploads\/2025\/12\/getty-images-X4N1yp1aJ6U-unsplash1-300x157.jpg 300w, https:\/\/alice.ch\/app\/uploads\/2025\/12\/getty-images-X4N1yp1aJ6U-unsplash1-1024x535.jpg 1024w, https:\/\/alice.ch\/app\/uploads\/2025\/12\/getty-images-X4N1yp1aJ6U-unsplash1-768x401.jpg 768w\" sizes=\"(max-width: 1200px) 100vw, 1200px\" \/><\/a><\/figure>\n\n\n<div class=\"wp-block-news-category\">Digitalisierung<\/div>\n\n\n<div class=\"wp-block-post-date\"><time datetime=\"2025-12-16T16:25:58+01:00\">16. Dezember 2025<\/time><\/div>\n\n<h3 class=\"wp-block-post-title\"><a href=\"https:\/\/alice.ch\/de\/news\/ki-in-der-weiterbildung-nur-bedingte-effizienzsteigerung\/\" target=\"_self\" >KI in der Weiterbildung: nur bedingte Effizienzsteigerung<\/a><\/h3>\n\n<a class=\"wp-block-query-loop-link is-style-minimal\" href=\"https:\/\/alice.ch\/de\/news\/ki-in-der-weiterbildung-nur-bedingte-effizienzsteigerung\/\">Artikel lesen<\/a>\n\n<\/li><\/ul>\n\n\n\n<nav class=\"wp-block-query-pagination is-layout-flex wp-block-query-pagination-is-layout-flex\" aria-label=\"Seitennummerierung\">\n\n\n<div class=\"wp-block-query-pagination-numbers\"><span aria-current=\"page\" class=\"page-numbers current\">1<\/span>\n<a class=\"page-numbers\" href=\"?query-0-page=2\">2<\/a>\n<a class=\"page-numbers\" href=\"?query-0-page=3\">3<\/a>\n<a class=\"page-numbers\" href=\"?query-0-page=4\">4<\/a><\/div>\n\n<a href=\"\/de\/wp-json\/wp\/v2\/pages\/64234?query-0-page=2\" class=\"wp-block-query-pagination-next\">N\u00e4chste Seite<\/a>\n<\/nav><\/div>\n\n\n\n<h2 class=\"wp-block-heading\">Projekte zum Thema KI in der Weiterbildung<\/h2>\n\n\n<div class=\"is-layout-flow wp-block-group is-style-three-cols-articles is-style-mobile-slider\">\n\n   \n       \n\t   <div class=\"wp-block-media-text alignwide is-stacked-on-mobile is-image-fill is-style-stacked\" style=\"grid-template-columns:85% auto\"><figure class=\"wp-block-media-text__media\" style=\"background-image:url('https:\/\/alice.ch\/app\/uploads\/2026\/01\/voices-logo-no-background-.png');background-position:50% 50%\"><a href=\"https:\/\/alice.ch\/de\/project\/voices-voices-of-immigrants-creating-empathy-social-cohesion\/\"><img decoding=\"async\" width=\"500\" height=\"500\" src=\"https:\/\/alice.ch\/app\/uploads\/2026\/01\/voices-logo-no-background-.png\" class=\"attachment-post-thumbnail size-post-thumbnail wp-post-image\" alt=\"\" srcset=\"https:\/\/alice.ch\/app\/uploads\/2026\/01\/voices-logo-no-background-.png 500w, https:\/\/alice.ch\/app\/uploads\/2026\/01\/voices-logo-no-background--300x300.png 300w, https:\/\/alice.ch\/app\/uploads\/2026\/01\/voices-logo-no-background--150x150.png 150w\" sizes=\"(max-width: 500px) 100vw, 500px\" \/><\/a><\/figure><div class=\"wp-block-news-category posttype-project\">Projekt<\/div><div class=\"wp-block-media-text__content\"><h3><a href=\"https:\/\/alice.ch\/de\/project\/voices-voices-of-immigrants-creating-empathy-social-cohesion\/\">VOICES \u2013 Voices of Immigrants creating Empathy &amp; Social Cohesion<\/a><\/h3><div class=\"is-layout-flex wp-block-buttons\"><div class=\"wp-block-button is-style-minimal\"><a class=\"wp-block-button__link wp-element-button\" href=\"https:\/\/alice.ch\/de\/project\/voices-voices-of-immigrants-creating-empathy-social-cohesion\/\">mehr erfahren<\/a><\/div><\/div><\/div><\/div>\n\n   \n       \n\t   <div class=\"wp-block-media-text alignwide is-stacked-on-mobile is-image-fill is-style-stacked\" style=\"grid-template-columns:85% auto\"><figure class=\"wp-block-media-text__media\" style=\"background-image:url('https:\/\/alice.ch\/app\/uploads\/2025\/07\/digitalli-project-logo.png');background-position:50% 50%\"><a href=\"https:\/\/alice.ch\/de\/project\/digitalli-digital-strategies-for-lifelong-learning-institutions\/\"><img decoding=\"async\" width=\"930\" height=\"535\" src=\"https:\/\/alice.ch\/app\/uploads\/2025\/07\/digitalli-project-logo.png\" class=\"attachment-post-thumbnail size-post-thumbnail wp-post-image\" alt=\"\" srcset=\"https:\/\/alice.ch\/app\/uploads\/2025\/07\/digitalli-project-logo.png 930w, https:\/\/alice.ch\/app\/uploads\/2025\/07\/digitalli-project-logo-300x173.png 300w, https:\/\/alice.ch\/app\/uploads\/2025\/07\/digitalli-project-logo-768x442.png 768w\" sizes=\"(max-width: 930px) 100vw, 930px\" \/><\/a><\/figure><div class=\"wp-block-news-category posttype-project\">Projekt<\/div><div class=\"wp-block-media-text__content\"><h3><a href=\"https:\/\/alice.ch\/de\/project\/digitalli-digital-strategies-for-lifelong-learning-institutions\/\">DIGITALLI &#8211; Digital Strategies for Lifelong Learning Institutions<\/a><\/h3><div class=\"is-layout-flex wp-block-buttons\"><div class=\"wp-block-button is-style-minimal\"><a class=\"wp-block-button__link wp-element-button\" href=\"https:\/\/alice.ch\/de\/project\/digitalli-digital-strategies-for-lifelong-learning-institutions\/\">mehr erfahren<\/a><\/div><\/div><\/div><\/div>\n\n   \n       \n\t   <div class=\"wp-block-media-text alignwide is-stacked-on-mobile is-image-fill is-style-stacked\" style=\"grid-template-columns:85% auto\"><figure class=\"wp-block-media-text__media\" style=\"background-image:url('https:\/\/alice.ch\/app\/uploads\/2025\/06\/ETHLAE_main_logo_vector.svg');background-position:50% 50%\"><a href=\"https:\/\/alice.ch\/de\/project\/ethlae-emerging-technology-for-holistic-literacy-in-adult-education\/\"><img decoding=\"async\" width=\"1\" height=\"1\" src=\"https:\/\/alice.ch\/app\/uploads\/2025\/06\/ETHLAE_main_logo_vector.svg\" class=\"attachment-post-thumbnail size-post-thumbnail wp-post-image\" alt=\"\" \/><\/a><\/figure><div class=\"wp-block-news-category posttype-project\">Projekt<\/div><div class=\"wp-block-media-text__content\"><h3><a href=\"https:\/\/alice.ch\/de\/project\/ethlae-emerging-technology-for-holistic-literacy-in-adult-education\/\">ETHLAE \u2013 Emerging Technology for Holistic Literacy in Adult Education<\/a><\/h3><div class=\"is-layout-flex wp-block-buttons\"><div class=\"wp-block-button is-style-minimal\"><a class=\"wp-block-button__link wp-element-button\" href=\"https:\/\/alice.ch\/de\/project\/ethlae-emerging-technology-for-holistic-literacy-in-adult-education\/\">mehr erfahren<\/a><\/div><\/div><\/div><\/div>\n\n   \n       \n\t   <div class=\"wp-block-media-text alignwide is-stacked-on-mobile is-image-fill is-style-stacked\" style=\"grid-template-columns:85% auto\"><figure class=\"wp-block-media-text__media\" style=\"background-image:url('https:\/\/alice.ch\/app\/uploads\/2023\/05\/logo-AI4AL-1024x535.png');background-position:50% 50%\"><a href=\"https:\/\/alice.ch\/de\/project\/ai4al\/\"><img decoding=\"async\" width=\"1200\" height=\"627\" src=\"https:\/\/alice.ch\/app\/uploads\/2023\/05\/logo-AI4AL.png\" class=\"attachment-post-thumbnail size-post-thumbnail wp-post-image\" alt=\"\" srcset=\"https:\/\/alice.ch\/app\/uploads\/2023\/05\/logo-AI4AL.png 1200w, https:\/\/alice.ch\/app\/uploads\/2023\/05\/logo-AI4AL-300x157.png 300w, https:\/\/alice.ch\/app\/uploads\/2023\/05\/logo-AI4AL-1024x535.png 1024w, https:\/\/alice.ch\/app\/uploads\/2023\/05\/logo-AI4AL-768x401.png 768w\" sizes=\"(max-width: 1200px) 100vw, 1200px\" \/><\/a><\/figure><div class=\"wp-block-news-category posttype-project\">Projekt<\/div><div class=\"wp-block-media-text__content\"><h3><a href=\"https:\/\/alice.ch\/de\/project\/ai4al\/\">AI4AL (Artificial Intelligence 4 Adult Learning)<\/a><\/h3><div class=\"is-layout-flex wp-block-buttons\"><div class=\"wp-block-button is-style-minimal\"><a class=\"wp-block-button__link wp-element-button\" href=\"https:\/\/alice.ch\/de\/project\/ai4al\/\">mehr erfahren<\/a><\/div><\/div><\/div><\/div>\n\n   \n       \n\t   <div class=\"wp-block-media-text alignwide is-stacked-on-mobile is-image-fill is-style-stacked\" style=\"grid-template-columns:85% auto\"><figure class=\"wp-block-media-text__media\" style=\"background-image:url('https:\/\/alice.ch\/app\/uploads\/2023\/02\/logo_xrwomen-1024x536.jpg');background-position:50% 50%\"><a href=\"https:\/\/alice.ch\/de\/project\/xr-women\/\"><img decoding=\"async\" width=\"1698\" height=\"888\" src=\"https:\/\/alice.ch\/app\/uploads\/2023\/02\/logo_xrwomen.jpg\" class=\"attachment-post-thumbnail size-post-thumbnail wp-post-image\" alt=\"\" srcset=\"https:\/\/alice.ch\/app\/uploads\/2023\/02\/logo_xrwomen.jpg 1698w, https:\/\/alice.ch\/app\/uploads\/2023\/02\/logo_xrwomen-300x157.jpg 300w, https:\/\/alice.ch\/app\/uploads\/2023\/02\/logo_xrwomen-1024x536.jpg 1024w, https:\/\/alice.ch\/app\/uploads\/2023\/02\/logo_xrwomen-768x402.jpg 768w, https:\/\/alice.ch\/app\/uploads\/2023\/02\/logo_xrwomen-1536x803.jpg 1536w\" sizes=\"(max-width: 1698px) 100vw, 1698px\" \/><\/a><\/figure><div class=\"wp-block-news-category posttype-project\">Projekt<\/div><div class=\"wp-block-media-text__content\"><h3><a href=\"https:\/\/alice.ch\/de\/project\/xr-women\/\">XR-Women<\/a><\/h3><div class=\"is-layout-flex wp-block-buttons\"><div class=\"wp-block-button is-style-minimal\"><a class=\"wp-block-button__link wp-element-button\" href=\"https:\/\/alice.ch\/de\/project\/xr-women\/\">mehr erfahren<\/a><\/div><\/div><\/div><\/div>\n\n   \n<\/div>\n\n\n<div class=\"wp-block-group is-style-reduced-width is-layout-flow wp-block-group-is-layout-flow\">\n<h2 class=\"wp-block-heading\">Publikationen<\/h2>\n\n\n\n\t\n\t<div class=\"publication-item\">\n\t\t<div class=\"image\">\n\t\t\t<img decoding=\"async\" width=\"1810\" height=\"2560\" src=\"https:\/\/alice.ch\/app\/uploads\/2025\/01\/focus-weiterbildung-2024-cover-scaled.jpeg\" class=\"attachment-post-thumbnail size-post-thumbnail wp-post-image\" alt=\"\" srcset=\"https:\/\/alice.ch\/app\/uploads\/2025\/01\/focus-weiterbildung-2024-cover-scaled.jpeg 1810w, https:\/\/alice.ch\/app\/uploads\/2025\/01\/focus-weiterbildung-2024-cover-212x300.jpeg 212w, https:\/\/alice.ch\/app\/uploads\/2025\/01\/focus-weiterbildung-2024-cover-724x1024.jpeg 724w, https:\/\/alice.ch\/app\/uploads\/2025\/01\/focus-weiterbildung-2024-cover-768x1086.jpeg 768w, https:\/\/alice.ch\/app\/uploads\/2025\/01\/focus-weiterbildung-2024-cover-1086x1536.jpeg 1086w, https:\/\/alice.ch\/app\/uploads\/2025\/01\/focus-weiterbildung-2024-cover-1448x2048.jpeg 1448w\" sizes=\"(max-width: 1810px) 100vw, 1810px\" \/>\t\t<\/div>\n\n\t\t<div class=\"content\">\n\t\t\t<h3>FOCUS Weiterbildung: Einsatz von KI in Schweizer Weiterbildungsorganisationen<\/h3>\n\t\t\t<div class=\"description\"><p><span class=\"TextRun SCXW184432765 BCX8\" lang=\"DE-CH\" xml:lang=\"DE-CH\" data-contrast=\"auto\"><span class=\"NormalTextRun SCXW184432765 BCX8\">Das Schwerpunktthema d<\/span><span class=\"NormalTextRun SCXW184432765 BCX8\">ieser Ausgabe des<\/span><span class=\"NormalTextRun SCXW184432765 BCX8\"> FOCUS Weiterbildung ist der Einsatz von KI in <\/span><span class=\"NormalTextRun SCXW184432765 BCX8\">Schweizer<\/span><span class=\"NormalTextRun SCXW184432765 BCX8\"> Weiterbildungsorganisationen. <\/span><span class=\"NormalTextRun SCXW184432765 BCX8\">Sie zeigt auf<\/span><span class=\"NormalTextRun SCXW184432765 BCX8\">, wie intensiv die An<\/span><span class=\"NormalTextRun SCXW184432765 BCX8\">bieter KI<\/span> <span class=\"NormalTextRun SCXW184432765 BCX8\">bisher <\/span><span class=\"NormalTextRun SCXW184432765 BCX8\">einsetzen<\/span><span class=\"NormalTextRun SCXW184432765 BCX8\"> und welchen Nutzen sie sich <\/span><span class=\"NormalTextRun SCXW184432765 BCX8\">davon versprechen<\/span><span class=\"NormalTextRun SCXW184432765 BCX8\">. <\/span><span class=\"NormalTextRun SCXW184432765 BCX8\">Auch die Rolle des Weiterbildungspersonals <\/span><span class=\"NormalTextRun SCXW184432765 BCX8\">wird erl\u00e4utert. <\/span><span class=\"NormalTextRun SCXW184432765 BCX8\">Die<\/span><span class=\"NormalTextRun SCXW184432765 BCX8\"> Resultate basieren auf der <\/span><span class=\"NormalTextRun SCXW184432765 BCX8\">im Fr\u00fchling 2024 durchgef\u00fchrten <\/span><span class=\"NormalTextRun SCXW184432765 BCX8\">Anbieterumfrage.<\/span><\/span><span class=\"EOP SCXW184432765 BCX8\" data-ccp-props=\"{&quot;201341983&quot;:0,&quot;335551550&quot;:6,&quot;335551620&quot;:6,&quot;335559738&quot;:240,&quot;335559740&quot;:276}\">\u00a0<\/span><\/p>\n<\/div>\n\n\t\t\t<div class=\"meta\">\n\t\t\t\t<ul>\n\t\t\t\t\t\t\t\t\t\t\t<li><strong>Preis:<\/strong> kostenlos<\/li>\n\t\t\t\t\t\n\t\t\t\t\t\t\t\t\t\t\t<li><strong>Herausgeber:<\/strong> SVEB<\/li>\n\t\t\t\t\t\n\t\t\t\t\t\t\t\t\t\t\t<li><strong>Autor:<\/strong> Sofie Gollob<\/li>\n\t\t\t\t\t\n\t\t\t\t\t\t\t\t\t\t\t<li><strong>Vertrieb:<\/strong> SVEB, 39 Seiten<\/li>\n\t\t\t\t\t\n\t\t\t\t\t\n\t\t\t\t\t\n\t\t\t\t\t\t\t\t\t<\/ul>\n\n\t\t\t\t<ul class=\"actions\">\n\t\t\t\t\t\t\t\t\t\t\t<li><a class=\"button\" href=\"https:\/\/alice.ch\/de\/download-de\/?pub-id=65739\">Download<\/a><\/li>\n\t\t\t\t\t\n\t\t\t\t\t\t\t\t\t<\/ul>\n\t\t\t<\/div>\n\t\t<\/div>\n\n\n\t<\/div>\n\n\n\t\n\n\n<h2 class=\"wp-block-heading\">Veranstaltungen<\/h2>\n\n\n\n<div class=\"wp-block-query is-layout-flow wp-block-query-is-layout-flow\">\n\n<div class=\"wp-block-query-no-results\">\n\n<p><\/p>\n\n<\/div><\/div>\n\n\n\n<p><a id=\"_msocom_1\"><\/a><\/p>\n\n\n\n<h2 class=\"wp-block-heading\">Kontakt<\/h2>\n\n\n\n<div class=\"wp-block-columns is-layout-flex wp-container-core-columns-is-layout-28f84493 wp-block-columns-is-layout-flex\">\n<div class=\"wp-block-column is-layout-flow wp-block-column-is-layout-flow\" style=\"flex-basis:50%\"><div class=\"contact-persons\">\n\n\t\t\t\t\t<div class=\"contact-person\">\n\t\t\t\t\tIrena Sgier<br \/>\t\t\t\t\t Stv. Direktorin, Leiterin Forschung, Entwicklung und Innovation<br \/>\t\t\t\t\t<br \/>\n\t\t\t\t\t\t\t\t\t\t<a href=\"tel:+41 (0)44 319 71 59\">+41 (0)44 319 71 59<\/a><br \/>\t\t\t\t\t<a href=\"mailto:irena.sgier@alice.ch\">irena.sgier@alice.ch<\/a><br \/>\t\t\t\t\t<\/div>\n\t\t\t\t\t<\/div>\n<\/div>\n\n\n\n<div class=\"wp-block-column is-layout-flow wp-block-column-is-layout-flow\" style=\"flex-basis:50%\"><\/div>\n<\/div>\n<\/div>\n","protected":false},"excerpt":{"rendered":"<p>K\u00fcnstliche Intelligenz und Weiterbildung KI hat das Potenzial, das (Arbeits-)Leben, wie wir es kennen, grundlegend zu ver\u00e4ndern. Und so auch [&hellip;]<\/p>\n","protected":false},"author":27,"featured_media":20799,"parent":344,"menu_order":128,"comment_status":"closed","ping_status":"closed","template":"","meta":{"_acf_changed":false,"inline_featured_image":false,"footnotes":""},"class_list":["post-64234","page","type-page","status-publish","has-post-thumbnail","hentry"],"acf":[],"yoast_head":"<!-- This site is optimized with the Yoast SEO plugin v27.3 - https:\/\/yoast.com\/product\/yoast-seo-wordpress\/ -->\n<title>KI in der Weiterbildung - SVEB<\/title>\n<meta name=\"description\" content=\"Der SVEB unterst\u00fctzt kleine und mittlere Weiterbildungsanbieter mit einem Analyse-Tool bei ihrer digitalen Transformation.\" \/>\n<meta name=\"robots\" content=\"index, follow, max-snippet:-1, max-image-preview:large, max-video-preview:-1\" \/>\n<link rel=\"canonical\" href=\"https:\/\/alice.ch\/de\/themen\/digitalisierung-in-der-weiterbildung\/ki-in-der-weiterbildung\/\" \/>\n<link rel=\"next\" href=\"https:\/\/alice.ch\/de\/themen\/digitalisierung-in-der-weiterbildung\/ki-in-der-weiterbildung\/64234\/?query-0-page=2\" \/>\n<meta property=\"og:locale\" content=\"de_DE\" \/>\n<meta property=\"og:type\" content=\"article\" \/>\n<meta property=\"og:title\" content=\"KI in der Weiterbildung - SVEB\" \/>\n<meta property=\"og:description\" content=\"Der SVEB unterst\u00fctzt kleine und mittlere Weiterbildungsanbieter mit einem Analyse-Tool bei ihrer digitalen Transformation.\" \/>\n<meta property=\"og:url\" content=\"https:\/\/alice.ch\/de\/themen\/digitalisierung-in-der-weiterbildung\/ki-in-der-weiterbildung\/\" \/>\n<meta property=\"og:site_name\" content=\"SVEB\" \/>\n<meta property=\"article:modified_time\" content=\"2026-02-16T16:10:21+00:00\" \/>\n<meta name=\"twitter:card\" content=\"summary_large_image\" \/>\n<meta name=\"twitter:label1\" content=\"Gesch\u00e4tzte Lesezeit\" \/>\n\t<meta name=\"twitter:data1\" content=\"2\u00a0Minuten\" \/>\n<script type=\"application\/ld+json\" class=\"yoast-schema-graph\">{\"@context\":\"https:\\\/\\\/schema.org\",\"@graph\":[{\"@type\":\"WebPage\",\"@id\":\"https:\\\/\\\/alice.ch\\\/de\\\/themen\\\/digitalisierung-in-der-weiterbildung\\\/ki-in-der-weiterbildung\\\/\",\"url\":\"https:\\\/\\\/alice.ch\\\/de\\\/themen\\\/digitalisierung-in-der-weiterbildung\\\/ki-in-der-weiterbildung\\\/\",\"name\":\"KI in der Weiterbildung - SVEB\",\"isPartOf\":{\"@id\":\"https:\\\/\\\/alice.ch\\\/de\\\/#website\"},\"primaryImageOfPage\":{\"@id\":\"https:\\\/\\\/alice.ch\\\/de\\\/themen\\\/digitalisierung-in-der-weiterbildung\\\/ki-in-der-weiterbildung\\\/#primaryimage\"},\"image\":{\"@id\":\"https:\\\/\\\/alice.ch\\\/de\\\/themen\\\/digitalisierung-in-der-weiterbildung\\\/ki-in-der-weiterbildung\\\/#primaryimage\"},\"thumbnailUrl\":\"https:\\\/\\\/alice.ch\\\/app\\\/uploads\\\/2022\\\/11\\\/default.jpg\",\"datePublished\":\"2024-12-04T14:39:24+00:00\",\"dateModified\":\"2026-02-16T16:10:21+00:00\",\"description\":\"Der SVEB unterst\u00fctzt kleine und mittlere Weiterbildungsanbieter mit einem Analyse-Tool bei ihrer digitalen Transformation.\",\"breadcrumb\":{\"@id\":\"https:\\\/\\\/alice.ch\\\/de\\\/themen\\\/digitalisierung-in-der-weiterbildung\\\/ki-in-der-weiterbildung\\\/#breadcrumb\"},\"inLanguage\":\"de\",\"potentialAction\":[{\"@type\":\"ReadAction\",\"target\":[\"https:\\\/\\\/alice.ch\\\/de\\\/themen\\\/digitalisierung-in-der-weiterbildung\\\/ki-in-der-weiterbildung\\\/\"]}]},{\"@type\":\"ImageObject\",\"inLanguage\":\"de\",\"@id\":\"https:\\\/\\\/alice.ch\\\/de\\\/themen\\\/digitalisierung-in-der-weiterbildung\\\/ki-in-der-weiterbildung\\\/#primaryimage\",\"url\":\"https:\\\/\\\/alice.ch\\\/app\\\/uploads\\\/2022\\\/11\\\/default.jpg\",\"contentUrl\":\"https:\\\/\\\/alice.ch\\\/app\\\/uploads\\\/2022\\\/11\\\/default.jpg\",\"width\":1600,\"height\":900},{\"@type\":\"BreadcrumbList\",\"@id\":\"https:\\\/\\\/alice.ch\\\/de\\\/themen\\\/digitalisierung-in-der-weiterbildung\\\/ki-in-der-weiterbildung\\\/#breadcrumb\",\"itemListElement\":[{\"@type\":\"ListItem\",\"position\":1,\"name\":\"Startseite\",\"item\":\"https:\\\/\\\/alice.ch\\\/de\\\/\"},{\"@type\":\"ListItem\",\"position\":2,\"name\":\"Themen\",\"item\":\"https:\\\/\\\/alice.ch\\\/de\\\/themen\\\/\"},{\"@type\":\"ListItem\",\"position\":3,\"name\":\"Digitalisierung in der Weiterbildung\",\"item\":\"https:\\\/\\\/alice.ch\\\/de\\\/themen\\\/digitalisierung-in-der-weiterbildung\\\/\"},{\"@type\":\"ListItem\",\"position\":4,\"name\":\"KI in der Weiterbildung\"}]},{\"@type\":\"WebSite\",\"@id\":\"https:\\\/\\\/alice.ch\\\/de\\\/#website\",\"url\":\"https:\\\/\\\/alice.ch\\\/de\\\/\",\"name\":\"alice.ch (Adult Learning Information Center) ist das Portal der Weiterbildung in der Schweiz.\",\"description\":\"Schweizerischer Verband f\u00fcr Weiterbildung\",\"publisher\":{\"@id\":\"https:\\\/\\\/alice.ch\\\/de\\\/#organization\"},\"potentialAction\":[{\"@type\":\"SearchAction\",\"target\":{\"@type\":\"EntryPoint\",\"urlTemplate\":\"https:\\\/\\\/alice.ch\\\/de\\\/?s={search_term_string}\"},\"query-input\":{\"@type\":\"PropertyValueSpecification\",\"valueRequired\":true,\"valueName\":\"search_term_string\"}}],\"inLanguage\":\"de\"},{\"@type\":\"Organization\",\"@id\":\"https:\\\/\\\/alice.ch\\\/de\\\/#organization\",\"name\":\"SVEB Schweizerischer Verband f\u00fcr Weiterbildung\",\"url\":\"https:\\\/\\\/alice.ch\\\/de\\\/\",\"logo\":{\"@type\":\"ImageObject\",\"inLanguage\":\"de\",\"@id\":\"https:\\\/\\\/alice.ch\\\/de\\\/#\\\/schema\\\/logo\\\/image\\\/\",\"url\":\"https:\\\/\\\/alice.ch\\\/app\\\/uploads\\\/2022\\\/07\\\/logo-sveb.png\",\"contentUrl\":\"https:\\\/\\\/alice.ch\\\/app\\\/uploads\\\/2022\\\/07\\\/logo-sveb.png\",\"width\":145,\"height\":64,\"caption\":\"SVEB Schweizerischer Verband f\u00fcr Weiterbildung\"},\"image\":{\"@id\":\"https:\\\/\\\/alice.ch\\\/de\\\/#\\\/schema\\\/logo\\\/image\\\/\"},\"sameAs\":[\"https:\\\/\\\/www.linkedin.com\\\/company\\\/schweizerischer-verband-fr-weiterbildung-sveb\\\/\"]}]}<\/script>\n<!-- \/ Yoast SEO plugin. -->","yoast_head_json":{"title":"KI in der Weiterbildung - SVEB","description":"Der SVEB unterst\u00fctzt kleine und mittlere Weiterbildungsanbieter mit einem Analyse-Tool bei ihrer digitalen Transformation.","robots":{"index":"index","follow":"follow","max-snippet":"max-snippet:-1","max-image-preview":"max-image-preview:large","max-video-preview":"max-video-preview:-1"},"canonical":"https:\/\/alice.ch\/de\/themen\/digitalisierung-in-der-weiterbildung\/ki-in-der-weiterbildung\/","next":"https:\/\/alice.ch\/de\/themen\/digitalisierung-in-der-weiterbildung\/ki-in-der-weiterbildung\/64234?query-0-page=2","og_locale":"de_DE","og_type":"article","og_title":"KI in der Weiterbildung - SVEB","og_description":"Der SVEB unterst\u00fctzt kleine und mittlere Weiterbildungsanbieter mit einem Analyse-Tool bei ihrer digitalen Transformation.","og_url":"https:\/\/alice.ch\/de\/themen\/digitalisierung-in-der-weiterbildung\/ki-in-der-weiterbildung\/","og_site_name":"SVEB","article_modified_time":"2026-02-16T16:10:21+00:00","twitter_card":"summary_large_image","twitter_misc":{"Gesch\u00e4tzte Lesezeit":"2\u00a0Minuten"},"schema":{"@context":"https:\/\/schema.org","@graph":[{"@type":"WebPage","@id":"https:\/\/alice.ch\/de\/themen\/digitalisierung-in-der-weiterbildung\/ki-in-der-weiterbildung\/","url":"https:\/\/alice.ch\/de\/themen\/digitalisierung-in-der-weiterbildung\/ki-in-der-weiterbildung\/","name":"KI in der Weiterbildung - SVEB","isPartOf":{"@id":"https:\/\/alice.ch\/de\/#website"},"primaryImageOfPage":{"@id":"https:\/\/alice.ch\/de\/themen\/digitalisierung-in-der-weiterbildung\/ki-in-der-weiterbildung\/#primaryimage"},"image":{"@id":"https:\/\/alice.ch\/de\/themen\/digitalisierung-in-der-weiterbildung\/ki-in-der-weiterbildung\/#primaryimage"},"thumbnailUrl":"https:\/\/alice.ch\/app\/uploads\/2022\/11\/default.jpg","datePublished":"2024-12-04T14:39:24+00:00","dateModified":"2026-02-16T16:10:21+00:00","description":"Der SVEB unterst\u00fctzt kleine und mittlere Weiterbildungsanbieter mit einem Analyse-Tool bei ihrer digitalen Transformation.","breadcrumb":{"@id":"https:\/\/alice.ch\/de\/themen\/digitalisierung-in-der-weiterbildung\/ki-in-der-weiterbildung\/#breadcrumb"},"inLanguage":"de","potentialAction":[{"@type":"ReadAction","target":["https:\/\/alice.ch\/de\/themen\/digitalisierung-in-der-weiterbildung\/ki-in-der-weiterbildung\/"]}]},{"@type":"ImageObject","inLanguage":"de","@id":"https:\/\/alice.ch\/de\/themen\/digitalisierung-in-der-weiterbildung\/ki-in-der-weiterbildung\/#primaryimage","url":"https:\/\/alice.ch\/app\/uploads\/2022\/11\/default.jpg","contentUrl":"https:\/\/alice.ch\/app\/uploads\/2022\/11\/default.jpg","width":1600,"height":900},{"@type":"BreadcrumbList","@id":"https:\/\/alice.ch\/de\/themen\/digitalisierung-in-der-weiterbildung\/ki-in-der-weiterbildung\/#breadcrumb","itemListElement":[{"@type":"ListItem","position":1,"name":"Startseite","item":"https:\/\/alice.ch\/de\/"},{"@type":"ListItem","position":2,"name":"Themen","item":"https:\/\/alice.ch\/de\/themen\/"},{"@type":"ListItem","position":3,"name":"Digitalisierung in der Weiterbildung","item":"https:\/\/alice.ch\/de\/themen\/digitalisierung-in-der-weiterbildung\/"},{"@type":"ListItem","position":4,"name":"KI in der Weiterbildung"}]},{"@type":"WebSite","@id":"https:\/\/alice.ch\/de\/#website","url":"https:\/\/alice.ch\/de\/","name":"alice.ch (Adult Learning Information Center) ist das Portal der Weiterbildung in der Schweiz.","description":"Schweizerischer Verband f\u00fcr Weiterbildung","publisher":{"@id":"https:\/\/alice.ch\/de\/#organization"},"potentialAction":[{"@type":"SearchAction","target":{"@type":"EntryPoint","urlTemplate":"https:\/\/alice.ch\/de\/?s={search_term_string}"},"query-input":{"@type":"PropertyValueSpecification","valueRequired":true,"valueName":"search_term_string"}}],"inLanguage":"de"},{"@type":"Organization","@id":"https:\/\/alice.ch\/de\/#organization","name":"SVEB Schweizerischer Verband f\u00fcr Weiterbildung","url":"https:\/\/alice.ch\/de\/","logo":{"@type":"ImageObject","inLanguage":"de","@id":"https:\/\/alice.ch\/de\/#\/schema\/logo\/image\/","url":"https:\/\/alice.ch\/app\/uploads\/2022\/07\/logo-sveb.png","contentUrl":"https:\/\/alice.ch\/app\/uploads\/2022\/07\/logo-sveb.png","width":145,"height":64,"caption":"SVEB Schweizerischer Verband f\u00fcr Weiterbildung"},"image":{"@id":"https:\/\/alice.ch\/de\/#\/schema\/logo\/image\/"},"sameAs":["https:\/\/www.linkedin.com\/company\/schweizerischer-verband-fr-weiterbildung-sveb\/"]}]}},"_links":{"self":[{"href":"https:\/\/alice.ch\/de\/wp-json\/wp\/v2\/pages\/64234","targetHints":{"allow":["GET"]}}],"collection":[{"href":"https:\/\/alice.ch\/de\/wp-json\/wp\/v2\/pages"}],"about":[{"href":"https:\/\/alice.ch\/de\/wp-json\/wp\/v2\/types\/page"}],"author":[{"embeddable":true,"href":"https:\/\/alice.ch\/de\/wp-json\/wp\/v2\/users\/27"}],"replies":[{"embeddable":true,"href":"https:\/\/alice.ch\/de\/wp-json\/wp\/v2\/comments?post=64234"}],"version-history":[{"count":40,"href":"https:\/\/alice.ch\/de\/wp-json\/wp\/v2\/pages\/64234\/revisions"}],"predecessor-version":[{"id":73683,"href":"https:\/\/alice.ch\/de\/wp-json\/wp\/v2\/pages\/64234\/revisions\/73683"}],"up":[{"embeddable":true,"href":"https:\/\/alice.ch\/de\/wp-json\/wp\/v2\/pages\/344"}],"wp:featuredmedia":[{"embeddable":true,"href":"https:\/\/alice.ch\/de\/wp-json\/wp\/v2\/media\/20799"}],"wp:attachment":[{"href":"https:\/\/alice.ch\/de\/wp-json\/wp\/v2\/media?parent=64234"}],"curies":[{"name":"wp","href":"https:\/\/api.w.org\/{rel}","templated":true}]}}