{"id":65319,"date":"2025-01-13T11:55:03","date_gmt":"2025-01-13T10:55:03","guid":{"rendered":"https:\/\/alice.ch\/?page_id=65319"},"modified":"2026-01-28T10:51:32","modified_gmt":"2026-01-28T09:51:32","slug":"internationaler-austausch","status":"publish","type":"page","link":"https:\/\/alice.ch\/de\/themen\/weiterbildung-international\/internationaler-austausch\/","title":{"rendered":"Internationaler Austausch"},"content":{"rendered":"\n<div class=\"wp-block-group is-style-reduced-width is-layout-constrained wp-block-group-is-layout-constrained\">\n<h1 class=\"wp-block-heading\">Internationaler Austausch \u2013 eine Bereicherung f\u00fcr die Weiterbildung<\/h1>\n\n\n\n<p class=\"is-style-lead\">Personen und Organisationen, die in der Weiterbildung t\u00e4tig sind, k\u00f6nnen von einem internationalen Austausch profitieren: Kooperations- und Mobili\u00e4tsprojekte bieten ihnen Inspiration, neue Ans\u00e4tze und Vernetzungsm\u00f6glichkeiten.<\/p>\n\n\n\n<p class=\"is-style-default\">Der internationale Austausch sorgt f\u00fcr frische Ideen und Anregungen f\u00fcr die t\u00e4gliche Arbeit, bringen Abwechslung in den Arbeitsalltag und erweitern die beruflichen M\u00f6glichkeiten. Der SVEB arbeitet mit der nationalen Agentur zur F\u00f6rderung von internationalem Austausch und Mobilit\u00e4t im Bildungsbereich Movetia zusammen. Gemeinsam unterst\u00fctzen und f\u00f6rdern sie den internationalen Austausch in der Weiterbildung. <\/p>\n\n\n\n<div class=\"wp-block-group is-layout-flow wp-block-group-is-layout-flow\">\n<div class=\"wp-block-columns is-style-accordion is-layout-flex wp-container-core-columns-is-layout-28f84493 wp-block-columns-is-layout-flex\" id=\"faq-element-1\">\n<div class=\"wp-block-column is-layout-flow wp-block-column-is-layout-flow\">\n<h3 class=\"wp-block-heading\">Was bringt internationaler Austausch meiner Organisation oder mir pers\u00f6nlich?&nbsp;<\/h3>\n<\/div>\n\n\n\n<div class=\"wp-block-column is-layout-flow wp-block-column-is-layout-flow\">\n<p>Teilnehmende erhalten durch internationale Kooperations- und Mobilit\u00e4tsprojekte frische Ideen, entwickeln neue Ans\u00e4tze und holen sich Anregungen f\u00fcr ihre t\u00e4gliche Arbeit. Sie bringen Abwechslung in ihren Arbeitsalltag, lernen neue Menschen und Kulturen kennen und st\u00e4rken ihre (interkulturellen) Kompetenzen. Ausserdem k\u00f6nnen sie ihre beruflichen M\u00f6glichkeiten erweitern und internationale Beziehungen aufbauen oder intensivieren.&nbsp;&nbsp;<\/p>\n\n\n\n<p>F\u00fcr Institutionen schaffen Kooperations- und Mobilit\u00e4tsprojekte ein weltoffenes, lernfreundliches Arbeitsklima, f\u00f6rdern die Mehrsprachigkeit und die interkulturellen Kompetenzen der Mitarbeitenden und sie intensivieren das internationale Netzwerk. Das tr\u00e4gt zur Bildungsqualit\u00e4t bei, unterst\u00fctzt die Entwicklung innovativer Lehrangebote und Organisationsformen und positioniert die Organisation als innovative und attraktive Arbeitgeberin.&nbsp;<\/p>\n<\/div>\n<\/div>\n\n\n\n<div class=\"wp-block-columns is-style-accordion is-layout-flex wp-container-core-columns-is-layout-28f84493 wp-block-columns-is-layout-flex\" id=\"faq-element-1\">\n<div class=\"wp-block-column is-layout-flow wp-block-column-is-layout-flow\">\n<h3 class=\"wp-block-heading\">Welche Arten von internationalem Austausch werden unterst\u00fctzt?<\/h3>\n<\/div>\n\n\n\n<div class=\"wp-block-column is-layout-flow wp-block-column-is-layout-flow\">\n<p>Im Rahmen von Erasmus+ f\u00f6rdert Movetia einerseits internationale <strong>Kooperationsprojekte<\/strong>, in welchen Partnerinstitutionen aus verschiedenen L\u00e4ndern gemeinsam ein praxisnahes Produkt f\u00fcr den Weiterbildungsbereich erarbeiten.&nbsp;Andererseits unterst\u00fctzt die Agentur <strong>Mobilit\u00e4tsprojekte<\/strong>, bei denen Fachleute aus dem Ausland f\u00fcr einen Austausch in die Schweiz eingeladen und umgekehrt aus der Schweiz Aufenthalte im Ausland geplant werden.&nbsp;&nbsp;<\/p>\n\n\n\n<p>Maximal 60 Prozent der Personal- und Sachkosten der Schweizer Institution, die einen direkten Zusammenhang mit dem Projekt haben, werden von Movetia \u00fcbernommen. Mindestens 40 Prozent der Projektfinanzierung muss die Schweizer Institution selbst bereitstellen oder \u00fcber andere Quellen (z.B. Eigenmittel\/weitere Drittmittel) finanzieren.<\/p>\n\n\n\n<p>Hinweis: Movetia unterst\u00fctzt die Teilnahme von Personen mit besonderen Bed\u00fcrfnissen und Mobilit\u00e4t. Durch allf\u00e4llige Hindernisse anfallende Mehrkosten werden von Movetia gepr\u00fcft und gegebenenfalls erstattet.&nbsp;&nbsp;<\/p>\n<\/div>\n<\/div>\n\n\n\n<div class=\"wp-block-columns is-style-accordion is-layout-flex wp-container-core-columns-is-layout-28f84493 wp-block-columns-is-layout-flex\" id=\"faq-element-1\">\n<div class=\"wp-block-column is-layout-flow wp-block-column-is-layout-flow\">\n<h3 class=\"wp-block-heading\">Was genau sind internationale Kooperationsprojekte?&nbsp;<\/h3>\n<\/div>\n\n\n\n<div class=\"wp-block-column is-layout-flow wp-block-column-is-layout-flow\">\n<p>Bei den internationalen Kooperationsprojekten kann unterschieden werden zwischen Kooperationspartnerschaften Erasmus+ und Kooperationen mit Schweizer Leitung (ehemals Internationales Programm).&nbsp;<\/p>\n\n\n\n<p>Bei <strong>Kooperationspartnerschaften Erasmus+<\/strong> arbeiten Schweizer Institutionen aus dem Weiterbildungsbereich mit mindestens drei Institutionen aus dem Ausland an einem gemeinsamen Projekt. Die Projekte finden haupts\u00e4chlich in Europa statt und dauern in der Regel zwischen eins und drei Jahren. Ziel ist es, die internationale Zusammenarbeit und die institutionelle Vernetzung zu f\u00f6rdern, neues Wissen und neue Praktiken zu generieren und den Erfahrungsaustausch zu st\u00e4rken. Dar\u00fcber hinaus soll die Qualit\u00e4t und die Wettbewerbsf\u00e4higkeit des Schweizer Bildungssystems weiterentwickelt werden. Im Zentrum stehen die Entwicklung der Institutionen und deren Aktivit\u00e4ten und Angebote. Die Schweizer Bildungsinstitutionen nehmen an den Kooperationsprojekten als assoziierte Partner teil. Eine Schweizer Projektleitung ist damit ausgeschlossen.&nbsp;<\/p>\n\n\n\n<p>Bei <strong>Kooperationen mit Schweizer Leitung<\/strong> (ehemals Internationales Programm) arbeiten Schweizer Institutionen aus dem Weiterbildungsbereich mit mindestens einer Institution aus dem Ausland an einem gemeinsamen Projekt. Die Projekte k\u00f6nnen weltweit stattfinden und dauern in der Regel bis zu zwei Jahre. Ziel ist es, zu einem aktuellen Thema gemeinsam Bildungskonzepte, Programm oder Tools zu entwickeln, die der Bildung in der Schweiz einen Mehrwehrt bringen sollen. Eine Schweizer Bildungsinstitution koordiniert jeweils das Gesamtprojekt.&nbsp;<\/p>\n<\/div>\n<\/div>\n\n\n\n<div class=\"wp-block-columns is-style-accordion is-layout-flex wp-container-core-columns-is-layout-28f84493 wp-block-columns-is-layout-flex\" id=\"faq-element-1\">\n<div class=\"wp-block-column is-layout-flow wp-block-column-is-layout-flow\">\n<h3 class=\"wp-block-heading\">Wie laufen internationale Kooperationsprojekte ab?&nbsp;<\/h3>\n<\/div>\n\n\n\n<div class=\"wp-block-column is-layout-flow wp-block-column-is-layout-flow\">\n<p><strong>Projektkonzeption:<\/strong>&nbsp;<br>Hat sich eine Schweizer Bildungsinstitution dazu entschlossen an einem Kooperationsprojekt mitzuwirken, kann sie sich entweder einem bereits bestehenden Projektteam anschliessen oder gemeinsam mit geeigneten europ\u00e4ischen Partnerinstitutionen ein Projekt planen und eine (eigene) Projektidee in einer Kooperationspartnerschaft vertiefen. (Hinweis: Die Schweizer Teilnahme muss im europ\u00e4ischen Antrag beschrieben und begr\u00fcndet sein.) Von der Schweizer Institution wird zus\u00e4tzlich ein separater F\u00f6rderantrag verfasst und bei Movetia eingereicht. Wird ein Antrag auf europ\u00e4ischer Ebene angenommen, pr\u00fcft Movetia die Teilnahme der antragstellenden Institution.&nbsp;&nbsp;<\/p>\n\n\n\n<p><strong>Projektumsetzung:<\/strong>&nbsp;<br>Der Projektstart und die Projektdauer entsprechen den im europ\u00e4ischen Antrag festgelegten Daten. Alle geplanten Aktivit\u00e4ten finden w\u00e4hrend der Projektlaufzeit statt. Die Ergebnisse sollen durch die Schweizer Institution kontinuierlich verbreitet und m\u00f6glichst breit geteilt werden, beispielsweise durch die Teilnahme an Konferenzen, das Publizieren von Artikeln, das Teilen von Inhalten \u00fcber Kan\u00e4le wie Newsletter, Social Media oder Blogs oder durch Gespr\u00e4che mit dem eigenen Netzwerk. \u00c4nderungen am Projekt (z.B. Dauer, Projektpartnern, Budget) m\u00fcssen Movetia in einem speziellen Antrag mitgeteilt, erneut gepr\u00fcft und genehmigt werden.&nbsp;&nbsp;<\/p>\n\n\n\n<p>Projekttr\u00e4ger sind w\u00e4hrend der gesamten Projektlaufzeit dazu verpflichtet Movetia Bericht zu erstatten (z.B. in Form eines Zwischenberichts), Projektergebnisse inklusive Publikationen zuzustellen, eine angemessene Buchhaltung zu f\u00fchren und sich f\u00fcr angek\u00fcndigte Monitoringbesuche zur Verf\u00fcgung zu stellen.&nbsp;&nbsp;<\/p>\n\n\n\n<p><strong>Projektabschluss:<\/strong>&nbsp;<br>Nach Ablauf der Projektlaufzeit muss die Schweizer Institution innerhalb von 60 Tagen einen Schlussbericht verfassen und bei Movetia einreichen. Das fristgerechte Einreichen eines Schlussberichts ist Voraussetzung f\u00fcr die vollst\u00e4ndige Auszahlung des F\u00f6rderbetrags.&nbsp;<\/p>\n<\/div>\n<\/div>\n\n\n\n<div class=\"wp-block-columns is-style-accordion is-layout-flex wp-container-core-columns-is-layout-28f84493 wp-block-columns-is-layout-flex\" id=\"faq-element-1\">\n<div class=\"wp-block-column is-layout-flow wp-block-column-is-layout-flow\">\n<h3 class=\"wp-block-heading\">Was genau sind Mobilit\u00e4tsprojekte?&nbsp;<\/h3>\n<\/div>\n\n\n\n<div class=\"wp-block-column is-layout-flow wp-block-column-is-layout-flow\">\n<p>Mobilit\u00e4tsprojekte erm\u00f6glichen Auslandaufenthalte f\u00fcr in der Erwachsenenbildung t\u00e4tiges Personal, sowohl f\u00fcr Einzelpersonen als auch f\u00fcr Gruppen. M\u00f6glich sind einerseits Aufenthalte im Ausland \u2013 in Europa und der ganzen Welt \u2013 von in der Schweiz t\u00e4tigen Personen (Outgoing) oder andererseits auch das Einladen von Personal der Erwachsenenbildung aus dem Ausland in die Schweiz (Incoming). M\u00f6gliche Optionen sind beispielsweise die Teilnahme an einem Kurs, an Konferenzen, Seminaren oder Kongressen, Job Shadowing oder eine Gastdozentent\u00e4tigkeit. Das Ziel von Mobilit\u00e4tsprojekten ist der Austausch, die pers\u00f6nliche und berufliche Weiterentwicklung und F\u00f6rderung der fachlichen, didaktischen und pers\u00f6nlichen Kompetenzen. Es sind Aufenthalte zwischen 2 bis 60 aufeinanderfolgenden Tagen m\u00f6glich.&nbsp;<\/p>\n<\/div>\n<\/div>\n\n\n\n<div class=\"wp-block-columns is-style-accordion is-layout-flex wp-container-core-columns-is-layout-28f84493 wp-block-columns-is-layout-flex\" id=\"faq-element-1\">\n<div class=\"wp-block-column is-layout-flow wp-block-column-is-layout-flow\">\n<h3 class=\"wp-block-heading\">Wie laufen Mobilit\u00e4tsprojekte ab?&nbsp;<\/h3>\n<\/div>\n\n\n\n<div class=\"wp-block-column is-layout-flow wp-block-column-is-layout-flow\">\n<p>Mobilit\u00e4tsprojekte werden \u00fcber die eigene Institution geplant. Dazu muss ein Projekt-\/F\u00f6rderantrag verfasst werden, der Auskunft \u00fcber die geplanten Aktivit\u00e4ten gibt. Der Antrag muss fristgerecht eingereicht werden \u2013 die Fristen sind jeweils im M\u00e4rz und im Oktober. Der eingereichte Antrag wird sodann von Movetia gepr\u00fcft. Eine Antwort mit Informationen zur Evaluation und zum genehmigten F\u00f6rderbeitrag erfolgt in der Regel innerhalb von zwei Monaten. Nach Ablauf der Projektlaufzeit muss die Schweizer Institution innerhalb von 60 Tagen einen Schlussbericht verfassen und bei Movetia einreichen. Je nach Anzahl umgesetzter Mobilit\u00e4ten werden allf\u00e4llige Restbetr\u00e4ge ausgezahlt oder es wird eine R\u00fcckforderung gestellt.&nbsp;<\/p>\n\n\n\n<p>Hinweis: Es braucht nur einen Antrag f\u00fcr alle an der Weiterbildung beteiligten Personen. Im selben Antrag k\u00f6nnen auch Gelder f\u00fcr unterschiedliche Aktivit\u00e4ten im Ausland im Bereich Erwachsenenbildung beantragt werden.&nbsp;&nbsp;<\/p>\n<\/div>\n<\/div>\n<\/div>\n\n\n\n<p><\/p>\n\n\n\n<div class=\"wp-block-group has-primary-background-color has-background is-layout-constrained wp-block-group-is-layout-constrained\">\n<p class=\"is-style-lead\">Der SVEB ist gerne behilflich dabei, Antr\u00e4ge einzureichen oder Projektpartner zusammenzuf\u00fchren.<\/p>\n\n\n\n<div class=\"wp-block-buttons is-layout-flex wp-block-buttons-is-layout-flex\">\n<div class=\"wp-block-button\"><a class=\"wp-block-button__link wp-element-button\" href=\"mailto:lynette.weber@alice.ch\">Kontakt aufnehmen<\/a><\/div>\n<\/div>\n<\/div>\n\n\n\n<h2 class=\"wp-block-heading\">News zu Mobilit\u00e4ts- und Kooperationsprojekten des SVEB<\/h2>\n\n\n\n<div class=\"wp-block-query is-style-mobile-slider is-layout-flow wp-block-query-is-layout-flow\"><ul class=\"columns-3 wp-block-post-template is-layout-grid wp-container-core-post-template-is-layout-6d3fbd8f wp-block-post-template-is-layout-grid\"><li class=\"wp-block-post post-73518 news type-news status-publish has-post-thumbnail hentry news-category-international global-category-ageing-well global-category-eu-projekte\">\n<figure class=\"wp-block-post-featured-image\"><a href=\"https:\/\/alice.ch\/de\/news\/ageing-well-hilfsmittel-fuer-ein-aktives-und-vernetztes-leben-nach-65\/\" target=\"_self\"  ><img decoding=\"async\" width=\"1200\" height=\"627\" src=\"https:\/\/alice.ch\/app\/uploads\/2026\/02\/getty-images-h45rIo34eyQ-unsplash1.jpg\" class=\"attachment-post-thumbnail size-post-thumbnail wp-post-image\" alt=\"Ageing Well \u2013 Hilfsmittel f\u00fcr ein aktives und vernetztes Leben nach 65\" style=\"object-fit:cover;\" srcset=\"https:\/\/alice.ch\/app\/uploads\/2026\/02\/getty-images-h45rIo34eyQ-unsplash1.jpg 1200w, https:\/\/alice.ch\/app\/uploads\/2026\/02\/getty-images-h45rIo34eyQ-unsplash1-300x157.jpg 300w, https:\/\/alice.ch\/app\/uploads\/2026\/02\/getty-images-h45rIo34eyQ-unsplash1-1024x535.jpg 1024w, https:\/\/alice.ch\/app\/uploads\/2026\/02\/getty-images-h45rIo34eyQ-unsplash1-768x401.jpg 768w\" sizes=\"(max-width: 1200px) 100vw, 1200px\" \/><\/a><\/figure>\n\n\n<div class=\"wp-block-news-category\">International<\/div>\n\n\n<div class=\"wp-block-post-date\"><time datetime=\"2026-02-12T15:04:25+01:00\">12. Februar 2026<\/time><\/div>\n\n<h3 class=\"wp-block-post-title\"><a href=\"https:\/\/alice.ch\/de\/news\/ageing-well-hilfsmittel-fuer-ein-aktives-und-vernetztes-leben-nach-65\/\" target=\"_self\" >Ageing Well \u2013 Hilfsmittel f\u00fcr ein aktives und vernetztes Leben nach 65<\/a><\/h3>\n\n<a class=\"wp-block-query-loop-link is-style-minimal\" href=\"https:\/\/alice.ch\/de\/news\/ageing-well-hilfsmittel-fuer-ein-aktives-und-vernetztes-leben-nach-65\/\">Artikel lesen<\/a>\n\n<\/li><li class=\"wp-block-post post-71724 news type-news status-publish has-post-thumbnail hentry news-category-digitalisierung global-category-digitalli global-category-eu-projekte\">\n<figure class=\"wp-block-post-featured-image\"><a href=\"https:\/\/alice.ch\/de\/news\/digitalli-macht-weiterbildungsanbieter-fit-fuer-das-digitale-zeitalter\/\" target=\"_self\"  ><img decoding=\"async\" width=\"1200\" height=\"627\" src=\"https:\/\/alice.ch\/app\/uploads\/2025\/11\/getty-images-iykzgzLr6sA-unsplash1.jpg\" class=\"attachment-post-thumbnail size-post-thumbnail wp-post-image\" alt=\"DIGITALLI macht Weiterbildungsanbieter fit f\u00fcr das digitale Zeitalter\" style=\"object-fit:cover;\" srcset=\"https:\/\/alice.ch\/app\/uploads\/2025\/11\/getty-images-iykzgzLr6sA-unsplash1.jpg 1200w, https:\/\/alice.ch\/app\/uploads\/2025\/11\/getty-images-iykzgzLr6sA-unsplash1-300x157.jpg 300w, https:\/\/alice.ch\/app\/uploads\/2025\/11\/getty-images-iykzgzLr6sA-unsplash1-1024x535.jpg 1024w, https:\/\/alice.ch\/app\/uploads\/2025\/11\/getty-images-iykzgzLr6sA-unsplash1-768x401.jpg 768w\" sizes=\"(max-width: 1200px) 100vw, 1200px\" \/><\/a><\/figure>\n\n\n<div class=\"wp-block-news-category\">Digitalisierung<\/div>\n\n\n<div class=\"wp-block-post-date\"><time datetime=\"2025-11-13T10:07:30+01:00\">13. November 2025<\/time><\/div>\n\n<h3 class=\"wp-block-post-title\"><a href=\"https:\/\/alice.ch\/de\/news\/digitalli-macht-weiterbildungsanbieter-fit-fuer-das-digitale-zeitalter\/\" target=\"_self\" >DIGITALLI macht Weiterbildungsanbieter fit f\u00fcr das digitale Zeitalter<\/a><\/h3>\n\n<a class=\"wp-block-query-loop-link is-style-minimal\" href=\"https:\/\/alice.ch\/de\/news\/digitalli-macht-weiterbildungsanbieter-fit-fuer-das-digitale-zeitalter\/\">Artikel lesen<\/a>\n\n<\/li><li class=\"wp-block-post post-70435 news type-news status-publish has-post-thumbnail hentry news-category-nachhaltigkeit global-category-ale4tt global-category-eu-projekte\">\n<figure class=\"wp-block-post-featured-image\"><a href=\"https:\/\/alice.ch\/de\/news\/fuer-eine-starke-stimme-der-erwachsenenbildung-in-der-twin-transition\/\" target=\"_self\"  ><img decoding=\"async\" width=\"1200\" height=\"627\" src=\"https:\/\/alice.ch\/app\/uploads\/2024\/12\/getty-images-D4OsWHzq1ok-unsplash1.jpg\" class=\"attachment-post-thumbnail size-post-thumbnail wp-post-image\" alt=\"F\u00fcr eine starke Stimme der Erwachsenenbildung in der Twin Transition\u00a0\" style=\"object-fit:cover;\" srcset=\"https:\/\/alice.ch\/app\/uploads\/2024\/12\/getty-images-D4OsWHzq1ok-unsplash1.jpg 1200w, https:\/\/alice.ch\/app\/uploads\/2024\/12\/getty-images-D4OsWHzq1ok-unsplash1-300x157.jpg 300w, https:\/\/alice.ch\/app\/uploads\/2024\/12\/getty-images-D4OsWHzq1ok-unsplash1-1024x535.jpg 1024w, https:\/\/alice.ch\/app\/uploads\/2024\/12\/getty-images-D4OsWHzq1ok-unsplash1-768x401.jpg 768w\" sizes=\"(max-width: 1200px) 100vw, 1200px\" \/><\/a><\/figure>\n\n\n<div class=\"wp-block-news-category\">Nachhaltigkeit<\/div>\n\n\n<div class=\"wp-block-post-date\"><time datetime=\"2025-09-20T14:18:28+02:00\">20. September 2025<\/time><\/div>\n\n<h3 class=\"wp-block-post-title\"><a href=\"https:\/\/alice.ch\/de\/news\/fuer-eine-starke-stimme-der-erwachsenenbildung-in-der-twin-transition\/\" target=\"_self\" >F\u00fcr eine starke Stimme der Erwachsenenbildung in der Twin Transition\u00a0<\/a><\/h3>\n\n<a class=\"wp-block-query-loop-link is-style-minimal\" href=\"https:\/\/alice.ch\/de\/news\/fuer-eine-starke-stimme-der-erwachsenenbildung-in-der-twin-transition\/\">Artikel lesen<\/a>\n\n<\/li><\/ul>\n\n\n\n<nav class=\"wp-block-query-pagination is-layout-flex wp-block-query-pagination-is-layout-flex\" aria-label=\"Seitennummerierung\">\n\n\n<div class=\"wp-block-query-pagination-numbers\"><span aria-current=\"page\" class=\"page-numbers current\">1<\/span>\n<a class=\"page-numbers\" href=\"?query-0-page=2\">2<\/a>\n<a class=\"page-numbers\" href=\"?query-0-page=3\">3<\/a>\n<span class=\"page-numbers dots\">&hellip;<\/span>\n<a class=\"page-numbers\" href=\"?query-0-page=5\">5<\/a><\/div>\n\n<a href=\"\/de\/wp-json\/wp\/v2\/pages\/65319?query-0-page=2\" class=\"wp-block-query-pagination-next\">N\u00e4chste Seite<\/a>\n<\/nav><\/div>\n\n\n\n<h2 class=\"wp-block-heading\">Vergangene Veranstaltungen<\/h2>\n\n\n\n<div class=\"wp-block-query is-style-default is-layout-flow wp-block-query-is-layout-flow\"><ul class=\"wp-block-post-template is-layout-flow wp-block-post-template-is-layout-flow\"><li class=\"wp-block-post post-70635 event type-event status-publish has-post-thumbnail hentry event-category-sveb-kooperation-events event-tag-365 event-status-archiv event-language-deutsch global-category-international global-category-movetia\">\n\n<div class=\"wp-block-columns is-layout-flex wp-container-core-columns-is-layout-28f84493 wp-block-columns-is-layout-flex\">\n<div class=\"wp-block-column is-layout-flow wp-block-column-is-layout-flow\" style=\"flex-basis:200px\"><figure class=\"wp-block-post-featured-image\"><a href=\"https:\/\/alice.ch\/de\/event\/informationsanlass-mobilitaet-in-der-weiterbildung\/\" target=\"_self\"  ><img decoding=\"async\" width=\"1542\" height=\"771\" src=\"https:\/\/alice.ch\/app\/uploads\/2025\/09\/movetia-mobilitaet.jpg\" class=\"attachment-post-thumbnail size-post-thumbnail wp-post-image\" alt=\"Informationsanlass: Mobilit\u00e4t in der Weiterbildung\" style=\"object-fit:cover;\" srcset=\"https:\/\/alice.ch\/app\/uploads\/2025\/09\/movetia-mobilitaet.jpg 1542w, https:\/\/alice.ch\/app\/uploads\/2025\/09\/movetia-mobilitaet-300x150.jpg 300w, https:\/\/alice.ch\/app\/uploads\/2025\/09\/movetia-mobilitaet-1024x512.jpg 1024w, https:\/\/alice.ch\/app\/uploads\/2025\/09\/movetia-mobilitaet-768x384.jpg 768w, https:\/\/alice.ch\/app\/uploads\/2025\/09\/movetia-mobilitaet-1536x768.jpg 1536w\" sizes=\"(max-width: 1542px) 100vw, 1542px\" \/><\/a><\/figure><\/div>\n\n\n\n<div class=\"wp-block-column is-layout-flow wp-block-column-is-layout-flow\" style=\"flex-basis:66.66%\"><h3 class=\"wp-block-post-title\"><a href=\"https:\/\/alice.ch\/de\/event\/informationsanlass-mobilitaet-in-der-weiterbildung\/\" target=\"_self\" >Informationsanlass: Mobilit\u00e4t in der Weiterbildung<\/a><\/h3>\n\n<div class=\"wp-block-post-excerpt\"><p class=\"wp-block-post-excerpt__excerpt\">Entdecken, austauschen, weiterentwickeln: Lernen im Ausland Nutzen Sie die Chance in anderen L\u00e4ndern, neue Impulse zu sammeln, sich fachlich weiterzubilden<\/p><p class=\"wp-block-post-excerpt__more-text\"><a class=\"wp-block-post-excerpt__more-link\" href=\"https:\/\/alice.ch\/de\/event\/informationsanlass-mobilitaet-in-der-weiterbildung\/\">Weiterlesen<\/a><\/p><\/div>\n\n<p><\/p>\n\n<div class=\"event-item-meta\">\n\t<span class=\"date\">09\/12\/2025<\/span>\n\t<span class=\"time\">13:00\u201314:00<\/span>\n\t<span class=\"place\">Online<\/span>\n\t<span class=\"language\">D<\/span>\n\n\t<a class=\"event-link\" href=\"https:\/\/alice.ch\/de\/event\/informationsanlass-mobilitaet-in-der-weiterbildung\/\" target=\"\">Event-Details<\/a>\n<\/div>\n<\/div>\n<\/div>\n\n\n\n<hr class=\"wp-block-separator has-alpha-channel-opacity is-style-wide\"\/>\n\n<\/li><li class=\"wp-block-post post-63536 event type-event status-publish has-post-thumbnail hentry event-category-sveb-kooperation-events event-status-archiv event-language-deutsch global-category-movetia\">\n\n<div class=\"wp-block-columns is-layout-flex wp-container-core-columns-is-layout-28f84493 wp-block-columns-is-layout-flex\">\n<div class=\"wp-block-column is-layout-flow wp-block-column-is-layout-flow\" style=\"flex-basis:200px\"><figure class=\"wp-block-post-featured-image\"><a href=\"https:\/\/alice.ch\/de\/event\/informationsanlass-europaeischer-austausch-und-zusammenarbeit-im-weiterbildungsbereich\/\" target=\"_self\"  ><img decoding=\"async\" width=\"493\" height=\"247\" src=\"https:\/\/alice.ch\/app\/uploads\/2024\/10\/movetia-event.jpg\" class=\"attachment-post-thumbnail size-post-thumbnail wp-post-image\" alt=\"Informationsanlass: Europ\u00e4ischer Austausch und Zusammenarbeit im Weiterbildungsbereich\u00a0\" style=\"object-fit:cover;\" srcset=\"https:\/\/alice.ch\/app\/uploads\/2024\/10\/movetia-event.jpg 493w, https:\/\/alice.ch\/app\/uploads\/2024\/10\/movetia-event-300x150.jpg 300w\" sizes=\"(max-width: 493px) 100vw, 493px\" \/><\/a><\/figure><\/div>\n\n\n\n<div class=\"wp-block-column is-layout-flow wp-block-column-is-layout-flow\" style=\"flex-basis:66.66%\"><h3 class=\"wp-block-post-title\"><a href=\"https:\/\/alice.ch\/de\/event\/informationsanlass-europaeischer-austausch-und-zusammenarbeit-im-weiterbildungsbereich\/\" target=\"_self\" >Informationsanlass: Europ\u00e4ischer Austausch und Zusammenarbeit im Weiterbildungsbereich\u00a0<\/a><\/h3>\n\n<div class=\"wp-block-post-excerpt\"><p class=\"wp-block-post-excerpt__excerpt\">Was genau sind Kooperations- und Mobilit\u00e4tsprojekte? Wie funktionieren sie? Und was bringen sie meiner Organisation oder mir pers\u00f6nlich?&nbsp; In Zusammenarbeit<\/p><p class=\"wp-block-post-excerpt__more-text\"><a class=\"wp-block-post-excerpt__more-link\" href=\"https:\/\/alice.ch\/de\/event\/informationsanlass-europaeischer-austausch-und-zusammenarbeit-im-weiterbildungsbereich\/\">Weiterlesen<\/a><\/p><\/div>\n\n<p><\/p>\n\n<div class=\"event-item-meta\">\n\t<span class=\"date\">23\/01\/2025<\/span>\n\t<span class=\"time\">13:00\u201314:00<\/span>\n\t<span class=\"place\">Online<\/span>\n\t<span class=\"language\">D<\/span>\n\n\t<a class=\"event-link\" href=\"https:\/\/alice.ch\/de\/event\/informationsanlass-europaeischer-austausch-und-zusammenarbeit-im-weiterbildungsbereich\/\" target=\"\">Event-Details<\/a>\n<\/div>\n<\/div>\n<\/div>\n\n\n\n<hr class=\"wp-block-separator has-alpha-channel-opacity is-style-wide\"\/>\n\n<\/li><\/ul>\n\n\n\n<\/div>\n\n\n\n<h2 class=\"wp-block-heading\">Weitere Informationen<\/h2>\n\n\n\n<div class=\"wp-block-buttons is-layout-flex wp-block-buttons-is-layout-flex\">\n<div class=\"wp-block-button has-custom-width wp-block-button__width-100 is-style-minimal\"><a class=\"wp-block-button__link wp-element-button\" href=\"https:\/\/movetia.ch\/de\/foerderangebote?category=link&amp;filter%5B%5D=1885\" target=\"_blank\" rel=\"noreferrer noopener\">F\u00f6rderangebote Movetia (Website von Movetia)<\/a><\/div>\n<\/div>\n\n\n\n<figure class=\"wp-block-image size-full is-style-no-border\"><a href=\"https:\/\/movetia.ch\/de\/\" target=\"_blank\" rel=\" noreferrer noopener\"><img decoding=\"async\" width=\"600\" height=\"88\" src=\"https:\/\/alice.ch\/app\/uploads\/2022\/12\/logo-movetia.png\" alt=\"\" class=\"wp-image-39573\" srcset=\"https:\/\/alice.ch\/app\/uploads\/2022\/12\/logo-movetia.png 600w, https:\/\/alice.ch\/app\/uploads\/2022\/12\/logo-movetia-300x44.png 300w\" sizes=\"(max-width: 600px) 100vw, 600px\" \/><\/a><\/figure>\n\n\n\n<h2 class=\"wp-block-heading\">Kontakt<\/h2>\n\n\n\n<div class=\"wp-block-columns is-layout-flex wp-container-core-columns-is-layout-28f84493 wp-block-columns-is-layout-flex\">\n<div class=\"wp-block-column is-layout-flow wp-block-column-is-layout-flow\" style=\"flex-basis:50%\"><div class=\"contact-persons\">\n\n\t\t\t\t\t<div class=\"contact-person\">\n\t\t\t\t\tLynette Weber<br \/>\t\t\t\t\tProjektleiterin Forschung und Entwicklung<br \/>\t\t\t\t\t<br \/>\n\t\t\t\t\t\t\t\t\t\t<a href=\"tel:+41 44 319 71 69\">+41 44 319 71 69<\/a><br \/>\t\t\t\t\t<a href=\"mailto:lynette.weber@alice.ch\">lynette.weber@alice.ch<\/a><br \/>\t\t\t\t\t<\/div>\n\t\t\t\t\t<\/div>\n<\/div>\n\n\n\n<div class=\"wp-block-column is-layout-flow wp-block-column-is-layout-flow\" style=\"flex-basis:50%\"><\/div>\n<\/div>\n<\/div>\n","protected":false},"excerpt":{"rendered":"<p>Internationaler Austausch \u2013 eine Bereicherung f\u00fcr die Weiterbildung Personen und Organisationen, die in der Weiterbildung t\u00e4tig sind, k\u00f6nnen von einem [&hellip;]<\/p>\n","protected":false},"author":27,"featured_media":20799,"parent":348,"menu_order":289,"comment_status":"closed","ping_status":"closed","template":"","meta":{"_acf_changed":false,"inline_featured_image":false,"footnotes":""},"class_list":["post-65319","page","type-page","status-publish","has-post-thumbnail","hentry"],"acf":[],"yoast_head":"<!-- This site is optimized with the Yoast SEO plugin v27.3 - https:\/\/yoast.com\/product\/yoast-seo-wordpress\/ -->\n<title>Internationaler Austausch - SVEB<\/title>\n<meta name=\"description\" content=\"Internationaler Austausch mit Kooperations- und Mobilit\u00e4tsprojekten von Movetia st\u00e4rkt die Weiterbildung. Der SVEB unterst\u00fctzt.\" \/>\n<meta name=\"robots\" content=\"index, follow, max-snippet:-1, max-image-preview:large, max-video-preview:-1\" \/>\n<link rel=\"canonical\" href=\"https:\/\/alice.ch\/de\/themen\/weiterbildung-international\/internationaler-austausch\/\" \/>\n<meta property=\"og:locale\" content=\"de_DE\" \/>\n<meta property=\"og:type\" content=\"article\" \/>\n<meta property=\"og:title\" content=\"Internationaler Austausch - SVEB\" \/>\n<meta property=\"og:description\" content=\"Internationaler Austausch mit Kooperations- und Mobilit\u00e4tsprojekten von Movetia st\u00e4rkt die Weiterbildung. Der SVEB unterst\u00fctzt.\" \/>\n<meta property=\"og:url\" content=\"https:\/\/alice.ch\/de\/themen\/weiterbildung-international\/internationaler-austausch\/\" \/>\n<meta property=\"og:site_name\" content=\"SVEB\" \/>\n<meta property=\"article:modified_time\" content=\"2026-01-28T09:51:32+00:00\" \/>\n<meta property=\"og:image\" content=\"https:\/\/alice.ch\/app\/uploads\/2022\/12\/logo-movetia.png\" \/>\n<meta name=\"twitter:card\" content=\"summary_large_image\" \/>\n<meta name=\"twitter:label1\" content=\"Gesch\u00e4tzte Lesezeit\" \/>\n\t<meta name=\"twitter:data1\" content=\"5\u00a0Minuten\" \/>\n<script type=\"application\/ld+json\" class=\"yoast-schema-graph\">{\"@context\":\"https:\\\/\\\/schema.org\",\"@graph\":[{\"@type\":\"WebPage\",\"@id\":\"https:\\\/\\\/alice.ch\\\/de\\\/themen\\\/weiterbildung-international\\\/internationaler-austausch\\\/\",\"url\":\"https:\\\/\\\/alice.ch\\\/de\\\/themen\\\/weiterbildung-international\\\/internationaler-austausch\\\/\",\"name\":\"Internationaler Austausch - SVEB\",\"isPartOf\":{\"@id\":\"https:\\\/\\\/alice.ch\\\/de\\\/#website\"},\"primaryImageOfPage\":{\"@id\":\"https:\\\/\\\/alice.ch\\\/de\\\/themen\\\/weiterbildung-international\\\/internationaler-austausch\\\/#primaryimage\"},\"image\":{\"@id\":\"https:\\\/\\\/alice.ch\\\/de\\\/themen\\\/weiterbildung-international\\\/internationaler-austausch\\\/#primaryimage\"},\"thumbnailUrl\":\"https:\\\/\\\/alice.ch\\\/app\\\/uploads\\\/2022\\\/11\\\/default.jpg\",\"datePublished\":\"2025-01-13T10:55:03+00:00\",\"dateModified\":\"2026-01-28T09:51:32+00:00\",\"description\":\"Internationaler Austausch mit Kooperations- und Mobilit\u00e4tsprojekten von Movetia st\u00e4rkt die Weiterbildung. Der SVEB unterst\u00fctzt.\",\"breadcrumb\":{\"@id\":\"https:\\\/\\\/alice.ch\\\/de\\\/themen\\\/weiterbildung-international\\\/internationaler-austausch\\\/#breadcrumb\"},\"inLanguage\":\"de\",\"potentialAction\":[{\"@type\":\"ReadAction\",\"target\":[\"https:\\\/\\\/alice.ch\\\/de\\\/themen\\\/weiterbildung-international\\\/internationaler-austausch\\\/\"]}]},{\"@type\":\"ImageObject\",\"inLanguage\":\"de\",\"@id\":\"https:\\\/\\\/alice.ch\\\/de\\\/themen\\\/weiterbildung-international\\\/internationaler-austausch\\\/#primaryimage\",\"url\":\"https:\\\/\\\/alice.ch\\\/app\\\/uploads\\\/2022\\\/11\\\/default.jpg\",\"contentUrl\":\"https:\\\/\\\/alice.ch\\\/app\\\/uploads\\\/2022\\\/11\\\/default.jpg\",\"width\":1600,\"height\":900},{\"@type\":\"BreadcrumbList\",\"@id\":\"https:\\\/\\\/alice.ch\\\/de\\\/themen\\\/weiterbildung-international\\\/internationaler-austausch\\\/#breadcrumb\",\"itemListElement\":[{\"@type\":\"ListItem\",\"position\":1,\"name\":\"Startseite\",\"item\":\"https:\\\/\\\/alice.ch\\\/de\\\/\"},{\"@type\":\"ListItem\",\"position\":2,\"name\":\"Themen\",\"item\":\"https:\\\/\\\/alice.ch\\\/de\\\/themen\\\/\"},{\"@type\":\"ListItem\",\"position\":3,\"name\":\"Weiterbildung international\",\"item\":\"https:\\\/\\\/alice.ch\\\/de\\\/themen\\\/weiterbildung-international\\\/\"},{\"@type\":\"ListItem\",\"position\":4,\"name\":\"Internationaler Austausch\"}]},{\"@type\":\"WebSite\",\"@id\":\"https:\\\/\\\/alice.ch\\\/de\\\/#website\",\"url\":\"https:\\\/\\\/alice.ch\\\/de\\\/\",\"name\":\"alice.ch (Adult Learning Information Center) ist das Portal der Weiterbildung in der Schweiz.\",\"description\":\"Schweizerischer Verband f\u00fcr Weiterbildung\",\"publisher\":{\"@id\":\"https:\\\/\\\/alice.ch\\\/de\\\/#organization\"},\"potentialAction\":[{\"@type\":\"SearchAction\",\"target\":{\"@type\":\"EntryPoint\",\"urlTemplate\":\"https:\\\/\\\/alice.ch\\\/de\\\/?s={search_term_string}\"},\"query-input\":{\"@type\":\"PropertyValueSpecification\",\"valueRequired\":true,\"valueName\":\"search_term_string\"}}],\"inLanguage\":\"de\"},{\"@type\":\"Organization\",\"@id\":\"https:\\\/\\\/alice.ch\\\/de\\\/#organization\",\"name\":\"SVEB Schweizerischer Verband f\u00fcr Weiterbildung\",\"url\":\"https:\\\/\\\/alice.ch\\\/de\\\/\",\"logo\":{\"@type\":\"ImageObject\",\"inLanguage\":\"de\",\"@id\":\"https:\\\/\\\/alice.ch\\\/de\\\/#\\\/schema\\\/logo\\\/image\\\/\",\"url\":\"https:\\\/\\\/alice.ch\\\/app\\\/uploads\\\/2022\\\/07\\\/logo-sveb.png\",\"contentUrl\":\"https:\\\/\\\/alice.ch\\\/app\\\/uploads\\\/2022\\\/07\\\/logo-sveb.png\",\"width\":145,\"height\":64,\"caption\":\"SVEB Schweizerischer Verband f\u00fcr Weiterbildung\"},\"image\":{\"@id\":\"https:\\\/\\\/alice.ch\\\/de\\\/#\\\/schema\\\/logo\\\/image\\\/\"},\"sameAs\":[\"https:\\\/\\\/www.linkedin.com\\\/company\\\/schweizerischer-verband-fr-weiterbildung-sveb\\\/\"]}]}<\/script>\n<!-- \/ Yoast SEO plugin. -->","yoast_head_json":{"title":"Internationaler Austausch - SVEB","description":"Internationaler Austausch mit Kooperations- und Mobilit\u00e4tsprojekten von Movetia st\u00e4rkt die Weiterbildung. Der SVEB unterst\u00fctzt.","robots":{"index":"index","follow":"follow","max-snippet":"max-snippet:-1","max-image-preview":"max-image-preview:large","max-video-preview":"max-video-preview:-1"},"canonical":"https:\/\/alice.ch\/de\/themen\/weiterbildung-international\/internationaler-austausch\/","og_locale":"de_DE","og_type":"article","og_title":"Internationaler Austausch - SVEB","og_description":"Internationaler Austausch mit Kooperations- und Mobilit\u00e4tsprojekten von Movetia st\u00e4rkt die Weiterbildung. Der SVEB unterst\u00fctzt.","og_url":"https:\/\/alice.ch\/de\/themen\/weiterbildung-international\/internationaler-austausch\/","og_site_name":"SVEB","article_modified_time":"2026-01-28T09:51:32+00:00","og_image":[{"url":"https:\/\/alice.ch\/app\/uploads\/2022\/12\/logo-movetia.png","type":"","width":"","height":""}],"twitter_card":"summary_large_image","twitter_misc":{"Gesch\u00e4tzte Lesezeit":"5\u00a0Minuten"},"schema":{"@context":"https:\/\/schema.org","@graph":[{"@type":"WebPage","@id":"https:\/\/alice.ch\/de\/themen\/weiterbildung-international\/internationaler-austausch\/","url":"https:\/\/alice.ch\/de\/themen\/weiterbildung-international\/internationaler-austausch\/","name":"Internationaler Austausch - SVEB","isPartOf":{"@id":"https:\/\/alice.ch\/de\/#website"},"primaryImageOfPage":{"@id":"https:\/\/alice.ch\/de\/themen\/weiterbildung-international\/internationaler-austausch\/#primaryimage"},"image":{"@id":"https:\/\/alice.ch\/de\/themen\/weiterbildung-international\/internationaler-austausch\/#primaryimage"},"thumbnailUrl":"https:\/\/alice.ch\/app\/uploads\/2022\/11\/default.jpg","datePublished":"2025-01-13T10:55:03+00:00","dateModified":"2026-01-28T09:51:32+00:00","description":"Internationaler Austausch mit Kooperations- und Mobilit\u00e4tsprojekten von Movetia st\u00e4rkt die Weiterbildung. Der SVEB unterst\u00fctzt.","breadcrumb":{"@id":"https:\/\/alice.ch\/de\/themen\/weiterbildung-international\/internationaler-austausch\/#breadcrumb"},"inLanguage":"de","potentialAction":[{"@type":"ReadAction","target":["https:\/\/alice.ch\/de\/themen\/weiterbildung-international\/internationaler-austausch\/"]}]},{"@type":"ImageObject","inLanguage":"de","@id":"https:\/\/alice.ch\/de\/themen\/weiterbildung-international\/internationaler-austausch\/#primaryimage","url":"https:\/\/alice.ch\/app\/uploads\/2022\/11\/default.jpg","contentUrl":"https:\/\/alice.ch\/app\/uploads\/2022\/11\/default.jpg","width":1600,"height":900},{"@type":"BreadcrumbList","@id":"https:\/\/alice.ch\/de\/themen\/weiterbildung-international\/internationaler-austausch\/#breadcrumb","itemListElement":[{"@type":"ListItem","position":1,"name":"Startseite","item":"https:\/\/alice.ch\/de\/"},{"@type":"ListItem","position":2,"name":"Themen","item":"https:\/\/alice.ch\/de\/themen\/"},{"@type":"ListItem","position":3,"name":"Weiterbildung international","item":"https:\/\/alice.ch\/de\/themen\/weiterbildung-international\/"},{"@type":"ListItem","position":4,"name":"Internationaler Austausch"}]},{"@type":"WebSite","@id":"https:\/\/alice.ch\/de\/#website","url":"https:\/\/alice.ch\/de\/","name":"alice.ch (Adult Learning Information Center) ist das Portal der Weiterbildung in der Schweiz.","description":"Schweizerischer Verband f\u00fcr Weiterbildung","publisher":{"@id":"https:\/\/alice.ch\/de\/#organization"},"potentialAction":[{"@type":"SearchAction","target":{"@type":"EntryPoint","urlTemplate":"https:\/\/alice.ch\/de\/?s={search_term_string}"},"query-input":{"@type":"PropertyValueSpecification","valueRequired":true,"valueName":"search_term_string"}}],"inLanguage":"de"},{"@type":"Organization","@id":"https:\/\/alice.ch\/de\/#organization","name":"SVEB Schweizerischer Verband f\u00fcr Weiterbildung","url":"https:\/\/alice.ch\/de\/","logo":{"@type":"ImageObject","inLanguage":"de","@id":"https:\/\/alice.ch\/de\/#\/schema\/logo\/image\/","url":"https:\/\/alice.ch\/app\/uploads\/2022\/07\/logo-sveb.png","contentUrl":"https:\/\/alice.ch\/app\/uploads\/2022\/07\/logo-sveb.png","width":145,"height":64,"caption":"SVEB Schweizerischer Verband f\u00fcr Weiterbildung"},"image":{"@id":"https:\/\/alice.ch\/de\/#\/schema\/logo\/image\/"},"sameAs":["https:\/\/www.linkedin.com\/company\/schweizerischer-verband-fr-weiterbildung-sveb\/"]}]}},"_links":{"self":[{"href":"https:\/\/alice.ch\/de\/wp-json\/wp\/v2\/pages\/65319","targetHints":{"allow":["GET"]}}],"collection":[{"href":"https:\/\/alice.ch\/de\/wp-json\/wp\/v2\/pages"}],"about":[{"href":"https:\/\/alice.ch\/de\/wp-json\/wp\/v2\/types\/page"}],"author":[{"embeddable":true,"href":"https:\/\/alice.ch\/de\/wp-json\/wp\/v2\/users\/27"}],"replies":[{"embeddable":true,"href":"https:\/\/alice.ch\/de\/wp-json\/wp\/v2\/comments?post=65319"}],"version-history":[{"count":14,"href":"https:\/\/alice.ch\/de\/wp-json\/wp\/v2\/pages\/65319\/revisions"}],"predecessor-version":[{"id":73106,"href":"https:\/\/alice.ch\/de\/wp-json\/wp\/v2\/pages\/65319\/revisions\/73106"}],"up":[{"embeddable":true,"href":"https:\/\/alice.ch\/de\/wp-json\/wp\/v2\/pages\/348"}],"wp:featuredmedia":[{"embeddable":true,"href":"https:\/\/alice.ch\/de\/wp-json\/wp\/v2\/media\/20799"}],"wp:attachment":[{"href":"https:\/\/alice.ch\/de\/wp-json\/wp\/v2\/media?parent=65319"}],"curies":[{"name":"wp","href":"https:\/\/api.w.org\/{rel}","templated":true}]}}