{"id":66436,"date":"2025-03-19T10:14:03","date_gmt":"2025-03-19T09:14:03","guid":{"rendered":"https:\/\/alice.ch\/?page_id=66436"},"modified":"2025-04-25T14:47:06","modified_gmt":"2025-04-25T12:47:06","slug":"resultate-der-piaac-erhebung-in-der-schweiz","status":"publish","type":"page","link":"https:\/\/alice.ch\/de\/themen\/grundkompetenzen\/resultate-der-piaac-erhebung-in-der-schweiz\/","title":{"rendered":"Resultate der PIAAC-Erhebung in der Schweiz\u00a0"},"content":{"rendered":"\n<div class=\"wp-block-group is-style-reduced-width is-layout-flow wp-block-group-is-layout-flow\">\n<h1 class=\"wp-block-heading\">Grundkompetenzen Schweizer Erwachsener im Lesen, in der Alltagsmathematik und im adaptiven Probleml\u00f6sen&nbsp;&nbsp;<\/h1>\n\n\n\n<p class=\"is-style-lead\">Das<a href=\"https:\/\/www.bfs.admin.ch\/bfs\/de\/home.gnpdetail.2024-0179.html\" target=\"_blank\" rel=\"noreferrer noopener\"> Programme for the International Assessment of Adult Competencies (PIAAC) der OECD<\/a> stellt die wichtigsten Daten zu Grundkompetenzen in der Schweiz seit 2006. Die Studie wurde erstmals 2011 in fast 40 L\u00e4ndern durchgef\u00fchrt. In der Schweiz haben 6648 Erwachsene zwischen 16 und 65 Jahren an der Befragung teilgenommen. <\/p>\n\n\n\n<p>PIAAC misst die Kompetenzen Erwachsener im Lesen, in der Alltagsmathematik und im adaptiven Probleml\u00f6sen. Getestet wurden diese der st\u00e4ndigen Wohnbev\u00f6lkerung der Schweiz im Alter von 16 bis 65 Jahren. Personen, die Niveau 1 und tiefer erreichen, werden jener sehr heterogenen Personengruppe zugeordnet, auf welche die F\u00f6rderung der Grundkompetenzen Erwachsener abzielt. Die vorliegende Zusammenfassung konzentriert sich auf jene Ergebnisse, die die Grundkompetenzen Erwachsener betreffen (Niveau 1 oder tiefer) und stellt diese anhand unterschiedlicher soziodemographischer Merkmale dar.&nbsp;&nbsp;<\/p>\n\n\n\n<div class=\"wp-block-columns is-style-accordion is-layout-flex wp-container-core-columns-is-layout-28f84493 wp-block-columns-is-layout-flex\" id=\"faq-element-1\">\n<div class=\"wp-block-column is-layout-flow wp-block-column-is-layout-flow\">\n<h3 class=\"wp-block-heading\">Definitionen der drei PIAAC-Kompetenzen auf Niveau 1 und tiefer&nbsp;<\/h3>\n<\/div>\n\n\n\n<div class=\"wp-block-column is-layout-flow wp-block-column-is-layout-flow\">\n<p><strong>Lesekompetenz<\/strong>: \u00abDas Nutzen, Verstehen und Evaluieren von schriftlichen Texten, um seine eigenen Ziele zu erreichen, sein Wissen und Potenzial weiterzuentwickeln und an der Gesellschaft teilzuhaben.\u00bb&nbsp;<\/p>\n\n\n\n<p><strong>Alltagsmathematische Kompetenz<\/strong>: \u00abAuf mathematische Inhalte, Ideen und Informationen, die auf unterschiedliche Weise dargestellt werden, zugreifen sie nutzen und kritisch damit argumentieren, um mathematischen Anforderungen, die in verschiedenen Kontexten und Situationen des t\u00e4glichen Lebens eines Erwachsenen auftreten k\u00f6nnen, zu bew\u00e4ltigen.\u00bb&nbsp;<\/p>\n\n\n\n<p><strong>Adaptives Probleml\u00f6sen<\/strong>: \u00abDie F\u00e4higkeit, in einer dynamischen Situation eigene Ziele zu erreichen, in der eine Methode zur L\u00f6sung nicht sofort verf\u00fcgbar ist. Dies erfordert kognitive und metakognitive Prozesse, um das Problem zu definieren, nach Informationen zu suchen und die L\u00f6sung in einer Vielzahl von Informationsfeldern und Kontexten umzusetzen.\u00bb&nbsp;<\/p>\n<\/div>\n<\/div>\n\n\n\n<p><\/p>\n\n\n\n<p>Demnach befinden sich die Kompetenzen von 1.67 Mio (30 Prozent) der in der Schweiz wohnhaften Personen zwischen 16 und 65 Jahren in mindestens einer der im Rahmen von PIAAC untersuchten Kompetenzen auf Stufe 1 oder tiefer. Bei den Lesekompetenzen sind es 1.25 (22 Prozent), in der Alltagsmathematik 1.06 Mio (19 Prozent) und im adaptiven Probleml\u00f6sen 1.38 Mio (24 Prozent). 15 Prozent der Bev\u00f6lkerung erreichen in allen drei Grundkompetenzen tiefe Werte. <\/p>\n\n\n\n<h2 class=\"wp-block-heading\">Soziodemografische Merkmale und Grundkompetenzen&nbsp;<\/h2>\n\n\n\n<p>Zusammenfassend zeigen sich aufgeschl\u00fcsselt nach soziodemografischen Merkmalen bei den Grundkompetenzen praktisch keine geschlechtsspezifischen Unterschiede, der Anteil mit geringen Grundkompetenzen nimmt mit steigendem Alter zu und mit steigendem Bildungsstand ab. Bei der Gruppe der Personen, deren Hauptsprache nicht mit der Testsprache \u00fcbereinstimmt, und jener, die vor mehr als 5 Jahren eingewandert sind, ist der Anteil der Personen mit geringen Grundkompetenzen hoch.&nbsp;&nbsp;<\/p>\n\n\n\n<h3 class=\"wp-block-heading\">Geschlecht&nbsp;<\/h3>\n\n\n\n<p>Die Grundkompetenzen im Lesen und adaptiven Probleml\u00f6sen unterschieden sich nicht zwischen den Geschlechtern. Signifikante Unterschiede gibt es bei der Alltagsmathematik. 21 Prozent der Frauen und 16 Prozent der M\u00e4nner befinden sich auf Niveau 1 oder tiefer.&nbsp;<\/p>\n\n\n\n<h3 class=\"wp-block-heading\">Bildungsstand&nbsp;<\/h3>\n\n\n\n<p>Kompetenzen h\u00e4ngen stark mit dem Bildungsstand zusammen. Abh\u00e4ngig vom h\u00f6chsten Bildungsabschluss zeigen sich starke Unterschiede in den Grundkompetenzen. 40 Prozent der Personen ohne nachobligatorischen Abschluss sind in allen drei Kompetenzbereichen auf Niveau 1 und tiefer zu finden. Lesekompetenzen auf Niveau 1 und tiefer weisen 44.2 Prozent der Erwachsenen ohne nachobligatorischen Abschluss auf, das entspricht 403&#8217;000 Erwachsenen. Die 22.9 Prozent auf Niveau 1 und tiefer bei den Personen mit Abschluss auf Sekundarstufe II entsprechen 430&#8217;000 Erwachsenen. Auch Personen mit H\u00f6herer Berufsbildung (HBB) (12 Prozent oder 83&#8217;000 Erwachsene) und solche mit Hochschulabschluss (5.5 Prozent oder 81&#8217;000 Erwachsene) weisen bei den Lesekompetenzen Niveau 1 oder tiefer auf.&nbsp;&nbsp;<\/p>\n\n\n\n<figure class=\"wp-block-image size-full is-resized is-style-no-border\"><img decoding=\"async\" width=\"2869\" height=\"1961\" src=\"https:\/\/alice.ch\/app\/uploads\/2025\/03\/grundkompetenzen-bildungsstand-2024.png\" alt=\"\" class=\"wp-image-66575\" style=\"width:492px;height:auto\" srcset=\"https:\/\/alice.ch\/app\/uploads\/2025\/03\/grundkompetenzen-bildungsstand-2024.png 2869w, https:\/\/alice.ch\/app\/uploads\/2025\/03\/grundkompetenzen-bildungsstand-2024-300x205.png 300w, https:\/\/alice.ch\/app\/uploads\/2025\/03\/grundkompetenzen-bildungsstand-2024-1024x700.png 1024w, https:\/\/alice.ch\/app\/uploads\/2025\/03\/grundkompetenzen-bildungsstand-2024-768x525.png 768w, https:\/\/alice.ch\/app\/uploads\/2025\/03\/grundkompetenzen-bildungsstand-2024-1536x1050.png 1536w, https:\/\/alice.ch\/app\/uploads\/2025\/03\/grundkompetenzen-bildungsstand-2024-2048x1400.png 2048w\" sizes=\"(max-width: 2869px) 100vw, 2869px\" \/><figcaption class=\"wp-element-caption\">Grundkompetenzen und Bildungsstand: Anteil Personen mit geringen Kompetenzen (Niveau 1 und tiefer) und Bildungsstand.<br>(Eigene Darstellung, Daten aus BFS 2024, T3.3.1, TA A8)&nbsp;<\/figcaption><\/figure>\n\n\n\n<h3 class=\"wp-block-heading\">Arbeitsmarktstatus<strong>&nbsp;<\/strong>&nbsp;<\/h3>\n\n\n\n<p>Die Grundkompetenzen variieren je nach Arbeitsmarktstatus stark. 18 Prozent oder 797\u2019000 der Erwerbst\u00e4tigen verf\u00fcgen im Lesen \u00fcber Kompetenzen auf Niveau 1 oder tiefer. In der Alltagsmathematik liegt der Wert bei 15 Prozent respektive 657&#8217;000 Erwerbst\u00e4tigen. In allen drei Bereichen tiefe Kompetenzen haben 11 Prozent oder 481&#8217;000 Erwerbst\u00e4tige. Auff\u00e4llig ist, dass die Grundkompetenzen Erwerbsloser geringer ausfallen als jene von Nichterwerbspersonen und insbesondere von Erwerbst\u00e4tigen.&nbsp;Dies trifft auf alle drei in PIAAC gemessenen Kompetenzen zu. Im Bereich Lesen haben 35 Prozent der Erwerbslosen oder 53&#8217;000 Personen M\u00fche einzelne Informationen in kurzen Texten zu erfassen oder Bedeutungen auf Satzebene zu verarbeiten und die Sinnhaftigkeit von S\u00e4tzen zu beurteilen.&nbsp;<\/p>\n\n\n\n<figure class=\"wp-block-image size-full is-resized is-style-no-border\"><img decoding=\"async\" width=\"2869\" height=\"1961\" src=\"https:\/\/alice.ch\/app\/uploads\/2025\/03\/grundkompetenzen-arbeitsmarktstatus-2024.png\" alt=\"\" class=\"wp-image-66599\" style=\"width:492px\" srcset=\"https:\/\/alice.ch\/app\/uploads\/2025\/03\/grundkompetenzen-arbeitsmarktstatus-2024.png 2869w, https:\/\/alice.ch\/app\/uploads\/2025\/03\/grundkompetenzen-arbeitsmarktstatus-2024-300x205.png 300w, https:\/\/alice.ch\/app\/uploads\/2025\/03\/grundkompetenzen-arbeitsmarktstatus-2024-1024x700.png 1024w, https:\/\/alice.ch\/app\/uploads\/2025\/03\/grundkompetenzen-arbeitsmarktstatus-2024-768x525.png 768w, https:\/\/alice.ch\/app\/uploads\/2025\/03\/grundkompetenzen-arbeitsmarktstatus-2024-1536x1050.png 1536w, https:\/\/alice.ch\/app\/uploads\/2025\/03\/grundkompetenzen-arbeitsmarktstatus-2024-2048x1400.png 2048w\" sizes=\"(max-width: 2869px) 100vw, 2869px\" \/><figcaption class=\"wp-element-caption\">Grundkompetenzen und Arbeitsmarktstatus: Anteil Personen mit geringen Kompetenzen (Niveau 1 und tiefer) nach Arbeitsmarktstatus<br>(Eigene Darstellung, Daten aus BFS 2024, T3.3.1, TA A8)&nbsp;<\/figcaption><\/figure>\n\n\n\n<h3 class=\"wp-block-heading\">Alter&nbsp;<\/h3>\n\n\n\n<p>\u00c4ltere Personen weisen geringere Kompetenzen in allen drei gemessenen Grundkompetenzen auf. 31.7 Prozent oder 378&#8217;000 Personen im Alter von 56-65 Jahren verf\u00fcgen \u00fcber Lesekompetenzen auf Niveau 1 oder tiefer. Im Zusammenhang mit diesen Zahlen ist zu beachten, dass Personen \u00fcber 65 Jahre nicht in der Stichprobe erfasst sind. Es ist daher davon auszugehen, dass bei Personen \u00fcber 65 Jahren der Anteil mit geringen Grundkompetenzen noch gr\u00f6sser ist.&nbsp;&nbsp;<\/p>\n\n\n\n<figure class=\"wp-block-image size-full is-resized is-style-no-border\"><img decoding=\"async\" width=\"2869\" height=\"1957\" src=\"https:\/\/alice.ch\/app\/uploads\/2025\/03\/grundkompetenzen-alter-2024.png\" alt=\"\" class=\"wp-image-66595\" style=\"width:492px\" srcset=\"https:\/\/alice.ch\/app\/uploads\/2025\/03\/grundkompetenzen-alter-2024.png 2869w, https:\/\/alice.ch\/app\/uploads\/2025\/03\/grundkompetenzen-alter-2024-300x205.png 300w, https:\/\/alice.ch\/app\/uploads\/2025\/03\/grundkompetenzen-alter-2024-1024x698.png 1024w, https:\/\/alice.ch\/app\/uploads\/2025\/03\/grundkompetenzen-alter-2024-768x524.png 768w, https:\/\/alice.ch\/app\/uploads\/2025\/03\/grundkompetenzen-alter-2024-1536x1048.png 1536w, https:\/\/alice.ch\/app\/uploads\/2025\/03\/grundkompetenzen-alter-2024-2048x1397.png 2048w\" sizes=\"(max-width: 2869px) 100vw, 2869px\" \/><figcaption class=\"wp-element-caption\">Grundkomptenzen und Alter: Anteil Personen mit geringen Kompetenzen (Niveau 1 und tiefer) nach Alter<br>(Eigene Darstellung, Daten aus BFS 2024, T3.3.1, TA A8)&nbsp;<\/figcaption><\/figure>\n\n\n\n<h3 class=\"wp-block-heading\">Grundkompetenzen und Sprachhintergrund&nbsp;<\/h3>\n\n\n\n<p>Die Ergebnisse in der Testsprache h\u00e4ngen davon ab, ob diese der Hauptsprache entspricht. Daher wird im Bericht zwischen der Haupt- und der Testsprache unterschieden. Sprachinkongruente Personen, bei denen die Testsprache nicht mit der Hauptsprache \u00fcbereinstimmt, machen 19 Prozent der Gesamtbev\u00f6lkerung aus, w\u00e4hrend sprachkongruente Personen, bei denen die Testsprache mit der Hauptsprache \u00fcbereinstimmt, 78 Prozent der st\u00e4ndigen Wohnbev\u00f6lkerung ausmachen.&nbsp;<\/p>\n\n\n\n<p>Der Anteil der Personen mit ungen\u00fcgenden Kenntnissen in der Testsprache an der st\u00e4ndigen Wohnbev\u00f6lkerung der Schweiz im Alter von 15-65 wird auf 3 Prozent gesch\u00e4tzt. Sie sind im Vergleich zur Gesamtbev\u00f6lkerung in der Gruppe der Personen mit geringen Grundkompetenzen deutlich \u00fcbervertreten. Allerdings konnte mit Personen mit ungen\u00fcgenden Kenntnissen in der Testsprache keine Tests durchgef\u00fchrt werden, weshalb sie in den Daten in Form von Sch\u00e4tzungen ber\u00fccksichtigt sind. Diese Sch\u00e4tzungen beruhen auf Kurzinterviews mit diesen Personen. Die Testwerte wurden aufgrund der verf\u00fcgbaren Informationen anhand eines statistischen Modells gesch\u00e4tzt. Diese Personen h\u00e4tten m\u00f6glicherweise bessere Testwerte erzielt, wenn die Testsprache ihrer Hauptsprache entsprochen h\u00e4tte. &nbsp;<\/p>\n\n\n\n<figure class=\"wp-block-image size-full is-resized is-style-no-border\"><img decoding=\"async\" width=\"2860\" height=\"1957\" src=\"https:\/\/alice.ch\/app\/uploads\/2025\/03\/geringe-Kompetenzen-sprachprofil-2024.png\" alt=\"\" class=\"wp-image-66587\" style=\"width:530px\" srcset=\"https:\/\/alice.ch\/app\/uploads\/2025\/03\/geringe-Kompetenzen-sprachprofil-2024.png 2860w, https:\/\/alice.ch\/app\/uploads\/2025\/03\/geringe-Kompetenzen-sprachprofil-2024-300x205.png 300w, https:\/\/alice.ch\/app\/uploads\/2025\/03\/geringe-Kompetenzen-sprachprofil-2024-1024x701.png 1024w, https:\/\/alice.ch\/app\/uploads\/2025\/03\/geringe-Kompetenzen-sprachprofil-2024-768x526.png 768w, https:\/\/alice.ch\/app\/uploads\/2025\/03\/geringe-Kompetenzen-sprachprofil-2024-1536x1051.png 1536w, https:\/\/alice.ch\/app\/uploads\/2025\/03\/geringe-Kompetenzen-sprachprofil-2024-2048x1401.png 2048w\" sizes=\"(max-width: 2860px) 100vw, 2860px\" \/><figcaption class=\"wp-element-caption\">Prozentuale Verteilung der Personen mit geringen Kompetenzen (Niveau 1 oder tiefer) und der Gesamtbev\u00f6lkerung nach Sprachprofil in Prozent.<br>(Eigene Darstellung, Daten aus BFS 2024, G3.3.4)<\/figcaption><\/figure>\n\n\n\n<h3 class=\"wp-block-heading\">Geringe Grundkompetenzen nach Sprachprofil&nbsp;&nbsp;<\/h3>\n\n\n\n<p>Das Migrations- und Sprachprofil gibt Auskunft \u00fcber die Gr\u00f6ssenordnungen der Personengruppen mit Schweizer Nationalit\u00e4t oder in der Schweiz geborener und eingewanderter Personen, jeweils mit und ohne \u00dcbereinstimmung zwischen Test- und Hauptsprache.&nbsp;<\/p>\n\n\n\n<ul class=\"wp-block-list\">\n<li>12.1 Prozent oder 455&#8217;000 Personen Schweizer Nationalit\u00e4t oder in der Schweiz geborener, deren Hauptsprache mit der Testsprache \u00fcbereinstimmt (Sprachkongruenz), verf\u00fcgen \u00fcber geringe Lesekompetenzen. 38.4 Prozent oder 174&#8217;000 Personen Schweizer Nationalit\u00e4t, deren Hauptsprache nicht mit der Testsprache \u00fcbereinstimmt (Sprachinkongruenz), lesen auf Niveau 1 oder tiefer.&nbsp;&nbsp;<\/li>\n\n\n\n<li>61.5 Prozent oder 494&#8217;000 der sprachinkongruenten Eingewanderten haben geringe Lesekompetenzen. 21.9 Prozent oder 130&#8217;000 der sprachkongruenten eingewanderten Personen verf\u00fcgen \u00fcber geringe Lesekompetenzen.&nbsp;<\/li>\n\n\n\n<li>Der Anteil der sprachkongruenten Personen mit alltagsmathematischen Kompetenzen auf Niveau 1 oder tiefer liegt bei 9.5 Prozent oder 357&#8217;000 Erwachsenen bei den sprachkongruenten Eingewanderten bei 18.3 Prozent oder 108&#8217;000 Personen.&nbsp;<\/li>\n\n\n\n<li>Die alltagsmathematischen Kompetenzen der sprachinkongruenten Personen sind tiefer. 53.6 Prozent oder 431&#8217;000 Eingewanderte Erwachsene sind betroffen und 37 Prozent oder 168&#8217;000 sprachinkongruente Personen mit Schweizer Nationalit\u00e4t.&nbsp;&nbsp;<\/li>\n<\/ul>\n\n\n\n<h3 class=\"wp-block-heading\">Sprachprofil und Bildungsstand&nbsp;<\/h3>\n\n\n\n<p>Der Bildungsstand ist ein weiteres Merkmal zur Beschreibung der Personen mit geringen Kompetenzen nach Sprachprofil.&nbsp;<\/p>\n\n\n\n<ul class=\"wp-block-list\">\n<li>In der Gruppe der sprachkongruenten Personen mit geringen Grundkompetenzen in allen drei Bereichen ist mit 51 Prozent ein Abschluss auf Stufe Sek II am h\u00e4ufigsten vertreten. 39 Prozent verf\u00fcgen nicht \u00fcber einen nachobligatorischen Abschluss. Bei den sprachkongruenten Personen mit einem Abschluss auf Stufe Sek II verf\u00fcgen 57 Prozent \u00fcber Lesekompetenzen auf Niveau 1 oder tiefer. Damit sind Personen ohne Abschluss und insbesondere jene mit Abschluss auf Stufe Sek.II Abschluss in dieser Gruppe im Vergleich zur Gesamtbev\u00f6lkerung klar \u00fcbervertreten.&nbsp;&nbsp;<\/li>\n\n\n\n<li>Stimmt die Testsprache nicht mit der Hauptsprache (Sprachinkongruenz) \u00fcberein, haben 52 Prozent der Personen mit geringen Kompetenzen in allen drei Bereichen keinen nachobligatorischen Abschluss, 34 Prozent einen Abschluss auf Stufe Sek II und 14 Prozent einen Terti\u00e4rabschluss. In der st\u00e4ndigen Wohnbev\u00f6lkerung von 16-65 (Gesamtbev\u00f6lkerung) verteilen sich die Abschl\u00fcsse zu jeweils einem Drittel.&nbsp;&nbsp;<\/li>\n<\/ul>\n\n\n\n<figure class=\"wp-block-image size-full is-resized is-style-no-border\"><img decoding=\"async\" width=\"2869\" height=\"2117\" src=\"https:\/\/alice.ch\/app\/uploads\/2025\/03\/geringe-kompetenzen-bildungsstand.png\" alt=\"\" class=\"wp-image-66608\" style=\"width:606px;height:auto\" srcset=\"https:\/\/alice.ch\/app\/uploads\/2025\/03\/geringe-kompetenzen-bildungsstand.png 2869w, https:\/\/alice.ch\/app\/uploads\/2025\/03\/geringe-kompetenzen-bildungsstand-300x221.png 300w, https:\/\/alice.ch\/app\/uploads\/2025\/03\/geringe-kompetenzen-bildungsstand-1024x756.png 1024w, https:\/\/alice.ch\/app\/uploads\/2025\/03\/geringe-kompetenzen-bildungsstand-768x567.png 768w, https:\/\/alice.ch\/app\/uploads\/2025\/03\/geringe-kompetenzen-bildungsstand-1536x1133.png 1536w, https:\/\/alice.ch\/app\/uploads\/2025\/03\/geringe-kompetenzen-bildungsstand-2048x1511.png 2048w\" sizes=\"(max-width: 2869px) 100vw, 2869px\" \/><figcaption class=\"wp-element-caption\">Prozentuale Verteilung der Personen mit geringen Kompetenzen (unter Niveau 1 und Niveau 1) nach Sprachprofil und Bildungsstand<br>(Eigene Darstellung, Daten aus BFS 2024, G.3.3.8)<\/figcaption><\/figure>\n\n\n\n<p><\/p>\n\n\n\n<h3 class=\"wp-block-heading\">Sprachprofil und Alter&nbsp;<\/h3>\n\n\n\n<p>Das Altersprofil der Personen mit geringen Kompetenzen variiert in Abh\u00e4ngigkeit vom Sprachprofil. Dasjenige von sprachinkongruenten Personen entspricht ann\u00e4hernd ihrer Verteilung in der Gesamtbev\u00f6lkerung. Sprachkongruente Personen mit geringen Lesekompetenzen bzw. geringen Kompetenzen in allen drei Bereichen weisen mit Abstand das h\u00f6chste Durchschnittsalter auf. Ihr Anteil liegt jeweils bei 65 Prozent.&nbsp;<\/p>\n\n\n\n<figure class=\"wp-block-image size-full is-resized is-style-no-border\"><img decoding=\"async\" width=\"2869\" height=\"1957\" src=\"https:\/\/alice.ch\/app\/uploads\/2025\/03\/geringe-kompetenzen-sprachprofil-alter.png\" alt=\"\" class=\"wp-image-66591\" style=\"width:604px;height:auto\" srcset=\"https:\/\/alice.ch\/app\/uploads\/2025\/03\/geringe-kompetenzen-sprachprofil-alter.png 2869w, https:\/\/alice.ch\/app\/uploads\/2025\/03\/geringe-kompetenzen-sprachprofil-alter-300x205.png 300w, https:\/\/alice.ch\/app\/uploads\/2025\/03\/geringe-kompetenzen-sprachprofil-alter-1024x698.png 1024w, https:\/\/alice.ch\/app\/uploads\/2025\/03\/geringe-kompetenzen-sprachprofil-alter-768x524.png 768w, https:\/\/alice.ch\/app\/uploads\/2025\/03\/geringe-kompetenzen-sprachprofil-alter-1536x1048.png 1536w, https:\/\/alice.ch\/app\/uploads\/2025\/03\/geringe-kompetenzen-sprachprofil-alter-2048x1397.png 2048w\" sizes=\"(max-width: 2869px) 100vw, 2869px\" \/><figcaption class=\"wp-element-caption\">Prozentuale Verteilung der Personen mit geringen Kompetenzen (Niveau 1 und tiefer) nach Sprachrofil und Alter<br>(Eigene Darstellung, Daten aus BFS 2024, G.3.3.6&nbsp;)<\/figcaption><\/figure>\n\n\n\n<p>Zusammenfassend lassen sich bei Erwachsenen mit tiefen Werten in allen drei gemessenen Bereichen anhand ihres Sprachprofils (gem\u00e4ss PIAAC) folgende Charakteristika feststellen:&nbsp;<\/p>\n\n\n\n<ul class=\"wp-block-list\">\n<li>20 Prozent der Personen in der Schweiz mit tiefen Werten in allen drei gemessenen Kompetenzen geh\u00f6ren jener Gruppe an, die aufgrund zu geringer Sprachkompetenzen nicht am PIAAC-Test teilnehmen konnten. In der Gesamtbev\u00f6lkerung macht ihr Anteil 3 Prozent aus. Sie sind somit in der Gruppe der Personen mit geringen Grundkompetenzen \u00fcbervertreten. In dieser Gruppe sind 35% sind maximal 5 Jahre in der Schweiz und verf\u00fcgen zu ebenfalls 35 Prozent \u00fcber einen Terti\u00e4rabschluss.&nbsp;<\/li>\n\n\n\n<li>42 Prozent der sprachinkongruenten Personen in der Schweiz weisen tiefe Werte in allen drei gemessenen Kompetenzen aus. Ihr Altersprofil ist relativ ausgeglichen. 55 Prozent befinden sich seit mehr als 5 Jahren in der Schweiz und nur 11 Prozent k\u00fcrzer als 5 Jahre. 52 Prozent verf\u00fcgen nicht \u00fcber einen nachobligatorischen Abschluss.&nbsp;&nbsp;<\/li>\n\n\n\n<li>Sprachkongruente Personen machen 38 Prozent aller Erwachsenen mit geringen Grundkompetenzen in allen drei Bereichen aus. Der Anteil der 46\u201365-J\u00e4hrigen ist im Vergleich zu den anderen Gruppen deutlich am h\u00f6chsten. Der h\u00f6chste Bildungsabschluss dieser Gruppe ist der Sekundarabschluss II mit 51 Prozent. Der Anteil der Personen mit diesem Sprachprofil an der Gesamtbev\u00f6lkerung betr\u00e4gt 78 Prozent.&nbsp;<\/li>\n<\/ul>\n\n\n\n<h2 class=\"wp-block-heading\">Bund f\u00f6rdert Grundkompetenzen von Erwachsenen&nbsp;<\/h2>\n\n\n\n<p>Der Bund will anhand der Erkenntnisse aus der internationalen Studie seine <a href=\"https:\/\/www.bfs.admin.ch\/bfs\/de\/home.assetdetail.33346117.html\" target=\"_blank\" rel=\"noreferrer noopener\">F\u00f6rderstrategien gezielt verbessern<\/a>. Das Weiterbildungsgesetz erm\u00f6glicht es den Kantonen, Programme zur F\u00f6rderung der Grundkompetenzen anzubieten. Der SVEB setzt sich z.B. mit den&nbsp;<a href=\"https:\/\/alice.ch\/de\/dienstleistungen\/gutscheinprojekte-des-sveb\/\">Gutscheinprojekten<\/a>&nbsp;und dem F\u00f6rderschwerpunkt&nbsp;<a href=\"https:\/\/www.einfach-besser.ch\/betriebe.cfm\" target=\"_blank\" rel=\"noreferrer noopener\">\u00abEinfach besser! \u2026 am Arbeitsplatz\u00bb<\/a>&nbsp;daf\u00fcr ein.&nbsp;Weiter k\u00f6nnen Sprachkurse als arbeitsmarktliche Massnahmen f\u00fcr registrierte arbeitslose Personen im Rahmen des Arbeitslosenversicherungsgesetzes oder im Rahmen der kantonalen Integrationsprogramme KIP f\u00fcr neu zugezogene Migrantinnen und Migranten erfolgen.<\/p>\n\n\n\n<p>Die gewonnenen Daten k\u00f6nnen dabei helfen, die Massnahmen effektiver auf die Bed\u00fcrfnisse der Zielgruppen abzustimmen. Um die Wirksamkeit der Programme zu erh\u00f6hen, arbeitet der Bund eng mit interkantonalen und nationalen Gremien zusammen. Ziel ist es, den Erwachsenen in der Schweiz die Kompetenzen zu vermitteln, die sie in Beruf und Alltag brauchen.<\/p>\n\n\n\n<h2 class=\"wp-block-heading\">News zu PIAAC<\/h2>\n\n\n\n<div class=\"wp-block-query is-style-mobile-slider is-layout-flow wp-block-query-is-layout-flow\"><ul class=\"columns-3 wp-block-post-template is-layout-grid wp-container-core-post-template-is-layout-6d3fbd8f wp-block-post-template-is-layout-grid\"><li class=\"wp-block-post post-71530 news type-news status-publish has-post-thumbnail hentry news-category-grundkompetenzen global-category-grundkompetenzen global-category-piaac-studie global-category-sparplaene-in-der-weiterbildung\">\n<figure class=\"wp-block-post-featured-image\"><a href=\"https:\/\/alice.ch\/de\/news\/menschen-mit-mangelnden-grundkompetenzen-unzufriedener-ungesuender-schlechter-integriert\/\" target=\"_self\"  ><img decoding=\"async\" width=\"1200\" height=\"627\" src=\"https:\/\/alice.ch\/app\/uploads\/2025\/10\/ahmet-kurt-P0oJjmjir3I-unsplash1.jpg\" class=\"attachment-post-thumbnail size-post-thumbnail wp-post-image\" alt=\"Menschen mit mangelnden Grundkompetenzen: unzufriedener, weniger gesund, schlechter integriert\" style=\"object-fit:cover;\" srcset=\"https:\/\/alice.ch\/app\/uploads\/2025\/10\/ahmet-kurt-P0oJjmjir3I-unsplash1.jpg 1200w, https:\/\/alice.ch\/app\/uploads\/2025\/10\/ahmet-kurt-P0oJjmjir3I-unsplash1-300x157.jpg 300w, https:\/\/alice.ch\/app\/uploads\/2025\/10\/ahmet-kurt-P0oJjmjir3I-unsplash1-1024x535.jpg 1024w, https:\/\/alice.ch\/app\/uploads\/2025\/10\/ahmet-kurt-P0oJjmjir3I-unsplash1-768x401.jpg 768w\" sizes=\"(max-width: 1200px) 100vw, 1200px\" \/><\/a><\/figure>\n\n\n<div class=\"wp-block-news-category\">Grundkompetenzen<\/div>\n\n\n<div class=\"wp-block-post-date\"><time datetime=\"2025-10-23T12:00:21+02:00\">23. Oktober 2025<\/time><\/div>\n\n<h3 class=\"wp-block-post-title\"><a href=\"https:\/\/alice.ch\/de\/news\/menschen-mit-mangelnden-grundkompetenzen-unzufriedener-ungesuender-schlechter-integriert\/\" target=\"_self\" >Menschen mit mangelnden Grundkompetenzen: unzufriedener, weniger gesund, schlechter integriert<\/a><\/h3>\n\n<a class=\"wp-block-query-loop-link is-style-minimal\" href=\"https:\/\/alice.ch\/de\/news\/menschen-mit-mangelnden-grundkompetenzen-unzufriedener-ungesuender-schlechter-integriert\/\">Artikel lesen<\/a>\n\n<\/li><li class=\"wp-block-post post-70184 news type-news status-publish has-post-thumbnail hentry news-category-grundkompetenzen global-category-bildungspolitik global-category-chancengleichheit global-category-grundkompetenzen global-category-piaac-studie\">\n<figure class=\"wp-block-post-featured-image\"><a href=\"https:\/\/alice.ch\/de\/news\/ein-selbstbestimmtes-leben-ist-nur-mit-guten-grundkompetenzen-moeglich\/\" target=\"_self\"  ><img decoding=\"async\" width=\"1200\" height=\"627\" src=\"https:\/\/alice.ch\/app\/uploads\/2025\/09\/getty-images-5ImN_8GTzZo-unsplash1.jpg\" class=\"attachment-post-thumbnail size-post-thumbnail wp-post-image\" alt=\"Ein selbstbestimmtes Leben ist nur mit guten Grundkompetenzen m\u00f6glich\" style=\"object-fit:cover;\" srcset=\"https:\/\/alice.ch\/app\/uploads\/2025\/09\/getty-images-5ImN_8GTzZo-unsplash1.jpg 1200w, https:\/\/alice.ch\/app\/uploads\/2025\/09\/getty-images-5ImN_8GTzZo-unsplash1-300x157.jpg 300w, https:\/\/alice.ch\/app\/uploads\/2025\/09\/getty-images-5ImN_8GTzZo-unsplash1-1024x535.jpg 1024w, https:\/\/alice.ch\/app\/uploads\/2025\/09\/getty-images-5ImN_8GTzZo-unsplash1-768x401.jpg 768w\" sizes=\"(max-width: 1200px) 100vw, 1200px\" \/><\/a><\/figure>\n\n\n<div class=\"wp-block-news-category\">Grundkompetenzen<\/div>\n\n\n<div class=\"wp-block-post-date\"><time datetime=\"2025-09-08T08:56:10+02:00\">8. September 2025<\/time><\/div>\n\n<h3 class=\"wp-block-post-title\"><a href=\"https:\/\/alice.ch\/de\/news\/ein-selbstbestimmtes-leben-ist-nur-mit-guten-grundkompetenzen-moeglich\/\" target=\"_self\" >Ein selbstbestimmtes Leben ist nur mit guten Grundkompetenzen m\u00f6glich<\/a><\/h3>\n\n<a class=\"wp-block-query-loop-link is-style-minimal\" href=\"https:\/\/alice.ch\/de\/news\/ein-selbstbestimmtes-leben-ist-nur-mit-guten-grundkompetenzen-moeglich\/\">Artikel lesen<\/a>\n\n<\/li><li class=\"wp-block-post post-66839 news type-news status-publish has-post-thumbnail hentry news-category-grundkompetenzen global-category-chancengleichheit global-category-forschung global-category-grundkompetenzen global-category-piaac-studie\">\n<figure class=\"wp-block-post-featured-image\"><a href=\"https:\/\/alice.ch\/de\/news\/piaac-zahlen-wo-jetzt-handlungsbedarf-besteht\/\" target=\"_self\"  ><img decoding=\"async\" width=\"1200\" height=\"627\" src=\"https:\/\/alice.ch\/app\/uploads\/2025\/03\/jeremy-O0eFYJVcm_4-unsplash1-1.jpg\" class=\"attachment-post-thumbnail size-post-thumbnail wp-post-image\" alt=\"PIAAC-Zahlen: Wo jetzt Handlungsbedarf besteht\" style=\"object-fit:cover;\" srcset=\"https:\/\/alice.ch\/app\/uploads\/2025\/03\/jeremy-O0eFYJVcm_4-unsplash1-1.jpg 1200w, https:\/\/alice.ch\/app\/uploads\/2025\/03\/jeremy-O0eFYJVcm_4-unsplash1-1-300x157.jpg 300w, https:\/\/alice.ch\/app\/uploads\/2025\/03\/jeremy-O0eFYJVcm_4-unsplash1-1-1024x535.jpg 1024w, https:\/\/alice.ch\/app\/uploads\/2025\/03\/jeremy-O0eFYJVcm_4-unsplash1-1-768x401.jpg 768w\" sizes=\"(max-width: 1200px) 100vw, 1200px\" \/><\/a><\/figure>\n\n\n<div class=\"wp-block-news-category\">Grundkompetenzen<\/div>\n\n\n<div class=\"wp-block-post-date\"><time datetime=\"2025-03-26T08:25:03+01:00\">26. M\u00e4rz 2025<\/time><\/div>\n\n<h3 class=\"wp-block-post-title\"><a href=\"https:\/\/alice.ch\/de\/news\/piaac-zahlen-wo-jetzt-handlungsbedarf-besteht\/\" target=\"_self\" >PIAAC-Zahlen: Wo jetzt Handlungsbedarf besteht<\/a><\/h3>\n\n<a class=\"wp-block-query-loop-link is-style-minimal\" href=\"https:\/\/alice.ch\/de\/news\/piaac-zahlen-wo-jetzt-handlungsbedarf-besteht\/\">Artikel lesen<\/a>\n\n<\/li><li class=\"wp-block-post post-64992 news type-news status-publish has-post-thumbnail hentry news-category-grundkompetenzen global-category-grundkompetenzen global-category-piaac-studie\">\n<figure class=\"wp-block-post-featured-image\"><a href=\"https:\/\/alice.ch\/de\/news\/piaac-studie-lese-alltagsmathematik-und-problemloesekompetenzen-von-erwachsenen-in-der-schweiz\/\" target=\"_self\"  ><img decoding=\"async\" width=\"1200\" height=\"627\" src=\"https:\/\/alice.ch\/app\/uploads\/2023\/10\/annika-gordon-cZISY8ai2iA-unsplash-crop.png\" class=\"attachment-post-thumbnail size-post-thumbnail wp-post-image\" alt=\"PIAAC-Studie: Lese-, Alltagsmathematik- und Probleml\u00f6sekompetenzen von Erwachsenen in der Schweiz\" style=\"object-fit:cover;\" srcset=\"https:\/\/alice.ch\/app\/uploads\/2023\/10\/annika-gordon-cZISY8ai2iA-unsplash-crop.png 1200w, https:\/\/alice.ch\/app\/uploads\/2023\/10\/annika-gordon-cZISY8ai2iA-unsplash-crop-300x157.png 300w, https:\/\/alice.ch\/app\/uploads\/2023\/10\/annika-gordon-cZISY8ai2iA-unsplash-crop-1024x535.png 1024w, https:\/\/alice.ch\/app\/uploads\/2023\/10\/annika-gordon-cZISY8ai2iA-unsplash-crop-768x401.png 768w\" sizes=\"(max-width: 1200px) 100vw, 1200px\" \/><\/a><\/figure>\n\n\n<div class=\"wp-block-news-category\">Grundkompetenzen<\/div>\n\n\n<div class=\"wp-block-post-date\"><time datetime=\"2024-12-10T14:20:49+01:00\">10. Dezember 2024<\/time><\/div>\n\n<h3 class=\"wp-block-post-title\"><a href=\"https:\/\/alice.ch\/de\/news\/piaac-studie-lese-alltagsmathematik-und-problemloesekompetenzen-von-erwachsenen-in-der-schweiz\/\" target=\"_self\" >PIAAC-Studie: Lese-, Alltagsmathematik- und Probleml\u00f6sekompetenzen von Erwachsenen in der Schweiz<\/a><\/h3>\n\n<a class=\"wp-block-query-loop-link is-style-minimal\" href=\"https:\/\/alice.ch\/de\/news\/piaac-studie-lese-alltagsmathematik-und-problemloesekompetenzen-von-erwachsenen-in-der-schweiz\/\">Artikel lesen<\/a>\n\n<\/li><\/ul>\n\n\n\n<\/div>\n\n\n\n<h2 class=\"wp-block-heading\">Kontakt<\/h2>\n\n\n\n<div class=\"wp-block-columns is-layout-flex wp-container-core-columns-is-layout-28f84493 wp-block-columns-is-layout-flex\">\n<div class=\"wp-block-column is-layout-flow wp-block-column-is-layout-flow\" style=\"flex-basis:50%\"><div class=\"contact-persons\">\n\n\t\t\t\t\t<div class=\"contact-person\">\n\t\t\t\t\tC\u00e4cilia M\u00e4rki<br \/>\t\t\t\t\tSenior Projektleiterin und Ko-Koordinationsverantwortliche Grundkompetenzen<br \/>\t\t\t\t\t<br \/>\n\t\t\t\t\t\t\t\t\t\t<a href=\"tel:+41 (0)44 319 71 58\">+41 (0)44 319 71 58<\/a><br \/>\t\t\t\t\t<a href=\"mailto:caecilia.maerki@alice.ch\">caecilia.maerki@alice.ch<\/a><br \/>\t\t\t\t\t<\/div>\n\t\t\t\t\t<\/div>\n<\/div>\n\n\n\n<div class=\"wp-block-column is-layout-flow wp-block-column-is-layout-flow\" style=\"flex-basis:50%\"><\/div>\n<\/div>\n<\/div>\n","protected":false},"excerpt":{"rendered":"<p>Grundkompetenzen Schweizer Erwachsener im Lesen, in der Alltagsmathematik und im adaptiven Probleml\u00f6sen&nbsp;&nbsp; Das Programme for the International Assessment of Adult [&hellip;]<\/p>\n","protected":false},"author":27,"featured_media":20799,"parent":342,"menu_order":53,"comment_status":"closed","ping_status":"closed","template":"","meta":{"_acf_changed":false,"inline_featured_image":false,"footnotes":""},"class_list":["post-66436","page","type-page","status-publish","has-post-thumbnail","hentry"],"acf":[],"yoast_head":"<!-- This site is optimized with the Yoast SEO plugin v27.3 - https:\/\/yoast.com\/product\/yoast-seo-wordpress\/ -->\n<title>Resultate der PIAAC-Erhebung in der Schweiz\u00a0 - SVEB<\/title>\n<meta name=\"description\" content=\"Wie k\u00f6nnen die Grundkompetenzen Erwachsener innovativ gef\u00f6rdert werden und wie kann dabei der Arbeitsplatz genutzt werden?\" \/>\n<meta name=\"robots\" content=\"index, follow, max-snippet:-1, max-image-preview:large, max-video-preview:-1\" \/>\n<link rel=\"canonical\" href=\"https:\/\/alice.ch\/de\/themen\/grundkompetenzen\/resultate-der-piaac-erhebung-in-der-schweiz\/\" \/>\n<meta property=\"og:locale\" content=\"de_DE\" \/>\n<meta property=\"og:type\" content=\"article\" \/>\n<meta property=\"og:title\" content=\"Resultate der PIAAC-Erhebung in der Schweiz\u00a0 - SVEB\" \/>\n<meta property=\"og:description\" content=\"Wie k\u00f6nnen die Grundkompetenzen Erwachsener innovativ gef\u00f6rdert werden und wie kann dabei der Arbeitsplatz genutzt werden?\" \/>\n<meta property=\"og:url\" content=\"https:\/\/alice.ch\/de\/themen\/grundkompetenzen\/resultate-der-piaac-erhebung-in-der-schweiz\/\" \/>\n<meta property=\"og:site_name\" content=\"SVEB\" \/>\n<meta property=\"article:modified_time\" content=\"2025-04-25T12:47:06+00:00\" \/>\n<meta property=\"og:image\" content=\"https:\/\/alice.ch\/app\/uploads\/2025\/03\/grundkompetenzen-bildungsstand-2024.png\" \/>\n\t<meta property=\"og:image:width\" content=\"2869\" \/>\n\t<meta property=\"og:image:height\" content=\"1961\" \/>\n\t<meta property=\"og:image:type\" content=\"image\/png\" \/>\n<meta name=\"twitter:card\" content=\"summary_large_image\" \/>\n<script type=\"application\/ld+json\" class=\"yoast-schema-graph\">{\"@context\":\"https:\\\/\\\/schema.org\",\"@graph\":[{\"@type\":\"WebPage\",\"@id\":\"https:\\\/\\\/alice.ch\\\/de\\\/themen\\\/grundkompetenzen\\\/resultate-der-piaac-erhebung-in-der-schweiz\\\/\",\"url\":\"https:\\\/\\\/alice.ch\\\/de\\\/themen\\\/grundkompetenzen\\\/resultate-der-piaac-erhebung-in-der-schweiz\\\/\",\"name\":\"Resultate der PIAAC-Erhebung in der Schweiz\u00a0 - SVEB\",\"isPartOf\":{\"@id\":\"https:\\\/\\\/alice.ch\\\/de\\\/#website\"},\"primaryImageOfPage\":{\"@id\":\"https:\\\/\\\/alice.ch\\\/de\\\/themen\\\/grundkompetenzen\\\/resultate-der-piaac-erhebung-in-der-schweiz\\\/#primaryimage\"},\"image\":{\"@id\":\"https:\\\/\\\/alice.ch\\\/de\\\/themen\\\/grundkompetenzen\\\/resultate-der-piaac-erhebung-in-der-schweiz\\\/#primaryimage\"},\"thumbnailUrl\":\"https:\\\/\\\/alice.ch\\\/app\\\/uploads\\\/2022\\\/11\\\/default.jpg\",\"datePublished\":\"2025-03-19T09:14:03+00:00\",\"dateModified\":\"2025-04-25T12:47:06+00:00\",\"description\":\"Wie k\u00f6nnen die Grundkompetenzen Erwachsener innovativ gef\u00f6rdert werden und wie kann dabei der Arbeitsplatz genutzt werden?\",\"breadcrumb\":{\"@id\":\"https:\\\/\\\/alice.ch\\\/de\\\/themen\\\/grundkompetenzen\\\/resultate-der-piaac-erhebung-in-der-schweiz\\\/#breadcrumb\"},\"inLanguage\":\"de\",\"potentialAction\":[{\"@type\":\"ReadAction\",\"target\":[\"https:\\\/\\\/alice.ch\\\/de\\\/themen\\\/grundkompetenzen\\\/resultate-der-piaac-erhebung-in-der-schweiz\\\/\"]}]},{\"@type\":\"ImageObject\",\"inLanguage\":\"de\",\"@id\":\"https:\\\/\\\/alice.ch\\\/de\\\/themen\\\/grundkompetenzen\\\/resultate-der-piaac-erhebung-in-der-schweiz\\\/#primaryimage\",\"url\":\"https:\\\/\\\/alice.ch\\\/app\\\/uploads\\\/2022\\\/11\\\/default.jpg\",\"contentUrl\":\"https:\\\/\\\/alice.ch\\\/app\\\/uploads\\\/2022\\\/11\\\/default.jpg\",\"width\":1600,\"height\":900},{\"@type\":\"BreadcrumbList\",\"@id\":\"https:\\\/\\\/alice.ch\\\/de\\\/themen\\\/grundkompetenzen\\\/resultate-der-piaac-erhebung-in-der-schweiz\\\/#breadcrumb\",\"itemListElement\":[{\"@type\":\"ListItem\",\"position\":1,\"name\":\"Startseite\",\"item\":\"https:\\\/\\\/alice.ch\\\/de\\\/\"},{\"@type\":\"ListItem\",\"position\":2,\"name\":\"Themen\",\"item\":\"https:\\\/\\\/alice.ch\\\/de\\\/themen\\\/\"},{\"@type\":\"ListItem\",\"position\":3,\"name\":\"Grundkompetenzen\",\"item\":\"https:\\\/\\\/alice.ch\\\/de\\\/themen\\\/grundkompetenzen\\\/\"},{\"@type\":\"ListItem\",\"position\":4,\"name\":\"Resultate der PIAAC-Erhebung in der Schweiz\u00a0\"}]},{\"@type\":\"WebSite\",\"@id\":\"https:\\\/\\\/alice.ch\\\/de\\\/#website\",\"url\":\"https:\\\/\\\/alice.ch\\\/de\\\/\",\"name\":\"alice.ch (Adult Learning Information Center) ist das Portal der Weiterbildung in der Schweiz.\",\"description\":\"Schweizerischer Verband f\u00fcr Weiterbildung\",\"publisher\":{\"@id\":\"https:\\\/\\\/alice.ch\\\/de\\\/#organization\"},\"potentialAction\":[{\"@type\":\"SearchAction\",\"target\":{\"@type\":\"EntryPoint\",\"urlTemplate\":\"https:\\\/\\\/alice.ch\\\/de\\\/?s={search_term_string}\"},\"query-input\":{\"@type\":\"PropertyValueSpecification\",\"valueRequired\":true,\"valueName\":\"search_term_string\"}}],\"inLanguage\":\"de\"},{\"@type\":\"Organization\",\"@id\":\"https:\\\/\\\/alice.ch\\\/de\\\/#organization\",\"name\":\"SVEB Schweizerischer Verband f\u00fcr Weiterbildung\",\"url\":\"https:\\\/\\\/alice.ch\\\/de\\\/\",\"logo\":{\"@type\":\"ImageObject\",\"inLanguage\":\"de\",\"@id\":\"https:\\\/\\\/alice.ch\\\/de\\\/#\\\/schema\\\/logo\\\/image\\\/\",\"url\":\"https:\\\/\\\/alice.ch\\\/app\\\/uploads\\\/2022\\\/07\\\/logo-sveb.png\",\"contentUrl\":\"https:\\\/\\\/alice.ch\\\/app\\\/uploads\\\/2022\\\/07\\\/logo-sveb.png\",\"width\":145,\"height\":64,\"caption\":\"SVEB Schweizerischer Verband f\u00fcr Weiterbildung\"},\"image\":{\"@id\":\"https:\\\/\\\/alice.ch\\\/de\\\/#\\\/schema\\\/logo\\\/image\\\/\"},\"sameAs\":[\"https:\\\/\\\/www.linkedin.com\\\/company\\\/schweizerischer-verband-fr-weiterbildung-sveb\\\/\"]}]}<\/script>\n<!-- \/ Yoast SEO plugin. -->","yoast_head_json":{"title":"Resultate der PIAAC-Erhebung in der Schweiz\u00a0 - SVEB","description":"Wie k\u00f6nnen die Grundkompetenzen Erwachsener innovativ gef\u00f6rdert werden und wie kann dabei der Arbeitsplatz genutzt werden?","robots":{"index":"index","follow":"follow","max-snippet":"max-snippet:-1","max-image-preview":"max-image-preview:large","max-video-preview":"max-video-preview:-1"},"canonical":"https:\/\/alice.ch\/de\/themen\/grundkompetenzen\/resultate-der-piaac-erhebung-in-der-schweiz\/","og_locale":"de_DE","og_type":"article","og_title":"Resultate der PIAAC-Erhebung in der Schweiz\u00a0 - SVEB","og_description":"Wie k\u00f6nnen die Grundkompetenzen Erwachsener innovativ gef\u00f6rdert werden und wie kann dabei der Arbeitsplatz genutzt werden?","og_url":"https:\/\/alice.ch\/de\/themen\/grundkompetenzen\/resultate-der-piaac-erhebung-in-der-schweiz\/","og_site_name":"SVEB","article_modified_time":"2025-04-25T12:47:06+00:00","og_image":[{"width":2869,"height":1961,"url":"https:\/\/alice.ch\/app\/uploads\/2025\/03\/grundkompetenzen-bildungsstand-2024.png","type":"image\/png"}],"twitter_card":"summary_large_image","schema":{"@context":"https:\/\/schema.org","@graph":[{"@type":"WebPage","@id":"https:\/\/alice.ch\/de\/themen\/grundkompetenzen\/resultate-der-piaac-erhebung-in-der-schweiz\/","url":"https:\/\/alice.ch\/de\/themen\/grundkompetenzen\/resultate-der-piaac-erhebung-in-der-schweiz\/","name":"Resultate der PIAAC-Erhebung in der Schweiz\u00a0 - SVEB","isPartOf":{"@id":"https:\/\/alice.ch\/de\/#website"},"primaryImageOfPage":{"@id":"https:\/\/alice.ch\/de\/themen\/grundkompetenzen\/resultate-der-piaac-erhebung-in-der-schweiz\/#primaryimage"},"image":{"@id":"https:\/\/alice.ch\/de\/themen\/grundkompetenzen\/resultate-der-piaac-erhebung-in-der-schweiz\/#primaryimage"},"thumbnailUrl":"https:\/\/alice.ch\/app\/uploads\/2022\/11\/default.jpg","datePublished":"2025-03-19T09:14:03+00:00","dateModified":"2025-04-25T12:47:06+00:00","description":"Wie k\u00f6nnen die Grundkompetenzen Erwachsener innovativ gef\u00f6rdert werden und wie kann dabei der Arbeitsplatz genutzt werden?","breadcrumb":{"@id":"https:\/\/alice.ch\/de\/themen\/grundkompetenzen\/resultate-der-piaac-erhebung-in-der-schweiz\/#breadcrumb"},"inLanguage":"de","potentialAction":[{"@type":"ReadAction","target":["https:\/\/alice.ch\/de\/themen\/grundkompetenzen\/resultate-der-piaac-erhebung-in-der-schweiz\/"]}]},{"@type":"ImageObject","inLanguage":"de","@id":"https:\/\/alice.ch\/de\/themen\/grundkompetenzen\/resultate-der-piaac-erhebung-in-der-schweiz\/#primaryimage","url":"https:\/\/alice.ch\/app\/uploads\/2022\/11\/default.jpg","contentUrl":"https:\/\/alice.ch\/app\/uploads\/2022\/11\/default.jpg","width":1600,"height":900},{"@type":"BreadcrumbList","@id":"https:\/\/alice.ch\/de\/themen\/grundkompetenzen\/resultate-der-piaac-erhebung-in-der-schweiz\/#breadcrumb","itemListElement":[{"@type":"ListItem","position":1,"name":"Startseite","item":"https:\/\/alice.ch\/de\/"},{"@type":"ListItem","position":2,"name":"Themen","item":"https:\/\/alice.ch\/de\/themen\/"},{"@type":"ListItem","position":3,"name":"Grundkompetenzen","item":"https:\/\/alice.ch\/de\/themen\/grundkompetenzen\/"},{"@type":"ListItem","position":4,"name":"Resultate der PIAAC-Erhebung in der Schweiz\u00a0"}]},{"@type":"WebSite","@id":"https:\/\/alice.ch\/de\/#website","url":"https:\/\/alice.ch\/de\/","name":"alice.ch (Adult Learning Information Center) ist das Portal der Weiterbildung in der Schweiz.","description":"Schweizerischer Verband f\u00fcr Weiterbildung","publisher":{"@id":"https:\/\/alice.ch\/de\/#organization"},"potentialAction":[{"@type":"SearchAction","target":{"@type":"EntryPoint","urlTemplate":"https:\/\/alice.ch\/de\/?s={search_term_string}"},"query-input":{"@type":"PropertyValueSpecification","valueRequired":true,"valueName":"search_term_string"}}],"inLanguage":"de"},{"@type":"Organization","@id":"https:\/\/alice.ch\/de\/#organization","name":"SVEB Schweizerischer Verband f\u00fcr Weiterbildung","url":"https:\/\/alice.ch\/de\/","logo":{"@type":"ImageObject","inLanguage":"de","@id":"https:\/\/alice.ch\/de\/#\/schema\/logo\/image\/","url":"https:\/\/alice.ch\/app\/uploads\/2022\/07\/logo-sveb.png","contentUrl":"https:\/\/alice.ch\/app\/uploads\/2022\/07\/logo-sveb.png","width":145,"height":64,"caption":"SVEB Schweizerischer Verband f\u00fcr Weiterbildung"},"image":{"@id":"https:\/\/alice.ch\/de\/#\/schema\/logo\/image\/"},"sameAs":["https:\/\/www.linkedin.com\/company\/schweizerischer-verband-fr-weiterbildung-sveb\/"]}]}},"_links":{"self":[{"href":"https:\/\/alice.ch\/de\/wp-json\/wp\/v2\/pages\/66436","targetHints":{"allow":["GET"]}}],"collection":[{"href":"https:\/\/alice.ch\/de\/wp-json\/wp\/v2\/pages"}],"about":[{"href":"https:\/\/alice.ch\/de\/wp-json\/wp\/v2\/types\/page"}],"author":[{"embeddable":true,"href":"https:\/\/alice.ch\/de\/wp-json\/wp\/v2\/users\/27"}],"replies":[{"embeddable":true,"href":"https:\/\/alice.ch\/de\/wp-json\/wp\/v2\/comments?post=66436"}],"version-history":[{"count":24,"href":"https:\/\/alice.ch\/de\/wp-json\/wp\/v2\/pages\/66436\/revisions"}],"predecessor-version":[{"id":67792,"href":"https:\/\/alice.ch\/de\/wp-json\/wp\/v2\/pages\/66436\/revisions\/67792"}],"up":[{"embeddable":true,"href":"https:\/\/alice.ch\/de\/wp-json\/wp\/v2\/pages\/342"}],"wp:featuredmedia":[{"embeddable":true,"href":"https:\/\/alice.ch\/de\/wp-json\/wp\/v2\/media\/20799"}],"wp:attachment":[{"href":"https:\/\/alice.ch\/de\/wp-json\/wp\/v2\/media?parent=66436"}],"curies":[{"name":"wp","href":"https:\/\/api.w.org\/{rel}","templated":true}]}}