{"id":66465,"date":"2025-10-17T10:52:02","date_gmt":"2025-10-17T08:52:02","guid":{"rendered":"https:\/\/alice.ch\/?page_id=66465"},"modified":"2025-11-15T15:40:30","modified_gmt":"2025-11-15T14:40:30","slug":"aufbaumodul-didaktik","status":"publish","type":"page","link":"https:\/\/alice.ch\/de\/professionalisierung\/eidg-fachausweis-ausbilderin-ausbilder\/aufbaumodul-didaktik\/","title":{"rendered":"Aufbaumodul \u00abDidaktik\u00bb"},"content":{"rendered":"\n<div class=\"wp-block-group is-style-reduced-width is-layout-constrained wp-block-group-is-layout-constrained\">\n<h1 class=\"wp-block-heading\">Lernveranstaltungen f\u00fcr Erwachsene didaktisch konzipieren und gestalten<\/h1>\n\n\n\n<p class=\"is-style-lead\">Im Pflicht-Aufbaumodul \u00abDidaktik\u00bb (AdA FA-AMD) geht es darum, sich alle n\u00f6tigen Kompetenzen anzueignen, um selbst\u00e4ndig und erfolgreich Lernveranstaltungen f\u00fcr Erwachsene didaktisch zu konzipieren und zu gestalten sowie den Lernerfolg der Teilnehmenden zu \u00fcberpr\u00fcfen.<\/p>\n\n\n\n<p>Die Teilnehmenden entwickeln in ihrem Fachbereich didaktische Konzepte zur Anbahnung fachlicher und \u00fcberfachlicher Kompetenzen und erarbeiten umsetzbare Transferkonzepte. Sie nutzen den didaktischen Mehrwert von technologiebasierten Medien und Kommunikationstechnologien bei der Gestaltung von Lehr- und Lernveranstaltungen. Sie ber\u00fccksichtigen und nutzen in der didaktischen Konzeption die Subjekt- und Biographiegebundenheit der Teilnehmenden.<\/p>\n\n\n\n<figure class=\"wp-block-image size-full is-resized is-style-no-border\"><img decoding=\"async\" src=\"https:\/\/alice.ch\/app\/uploads\/2025\/06\/ada-fa-amd.svg\" alt=\"\" class=\"wp-image-68689\" style=\"aspect-ratio:1;width:492px;height:auto\"\/><\/figure>\n\n\n\n<p>\u00dcbergeordnete Handlungskompetenz: Im eigenen Fachbereich Lernveranstaltungen f\u00fcr Erwachsene selbstst\u00e4ndig didaktisch konzipieren und gestalten sowie den Lernerfolg \u00fcberpr\u00fcfen<\/p>\n\n\n\n<div class=\"wp-block-columns is-style-accordion is-layout-flex wp-container-core-columns-is-layout-28f84493 wp-block-columns-is-layout-flex\" id=\"faq-element-1\">\n<div class=\"wp-block-column is-layout-flow wp-block-column-is-layout-flow\">\n<h3 class=\"wp-block-heading\">Im Modul entwickelte und nachgewiesene Kompetenzen<\/h3>\n<\/div>\n\n\n\n<div class=\"wp-block-column is-layout-flow wp-block-column-is-layout-flow\">\n<ul class=\"wp-block-list\">\n<li>Grobplanung f\u00fcr eine Lehr-\/Lernveranstaltung resp. Lernbegleitung unter Ber\u00fccksichtigung der curricularen und institutionellen Vorgaben erstellen<\/li>\n\n\n\n<li>Valide Pr\u00fcfungsverfahren planen Blended Learning Settings planen <\/li>\n\n\n\n<li>Handlungsorientierte Methoden in komplexen Lehr-\/Lernsituationen einsetzen <\/li>\n\n\n\n<li>Vorgegebene Qualit\u00e4tssicherungsmassnahmen umsetzen<\/li>\n\n\n\n<li>Im eigenen Fachbereich den Bildungsbedarf sowie die Interessen und Voraussetzungen der Adressatinnen und Adressaten f\u00fcr eine Ausbildungseinheit abkl\u00e4ren <\/li>\n\n\n\n<li>Fachliche sowie \u00fcberfachliche Kompetenzen formulieren<\/li>\n\n\n\n<li>Ein didaktisches Design f\u00fcr eine vorbestimmte Ausbildungseinheit entwickeln<\/li>\n\n\n\n<li>Die \u00dcberpr\u00fcfung der Erreichung von Kompetenzen konzipieren Lehr-\/Lernprozesse als Erm\u00f6glichung von Lernen interpretieren<\/li>\n<\/ul>\n<\/div>\n<\/div>\n\n\n\n<div class=\"wp-block-columns is-style-accordion is-layout-flex wp-container-core-columns-is-layout-28f84493 wp-block-columns-is-layout-flex\" id=\"faq-element-1\">\n<div class=\"wp-block-column is-layout-flow wp-block-column-is-layout-flow\">\n<h3 class=\"wp-block-heading\">Im Modul zum Teil entwickelte und nachgewiesene Kompetenzen<\/h3>\n<\/div>\n\n\n\n<div class=\"wp-block-column is-layout-flow wp-block-column-is-layout-flow\">\n<ul class=\"wp-block-list\">\n<li>Technologiebasierte Kommunikationsformen zur Lernunterst\u00fctzung planen<\/li>\n\n\n\n<li>Einfache technologiebasierte Medien f\u00fcr verschiedene Lernprozesse adaptieren und gestalten<\/li>\n\n\n\n<li>Berufsfelddidaktische \u00dcberlegungen in die Planung von Lehr-\/Lernveranstaltungen miteinbeziehen <\/li>\n\n\n\n<li>Technologiebasierte Medien im Lehr-\/Lernprozess einsetzen<\/li>\n\n\n\n<li>Binnendifferenzierung in heterogenen Gruppen methodisch realisieren<\/li>\n\n\n\n<li>Vollst\u00e4ndige Feedbackprozesse mit geeigneten Instrumenten durchf\u00fchren<\/li>\n<\/ul>\n<\/div>\n<\/div>\n\n\n\n<div class=\"wp-block-columns is-style-accordion is-layout-flex wp-container-core-columns-is-layout-28f84493 wp-block-columns-is-layout-flex\" id=\"faq-element-1\">\n<div class=\"wp-block-column is-layout-flow wp-block-column-is-layout-flow\">\n<h3 class=\"wp-block-heading\">Kompetenznachweis und Anforderungen<\/h3>\n<\/div>\n\n\n\n<div class=\"wp-block-column is-layout-flow wp-block-column-is-layout-flow\">\n<p>Der Kompetenznachweis f\u00fcr dieses Modul besteht aus einer schriftlichen, didaktischen Konzeption f\u00fcr eine Lernveranstaltung und der praktischen Durchf\u00fchrung der Lernveranstaltung oder einer Sequenz daraus mit einer Lerngruppe sowie einer Reflexion der Durchf\u00fchrung.<\/p>\n\n\n\n<p>F\u00fcr den Erhalt des Modulzertifikats m\u00fcssen folgende Anforderungen erf\u00fcllt sein: <br>&#8211; Aktive Teilnahme in den vorgegebenen Kontaktlernzeiten (mindestens 80%) <br>&#8211; Durch die Moduldozentin oder den Moduldozenten mit \u00abbestanden\u00bb bewerteter Kompetenznachweis <br>&#8211; Entwicklung bzw. Weiterentwicklung des Kompetenzportfolios<\/p>\n<\/div>\n<\/div>\n\n\n\n<h2 class=\"wp-block-heading\">Modulbeschreibung<\/h2>\n\n\n\n<div class=\"wp-block-columns is-layout-flex wp-container-core-columns-is-layout-28f84493 wp-block-columns-is-layout-flex\">\n<div class=\"wp-block-column is-layout-flow wp-block-column-is-layout-flow\">\n<div class=\"wp-block-file\"><a id=\"wp-block-file--media-b76e0033-65c4-4ef4-a35b-8f06cbc6bff1\" href=\"https:\/\/alice.ch\/app\/uploads\/2023\/05\/FA-AMD.pdf\">Aufbaumodul \u00abDidaktik\u00bb Lernveranstaltungen f\u00fcr Erwachsene didaktisch konzipieren und gestalten (AdA FA-AMD)<br \/>PDF &#8211; 242 KB<\/a><a href=\"https:\/\/alice.ch\/app\/uploads\/2023\/05\/FA-AMD.pdf\" class=\"wp-block-file__button wp-element-button\" download aria-describedby=\"wp-block-file--media-b76e0033-65c4-4ef4-a35b-8f06cbc6bff1\">Herunterladen<br \/>PDF &#8211; 242 KB<\/a><\/div>\n<\/div>\n\n\n\n<div class=\"wp-block-column is-layout-flow wp-block-column-is-layout-flow\"><\/div>\n<\/div>\n\n\n\n<h2 class=\"wp-block-heading\">AdA-Module finden<\/h2>\n\n\n\n<p>In der Kurs-Datenbank finden Sie Bildungsanbieter, die das Pflicht-Aufbaumodul \u00abDidaktik\u00bb (AdA FA-AMD) anbieten:<\/p>\n\n\n\n<div class=\"wp-block-buttons is-layout-flex wp-block-buttons-is-layout-flex\">\n<div class=\"wp-block-button is-style-outline is-style-outline--1\"><a class=\"wp-block-button__link wp-element-button\" href=\"https:\/\/alice.ch\/de\/professionalisierung\/ada-baukastensystem\/ada-kurse-finden\/?modul=23\">Modul \u00abDidaktik\u00bb (AdA FA-AMD)<\/a><\/div>\n<\/div>\n\n\n\n<h2 class=\"wp-block-heading\">Kontakt<\/h2>\n\n\n\n<div class=\"wp-block-columns is-layout-flex wp-container-core-columns-is-layout-28f84493 wp-block-columns-is-layout-flex\">\n<div class=\"wp-block-column is-layout-flow wp-block-column-is-layout-flow\" style=\"flex-basis:50%\"><div class=\"contact-persons\">\n\n\t\t\t\t\t<div class=\"contact-person\">\n\t\t\t\t\tGesch\u00e4ftsstelle AdA<br \/>\t\t\t\t\tAnna Pi\u00f1ol<br \/>\t\t\t\t\t<br \/>\n\t\t\t\t\tHardstrasse 235<br \/>\r\n8005 Z\u00fcrich<br \/>\t\t\t\t\t<a href=\"tel:+41 (0)44 319 71 63\">+41 (0)44 319 71 63<\/a><br \/>\t\t\t\t\t<a href=\"mailto:ada@alice.ch\">ada@alice.ch<\/a><br \/>\t\t\t\t\t<\/div>\n\t\t\t\t\t<\/div>\n<\/div>\n\n\n\n<div class=\"wp-block-column is-layout-flow wp-block-column-is-layout-flow\" style=\"flex-basis:50%\"><\/div>\n<\/div>\n\n\n\n<p><\/p>\n<\/div>\n","protected":false},"excerpt":{"rendered":"<p>Lernveranstaltungen f\u00fcr Erwachsene didaktisch konzipieren und gestalten Im Pflicht-Aufbaumodul \u00abDidaktik\u00bb (AdA FA-AMD) geht es darum, sich alle n\u00f6tigen Kompetenzen anzueignen, [&hellip;]<\/p>\n","protected":false},"author":27,"featured_media":20799,"parent":562,"menu_order":373,"comment_status":"closed","ping_status":"closed","template":"","meta":{"_acf_changed":false,"inline_featured_image":false,"footnotes":""},"class_list":["post-66465","page","type-page","status-publish","has-post-thumbnail","hentry"],"acf":[],"yoast_head":"<!-- This site is optimized with the Yoast SEO plugin v27.3 - https:\/\/yoast.com\/product\/yoast-seo-wordpress\/ -->\n<title>Aufbaumodul \u00abDidaktik\u00bb - SVEB<\/title>\n<meta name=\"description\" content=\"Im Aufbaumodul Didaktik (AdA FA-AMD) lernen Sie Lernveranstaltungen f\u00fcr Erwachsene selbstst\u00e4ndig didaktisch zu konzipieren und zu \u00fcberpr\u00fcfen\" \/>\n<meta name=\"robots\" content=\"index, follow, max-snippet:-1, max-image-preview:large, max-video-preview:-1\" \/>\n<link rel=\"canonical\" href=\"https:\/\/alice.ch\/de\/professionalisierung\/eidg-fachausweis-ausbilderin-ausbilder\/aufbaumodul-didaktik\/\" \/>\n<meta property=\"og:locale\" content=\"de_DE\" \/>\n<meta property=\"og:type\" content=\"article\" \/>\n<meta property=\"og:title\" content=\"Aufbaumodul \u00abDidaktik\u00bb - SVEB\" \/>\n<meta property=\"og:description\" content=\"Im Aufbaumodul Didaktik (AdA FA-AMD) lernen Sie Lernveranstaltungen f\u00fcr Erwachsene selbstst\u00e4ndig didaktisch zu konzipieren und zu \u00fcberpr\u00fcfen\" \/>\n<meta property=\"og:url\" content=\"https:\/\/alice.ch\/de\/professionalisierung\/eidg-fachausweis-ausbilderin-ausbilder\/aufbaumodul-didaktik\/\" \/>\n<meta property=\"og:site_name\" content=\"SVEB\" \/>\n<meta property=\"article:modified_time\" content=\"2025-11-15T14:40:30+00:00\" \/>\n<meta name=\"twitter:card\" content=\"summary_large_image\" \/>\n<meta name=\"twitter:label1\" content=\"Gesch\u00e4tzte Lesezeit\" \/>\n\t<meta name=\"twitter:data1\" content=\"4\u00a0Minuten\" \/>\n<script type=\"application\/ld+json\" class=\"yoast-schema-graph\">{\"@context\":\"https:\\\/\\\/schema.org\",\"@graph\":[{\"@type\":\"WebPage\",\"@id\":\"https:\\\/\\\/alice.ch\\\/de\\\/professionalisierung\\\/eidg-fachausweis-ausbilderin-ausbilder\\\/aufbaumodul-didaktik\\\/\",\"url\":\"https:\\\/\\\/alice.ch\\\/de\\\/professionalisierung\\\/eidg-fachausweis-ausbilderin-ausbilder\\\/aufbaumodul-didaktik\\\/\",\"name\":\"Aufbaumodul \u00abDidaktik\u00bb - SVEB\",\"isPartOf\":{\"@id\":\"https:\\\/\\\/alice.ch\\\/de\\\/#website\"},\"primaryImageOfPage\":{\"@id\":\"https:\\\/\\\/alice.ch\\\/de\\\/professionalisierung\\\/eidg-fachausweis-ausbilderin-ausbilder\\\/aufbaumodul-didaktik\\\/#primaryimage\"},\"image\":{\"@id\":\"https:\\\/\\\/alice.ch\\\/de\\\/professionalisierung\\\/eidg-fachausweis-ausbilderin-ausbilder\\\/aufbaumodul-didaktik\\\/#primaryimage\"},\"thumbnailUrl\":\"https:\\\/\\\/alice.ch\\\/app\\\/uploads\\\/2022\\\/11\\\/default.jpg\",\"datePublished\":\"2025-10-17T08:52:02+00:00\",\"dateModified\":\"2025-11-15T14:40:30+00:00\",\"description\":\"Im Aufbaumodul Didaktik (AdA FA-AMD) lernen Sie Lernveranstaltungen f\u00fcr Erwachsene selbstst\u00e4ndig didaktisch zu konzipieren und zu \u00fcberpr\u00fcfen\",\"breadcrumb\":{\"@id\":\"https:\\\/\\\/alice.ch\\\/de\\\/professionalisierung\\\/eidg-fachausweis-ausbilderin-ausbilder\\\/aufbaumodul-didaktik\\\/#breadcrumb\"},\"inLanguage\":\"de\",\"potentialAction\":[{\"@type\":\"ReadAction\",\"target\":[\"https:\\\/\\\/alice.ch\\\/de\\\/professionalisierung\\\/eidg-fachausweis-ausbilderin-ausbilder\\\/aufbaumodul-didaktik\\\/\"]}]},{\"@type\":\"ImageObject\",\"inLanguage\":\"de\",\"@id\":\"https:\\\/\\\/alice.ch\\\/de\\\/professionalisierung\\\/eidg-fachausweis-ausbilderin-ausbilder\\\/aufbaumodul-didaktik\\\/#primaryimage\",\"url\":\"https:\\\/\\\/alice.ch\\\/app\\\/uploads\\\/2022\\\/11\\\/default.jpg\",\"contentUrl\":\"https:\\\/\\\/alice.ch\\\/app\\\/uploads\\\/2022\\\/11\\\/default.jpg\",\"width\":1600,\"height\":900},{\"@type\":\"BreadcrumbList\",\"@id\":\"https:\\\/\\\/alice.ch\\\/de\\\/professionalisierung\\\/eidg-fachausweis-ausbilderin-ausbilder\\\/aufbaumodul-didaktik\\\/#breadcrumb\",\"itemListElement\":[{\"@type\":\"ListItem\",\"position\":1,\"name\":\"Startseite\",\"item\":\"https:\\\/\\\/alice.ch\\\/de\\\/\"},{\"@type\":\"ListItem\",\"position\":2,\"name\":\"Professionalisierung\",\"item\":\"https:\\\/\\\/alice.ch\\\/de\\\/professionalisierung\\\/\"},{\"@type\":\"ListItem\",\"position\":3,\"name\":\"Eidgen\u00f6ssischer Fachausweis Ausbilderin\\\/Ausbilder\",\"item\":\"https:\\\/\\\/alice.ch\\\/de\\\/professionalisierung\\\/eidg-fachausweis-ausbilderin-ausbilder\\\/\"},{\"@type\":\"ListItem\",\"position\":4,\"name\":\"Aufbaumodul \u00abDidaktik\u00bb\"}]},{\"@type\":\"WebSite\",\"@id\":\"https:\\\/\\\/alice.ch\\\/de\\\/#website\",\"url\":\"https:\\\/\\\/alice.ch\\\/de\\\/\",\"name\":\"alice.ch (Adult Learning Information Center) ist das Portal der Weiterbildung in der Schweiz.\",\"description\":\"Schweizerischer Verband f\u00fcr Weiterbildung\",\"publisher\":{\"@id\":\"https:\\\/\\\/alice.ch\\\/de\\\/#organization\"},\"potentialAction\":[{\"@type\":\"SearchAction\",\"target\":{\"@type\":\"EntryPoint\",\"urlTemplate\":\"https:\\\/\\\/alice.ch\\\/de\\\/?s={search_term_string}\"},\"query-input\":{\"@type\":\"PropertyValueSpecification\",\"valueRequired\":true,\"valueName\":\"search_term_string\"}}],\"inLanguage\":\"de\"},{\"@type\":\"Organization\",\"@id\":\"https:\\\/\\\/alice.ch\\\/de\\\/#organization\",\"name\":\"SVEB Schweizerischer Verband f\u00fcr Weiterbildung\",\"url\":\"https:\\\/\\\/alice.ch\\\/de\\\/\",\"logo\":{\"@type\":\"ImageObject\",\"inLanguage\":\"de\",\"@id\":\"https:\\\/\\\/alice.ch\\\/de\\\/#\\\/schema\\\/logo\\\/image\\\/\",\"url\":\"https:\\\/\\\/alice.ch\\\/app\\\/uploads\\\/2022\\\/07\\\/logo-sveb.png\",\"contentUrl\":\"https:\\\/\\\/alice.ch\\\/app\\\/uploads\\\/2022\\\/07\\\/logo-sveb.png\",\"width\":145,\"height\":64,\"caption\":\"SVEB Schweizerischer Verband f\u00fcr Weiterbildung\"},\"image\":{\"@id\":\"https:\\\/\\\/alice.ch\\\/de\\\/#\\\/schema\\\/logo\\\/image\\\/\"},\"sameAs\":[\"https:\\\/\\\/www.linkedin.com\\\/company\\\/schweizerischer-verband-fr-weiterbildung-sveb\\\/\"]}]}<\/script>\n<!-- \/ Yoast SEO plugin. -->","yoast_head_json":{"title":"Aufbaumodul \u00abDidaktik\u00bb - SVEB","description":"Im Aufbaumodul Didaktik (AdA FA-AMD) lernen Sie Lernveranstaltungen f\u00fcr Erwachsene selbstst\u00e4ndig didaktisch zu konzipieren und zu \u00fcberpr\u00fcfen","robots":{"index":"index","follow":"follow","max-snippet":"max-snippet:-1","max-image-preview":"max-image-preview:large","max-video-preview":"max-video-preview:-1"},"canonical":"https:\/\/alice.ch\/de\/professionalisierung\/eidg-fachausweis-ausbilderin-ausbilder\/aufbaumodul-didaktik\/","og_locale":"de_DE","og_type":"article","og_title":"Aufbaumodul \u00abDidaktik\u00bb - SVEB","og_description":"Im Aufbaumodul Didaktik (AdA FA-AMD) lernen Sie Lernveranstaltungen f\u00fcr Erwachsene selbstst\u00e4ndig didaktisch zu konzipieren und zu \u00fcberpr\u00fcfen","og_url":"https:\/\/alice.ch\/de\/professionalisierung\/eidg-fachausweis-ausbilderin-ausbilder\/aufbaumodul-didaktik\/","og_site_name":"SVEB","article_modified_time":"2025-11-15T14:40:30+00:00","twitter_card":"summary_large_image","twitter_misc":{"Gesch\u00e4tzte Lesezeit":"4\u00a0Minuten"},"schema":{"@context":"https:\/\/schema.org","@graph":[{"@type":"WebPage","@id":"https:\/\/alice.ch\/de\/professionalisierung\/eidg-fachausweis-ausbilderin-ausbilder\/aufbaumodul-didaktik\/","url":"https:\/\/alice.ch\/de\/professionalisierung\/eidg-fachausweis-ausbilderin-ausbilder\/aufbaumodul-didaktik\/","name":"Aufbaumodul \u00abDidaktik\u00bb - SVEB","isPartOf":{"@id":"https:\/\/alice.ch\/de\/#website"},"primaryImageOfPage":{"@id":"https:\/\/alice.ch\/de\/professionalisierung\/eidg-fachausweis-ausbilderin-ausbilder\/aufbaumodul-didaktik\/#primaryimage"},"image":{"@id":"https:\/\/alice.ch\/de\/professionalisierung\/eidg-fachausweis-ausbilderin-ausbilder\/aufbaumodul-didaktik\/#primaryimage"},"thumbnailUrl":"https:\/\/alice.ch\/app\/uploads\/2022\/11\/default.jpg","datePublished":"2025-10-17T08:52:02+00:00","dateModified":"2025-11-15T14:40:30+00:00","description":"Im Aufbaumodul Didaktik (AdA FA-AMD) lernen Sie Lernveranstaltungen f\u00fcr Erwachsene selbstst\u00e4ndig didaktisch zu konzipieren und zu \u00fcberpr\u00fcfen","breadcrumb":{"@id":"https:\/\/alice.ch\/de\/professionalisierung\/eidg-fachausweis-ausbilderin-ausbilder\/aufbaumodul-didaktik\/#breadcrumb"},"inLanguage":"de","potentialAction":[{"@type":"ReadAction","target":["https:\/\/alice.ch\/de\/professionalisierung\/eidg-fachausweis-ausbilderin-ausbilder\/aufbaumodul-didaktik\/"]}]},{"@type":"ImageObject","inLanguage":"de","@id":"https:\/\/alice.ch\/de\/professionalisierung\/eidg-fachausweis-ausbilderin-ausbilder\/aufbaumodul-didaktik\/#primaryimage","url":"https:\/\/alice.ch\/app\/uploads\/2022\/11\/default.jpg","contentUrl":"https:\/\/alice.ch\/app\/uploads\/2022\/11\/default.jpg","width":1600,"height":900},{"@type":"BreadcrumbList","@id":"https:\/\/alice.ch\/de\/professionalisierung\/eidg-fachausweis-ausbilderin-ausbilder\/aufbaumodul-didaktik\/#breadcrumb","itemListElement":[{"@type":"ListItem","position":1,"name":"Startseite","item":"https:\/\/alice.ch\/de\/"},{"@type":"ListItem","position":2,"name":"Professionalisierung","item":"https:\/\/alice.ch\/de\/professionalisierung\/"},{"@type":"ListItem","position":3,"name":"Eidgen\u00f6ssischer Fachausweis Ausbilderin\/Ausbilder","item":"https:\/\/alice.ch\/de\/professionalisierung\/eidg-fachausweis-ausbilderin-ausbilder\/"},{"@type":"ListItem","position":4,"name":"Aufbaumodul \u00abDidaktik\u00bb"}]},{"@type":"WebSite","@id":"https:\/\/alice.ch\/de\/#website","url":"https:\/\/alice.ch\/de\/","name":"alice.ch (Adult Learning Information Center) ist das Portal der Weiterbildung in der Schweiz.","description":"Schweizerischer Verband f\u00fcr Weiterbildung","publisher":{"@id":"https:\/\/alice.ch\/de\/#organization"},"potentialAction":[{"@type":"SearchAction","target":{"@type":"EntryPoint","urlTemplate":"https:\/\/alice.ch\/de\/?s={search_term_string}"},"query-input":{"@type":"PropertyValueSpecification","valueRequired":true,"valueName":"search_term_string"}}],"inLanguage":"de"},{"@type":"Organization","@id":"https:\/\/alice.ch\/de\/#organization","name":"SVEB Schweizerischer Verband f\u00fcr Weiterbildung","url":"https:\/\/alice.ch\/de\/","logo":{"@type":"ImageObject","inLanguage":"de","@id":"https:\/\/alice.ch\/de\/#\/schema\/logo\/image\/","url":"https:\/\/alice.ch\/app\/uploads\/2022\/07\/logo-sveb.png","contentUrl":"https:\/\/alice.ch\/app\/uploads\/2022\/07\/logo-sveb.png","width":145,"height":64,"caption":"SVEB Schweizerischer Verband f\u00fcr Weiterbildung"},"image":{"@id":"https:\/\/alice.ch\/de\/#\/schema\/logo\/image\/"},"sameAs":["https:\/\/www.linkedin.com\/company\/schweizerischer-verband-fr-weiterbildung-sveb\/"]}]}},"_links":{"self":[{"href":"https:\/\/alice.ch\/de\/wp-json\/wp\/v2\/pages\/66465","targetHints":{"allow":["GET"]}}],"collection":[{"href":"https:\/\/alice.ch\/de\/wp-json\/wp\/v2\/pages"}],"about":[{"href":"https:\/\/alice.ch\/de\/wp-json\/wp\/v2\/types\/page"}],"author":[{"embeddable":true,"href":"https:\/\/alice.ch\/de\/wp-json\/wp\/v2\/users\/27"}],"replies":[{"embeddable":true,"href":"https:\/\/alice.ch\/de\/wp-json\/wp\/v2\/comments?post=66465"}],"version-history":[{"count":12,"href":"https:\/\/alice.ch\/de\/wp-json\/wp\/v2\/pages\/66465\/revisions"}],"predecessor-version":[{"id":71982,"href":"https:\/\/alice.ch\/de\/wp-json\/wp\/v2\/pages\/66465\/revisions\/71982"}],"up":[{"embeddable":true,"href":"https:\/\/alice.ch\/de\/wp-json\/wp\/v2\/pages\/562"}],"wp:featuredmedia":[{"embeddable":true,"href":"https:\/\/alice.ch\/de\/wp-json\/wp\/v2\/media\/20799"}],"wp:attachment":[{"href":"https:\/\/alice.ch\/de\/wp-json\/wp\/v2\/media?parent=66465"}],"curies":[{"name":"wp","href":"https:\/\/api.w.org\/{rel}","templated":true}]}}