{"id":67308,"date":"2025-10-17T13:28:23","date_gmt":"2025-10-17T11:28:23","guid":{"rendered":"https:\/\/alice.ch\/?page_id=67308"},"modified":"2025-11-15T15:51:40","modified_gmt":"2025-11-15T14:51:40","slug":"vertiefungsmodul-online-lernangebote","status":"publish","type":"page","link":"https:\/\/alice.ch\/de\/professionalisierung\/eidg-fachausweis-ausbilderin-ausbilder\/vertiefungsmodul-online-lernangebote\/","title":{"rendered":"Vertiefungsmodul \u00abOnline-Lernangebote\u00bb"},"content":{"rendered":"\n<div class=\"wp-block-group is-style-reduced-width is-layout-flow wp-block-group-is-layout-flow\">\n<h1 class=\"wp-block-heading\">Online-Lernangebote didaktisch konzipieren und gestalten<\/h1>\n\n\n\n<p class=\"is-style-lead\">In diesem Vertiefungsmodul \u00abOnline-Lernangebote didaktisch konzipieren und gestalten\u00bb (AdA FA-VM-OL) eignen Sie sich alle n\u00f6tigen Kompetenzen an, um digitale Lernformen und Lernveranstaltungen didaktisch zu konzipieren, zu gestalten und auszuwerten.<\/p>\n\n\n\n<p class=\"is-style-default\">\u00dcbergeordnete Handlungskompetenz: Digitale Lernformen und Lernveranstaltungen didaktisch konzipieren, gestalten und auswerten<\/p>\n\n\n\n<div class=\"wp-block-columns is-layout-flex wp-container-core-columns-is-layout-28f84493 wp-block-columns-is-layout-flex\">\n<div class=\"wp-block-column is-layout-flow wp-block-column-is-layout-flow\" style=\"flex-basis:66.66%\">\n<figure class=\"wp-block-image size-large is-style-no-border\"><img decoding=\"async\" src=\"https:\/\/alice.ch\/app\/uploads\/2025\/06\/vertiefungsmodul-ada-fa-vm.svg\" alt=\"\" class=\"wp-image-68926\"\/><\/figure>\n<\/div>\n\n\n\n<div class=\"wp-block-column is-layout-flow wp-block-column-is-layout-flow\" style=\"flex-basis:33.33%\"><\/div>\n<\/div>\n\n\n\n<div class=\"wp-block-columns is-style-accordion is-layout-flex wp-container-core-columns-is-layout-28f84493 wp-block-columns-is-layout-flex\" id=\"faq-element-1\">\n<div class=\"wp-block-column is-layout-flow wp-block-column-is-layout-flow\">\n<h3 class=\"wp-block-heading\">Im Modul entwickelte und nachgewiesene Kompetenzen<\/h3>\n<\/div>\n\n\n\n<div class=\"wp-block-column is-layout-flow wp-block-column-is-layout-flow\">\n<ul class=\"wp-block-list\">\n<li>Grobplanung f\u00fcr eine Lehr-\/Lernveranstaltung resp. Lernbegleitung unter Ber\u00fccksichtigung der curricularen und institutionellen Vorgaben erstellen<\/li>\n\n\n\n<li>Valide Pr\u00fcfungsverfahren planen <\/li>\n\n\n\n<li>Blended Learning Settings planen<\/li>\n\n\n\n<li>Handlungsorientierte Methoden in komplexen Lehr-\/Lernsituationen einsetzen <\/li>\n\n\n\n<li>Vorgegebene Qualit\u00e4tssicherungsmassnahmen umsetzen<\/li>\n\n\n\n<li>Im eigenen Fachbereich den Bildungsbedarf sowie die Interessen und Voraussetzungen der Adressatinnen und Adressaten f\u00fcr eine Ausbildungseinheit abkl\u00e4ren <\/li>\n\n\n\n<li>Fachliche sowie \u00fcberfachliche Kompetenzen formulieren<\/li>\n\n\n\n<li>Ein didaktisches Design f\u00fcr eine vorbestimmte Ausbildungseinheit entwickeln<\/li>\n\n\n\n<li>Die \u00dcberpr\u00fcfung der Erreichung von Kompetenzen konzipieren Lehr-\/Lernprozesse als Erm\u00f6glichung von Lernen interpretieren<\/li>\n<\/ul>\n<\/div>\n<\/div>\n\n\n\n<div class=\"wp-block-columns is-style-accordion is-layout-flex wp-container-core-columns-is-layout-28f84493 wp-block-columns-is-layout-flex\" id=\"faq-element-1\">\n<div class=\"wp-block-column is-layout-flow wp-block-column-is-layout-flow\">\n<h3 class=\"wp-block-heading\">Kompetenznachweis und Anforderungen<\/h3>\n<\/div>\n\n\n\n<div class=\"wp-block-column is-layout-flow wp-block-column-is-layout-flow\">\n<p>Der Kompetenznachweis f\u00fcr dieses Modul besteht aus der Konzeption einer OnlineLernveranstaltung f\u00fcr Erwachsene sowie deren Reflexion.<\/p>\n\n\n\n<p>F\u00fcr den Erhalt des Modulzertifikats m\u00fcssen folgende Anforderungen erf\u00fcllt sein: <\/p>\n\n\n\n<ul class=\"wp-block-list\">\n<li>Aktive Teilnahme in den vorgegebenen Kontaktlernzeiten (mindestens 80%)<\/li>\n\n\n\n<li>Durch die Moduldozentin oder den Moduldozenten mit \u00abbestanden\u00bb bewerteter Kompetenznachweis <\/li>\n\n\n\n<li>Entwicklung bzw. Weiterentwicklung des Kompetenzportfolios<\/li>\n<\/ul>\n<\/div>\n<\/div>\n<\/div>\n\n\n\n<p><\/p>\n\n\n\n<h2 class=\"wp-block-heading\">Modulbeschreibung<\/h2>\n\n\n\n<div class=\"wp-block-columns is-layout-flex wp-container-core-columns-is-layout-28f84493 wp-block-columns-is-layout-flex\">\n<div class=\"wp-block-column is-layout-flow wp-block-column-is-layout-flow\">\n<div class=\"wp-block-file\"><a id=\"wp-block-file--media-82068f39-6657-4bc2-99cb-2b2127db91aa\" href=\"https:\/\/alice.ch\/app\/uploads\/2023\/05\/FA-VM-OL.pdf\">Modulbeschreibung Vertiefungsmodul<br>\u00abOnline-Lernangebote\u00bb (AdA FA-VM-OL)<br \/>PDF &#8211; 230 KB<\/a><a href=\"https:\/\/alice.ch\/app\/uploads\/2023\/05\/FA-VM-OL.pdf\" class=\"wp-block-file__button wp-element-button\" download aria-describedby=\"wp-block-file--media-82068f39-6657-4bc2-99cb-2b2127db91aa\">Herunterladen<br \/>PDF &#8211; 230 KB<\/a><\/div>\n<\/div>\n\n\n\n<div class=\"wp-block-column is-layout-flow wp-block-column-is-layout-flow\"><\/div>\n<\/div>\n\n\n\n<h2 class=\"wp-block-heading\">AdA-Module finden<\/h2>\n\n\n\n<p>In der Kurs-Datenbank finden Sie Bildungsanbieter, die das Vertiefungsmodul \u00abOnline-Lernangebote didaktisch konzipieren und gestalten\u00bb (AdA FA-VM-OL) anbieten:<\/p>\n\n\n\n<div class=\"wp-block-buttons is-layout-flex wp-block-buttons-is-layout-flex\">\n<div class=\"wp-block-button has-custom-width wp-block-button__width-50 is-style-outline is-style-outline--1\"><a class=\"wp-block-button__link wp-element-button\" href=\"https:\/\/alice.ch\/de\/professionalisierung\/ada-baukastensystem\/ada-kurse-finden\/?modul=27\">Modul  \u00abOnline-Lernangebote didaktisch konzipieren und gestalten\u00bb (AdA FA-VM-OL)<\/a><\/div>\n<\/div>\n\n\n\n<h2 class=\"wp-block-heading\">Kontakt<\/h2>\n\n\n\n<div class=\"wp-block-columns is-layout-flex wp-container-core-columns-is-layout-28f84493 wp-block-columns-is-layout-flex\">\n<div class=\"wp-block-column is-layout-flow wp-block-column-is-layout-flow\" style=\"flex-basis:50%\"><div class=\"contact-persons\">\n\n\t\t\t\t\t<div class=\"contact-person\">\n\t\t\t\t\tGesch\u00e4ftsstelle AdA<br \/>\t\t\t\t\tAnna Pi\u00f1ol<br \/>\t\t\t\t\t<br \/>\n\t\t\t\t\tHardstrasse 235<br \/>\r\n8005 Z\u00fcrich<br \/>\t\t\t\t\t<a href=\"tel:+41 (0)44 319 71 63\">+41 (0)44 319 71 63<\/a><br \/>\t\t\t\t\t<a href=\"mailto:ada@alice.ch\">ada@alice.ch<\/a><br \/>\t\t\t\t\t<\/div>\n\t\t\t\t\t<\/div>\n<\/div>\n\n\n\n<div class=\"wp-block-column is-layout-flow wp-block-column-is-layout-flow\" style=\"flex-basis:50%\"><\/div>\n<\/div>\n\n\n\n<p><\/p>\n","protected":false},"excerpt":{"rendered":"<p>Online-Lernangebote didaktisch konzipieren und gestalten In diesem Vertiefungsmodul \u00abOnline-Lernangebote didaktisch konzipieren und gestalten\u00bb (AdA FA-VM-OL) eignen Sie sich alle n\u00f6tigen [&hellip;]<\/p>\n","protected":false},"author":27,"featured_media":20799,"parent":562,"menu_order":375,"comment_status":"closed","ping_status":"closed","template":"","meta":{"_acf_changed":false,"inline_featured_image":false,"footnotes":""},"class_list":["post-67308","page","type-page","status-publish","has-post-thumbnail","hentry"],"acf":[],"yoast_head":"<!-- This site is optimized with the Yoast SEO plugin v27.3 - https:\/\/yoast.com\/product\/yoast-seo-wordpress\/ -->\n<title>Vertiefungsmodul \u00abOnline-Lernangebote\u00bb - SVEB<\/title>\n<meta name=\"description\" content=\"Im Vertiefungsmodul \u00abOnline-Lernangebote\u00bb (AdA FA-VM-OL) lernen Sie, digitale Lernangebote didaktisch zu konzipieren und auszuwerten\" \/>\n<meta name=\"robots\" content=\"index, follow, max-snippet:-1, max-image-preview:large, max-video-preview:-1\" \/>\n<link rel=\"canonical\" href=\"https:\/\/alice.ch\/de\/professionalisierung\/eidg-fachausweis-ausbilderin-ausbilder\/vertiefungsmodul-online-lernangebote\/\" \/>\n<meta property=\"og:locale\" content=\"de_DE\" \/>\n<meta property=\"og:type\" content=\"article\" \/>\n<meta property=\"og:title\" content=\"Vertiefungsmodul \u00abOnline-Lernangebote\u00bb - SVEB\" \/>\n<meta property=\"og:description\" content=\"Im Vertiefungsmodul \u00abOnline-Lernangebote\u00bb (AdA FA-VM-OL) lernen Sie, digitale Lernangebote didaktisch zu konzipieren und auszuwerten\" \/>\n<meta property=\"og:url\" content=\"https:\/\/alice.ch\/de\/professionalisierung\/eidg-fachausweis-ausbilderin-ausbilder\/vertiefungsmodul-online-lernangebote\/\" \/>\n<meta property=\"og:site_name\" content=\"SVEB\" \/>\n<meta property=\"article:modified_time\" content=\"2025-11-15T14:51:40+00:00\" \/>\n<meta name=\"twitter:card\" content=\"summary_large_image\" \/>\n<meta name=\"twitter:label1\" content=\"Gesch\u00e4tzte Lesezeit\" \/>\n\t<meta name=\"twitter:data1\" content=\"4\u00a0Minuten\" \/>\n<script type=\"application\/ld+json\" class=\"yoast-schema-graph\">{\"@context\":\"https:\\\/\\\/schema.org\",\"@graph\":[{\"@type\":\"WebPage\",\"@id\":\"https:\\\/\\\/alice.ch\\\/de\\\/professionalisierung\\\/eidg-fachausweis-ausbilderin-ausbilder\\\/vertiefungsmodul-online-lernangebote\\\/\",\"url\":\"https:\\\/\\\/alice.ch\\\/de\\\/professionalisierung\\\/eidg-fachausweis-ausbilderin-ausbilder\\\/vertiefungsmodul-online-lernangebote\\\/\",\"name\":\"Vertiefungsmodul \u00abOnline-Lernangebote\u00bb - SVEB\",\"isPartOf\":{\"@id\":\"https:\\\/\\\/alice.ch\\\/de\\\/#website\"},\"primaryImageOfPage\":{\"@id\":\"https:\\\/\\\/alice.ch\\\/de\\\/professionalisierung\\\/eidg-fachausweis-ausbilderin-ausbilder\\\/vertiefungsmodul-online-lernangebote\\\/#primaryimage\"},\"image\":{\"@id\":\"https:\\\/\\\/alice.ch\\\/de\\\/professionalisierung\\\/eidg-fachausweis-ausbilderin-ausbilder\\\/vertiefungsmodul-online-lernangebote\\\/#primaryimage\"},\"thumbnailUrl\":\"https:\\\/\\\/alice.ch\\\/app\\\/uploads\\\/2022\\\/11\\\/default.jpg\",\"datePublished\":\"2025-10-17T11:28:23+00:00\",\"dateModified\":\"2025-11-15T14:51:40+00:00\",\"description\":\"Im Vertiefungsmodul \u00abOnline-Lernangebote\u00bb (AdA FA-VM-OL) lernen Sie, digitale Lernangebote didaktisch zu konzipieren und auszuwerten\",\"breadcrumb\":{\"@id\":\"https:\\\/\\\/alice.ch\\\/de\\\/professionalisierung\\\/eidg-fachausweis-ausbilderin-ausbilder\\\/vertiefungsmodul-online-lernangebote\\\/#breadcrumb\"},\"inLanguage\":\"de\",\"potentialAction\":[{\"@type\":\"ReadAction\",\"target\":[\"https:\\\/\\\/alice.ch\\\/de\\\/professionalisierung\\\/eidg-fachausweis-ausbilderin-ausbilder\\\/vertiefungsmodul-online-lernangebote\\\/\"]}]},{\"@type\":\"ImageObject\",\"inLanguage\":\"de\",\"@id\":\"https:\\\/\\\/alice.ch\\\/de\\\/professionalisierung\\\/eidg-fachausweis-ausbilderin-ausbilder\\\/vertiefungsmodul-online-lernangebote\\\/#primaryimage\",\"url\":\"https:\\\/\\\/alice.ch\\\/app\\\/uploads\\\/2022\\\/11\\\/default.jpg\",\"contentUrl\":\"https:\\\/\\\/alice.ch\\\/app\\\/uploads\\\/2022\\\/11\\\/default.jpg\",\"width\":1600,\"height\":900},{\"@type\":\"BreadcrumbList\",\"@id\":\"https:\\\/\\\/alice.ch\\\/de\\\/professionalisierung\\\/eidg-fachausweis-ausbilderin-ausbilder\\\/vertiefungsmodul-online-lernangebote\\\/#breadcrumb\",\"itemListElement\":[{\"@type\":\"ListItem\",\"position\":1,\"name\":\"Startseite\",\"item\":\"https:\\\/\\\/alice.ch\\\/de\\\/\"},{\"@type\":\"ListItem\",\"position\":2,\"name\":\"Professionalisierung\",\"item\":\"https:\\\/\\\/alice.ch\\\/de\\\/professionalisierung\\\/\"},{\"@type\":\"ListItem\",\"position\":3,\"name\":\"Eidgen\u00f6ssischer Fachausweis Ausbilderin\\\/Ausbilder\",\"item\":\"https:\\\/\\\/alice.ch\\\/de\\\/professionalisierung\\\/eidg-fachausweis-ausbilderin-ausbilder\\\/\"},{\"@type\":\"ListItem\",\"position\":4,\"name\":\"Vertiefungsmodul \u00abOnline-Lernangebote\u00bb\"}]},{\"@type\":\"WebSite\",\"@id\":\"https:\\\/\\\/alice.ch\\\/de\\\/#website\",\"url\":\"https:\\\/\\\/alice.ch\\\/de\\\/\",\"name\":\"alice.ch (Adult Learning Information Center) ist das Portal der Weiterbildung in der Schweiz.\",\"description\":\"Schweizerischer Verband f\u00fcr Weiterbildung\",\"publisher\":{\"@id\":\"https:\\\/\\\/alice.ch\\\/de\\\/#organization\"},\"potentialAction\":[{\"@type\":\"SearchAction\",\"target\":{\"@type\":\"EntryPoint\",\"urlTemplate\":\"https:\\\/\\\/alice.ch\\\/de\\\/?s={search_term_string}\"},\"query-input\":{\"@type\":\"PropertyValueSpecification\",\"valueRequired\":true,\"valueName\":\"search_term_string\"}}],\"inLanguage\":\"de\"},{\"@type\":\"Organization\",\"@id\":\"https:\\\/\\\/alice.ch\\\/de\\\/#organization\",\"name\":\"SVEB Schweizerischer Verband f\u00fcr Weiterbildung\",\"url\":\"https:\\\/\\\/alice.ch\\\/de\\\/\",\"logo\":{\"@type\":\"ImageObject\",\"inLanguage\":\"de\",\"@id\":\"https:\\\/\\\/alice.ch\\\/de\\\/#\\\/schema\\\/logo\\\/image\\\/\",\"url\":\"https:\\\/\\\/alice.ch\\\/app\\\/uploads\\\/2022\\\/07\\\/logo-sveb.png\",\"contentUrl\":\"https:\\\/\\\/alice.ch\\\/app\\\/uploads\\\/2022\\\/07\\\/logo-sveb.png\",\"width\":145,\"height\":64,\"caption\":\"SVEB Schweizerischer Verband f\u00fcr Weiterbildung\"},\"image\":{\"@id\":\"https:\\\/\\\/alice.ch\\\/de\\\/#\\\/schema\\\/logo\\\/image\\\/\"},\"sameAs\":[\"https:\\\/\\\/www.linkedin.com\\\/company\\\/schweizerischer-verband-fr-weiterbildung-sveb\\\/\"]}]}<\/script>\n<!-- \/ Yoast SEO plugin. -->","yoast_head_json":{"title":"Vertiefungsmodul \u00abOnline-Lernangebote\u00bb - SVEB","description":"Im Vertiefungsmodul \u00abOnline-Lernangebote\u00bb (AdA FA-VM-OL) lernen Sie, digitale Lernangebote didaktisch zu konzipieren und auszuwerten","robots":{"index":"index","follow":"follow","max-snippet":"max-snippet:-1","max-image-preview":"max-image-preview:large","max-video-preview":"max-video-preview:-1"},"canonical":"https:\/\/alice.ch\/de\/professionalisierung\/eidg-fachausweis-ausbilderin-ausbilder\/vertiefungsmodul-online-lernangebote\/","og_locale":"de_DE","og_type":"article","og_title":"Vertiefungsmodul \u00abOnline-Lernangebote\u00bb - SVEB","og_description":"Im Vertiefungsmodul \u00abOnline-Lernangebote\u00bb (AdA FA-VM-OL) lernen Sie, digitale Lernangebote didaktisch zu konzipieren und auszuwerten","og_url":"https:\/\/alice.ch\/de\/professionalisierung\/eidg-fachausweis-ausbilderin-ausbilder\/vertiefungsmodul-online-lernangebote\/","og_site_name":"SVEB","article_modified_time":"2025-11-15T14:51:40+00:00","twitter_card":"summary_large_image","twitter_misc":{"Gesch\u00e4tzte Lesezeit":"4\u00a0Minuten"},"schema":{"@context":"https:\/\/schema.org","@graph":[{"@type":"WebPage","@id":"https:\/\/alice.ch\/de\/professionalisierung\/eidg-fachausweis-ausbilderin-ausbilder\/vertiefungsmodul-online-lernangebote\/","url":"https:\/\/alice.ch\/de\/professionalisierung\/eidg-fachausweis-ausbilderin-ausbilder\/vertiefungsmodul-online-lernangebote\/","name":"Vertiefungsmodul \u00abOnline-Lernangebote\u00bb - SVEB","isPartOf":{"@id":"https:\/\/alice.ch\/de\/#website"},"primaryImageOfPage":{"@id":"https:\/\/alice.ch\/de\/professionalisierung\/eidg-fachausweis-ausbilderin-ausbilder\/vertiefungsmodul-online-lernangebote\/#primaryimage"},"image":{"@id":"https:\/\/alice.ch\/de\/professionalisierung\/eidg-fachausweis-ausbilderin-ausbilder\/vertiefungsmodul-online-lernangebote\/#primaryimage"},"thumbnailUrl":"https:\/\/alice.ch\/app\/uploads\/2022\/11\/default.jpg","datePublished":"2025-10-17T11:28:23+00:00","dateModified":"2025-11-15T14:51:40+00:00","description":"Im Vertiefungsmodul \u00abOnline-Lernangebote\u00bb (AdA FA-VM-OL) lernen Sie, digitale Lernangebote didaktisch zu konzipieren und auszuwerten","breadcrumb":{"@id":"https:\/\/alice.ch\/de\/professionalisierung\/eidg-fachausweis-ausbilderin-ausbilder\/vertiefungsmodul-online-lernangebote\/#breadcrumb"},"inLanguage":"de","potentialAction":[{"@type":"ReadAction","target":["https:\/\/alice.ch\/de\/professionalisierung\/eidg-fachausweis-ausbilderin-ausbilder\/vertiefungsmodul-online-lernangebote\/"]}]},{"@type":"ImageObject","inLanguage":"de","@id":"https:\/\/alice.ch\/de\/professionalisierung\/eidg-fachausweis-ausbilderin-ausbilder\/vertiefungsmodul-online-lernangebote\/#primaryimage","url":"https:\/\/alice.ch\/app\/uploads\/2022\/11\/default.jpg","contentUrl":"https:\/\/alice.ch\/app\/uploads\/2022\/11\/default.jpg","width":1600,"height":900},{"@type":"BreadcrumbList","@id":"https:\/\/alice.ch\/de\/professionalisierung\/eidg-fachausweis-ausbilderin-ausbilder\/vertiefungsmodul-online-lernangebote\/#breadcrumb","itemListElement":[{"@type":"ListItem","position":1,"name":"Startseite","item":"https:\/\/alice.ch\/de\/"},{"@type":"ListItem","position":2,"name":"Professionalisierung","item":"https:\/\/alice.ch\/de\/professionalisierung\/"},{"@type":"ListItem","position":3,"name":"Eidgen\u00f6ssischer Fachausweis Ausbilderin\/Ausbilder","item":"https:\/\/alice.ch\/de\/professionalisierung\/eidg-fachausweis-ausbilderin-ausbilder\/"},{"@type":"ListItem","position":4,"name":"Vertiefungsmodul \u00abOnline-Lernangebote\u00bb"}]},{"@type":"WebSite","@id":"https:\/\/alice.ch\/de\/#website","url":"https:\/\/alice.ch\/de\/","name":"alice.ch (Adult Learning Information Center) ist das Portal der Weiterbildung in der Schweiz.","description":"Schweizerischer Verband f\u00fcr Weiterbildung","publisher":{"@id":"https:\/\/alice.ch\/de\/#organization"},"potentialAction":[{"@type":"SearchAction","target":{"@type":"EntryPoint","urlTemplate":"https:\/\/alice.ch\/de\/?s={search_term_string}"},"query-input":{"@type":"PropertyValueSpecification","valueRequired":true,"valueName":"search_term_string"}}],"inLanguage":"de"},{"@type":"Organization","@id":"https:\/\/alice.ch\/de\/#organization","name":"SVEB Schweizerischer Verband f\u00fcr Weiterbildung","url":"https:\/\/alice.ch\/de\/","logo":{"@type":"ImageObject","inLanguage":"de","@id":"https:\/\/alice.ch\/de\/#\/schema\/logo\/image\/","url":"https:\/\/alice.ch\/app\/uploads\/2022\/07\/logo-sveb.png","contentUrl":"https:\/\/alice.ch\/app\/uploads\/2022\/07\/logo-sveb.png","width":145,"height":64,"caption":"SVEB Schweizerischer Verband f\u00fcr Weiterbildung"},"image":{"@id":"https:\/\/alice.ch\/de\/#\/schema\/logo\/image\/"},"sameAs":["https:\/\/www.linkedin.com\/company\/schweizerischer-verband-fr-weiterbildung-sveb\/"]}]}},"_links":{"self":[{"href":"https:\/\/alice.ch\/de\/wp-json\/wp\/v2\/pages\/67308","targetHints":{"allow":["GET"]}}],"collection":[{"href":"https:\/\/alice.ch\/de\/wp-json\/wp\/v2\/pages"}],"about":[{"href":"https:\/\/alice.ch\/de\/wp-json\/wp\/v2\/types\/page"}],"author":[{"embeddable":true,"href":"https:\/\/alice.ch\/de\/wp-json\/wp\/v2\/users\/27"}],"replies":[{"embeddable":true,"href":"https:\/\/alice.ch\/de\/wp-json\/wp\/v2\/comments?post=67308"}],"version-history":[{"count":8,"href":"https:\/\/alice.ch\/de\/wp-json\/wp\/v2\/pages\/67308\/revisions"}],"predecessor-version":[{"id":71992,"href":"https:\/\/alice.ch\/de\/wp-json\/wp\/v2\/pages\/67308\/revisions\/71992"}],"up":[{"embeddable":true,"href":"https:\/\/alice.ch\/de\/wp-json\/wp\/v2\/pages\/562"}],"wp:featuredmedia":[{"embeddable":true,"href":"https:\/\/alice.ch\/de\/wp-json\/wp\/v2\/media\/20799"}],"wp:attachment":[{"href":"https:\/\/alice.ch\/de\/wp-json\/wp\/v2\/media?parent=67308"}],"curies":[{"name":"wp","href":"https:\/\/api.w.org\/{rel}","templated":true}]}}