{"id":67327,"date":"2025-10-17T14:45:55","date_gmt":"2025-10-17T12:45:55","guid":{"rendered":"https:\/\/alice.ch\/?page_id=67327"},"modified":"2025-11-15T16:14:46","modified_gmt":"2025-11-15T15:14:46","slug":"vernetzungsmodul","status":"publish","type":"page","link":"https:\/\/alice.ch\/de\/professionalisierung\/eidg-fachausweis-ausbilderin-ausbilder\/vernetzungsmodul\/","title":{"rendered":"Vernetzungsmodul"},"content":{"rendered":"\n<div class=\"wp-block-group is-style-reduced-width is-layout-constrained wp-block-group-is-layout-constrained\">\n<h1 class=\"wp-block-heading\">Lerntransfer gestalten und erm\u00f6glichen<\/h1>\n\n\n\n<p class=\"is-style-lead\">Das Vernetzungsmodul \u00abLerntransfer gestalten und erm\u00f6glichen\u00bb (AdA FA-VNM) setzt sich mit dem Lerntransfer auseinander. Sie lernen, im eigenen Fachbereich Lernprozesse von Erwachsenen subjektorientiert zu gestalten und den Lerntransfer ins Berufsfeld zu unterst\u00fctzen.<\/p>\n\n\n\n<p class=\"is-style-default\">\u00dcbergeordnete Handlungskompetenz: Im eigenen Fachbereich Lernprozesse von Erwachsenen subjektorientiert gestalten und den Transfer ins Berufsfeld unterst\u00fctzen<\/p>\n\n\n\n<div class=\"wp-block-columns is-layout-flex wp-container-core-columns-is-layout-28f84493 wp-block-columns-is-layout-flex\">\n<div class=\"wp-block-column is-layout-flow wp-block-column-is-layout-flow\" style=\"flex-basis:66.66%\">\n<figure class=\"wp-block-image size-large is-style-no-border\"><img decoding=\"async\" src=\"https:\/\/alice.ch\/app\/uploads\/2025\/06\/vernetzungsmodul-ada-fa-vnm.svg\" alt=\"\" class=\"wp-image-68922\"\/><\/figure>\n<\/div>\n\n\n\n<div class=\"wp-block-column is-layout-flow wp-block-column-is-layout-flow\" style=\"flex-basis:33.33%\"><\/div>\n<\/div>\n\n\n\n<p><\/p>\n\n\n\n<p>Im Vernetzungsmodul steht das Thema Lerntransfer im Mittelpunkt. Die Teilnehmenden vertiefen ihre bisher erworbenen fachlichen und \u00fcberfachlichen Kompetenzen und verkn\u00fcpfen diese miteinander. Sie transferieren die Erkenntnisse aus der Selbstreflexion in die eigene Praxis. Die Rolle und Haltung in der professionellen Ausbildungst\u00e4tigkeit werden gefestigt.<\/p>\n\n\n\n<div class=\"wp-block-columns is-style-accordion is-layout-flex wp-container-core-columns-is-layout-28f84493 wp-block-columns-is-layout-flex\" id=\"faq-element-1\">\n<div class=\"wp-block-column is-layout-flow wp-block-column-is-layout-flow\">\n<h3 class=\"wp-block-heading\">Im Modul zum Teil entwickelte und nachgewiesene Kompetenzen<\/h3>\n<\/div>\n\n\n\n<div class=\"wp-block-column is-layout-flow wp-block-column-is-layout-flow\">\n<ul class=\"wp-block-list\">\n<li>Transfer mit geeigneten Konzeptionen und Methoden planen<\/li>\n\n\n\n<li>Geeignete Methoden und Verfahren zum Transfer und zur \u00dcberpr\u00fcfung der Lernergebnisse einsetzen<\/li>\n\n\n\n<li>F\u00fcr eine Ausbildungseinheit ein Transferkonzept entwickeln<\/li>\n\n\n\n<li>Lehr-\/Lernveranstaltungen subjekt- und biographieorientiert konzipieren<\/li>\n\n\n\n<li>Ver\u00e4nderlichkeit, Unsicherheiten, Widerspr\u00fcche und Komplexit\u00e4t im eigenen didaktischen Handeln antizipieren und ber\u00fccksichtigen<\/li>\n\n\n\n<li>Lebenslanges Lernen f\u00f6rdern und erm\u00f6glichen<\/li>\n\n\n\n<li>Diversit\u00e4t, Interkulturalit\u00e4t, Multi- und Transkulturalit\u00e4t bewusst wahrnehmen und konstruktiv nutzen<\/li>\n<\/ul>\n<\/div>\n<\/div>\n\n\n\n<div class=\"wp-block-columns is-style-accordion is-layout-flex wp-container-core-columns-is-layout-28f84493 wp-block-columns-is-layout-flex\" id=\"faq-element-1\">\n<div class=\"wp-block-column is-layout-flow wp-block-column-is-layout-flow\">\n<h3 class=\"wp-block-heading\">Kompetenznachweis und Anforderungen<\/h3>\n<\/div>\n\n\n\n<div class=\"wp-block-column is-layout-flow wp-block-column-is-layout-flow\">\n<p>Der Kompetenznachweis f\u00fcr dieses Modul besteht aus einem dokumentierten Praxisprojekt und dessen Pr\u00e4sentation in einem Kolloquium mit der ganzen Lerngruppe oder Teilen davon.<\/p>\n\n\n\n<p>F\u00fcr den Erhalt des Modulzertifikats m\u00fcssen folgende Anforderungen erf\u00fcllt sein:<\/p>\n\n\n\n<ul class=\"wp-block-list\">\n<li>Aktive Teilnahme in den vorgegebenen Kontaktlernzeiten (mindestens 80%) <\/li>\n\n\n\n<li>Durch die Moduldozentin oder den Moduldozenten mit \u00abbestanden\u00bb bewerteter Kompetenznachweis <\/li>\n\n\n\n<li>Entwicklung bzw. Weiterentwicklung des Kompetenzportfolios<\/li>\n<\/ul>\n<\/div>\n<\/div>\n\n\n\n<p><\/p>\n\n\n\n<h2 class=\"wp-block-heading\">Modulbeschreibung<\/h2>\n\n\n\n<div class=\"wp-block-columns is-layout-flex wp-container-core-columns-is-layout-28f84493 wp-block-columns-is-layout-flex\">\n<div class=\"wp-block-column is-layout-flow wp-block-column-is-layout-flow\">\n<div class=\"wp-block-file\"><a id=\"wp-block-file--media-4a7ba1df-7e2e-4238-97db-43219b2b8513\" href=\"https:\/\/alice.ch\/app\/uploads\/2023\/05\/FA-VNM.pdf\">Vernetzungsmodul \u00abLerntransfer gestalten und erm\u00f6glichen\u00bb (AdA FA-VNM)<br \/>PDF &#8211; 252 KB<\/a><a href=\"https:\/\/alice.ch\/app\/uploads\/2023\/05\/FA-VNM.pdf\" class=\"wp-block-file__button wp-element-button\" download aria-describedby=\"wp-block-file--media-4a7ba1df-7e2e-4238-97db-43219b2b8513\">Herunterladen<br \/>PDF &#8211; 252 KB<\/a><\/div>\n<\/div>\n\n\n\n<div class=\"wp-block-column is-layout-flow wp-block-column-is-layout-flow\"><\/div>\n<\/div>\n\n\n\n<h2 class=\"wp-block-heading\">AdA-Module finden<\/h2>\n\n\n\n<p>In der Kurs-Datenbank finden Sie Bildungsanbieter, die das Vernetzungsmodul \u00abLerntransfer gestalten und erm\u00f6glichen\u00bb (AdA FA-VNM) anbieten:<\/p>\n\n\n\n<div class=\"wp-block-buttons is-layout-flex wp-block-buttons-is-layout-flex\">\n<div class=\"wp-block-button has-custom-width wp-block-button__width-50 is-style-outline is-style-outline--1\"><a class=\"wp-block-button__link wp-element-button\" href=\"https:\/\/alice.ch\/de\/professionalisierung\/ada-baukastensystem\/ada-kurse-finden\/?modul=25\">Modul \u00abLerntransfer gestalten und erm\u00f6glichen\u00bb (AdA FA-VNM)<\/a><\/div>\n<\/div>\n\n\n\n<h2 class=\"wp-block-heading\">Kontakt<\/h2>\n\n\n\n<div class=\"wp-block-columns is-layout-flex wp-container-core-columns-is-layout-28f84493 wp-block-columns-is-layout-flex\">\n<div class=\"wp-block-column is-layout-flow wp-block-column-is-layout-flow\" style=\"flex-basis:50%\"><div class=\"contact-persons\">\n\n\t\t\t\t\t<div class=\"contact-person\">\n\t\t\t\t\tGesch\u00e4ftsstelle AdA<br \/>\t\t\t\t\tAnna Pi\u00f1ol<br \/>\t\t\t\t\t<br \/>\n\t\t\t\t\tHardstrasse 235<br \/>\r\n8005 Z\u00fcrich<br \/>\t\t\t\t\t<a href=\"tel:+41 (0)44 319 71 63\">+41 (0)44 319 71 63<\/a><br \/>\t\t\t\t\t<a href=\"mailto:ada@alice.ch\">ada@alice.ch<\/a><br \/>\t\t\t\t\t<\/div>\n\t\t\t\t\t<\/div>\n<\/div>\n\n\n\n<div class=\"wp-block-column is-layout-flow wp-block-column-is-layout-flow\" style=\"flex-basis:50%\"><\/div>\n<\/div>\n\n\n\n<p><\/p>\n<\/div>\n","protected":false},"excerpt":{"rendered":"<p>Lerntransfer gestalten und erm\u00f6glichen Das Vernetzungsmodul \u00abLerntransfer gestalten und erm\u00f6glichen\u00bb (AdA FA-VNM) setzt sich mit dem Lerntransfer auseinander. Sie lernen, [&hellip;]<\/p>\n","protected":false},"author":27,"featured_media":20799,"parent":562,"menu_order":415,"comment_status":"closed","ping_status":"closed","template":"","meta":{"_acf_changed":false,"inline_featured_image":false,"footnotes":""},"class_list":["post-67327","page","type-page","status-publish","has-post-thumbnail","hentry"],"acf":[],"yoast_head":"<!-- This site is optimized with the Yoast SEO plugin v27.3 - https:\/\/yoast.com\/product\/yoast-seo-wordpress\/ -->\n<title>Vernetzungsmodul - SVEB<\/title>\n<meta name=\"description\" content=\"Im Vernetzungsmodul (AdA FA-VNM) lernen Sie den Lerntransfer subjektorientiert zu gestalten und zu erm\u00f6glichen\" \/>\n<meta name=\"robots\" content=\"index, follow, max-snippet:-1, max-image-preview:large, max-video-preview:-1\" \/>\n<link rel=\"canonical\" href=\"https:\/\/alice.ch\/de\/professionalisierung\/eidg-fachausweis-ausbilderin-ausbilder\/vernetzungsmodul\/\" \/>\n<meta property=\"og:locale\" content=\"de_DE\" \/>\n<meta property=\"og:type\" content=\"article\" \/>\n<meta property=\"og:title\" content=\"Vernetzungsmodul - SVEB\" \/>\n<meta property=\"og:description\" content=\"Im Vernetzungsmodul (AdA FA-VNM) lernen Sie den Lerntransfer subjektorientiert zu gestalten und zu erm\u00f6glichen\" \/>\n<meta property=\"og:url\" content=\"https:\/\/alice.ch\/de\/professionalisierung\/eidg-fachausweis-ausbilderin-ausbilder\/vernetzungsmodul\/\" \/>\n<meta property=\"og:site_name\" content=\"SVEB\" \/>\n<meta property=\"article:modified_time\" content=\"2025-11-15T15:14:46+00:00\" \/>\n<meta name=\"twitter:card\" content=\"summary_large_image\" \/>\n<meta name=\"twitter:label1\" content=\"Gesch\u00e4tzte Lesezeit\" \/>\n\t<meta name=\"twitter:data1\" content=\"4\u00a0Minuten\" \/>\n<script type=\"application\/ld+json\" class=\"yoast-schema-graph\">{\"@context\":\"https:\\\/\\\/schema.org\",\"@graph\":[{\"@type\":\"WebPage\",\"@id\":\"https:\\\/\\\/alice.ch\\\/de\\\/professionalisierung\\\/eidg-fachausweis-ausbilderin-ausbilder\\\/vernetzungsmodul\\\/\",\"url\":\"https:\\\/\\\/alice.ch\\\/de\\\/professionalisierung\\\/eidg-fachausweis-ausbilderin-ausbilder\\\/vernetzungsmodul\\\/\",\"name\":\"Vernetzungsmodul - SVEB\",\"isPartOf\":{\"@id\":\"https:\\\/\\\/alice.ch\\\/de\\\/#website\"},\"primaryImageOfPage\":{\"@id\":\"https:\\\/\\\/alice.ch\\\/de\\\/professionalisierung\\\/eidg-fachausweis-ausbilderin-ausbilder\\\/vernetzungsmodul\\\/#primaryimage\"},\"image\":{\"@id\":\"https:\\\/\\\/alice.ch\\\/de\\\/professionalisierung\\\/eidg-fachausweis-ausbilderin-ausbilder\\\/vernetzungsmodul\\\/#primaryimage\"},\"thumbnailUrl\":\"https:\\\/\\\/alice.ch\\\/app\\\/uploads\\\/2022\\\/11\\\/default.jpg\",\"datePublished\":\"2025-10-17T12:45:55+00:00\",\"dateModified\":\"2025-11-15T15:14:46+00:00\",\"description\":\"Im Vernetzungsmodul (AdA FA-VNM) lernen Sie den Lerntransfer subjektorientiert zu gestalten und zu erm\u00f6glichen\",\"breadcrumb\":{\"@id\":\"https:\\\/\\\/alice.ch\\\/de\\\/professionalisierung\\\/eidg-fachausweis-ausbilderin-ausbilder\\\/vernetzungsmodul\\\/#breadcrumb\"},\"inLanguage\":\"de\",\"potentialAction\":[{\"@type\":\"ReadAction\",\"target\":[\"https:\\\/\\\/alice.ch\\\/de\\\/professionalisierung\\\/eidg-fachausweis-ausbilderin-ausbilder\\\/vernetzungsmodul\\\/\"]}]},{\"@type\":\"ImageObject\",\"inLanguage\":\"de\",\"@id\":\"https:\\\/\\\/alice.ch\\\/de\\\/professionalisierung\\\/eidg-fachausweis-ausbilderin-ausbilder\\\/vernetzungsmodul\\\/#primaryimage\",\"url\":\"https:\\\/\\\/alice.ch\\\/app\\\/uploads\\\/2022\\\/11\\\/default.jpg\",\"contentUrl\":\"https:\\\/\\\/alice.ch\\\/app\\\/uploads\\\/2022\\\/11\\\/default.jpg\",\"width\":1600,\"height\":900},{\"@type\":\"BreadcrumbList\",\"@id\":\"https:\\\/\\\/alice.ch\\\/de\\\/professionalisierung\\\/eidg-fachausweis-ausbilderin-ausbilder\\\/vernetzungsmodul\\\/#breadcrumb\",\"itemListElement\":[{\"@type\":\"ListItem\",\"position\":1,\"name\":\"Startseite\",\"item\":\"https:\\\/\\\/alice.ch\\\/de\\\/\"},{\"@type\":\"ListItem\",\"position\":2,\"name\":\"Professionalisierung\",\"item\":\"https:\\\/\\\/alice.ch\\\/de\\\/professionalisierung\\\/\"},{\"@type\":\"ListItem\",\"position\":3,\"name\":\"Eidgen\u00f6ssischer Fachausweis Ausbilderin\\\/Ausbilder\",\"item\":\"https:\\\/\\\/alice.ch\\\/de\\\/professionalisierung\\\/eidg-fachausweis-ausbilderin-ausbilder\\\/\"},{\"@type\":\"ListItem\",\"position\":4,\"name\":\"Vernetzungsmodul\"}]},{\"@type\":\"WebSite\",\"@id\":\"https:\\\/\\\/alice.ch\\\/de\\\/#website\",\"url\":\"https:\\\/\\\/alice.ch\\\/de\\\/\",\"name\":\"alice.ch (Adult Learning Information Center) ist das Portal der Weiterbildung in der Schweiz.\",\"description\":\"Schweizerischer Verband f\u00fcr Weiterbildung\",\"publisher\":{\"@id\":\"https:\\\/\\\/alice.ch\\\/de\\\/#organization\"},\"potentialAction\":[{\"@type\":\"SearchAction\",\"target\":{\"@type\":\"EntryPoint\",\"urlTemplate\":\"https:\\\/\\\/alice.ch\\\/de\\\/?s={search_term_string}\"},\"query-input\":{\"@type\":\"PropertyValueSpecification\",\"valueRequired\":true,\"valueName\":\"search_term_string\"}}],\"inLanguage\":\"de\"},{\"@type\":\"Organization\",\"@id\":\"https:\\\/\\\/alice.ch\\\/de\\\/#organization\",\"name\":\"SVEB Schweizerischer Verband f\u00fcr Weiterbildung\",\"url\":\"https:\\\/\\\/alice.ch\\\/de\\\/\",\"logo\":{\"@type\":\"ImageObject\",\"inLanguage\":\"de\",\"@id\":\"https:\\\/\\\/alice.ch\\\/de\\\/#\\\/schema\\\/logo\\\/image\\\/\",\"url\":\"https:\\\/\\\/alice.ch\\\/app\\\/uploads\\\/2022\\\/07\\\/logo-sveb.png\",\"contentUrl\":\"https:\\\/\\\/alice.ch\\\/app\\\/uploads\\\/2022\\\/07\\\/logo-sveb.png\",\"width\":145,\"height\":64,\"caption\":\"SVEB Schweizerischer Verband f\u00fcr Weiterbildung\"},\"image\":{\"@id\":\"https:\\\/\\\/alice.ch\\\/de\\\/#\\\/schema\\\/logo\\\/image\\\/\"},\"sameAs\":[\"https:\\\/\\\/www.linkedin.com\\\/company\\\/schweizerischer-verband-fr-weiterbildung-sveb\\\/\"]}]}<\/script>\n<!-- \/ Yoast SEO plugin. -->","yoast_head_json":{"title":"Vernetzungsmodul - SVEB","description":"Im Vernetzungsmodul (AdA FA-VNM) lernen Sie den Lerntransfer subjektorientiert zu gestalten und zu erm\u00f6glichen","robots":{"index":"index","follow":"follow","max-snippet":"max-snippet:-1","max-image-preview":"max-image-preview:large","max-video-preview":"max-video-preview:-1"},"canonical":"https:\/\/alice.ch\/de\/professionalisierung\/eidg-fachausweis-ausbilderin-ausbilder\/vernetzungsmodul\/","og_locale":"de_DE","og_type":"article","og_title":"Vernetzungsmodul - SVEB","og_description":"Im Vernetzungsmodul (AdA FA-VNM) lernen Sie den Lerntransfer subjektorientiert zu gestalten und zu erm\u00f6glichen","og_url":"https:\/\/alice.ch\/de\/professionalisierung\/eidg-fachausweis-ausbilderin-ausbilder\/vernetzungsmodul\/","og_site_name":"SVEB","article_modified_time":"2025-11-15T15:14:46+00:00","twitter_card":"summary_large_image","twitter_misc":{"Gesch\u00e4tzte Lesezeit":"4\u00a0Minuten"},"schema":{"@context":"https:\/\/schema.org","@graph":[{"@type":"WebPage","@id":"https:\/\/alice.ch\/de\/professionalisierung\/eidg-fachausweis-ausbilderin-ausbilder\/vernetzungsmodul\/","url":"https:\/\/alice.ch\/de\/professionalisierung\/eidg-fachausweis-ausbilderin-ausbilder\/vernetzungsmodul\/","name":"Vernetzungsmodul - SVEB","isPartOf":{"@id":"https:\/\/alice.ch\/de\/#website"},"primaryImageOfPage":{"@id":"https:\/\/alice.ch\/de\/professionalisierung\/eidg-fachausweis-ausbilderin-ausbilder\/vernetzungsmodul\/#primaryimage"},"image":{"@id":"https:\/\/alice.ch\/de\/professionalisierung\/eidg-fachausweis-ausbilderin-ausbilder\/vernetzungsmodul\/#primaryimage"},"thumbnailUrl":"https:\/\/alice.ch\/app\/uploads\/2022\/11\/default.jpg","datePublished":"2025-10-17T12:45:55+00:00","dateModified":"2025-11-15T15:14:46+00:00","description":"Im Vernetzungsmodul (AdA FA-VNM) lernen Sie den Lerntransfer subjektorientiert zu gestalten und zu erm\u00f6glichen","breadcrumb":{"@id":"https:\/\/alice.ch\/de\/professionalisierung\/eidg-fachausweis-ausbilderin-ausbilder\/vernetzungsmodul\/#breadcrumb"},"inLanguage":"de","potentialAction":[{"@type":"ReadAction","target":["https:\/\/alice.ch\/de\/professionalisierung\/eidg-fachausweis-ausbilderin-ausbilder\/vernetzungsmodul\/"]}]},{"@type":"ImageObject","inLanguage":"de","@id":"https:\/\/alice.ch\/de\/professionalisierung\/eidg-fachausweis-ausbilderin-ausbilder\/vernetzungsmodul\/#primaryimage","url":"https:\/\/alice.ch\/app\/uploads\/2022\/11\/default.jpg","contentUrl":"https:\/\/alice.ch\/app\/uploads\/2022\/11\/default.jpg","width":1600,"height":900},{"@type":"BreadcrumbList","@id":"https:\/\/alice.ch\/de\/professionalisierung\/eidg-fachausweis-ausbilderin-ausbilder\/vernetzungsmodul\/#breadcrumb","itemListElement":[{"@type":"ListItem","position":1,"name":"Startseite","item":"https:\/\/alice.ch\/de\/"},{"@type":"ListItem","position":2,"name":"Professionalisierung","item":"https:\/\/alice.ch\/de\/professionalisierung\/"},{"@type":"ListItem","position":3,"name":"Eidgen\u00f6ssischer Fachausweis Ausbilderin\/Ausbilder","item":"https:\/\/alice.ch\/de\/professionalisierung\/eidg-fachausweis-ausbilderin-ausbilder\/"},{"@type":"ListItem","position":4,"name":"Vernetzungsmodul"}]},{"@type":"WebSite","@id":"https:\/\/alice.ch\/de\/#website","url":"https:\/\/alice.ch\/de\/","name":"alice.ch (Adult Learning Information Center) ist das Portal der Weiterbildung in der Schweiz.","description":"Schweizerischer Verband f\u00fcr Weiterbildung","publisher":{"@id":"https:\/\/alice.ch\/de\/#organization"},"potentialAction":[{"@type":"SearchAction","target":{"@type":"EntryPoint","urlTemplate":"https:\/\/alice.ch\/de\/?s={search_term_string}"},"query-input":{"@type":"PropertyValueSpecification","valueRequired":true,"valueName":"search_term_string"}}],"inLanguage":"de"},{"@type":"Organization","@id":"https:\/\/alice.ch\/de\/#organization","name":"SVEB Schweizerischer Verband f\u00fcr Weiterbildung","url":"https:\/\/alice.ch\/de\/","logo":{"@type":"ImageObject","inLanguage":"de","@id":"https:\/\/alice.ch\/de\/#\/schema\/logo\/image\/","url":"https:\/\/alice.ch\/app\/uploads\/2022\/07\/logo-sveb.png","contentUrl":"https:\/\/alice.ch\/app\/uploads\/2022\/07\/logo-sveb.png","width":145,"height":64,"caption":"SVEB Schweizerischer Verband f\u00fcr Weiterbildung"},"image":{"@id":"https:\/\/alice.ch\/de\/#\/schema\/logo\/image\/"},"sameAs":["https:\/\/www.linkedin.com\/company\/schweizerischer-verband-fr-weiterbildung-sveb\/"]}]}},"_links":{"self":[{"href":"https:\/\/alice.ch\/de\/wp-json\/wp\/v2\/pages\/67327","targetHints":{"allow":["GET"]}}],"collection":[{"href":"https:\/\/alice.ch\/de\/wp-json\/wp\/v2\/pages"}],"about":[{"href":"https:\/\/alice.ch\/de\/wp-json\/wp\/v2\/types\/page"}],"author":[{"embeddable":true,"href":"https:\/\/alice.ch\/de\/wp-json\/wp\/v2\/users\/27"}],"replies":[{"embeddable":true,"href":"https:\/\/alice.ch\/de\/wp-json\/wp\/v2\/comments?post=67327"}],"version-history":[{"count":8,"href":"https:\/\/alice.ch\/de\/wp-json\/wp\/v2\/pages\/67327\/revisions"}],"predecessor-version":[{"id":72012,"href":"https:\/\/alice.ch\/de\/wp-json\/wp\/v2\/pages\/67327\/revisions\/72012"}],"up":[{"embeddable":true,"href":"https:\/\/alice.ch\/de\/wp-json\/wp\/v2\/pages\/562"}],"wp:featuredmedia":[{"embeddable":true,"href":"https:\/\/alice.ch\/de\/wp-json\/wp\/v2\/media\/20799"}],"wp:attachment":[{"href":"https:\/\/alice.ch\/de\/wp-json\/wp\/v2\/media?parent=67327"}],"curies":[{"name":"wp","href":"https:\/\/api.w.org\/{rel}","templated":true}]}}