{"id":73986,"date":"2026-03-03T16:51:26","date_gmt":"2026-03-03T15:51:26","guid":{"rendered":"https:\/\/alice.ch\/?page_id=73986"},"modified":"2026-03-31T16:09:10","modified_gmt":"2026-03-31T14:09:10","slug":"sveb-hackathon","status":"publish","type":"page","link":"https:\/\/alice.ch\/de\/aktuell\/events\/sveb-hackathon\/","title":{"rendered":"SVEB-Hackathon"},"content":{"rendered":"\n<div class=\"wp-block-group is-style-reduced-width is-layout-constrained wp-block-group-is-layout-constrained\">\n<h2 class=\"wp-block-heading is-style-default\">SVEB-Hackathon 2026 | KI in der Weiterbildung<\/h2>\n\n\n\n<div class=\"wp-block-columns is-layout-flex wp-container-core-columns-is-layout-28f84493 wp-block-columns-is-layout-flex\">\n<div class=\"wp-block-column is-layout-flow wp-block-column-is-layout-flow\" style=\"flex-basis:66.66%\">\n<p class=\"is-style-lead\">Wie k\u00f6nnen wir K\u00fcnstliche Intelligenz in der Weiterbildung sinnvoll, verantwortungsvoll und gewinnbringend einsetzen? Am ersten SVEB-Hackathon entwickeln Fachpersonen aus der Weiterbildung gemeinsam innovative Konzepte f\u00fcr den Einsatz von KI.<\/p>\n<\/div>\n\n\n\n<div class=\"wp-block-column is-layout-flow wp-block-column-is-layout-flow\" style=\"flex-basis:33.33%\">\n<figure class=\"wp-block-image size-full is-resized is-style-no-border\"><img decoding=\"async\" width=\"595\" height=\"587\" src=\"https:\/\/alice.ch\/app\/uploads\/2026\/02\/sticker-hackathon-KI.png\" alt=\"\" class=\"wp-image-74002\" style=\"aspect-ratio:1.013597949544647;width:149px;height:auto\" srcset=\"https:\/\/alice.ch\/app\/uploads\/2026\/02\/sticker-hackathon-KI.png 595w, https:\/\/alice.ch\/app\/uploads\/2026\/02\/sticker-hackathon-KI-300x296.png 300w\" sizes=\"(max-width: 595px) 100vw, 595px\" \/><\/figure>\n<\/div>\n<\/div>\n\n\n\n<div class=\"wp-block-buttons is-layout-flex wp-block-buttons-is-layout-flex\"><\/div>\n\n\n\n<div class=\"wp-block-buttons is-layout-flex wp-block-buttons-is-layout-flex\">\n<div class=\"wp-block-button is-style-outline is-style-outline--2\"><a class=\"wp-block-button__link wp-element-button\" href=\"https:\/\/ki-hackathon-2026.base44.app\"><strong>Unser SVEB-Hackathon App<\/strong><\/a><\/div>\n\n\n<\/div>\n\n\n\n\n\n\n\n\n\n<div class=\"wp-block-columns is-layout-flex wp-container-core-columns-is-layout-28f84493 wp-block-columns-is-layout-flex\">\n<div class=\"wp-block-column is-layout-flow wp-block-column-is-layout-flow\" style=\"flex-basis:100%\"><\/div>\n<\/div>\n\n\n\n<div class=\"wp-block-group is-layout-flow wp-block-group-is-layout-flow\">\n<div class=\"wp-block-columns is-style-accordion is-layout-flex wp-container-core-columns-is-layout-28f84493 wp-block-columns-is-layout-flex\" id=\"faq-element-1\">\n<div class=\"wp-block-column is-layout-flow wp-block-column-is-layout-flow\">\n<h3 class=\"wp-block-heading\">Challenge 1: Zuk\u00fcnfte mit KI denken lernen<\/h3>\n<\/div>\n\n\n\n<div class=\"wp-block-column is-layout-flow wp-block-column-is-layout-flow\">\n<p>Der Einsatz von KI ver\u00e4ndert die Arbeitswelt, Bildung und Gesellschaft grundlegend \u2013 oft schneller, als Weiterbildungsakteure darauf vorbereitet sind. Zwar besteht das Interesse an KI in der Weiterbildung, doch fehlt es h\u00e4ufig an Raum zur Reflexion m\u00f6glicher Zukunftsszenarien und deren gesellschaftlicher Auswirkungen.<\/p>\n\n\n\n<p><br>Zukunftsdenken im Kontext von KI wird selten gef\u00f6rdert, insbesondere nicht im Sinne kritischer Reflexion \u00fcber technologische Entwicklungen, zugrundeliegende Werte und m\u00f6gliche Alternativen. Es fehlt an Tools, die dazu anregen, sich aktiv, kreativ und differenziert mit verschiedenen \u00abZuk\u00fcnften\u00bb auseinanderzusetzen.<\/p>\n\n\n\n<h4 class=\"wp-block-heading\">Aufgabe<\/h4>\n\n\n\n<p>Entwicklung eines Konzepts f\u00fcr eine KI-gest\u00fctzte L\u00f6sung, die Weiterbildungsakteure bef\u00e4higt, Zukunftsszenarien rund um den Einsatz von KI zu erkunden, zu hinterfragen und zu gestalten sowie Future Skills aufzubauen.<\/p>\n<\/div>\n<\/div>\n\n\n\n<div class=\"wp-block-columns is-style-accordion is-layout-flex wp-container-core-columns-is-layout-28f84493 wp-block-columns-is-layout-flex\" id=\"faq-element-1\">\n<div class=\"wp-block-column is-layout-flow wp-block-column-is-layout-flow\">\n<h3 class=\"wp-block-heading\">Challenge 2: KI f\u00fcr individualisierte Angebotsentwicklungen<\/h3>\n<\/div>\n\n\n\n<div class=\"wp-block-column is-layout-flow wp-block-column-is-layout-flow\">\n<p>Weiterbildungsangebote folgen h\u00e4ufig einem standardisierten Schema, das nur begrenzt Raum f\u00fcr individuelle Lernwege l\u00e4sst. Digitale L\u00f6sungen existieren zwar, nutzen jedoch das Potenzial von KI zur Personalisierung von Lernpfaden bisher nur begrenzt.<\/p>\n\n\n\n<p><br>Teilnehmende bringen unterschiedliche Vorkenntnisse, Ziele und Lebensumst\u00e4nde mit, was zu ungleichen Bildungschancen f\u00fchrt. Es fehlt an flexiblen, skalierbaren L\u00f6sungen, die individuelle Lernpfade in der Breite erm\u00f6glichen.<\/p>\n\n\n\n<h4 class=\"wp-block-heading\">Aufgabe<\/h4>\n\n\n\n<p>Entwicklung eines Konzepts f\u00fcr eine KI-gest\u00fctzte L\u00f6sung, die es erm\u00f6glicht, in einem experimentellen Setting personalisierte Weiterbildungsangebote zu erstellen.<\/p>\n<\/div>\n<\/div>\n\n\n\n<div class=\"wp-block-columns is-style-accordion is-layout-flex wp-container-core-columns-is-layout-28f84493 wp-block-columns-is-layout-flex\" id=\"faq-element-1\">\n<div class=\"wp-block-column is-layout-flow wp-block-column-is-layout-flow\">\n<h3 class=\"wp-block-heading\">Challenge 3: KI f\u00fcr mehr Nachhaltigkeit<\/h3>\n<\/div>\n\n\n\n<div class=\"wp-block-column is-layout-flow wp-block-column-is-layout-flow\">\n<p>Nachhaltigkeit hat in den vergangenen Jahren in allen gesellschaftlichen Bereichen an Bedeutung gewonnen \u2013 so auch in der Weiterbildung. Viele Weiterbildungsanbieter haben Nachhaltigkeit bereits auf unterschiedlichen Ebenen (z.B. Management, Organisationsentwicklung oder im Bildungsangebot) verst\u00e4rkt aufgenommen, stehen aber weiterhin vor der Herausforderung, nachhaltige Handlungskompetenzen zu vermitteln, die langfristig wirksam sind.<\/p>\n\n\n\n<p><br>Bisher fehlt es an praxisnahen, spielerischen L\u00f6sungen, die Weiterbildungsakteure dabei unterst\u00fctzt, Nachhaltigkeit in der Weiterbildung weiter zu f\u00f6rdern und zu st\u00e4rken \u2013 massgeschneidert auf unterschiedliche Lernbedarfe und Kontexte.<\/p>\n\n\n\n<h4 class=\"wp-block-heading\">Aufgabe<\/h4>\n\n\n\n<p>Entwicklung eines Konzepts f\u00fcr eine KI-gest\u00fctzte L\u00f6sung, die Weiterbildungsakteure dazu bef\u00e4higt, nachhaltige Handlungskompetenzen zu f\u00f6rdern. Die L\u00f6sung soll Lernprozesse interaktiv gestalten, individuell auf Akteure eingehen und nachhaltiges Handeln langfristig st\u00e4rken.<\/p>\n<\/div>\n<\/div>\n\n\n\n<div class=\"wp-block-columns is-style-accordion is-layout-flex wp-container-core-columns-is-layout-28f84493 wp-block-columns-is-layout-flex\" id=\"faq-element-1\">\n<div class=\"wp-block-column is-layout-flow wp-block-column-is-layout-flow\">\n<h3 class=\"wp-block-heading\">Challenge 4: KI-Assistent f\u00fcr Ausbildende<\/h3>\n<\/div>\n\n\n\n<div class=\"wp-block-column is-layout-flow wp-block-column-is-layout-flow\">\n<p>Ausbildende stehen heute vor der Aufgabe, vielf\u00e4ltige Lernbedarfe, unterschiedliche Zielgruppen und sich wandelnde Rahmenbedingungen in ihren Kursen zu ber\u00fccksichtigen. Lernmaterialien, Konzepte und Methoden m\u00fcssen entsprechend flexibel angepasst werden.<br><\/p>\n\n\n\n<p>W\u00e4hrend KI grosses Potenzial zur Unterst\u00fctzung bietet, fehlt es oft an passenden Hilfestellungen, die die Erfahrungen, Arbeitsweise und didaktischen Vorlieben der Ausbildenden ber\u00fccksichtigen.<\/p>\n\n\n\n<h4 class=\"wp-block-heading\">Aufgabe<\/h4>\n\n\n\n<p>Entwicklung eines Konzepts f\u00fcr eine KI-gest\u00fctzte L\u00f6sung, die Ausbildende darin unterst\u00fctzt, KI als Ressource in der Planung, Durchf\u00fchrung oder Reflexion der Lehrpraxis von Ausbildenden zu nutzen, unter Ber\u00fccksichtigung ihrer Arbeitsweise, Erfahrungen und didaktischen Vorlieben.<\/p>\n<\/div>\n<\/div>\n\n\n\n<div class=\"wp-block-columns is-style-accordion is-layout-flex wp-container-core-columns-is-layout-28f84493 wp-block-columns-is-layout-flex\" id=\"faq-element-1\">\n<div class=\"wp-block-column is-layout-flow wp-block-column-is-layout-flow\">\n<h3 class=\"wp-block-heading\">Challenge 5: Mehr Teilhabe durch KI<\/h3>\n<\/div>\n\n\n\n<div class=\"wp-block-column is-layout-flow wp-block-column-is-layout-flow\">\n<p>In einer zunehmend digitalisierten Weiterbildungslandschaft steigt das Angebot an Online-Kursen, Lernplattformen und digital unterst\u00fctzten Lernformaten. Gleichzeitig gibt es Bev\u00f6lkerungsgruppen, die beim Zugang zu diesen Angeboten strukturell benachteiligt sind \u2013 etwa aufgrund von Alter, geringer digitaler Kompetenz, Wohnlage, finanziellen H\u00fcrden, sprachlichen Barrieren usw.<\/p>\n\n\n\n<p><br>Viele bestehende Weiterbildungsangebote erreichen nicht jene Menschen, die besonderen Unterst\u00fctzungsbedarf haben. Es fehlen KI-gest\u00fctzte L\u00f6sungen, die Barrieren abbauen, Lernwege individualisieren und Zugang zu Inhalten \u2013 abgestimmt auf unterschiedliche Lebensrealit\u00e4ten \u2013 niedrigschwellig, verst\u00e4ndlich und motivierend gestalten.<\/p>\n\n\n\n<h4 class=\"wp-block-heading\">Aufgabe<\/h4>\n\n\n\n<p>Entwicklung eines Konzepts f\u00fcr eine KI-gest\u00fctzte L\u00f6sung, die Menschen mit eingeschr\u00e4nktem Zugang zu Weiterbildung aktiv unterst\u00fctzt, Inhalte verst\u00e4ndlich aufbereitet und individuelle Lernpfade niedrigschwellig erm\u00f6glicht.<\/p>\n<\/div>\n<\/div>\n\n\n\n<div class=\"wp-block-columns is-style-accordion is-layout-flex wp-container-core-columns-is-layout-28f84493 wp-block-columns-is-layout-flex\" id=\"faq-element-1\">\n<div class=\"wp-block-column is-layout-flow wp-block-column-is-layout-flow\">\n<h3 class=\"wp-block-heading\">Challenge 6: Einsatz von KI in der Organisation von Weiterbildungsinstitutionen<\/h3>\n<\/div>\n\n\n\n<div class=\"wp-block-column is-layout-flow wp-block-column-is-layout-flow\">\n<p>Viele Weiterbildungsorganisationen arbeiten nach wie vor mit stark manuellen, wenig integrierten Prozessen \u2013 etwa in der Kursplanung, Ausbildendenkoordination oder Teilnehmendenverwaltung. Ressourcenknappheit und Zeitdruck erschweren Innovation im operativen Alltag.<\/p>\n\n\n\n<p>Wiederkehrende Aufgaben, fehlende Transparenz und isolierte Systeme bremsen die Effizienz. Es fehlt an intelligenten L\u00f6sungen, die Weiterbildungsorganisationen bei der Planung, Steuerung und Weiterentwicklung ihrer Angebote aktiv unterst\u00fctzen.<\/p>\n\n\n\n<h4 class=\"wp-block-heading\">Aufgabe<\/h4>\n\n\n\n<p>Entwicklung eines Konzepts f\u00fcr eine KI-gest\u00fctzte L\u00f6sung, die (eine) zentrale Herausforderung(en) in der Organisation und Verwaltung von Weiterbildungsorganisationen andressiert, mit dem Ziel Prozesse \u00absmarter\u00bb, effizienter und vorausschauender zu gestalten.<\/p>\n<\/div>\n<\/div>\n\n\n\n<div class=\"wp-block-columns is-style-accordion is-layout-flex wp-container-core-columns-is-layout-28f84493 wp-block-columns-is-layout-flex\" id=\"faq-element-1\">\n<div class=\"wp-block-column is-layout-flow wp-block-column-is-layout-flow\">\n<h3 class=\"wp-block-heading\">Infos zum Einsatz von KI<\/h3>\n<\/div>\n\n\n\n<div class=\"wp-block-column is-layout-flow wp-block-column-is-layout-flow\">\n<p>Der Einsatz von KI \u2013 insbesondere hinsichtlich Umfang, Zweck und verwendeter Tools \u2013 ist den teilnehmenden Teams grunds\u00e4tzlich freigestellt. Voraussetzung ist ein verantwortungsvoller, transparenter und rechtskonformer Umgang mit KI-Systemen. Die inhaltliche Verantwortung f\u00fcr die eingereichten Beitr\u00e4ge liegt ausschliesslich bei den Teams. KI-generierte Inhalte sind kritisch zu pr\u00fcfen und bei Bedarf zu \u00fcberarbeiten. Auf Anfrage sind Art (z. B. Ideengenerierung, Strukturierung von Inhalten, Materialerstellung oder Prototypentwicklung) und Umfang des KI-Einsatzes gegen\u00fcber der Jury sowie den Organisatorinnen und Organisatoren nachvollziehbar offenzulegen.<\/p>\n<\/div>\n<\/div>\n\n\n\n<div class=\"wp-block-columns is-style-accordion is-layout-flex wp-container-core-columns-is-layout-28f84493 wp-block-columns-is-layout-flex\" id=\"faq-element-1\">\n<div class=\"wp-block-column is-layout-flow wp-block-column-is-layout-flow\">\n<h3 class=\"wp-block-heading\">Pr\u00e4sentation der Ideen und Bewertungsaspekte<\/h3>\n<\/div>\n\n\n\n<div class=\"wp-block-column is-layout-flow wp-block-column-is-layout-flow\">\n<h3 class=\"wp-block-heading\">Pr\u00e4sentation der Ideen<\/h3>\n\n\n\n<p>Die Form der Pr\u00e4sentation ist den teilnehmenden Teams freigestellt. Die Vorstellung der Projektideen erfolgt im Plenum vor allen Teilnehmenden, der Jury sowie den Organisatorinnen und Organisatoren. F\u00fcr die Pr\u00e4sentation stehen ein Beamer (z.B. zur Einblendung von Pr\u00e4sentationsfolien oder anderen digitalen Inhalten), Flipcharts, Pinnw\u00e4nde, Materialien aus dem Moderationskoffer sowie Mikrofone zur Verf\u00fcgung. Die Pr\u00e4sentation kann durch eine einzelne Person oder durch das gesamte Team erfolgen. Die Darstellung soll dem Bewertungsaspekt \u00abQualit\u00e4t der Pr\u00e4sentation\u00bb entsprechen. Die Pr\u00e4sentationszeit betr\u00e4gt maximal zwei Minuten. Nach Ablauf dieser Zeit wird die Pr\u00e4sentation unterbrochen.<\/p>\n\n\n\n<h3 class=\"wp-block-heading\">Bewertungsaspekte<\/h3>\n\n\n\n<h4 class=\"wp-block-heading\">Originalit\u00e4t <strong>und Innovation<\/strong><\/h4>\n\n\n\n<p>Das entwickelte Konzept er\u00f6ffnet neue und kreative Wege, sich mit dem Thema KI in der Weiterbildung auseinanderzusetzen. Aspekte wie Zukunftsf\u00e4higkeit, Inklusion und verantwortungsvoller KI-Einsatz werden ebenso ber\u00fccksichtigt wie Reflexion, Haltung, zugrunde liegende Weltbilder und die F\u00f6rderung von Gestaltungsf\u00e4higkeit.<\/p>\n\n\n\n<h4 class=\"wp-block-heading\">Relevanz f\u00fcr die Weiterbildung<\/h4>\n\n\n\n<p>Das entwickelte Konzept adressiert konkrete Herausforderungen der Weiterbildung (z.B. Personalisierung, Effizienz, Fachkr\u00e4ftesicherung usw.). Der Nutzen f\u00fcr die jeweilige Zielgruppe ist klar definiert und nachvollziehbar beschrieben.&nbsp;<\/p>\n\n\n\n<h4 class=\"wp-block-heading\"><strong>Machbarkeit und Umsetzbarkeit<\/strong><\/h4>\n\n\n\n<p>Das entwickelte Konzept beschreibt realistische Umsetzungsschritte. Technische, organisatorische und zeitliche Rahmenbedingungen werden ber\u00fccksichtigt. Ein m\u00f6glicher Prototyp oder eine erste Umsetzungsperspektive ist erkennbar.<\/p>\n\n\n\n<h4 class=\"wp-block-heading\"><strong>Praxisnutzen und Impact<\/strong><\/h4>\n\n\n\n<p>Der konkrete Mehrwert f\u00fcr Akteure der Weiterbildung (insbesondere Ausbildende, Teilnehmende oder Organisationen) wird deutlich dargestellt. Das Konzept hat Potenzial f\u00fcr Skalierung, Weiterentwicklung und nachhaltige Wirkung.&nbsp;<\/p>\n\n\n\n<h4 class=\"wp-block-heading\"><strong>Qualit\u00e4t der Pr\u00e4sentation<\/strong><\/h4>\n\n\n\n<p>Die Pr\u00e4sentation ist klar strukturiert, verst\u00e4ndlich und \u00fcberzeugend. Problem, L\u00f6sung und Nutzen werden logisch dargestellt. Die Jury kann die Idee schnell erfassen und bewerten.&nbsp;<\/p>\n<\/div>\n<\/div>\n\n\n\n<div class=\"wp-block-columns is-style-accordion is-layout-flex wp-container-core-columns-is-layout-28f84493 wp-block-columns-is-layout-flex\" id=\"faq-element-1\">\n<div class=\"wp-block-column is-layout-flow wp-block-column-is-layout-flow\">\n<h3 class=\"wp-block-heading\">Jury<\/h3>\n<\/div>\n\n\n\n<div class=\"wp-block-column is-layout-flow wp-block-column-is-layout-flow\">\n<ul class=\"wp-block-list\">\n<li>Melanie Knieps: <a href=\"https:\/\/www.dsi.uzh.ch\/de.html\">Digital Society Initiative der Universit\u00e4t Z\u00fcrich<\/a>, <a href=\"https:\/\/www.dsi.uzh.ch\/de\/people\/researchers\/dsi-researchers\/mknieps.html\">Forschende Cybersecurity<\/a><\/li>\n\n\n\n<li>Linus Murbach: <a href=\"https:\/\/powercoders.org\/\">Powercoders<\/a>, Co-Lead Powercoders, Programm Manager<\/li>\n\n\n\n<li>Livie Kundert: <a href=\"https:\/\/www.adis.ch\/de\/home-1.html\">Swiss Alliance for Digital Inclusion<\/a>, Senior Project Manager<\/li>\n<\/ul>\n<\/div>\n<\/div>\n\n\n\n<div class=\"wp-block-columns is-style-accordion is-layout-flex wp-container-core-columns-is-layout-28f84493 wp-block-columns-is-layout-flex\" id=\"faq-element-1\">\n<div class=\"wp-block-column is-layout-flow wp-block-column-is-layout-flow\">\n<h3 class=\"wp-block-heading\">Gewinnerteam<\/h3>\n<\/div>\n\n\n\n<div class=\"wp-block-column is-layout-flow wp-block-column-is-layout-flow\">\n<ul class=\"wp-block-list\">\n<li><strong>Gewinnerzertifikat<\/strong>: Offizielles Zertifikat mit Best\u00e4tigung als Siegerteam des SVEB KI-Hackathons 2026.<\/li>\n\n\n\n<li><strong>Coaching &amp; Follow-up<\/strong>: Nachbetreuungs-Meetings mit SVEB-Coaching f\u00fcr das Gewinnerteam bei Weiterverfolgung des Projekts.<\/li>\n\n\n\n<li><strong>Newsletter-Pr\u00e4senz<\/strong>: Vorstellung des Gewinnerprojekts im SVEB-Newsletter (Versand an \u00fcber 6500 Personen im Schweizer Weiterbildungsbereich).<\/li>\n<\/ul>\n<\/div>\n<\/div>\n<\/div>\n\n\n\n<div class=\"wp-block-file\"><a id=\"wp-block-file--media-3d8a0efc-b3fd-4ddc-9ed2-999940b8b23f\" href=\"https:\/\/alice.ch\/app\/uploads\/2026\/03\/hackathon-verhaltenskodex-2026.pdf\">Verhaltenskodex<br \/>PDF &#8211; 189 KB<\/a><a href=\"https:\/\/alice.ch\/app\/uploads\/2026\/03\/hackathon-verhaltenskodex-2026.pdf\" class=\"wp-block-file__button wp-element-button\" download aria-describedby=\"wp-block-file--media-3d8a0efc-b3fd-4ddc-9ed2-999940b8b23f\">Herunterladen<br \/>PDF &#8211; 189 KB<\/a><\/div>\n\n\n\n<div class=\"wp-block-buttons alignfull is-content-justification-center is-layout-flex wp-container-core-buttons-is-layout-a89b3969 wp-block-buttons-is-layout-flex\"><\/div>\n\n\n\n<h2 class=\"wp-block-heading\">Tipps<\/h2>\n\n\n\n<h4 class=\"wp-block-heading\">KI-Assistent<\/h4>\n\n\n\n<p>Der Hackathon-KI-Assistent&nbsp;ist ein ko-intelligenter Sparringspartner f\u00fcr Hackathon-Teams, der bei Problemkl\u00e4rung, Ideation, Risiko-Checks und Transparenz unterst\u00fctzt. Dabei fordert er strikt menschliche Entscheidungen ein und strukturiert den verantwortungsvollen KI-Einsatz entlang klarer Touchpoints&nbsp;\u2013 alles innerhalb der SVEB-Hackathon-Regeln.&nbsp;<\/p>\n\n\n\n<p>Die Nutzung des Hackathon-KI-Assistenzen ist mit einem kostenlosen ChatGPT-Account m\u00f6glich:<\/p>\n\n\n\n<div class=\"wp-block-buttons is-layout-flex wp-block-buttons-is-layout-flex\">\n<div class=\"wp-block-button is-style-minimal\"><a class=\"wp-block-button__link wp-element-button\" href=\"https:\/\/chatgpt.com\/g\/g-694b8f3237c88191a06b623732922010-hackathon-ki-assistent\" target=\"_blank\" rel=\"noreferrer noopener\">KI-Assistent<\/a><\/div>\n<\/div>\n\n\n\n<p>Feedback und Fragen bitte an:&nbsp;<a href=\"mailto:markus@willadvise.ch\">markus@willadvise.ch<\/a><\/p>\n\n\n\n\n\n<div class=\"wp-block-columns is-layout-flex wp-container-core-columns-is-layout-28f84493 wp-block-columns-is-layout-flex\">\n<div class=\"wp-block-column is-layout-flow wp-block-column-is-layout-flow\"><\/div>\n\n\n\n<div class=\"wp-block-column is-layout-flow wp-block-column-is-layout-flow\"><\/div>\n<\/div>\n\n\n\n\n\n<div class=\"wp-block-columns is-layout-flex wp-container-core-columns-is-layout-28f84493 wp-block-columns-is-layout-flex\">\n<div class=\"wp-block-column is-layout-flow wp-block-column-is-layout-flow\"><\/div>\n\n\n\n<div class=\"wp-block-column is-layout-flow wp-block-column-is-layout-flow\"><\/div>\n<\/div>\n\n\n\n<h2 class=\"wp-block-heading\">Kontakt<\/h2>\n\n\n\n<div class=\"wp-block-columns is-layout-flex wp-container-core-columns-is-layout-28f84493 wp-block-columns-is-layout-flex\">\n<div class=\"wp-block-column is-layout-flow wp-block-column-is-layout-flow\"><div class=\"contact-persons\">\n\n\t\t\t\t\t<div class=\"contact-person\">\n\t\t\t\t\tRahel Wysser<br \/>\t\t\t\t\tVerantwortliche Events<br \/>\t\t\t\t\t<br \/>\n\t\t\t\t\t\t\t\t\t\t<a href=\"tel:+41 (0)44 319 71 54\">+41 (0)44 319 71 54<\/a><br \/>\t\t\t\t\t<a href=\"mailto:rahel.wysser@alice.ch\">rahel.wysser@alice.ch<\/a><br \/>\t\t\t\t\t<\/div>\n\t\t\t\t\t<\/div>\n<\/div>\n\n\n\n<div class=\"wp-block-column is-layout-flow wp-block-column-is-layout-flow\"><\/div>\n<\/div>\n<\/div>\n\n\n\n<p><\/p>\n","protected":false},"excerpt":{"rendered":"<p>SVEB-Hackathon 2026 | KI in der Weiterbildung Wie k\u00f6nnen wir K\u00fcnstliche Intelligenz in der Weiterbildung sinnvoll, verantwortungsvoll und gewinnbringend einsetzen? [&hellip;]<\/p>\n","protected":false},"author":5,"featured_media":20799,"parent":496,"menu_order":1,"comment_status":"closed","ping_status":"closed","template":"","meta":{"_acf_changed":false,"inline_featured_image":false,"footnotes":""},"class_list":["post-73986","page","type-page","status-publish","has-post-thumbnail","hentry"],"acf":[],"yoast_head":"<!-- This site is optimized with the Yoast SEO plugin v27.3 - https:\/\/yoast.com\/product\/yoast-seo-wordpress\/ -->\n<title>SVEB-Hackathon - SVEB<\/title>\n<meta name=\"robots\" content=\"index, nofollow, max-snippet:-1, max-image-preview:large, max-video-preview:-1\" \/>\n<link rel=\"canonical\" href=\"https:\/\/alice.ch\/de\/aktuell\/events\/sveb-hackathon\/\" \/>\n<meta property=\"og:locale\" content=\"de_DE\" \/>\n<meta property=\"og:type\" content=\"article\" \/>\n<meta property=\"og:title\" content=\"SVEB-Hackathon - SVEB\" \/>\n<meta property=\"og:description\" content=\"SVEB-Hackathon 2026 | KI in der Weiterbildung Wie k\u00f6nnen wir K\u00fcnstliche Intelligenz in der Weiterbildung sinnvoll, verantwortungsvoll und gewinnbringend einsetzen? [&hellip;]\" \/>\n<meta property=\"og:url\" content=\"https:\/\/alice.ch\/de\/aktuell\/events\/sveb-hackathon\/\" \/>\n<meta property=\"og:site_name\" content=\"SVEB\" \/>\n<meta property=\"article:modified_time\" content=\"2026-03-31T14:09:10+00:00\" \/>\n<meta property=\"og:image\" content=\"https:\/\/alice.ch\/app\/uploads\/2026\/02\/sticker-hackathon-KI.png\" \/>\n\t<meta property=\"og:image:width\" content=\"595\" \/>\n\t<meta property=\"og:image:height\" content=\"587\" \/>\n\t<meta property=\"og:image:type\" content=\"image\/png\" \/>\n<meta name=\"twitter:card\" content=\"summary_large_image\" \/>\n<meta name=\"twitter:label1\" content=\"Gesch\u00e4tzte Lesezeit\" \/>\n\t<meta name=\"twitter:data1\" content=\"6\u00a0Minuten\" \/>\n<script type=\"application\/ld+json\" class=\"yoast-schema-graph\">{\"@context\":\"https:\\\/\\\/schema.org\",\"@graph\":[{\"@type\":\"WebPage\",\"@id\":\"https:\\\/\\\/alice.ch\\\/de\\\/aktuell\\\/events\\\/sveb-hackathon\\\/\",\"url\":\"https:\\\/\\\/alice.ch\\\/de\\\/aktuell\\\/events\\\/sveb-hackathon\\\/\",\"name\":\"SVEB-Hackathon - SVEB\",\"isPartOf\":{\"@id\":\"https:\\\/\\\/alice.ch\\\/de\\\/#website\"},\"primaryImageOfPage\":{\"@id\":\"https:\\\/\\\/alice.ch\\\/de\\\/aktuell\\\/events\\\/sveb-hackathon\\\/#primaryimage\"},\"image\":{\"@id\":\"https:\\\/\\\/alice.ch\\\/de\\\/aktuell\\\/events\\\/sveb-hackathon\\\/#primaryimage\"},\"thumbnailUrl\":\"https:\\\/\\\/alice.ch\\\/app\\\/uploads\\\/2022\\\/11\\\/default.jpg\",\"datePublished\":\"2026-03-03T15:51:26+00:00\",\"dateModified\":\"2026-03-31T14:09:10+00:00\",\"breadcrumb\":{\"@id\":\"https:\\\/\\\/alice.ch\\\/de\\\/aktuell\\\/events\\\/sveb-hackathon\\\/#breadcrumb\"},\"inLanguage\":\"de\",\"potentialAction\":[{\"@type\":\"ReadAction\",\"target\":[\"https:\\\/\\\/alice.ch\\\/de\\\/aktuell\\\/events\\\/sveb-hackathon\\\/\"]}]},{\"@type\":\"ImageObject\",\"inLanguage\":\"de\",\"@id\":\"https:\\\/\\\/alice.ch\\\/de\\\/aktuell\\\/events\\\/sveb-hackathon\\\/#primaryimage\",\"url\":\"https:\\\/\\\/alice.ch\\\/app\\\/uploads\\\/2022\\\/11\\\/default.jpg\",\"contentUrl\":\"https:\\\/\\\/alice.ch\\\/app\\\/uploads\\\/2022\\\/11\\\/default.jpg\",\"width\":1600,\"height\":900},{\"@type\":\"BreadcrumbList\",\"@id\":\"https:\\\/\\\/alice.ch\\\/de\\\/aktuell\\\/events\\\/sveb-hackathon\\\/#breadcrumb\",\"itemListElement\":[{\"@type\":\"ListItem\",\"position\":1,\"name\":\"Startseite\",\"item\":\"https:\\\/\\\/alice.ch\\\/de\\\/\"},{\"@type\":\"ListItem\",\"position\":2,\"name\":\"Aktuell\",\"item\":\"https:\\\/\\\/alice.ch\\\/de\\\/aktuell\\\/\"},{\"@type\":\"ListItem\",\"position\":3,\"name\":\"Events\",\"item\":\"https:\\\/\\\/alice.ch\\\/de\\\/aktuell\\\/events\\\/\"},{\"@type\":\"ListItem\",\"position\":4,\"name\":\"SVEB-Hackathon\"}]},{\"@type\":\"WebSite\",\"@id\":\"https:\\\/\\\/alice.ch\\\/de\\\/#website\",\"url\":\"https:\\\/\\\/alice.ch\\\/de\\\/\",\"name\":\"alice.ch (Adult Learning Information Center) ist das Portal der Weiterbildung in der Schweiz.\",\"description\":\"Schweizerischer Verband f\u00fcr Weiterbildung\",\"publisher\":{\"@id\":\"https:\\\/\\\/alice.ch\\\/de\\\/#organization\"},\"potentialAction\":[{\"@type\":\"SearchAction\",\"target\":{\"@type\":\"EntryPoint\",\"urlTemplate\":\"https:\\\/\\\/alice.ch\\\/de\\\/?s={search_term_string}\"},\"query-input\":{\"@type\":\"PropertyValueSpecification\",\"valueRequired\":true,\"valueName\":\"search_term_string\"}}],\"inLanguage\":\"de\"},{\"@type\":\"Organization\",\"@id\":\"https:\\\/\\\/alice.ch\\\/de\\\/#organization\",\"name\":\"SVEB Schweizerischer Verband f\u00fcr Weiterbildung\",\"url\":\"https:\\\/\\\/alice.ch\\\/de\\\/\",\"logo\":{\"@type\":\"ImageObject\",\"inLanguage\":\"de\",\"@id\":\"https:\\\/\\\/alice.ch\\\/de\\\/#\\\/schema\\\/logo\\\/image\\\/\",\"url\":\"https:\\\/\\\/alice.ch\\\/app\\\/uploads\\\/2022\\\/07\\\/logo-sveb.png\",\"contentUrl\":\"https:\\\/\\\/alice.ch\\\/app\\\/uploads\\\/2022\\\/07\\\/logo-sveb.png\",\"width\":145,\"height\":64,\"caption\":\"SVEB Schweizerischer Verband f\u00fcr Weiterbildung\"},\"image\":{\"@id\":\"https:\\\/\\\/alice.ch\\\/de\\\/#\\\/schema\\\/logo\\\/image\\\/\"},\"sameAs\":[\"https:\\\/\\\/www.linkedin.com\\\/company\\\/schweizerischer-verband-fr-weiterbildung-sveb\\\/\"]}]}<\/script>\n<!-- \/ Yoast SEO plugin. -->","yoast_head_json":{"title":"SVEB-Hackathon - SVEB","robots":{"index":"index","follow":"nofollow","max-snippet":"max-snippet:-1","max-image-preview":"max-image-preview:large","max-video-preview":"max-video-preview:-1"},"canonical":"https:\/\/alice.ch\/de\/aktuell\/events\/sveb-hackathon\/","og_locale":"de_DE","og_type":"article","og_title":"SVEB-Hackathon - SVEB","og_description":"SVEB-Hackathon 2026 | KI in der Weiterbildung Wie k\u00f6nnen wir K\u00fcnstliche Intelligenz in der Weiterbildung sinnvoll, verantwortungsvoll und gewinnbringend einsetzen? [&hellip;]","og_url":"https:\/\/alice.ch\/de\/aktuell\/events\/sveb-hackathon\/","og_site_name":"SVEB","article_modified_time":"2026-03-31T14:09:10+00:00","og_image":[{"width":595,"height":587,"url":"https:\/\/alice.ch\/app\/uploads\/2026\/02\/sticker-hackathon-KI.png","type":"image\/png"}],"twitter_card":"summary_large_image","twitter_misc":{"Gesch\u00e4tzte Lesezeit":"6\u00a0Minuten"},"schema":{"@context":"https:\/\/schema.org","@graph":[{"@type":"WebPage","@id":"https:\/\/alice.ch\/de\/aktuell\/events\/sveb-hackathon\/","url":"https:\/\/alice.ch\/de\/aktuell\/events\/sveb-hackathon\/","name":"SVEB-Hackathon - SVEB","isPartOf":{"@id":"https:\/\/alice.ch\/de\/#website"},"primaryImageOfPage":{"@id":"https:\/\/alice.ch\/de\/aktuell\/events\/sveb-hackathon\/#primaryimage"},"image":{"@id":"https:\/\/alice.ch\/de\/aktuell\/events\/sveb-hackathon\/#primaryimage"},"thumbnailUrl":"https:\/\/alice.ch\/app\/uploads\/2022\/11\/default.jpg","datePublished":"2026-03-03T15:51:26+00:00","dateModified":"2026-03-31T14:09:10+00:00","breadcrumb":{"@id":"https:\/\/alice.ch\/de\/aktuell\/events\/sveb-hackathon\/#breadcrumb"},"inLanguage":"de","potentialAction":[{"@type":"ReadAction","target":["https:\/\/alice.ch\/de\/aktuell\/events\/sveb-hackathon\/"]}]},{"@type":"ImageObject","inLanguage":"de","@id":"https:\/\/alice.ch\/de\/aktuell\/events\/sveb-hackathon\/#primaryimage","url":"https:\/\/alice.ch\/app\/uploads\/2022\/11\/default.jpg","contentUrl":"https:\/\/alice.ch\/app\/uploads\/2022\/11\/default.jpg","width":1600,"height":900},{"@type":"BreadcrumbList","@id":"https:\/\/alice.ch\/de\/aktuell\/events\/sveb-hackathon\/#breadcrumb","itemListElement":[{"@type":"ListItem","position":1,"name":"Startseite","item":"https:\/\/alice.ch\/de\/"},{"@type":"ListItem","position":2,"name":"Aktuell","item":"https:\/\/alice.ch\/de\/aktuell\/"},{"@type":"ListItem","position":3,"name":"Events","item":"https:\/\/alice.ch\/de\/aktuell\/events\/"},{"@type":"ListItem","position":4,"name":"SVEB-Hackathon"}]},{"@type":"WebSite","@id":"https:\/\/alice.ch\/de\/#website","url":"https:\/\/alice.ch\/de\/","name":"alice.ch (Adult Learning Information Center) ist das Portal der Weiterbildung in der Schweiz.","description":"Schweizerischer Verband f\u00fcr Weiterbildung","publisher":{"@id":"https:\/\/alice.ch\/de\/#organization"},"potentialAction":[{"@type":"SearchAction","target":{"@type":"EntryPoint","urlTemplate":"https:\/\/alice.ch\/de\/?s={search_term_string}"},"query-input":{"@type":"PropertyValueSpecification","valueRequired":true,"valueName":"search_term_string"}}],"inLanguage":"de"},{"@type":"Organization","@id":"https:\/\/alice.ch\/de\/#organization","name":"SVEB Schweizerischer Verband f\u00fcr Weiterbildung","url":"https:\/\/alice.ch\/de\/","logo":{"@type":"ImageObject","inLanguage":"de","@id":"https:\/\/alice.ch\/de\/#\/schema\/logo\/image\/","url":"https:\/\/alice.ch\/app\/uploads\/2022\/07\/logo-sveb.png","contentUrl":"https:\/\/alice.ch\/app\/uploads\/2022\/07\/logo-sveb.png","width":145,"height":64,"caption":"SVEB Schweizerischer Verband f\u00fcr Weiterbildung"},"image":{"@id":"https:\/\/alice.ch\/de\/#\/schema\/logo\/image\/"},"sameAs":["https:\/\/www.linkedin.com\/company\/schweizerischer-verband-fr-weiterbildung-sveb\/"]}]}},"_links":{"self":[{"href":"https:\/\/alice.ch\/de\/wp-json\/wp\/v2\/pages\/73986","targetHints":{"allow":["GET"]}}],"collection":[{"href":"https:\/\/alice.ch\/de\/wp-json\/wp\/v2\/pages"}],"about":[{"href":"https:\/\/alice.ch\/de\/wp-json\/wp\/v2\/types\/page"}],"author":[{"embeddable":true,"href":"https:\/\/alice.ch\/de\/wp-json\/wp\/v2\/users\/5"}],"replies":[{"embeddable":true,"href":"https:\/\/alice.ch\/de\/wp-json\/wp\/v2\/comments?post=73986"}],"version-history":[{"count":63,"href":"https:\/\/alice.ch\/de\/wp-json\/wp\/v2\/pages\/73986\/revisions"}],"predecessor-version":[{"id":74730,"href":"https:\/\/alice.ch\/de\/wp-json\/wp\/v2\/pages\/73986\/revisions\/74730"}],"up":[{"embeddable":true,"href":"https:\/\/alice.ch\/de\/wp-json\/wp\/v2\/pages\/496"}],"wp:featuredmedia":[{"embeddable":true,"href":"https:\/\/alice.ch\/de\/wp-json\/wp\/v2\/media\/20799"}],"wp:attachment":[{"href":"https:\/\/alice.ch\/de\/wp-json\/wp\/v2\/media?parent=73986"}],"curies":[{"name":"wp","href":"https:\/\/api.w.org\/{rel}","templated":true}]}}