{"id":74669,"date":"2026-03-30T19:17:18","date_gmt":"2026-03-30T17:17:18","guid":{"rendered":"https:\/\/alice.ch\/?page_id=74669"},"modified":"2026-04-08T14:37:42","modified_gmt":"2026-04-08T12:37:42","slug":"dv2026","status":"publish","type":"page","link":"https:\/\/alice.ch\/de\/sveb\/ueber-den-sveb\/dv2026\/","title":{"rendered":"Delegiertenversammlung 2026"},"content":{"rendered":"\n<div class=\"wp-block-group is-style-reduced-width is-layout-flow wp-block-group-is-layout-flow\">\n<h1 class=\"wp-block-heading\">SVEB-Delegiertenversammlung 2026 und bildungspolitische Tagung<\/h1>\n\n\n\n<p class=\"is-style-lead\">Auf dieser Seite zur Delegiertenversammlung und der bildungspolitischen Tagung des SVEB vom 12. Mai 2026 in Bern (<a href=\"https:\/\/maps.app.goo.gl\/aBVqGSdcLLWZY2VJ8\" target=\"_blank\" rel=\"noreferrer noopener\">Schwellenm\u00e4tteli<\/a>) finden Sie alle Dokumente als Download.<\/p>\n\n\n\n<div class=\"wp-block-buttons is-layout-flex wp-block-buttons-is-layout-flex\">\n<div class=\"wp-block-button is-style-outline is-style-outline--1\"><a class=\"wp-block-button__link wp-element-button\" href=\"https:\/\/alice.ch\/de\/event\/delegiertenversammlung-und-bildungspolitische-tagung-2026-2\/\">zur Anmeldung<\/a><\/div>\n<\/div>\n\n\n\n<h2 class=\"wp-block-heading\">Delegiertenversammlung <\/h2>\n\n\n\n<h3 class=\"wp-block-heading has-cyan-bluish-gray-color has-text-color\">13.30\u201314.30 Uhr<\/h3>\n\n\n\n<h3 class=\"wp-block-heading\">Traktanden<\/h3>\n\n\n\n<ol style=\"list-style-type:1\" class=\"wp-block-list\">\n<li>Begr\u00fcssung<\/li>\n\n\n\n<li>Wahl der Stimmenz\u00e4hlerinnen und -z\u00e4hler<\/li>\n\n\n\n<li>Protokoll der Delegiertenversammlung vom Mai 2025 (Beilage T3)<\/li>\n\n\n\n<li>Stellungnahme zum Jahresbericht 2025 durch den Pr\u00e4sidenten, Fragen und Diskussion (Jahresbericht)<\/li>\n\n\n\n<li>Jahresrechnung 2025 (vgl. Jahresbericht, S. 24)<\/li>\n\n\n\n<li>Budget 2026 (vgl. Jahresbericht, S. 25) und T\u00e4tigkeitsprogramm 2026 (Beilage T6)<\/li>\n\n\n\n<li>Wahl der Revisionsstelle<\/li>\n\n\n\n<li>Wahlen<\/li>\n\n\n\n<li>Diverses<\/li>\n<\/ol>\n\n\n\n<div class=\"wp-block-group is-style-border-box is-layout-constrained wp-block-group-is-layout-constrained\">\n<p class=\"is-style-lead\">Antr\u00e4ge von Mitgliedern bez\u00fcglich der bereitgestellten Unterlagen sind sp\u00e4testens 10 Tage vor der Versammlung bei der Gesch\u00e4ftsstelle einzureichen.<\/p>\n<\/div>\n\n\n\n<h3 class=\"wp-block-heading\">Dokumente<\/h3>\n\n\n\n<div class=\"wp-block-columns is-layout-flex wp-container-core-columns-is-layout-28f84493 wp-block-columns-is-layout-flex\">\n<div class=\"wp-block-column is-layout-flow wp-block-column-is-layout-flow\" style=\"flex-basis:50%\">\n<div class=\"wp-block-file\"><a id=\"wp-block-file--media-86033f34-fdca-4594-837b-fe4f586152f1\" href=\"https:\/\/alice.ch\/app\/uploads\/2026\/03\/Traktanden-DV-2026-Beilage-T1.pdf\" target=\"_blank\" rel=\"noreferrer noopener\">Traktanden DV 2026 (Beilage T1)<br \/>PDF &#8211; 449 KB<\/a><a href=\"https:\/\/alice.ch\/app\/uploads\/2026\/03\/Traktanden-DV-2026-Beilage-T1.pdf\" class=\"wp-block-file__button wp-element-button\" download aria-describedby=\"wp-block-file--media-86033f34-fdca-4594-837b-fe4f586152f1\">Herunterladen<br \/>PDF &#8211; 449 KB<\/a><\/div>\n\n\n\n<div class=\"wp-block-file\"><a id=\"wp-block-file--media-6e5bef32-c0b5-45ca-bce7-6e7cf22dd313\" href=\"https:\/\/alice.ch\/app\/uploads\/2026\/04\/SVEB_Jahresbericht2025-1.pdf\" target=\"_blank\" rel=\"noreferrer noopener\">Jahresbericht 2025<br \/>PDF &#8211; 1 MB<\/a><a href=\"https:\/\/alice.ch\/app\/uploads\/2026\/04\/SVEB_Jahresbericht2025-1.pdf\" class=\"wp-block-file__button wp-element-button\" download aria-describedby=\"wp-block-file--media-6e5bef32-c0b5-45ca-bce7-6e7cf22dd313\">Herunterladen<br \/>PDF &#8211; 1 MB<\/a><\/div>\n\n\n\n<div class=\"wp-block-file\"><a id=\"wp-block-file--media-59cdab22-374d-489e-b842-cae333a9b7cf\" href=\"https:\/\/alice.ch\/app\/uploads\/2026\/03\/Revisionsbericht-2025.pdf\" target=\"_blank\" rel=\"noreferrer noopener\">Revisionsbericht 2025<br \/>PDF &#8211; 1 MB<\/a><a href=\"https:\/\/alice.ch\/app\/uploads\/2026\/03\/Revisionsbericht-2025.pdf\" class=\"wp-block-file__button wp-element-button\" download aria-describedby=\"wp-block-file--media-59cdab22-374d-489e-b842-cae333a9b7cf\">Herunterladen<br \/>PDF &#8211; 1 MB<\/a><\/div>\n<\/div>\n\n\n\n<div class=\"wp-block-column is-layout-flow wp-block-column-is-layout-flow\" style=\"flex-basis:50%\">\n<div class=\"wp-block-file\"><a id=\"wp-block-file--media-cf95f592-52c5-48fb-a1c5-9923ee66e6f3\" href=\"https:\/\/alice.ch\/app\/uploads\/2026\/03\/Protokoll-der-DV-2025-Beilage-T3.pdf\" target=\"_blank\" rel=\"noreferrer noopener\">Protokoll der DV 2025 (Beilage T3)<br \/>PDF &#8211; 256 KB<\/a><a href=\"https:\/\/alice.ch\/app\/uploads\/2026\/03\/Protokoll-der-DV-2025-Beilage-T3.pdf\" class=\"wp-block-file__button wp-element-button\" download aria-describedby=\"wp-block-file--media-cf95f592-52c5-48fb-a1c5-9923ee66e6f3\">Herunterladen<br \/>PDF &#8211; 256 KB<\/a><\/div>\n\n\n\n<div class=\"wp-block-file\"><a id=\"wp-block-file--media-f8105e32-da64-44b6-857e-b4b59b1aa68e\" href=\"https:\/\/alice.ch\/app\/uploads\/2026\/03\/Taetigkeitsprogramm-2026-Beilage-T6-1.pdf\" target=\"_blank\" rel=\"noreferrer noopener\">Ta\u0308tigkeitsprogramm 2026 (Beilage T6)<br \/>PDF &#8211; 459 KB<\/a><a href=\"https:\/\/alice.ch\/app\/uploads\/2026\/03\/Taetigkeitsprogramm-2026-Beilage-T6-1.pdf\" class=\"wp-block-file__button wp-element-button\" download aria-describedby=\"wp-block-file--media-f8105e32-da64-44b6-857e-b4b59b1aa68e\">Herunterladen<br \/>PDF &#8211; 459 KB<\/a><\/div>\n<\/div>\n<\/div>\n\n\n\n<h2 class=\"wp-block-heading\">Bildungspolitische Tagung<\/h2>\n\n\n\n<h3 class=\"wp-block-heading has-cyan-bluish-gray-color has-text-color\">15.15\u201316.30 Uhr<\/h3>\n\n\n\n<h3 class=\"wp-block-heading\">Wie weiter in der Weiterbildungspolitik?<\/h3>\n\n\n\n<p>Im Rahmen des Entlastungspakets 27 hat das Parlament eine K\u00fcrzung der BFI-Mittel f\u00fcr die Weiterbildung von 20 Prozent beschlossen. Gleichzeitig ist die Weiterbildung gefordert, zur L\u00f6sung der aktuellen wirtschaftlichen und gesellschaftlichen Herausforderungen beizutragen. Zu nennen sind dabei insbesondere das immer gr\u00f6ssere werdende Spannungsfeld zwischen Fachkr\u00e4ftemangel und steigender Arbeitslosigkeit, die neuen Kompetenzanforderungen auf Grund der K\u00fcnstlichen Intelligenz oder die sinkende politische Beteiligung der Bev\u00f6lkerung.<\/p>\n\n\n\n<p>An der Tagung nimmt St\u00e4nder\u00e4tin und SVEB-Pr\u00e4sidentin Tiana Moser zun\u00e4chst eine weiterbildungspolitische Standortbestimmung vor. Ein Panel diskutiert anschliessend unter Einbezug des Publikums, welche (neuen) Schwerpunkte in der Weiterbildungspolitik vor dem Hintergrund der aktuellen Herausforderungen gelegt werden m\u00fcssen.<br>Die Tagung wird mit einem R\u00fcck- und Ausblick anl\u00e4sslich des 75. Geburtstags des SVEB abgeschlossen.<\/p>\n\n\n\n<h3 class=\"wp-block-heading\">Programm<\/h3>\n\n\n\n<figure class=\"wp-block-table is-style-stripes\"><table><tbody><tr><td>14.30 Uhr<\/td><td>Ankommen der G\u00e4ste<\/td><\/tr><tr><td>15.15 Uhr<\/td><td><strong><strong>Weiterbildungspolitische Standortbestimmung<\/strong><\/strong><br>St\u00e4nder\u00e4tin Tiana Moser, Pr\u00e4sidentin SVEB<\/td><\/tr><tr><td>15.30 Uhr<\/td><td><strong><strong>Podiumsgespr\u00e4ch:&nbsp;<\/strong>Wie weiter in der Weiterbildungspolitik?<\/strong><br>\u2212 Hans J\u00f6rg R\u00fcegsegger, Nationalrat SVP<br>\u2212 Dominik Blunschy, Nationalrat Die Mitte<br>\u2212&nbsp;Fabien Fivaz, St\u00e4nderat Gr\u00fcne<br>\u2212&nbsp;Tiana Moser, Pr\u00e4sidentin SVEB und St\u00e4nder\u00e4tin GLP<br><br>Moderation: Pius Kn\u00fcsel, Vorstandsmitglied SVEB, Pr\u00e4sident VSV<\/td><\/tr><tr><td>16.15 Uhr<\/td><td><strong>75&nbsp;Jahre SVEB: ein R\u00fcck- und Ausblick<\/strong><\/td><\/tr><tr><td>16.30 Uhr<\/td><td>Ap\u00e9ro <\/td><\/tr><\/tbody><\/table><\/figure>\n\n\n\n<div class=\"wp-block-buttons is-layout-flex wp-block-buttons-is-layout-flex\">\n<div class=\"wp-block-button is-style-outline is-style-outline--2\"><a class=\"wp-block-button__link wp-element-button\" href=\"https:\/\/alice.ch\/de\/event\/delegiertenversammlung-und-bildungspolitische-tagung-2026-2\/\">zur Anmeldung<\/a><\/div>\n<\/div>\n\n\n\n<h2 class=\"wp-block-heading\">Kontakt<\/h2>\n\n\n\n<div class=\"wp-block-columns is-layout-flex wp-container-core-columns-is-layout-28f84493 wp-block-columns-is-layout-flex\">\n<div class=\"wp-block-column is-layout-flow wp-block-column-is-layout-flow\" style=\"flex-basis:50%\"><div class=\"contact-persons\">\n\n\t\t\t\t\t<div class=\"contact-person\">\n\t\t\t\t\tRahel Wysser<br \/>\t\t\t\t\tVerantwortliche Events<br \/>\t\t\t\t\t<br \/>\n\t\t\t\t\t\t\t\t\t\t<a href=\"tel:+41 (0)44 319 71 54\">+41 (0)44 319 71 54<\/a><br \/>\t\t\t\t\t<a href=\"mailto:rahel.wysser@alice.ch\">rahel.wysser@alice.ch<\/a><br \/>\t\t\t\t\t<\/div>\n\t\t\t\t\t<\/div>\n<\/div>\n\n\n\n<div class=\"wp-block-column is-layout-flow wp-block-column-is-layout-flow\" style=\"flex-basis:50%\"><\/div>\n<\/div>\n<\/div>\n","protected":false},"excerpt":{"rendered":"<p>SVEB-Delegiertenversammlung 2026 und bildungspolitische Tagung Auf dieser Seite zur Delegiertenversammlung und der bildungspolitischen Tagung des SVEB vom 12. Mai 2026 [&hellip;]<\/p>\n","protected":false},"author":43,"featured_media":20799,"parent":385,"menu_order":542,"comment_status":"closed","ping_status":"closed","template":"","meta":{"_acf_changed":false,"inline_featured_image":false,"footnotes":""},"class_list":["post-74669","page","type-page","status-publish","has-post-thumbnail","hentry"],"acf":[],"yoast_head":"<!-- This site is optimized with the Yoast SEO plugin v27.3 - https:\/\/yoast.com\/product\/yoast-seo-wordpress\/ -->\n<title>Delegiertenversammlung 2026 - SVEB<\/title>\n<meta name=\"description\" content=\"Auf dieser Seite finden SVEB-Mitglieder alle Dokumente f\u00fcr den statutarischen Teil der Delegiertenversammlung vom 16. Mai 2023 in Luzern.\" \/>\n<meta name=\"robots\" content=\"index, follow, max-snippet:-1, max-image-preview:large, max-video-preview:-1\" \/>\n<link rel=\"canonical\" href=\"https:\/\/alice.ch\/de\/sveb\/ueber-den-sveb\/dv2026\/\" \/>\n<meta property=\"og:locale\" content=\"de_DE\" \/>\n<meta property=\"og:type\" content=\"article\" \/>\n<meta property=\"og:title\" content=\"Delegiertenversammlung 2026 - SVEB\" \/>\n<meta property=\"og:description\" content=\"Auf dieser Seite finden SVEB-Mitglieder alle Dokumente f\u00fcr den statutarischen Teil der Delegiertenversammlung vom 16. Mai 2023 in Luzern.\" \/>\n<meta property=\"og:url\" content=\"https:\/\/alice.ch\/de\/sveb\/ueber-den-sveb\/dv2026\/\" \/>\n<meta property=\"og:site_name\" content=\"SVEB\" \/>\n<meta property=\"article:modified_time\" content=\"2026-04-08T12:37:42+00:00\" \/>\n<meta name=\"twitter:card\" content=\"summary_large_image\" \/>\n<meta name=\"twitter:label1\" content=\"Gesch\u00e4tzte Lesezeit\" \/>\n\t<meta name=\"twitter:data1\" content=\"1\u00a0Minute\" \/>\n<script type=\"application\/ld+json\" class=\"yoast-schema-graph\">{\"@context\":\"https:\\\/\\\/schema.org\",\"@graph\":[{\"@type\":\"WebPage\",\"@id\":\"https:\\\/\\\/alice.ch\\\/de\\\/sveb\\\/ueber-den-sveb\\\/dv2026\\\/\",\"url\":\"https:\\\/\\\/alice.ch\\\/de\\\/sveb\\\/ueber-den-sveb\\\/dv2026\\\/\",\"name\":\"Delegiertenversammlung 2026 - SVEB\",\"isPartOf\":{\"@id\":\"https:\\\/\\\/alice.ch\\\/de\\\/#website\"},\"primaryImageOfPage\":{\"@id\":\"https:\\\/\\\/alice.ch\\\/de\\\/sveb\\\/ueber-den-sveb\\\/dv2026\\\/#primaryimage\"},\"image\":{\"@id\":\"https:\\\/\\\/alice.ch\\\/de\\\/sveb\\\/ueber-den-sveb\\\/dv2026\\\/#primaryimage\"},\"thumbnailUrl\":\"https:\\\/\\\/alice.ch\\\/app\\\/uploads\\\/2022\\\/11\\\/default.jpg\",\"datePublished\":\"2026-03-30T17:17:18+00:00\",\"dateModified\":\"2026-04-08T12:37:42+00:00\",\"description\":\"Auf dieser Seite finden SVEB-Mitglieder alle Dokumente f\u00fcr den statutarischen Teil der Delegiertenversammlung vom 16. Mai 2023 in Luzern.\",\"breadcrumb\":{\"@id\":\"https:\\\/\\\/alice.ch\\\/de\\\/sveb\\\/ueber-den-sveb\\\/dv2026\\\/#breadcrumb\"},\"inLanguage\":\"de\",\"potentialAction\":[{\"@type\":\"ReadAction\",\"target\":[\"https:\\\/\\\/alice.ch\\\/de\\\/sveb\\\/ueber-den-sveb\\\/dv2026\\\/\"]}]},{\"@type\":\"ImageObject\",\"inLanguage\":\"de\",\"@id\":\"https:\\\/\\\/alice.ch\\\/de\\\/sveb\\\/ueber-den-sveb\\\/dv2026\\\/#primaryimage\",\"url\":\"https:\\\/\\\/alice.ch\\\/app\\\/uploads\\\/2022\\\/11\\\/default.jpg\",\"contentUrl\":\"https:\\\/\\\/alice.ch\\\/app\\\/uploads\\\/2022\\\/11\\\/default.jpg\",\"width\":1600,\"height\":900},{\"@type\":\"BreadcrumbList\",\"@id\":\"https:\\\/\\\/alice.ch\\\/de\\\/sveb\\\/ueber-den-sveb\\\/dv2026\\\/#breadcrumb\",\"itemListElement\":[{\"@type\":\"ListItem\",\"position\":1,\"name\":\"Startseite\",\"item\":\"https:\\\/\\\/alice.ch\\\/de\\\/\"},{\"@type\":\"ListItem\",\"position\":2,\"name\":\"SVEB\",\"item\":\"https:\\\/\\\/alice.ch\\\/de\\\/sveb\\\/\"},{\"@type\":\"ListItem\",\"position\":3,\"name\":\"\u00dcber den SVEB\",\"item\":\"https:\\\/\\\/alice.ch\\\/de\\\/sveb\\\/ueber-den-sveb\\\/\"},{\"@type\":\"ListItem\",\"position\":4,\"name\":\"Delegiertenversammlung 2026\"}]},{\"@type\":\"WebSite\",\"@id\":\"https:\\\/\\\/alice.ch\\\/de\\\/#website\",\"url\":\"https:\\\/\\\/alice.ch\\\/de\\\/\",\"name\":\"alice.ch (Adult Learning Information Center) ist das Portal der Weiterbildung in der Schweiz.\",\"description\":\"Schweizerischer Verband f\u00fcr Weiterbildung\",\"publisher\":{\"@id\":\"https:\\\/\\\/alice.ch\\\/de\\\/#organization\"},\"potentialAction\":[{\"@type\":\"SearchAction\",\"target\":{\"@type\":\"EntryPoint\",\"urlTemplate\":\"https:\\\/\\\/alice.ch\\\/de\\\/?s={search_term_string}\"},\"query-input\":{\"@type\":\"PropertyValueSpecification\",\"valueRequired\":true,\"valueName\":\"search_term_string\"}}],\"inLanguage\":\"de\"},{\"@type\":\"Organization\",\"@id\":\"https:\\\/\\\/alice.ch\\\/de\\\/#organization\",\"name\":\"SVEB Schweizerischer Verband f\u00fcr Weiterbildung\",\"url\":\"https:\\\/\\\/alice.ch\\\/de\\\/\",\"logo\":{\"@type\":\"ImageObject\",\"inLanguage\":\"de\",\"@id\":\"https:\\\/\\\/alice.ch\\\/de\\\/#\\\/schema\\\/logo\\\/image\\\/\",\"url\":\"https:\\\/\\\/alice.ch\\\/app\\\/uploads\\\/2022\\\/07\\\/logo-sveb.png\",\"contentUrl\":\"https:\\\/\\\/alice.ch\\\/app\\\/uploads\\\/2022\\\/07\\\/logo-sveb.png\",\"width\":145,\"height\":64,\"caption\":\"SVEB Schweizerischer Verband f\u00fcr Weiterbildung\"},\"image\":{\"@id\":\"https:\\\/\\\/alice.ch\\\/de\\\/#\\\/schema\\\/logo\\\/image\\\/\"},\"sameAs\":[\"https:\\\/\\\/www.linkedin.com\\\/company\\\/schweizerischer-verband-fr-weiterbildung-sveb\\\/\"]}]}<\/script>\n<!-- \/ Yoast SEO plugin. -->","yoast_head_json":{"title":"Delegiertenversammlung 2026 - SVEB","description":"Auf dieser Seite finden SVEB-Mitglieder alle Dokumente f\u00fcr den statutarischen Teil der Delegiertenversammlung vom 16. Mai 2023 in Luzern.","robots":{"index":"index","follow":"follow","max-snippet":"max-snippet:-1","max-image-preview":"max-image-preview:large","max-video-preview":"max-video-preview:-1"},"canonical":"https:\/\/alice.ch\/de\/sveb\/ueber-den-sveb\/dv2026\/","og_locale":"de_DE","og_type":"article","og_title":"Delegiertenversammlung 2026 - SVEB","og_description":"Auf dieser Seite finden SVEB-Mitglieder alle Dokumente f\u00fcr den statutarischen Teil der Delegiertenversammlung vom 16. Mai 2023 in Luzern.","og_url":"https:\/\/alice.ch\/de\/sveb\/ueber-den-sveb\/dv2026\/","og_site_name":"SVEB","article_modified_time":"2026-04-08T12:37:42+00:00","twitter_card":"summary_large_image","twitter_misc":{"Gesch\u00e4tzte Lesezeit":"1\u00a0Minute"},"schema":{"@context":"https:\/\/schema.org","@graph":[{"@type":"WebPage","@id":"https:\/\/alice.ch\/de\/sveb\/ueber-den-sveb\/dv2026\/","url":"https:\/\/alice.ch\/de\/sveb\/ueber-den-sveb\/dv2026\/","name":"Delegiertenversammlung 2026 - SVEB","isPartOf":{"@id":"https:\/\/alice.ch\/de\/#website"},"primaryImageOfPage":{"@id":"https:\/\/alice.ch\/de\/sveb\/ueber-den-sveb\/dv2026\/#primaryimage"},"image":{"@id":"https:\/\/alice.ch\/de\/sveb\/ueber-den-sveb\/dv2026\/#primaryimage"},"thumbnailUrl":"https:\/\/alice.ch\/app\/uploads\/2022\/11\/default.jpg","datePublished":"2026-03-30T17:17:18+00:00","dateModified":"2026-04-08T12:37:42+00:00","description":"Auf dieser Seite finden SVEB-Mitglieder alle Dokumente f\u00fcr den statutarischen Teil der Delegiertenversammlung vom 16. Mai 2023 in Luzern.","breadcrumb":{"@id":"https:\/\/alice.ch\/de\/sveb\/ueber-den-sveb\/dv2026\/#breadcrumb"},"inLanguage":"de","potentialAction":[{"@type":"ReadAction","target":["https:\/\/alice.ch\/de\/sveb\/ueber-den-sveb\/dv2026\/"]}]},{"@type":"ImageObject","inLanguage":"de","@id":"https:\/\/alice.ch\/de\/sveb\/ueber-den-sveb\/dv2026\/#primaryimage","url":"https:\/\/alice.ch\/app\/uploads\/2022\/11\/default.jpg","contentUrl":"https:\/\/alice.ch\/app\/uploads\/2022\/11\/default.jpg","width":1600,"height":900},{"@type":"BreadcrumbList","@id":"https:\/\/alice.ch\/de\/sveb\/ueber-den-sveb\/dv2026\/#breadcrumb","itemListElement":[{"@type":"ListItem","position":1,"name":"Startseite","item":"https:\/\/alice.ch\/de\/"},{"@type":"ListItem","position":2,"name":"SVEB","item":"https:\/\/alice.ch\/de\/sveb\/"},{"@type":"ListItem","position":3,"name":"\u00dcber den SVEB","item":"https:\/\/alice.ch\/de\/sveb\/ueber-den-sveb\/"},{"@type":"ListItem","position":4,"name":"Delegiertenversammlung 2026"}]},{"@type":"WebSite","@id":"https:\/\/alice.ch\/de\/#website","url":"https:\/\/alice.ch\/de\/","name":"alice.ch (Adult Learning Information Center) ist das Portal der Weiterbildung in der Schweiz.","description":"Schweizerischer Verband f\u00fcr Weiterbildung","publisher":{"@id":"https:\/\/alice.ch\/de\/#organization"},"potentialAction":[{"@type":"SearchAction","target":{"@type":"EntryPoint","urlTemplate":"https:\/\/alice.ch\/de\/?s={search_term_string}"},"query-input":{"@type":"PropertyValueSpecification","valueRequired":true,"valueName":"search_term_string"}}],"inLanguage":"de"},{"@type":"Organization","@id":"https:\/\/alice.ch\/de\/#organization","name":"SVEB Schweizerischer Verband f\u00fcr Weiterbildung","url":"https:\/\/alice.ch\/de\/","logo":{"@type":"ImageObject","inLanguage":"de","@id":"https:\/\/alice.ch\/de\/#\/schema\/logo\/image\/","url":"https:\/\/alice.ch\/app\/uploads\/2022\/07\/logo-sveb.png","contentUrl":"https:\/\/alice.ch\/app\/uploads\/2022\/07\/logo-sveb.png","width":145,"height":64,"caption":"SVEB Schweizerischer Verband f\u00fcr Weiterbildung"},"image":{"@id":"https:\/\/alice.ch\/de\/#\/schema\/logo\/image\/"},"sameAs":["https:\/\/www.linkedin.com\/company\/schweizerischer-verband-fr-weiterbildung-sveb\/"]}]}},"_links":{"self":[{"href":"https:\/\/alice.ch\/de\/wp-json\/wp\/v2\/pages\/74669","targetHints":{"allow":["GET"]}}],"collection":[{"href":"https:\/\/alice.ch\/de\/wp-json\/wp\/v2\/pages"}],"about":[{"href":"https:\/\/alice.ch\/de\/wp-json\/wp\/v2\/types\/page"}],"author":[{"embeddable":true,"href":"https:\/\/alice.ch\/de\/wp-json\/wp\/v2\/users\/43"}],"replies":[{"embeddable":true,"href":"https:\/\/alice.ch\/de\/wp-json\/wp\/v2\/comments?post=74669"}],"version-history":[{"count":20,"href":"https:\/\/alice.ch\/de\/wp-json\/wp\/v2\/pages\/74669\/revisions"}],"predecessor-version":[{"id":74885,"href":"https:\/\/alice.ch\/de\/wp-json\/wp\/v2\/pages\/74669\/revisions\/74885"}],"up":[{"embeddable":true,"href":"https:\/\/alice.ch\/de\/wp-json\/wp\/v2\/pages\/385"}],"wp:featuredmedia":[{"embeddable":true,"href":"https:\/\/alice.ch\/de\/wp-json\/wp\/v2\/media\/20799"}],"wp:attachment":[{"href":"https:\/\/alice.ch\/de\/wp-json\/wp\/v2\/media?parent=74669"}],"curies":[{"name":"wp","href":"https:\/\/api.w.org\/{rel}","templated":true}]}}