{"id":7757,"date":"2022-11-03T09:16:20","date_gmt":"2022-11-03T08:16:20","guid":{"rendered":"https:\/\/projects.atxeit.ch\/sveb\/?page_id=7757"},"modified":"2026-03-09T16:02:38","modified_gmt":"2026-03-09T15:02:38","slug":"zentrale-ueberpruefung-fachausweis-2015","status":"publish","type":"page","link":"https:\/\/alice.ch\/de\/professionalisierung\/eidg-fachausweis-ausbilderin-ausbilder\/zentrale-ueberpruefung-fachausweis-2015\/","title":{"rendered":"Zentrale \u00dcberpr\u00fcfung Fachausweis 2015"},"content":{"rendered":"\n<div class=\"wp-block-group is-style-reduced-width is-layout-flow wp-block-group-is-layout-flow\">\n<h1 class=\"wp-block-heading\">Zentrale \u00dcberpr\u00fcfung Fachausweis 2015<\/h1>\n\n\n\n<p class=\"is-style-lead\">Bis Ende 2028 kann der eidgen\u00f6ssische Fachausweis Ausbilderin\/Ausbilder auch ohne Pr\u00fcfung via \u00dcberpr\u00fcfung der Kompetenznachweise erhalten werden \u2013 sofern die Modulzertifikate nach Pr\u00fcfungsordnung 2013 ausgestellt und nicht \u00e4lter als 5 Jahre sind.<\/p>\n\n\n\n<p>Der Prozess besteht aus zwei Schritten:<\/p>\n\n\n\n<div class=\"wp-block-columns is-style-accordion is-layout-flex wp-container-core-columns-is-layout-28f84493 wp-block-columns-is-layout-flex\" id=\"faq-element-1\">\n<div class=\"wp-block-column is-layout-flow wp-block-column-is-layout-flow\">\n<h3 class=\"wp-block-heading\">Erster Schritt: Zulassungsdossier<\/h3>\n<\/div>\n\n\n\n<div class=\"wp-block-column is-layout-flow wp-block-column-is-layout-flow\">\n<p>Sie haben alle erforderlichen 5 Modulzertifikate erlangt und erf\u00fcllen den Praxisnachweis von 300 Stunden \u00fcber einen Mindestzeitraum von vier Jahren?<\/p>\n\n\n\n<p>Dann k\u00f6nnen Sie ein Zulassungsdossier mit den n\u00f6tigen Dokumenten erstellen und via Antragsformular abschicken.<\/p>\n\n\n\n<div class=\"wp-block-file\"><a id=\"wp-block-file--media-eec9df04-5b29-4ed0-89c9-db8c1ad39e07\" href=\"https:\/\/alice.ch\/app\/uploads\/2023\/04\/Antrag-Zulassung_0923.pdf\" target=\"_blank\" rel=\"noreferrer noopener\">Antrag Zulassung<br \/>PDF &#8211; 439 KB<\/a><\/div>\n\n\n\n<div class=\"wp-block-file\"><a id=\"wp-block-file--media-eec9df04-5b29-4ed0-89c9-db8c1ad39e07\" href=\"https:\/\/alice.ch\/app\/uploads\/2023\/04\/Praxisnachweis_de_neue-Bezeichnungen.pdf\" target=\"_blank\" rel=\"noreferrer noopener\">Informationsblatt Praxisnachweis<br \/>PDF &#8211; 97 KB<\/a><\/div>\n\n\n\n<div class=\"wp-block-file\"><a id=\"wp-block-file--media-eec9df04-5b29-4ed0-89c9-db8c1ad39e07\" href=\"https:\/\/alice.ch\/app\/uploads\/2022\/12\/4_Tabelle-Nachweis-Praxisstunden.docx\" target=\"_blank\" rel=\"noreferrer noopener\">Tabelle Nachweis Praxisstunden<br \/>DOCX &#8211; 18 KB<\/a><\/div>\n<\/div>\n<\/div>\n\n\n\n<div class=\"wp-block-columns is-style-accordion is-layout-flex wp-container-core-columns-is-layout-28f84493 wp-block-columns-is-layout-flex\" id=\"faq-element-1\">\n<div class=\"wp-block-column is-layout-flow wp-block-column-is-layout-flow\">\n<h3 class=\"wp-block-heading\">Zweiter Schritt: Qualifikationsdossier<\/h3>\n<\/div>\n\n\n\n<div class=\"wp-block-column is-layout-flow wp-block-column-is-layout-flow\">\n<p>In einem zweiten Schritt stellen Sie ein individuelles Qualifikationsdossier zusammen. F\u00fcr jedes Modul ist der jeweilige Kompetenznachweis sowie die dazugeh\u00f6rige Beurteilung einzureichen.<\/p>\n\n\n\n<p>Das Qualifikationsdossier muss innerhalb von 12 Monaten nach dem Zulassungsentscheid eingereicht werden, sonst verf\u00e4llt die Zulassung.<\/p>\n<\/div>\n<\/div>\n\n\n\n<div class=\"wp-block-columns is-style-accordion is-layout-flex wp-container-core-columns-is-layout-28f84493 wp-block-columns-is-layout-flex\" id=\"faq-element-1\">\n<div class=\"wp-block-column is-layout-flow wp-block-column-is-layout-flow\">\n<h3 class=\"wp-block-heading\">G\u00fcltigkeit der Modulzertifikate<\/h3>\n<\/div>\n\n\n\n<div class=\"wp-block-column is-layout-flow wp-block-column-is-layout-flow\">\n<p>Die Zertifikate der Module der Stufe II sind ab deren Ausstellungsdaten f\u00fcnf Jahre g\u00fcltig, um den Fachausweis beantragen zu k\u00f6nnen. Entscheidend daf\u00fcr ist das Eingangsdatum des vollst\u00e4ndigen Zulassungsdossiers beim SVEB.<\/p>\n\n\n\n<p>Im Gegensatz zu den Modulen 2-5 (Stufe II) ist das Modul 1 (Stufe I) zeitlich unbeschr\u00e4nkt g\u00fcltig.<\/p>\n<\/div>\n<\/div>\n\n\n\n<div class=\"wp-block-columns is-style-accordion is-layout-flex wp-container-core-columns-is-layout-28f84493 wp-block-columns-is-layout-flex\" id=\"faq-element-1\">\n<div class=\"wp-block-column is-layout-flow wp-block-column-is-layout-flow\">\n<h3 class=\"wp-block-heading\">Abgabetermine<\/h3>\n<\/div>\n\n\n\n<div class=\"wp-block-column is-layout-flow wp-block-column-is-layout-flow\">\n<p>Abgabetermin 23. Juli 2026, 12.00 Uhr<br>Termin Zulassungsentscheid 1. September 2026<\/p>\n\n\n\n<p>Abgabetermin 29. Oktober 2026, 12.00 Uhr<br>Termin Zulassungsentscheid 9. Dezember 2026<\/p>\n<\/div>\n<\/div>\n\n\n\n<div class=\"wp-block-columns is-style-accordion is-layout-flex wp-container-core-columns-is-layout-28f84493 wp-block-columns-is-layout-flex\" id=\"faq-element-1\">\n<div class=\"wp-block-column is-layout-flow wp-block-column-is-layout-flow\">\n<h3 class=\"wp-block-heading\">Finanzierung: Der Bund unterst\u00fctzt<\/h3>\n<\/div>\n\n\n\n<div class=\"wp-block-column is-layout-flow wp-block-column-is-layout-flow\">\n<p>Seit 2018 besteht die subjektorientierte Finanzierung durch den Bund. Das bedeutet, dass der Bund die Kosten f\u00fcr Kurse, die zu eidgen\u00f6ssischen Abschl\u00fcssen f\u00fchren, teilweise an die Kursteilnehmenden erstattet, nachdem diese die Pr\u00fcfung absolviert haben (Bestehen ist nicht Bedingung). Nach Er\u00f6ffnung des Resultats der Abschlusspr\u00fcfung stellt Ihnen die AdA-Gesch\u00e4ftsstelle eine Pr\u00fcfungsverf\u00fcgung aus, welche beim Staatssekretariat f\u00fcr Bildung, Forschung und Innovation SBFI zusammen mit dem Antrag auf Erstattung einzureichen ist. N\u00e4here Informationen zu Bedingungen und Vorgehen finden Sie&nbsp;auf der <a href=\"https:\/\/www.sbfi.admin.ch\/sbfi\/de\/home\/bildung\/bwb\/hbb\/bundesbeitraege\/absolvierende.html\" target=\"_blank\" rel=\"noreferrer noopener\">Website des Bundes<\/a>.<\/p>\n<\/div>\n<\/div>\n\n\n\n<div class=\"wp-block-group is-style-run-to-edge has-primary-background-color has-background is-layout-flow wp-block-group-is-layout-flow\">\n<p class=\"is-style-lead has-background-color has-text-color\">\u00dcbergangszeit<\/p>\n\n\n\n<p class=\"is-style-default has-background-color has-text-color\">Bis Ende 2028 sind Abschl\u00fcsse sowohl nach neuem als auch nach altem Verfahren m\u00f6glich: Kandidatinnen und Kandidaten, deren Modulzertifikate nach Pr\u00fcfungsordnung vom 11. Februar 2013 ausgestellt und nicht \u00e4lter als 5 Jahre sind, k\u00f6nnen die Pr\u00fcfung nach Pr\u00fcfungsordnung 2013 bis Ende 2028 ablegen.<\/p>\n<\/div>\n\n\n\n<h2 class=\"wp-block-heading\">Dokumente<\/h2>\n\n\n\n<div class=\"wp-block-columns is-layout-flex wp-container-core-columns-is-layout-28f84493 wp-block-columns-is-layout-flex\">\n<div class=\"wp-block-column is-layout-flow wp-block-column-is-layout-flow\">\n<div class=\"wp-block-file\"><a id=\"wp-block-file--media-eec9df04-5b29-4ed0-89c9-db8c1ad39e07\" href=\"https:\/\/alice.ch\/app\/uploads\/2022\/11\/Pruefungsordnung_BP.pdf\" target=\"_blank\" rel=\"noreferrer noopener\">Pru\u0308fungsordnung u\u0308ber die Berufspru\u0308fung fu\u0308r Ausbilderin\/Ausbilder<br \/>PDF &#8211; 156 KB<\/a><\/div>\n\n\n\n<div class=\"wp-block-file\"><a id=\"wp-block-file--media-c1a0a98e-10cd-4604-aee8-15fa773e5b88\" href=\"https:\/\/alice.ch\/app\/uploads\/2024\/03\/ada-gebuehren-kandidaten-1.pdf\" target=\"_blank\" rel=\"noreferrer noopener\">Geb\u00fchren f\u00fcr Kandidatinnen und Kandidaten<br \/>PDF &#8211; 567 KB<\/a><\/div>\n\n\n\n<div class=\"wp-block-file\"><a id=\"wp-block-file--media-eec9df04-5b29-4ed0-89c9-db8c1ad39e07\" href=\"https:\/\/alice.ch\/app\/uploads\/2022\/12\/8_Modulbeschreibungen.pdf\" target=\"_blank\" rel=\"noreferrer noopener\">Modulbeschreibungen<br \/>PDF &#8211; 203 KB<\/a><\/div>\n\n\n\n<div class=\"wp-block-file\"><a id=\"wp-block-file--media-eec9df04-5b29-4ed0-89c9-db8c1ad39e07\" href=\"https:\/\/alice.ch\/app\/uploads\/2022\/12\/1_Informationsblatt-Zentrale-Ueberpruefung.pdf\" target=\"_blank\" rel=\"noreferrer noopener\">Informationsblatt Zentrale U\u0308berpru\u0308fung<br \/>PDF &#8211; 1 MB<\/a><\/div>\n\n\n\n<div class=\"wp-block-file\"><a id=\"wp-block-file--media-eec9df04-5b29-4ed0-89c9-db8c1ad39e07\" href=\"https:\/\/alice.ch\/app\/uploads\/2023\/04\/Praxisnachweis_de_neue-Bezeichnungen.pdf\" target=\"_blank\" rel=\"noreferrer noopener\">Informationsblatt Praxisnachweis<br \/>PDF &#8211; 97 KB<\/a><\/div>\n\n\n\n<div class=\"wp-block-file\"><a id=\"wp-block-file--media-97295c0d-4f45-4f64-92d1-6c7ed35cf0e6\" href=\"https:\/\/alice.ch\/app\/uploads\/2023\/02\/infoblatt-supervision.pdf\">Informationsblatt Supervision<br \/>PDF &#8211; 297 KB<\/a><a href=\"https:\/\/alice.ch\/app\/uploads\/2023\/02\/infoblatt-supervision.pdf\" class=\"wp-block-file__button wp-element-button\" download aria-describedby=\"wp-block-file--media-97295c0d-4f45-4f64-92d1-6c7ed35cf0e6\">Herunterladen<br \/>PDF &#8211; 297 KB<\/a><\/div>\n\n\n\n<div class=\"wp-block-file\"><a id=\"wp-block-file--media-ca5eb3e1-5b7d-409f-ac08-c549ca224551\" href=\"https:\/\/alice.ch\/app\/uploads\/2023\/12\/uebergangsregelungen.pdf\">\u00dcbergangsregelungen Fachausweis 2015 zu Fachausweis 2023 (PO24)<br \/>PDF &#8211; 72 KB<\/a><a href=\"https:\/\/alice.ch\/app\/uploads\/2023\/12\/uebergangsregelungen.pdf\" class=\"wp-block-file__button wp-element-button\" download aria-describedby=\"wp-block-file--media-ca5eb3e1-5b7d-409f-ac08-c549ca224551\">Herunterladen<br \/>PDF &#8211; 72 KB<\/a><\/div>\n<\/div>\n\n\n\n<div class=\"wp-block-column is-layout-flow wp-block-column-is-layout-flow\">\n<div class=\"wp-block-file\"><a id=\"wp-block-file--media-eec9df04-5b29-4ed0-89c9-db8c1ad39e07\" href=\"https:\/\/alice.ch\/app\/uploads\/2022\/11\/Wegleitung_zur_Pruefungsordnung.pdf\" target=\"_blank\" rel=\"noreferrer noopener\">Wegleitung zur Pr\u00fcfungsordnung<br \/>PDF &#8211; 328 KB<\/a><\/div>\n\n\n\n<div class=\"wp-block-file\"><a id=\"wp-block-file--media-eec9df04-5b29-4ed0-89c9-db8c1ad39e07\" href=\"https:\/\/alice.ch\/app\/uploads\/2022\/12\/1_Informationsblatt-Zentrale-Ueberpruefung.pdf\" target=\"_blank\" rel=\"noreferrer noopener\">Informationsblatt Zentrale U\u0308berpru\u0308fung<br \/>PDF &#8211; 1 MB<\/a><\/div>\n\n\n\n<div class=\"wp-block-file\"><a id=\"wp-block-file--media-eec9df04-5b29-4ed0-89c9-db8c1ad39e07\" href=\"https:\/\/alice.ch\/app\/uploads\/2022\/12\/9_Glossar.pdf\" target=\"_blank\" rel=\"noreferrer noopener\">Glossar<br \/>PDF &#8211; 414 KB<\/a><\/div>\n\n\n\n<div class=\"wp-block-file\"><a id=\"wp-block-file--media-eec9df04-5b29-4ed0-89c9-db8c1ad39e07\" href=\"https:\/\/alice.ch\/app\/uploads\/2023\/04\/Antrag-Zulassung_0923.pdf\" target=\"_blank\" rel=\"noreferrer noopener\">Antrag Zulassung<br \/>PDF &#8211; 439 KB<\/a><\/div>\n\n\n\n<div class=\"wp-block-file\"><a id=\"wp-block-file--media-eec9df04-5b29-4ed0-89c9-db8c1ad39e07\" href=\"https:\/\/alice.ch\/app\/uploads\/2022\/12\/4_Tabelle-Nachweis-Praxisstunden.docx\" target=\"_blank\" rel=\"noreferrer noopener\">Tabelle Nachweis Praxisstunden<br \/>DOCX &#8211; 18 KB<\/a><\/div>\n<\/div>\n<\/div>\n\n\n\n<div class=\"wp-block-buttons is-layout-flex wp-block-buttons-is-layout-flex\">\n<div class=\"wp-block-button has-custom-width wp-block-button__width-50 is-style-outline is-style-outline--1\"><a class=\"wp-block-button__link wp-element-button\" href=\"https:\/\/alice.ch\/de\/professionalisierung\/eidg-fachausweis-ausbilderin-ausbilder\/abschlusspruefung-eidg-fachausweis\/\">Abschlusspr\u00fcfung Fachausweis 2024<\/a><\/div>\n<\/div>\n\n\n\n<h2 class=\"wp-block-heading\">Kontakt<\/h2>\n\n\n\n<div class=\"wp-block-columns is-layout-flex wp-container-core-columns-is-layout-28f84493 wp-block-columns-is-layout-flex\">\n<div class=\"wp-block-column is-layout-flow wp-block-column-is-layout-flow\" style=\"flex-basis:50%\"><div class=\"contact-persons\">\n\n\t\t\t\t\t<div class=\"contact-person\">\n\t\t\t\t\tXenia Decasper<br \/>\t\t\t\t\tSachbearbeiterin Professionalisierung und Qualit\u00e4t<br \/>\t\t\t\t\t<br \/>\n\t\t\t\t\t\t\t\t\t\t<a href=\"tel:+41 (0)44 319 71 53\">+41 (0)44 319 71 53<\/a><br \/>\t\t\t\t\t<a href=\"mailto:xenia.decasper@alice.ch\">xenia.decasper@alice.ch<\/a><br \/>\t\t\t\t\t<\/div>\n\t\t\t\t\t<\/div>\n<\/div>\n\n\n\n<div class=\"wp-block-column is-layout-flow wp-block-column-is-layout-flow\" style=\"flex-basis:50%\"><\/div>\n<\/div>\n<\/div>\n\n\n\n<p><\/p>\n","protected":false},"excerpt":{"rendered":"<p>Zentrale \u00dcberpr\u00fcfung Fachausweis 2015 Bis Ende 2028 kann der eidgen\u00f6ssische Fachausweis Ausbilderin\/Ausbilder auch ohne Pr\u00fcfung via \u00dcberpr\u00fcfung der Kompetenznachweise erhalten [&hellip;]<\/p>\n","protected":false},"author":2,"featured_media":20799,"parent":562,"menu_order":229,"comment_status":"closed","ping_status":"closed","template":"","meta":{"_acf_changed":false,"inline_featured_image":false,"footnotes":""},"class_list":["post-7757","page","type-page","status-publish","has-post-thumbnail","hentry"],"acf":[],"yoast_head":"<!-- This site is optimized with the Yoast SEO plugin v27.3 - https:\/\/yoast.com\/product\/yoast-seo-wordpress\/ -->\n<title>Zentrale \u00dcberpr\u00fcfung Fachausweis 2015 - SVEB<\/title>\n<meta name=\"description\" content=\"Ausbilder\/in mit eidg. Fachausweis 2015: Antrag, Berufspr\u00fcfung, Ablauf, G\u00fcltigkeit der Modulzertifikate, Beurteilung und Kosten\" \/>\n<meta name=\"robots\" content=\"index, follow, max-snippet:-1, max-image-preview:large, max-video-preview:-1\" \/>\n<link rel=\"canonical\" href=\"https:\/\/alice.ch\/de\/professionalisierung\/eidg-fachausweis-ausbilderin-ausbilder\/zentrale-ueberpruefung-fachausweis-2015\/\" \/>\n<meta property=\"og:locale\" content=\"de_DE\" \/>\n<meta property=\"og:type\" content=\"article\" \/>\n<meta property=\"og:title\" content=\"Zentrale \u00dcberpr\u00fcfung Fachausweis 2015 - SVEB\" \/>\n<meta property=\"og:description\" content=\"Ausbilder\/in mit eidg. Fachausweis 2015: Antrag, Berufspr\u00fcfung, Ablauf, G\u00fcltigkeit der Modulzertifikate, Beurteilung und Kosten\" \/>\n<meta property=\"og:url\" content=\"https:\/\/alice.ch\/de\/professionalisierung\/eidg-fachausweis-ausbilderin-ausbilder\/zentrale-ueberpruefung-fachausweis-2015\/\" \/>\n<meta property=\"og:site_name\" content=\"SVEB\" \/>\n<meta property=\"article:modified_time\" content=\"2026-03-09T15:02:38+00:00\" \/>\n<meta name=\"twitter:card\" content=\"summary_large_image\" \/>\n<meta name=\"twitter:label1\" content=\"Gesch\u00e4tzte Lesezeit\" \/>\n\t<meta name=\"twitter:data1\" content=\"4\u00a0Minuten\" \/>\n<script type=\"application\/ld+json\" class=\"yoast-schema-graph\">{\"@context\":\"https:\\\/\\\/schema.org\",\"@graph\":[{\"@type\":\"WebPage\",\"@id\":\"https:\\\/\\\/alice.ch\\\/de\\\/professionalisierung\\\/eidg-fachausweis-ausbilderin-ausbilder\\\/zentrale-ueberpruefung-fachausweis-2015\\\/\",\"url\":\"https:\\\/\\\/alice.ch\\\/de\\\/professionalisierung\\\/eidg-fachausweis-ausbilderin-ausbilder\\\/zentrale-ueberpruefung-fachausweis-2015\\\/\",\"name\":\"Zentrale \u00dcberpr\u00fcfung Fachausweis 2015 - SVEB\",\"isPartOf\":{\"@id\":\"https:\\\/\\\/alice.ch\\\/de\\\/#website\"},\"primaryImageOfPage\":{\"@id\":\"https:\\\/\\\/alice.ch\\\/de\\\/professionalisierung\\\/eidg-fachausweis-ausbilderin-ausbilder\\\/zentrale-ueberpruefung-fachausweis-2015\\\/#primaryimage\"},\"image\":{\"@id\":\"https:\\\/\\\/alice.ch\\\/de\\\/professionalisierung\\\/eidg-fachausweis-ausbilderin-ausbilder\\\/zentrale-ueberpruefung-fachausweis-2015\\\/#primaryimage\"},\"thumbnailUrl\":\"https:\\\/\\\/alice.ch\\\/app\\\/uploads\\\/2022\\\/11\\\/default.jpg\",\"datePublished\":\"2022-11-03T08:16:20+00:00\",\"dateModified\":\"2026-03-09T15:02:38+00:00\",\"description\":\"Ausbilder\\\/in mit eidg. Fachausweis 2015: Antrag, Berufspr\u00fcfung, Ablauf, G\u00fcltigkeit der Modulzertifikate, Beurteilung und Kosten\",\"breadcrumb\":{\"@id\":\"https:\\\/\\\/alice.ch\\\/de\\\/professionalisierung\\\/eidg-fachausweis-ausbilderin-ausbilder\\\/zentrale-ueberpruefung-fachausweis-2015\\\/#breadcrumb\"},\"inLanguage\":\"de\",\"potentialAction\":[{\"@type\":\"ReadAction\",\"target\":[\"https:\\\/\\\/alice.ch\\\/de\\\/professionalisierung\\\/eidg-fachausweis-ausbilderin-ausbilder\\\/zentrale-ueberpruefung-fachausweis-2015\\\/\"]}]},{\"@type\":\"ImageObject\",\"inLanguage\":\"de\",\"@id\":\"https:\\\/\\\/alice.ch\\\/de\\\/professionalisierung\\\/eidg-fachausweis-ausbilderin-ausbilder\\\/zentrale-ueberpruefung-fachausweis-2015\\\/#primaryimage\",\"url\":\"https:\\\/\\\/alice.ch\\\/app\\\/uploads\\\/2022\\\/11\\\/default.jpg\",\"contentUrl\":\"https:\\\/\\\/alice.ch\\\/app\\\/uploads\\\/2022\\\/11\\\/default.jpg\",\"width\":1600,\"height\":900},{\"@type\":\"BreadcrumbList\",\"@id\":\"https:\\\/\\\/alice.ch\\\/de\\\/professionalisierung\\\/eidg-fachausweis-ausbilderin-ausbilder\\\/zentrale-ueberpruefung-fachausweis-2015\\\/#breadcrumb\",\"itemListElement\":[{\"@type\":\"ListItem\",\"position\":1,\"name\":\"Startseite\",\"item\":\"https:\\\/\\\/alice.ch\\\/de\\\/\"},{\"@type\":\"ListItem\",\"position\":2,\"name\":\"Professionalisierung\",\"item\":\"https:\\\/\\\/alice.ch\\\/de\\\/professionalisierung\\\/\"},{\"@type\":\"ListItem\",\"position\":3,\"name\":\"Eidgen\u00f6ssischer Fachausweis Ausbilderin\\\/Ausbilder\",\"item\":\"https:\\\/\\\/alice.ch\\\/de\\\/professionalisierung\\\/eidg-fachausweis-ausbilderin-ausbilder\\\/\"},{\"@type\":\"ListItem\",\"position\":4,\"name\":\"Zentrale \u00dcberpr\u00fcfung Fachausweis 2015\"}]},{\"@type\":\"WebSite\",\"@id\":\"https:\\\/\\\/alice.ch\\\/de\\\/#website\",\"url\":\"https:\\\/\\\/alice.ch\\\/de\\\/\",\"name\":\"alice.ch (Adult Learning Information Center) ist das Portal der Weiterbildung in der Schweiz.\",\"description\":\"Schweizerischer Verband f\u00fcr Weiterbildung\",\"publisher\":{\"@id\":\"https:\\\/\\\/alice.ch\\\/de\\\/#organization\"},\"potentialAction\":[{\"@type\":\"SearchAction\",\"target\":{\"@type\":\"EntryPoint\",\"urlTemplate\":\"https:\\\/\\\/alice.ch\\\/de\\\/?s={search_term_string}\"},\"query-input\":{\"@type\":\"PropertyValueSpecification\",\"valueRequired\":true,\"valueName\":\"search_term_string\"}}],\"inLanguage\":\"de\"},{\"@type\":\"Organization\",\"@id\":\"https:\\\/\\\/alice.ch\\\/de\\\/#organization\",\"name\":\"SVEB Schweizerischer Verband f\u00fcr Weiterbildung\",\"url\":\"https:\\\/\\\/alice.ch\\\/de\\\/\",\"logo\":{\"@type\":\"ImageObject\",\"inLanguage\":\"de\",\"@id\":\"https:\\\/\\\/alice.ch\\\/de\\\/#\\\/schema\\\/logo\\\/image\\\/\",\"url\":\"https:\\\/\\\/alice.ch\\\/app\\\/uploads\\\/2022\\\/07\\\/logo-sveb.png\",\"contentUrl\":\"https:\\\/\\\/alice.ch\\\/app\\\/uploads\\\/2022\\\/07\\\/logo-sveb.png\",\"width\":145,\"height\":64,\"caption\":\"SVEB Schweizerischer Verband f\u00fcr Weiterbildung\"},\"image\":{\"@id\":\"https:\\\/\\\/alice.ch\\\/de\\\/#\\\/schema\\\/logo\\\/image\\\/\"},\"sameAs\":[\"https:\\\/\\\/www.linkedin.com\\\/company\\\/schweizerischer-verband-fr-weiterbildung-sveb\\\/\"]}]}<\/script>\n<!-- \/ Yoast SEO plugin. -->","yoast_head_json":{"title":"Zentrale \u00dcberpr\u00fcfung Fachausweis 2015 - SVEB","description":"Ausbilder\/in mit eidg. Fachausweis 2015: Antrag, Berufspr\u00fcfung, Ablauf, G\u00fcltigkeit der Modulzertifikate, Beurteilung und Kosten","robots":{"index":"index","follow":"follow","max-snippet":"max-snippet:-1","max-image-preview":"max-image-preview:large","max-video-preview":"max-video-preview:-1"},"canonical":"https:\/\/alice.ch\/de\/professionalisierung\/eidg-fachausweis-ausbilderin-ausbilder\/zentrale-ueberpruefung-fachausweis-2015\/","og_locale":"de_DE","og_type":"article","og_title":"Zentrale \u00dcberpr\u00fcfung Fachausweis 2015 - SVEB","og_description":"Ausbilder\/in mit eidg. Fachausweis 2015: Antrag, Berufspr\u00fcfung, Ablauf, G\u00fcltigkeit der Modulzertifikate, Beurteilung und Kosten","og_url":"https:\/\/alice.ch\/de\/professionalisierung\/eidg-fachausweis-ausbilderin-ausbilder\/zentrale-ueberpruefung-fachausweis-2015\/","og_site_name":"SVEB","article_modified_time":"2026-03-09T15:02:38+00:00","twitter_card":"summary_large_image","twitter_misc":{"Gesch\u00e4tzte Lesezeit":"4\u00a0Minuten"},"schema":{"@context":"https:\/\/schema.org","@graph":[{"@type":"WebPage","@id":"https:\/\/alice.ch\/de\/professionalisierung\/eidg-fachausweis-ausbilderin-ausbilder\/zentrale-ueberpruefung-fachausweis-2015\/","url":"https:\/\/alice.ch\/de\/professionalisierung\/eidg-fachausweis-ausbilderin-ausbilder\/zentrale-ueberpruefung-fachausweis-2015\/","name":"Zentrale \u00dcberpr\u00fcfung Fachausweis 2015 - SVEB","isPartOf":{"@id":"https:\/\/alice.ch\/de\/#website"},"primaryImageOfPage":{"@id":"https:\/\/alice.ch\/de\/professionalisierung\/eidg-fachausweis-ausbilderin-ausbilder\/zentrale-ueberpruefung-fachausweis-2015\/#primaryimage"},"image":{"@id":"https:\/\/alice.ch\/de\/professionalisierung\/eidg-fachausweis-ausbilderin-ausbilder\/zentrale-ueberpruefung-fachausweis-2015\/#primaryimage"},"thumbnailUrl":"https:\/\/alice.ch\/app\/uploads\/2022\/11\/default.jpg","datePublished":"2022-11-03T08:16:20+00:00","dateModified":"2026-03-09T15:02:38+00:00","description":"Ausbilder\/in mit eidg. Fachausweis 2015: Antrag, Berufspr\u00fcfung, Ablauf, G\u00fcltigkeit der Modulzertifikate, Beurteilung und Kosten","breadcrumb":{"@id":"https:\/\/alice.ch\/de\/professionalisierung\/eidg-fachausweis-ausbilderin-ausbilder\/zentrale-ueberpruefung-fachausweis-2015\/#breadcrumb"},"inLanguage":"de","potentialAction":[{"@type":"ReadAction","target":["https:\/\/alice.ch\/de\/professionalisierung\/eidg-fachausweis-ausbilderin-ausbilder\/zentrale-ueberpruefung-fachausweis-2015\/"]}]},{"@type":"ImageObject","inLanguage":"de","@id":"https:\/\/alice.ch\/de\/professionalisierung\/eidg-fachausweis-ausbilderin-ausbilder\/zentrale-ueberpruefung-fachausweis-2015\/#primaryimage","url":"https:\/\/alice.ch\/app\/uploads\/2022\/11\/default.jpg","contentUrl":"https:\/\/alice.ch\/app\/uploads\/2022\/11\/default.jpg","width":1600,"height":900},{"@type":"BreadcrumbList","@id":"https:\/\/alice.ch\/de\/professionalisierung\/eidg-fachausweis-ausbilderin-ausbilder\/zentrale-ueberpruefung-fachausweis-2015\/#breadcrumb","itemListElement":[{"@type":"ListItem","position":1,"name":"Startseite","item":"https:\/\/alice.ch\/de\/"},{"@type":"ListItem","position":2,"name":"Professionalisierung","item":"https:\/\/alice.ch\/de\/professionalisierung\/"},{"@type":"ListItem","position":3,"name":"Eidgen\u00f6ssischer Fachausweis Ausbilderin\/Ausbilder","item":"https:\/\/alice.ch\/de\/professionalisierung\/eidg-fachausweis-ausbilderin-ausbilder\/"},{"@type":"ListItem","position":4,"name":"Zentrale \u00dcberpr\u00fcfung Fachausweis 2015"}]},{"@type":"WebSite","@id":"https:\/\/alice.ch\/de\/#website","url":"https:\/\/alice.ch\/de\/","name":"alice.ch (Adult Learning Information Center) ist das Portal der Weiterbildung in der Schweiz.","description":"Schweizerischer Verband f\u00fcr Weiterbildung","publisher":{"@id":"https:\/\/alice.ch\/de\/#organization"},"potentialAction":[{"@type":"SearchAction","target":{"@type":"EntryPoint","urlTemplate":"https:\/\/alice.ch\/de\/?s={search_term_string}"},"query-input":{"@type":"PropertyValueSpecification","valueRequired":true,"valueName":"search_term_string"}}],"inLanguage":"de"},{"@type":"Organization","@id":"https:\/\/alice.ch\/de\/#organization","name":"SVEB Schweizerischer Verband f\u00fcr Weiterbildung","url":"https:\/\/alice.ch\/de\/","logo":{"@type":"ImageObject","inLanguage":"de","@id":"https:\/\/alice.ch\/de\/#\/schema\/logo\/image\/","url":"https:\/\/alice.ch\/app\/uploads\/2022\/07\/logo-sveb.png","contentUrl":"https:\/\/alice.ch\/app\/uploads\/2022\/07\/logo-sveb.png","width":145,"height":64,"caption":"SVEB Schweizerischer Verband f\u00fcr Weiterbildung"},"image":{"@id":"https:\/\/alice.ch\/de\/#\/schema\/logo\/image\/"},"sameAs":["https:\/\/www.linkedin.com\/company\/schweizerischer-verband-fr-weiterbildung-sveb\/"]}]}},"_links":{"self":[{"href":"https:\/\/alice.ch\/de\/wp-json\/wp\/v2\/pages\/7757","targetHints":{"allow":["GET"]}}],"collection":[{"href":"https:\/\/alice.ch\/de\/wp-json\/wp\/v2\/pages"}],"about":[{"href":"https:\/\/alice.ch\/de\/wp-json\/wp\/v2\/types\/page"}],"author":[{"embeddable":true,"href":"https:\/\/alice.ch\/de\/wp-json\/wp\/v2\/users\/2"}],"replies":[{"embeddable":true,"href":"https:\/\/alice.ch\/de\/wp-json\/wp\/v2\/comments?post=7757"}],"version-history":[{"count":91,"href":"https:\/\/alice.ch\/de\/wp-json\/wp\/v2\/pages\/7757\/revisions"}],"predecessor-version":[{"id":74220,"href":"https:\/\/alice.ch\/de\/wp-json\/wp\/v2\/pages\/7757\/revisions\/74220"}],"up":[{"embeddable":true,"href":"https:\/\/alice.ch\/de\/wp-json\/wp\/v2\/pages\/562"}],"wp:featuredmedia":[{"embeddable":true,"href":"https:\/\/alice.ch\/de\/wp-json\/wp\/v2\/media\/20799"}],"wp:attachment":[{"href":"https:\/\/alice.ch\/de\/wp-json\/wp\/v2\/media?parent=7757"}],"curies":[{"name":"wp","href":"https:\/\/api.w.org\/{rel}","templated":true}]}}