{"id":7819,"date":"2022-11-03T10:50:34","date_gmt":"2022-11-03T09:50:34","guid":{"rendered":"https:\/\/projects.atxeit.ch\/sveb\/?page_id=7819"},"modified":"2026-03-09T15:48:06","modified_gmt":"2026-03-09T14:48:06","slug":"abschlusspruefung-eidg-fachausweis","status":"publish","type":"page","link":"https:\/\/alice.ch\/de\/professionalisierung\/eidg-fachausweis-ausbilderin-ausbilder\/abschlusspruefung-eidg-fachausweis\/","title":{"rendered":"Abschlusspr\u00fcfung Eidg. Fachausweis"},"content":{"rendered":"\n<div class=\"wp-block-group is-style-reduced-width is-layout-flow wp-block-group-is-layout-flow\">\n<h1 class=\"wp-block-heading\">Abschlusspr\u00fcfung eidgen\u00f6ssischer Fachausweis Ausbilderin\/Ausbilder gem\u00e4ss Pr\u00fcfungsordnung 2024<\/h1>\n\n\n\n<p class=\"is-style-lead\">Seit Herbst 2024 erfolgt der Abschluss eidg. Fachausweis Ausbilderin\/Ausbilder \u00fcber eine Pr\u00fcfung. Kandidatinnen und Kandidaten, welche ihre Module 2024 begonnen haben, durchlaufen einen zweistufigen Pr\u00fcfungsprozess.<\/p>\n\n\n\n<p>F\u00fcr ein erfolgreiches Bestehen der Abschlusspr\u00fcfung sind sechs Modulzertifikate, ein Praxisnachweis sowie ein Performanzdossier erforderlich, welches in einer Pr\u00e4sentation und einem Reflexionsgespr\u00e4ch gepr\u00fcft wird. <\/p>\n\n\n\n<div class=\"wp-block-columns is-style-accordion is-layout-flex wp-container-core-columns-is-layout-28f84493 wp-block-columns-is-layout-flex\" id=\"faq-element-1\">\n<div class=\"wp-block-column is-layout-flow wp-block-column-is-layout-flow\">\n<h3 class=\"wp-block-heading\">1. Schritt: Zulassungsdossier<\/h3>\n<\/div>\n\n\n\n<div class=\"wp-block-column is-layout-flow wp-block-column-is-layout-flow\">\n<p>Sie haben alle erforderlichen 6 Modulzertifikate erlangt (mindestens 1 Modulzertifikat der Stufe II nach neuem System) und erf\u00fcllen den Praxisnachweis von 300 Stunden \u00fcber einen Mindestzeitraum von vier Jahren?<\/p>\n\n\n\n<p>Dann k\u00f6nnen Sie auf unserer Pr\u00fcfungsplattform Ihr pers\u00f6nliches Login anlegen und sich f\u00fcr die Abschlusspr\u00fcfung anmelden.<\/p>\n\n\n\n<div class=\"wp-block-buttons is-layout-flex wp-block-buttons-is-layout-flex\">\n<div class=\"wp-block-button has-custom-width wp-block-button__width-50 is-style-outline is-style-outline--1\"><a class=\"wp-block-button__link wp-element-button\" href=\"https:\/\/sveb-fsea.alice.ch\/AdA2024\" target=\"_blank\" rel=\"noreferrer noopener\">Plattform f\u00fcr die Abschlusspr\u00fcfung zum eidgen\u00f6ssischen Fachausweis Ausbilderin\/Ausbilder<\/a><\/div>\n<\/div>\n<\/div>\n<\/div>\n\n\n\n<div class=\"wp-block-columns is-style-accordion is-layout-flex wp-container-core-columns-is-layout-28f84493 wp-block-columns-is-layout-flex\" id=\"faq-element-1\">\n<div class=\"wp-block-column is-layout-flow wp-block-column-is-layout-flow\">\n<h3 class=\"wp-block-heading\">2. Schritt: Performanzdossier und Reflexionsgespr\u00e4ch<\/h3>\n<\/div>\n\n\n\n<div class=\"wp-block-column is-layout-flow wp-block-column-is-layout-flow\">\n<figure class=\"wp-block-table\"><table class=\"has-fixed-layout\"><tbody><tr><td><strong>Performanzdossier<\/strong><\/td><td><strong>Reflexionsgespr\u00e4ch (inkl. Pr\u00e4sentation)<\/strong><\/td><\/tr><tr><td>Sp\u00e4testens vier Monate vor Abgabetermin erhalten Sie die Aufgabenstellung f\u00fcr die Erstellung eines sogenannten Performanzdossiers.<br>&nbsp;<br>Aus vier Handlungskompetenzen aus dem Qualifikationsprofil Ausbilderin\/Ausbilder m\u00fcssen Sie drei ausw\u00e4hlen, die Sie f\u00fcr die Pr\u00fcfung bearbeiten.&nbsp;<br>&nbsp;<br>Im Performanzdossier beschreiben Sie Arbeitssituationen, dokumentieren die Umsetzung der Handlungskompetenzen, reflektieren Ihr Vorgehen und sch\u00e4tzen es ein.<\/td><td>Im ersten Teil der m\u00fcndlichen Pr\u00fcfung pr\u00e4sentieren Sie die von Ihnen gew\u00e4hlten Handlungskompetenzen und deren Umsetzung im Alltag \u2013 aus Ihrer Rolle als Ausbilderin und Ausbilder. Das eingereichte Performandzossier bildet die Grundlage f\u00fcr diese Pr\u00e4sentation.<br>&nbsp;<br>Im zweiten Teil vertiefen, verbinden und reflektieren Sie mit Pr\u00fcfungsexpertinnen und -experten die Auftr\u00e4ge im Performanzdossier sowie Ihr Professionsverst\u00e4ndnis und stellen den Bezug zu Theorien und Modellen her.<\/td><\/tr><\/tbody><\/table><\/figure>\n<\/div>\n<\/div>\n\n\n\n<div class=\"wp-block-columns is-style-accordion is-layout-flex wp-container-core-columns-is-layout-28f84493 wp-block-columns-is-layout-flex\" id=\"faq-element-1\">\n<div class=\"wp-block-column is-layout-flow wp-block-column-is-layout-flow\">\n<h3 class=\"wp-block-heading\">Finanzierung: Der Bund unterst\u00fctzt<\/h3>\n<\/div>\n\n\n\n<div class=\"wp-block-column is-layout-flow wp-block-column-is-layout-flow\">\n<p>Seit 2018 besteht die subjektorientierte Finanzierung durch den Bund. Das bedeutet, dass der Bund die Kosten f\u00fcr Kurse, die zu eidgen\u00f6ssischen Abschl\u00fcssen f\u00fchren, teilweise an die Kursteilnehmenden erstattet, nachdem diese die Pr\u00fcfung absolviert haben (Bestehen ist nicht Bedingung). Nach Er\u00f6ffnung des Resultats der Abschlusspr\u00fcfung stellt Ihnen die AdA-Gesch\u00e4ftsstelle eine Pr\u00fcfungsverf\u00fcgung aus, welche beim Staatssekretariat f\u00fcr Bildung, Forschung und Innovation SBFI zusammen mit dem Antrag auf Erstattung einzureichen ist. N\u00e4here Informationen zu Bedingungen und Vorgehen finden Sie&nbsp;auf der <a href=\"https:\/\/www.sbfi.admin.ch\/sbfi\/de\/home\/bildung\/bwb\/hbb\/bundesbeitraege\/absolvierende.html\" target=\"_blank\" rel=\"noreferrer noopener\">Website des Bundes<\/a>.<\/p>\n<\/div>\n<\/div>\n\n\n\n<h2 class=\"wp-block-heading\">Ablauf<\/h2>\n\n\n\n<figure class=\"wp-block-image size-large is-resized is-style-no-border\"><img decoding=\"async\" width=\"1024\" height=\"575\" src=\"https:\/\/alice.ch\/app\/uploads\/2024\/08\/ablauf-abschlusspruefung-1024x575.png\" alt=\"\" class=\"wp-image-61823\" style=\"aspect-ratio:1.864516129032258;width:676px;height:auto\" srcset=\"https:\/\/alice.ch\/app\/uploads\/2024\/08\/ablauf-abschlusspruefung-1024x575.png 1024w, https:\/\/alice.ch\/app\/uploads\/2024\/08\/ablauf-abschlusspruefung-300x168.png 300w, https:\/\/alice.ch\/app\/uploads\/2024\/08\/ablauf-abschlusspruefung-768x431.png 768w, https:\/\/alice.ch\/app\/uploads\/2024\/08\/ablauf-abschlusspruefung-1536x862.png 1536w, https:\/\/alice.ch\/app\/uploads\/2024\/08\/ablauf-abschlusspruefung-2048x1150.png 2048w\" sizes=\"(max-width: 1024px) 100vw, 1024px\" \/><figcaption class=\"wp-element-caption\">Von der Anmeldung zur Pr\u00fcfung<\/figcaption><\/figure>\n\n\n\n<div class=\"wp-block-group is-style-run-to-edge has-primary-background-color has-background is-layout-flow wp-block-group-is-layout-flow\">\n<p class=\"is-style-lead has-background-color has-text-color\">\u00dcbergangszeit<\/p>\n\n\n\n<p class=\"is-style-default has-background-color has-text-color\">Bis Ende 2028 sind Abschl\u00fcsse sowohl nach neuem als auch nach altem Verfahren m\u00f6glich: Kandidatinnen und Kandidaten, deren Modulzertifikate nach Pr\u00fcfungsordnung vom 11. Februar 2013 ausgestellt und nicht \u00e4lter als 5 Jahre sind, k\u00f6nnen die Pr\u00fcfung nach Pr\u00fcfungsordnung 2013 bis Ende 2028 ablegen.<\/p>\n\n\n\n<div class=\"wp-block-buttons has-custom-font-size has-medium-font-size is-layout-flex wp-block-buttons-is-layout-flex\">\n<div class=\"wp-block-button has-custom-width wp-block-button__width-50 is-style-outline is-style-outline--2\"><a class=\"wp-block-button__link has-text-align-left wp-element-button\" href=\"https:\/\/alice.ch\/de\/professionalisierung\/eidg-fachausweis-ausbilderin-ausbilder\/zentrale-ueberpruefung-fachausweis-2015\/\">Nach altem System: Zentrale \u00dcberpr\u00fcfung Fachausweis 2015 (bis Ende 2028)<\/a><\/div>\n<\/div>\n<\/div>\n\n\n\n<h2 class=\"wp-block-heading has-large-font-size\">Relevante Termine f\u00fcr die verschiedenen Pr\u00fcfungszyklen<\/h2>\n\n\n\n<figure class=\"wp-block-table is-style-stripes\"><table><tbody><tr><td>Pr\u00fcfungslauf<\/td><td>Abgabetermin Zulassung<\/td><td>QSK Entscheid Zulassung<\/td><td>Aufgaben-<br>zustellung<\/td><td>Abgabetermin Performanz-<br>dossier<\/td><td>Reflexions-gespr\u00e4che*<\/td><td>QSK Entscheid Resultat<\/td><td>Kommunikation Resultat bis<\/td><\/tr><tr><td>2025-4<\/td><td>19.11.25<\/td><td>10.12.25<\/td><td>15.01.26<\/td><td>09.04.26<\/td><td>27.04.26 &#8211; 08.05.26<\/td><td>10.06.26<\/td><td>24.06.26<\/td><\/tr><tr><td>2026-1<\/td><td>11.02.26<\/td><td>05.03.26<\/td><td>22.04.26<\/td><td>15.07.26<\/td><td>03.08.26 &#8211; 14.08.26<\/td><td>01.09.26<\/td><td>15.09.26<\/td><\/tr><tr><td>2026-2<\/td><td>19.05.26<\/td><td>10.06.26<\/td><td>22.07.26<\/td><td>14.10.26<\/td><td>02.11.26 &#8211; 13.11.26<\/td><td>09.12.26<\/td><td>23.12.26<\/td><\/tr><tr><td>2026-3<\/td><td>12.08.26<\/td><td>01.09.26<\/td><td>21.10.26<\/td><td>13.01.27<\/td><td>05.02.27 &#8211; 12.02.27<\/td><td>10.03.27<\/td><td>24.03.27<\/td><\/tr><tr><td>2026-4<\/td><td>18.11.26<\/td><td>09.12.26<\/td><td>27.01.27<\/td><td>21.04.27<\/td><td>18.05.27 &#8211; 28.05.27<\/td><td>16.06.27<\/td><td>30.06.27<\/td><\/tr><tr><td>2027-1<\/td><td>17.02.27<\/td><td>10.03.27<\/td><td>28.04.27<\/td><td>21.07.27<\/td><td>09.08.27 &#8211; 20.08.27<\/td><td>15.09.27<\/td><td>29.09.27<\/td><\/tr><\/tbody><\/table><\/figure>\n\n\n\n<p>*Die Reflexionsgespr\u00e4che finden in Z\u00fcrich statt. Sofern die erforderliche Mindestteilnehmerzahl erreicht wird, wird der Pr\u00fcfungslauf 2026-2 auch im Tessin (nur auf Italienisch) und der Pr\u00fcfungslauf 2026-4 auch in Lausanne (nur auf Franz\u00f6sisch) stattfinden.<\/p>\n\n\n\n<h3 class=\"wp-block-heading\">Dokumente<\/h3>\n\n\n\n<div class=\"wp-block-columns is-layout-flex wp-container-core-columns-is-layout-28f84493 wp-block-columns-is-layout-flex\">\n<div class=\"wp-block-column is-layout-flow wp-block-column-is-layout-flow\">\n<div class=\"wp-block-file\"><a id=\"wp-block-file--media-03d3f11e-951d-4b80-8681-f6ced6d3512b\" href=\"https:\/\/alice.ch\/app\/uploads\/2024\/10\/beschreibung-abschlusspruefung-und-aufgabenstellung.pdf\">Beschreibung Abschlusspru\u0308fung und Aufgabenstellung<br \/>PDF &#8211; 666 KB<\/a><a href=\"https:\/\/alice.ch\/app\/uploads\/2024\/10\/beschreibung-abschlusspruefung-und-aufgabenstellung.pdf\" class=\"wp-block-file__button wp-element-button\" download aria-describedby=\"wp-block-file--media-03d3f11e-951d-4b80-8681-f6ced6d3512b\">Herunterladen<br \/>PDF &#8211; 666 KB<\/a><\/div>\n\n\n\n<div class=\"wp-block-file\"><a id=\"wp-block-file--media-100decf2-714e-4654-ace7-377fbeafa0a6\" href=\"https:\/\/alice.ch\/app\/uploads\/2026\/02\/wegleitung_po2024.pdf\">Wegleitung zur Pr\u00fcfungsordnung Berufspr\u00fcfung f\u00fcr Ausbilder \/Ausbilderin 2024<br \/>PDF &#8211; 3 MB<\/a><a href=\"https:\/\/alice.ch\/app\/uploads\/2026\/02\/wegleitung_po2024.pdf\" class=\"wp-block-file__button wp-element-button\" download aria-describedby=\"wp-block-file--media-100decf2-714e-4654-ace7-377fbeafa0a6\">Herunterladen<br \/>PDF &#8211; 3 MB<\/a><\/div>\n\n\n\n<div class=\"wp-block-file\"><a id=\"wp-block-file--media-9fd50de7-ec15-4a74-bfec-917cbd3aa8f9\" href=\"https:\/\/alice.ch\/app\/uploads\/2022\/11\/qualifikationsprofil-ausbilder-mit-eidg.-fachausweis.pdf\">Qualifikationsprofil Ausbilder mit eidg. Fachausweis<br \/>PDF &#8211; 697 KB<\/a><a href=\"https:\/\/alice.ch\/app\/uploads\/2022\/11\/qualifikationsprofil-ausbilder-mit-eidg.-fachausweis.pdf\" class=\"wp-block-file__button wp-element-button\" download aria-describedby=\"wp-block-file--media-9fd50de7-ec15-4a74-bfec-917cbd3aa8f9\">Herunterladen<br \/>PDF &#8211; 697 KB<\/a><\/div>\n<\/div>\n\n\n\n<div class=\"wp-block-column is-layout-flow wp-block-column-is-layout-flow\">\n<div class=\"wp-block-file\"><a id=\"wp-block-file--media-aa796496-1bbd-443d-b1be-3f514f5adfbc\" href=\"https:\/\/alice.ch\/app\/uploads\/2024\/03\/ada-gebuehren-kandidaten-1.pdf\">Geb\u00fchren f\u00fcr Kandidatinnen und Kandidaten<br \/>PDF &#8211; 567 KB<\/a><a href=\"https:\/\/alice.ch\/app\/uploads\/2024\/03\/ada-gebuehren-kandidaten-1.pdf\" class=\"wp-block-file__button wp-element-button\" download aria-describedby=\"wp-block-file--media-aa796496-1bbd-443d-b1be-3f514f5adfbc\">Herunterladen<br \/>PDF &#8211; 567 KB<\/a><\/div>\n\n\n\n<div class=\"wp-block-file\"><a id=\"wp-block-file--media-c6d1ff44-169c-4bf0-9ed5-dfd5724a83df\" href=\"https:\/\/alice.ch\/app\/uploads\/2024\/05\/pruefungsordnung-bp-2024.pdf\">Pr\u00fcfungsordnung Berufspr\u00fcfung f\u00fcr Ausbilderin\/Ausbilder 2024<br \/>PDF &#8211; 772 KB<\/a><a href=\"https:\/\/alice.ch\/app\/uploads\/2024\/05\/pruefungsordnung-bp-2024.pdf\" class=\"wp-block-file__button wp-element-button\" download aria-describedby=\"wp-block-file--media-c6d1ff44-169c-4bf0-9ed5-dfd5724a83df\">Herunterladen<br \/>PDF &#8211; 772 KB<\/a><\/div>\n\n\n\n<div class=\"wp-block-file\"><a id=\"wp-block-file--media-ca5eb3e1-5b7d-409f-ac08-c549ca224551\" href=\"https:\/\/alice.ch\/app\/uploads\/2023\/12\/uebergangsregelungen.pdf\">\u00dcbergangsregelungen Fachausweis 2015 zu Fachausweis 2023 (PO24)<br \/>PDF &#8211; 72 KB<\/a><a href=\"https:\/\/alice.ch\/app\/uploads\/2023\/12\/uebergangsregelungen.pdf\" class=\"wp-block-file__button wp-element-button\" download aria-describedby=\"wp-block-file--media-ca5eb3e1-5b7d-409f-ac08-c549ca224551\">Herunterladen<br \/>PDF &#8211; 72 KB<\/a><\/div>\n<\/div>\n<\/div>\n\n\n\n<h2 class=\"wp-block-heading\">Kontakt<\/h2>\n\n\n\n<div class=\"wp-block-columns is-layout-flex wp-container-core-columns-is-layout-28f84493 wp-block-columns-is-layout-flex\">\n<div class=\"wp-block-column is-layout-flow wp-block-column-is-layout-flow\" style=\"flex-basis:50%\"><div class=\"contact-persons\">\n\n\t\t\t\t\t<div class=\"contact-person\">\n\t\t\t\t\tGesch\u00e4ftsstelle AdA<br \/>\t\t\t\t\tGerry Weibel<br \/>\t\t\t\t\t<br \/>\n\t\t\t\t\tSachbearbeiter AdA Baukasten<br \/>\r\nNationaler Koordinator eidg. Berufspr\u00fcfung Ausbilder\/-in mit Fachausweis<br \/>\t\t\t\t\t<a href=\"tel:+41 (0)44 319 71 62\">+41 (0)44 319 71 62<\/a><br \/>\t\t\t\t\t<a href=\"mailto:gerry.weibel@alice.ch\">gerry.weibel@alice.ch<\/a><br \/>\t\t\t\t\t<\/div>\n\t\t\t\t\t<\/div>\n<\/div>\n\n\n\n<div class=\"wp-block-column is-layout-flow wp-block-column-is-layout-flow\" style=\"flex-basis:50%\"><\/div>\n<\/div>\n<\/div>\n\n\n\n<p><\/p>\n","protected":false},"excerpt":{"rendered":"<p>Abschlusspr\u00fcfung eidgen\u00f6ssischer Fachausweis Ausbilderin\/Ausbilder gem\u00e4ss Pr\u00fcfungsordnung 2024 Seit Herbst 2024 erfolgt der Abschluss eidg. Fachausweis Ausbilderin\/Ausbilder \u00fcber eine Pr\u00fcfung. Kandidatinnen [&hellip;]<\/p>\n","protected":false},"author":2,"featured_media":20799,"parent":562,"menu_order":427,"comment_status":"closed","ping_status":"closed","template":"","meta":{"_acf_changed":false,"inline_featured_image":false,"footnotes":""},"class_list":["post-7819","page","type-page","status-publish","has-post-thumbnail","hentry"],"acf":[],"yoast_head":"<!-- This site is optimized with the Yoast SEO plugin v27.3 - https:\/\/yoast.com\/product\/yoast-seo-wordpress\/ -->\n<title>Abschlusspr\u00fcfung Eidg. Fachausweis - SVEB<\/title>\n<meta name=\"description\" content=\"Neue Abschlusspr\u00fcfung eidg. Fachausweis Ausbilder\/in: Pr\u00fcfungsprozess, Zulassungs- und Performanzdossier, Reflexionsgespr\u00e4ch, Termine, Kosten\" \/>\n<meta name=\"robots\" content=\"index, follow, max-snippet:-1, max-image-preview:large, max-video-preview:-1\" \/>\n<link rel=\"canonical\" href=\"https:\/\/alice.ch\/de\/professionalisierung\/eidg-fachausweis-ausbilderin-ausbilder\/abschlusspruefung-eidg-fachausweis\/\" \/>\n<meta property=\"og:locale\" content=\"de_DE\" \/>\n<meta property=\"og:type\" content=\"article\" \/>\n<meta property=\"og:title\" content=\"Abschlusspr\u00fcfung Eidg. Fachausweis - SVEB\" \/>\n<meta property=\"og:description\" content=\"Neue Abschlusspr\u00fcfung eidg. Fachausweis Ausbilder\/in: Pr\u00fcfungsprozess, Zulassungs- und Performanzdossier, Reflexionsgespr\u00e4ch, Termine, Kosten\" \/>\n<meta property=\"og:url\" content=\"https:\/\/alice.ch\/de\/professionalisierung\/eidg-fachausweis-ausbilderin-ausbilder\/abschlusspruefung-eidg-fachausweis\/\" \/>\n<meta property=\"og:site_name\" content=\"SVEB\" \/>\n<meta property=\"article:modified_time\" content=\"2026-03-09T14:48:06+00:00\" \/>\n<meta property=\"og:image\" content=\"https:\/\/alice.ch\/app\/uploads\/2024\/08\/ablauf-abschlusspruefung.png\" \/>\n\t<meta property=\"og:image:width\" content=\"2722\" \/>\n\t<meta property=\"og:image:height\" content=\"1528\" \/>\n\t<meta property=\"og:image:type\" content=\"image\/png\" \/>\n<meta name=\"twitter:card\" content=\"summary_large_image\" \/>\n<meta name=\"twitter:label1\" content=\"Gesch\u00e4tzte Lesezeit\" \/>\n\t<meta name=\"twitter:data1\" content=\"3\u00a0Minuten\" \/>\n<script type=\"application\/ld+json\" class=\"yoast-schema-graph\">{\"@context\":\"https:\\\/\\\/schema.org\",\"@graph\":[{\"@type\":\"WebPage\",\"@id\":\"https:\\\/\\\/alice.ch\\\/de\\\/professionalisierung\\\/eidg-fachausweis-ausbilderin-ausbilder\\\/abschlusspruefung-eidg-fachausweis\\\/\",\"url\":\"https:\\\/\\\/alice.ch\\\/de\\\/professionalisierung\\\/eidg-fachausweis-ausbilderin-ausbilder\\\/abschlusspruefung-eidg-fachausweis\\\/\",\"name\":\"Abschlusspr\u00fcfung Eidg. Fachausweis - SVEB\",\"isPartOf\":{\"@id\":\"https:\\\/\\\/alice.ch\\\/de\\\/#website\"},\"primaryImageOfPage\":{\"@id\":\"https:\\\/\\\/alice.ch\\\/de\\\/professionalisierung\\\/eidg-fachausweis-ausbilderin-ausbilder\\\/abschlusspruefung-eidg-fachausweis\\\/#primaryimage\"},\"image\":{\"@id\":\"https:\\\/\\\/alice.ch\\\/de\\\/professionalisierung\\\/eidg-fachausweis-ausbilderin-ausbilder\\\/abschlusspruefung-eidg-fachausweis\\\/#primaryimage\"},\"thumbnailUrl\":\"https:\\\/\\\/alice.ch\\\/app\\\/uploads\\\/2022\\\/11\\\/default.jpg\",\"datePublished\":\"2022-11-03T09:50:34+00:00\",\"dateModified\":\"2026-03-09T14:48:06+00:00\",\"description\":\"Neue Abschlusspr\u00fcfung eidg. Fachausweis Ausbilder\\\/in: Pr\u00fcfungsprozess, Zulassungs- und Performanzdossier, Reflexionsgespr\u00e4ch, Termine, Kosten\",\"breadcrumb\":{\"@id\":\"https:\\\/\\\/alice.ch\\\/de\\\/professionalisierung\\\/eidg-fachausweis-ausbilderin-ausbilder\\\/abschlusspruefung-eidg-fachausweis\\\/#breadcrumb\"},\"inLanguage\":\"de\",\"potentialAction\":[{\"@type\":\"ReadAction\",\"target\":[\"https:\\\/\\\/alice.ch\\\/de\\\/professionalisierung\\\/eidg-fachausweis-ausbilderin-ausbilder\\\/abschlusspruefung-eidg-fachausweis\\\/\"]}]},{\"@type\":\"ImageObject\",\"inLanguage\":\"de\",\"@id\":\"https:\\\/\\\/alice.ch\\\/de\\\/professionalisierung\\\/eidg-fachausweis-ausbilderin-ausbilder\\\/abschlusspruefung-eidg-fachausweis\\\/#primaryimage\",\"url\":\"https:\\\/\\\/alice.ch\\\/app\\\/uploads\\\/2022\\\/11\\\/default.jpg\",\"contentUrl\":\"https:\\\/\\\/alice.ch\\\/app\\\/uploads\\\/2022\\\/11\\\/default.jpg\",\"width\":1600,\"height\":900},{\"@type\":\"BreadcrumbList\",\"@id\":\"https:\\\/\\\/alice.ch\\\/de\\\/professionalisierung\\\/eidg-fachausweis-ausbilderin-ausbilder\\\/abschlusspruefung-eidg-fachausweis\\\/#breadcrumb\",\"itemListElement\":[{\"@type\":\"ListItem\",\"position\":1,\"name\":\"Startseite\",\"item\":\"https:\\\/\\\/alice.ch\\\/de\\\/\"},{\"@type\":\"ListItem\",\"position\":2,\"name\":\"Professionalisierung\",\"item\":\"https:\\\/\\\/alice.ch\\\/de\\\/professionalisierung\\\/\"},{\"@type\":\"ListItem\",\"position\":3,\"name\":\"Eidgen\u00f6ssischer Fachausweis Ausbilderin\\\/Ausbilder\",\"item\":\"https:\\\/\\\/alice.ch\\\/de\\\/professionalisierung\\\/eidg-fachausweis-ausbilderin-ausbilder\\\/\"},{\"@type\":\"ListItem\",\"position\":4,\"name\":\"Abschlusspr\u00fcfung Eidg. Fachausweis\"}]},{\"@type\":\"WebSite\",\"@id\":\"https:\\\/\\\/alice.ch\\\/de\\\/#website\",\"url\":\"https:\\\/\\\/alice.ch\\\/de\\\/\",\"name\":\"alice.ch (Adult Learning Information Center) ist das Portal der Weiterbildung in der Schweiz.\",\"description\":\"Schweizerischer Verband f\u00fcr Weiterbildung\",\"publisher\":{\"@id\":\"https:\\\/\\\/alice.ch\\\/de\\\/#organization\"},\"potentialAction\":[{\"@type\":\"SearchAction\",\"target\":{\"@type\":\"EntryPoint\",\"urlTemplate\":\"https:\\\/\\\/alice.ch\\\/de\\\/?s={search_term_string}\"},\"query-input\":{\"@type\":\"PropertyValueSpecification\",\"valueRequired\":true,\"valueName\":\"search_term_string\"}}],\"inLanguage\":\"de\"},{\"@type\":\"Organization\",\"@id\":\"https:\\\/\\\/alice.ch\\\/de\\\/#organization\",\"name\":\"SVEB Schweizerischer Verband f\u00fcr Weiterbildung\",\"url\":\"https:\\\/\\\/alice.ch\\\/de\\\/\",\"logo\":{\"@type\":\"ImageObject\",\"inLanguage\":\"de\",\"@id\":\"https:\\\/\\\/alice.ch\\\/de\\\/#\\\/schema\\\/logo\\\/image\\\/\",\"url\":\"https:\\\/\\\/alice.ch\\\/app\\\/uploads\\\/2022\\\/07\\\/logo-sveb.png\",\"contentUrl\":\"https:\\\/\\\/alice.ch\\\/app\\\/uploads\\\/2022\\\/07\\\/logo-sveb.png\",\"width\":145,\"height\":64,\"caption\":\"SVEB Schweizerischer Verband f\u00fcr Weiterbildung\"},\"image\":{\"@id\":\"https:\\\/\\\/alice.ch\\\/de\\\/#\\\/schema\\\/logo\\\/image\\\/\"},\"sameAs\":[\"https:\\\/\\\/www.linkedin.com\\\/company\\\/schweizerischer-verband-fr-weiterbildung-sveb\\\/\"]}]}<\/script>\n<!-- \/ Yoast SEO plugin. -->","yoast_head_json":{"title":"Abschlusspr\u00fcfung Eidg. Fachausweis - SVEB","description":"Neue Abschlusspr\u00fcfung eidg. Fachausweis Ausbilder\/in: Pr\u00fcfungsprozess, Zulassungs- und Performanzdossier, Reflexionsgespr\u00e4ch, Termine, Kosten","robots":{"index":"index","follow":"follow","max-snippet":"max-snippet:-1","max-image-preview":"max-image-preview:large","max-video-preview":"max-video-preview:-1"},"canonical":"https:\/\/alice.ch\/de\/professionalisierung\/eidg-fachausweis-ausbilderin-ausbilder\/abschlusspruefung-eidg-fachausweis\/","og_locale":"de_DE","og_type":"article","og_title":"Abschlusspr\u00fcfung Eidg. Fachausweis - SVEB","og_description":"Neue Abschlusspr\u00fcfung eidg. Fachausweis Ausbilder\/in: Pr\u00fcfungsprozess, Zulassungs- und Performanzdossier, Reflexionsgespr\u00e4ch, Termine, Kosten","og_url":"https:\/\/alice.ch\/de\/professionalisierung\/eidg-fachausweis-ausbilderin-ausbilder\/abschlusspruefung-eidg-fachausweis\/","og_site_name":"SVEB","article_modified_time":"2026-03-09T14:48:06+00:00","og_image":[{"width":2722,"height":1528,"url":"https:\/\/alice.ch\/app\/uploads\/2024\/08\/ablauf-abschlusspruefung.png","type":"image\/png"}],"twitter_card":"summary_large_image","twitter_misc":{"Gesch\u00e4tzte Lesezeit":"3\u00a0Minuten"},"schema":{"@context":"https:\/\/schema.org","@graph":[{"@type":"WebPage","@id":"https:\/\/alice.ch\/de\/professionalisierung\/eidg-fachausweis-ausbilderin-ausbilder\/abschlusspruefung-eidg-fachausweis\/","url":"https:\/\/alice.ch\/de\/professionalisierung\/eidg-fachausweis-ausbilderin-ausbilder\/abschlusspruefung-eidg-fachausweis\/","name":"Abschlusspr\u00fcfung Eidg. Fachausweis - SVEB","isPartOf":{"@id":"https:\/\/alice.ch\/de\/#website"},"primaryImageOfPage":{"@id":"https:\/\/alice.ch\/de\/professionalisierung\/eidg-fachausweis-ausbilderin-ausbilder\/abschlusspruefung-eidg-fachausweis\/#primaryimage"},"image":{"@id":"https:\/\/alice.ch\/de\/professionalisierung\/eidg-fachausweis-ausbilderin-ausbilder\/abschlusspruefung-eidg-fachausweis\/#primaryimage"},"thumbnailUrl":"https:\/\/alice.ch\/app\/uploads\/2022\/11\/default.jpg","datePublished":"2022-11-03T09:50:34+00:00","dateModified":"2026-03-09T14:48:06+00:00","description":"Neue Abschlusspr\u00fcfung eidg. Fachausweis Ausbilder\/in: Pr\u00fcfungsprozess, Zulassungs- und Performanzdossier, Reflexionsgespr\u00e4ch, Termine, Kosten","breadcrumb":{"@id":"https:\/\/alice.ch\/de\/professionalisierung\/eidg-fachausweis-ausbilderin-ausbilder\/abschlusspruefung-eidg-fachausweis\/#breadcrumb"},"inLanguage":"de","potentialAction":[{"@type":"ReadAction","target":["https:\/\/alice.ch\/de\/professionalisierung\/eidg-fachausweis-ausbilderin-ausbilder\/abschlusspruefung-eidg-fachausweis\/"]}]},{"@type":"ImageObject","inLanguage":"de","@id":"https:\/\/alice.ch\/de\/professionalisierung\/eidg-fachausweis-ausbilderin-ausbilder\/abschlusspruefung-eidg-fachausweis\/#primaryimage","url":"https:\/\/alice.ch\/app\/uploads\/2022\/11\/default.jpg","contentUrl":"https:\/\/alice.ch\/app\/uploads\/2022\/11\/default.jpg","width":1600,"height":900},{"@type":"BreadcrumbList","@id":"https:\/\/alice.ch\/de\/professionalisierung\/eidg-fachausweis-ausbilderin-ausbilder\/abschlusspruefung-eidg-fachausweis\/#breadcrumb","itemListElement":[{"@type":"ListItem","position":1,"name":"Startseite","item":"https:\/\/alice.ch\/de\/"},{"@type":"ListItem","position":2,"name":"Professionalisierung","item":"https:\/\/alice.ch\/de\/professionalisierung\/"},{"@type":"ListItem","position":3,"name":"Eidgen\u00f6ssischer Fachausweis Ausbilderin\/Ausbilder","item":"https:\/\/alice.ch\/de\/professionalisierung\/eidg-fachausweis-ausbilderin-ausbilder\/"},{"@type":"ListItem","position":4,"name":"Abschlusspr\u00fcfung Eidg. Fachausweis"}]},{"@type":"WebSite","@id":"https:\/\/alice.ch\/de\/#website","url":"https:\/\/alice.ch\/de\/","name":"alice.ch (Adult Learning Information Center) ist das Portal der Weiterbildung in der Schweiz.","description":"Schweizerischer Verband f\u00fcr Weiterbildung","publisher":{"@id":"https:\/\/alice.ch\/de\/#organization"},"potentialAction":[{"@type":"SearchAction","target":{"@type":"EntryPoint","urlTemplate":"https:\/\/alice.ch\/de\/?s={search_term_string}"},"query-input":{"@type":"PropertyValueSpecification","valueRequired":true,"valueName":"search_term_string"}}],"inLanguage":"de"},{"@type":"Organization","@id":"https:\/\/alice.ch\/de\/#organization","name":"SVEB Schweizerischer Verband f\u00fcr Weiterbildung","url":"https:\/\/alice.ch\/de\/","logo":{"@type":"ImageObject","inLanguage":"de","@id":"https:\/\/alice.ch\/de\/#\/schema\/logo\/image\/","url":"https:\/\/alice.ch\/app\/uploads\/2022\/07\/logo-sveb.png","contentUrl":"https:\/\/alice.ch\/app\/uploads\/2022\/07\/logo-sveb.png","width":145,"height":64,"caption":"SVEB Schweizerischer Verband f\u00fcr Weiterbildung"},"image":{"@id":"https:\/\/alice.ch\/de\/#\/schema\/logo\/image\/"},"sameAs":["https:\/\/www.linkedin.com\/company\/schweizerischer-verband-fr-weiterbildung-sveb\/"]}]}},"_links":{"self":[{"href":"https:\/\/alice.ch\/de\/wp-json\/wp\/v2\/pages\/7819","targetHints":{"allow":["GET"]}}],"collection":[{"href":"https:\/\/alice.ch\/de\/wp-json\/wp\/v2\/pages"}],"about":[{"href":"https:\/\/alice.ch\/de\/wp-json\/wp\/v2\/types\/page"}],"author":[{"embeddable":true,"href":"https:\/\/alice.ch\/de\/wp-json\/wp\/v2\/users\/2"}],"replies":[{"embeddable":true,"href":"https:\/\/alice.ch\/de\/wp-json\/wp\/v2\/comments?post=7819"}],"version-history":[{"count":127,"href":"https:\/\/alice.ch\/de\/wp-json\/wp\/v2\/pages\/7819\/revisions"}],"predecessor-version":[{"id":74211,"href":"https:\/\/alice.ch\/de\/wp-json\/wp\/v2\/pages\/7819\/revisions\/74211"}],"up":[{"embeddable":true,"href":"https:\/\/alice.ch\/de\/wp-json\/wp\/v2\/pages\/562"}],"wp:featuredmedia":[{"embeddable":true,"href":"https:\/\/alice.ch\/de\/wp-json\/wp\/v2\/media\/20799"}],"wp:attachment":[{"href":"https:\/\/alice.ch\/de\/wp-json\/wp\/v2\/media?parent=7819"}],"curies":[{"name":"wp","href":"https:\/\/api.w.org\/{rel}","templated":true}]}}