{"id":48314,"date":"2023-04-13T17:01:41","date_gmt":"2023-04-13T15:01:41","guid":{"rendered":"https:\/\/alice.ch\/?post_type=project&#038;p=48314"},"modified":"2025-08-27T15:41:14","modified_gmt":"2025-08-27T13:41:14","slug":"lebenswelten","status":"publish","type":"project","link":"https:\/\/alice.ch\/de\/project\/lebenswelten\/","title":{"rendered":"Lebenswelten"},"content":{"rendered":"\n<div class=\"wp-block-group is-style-reduced-width is-layout-constrained wp-block-group-is-layout-constrained\">\n<p class=\"is-style-lead\">Subjektive Sichtweisen auf Grundkompetenzen: Gr\u00fcnde f\u00fcr eine Nicht-Teilnahme an Angeboten<\/p>\n\n\n\n<h2 class=\"wp-block-heading\">Hintergrund&nbsp;<\/h2>\n\n\n\n<p>Im Bereich der Grundkompetenzen ist es f\u00fcr die Akteure (z. B. Weiterbildungsanbieter oder F\u00f6rderstrukturen) eine grosse Herausforderung, ihre Zielgruppen zu erreichen. Der Zahl der Teilnehmerinnen und Teilnehmer an Weiterbildungsangeboten im Bereich Grundkompetenzen steht eine weit gr\u00f6ssere Zahl von Nicht-Teilnehmenden gegen\u00fcber.&nbsp;<\/p>\n\n\n\n<p>Es ist wenig bekannt \u00fcber die Nicht-Teilnehmenden, ihre Lebensumst\u00e4nde, Erfahrungen und Zug\u00e4nge zum Lernen. Wenig Wissen besteht auch zu ihren Strategien im Umgang mit Situationen, in welchen sie Grundkompetenzen anwenden m\u00fcssten sowie dazu, was einen Lernprozess zur Verbesserung ihrer Grundkompetenzen anstossen k\u00f6nnte.&nbsp;<\/p>\n\n\n\n<h2 class=\"wp-block-heading\">Ziele&nbsp;<\/h2>\n\n\n\n<p>Ziel des Projekts war es darum,<\/p>\n\n\n\n<ul class=\"wp-block-list\">\n<li>das Wissen \u00fcber die subjektive Sicht von Nicht-Teilnehmenden und ihre Bed\u00fcrfnisse zu verbessern,&nbsp;<\/li>\n\n\n\n<li>durch ein besseres Verst\u00e4ndnis Anbieter bei der Angebotsentwicklung und der Zielgruppenansprache zu unterst\u00fctzen.&nbsp;<\/li>\n<\/ul>\n\n\n\n<h2 class=\"wp-block-heading\">Forschungsfragen&nbsp;<\/h2>\n\n\n\n<p>Im Rahmen dieses Entwicklungsprojekts wurden folgende Fragen adressiert:&nbsp;<\/p>\n\n\n\n<ol start=\"1\" class=\"wp-block-list\">\n<li>Welche subjektiven, in der Lebenswelt verankerten Gr\u00fcnde sprechen aus Sicht von Erwachsenen f\u00fcr eine Nicht-Teilnahme an Angeboten zur Verbesserung ihrer Grundkompetenzen?\u202f&nbsp;<\/li>\n\n\n\n<li>Wie gehen Nicht-Teilnehmende mit Erwartungen und Anforderungen an ihre Grundkompetenzen um und wie nehmen sie ihren Lernbedarf wahr?&nbsp;&nbsp;<\/li>\n\n\n\n<li>Welche biografischen und lebensweltlichen Faktoren beeinflussen ihren Umgang mit Grundkompetenzen?&nbsp;&nbsp;<\/li>\n<\/ol>\n\n\n\n<h2 class=\"wp-block-heading\">Vorgehen&nbsp;<\/h2>\n\n\n\n<p>Um das Wissen \u00fcber Zielgruppe(n) im Bereich Grundkompetenzen zu erweitern, wurden Methoden der qualitativen Sozialforschung angewendet. Die in 20 leitfadengest\u00fctzten Interviews gewonnenen Informationen wurden analysiert und zusammenfassend in einem <a href=\"https:\/\/alice.ch\/app\/uploads\/2025\/07\/bericht-nicht-teilnahme-an-weiterbildung.pdf\">Bericht<\/a> zur Verf\u00fcgung gestellt. <\/p>\n\n\n\n<p>Das Projekt wurde national in allen Sprachregionen der Schweiz umgesetzt.<\/p>\n\n\n\n<h2 class=\"wp-block-heading\">Resultate<\/h2>\n\n\n\n\t\n\t<div class=\"publication-item\">\n\t\t<div class=\"image\">\n\t\t\t<img decoding=\"async\" width=\"1060\" height=\"1500\" src=\"https:\/\/alice.ch\/app\/uploads\/2025\/08\/cover-bericht-lebenswelten.png\" class=\"attachment-post-thumbnail size-post-thumbnail wp-post-image\" alt=\"\" srcset=\"https:\/\/alice.ch\/app\/uploads\/2025\/08\/cover-bericht-lebenswelten.png 1060w, https:\/\/alice.ch\/app\/uploads\/2025\/08\/cover-bericht-lebenswelten-212x300.png 212w\" sizes=\"(max-width: 1060px) 100vw, 1060px\" \/>\t\t<\/div>\n\n\t\t<div class=\"content\">\n\t\t\t<h3>Subjektive Sichtweisen auf Grundkompetenzen: Gru\u0308nde fu\u0308r eine Nicht-Teilnahme an Angeboten<\/h3>\n\t\t\t<div class=\"description\"><p>Die qualitative Studie \u00abSubjektive Sichtweisen auf Grundkompetenzen: Gru\u0308nde fu\u0308r eine Nicht-Teilnahme an Angeboten\u00bb geht der Frage nach, weshalb Menschen mit geringen Grundkompetenzen keine Weiterbildung besuchen. Dazu wurden qualitative Interviews mit 20 Erwachsenen durchgef\u00fchrt, die \u00fcber geringe Grundkompetenzen verf\u00fcgen und in den letzten Jahren nicht an einem Weiterbildungsangebot teilgenommen haben.<\/p>\n<\/div>\n\n\t\t\t<div class=\"meta\">\n\t\t\t\t<ul>\n\t\t\t\t\t\t\t\t\t\t\t<li><strong>Preis:<\/strong> kostenlos<\/li>\n\t\t\t\t\t\n\t\t\t\t\t\t\t\t\t\t\t<li><strong>Herausgeber:<\/strong> SVEB<\/li>\n\t\t\t\t\t\n\t\t\t\t\t\t\t\t\t\t\t<li><strong>Autor:<\/strong> Helen Buchs, Lynette Weber<\/li>\n\t\t\t\t\t\n\t\t\t\t\t\t\t\t\t\t\t<li><strong>Vertrieb:<\/strong> SVEB, 54 Seiten<\/li>\n\t\t\t\t\t\n\t\t\t\t\t\n\t\t\t\t\t\n\t\t\t\t\t\t\t\t\t<\/ul>\n\n\t\t\t\t<ul class=\"actions\">\n\t\t\t\t\t\t\t\t\t\t\t<li><a class=\"button\" href=\"https:\/\/alice.ch\/de\/download-de\/?pub-id=69765\">Download<\/a><\/li>\n\t\t\t\t\t\n\t\t\t\t\t\t\t\t\t<\/ul>\n\t\t\t<\/div>\n\t\t<\/div>\n\n\n\t<\/div>\n\n\n\t\n\t\n\t<div class=\"publication-item\">\n\t\t<div class=\"image\">\n\t\t\t<img decoding=\"async\" width=\"1060\" height=\"1498\" src=\"https:\/\/alice.ch\/app\/uploads\/2025\/08\/cover-zusammenfassung-forschungsbericht-lebenswelten.png\" class=\"attachment-post-thumbnail size-post-thumbnail wp-post-image\" alt=\"\" srcset=\"https:\/\/alice.ch\/app\/uploads\/2025\/08\/cover-zusammenfassung-forschungsbericht-lebenswelten.png 1060w, https:\/\/alice.ch\/app\/uploads\/2025\/08\/cover-zusammenfassung-forschungsbericht-lebenswelten-212x300.png 212w, https:\/\/alice.ch\/app\/uploads\/2025\/08\/cover-zusammenfassung-forschungsbericht-lebenswelten-725x1024.png 725w, https:\/\/alice.ch\/app\/uploads\/2025\/08\/cover-zusammenfassung-forschungsbericht-lebenswelten-768x1085.png 768w\" sizes=\"(max-width: 1060px) 100vw, 1060px\" \/>\t\t<\/div>\n\n\t\t<div class=\"content\">\n\t\t\t<h3>Zusammenfassung des Forschungsberichts: Subjektive Sichtweisen auf Grundkompetenzen<\/h3>\n\t\t\t<div class=\"description\"><p>Der Forschungsbericht \u00abSubjektive Sichtweisen auf Grundkompetenzen: Gru\u0308nde fu\u0308r eine Nicht-Teilnahme an Angeboten\u00bb geht der Frage nach, weshalb Menschen mit geringen Grundkompetenzen keine Weiterbildung besuchen. In der Zusammenfassung werden die zentralen Erkenntnisse pr\u00e4sentiert.<\/p>\n<\/div>\n\n\t\t\t<div class=\"meta\">\n\t\t\t\t<ul>\n\t\t\t\t\t\t\t\t\t\t\t<li><strong>Preis:<\/strong> kostenlos<\/li>\n\t\t\t\t\t\n\t\t\t\t\t\t\t\t\t\t\t<li><strong>Herausgeber:<\/strong> SVEB<\/li>\n\t\t\t\t\t\n\t\t\t\t\t\t\t\t\t\t\t<li><strong>Autor:<\/strong> Helen Buchs, Lynette Weber<\/li>\n\t\t\t\t\t\n\t\t\t\t\t\t\t\t\t\t\t<li><strong>Vertrieb:<\/strong> SVEB, 7 Seiten<\/li>\n\t\t\t\t\t\n\t\t\t\t\t\n\t\t\t\t\t\n\t\t\t\t\t\t\t\t\t<\/ul>\n\n\t\t\t\t<ul class=\"actions\">\n\t\t\t\t\t\t\t\t\t\t\t<li><a class=\"button\" href=\"https:\/\/alice.ch\/de\/download-de\/?pub-id=69771\">Download<\/a><\/li>\n\t\t\t\t\t\n\t\t\t\t\t\t\t\t\t<\/ul>\n\t\t\t<\/div>\n\t\t<\/div>\n\n\n\t<\/div>\n\n\n\t<\/div>\n\n\n\n<h2 class=\"wp-block-heading\">Veranstaltungen<\/h2>\n\n\n\n<div class=\"wp-block-group is-style-reduced-width is-layout-constrained wp-block-group-is-layout-constrained\">\n<div class=\"wp-block-query is-layout-flow wp-block-query-is-layout-flow\"><ul class=\"wp-block-post-template is-layout-flow wp-block-post-template-is-layout-flow\"><li class=\"wp-block-post post-69422 event type-event status-publish has-post-thumbnail hentry event-category-sveb-kooperation-events event-tag-365 event-status-archiv event-language-deutsch global-category-forschung global-category-grundkompetenzen global-category-lebenswelten global-category-schweizweite-projekte global-category-sveb\">\n\t<a class=\"event-item\" href=\"https:\/\/alice.ch\/de\/event\/lebenswelten-nicht-teilnahme-an-grundkompetenzangeboten-impulse-fuer-anbieter\/\" target=\"\">\n\t<div class=\"icon\"><\/div>\n\t<div class=\"date\">21\/10\/2025<\/div>\n\t<div class=\"title\">Lebenswelten: Nicht-Teilnahme an Grundkompetenzangeboten \u2013 Impulse f\u00fcr Anbieter<\/div>\n\t<div class=\"place\">Online<\/div>\n\t<!-- <div class=\"category\">SVEB &amp; Kooperation Events<\/div> -->\n\t<div class=\"language\">D<\/div>\n\t<\/a>\n\n<\/li><\/ul>\n\n<\/div>\n\n\n\n<h2 class=\"wp-block-heading\">Eckdaten zum Projekt&nbsp;<\/h2>\n\n\n\n<p>Projektart: Nationales Projekt&nbsp;<\/p>\n\n\n\n<p>Projektlaufzeit: 2023\u20132025&nbsp;<\/p>\n\n\n\n<p>Finanzierung: SBFI&nbsp;<\/p>\n\n\n\n<h2 class=\"wp-block-heading\">News aus dem Projekt<\/h2>\n\n\n\n<div class=\"wp-block-buttons is-layout-flex wp-block-buttons-is-layout-flex\">\n<div class=\"wp-block-button is-style-minimal\"><a class=\"wp-block-button__link wp-element-button\" href=\"https:\/\/alice.ch\/de\/news\/warum-viele-erwachsene-keine-grundkompetenz-angebote-besuchen-und-was-das-fuer-die-weiterbildung-bedeutet\/\">05.08.2025: Warum viele Erwachsene keine Grundkompetenz-Angebote besuchen \u2013 und was das f\u00fcr die Weiterbildung bedeutet&nbsp;<\/a><\/div>\n\n\n\n<div class=\"wp-block-button has-custom-width wp-block-button__width-100 is-style-minimal\"><a class=\"wp-block-button__link wp-element-button\" href=\"https:\/\/alice.ch\/de\/news\/gesucht-nicht-teilnehmende\/\" target=\"_blank\" rel=\"noreferrer noopener\">16.11.2023: Gesucht: Nicht-Teilnehmende<\/a><\/div>\n\n\n\n<div class=\"wp-block-button has-custom-width wp-block-button__width-100 is-style-minimal\"><a class=\"wp-block-button__link wp-element-button\" href=\"https:\/\/alice.ch\/de\/news\/neues-sveb-projekt-zur-nicht-teilnahme-an-weiterbildung\/\" target=\"_blank\" rel=\"noreferrer noopener\">14.04.2023: Neues SVEB-Projekt zur Nicht-Teilnahme an Weiterbildung<\/a><\/div>\n<\/div>\n\n\n\n<h2 class=\"wp-block-heading\">Kontakt<\/h2>\n\n\n\n<div class=\"wp-block-columns is-layout-flex wp-container-core-columns-is-layout-28f84493 wp-block-columns-is-layout-flex\">\n<div class=\"wp-block-column is-layout-flow wp-block-column-is-layout-flow\" style=\"flex-basis:50%\"><div class=\"contact-persons\">\n\n\t\t\t\t\t<div class=\"contact-person\">\n\t\t\t\t\tHelen Buchs<br \/>\t\t\t\t\tProjektleiterin Forschung und Entwicklung, Leiterin Think Tank TRANSIT<br \/>\t\t\t\t\t<br \/>\n\t\t\t\t\t\t\t\t\t\t<a href=\"tel:+41 (0)44 319 71 56\">+41 (0)44 319 71 56<\/a><br \/>\t\t\t\t\t<a href=\"mailto:helen.buchs@alice.ch\">helen.buchs@alice.ch<\/a><br \/>\t\t\t\t\t<\/div>\n\t\t\t\t\t<\/div>\n<\/div>\n\n\n\n<div class=\"wp-block-column is-layout-flow wp-block-column-is-layout-flow\" style=\"flex-basis:50%\"><\/div>\n<\/div>\n<\/div>\n\n\n\n<p><\/p>\n","protected":false},"featured_media":49615,"template":"","meta":{"_acf_changed":false,"inline_featured_image":false,"footnotes":""},"project-category":[64],"project-tag":[],"project-region":[216],"global-category":[],"class_list":["post-48314","project","type-project","status-publish","has-post-thumbnail","hentry","project-category-chancengleichheit","project-region-ch"],"acf":[],"yoast_head":"<!-- This site is optimized with the Yoast SEO plugin v27.3 - https:\/\/yoast.com\/product\/yoast-seo-wordpress\/ -->\n<title>Lebenswelten - SVEB<\/title>\n<meta name=\"robots\" content=\"index, follow, max-snippet:-1, max-image-preview:large, max-video-preview:-1\" \/>\n<link rel=\"canonical\" href=\"https:\/\/alice.ch\/de\/project\/lebenswelten\/\" \/>\n<meta property=\"og:locale\" content=\"de_DE\" \/>\n<meta property=\"og:type\" content=\"article\" \/>\n<meta property=\"og:title\" content=\"Lebenswelten - SVEB\" \/>\n<meta property=\"og:description\" content=\"Subjektive Sichtweisen auf Grundkompetenzen: Gr\u00fcnde f\u00fcr eine Nicht-Teilnahme an Angeboten Hintergrund&nbsp; Im Bereich der Grundkompetenzen ist es f\u00fcr die Akteure [&hellip;]\" \/>\n<meta property=\"og:url\" content=\"https:\/\/alice.ch\/de\/project\/lebenswelten\/\" \/>\n<meta property=\"og:site_name\" content=\"SVEB\" \/>\n<meta property=\"article:modified_time\" content=\"2025-08-27T13:41:14+00:00\" \/>\n<meta property=\"og:image\" content=\"https:\/\/alice.ch\/app\/uploads\/2023\/05\/interview-lebenswelten.jpg\" \/>\n\t<meta property=\"og:image:width\" content=\"1200\" \/>\n\t<meta property=\"og:image:height\" content=\"627\" \/>\n\t<meta property=\"og:image:type\" content=\"image\/jpeg\" \/>\n<meta name=\"twitter:card\" content=\"summary_large_image\" \/>\n<meta name=\"twitter:label1\" content=\"Gesch\u00e4tzte Lesezeit\" \/>\n\t<meta name=\"twitter:data1\" content=\"2\u00a0Minuten\" \/>\n<script type=\"application\/ld+json\" class=\"yoast-schema-graph\">{\"@context\":\"https:\\\/\\\/schema.org\",\"@graph\":[{\"@type\":\"WebPage\",\"@id\":\"https:\\\/\\\/alice.ch\\\/de\\\/project\\\/lebenswelten\\\/\",\"url\":\"https:\\\/\\\/alice.ch\\\/de\\\/project\\\/lebenswelten\\\/\",\"name\":\"Lebenswelten - SVEB\",\"isPartOf\":{\"@id\":\"https:\\\/\\\/alice.ch\\\/de\\\/#website\"},\"primaryImageOfPage\":{\"@id\":\"https:\\\/\\\/alice.ch\\\/de\\\/project\\\/lebenswelten\\\/#primaryimage\"},\"image\":{\"@id\":\"https:\\\/\\\/alice.ch\\\/de\\\/project\\\/lebenswelten\\\/#primaryimage\"},\"thumbnailUrl\":\"https:\\\/\\\/alice.ch\\\/app\\\/uploads\\\/2023\\\/05\\\/interview-lebenswelten.jpg\",\"datePublished\":\"2023-04-13T15:01:41+00:00\",\"dateModified\":\"2025-08-27T13:41:14+00:00\",\"breadcrumb\":{\"@id\":\"https:\\\/\\\/alice.ch\\\/de\\\/project\\\/lebenswelten\\\/#breadcrumb\"},\"inLanguage\":\"de\",\"potentialAction\":[{\"@type\":\"ReadAction\",\"target\":[\"https:\\\/\\\/alice.ch\\\/de\\\/project\\\/lebenswelten\\\/\"]}]},{\"@type\":\"ImageObject\",\"inLanguage\":\"de\",\"@id\":\"https:\\\/\\\/alice.ch\\\/de\\\/project\\\/lebenswelten\\\/#primaryimage\",\"url\":\"https:\\\/\\\/alice.ch\\\/app\\\/uploads\\\/2023\\\/05\\\/interview-lebenswelten.jpg\",\"contentUrl\":\"https:\\\/\\\/alice.ch\\\/app\\\/uploads\\\/2023\\\/05\\\/interview-lebenswelten.jpg\",\"width\":1200,\"height\":627},{\"@type\":\"BreadcrumbList\",\"@id\":\"https:\\\/\\\/alice.ch\\\/de\\\/project\\\/lebenswelten\\\/#breadcrumb\",\"itemListElement\":[{\"@type\":\"ListItem\",\"position\":1,\"name\":\"Startseite\",\"item\":\"https:\\\/\\\/alice.ch\\\/de\\\/\"},{\"@type\":\"ListItem\",\"position\":2,\"name\":\"Projekte\",\"item\":\"https:\\\/\\\/alice.ch\\\/de\\\/project\\\/\"},{\"@type\":\"ListItem\",\"position\":3,\"name\":\"Lebenswelten\"}]},{\"@type\":\"WebSite\",\"@id\":\"https:\\\/\\\/alice.ch\\\/de\\\/#website\",\"url\":\"https:\\\/\\\/alice.ch\\\/de\\\/\",\"name\":\"alice.ch (Adult Learning Information Center) ist das Portal der Weiterbildung in der Schweiz.\",\"description\":\"Schweizerischer Verband f\u00fcr Weiterbildung\",\"publisher\":{\"@id\":\"https:\\\/\\\/alice.ch\\\/de\\\/#organization\"},\"potentialAction\":[{\"@type\":\"SearchAction\",\"target\":{\"@type\":\"EntryPoint\",\"urlTemplate\":\"https:\\\/\\\/alice.ch\\\/de\\\/?s={search_term_string}\"},\"query-input\":{\"@type\":\"PropertyValueSpecification\",\"valueRequired\":true,\"valueName\":\"search_term_string\"}}],\"inLanguage\":\"de\"},{\"@type\":\"Organization\",\"@id\":\"https:\\\/\\\/alice.ch\\\/de\\\/#organization\",\"name\":\"SVEB Schweizerischer Verband f\u00fcr Weiterbildung\",\"url\":\"https:\\\/\\\/alice.ch\\\/de\\\/\",\"logo\":{\"@type\":\"ImageObject\",\"inLanguage\":\"de\",\"@id\":\"https:\\\/\\\/alice.ch\\\/de\\\/#\\\/schema\\\/logo\\\/image\\\/\",\"url\":\"https:\\\/\\\/alice.ch\\\/app\\\/uploads\\\/2022\\\/07\\\/logo-sveb.png\",\"contentUrl\":\"https:\\\/\\\/alice.ch\\\/app\\\/uploads\\\/2022\\\/07\\\/logo-sveb.png\",\"width\":145,\"height\":64,\"caption\":\"SVEB Schweizerischer Verband f\u00fcr Weiterbildung\"},\"image\":{\"@id\":\"https:\\\/\\\/alice.ch\\\/de\\\/#\\\/schema\\\/logo\\\/image\\\/\"},\"sameAs\":[\"https:\\\/\\\/www.linkedin.com\\\/company\\\/schweizerischer-verband-fr-weiterbildung-sveb\\\/\"]}]}<\/script>\n<!-- \/ Yoast SEO plugin. -->","yoast_head_json":{"title":"Lebenswelten - SVEB","robots":{"index":"index","follow":"follow","max-snippet":"max-snippet:-1","max-image-preview":"max-image-preview:large","max-video-preview":"max-video-preview:-1"},"canonical":"https:\/\/alice.ch\/de\/project\/lebenswelten\/","og_locale":"de_DE","og_type":"article","og_title":"Lebenswelten - SVEB","og_description":"Subjektive Sichtweisen auf Grundkompetenzen: Gr\u00fcnde f\u00fcr eine Nicht-Teilnahme an Angeboten Hintergrund&nbsp; Im Bereich der Grundkompetenzen ist es f\u00fcr die Akteure [&hellip;]","og_url":"https:\/\/alice.ch\/de\/project\/lebenswelten\/","og_site_name":"SVEB","article_modified_time":"2025-08-27T13:41:14+00:00","og_image":[{"width":1200,"height":627,"url":"https:\/\/alice.ch\/app\/uploads\/2023\/05\/interview-lebenswelten.jpg","type":"image\/jpeg"}],"twitter_card":"summary_large_image","twitter_misc":{"Gesch\u00e4tzte Lesezeit":"2\u00a0Minuten"},"schema":{"@context":"https:\/\/schema.org","@graph":[{"@type":"WebPage","@id":"https:\/\/alice.ch\/de\/project\/lebenswelten\/","url":"https:\/\/alice.ch\/de\/project\/lebenswelten\/","name":"Lebenswelten - SVEB","isPartOf":{"@id":"https:\/\/alice.ch\/de\/#website"},"primaryImageOfPage":{"@id":"https:\/\/alice.ch\/de\/project\/lebenswelten\/#primaryimage"},"image":{"@id":"https:\/\/alice.ch\/de\/project\/lebenswelten\/#primaryimage"},"thumbnailUrl":"https:\/\/alice.ch\/app\/uploads\/2023\/05\/interview-lebenswelten.jpg","datePublished":"2023-04-13T15:01:41+00:00","dateModified":"2025-08-27T13:41:14+00:00","breadcrumb":{"@id":"https:\/\/alice.ch\/de\/project\/lebenswelten\/#breadcrumb"},"inLanguage":"de","potentialAction":[{"@type":"ReadAction","target":["https:\/\/alice.ch\/de\/project\/lebenswelten\/"]}]},{"@type":"ImageObject","inLanguage":"de","@id":"https:\/\/alice.ch\/de\/project\/lebenswelten\/#primaryimage","url":"https:\/\/alice.ch\/app\/uploads\/2023\/05\/interview-lebenswelten.jpg","contentUrl":"https:\/\/alice.ch\/app\/uploads\/2023\/05\/interview-lebenswelten.jpg","width":1200,"height":627},{"@type":"BreadcrumbList","@id":"https:\/\/alice.ch\/de\/project\/lebenswelten\/#breadcrumb","itemListElement":[{"@type":"ListItem","position":1,"name":"Startseite","item":"https:\/\/alice.ch\/de\/"},{"@type":"ListItem","position":2,"name":"Projekte","item":"https:\/\/alice.ch\/de\/project\/"},{"@type":"ListItem","position":3,"name":"Lebenswelten"}]},{"@type":"WebSite","@id":"https:\/\/alice.ch\/de\/#website","url":"https:\/\/alice.ch\/de\/","name":"alice.ch (Adult Learning Information Center) ist das Portal der Weiterbildung in der Schweiz.","description":"Schweizerischer Verband f\u00fcr Weiterbildung","publisher":{"@id":"https:\/\/alice.ch\/de\/#organization"},"potentialAction":[{"@type":"SearchAction","target":{"@type":"EntryPoint","urlTemplate":"https:\/\/alice.ch\/de\/?s={search_term_string}"},"query-input":{"@type":"PropertyValueSpecification","valueRequired":true,"valueName":"search_term_string"}}],"inLanguage":"de"},{"@type":"Organization","@id":"https:\/\/alice.ch\/de\/#organization","name":"SVEB Schweizerischer Verband f\u00fcr Weiterbildung","url":"https:\/\/alice.ch\/de\/","logo":{"@type":"ImageObject","inLanguage":"de","@id":"https:\/\/alice.ch\/de\/#\/schema\/logo\/image\/","url":"https:\/\/alice.ch\/app\/uploads\/2022\/07\/logo-sveb.png","contentUrl":"https:\/\/alice.ch\/app\/uploads\/2022\/07\/logo-sveb.png","width":145,"height":64,"caption":"SVEB Schweizerischer Verband f\u00fcr Weiterbildung"},"image":{"@id":"https:\/\/alice.ch\/de\/#\/schema\/logo\/image\/"},"sameAs":["https:\/\/www.linkedin.com\/company\/schweizerischer-verband-fr-weiterbildung-sveb\/"]}]}},"_links":{"self":[{"href":"https:\/\/alice.ch\/de\/wp-json\/wp\/v2\/project\/48314","targetHints":{"allow":["GET"]}}],"collection":[{"href":"https:\/\/alice.ch\/de\/wp-json\/wp\/v2\/project"}],"about":[{"href":"https:\/\/alice.ch\/de\/wp-json\/wp\/v2\/types\/project"}],"version-history":[{"count":28,"href":"https:\/\/alice.ch\/de\/wp-json\/wp\/v2\/project\/48314\/revisions"}],"predecessor-version":[{"id":70121,"href":"https:\/\/alice.ch\/de\/wp-json\/wp\/v2\/project\/48314\/revisions\/70121"}],"wp:featuredmedia":[{"embeddable":true,"href":"https:\/\/alice.ch\/de\/wp-json\/wp\/v2\/media\/49615"}],"wp:attachment":[{"href":"https:\/\/alice.ch\/de\/wp-json\/wp\/v2\/media?parent=48314"}],"wp:term":[{"taxonomy":"project-category","embeddable":true,"href":"https:\/\/alice.ch\/de\/wp-json\/wp\/v2\/project-category?post=48314"},{"taxonomy":"project-tag","embeddable":true,"href":"https:\/\/alice.ch\/de\/wp-json\/wp\/v2\/project-tag?post=48314"},{"taxonomy":"project-region","embeddable":true,"href":"https:\/\/alice.ch\/de\/wp-json\/wp\/v2\/project-region?post=48314"},{"taxonomy":"global-category","embeddable":true,"href":"https:\/\/alice.ch\/de\/wp-json\/wp\/v2\/global-category?post=48314"}],"curies":[{"name":"wp","href":"https:\/\/api.w.org\/{rel}","templated":true}]}}