{"id":49058,"date":"2023-04-28T13:22:28","date_gmt":"2023-04-28T11:22:28","guid":{"rendered":"https:\/\/alice.ch\/?post_type=project&#038;p=49058"},"modified":"2024-11-19T11:33:39","modified_gmt":"2024-11-19T10:33:39","slug":"e4emk-projektphase-zwei","status":"publish","type":"project","link":"https:\/\/alice.ch\/de\/project\/e4emk-projektphase-zwei\/","title":{"rendered":"E4E@mk (Projektphase zwei)"},"content":{"rendered":"\n<div class=\"wp-block-group is-layout-flow wp-block-group-is-layout-flow\">\n<div class=\"wp-block-group is-style-reduced-width is-layout-flow wp-block-group-is-layout-flow\">\n<p class=\"is-style-lead\">Education for Employment in North Macedonia<\/p>\n\n\n\n<h2 class=\"wp-block-heading\">Kurzbeschreibung<\/h2>\n\n\n\n<p>Das von Helvetas geleitete und von der&nbsp;Direktion f\u00fcr Entwicklung und Zusammenarbeit (DEZA) finanzierte Projekt hat zum Ziel, auf sozial inklusive und nachhaltige Weise eine bessere Besch\u00e4ftigungslage in Nordmazedonien herbeizuf\u00fchren. Insbesondere die Jugendarbeitslosigkeit in Nordmazedonien ist im europ\u00e4ischen Vergleich hoch. Durch verbesserte Arbeitsmarktf\u00e4higkeit sollen Jugendliche einen leichteren Einstieg in den Arbeitsmarkt finden. Der SVEB ist Mandatstr\u00e4ger in diesem Projekt. Im Rahmen des Mandats stellt der SVEB sein Expertenwissen im Bereich Weiterbildung zur Verf\u00fcgung.<\/p>\n\n\n\n<h2 class=\"wp-block-heading\">Ziele<\/h2>\n\n\n\n<ul class=\"wp-block-list\">\n<li>Verbesserte Qualit\u00e4t non-formaler Bildung<\/li>\n\n\n\n<li>Upskilling (junger) Erwachsener in Bezug auf Erwerbst\u00e4tigkeit und selbstst\u00e4ndige Erwerbst\u00e4tigkeit<\/li>\n\n\n\n<li>Gest\u00e4rkte Weiterbildungsanbieter und verbesserte Qualit\u00e4t ihrer Dienstleistungen<\/li>\n<\/ul>\n\n\n\n<div class=\"wp-block-columns is-layout-flex wp-container-core-columns-is-layout-28f84493 wp-block-columns-is-layout-flex\">\n<div class=\"wp-block-column is-layout-flow wp-block-column-is-layout-flow\">\n<h2 class=\"wp-block-heading\">Eckdaten zum Projekt<\/h2>\n\n\n\n<p>Projektart: Internationales Projekt<\/p>\n\n\n\n<p>Projektlaufzeit: 2022\u20132026<\/p>\n\n\n\n<p>Projektpartner: HELVETAS, Wirtschaftskammer Nordmazedoniens, Adult Education Centre Skopje<\/p>\n\n\n\n<div class=\"wp-block-buttons is-layout-flex wp-block-buttons-is-layout-flex\">\n<div class=\"wp-block-button is-style-minimal\"><a class=\"wp-block-button__link wp-element-button\" href=\"https:\/\/e4e.mk\/en\/home\/\" target=\"_blank\" rel=\"noreferrer noopener\">Projekt-Website<\/a><\/div>\n<\/div>\n\n\n\n<p>Finanzierung:&nbsp;<a href=\"https:\/\/www.eda.admin.ch\/deza\/de\/home.html\" target=\"_blank\" rel=\"noreferrer noopener\">DEZA<\/a><\/p>\n<\/div>\n<\/div>\n\n\n\n<div class=\"wp-block-group is-style-default is-layout-flow wp-block-group-is-layout-flow\">\n<h2 class=\"wp-block-heading\">Kontakt<\/h2>\n\n\n\n<div class=\"wp-block-columns is-layout-flex wp-container-core-columns-is-layout-28f84493 wp-block-columns-is-layout-flex\">\n<div class=\"wp-block-column is-layout-flow wp-block-column-is-layout-flow\" style=\"flex-basis:50%\"><div class=\"contact-persons\">\n\n\t\t\t\t\t<div class=\"contact-person\">\n\t\t\t\t\tMarianne M\u00fcller<br \/>\t\t\t\t\tProjektleiterin Forschung und Internationales<br \/>\t\t\t\t\t<br \/>\n\t\t\t\t\t\t\t\t\t\t<a href=\"tel:+41 (0)44 319 71 67\">+41 (0)44 319 71 67<\/a><br \/>\t\t\t\t\t<a href=\"mailto:marianne.mueller@alice.ch\">marianne.mueller@alice.ch<\/a><br \/>\t\t\t\t\t<\/div>\n\t\t\t\t\t<\/div>\n<\/div>\n\n\n\n<div class=\"wp-block-column is-layout-flow wp-block-column-is-layout-flow\" style=\"flex-basis:50%\"><\/div>\n<\/div>\n<\/div>\n<\/div>\n<\/div>\n","protected":false},"featured_media":49082,"template":"","meta":{"_acf_changed":false,"inline_featured_image":false,"footnotes":""},"project-category":[64],"project-tag":[],"project-region":[220],"global-category":[],"class_list":["post-49058","project","type-project","status-publish","has-post-thumbnail","hentry","project-category-chancengleichheit","project-region-international"],"acf":[],"yoast_head":"<!-- This site is optimized with the Yoast SEO plugin v27.3 - https:\/\/yoast.com\/product\/yoast-seo-wordpress\/ -->\n<title>E4E@mk (Projektphase zwei) - SVEB<\/title>\n<meta name=\"robots\" content=\"index, follow, max-snippet:-1, max-image-preview:large, max-video-preview:-1\" \/>\n<link rel=\"canonical\" href=\"https:\/\/alice.ch\/de\/project\/e4emk-projektphase-zwei\/\" \/>\n<meta property=\"og:locale\" content=\"de_DE\" \/>\n<meta property=\"og:type\" content=\"article\" \/>\n<meta property=\"og:title\" content=\"E4E@mk (Projektphase zwei) - SVEB\" \/>\n<meta property=\"og:description\" content=\"Education for Employment in North Macedonia Kurzbeschreibung Das von Helvetas geleitete und von der&nbsp;Direktion f\u00fcr Entwicklung und Zusammenarbeit (DEZA) finanzierte [&hellip;]\" \/>\n<meta property=\"og:url\" content=\"https:\/\/alice.ch\/de\/project\/e4emk-projektphase-zwei\/\" \/>\n<meta property=\"og:site_name\" content=\"SVEB\" \/>\n<meta property=\"article:modified_time\" content=\"2024-11-19T10:33:39+00:00\" \/>\n<meta property=\"og:image\" content=\"https:\/\/alice.ch\/app\/uploads\/2023\/04\/logo-e4e.png\" \/>\n\t<meta property=\"og:image:width\" content=\"1200\" \/>\n\t<meta property=\"og:image:height\" content=\"627\" \/>\n\t<meta property=\"og:image:type\" content=\"image\/png\" \/>\n<meta name=\"twitter:card\" content=\"summary_large_image\" \/>\n<meta name=\"twitter:label1\" content=\"Gesch\u00e4tzte Lesezeit\" \/>\n\t<meta name=\"twitter:data1\" content=\"1\u00a0Minute\" \/>\n<script type=\"application\/ld+json\" class=\"yoast-schema-graph\">{\"@context\":\"https:\\\/\\\/schema.org\",\"@graph\":[{\"@type\":\"WebPage\",\"@id\":\"https:\\\/\\\/alice.ch\\\/de\\\/project\\\/e4emk-projektphase-zwei\\\/\",\"url\":\"https:\\\/\\\/alice.ch\\\/de\\\/project\\\/e4emk-projektphase-zwei\\\/\",\"name\":\"E4E@mk (Projektphase zwei) - SVEB\",\"isPartOf\":{\"@id\":\"https:\\\/\\\/alice.ch\\\/de\\\/#website\"},\"primaryImageOfPage\":{\"@id\":\"https:\\\/\\\/alice.ch\\\/de\\\/project\\\/e4emk-projektphase-zwei\\\/#primaryimage\"},\"image\":{\"@id\":\"https:\\\/\\\/alice.ch\\\/de\\\/project\\\/e4emk-projektphase-zwei\\\/#primaryimage\"},\"thumbnailUrl\":\"https:\\\/\\\/alice.ch\\\/app\\\/uploads\\\/2023\\\/04\\\/logo-e4e.png\",\"datePublished\":\"2023-04-28T11:22:28+00:00\",\"dateModified\":\"2024-11-19T10:33:39+00:00\",\"breadcrumb\":{\"@id\":\"https:\\\/\\\/alice.ch\\\/de\\\/project\\\/e4emk-projektphase-zwei\\\/#breadcrumb\"},\"inLanguage\":\"de\",\"potentialAction\":[{\"@type\":\"ReadAction\",\"target\":[\"https:\\\/\\\/alice.ch\\\/de\\\/project\\\/e4emk-projektphase-zwei\\\/\"]}]},{\"@type\":\"ImageObject\",\"inLanguage\":\"de\",\"@id\":\"https:\\\/\\\/alice.ch\\\/de\\\/project\\\/e4emk-projektphase-zwei\\\/#primaryimage\",\"url\":\"https:\\\/\\\/alice.ch\\\/app\\\/uploads\\\/2023\\\/04\\\/logo-e4e.png\",\"contentUrl\":\"https:\\\/\\\/alice.ch\\\/app\\\/uploads\\\/2023\\\/04\\\/logo-e4e.png\",\"width\":1200,\"height\":627},{\"@type\":\"BreadcrumbList\",\"@id\":\"https:\\\/\\\/alice.ch\\\/de\\\/project\\\/e4emk-projektphase-zwei\\\/#breadcrumb\",\"itemListElement\":[{\"@type\":\"ListItem\",\"position\":1,\"name\":\"Startseite\",\"item\":\"https:\\\/\\\/alice.ch\\\/de\\\/\"},{\"@type\":\"ListItem\",\"position\":2,\"name\":\"Projekte\",\"item\":\"https:\\\/\\\/alice.ch\\\/de\\\/project\\\/\"},{\"@type\":\"ListItem\",\"position\":3,\"name\":\"E4E@mk (Projektphase zwei)\"}]},{\"@type\":\"WebSite\",\"@id\":\"https:\\\/\\\/alice.ch\\\/de\\\/#website\",\"url\":\"https:\\\/\\\/alice.ch\\\/de\\\/\",\"name\":\"alice.ch (Adult Learning Information Center) ist das Portal der Weiterbildung in der Schweiz.\",\"description\":\"Schweizerischer Verband f\u00fcr Weiterbildung\",\"publisher\":{\"@id\":\"https:\\\/\\\/alice.ch\\\/de\\\/#organization\"},\"potentialAction\":[{\"@type\":\"SearchAction\",\"target\":{\"@type\":\"EntryPoint\",\"urlTemplate\":\"https:\\\/\\\/alice.ch\\\/de\\\/?s={search_term_string}\"},\"query-input\":{\"@type\":\"PropertyValueSpecification\",\"valueRequired\":true,\"valueName\":\"search_term_string\"}}],\"inLanguage\":\"de\"},{\"@type\":\"Organization\",\"@id\":\"https:\\\/\\\/alice.ch\\\/de\\\/#organization\",\"name\":\"SVEB Schweizerischer Verband f\u00fcr Weiterbildung\",\"url\":\"https:\\\/\\\/alice.ch\\\/de\\\/\",\"logo\":{\"@type\":\"ImageObject\",\"inLanguage\":\"de\",\"@id\":\"https:\\\/\\\/alice.ch\\\/de\\\/#\\\/schema\\\/logo\\\/image\\\/\",\"url\":\"https:\\\/\\\/alice.ch\\\/app\\\/uploads\\\/2022\\\/07\\\/logo-sveb.png\",\"contentUrl\":\"https:\\\/\\\/alice.ch\\\/app\\\/uploads\\\/2022\\\/07\\\/logo-sveb.png\",\"width\":145,\"height\":64,\"caption\":\"SVEB Schweizerischer Verband f\u00fcr Weiterbildung\"},\"image\":{\"@id\":\"https:\\\/\\\/alice.ch\\\/de\\\/#\\\/schema\\\/logo\\\/image\\\/\"},\"sameAs\":[\"https:\\\/\\\/www.linkedin.com\\\/company\\\/schweizerischer-verband-fr-weiterbildung-sveb\\\/\"]}]}<\/script>\n<!-- \/ Yoast SEO plugin. -->","yoast_head_json":{"title":"E4E@mk (Projektphase zwei) - SVEB","robots":{"index":"index","follow":"follow","max-snippet":"max-snippet:-1","max-image-preview":"max-image-preview:large","max-video-preview":"max-video-preview:-1"},"canonical":"https:\/\/alice.ch\/de\/project\/e4emk-projektphase-zwei\/","og_locale":"de_DE","og_type":"article","og_title":"E4E@mk (Projektphase zwei) - SVEB","og_description":"Education for Employment in North Macedonia Kurzbeschreibung Das von Helvetas geleitete und von der&nbsp;Direktion f\u00fcr Entwicklung und Zusammenarbeit (DEZA) finanzierte [&hellip;]","og_url":"https:\/\/alice.ch\/de\/project\/e4emk-projektphase-zwei\/","og_site_name":"SVEB","article_modified_time":"2024-11-19T10:33:39+00:00","og_image":[{"width":1200,"height":627,"url":"https:\/\/alice.ch\/app\/uploads\/2023\/04\/logo-e4e.png","type":"image\/png"}],"twitter_card":"summary_large_image","twitter_misc":{"Gesch\u00e4tzte Lesezeit":"1\u00a0Minute"},"schema":{"@context":"https:\/\/schema.org","@graph":[{"@type":"WebPage","@id":"https:\/\/alice.ch\/de\/project\/e4emk-projektphase-zwei\/","url":"https:\/\/alice.ch\/de\/project\/e4emk-projektphase-zwei\/","name":"E4E@mk (Projektphase zwei) - SVEB","isPartOf":{"@id":"https:\/\/alice.ch\/de\/#website"},"primaryImageOfPage":{"@id":"https:\/\/alice.ch\/de\/project\/e4emk-projektphase-zwei\/#primaryimage"},"image":{"@id":"https:\/\/alice.ch\/de\/project\/e4emk-projektphase-zwei\/#primaryimage"},"thumbnailUrl":"https:\/\/alice.ch\/app\/uploads\/2023\/04\/logo-e4e.png","datePublished":"2023-04-28T11:22:28+00:00","dateModified":"2024-11-19T10:33:39+00:00","breadcrumb":{"@id":"https:\/\/alice.ch\/de\/project\/e4emk-projektphase-zwei\/#breadcrumb"},"inLanguage":"de","potentialAction":[{"@type":"ReadAction","target":["https:\/\/alice.ch\/de\/project\/e4emk-projektphase-zwei\/"]}]},{"@type":"ImageObject","inLanguage":"de","@id":"https:\/\/alice.ch\/de\/project\/e4emk-projektphase-zwei\/#primaryimage","url":"https:\/\/alice.ch\/app\/uploads\/2023\/04\/logo-e4e.png","contentUrl":"https:\/\/alice.ch\/app\/uploads\/2023\/04\/logo-e4e.png","width":1200,"height":627},{"@type":"BreadcrumbList","@id":"https:\/\/alice.ch\/de\/project\/e4emk-projektphase-zwei\/#breadcrumb","itemListElement":[{"@type":"ListItem","position":1,"name":"Startseite","item":"https:\/\/alice.ch\/de\/"},{"@type":"ListItem","position":2,"name":"Projekte","item":"https:\/\/alice.ch\/de\/project\/"},{"@type":"ListItem","position":3,"name":"E4E@mk (Projektphase zwei)"}]},{"@type":"WebSite","@id":"https:\/\/alice.ch\/de\/#website","url":"https:\/\/alice.ch\/de\/","name":"alice.ch (Adult Learning Information Center) ist das Portal der Weiterbildung in der Schweiz.","description":"Schweizerischer Verband f\u00fcr Weiterbildung","publisher":{"@id":"https:\/\/alice.ch\/de\/#organization"},"potentialAction":[{"@type":"SearchAction","target":{"@type":"EntryPoint","urlTemplate":"https:\/\/alice.ch\/de\/?s={search_term_string}"},"query-input":{"@type":"PropertyValueSpecification","valueRequired":true,"valueName":"search_term_string"}}],"inLanguage":"de"},{"@type":"Organization","@id":"https:\/\/alice.ch\/de\/#organization","name":"SVEB Schweizerischer Verband f\u00fcr Weiterbildung","url":"https:\/\/alice.ch\/de\/","logo":{"@type":"ImageObject","inLanguage":"de","@id":"https:\/\/alice.ch\/de\/#\/schema\/logo\/image\/","url":"https:\/\/alice.ch\/app\/uploads\/2022\/07\/logo-sveb.png","contentUrl":"https:\/\/alice.ch\/app\/uploads\/2022\/07\/logo-sveb.png","width":145,"height":64,"caption":"SVEB Schweizerischer Verband f\u00fcr Weiterbildung"},"image":{"@id":"https:\/\/alice.ch\/de\/#\/schema\/logo\/image\/"},"sameAs":["https:\/\/www.linkedin.com\/company\/schweizerischer-verband-fr-weiterbildung-sveb\/"]}]}},"_links":{"self":[{"href":"https:\/\/alice.ch\/de\/wp-json\/wp\/v2\/project\/49058","targetHints":{"allow":["GET"]}}],"collection":[{"href":"https:\/\/alice.ch\/de\/wp-json\/wp\/v2\/project"}],"about":[{"href":"https:\/\/alice.ch\/de\/wp-json\/wp\/v2\/types\/project"}],"version-history":[{"count":17,"href":"https:\/\/alice.ch\/de\/wp-json\/wp\/v2\/project\/49058\/revisions"}],"predecessor-version":[{"id":63929,"href":"https:\/\/alice.ch\/de\/wp-json\/wp\/v2\/project\/49058\/revisions\/63929"}],"wp:featuredmedia":[{"embeddable":true,"href":"https:\/\/alice.ch\/de\/wp-json\/wp\/v2\/media\/49082"}],"wp:attachment":[{"href":"https:\/\/alice.ch\/de\/wp-json\/wp\/v2\/media?parent=49058"}],"wp:term":[{"taxonomy":"project-category","embeddable":true,"href":"https:\/\/alice.ch\/de\/wp-json\/wp\/v2\/project-category?post=49058"},{"taxonomy":"project-tag","embeddable":true,"href":"https:\/\/alice.ch\/de\/wp-json\/wp\/v2\/project-tag?post=49058"},{"taxonomy":"project-region","embeddable":true,"href":"https:\/\/alice.ch\/de\/wp-json\/wp\/v2\/project-region?post=49058"},{"taxonomy":"global-category","embeddable":true,"href":"https:\/\/alice.ch\/de\/wp-json\/wp\/v2\/global-category?post=49058"}],"curies":[{"name":"wp","href":"https:\/\/api.w.org\/{rel}","templated":true}]}}