{"id":51581,"date":"2023-06-07T09:08:18","date_gmt":"2023-06-07T07:08:18","guid":{"rendered":"https:\/\/alice.ch\/?post_type=project&#038;p=51581"},"modified":"2024-11-19T11:38:50","modified_gmt":"2024-11-19T10:38:50","slug":"projekt-in-kirgistan","status":"publish","type":"project","link":"https:\/\/alice.ch\/de\/project\/projekt-in-kirgistan\/","title":{"rendered":"Projekt in Kirgistan"},"content":{"rendered":"\n<div class=\"wp-block-group is-layout-flow wp-block-group-is-layout-flow\">\n<div class=\"wp-block-group is-style-reduced-width is-layout-flow wp-block-group-is-layout-flow\">\n<div class=\"wp-block-group is-style-default is-layout-flow wp-block-group-is-layout-flow\">\n<p class=\"is-style-lead\">F\u00f6rderung der Aus- und Weiterbildung der erwerbsf\u00e4higen Bev\u00f6lkerung<\/p>\n\n\n\n<h2 class=\"wp-block-heading\">Kurzbeschreibung<\/h2>\n\n\n\n<p>Die Entwicklungsorganisation Helvetas f\u00fchrt in Kirgistan ein Projekt zur F\u00f6rderung der Arbeitsmarktf\u00e4higkeit der kirgisischen Bev\u00f6lkerung durch. Im Fokus des Projektes stehen Jugendliche, insbesondere junge Frauen. Das Ziel des Projektes ist es, Aus- und Weiterbildungsmassnahmen zu etablieren, die den Bed\u00fcrfnissen des Arbeitsmarktes entsprechen. Damit soll die Besch\u00e4ftigungssituation in Kirgistan verbessert werden.<\/p>\n\n\n\n<p>Der SVEB unterst\u00fctzt das Projekt mit seiner langj\u00e4hrigen Erfahrung in der Implementierung von Bildungsmassnahmen f\u00fcr Erwachsene.<\/p>\n\n\n\n<h2 class=\"wp-block-heading\">Ziele<\/h2>\n\n\n\n<ul class=\"wp-block-list\">\n<li>Implementierung von Aus- und Weiterbildungen f\u00fcr (junge) Erwachsene; F\u00f6rderung der Arbeitsmarktf\u00e4higkeit der Zielgruppe<\/li>\n\n\n\n<li>Verbesserung der Besch\u00e4ftigungssituation der Zielgruppe<\/li>\n\n\n\n<li>St\u00e4rkung der Weiterbildungsanbieter und Verbesserung der Qualit\u00e4t ihrer Dienstleistungen<\/li>\n<\/ul>\n<\/div>\n\n\n\n<div class=\"wp-block-columns is-layout-flex wp-container-core-columns-is-layout-28f84493 wp-block-columns-is-layout-flex\">\n<div class=\"wp-block-column is-layout-flow wp-block-column-is-layout-flow\">\n<h2 class=\"wp-block-heading\">Eckdaten zum Projekt<\/h2>\n\n\n\n<p><strong>Projektart:<\/strong> Internationales Projekt<\/p>\n\n\n\n<p><strong>Projektlaufzeit:<\/strong> 2023\u20132027<\/p>\n\n\n\n<p>Partnerorganisationen:<\/p>\n\n\n\n<ul class=\"wp-block-list\">\n<li>HELVETAS<\/li>\n<\/ul>\n<\/div>\n\n\n\n<div class=\"wp-block-column is-layout-flow wp-block-column-is-layout-flow\">\n<h2 class=\"wp-block-heading\">News aus dem Projekt<\/h2>\n\n\n\n<div class=\"wp-block-columns is-layout-flex wp-container-core-columns-is-layout-28f84493 wp-block-columns-is-layout-flex\">\n<div class=\"wp-block-column is-layout-flow wp-block-column-is-layout-flow\" style=\"flex-basis:100%\">\n<div class=\"wp-block-group is-layout-constrained wp-block-group-is-layout-constrained\">\n<div class=\"wp-block-buttons is-layout-flex wp-block-buttons-is-layout-flex\">\n<div class=\"wp-block-button has-custom-width wp-block-button__width-100 is-style-outline is-style-outline--1\"><a class=\"wp-block-button__link wp-element-button\" href=\"https:\/\/alice.ch\/de\/news\/sveb-unterstuetzt-neues-helvetas-projekt-in-kirgistan\/\">Projekt-News: SVEB unterst\u00fctzt neues Helvetas-Projekt in Kirgistan<\/a><\/div>\n<\/div>\n<\/div>\n<\/div>\n<\/div>\n<\/div>\n<\/div>\n\n\n\n<p><strong>Finanzierung:<\/strong>&nbsp;<a href=\"https:\/\/www.movetia.ch\/\" target=\"_blank\" rel=\"noreferrer noopener\"><\/a><a href=\"https:\/\/www.eda.admin.ch\/deza\/de\/home.html\" target=\"_blank\" rel=\"noreferrer noopener\">DEZA<\/a><\/p>\n\n\n\n<div class=\"wp-block-group is-style-default is-layout-flow wp-block-group-is-layout-flow\">\n<h2 class=\"wp-block-heading\">Kontakt<\/h2>\n\n\n\n<div class=\"wp-block-columns is-layout-flex wp-container-core-columns-is-layout-28f84493 wp-block-columns-is-layout-flex\">\n<div class=\"wp-block-column is-layout-flow wp-block-column-is-layout-flow\" style=\"flex-basis:50%\"><div class=\"contact-persons\">\n\n\t\t\t\t\t<div class=\"contact-person\">\n\t\t\t\t\tMarianne M\u00fcller<br \/>\t\t\t\t\tProjektleiterin Forschung und Internationales<br \/>\t\t\t\t\t<br \/>\n\t\t\t\t\t\t\t\t\t\t<a href=\"tel:+41 (0)44 319 71 67\">+41 (0)44 319 71 67<\/a><br \/>\t\t\t\t\t<a href=\"mailto:marianne.mueller@alice.ch\">marianne.mueller@alice.ch<\/a><br \/>\t\t\t\t\t<\/div>\n\t\t\t\t\t<\/div>\n<\/div>\n\n\n\n<div class=\"wp-block-column is-layout-flow wp-block-column-is-layout-flow\" style=\"flex-basis:50%\"><\/div>\n<\/div>\n<\/div>\n<\/div>\n<\/div>\n\n\n\n<p><\/p>\n","protected":false},"featured_media":50151,"template":"","meta":{"_acf_changed":false,"inline_featured_image":false,"footnotes":""},"project-category":[64],"project-tag":[],"project-region":[220],"global-category":[],"class_list":["post-51581","project","type-project","status-publish","has-post-thumbnail","hentry","project-category-chancengleichheit","project-region-international"],"acf":[],"yoast_head":"<!-- This site is optimized with the Yoast SEO plugin v27.3 - https:\/\/yoast.com\/product\/yoast-seo-wordpress\/ -->\n<title>Projekt in Kirgistan - SVEB<\/title>\n<meta name=\"description\" content=\"Im Projekt mit Helvetas sollen Aus- und Weiterbildungsmassnahmen etabliert werden, die den Bed\u00fcrfnissen des Arbeitsmarktes entsprechen.\" \/>\n<meta name=\"robots\" content=\"index, follow, max-snippet:-1, max-image-preview:large, max-video-preview:-1\" \/>\n<link rel=\"canonical\" href=\"https:\/\/alice.ch\/de\/project\/projekt-in-kirgistan\/\" \/>\n<meta property=\"og:locale\" content=\"de_DE\" \/>\n<meta property=\"og:type\" content=\"article\" \/>\n<meta property=\"og:title\" content=\"Projekt in Kirgistan - SVEB\" \/>\n<meta property=\"og:description\" content=\"Im Projekt mit Helvetas sollen Aus- und Weiterbildungsmassnahmen etabliert werden, die den Bed\u00fcrfnissen des Arbeitsmarktes entsprechen.\" \/>\n<meta property=\"og:url\" content=\"https:\/\/alice.ch\/de\/project\/projekt-in-kirgistan\/\" \/>\n<meta property=\"og:site_name\" content=\"SVEB\" \/>\n<meta property=\"article:modified_time\" content=\"2024-11-19T10:38:50+00:00\" \/>\n<meta property=\"og:image\" content=\"https:\/\/alice.ch\/app\/uploads\/2023\/05\/kirgistan.jpg\" \/>\n\t<meta property=\"og:image:width\" content=\"1200\" \/>\n\t<meta property=\"og:image:height\" content=\"627\" \/>\n\t<meta property=\"og:image:type\" content=\"image\/jpeg\" \/>\n<meta name=\"twitter:card\" content=\"summary_large_image\" \/>\n<meta name=\"twitter:label1\" content=\"Gesch\u00e4tzte Lesezeit\" \/>\n\t<meta name=\"twitter:data1\" content=\"3\u00a0Minuten\" \/>\n<script type=\"application\/ld+json\" class=\"yoast-schema-graph\">{\"@context\":\"https:\\\/\\\/schema.org\",\"@graph\":[{\"@type\":\"WebPage\",\"@id\":\"https:\\\/\\\/alice.ch\\\/de\\\/project\\\/projekt-in-kirgistan\\\/\",\"url\":\"https:\\\/\\\/alice.ch\\\/de\\\/project\\\/projekt-in-kirgistan\\\/\",\"name\":\"Projekt in Kirgistan - SVEB\",\"isPartOf\":{\"@id\":\"https:\\\/\\\/alice.ch\\\/de\\\/#website\"},\"primaryImageOfPage\":{\"@id\":\"https:\\\/\\\/alice.ch\\\/de\\\/project\\\/projekt-in-kirgistan\\\/#primaryimage\"},\"image\":{\"@id\":\"https:\\\/\\\/alice.ch\\\/de\\\/project\\\/projekt-in-kirgistan\\\/#primaryimage\"},\"thumbnailUrl\":\"https:\\\/\\\/alice.ch\\\/app\\\/uploads\\\/2023\\\/05\\\/kirgistan.jpg\",\"datePublished\":\"2023-06-07T07:08:18+00:00\",\"dateModified\":\"2024-11-19T10:38:50+00:00\",\"description\":\"Im Projekt mit Helvetas sollen Aus- und Weiterbildungsmassnahmen etabliert werden, die den Bed\u00fcrfnissen des Arbeitsmarktes entsprechen.\",\"breadcrumb\":{\"@id\":\"https:\\\/\\\/alice.ch\\\/de\\\/project\\\/projekt-in-kirgistan\\\/#breadcrumb\"},\"inLanguage\":\"de\",\"potentialAction\":[{\"@type\":\"ReadAction\",\"target\":[\"https:\\\/\\\/alice.ch\\\/de\\\/project\\\/projekt-in-kirgistan\\\/\"]}]},{\"@type\":\"ImageObject\",\"inLanguage\":\"de\",\"@id\":\"https:\\\/\\\/alice.ch\\\/de\\\/project\\\/projekt-in-kirgistan\\\/#primaryimage\",\"url\":\"https:\\\/\\\/alice.ch\\\/app\\\/uploads\\\/2023\\\/05\\\/kirgistan.jpg\",\"contentUrl\":\"https:\\\/\\\/alice.ch\\\/app\\\/uploads\\\/2023\\\/05\\\/kirgistan.jpg\",\"width\":1200,\"height\":627},{\"@type\":\"BreadcrumbList\",\"@id\":\"https:\\\/\\\/alice.ch\\\/de\\\/project\\\/projekt-in-kirgistan\\\/#breadcrumb\",\"itemListElement\":[{\"@type\":\"ListItem\",\"position\":1,\"name\":\"Startseite\",\"item\":\"https:\\\/\\\/alice.ch\\\/de\\\/\"},{\"@type\":\"ListItem\",\"position\":2,\"name\":\"Projekte\",\"item\":\"https:\\\/\\\/alice.ch\\\/de\\\/project\\\/\"},{\"@type\":\"ListItem\",\"position\":3,\"name\":\"Projekt in Kirgistan\"}]},{\"@type\":\"WebSite\",\"@id\":\"https:\\\/\\\/alice.ch\\\/de\\\/#website\",\"url\":\"https:\\\/\\\/alice.ch\\\/de\\\/\",\"name\":\"alice.ch (Adult Learning Information Center) ist das Portal der Weiterbildung in der Schweiz.\",\"description\":\"Schweizerischer Verband f\u00fcr Weiterbildung\",\"publisher\":{\"@id\":\"https:\\\/\\\/alice.ch\\\/de\\\/#organization\"},\"potentialAction\":[{\"@type\":\"SearchAction\",\"target\":{\"@type\":\"EntryPoint\",\"urlTemplate\":\"https:\\\/\\\/alice.ch\\\/de\\\/?s={search_term_string}\"},\"query-input\":{\"@type\":\"PropertyValueSpecification\",\"valueRequired\":true,\"valueName\":\"search_term_string\"}}],\"inLanguage\":\"de\"},{\"@type\":\"Organization\",\"@id\":\"https:\\\/\\\/alice.ch\\\/de\\\/#organization\",\"name\":\"SVEB Schweizerischer Verband f\u00fcr Weiterbildung\",\"url\":\"https:\\\/\\\/alice.ch\\\/de\\\/\",\"logo\":{\"@type\":\"ImageObject\",\"inLanguage\":\"de\",\"@id\":\"https:\\\/\\\/alice.ch\\\/de\\\/#\\\/schema\\\/logo\\\/image\\\/\",\"url\":\"https:\\\/\\\/alice.ch\\\/app\\\/uploads\\\/2022\\\/07\\\/logo-sveb.png\",\"contentUrl\":\"https:\\\/\\\/alice.ch\\\/app\\\/uploads\\\/2022\\\/07\\\/logo-sveb.png\",\"width\":145,\"height\":64,\"caption\":\"SVEB Schweizerischer Verband f\u00fcr Weiterbildung\"},\"image\":{\"@id\":\"https:\\\/\\\/alice.ch\\\/de\\\/#\\\/schema\\\/logo\\\/image\\\/\"},\"sameAs\":[\"https:\\\/\\\/www.linkedin.com\\\/company\\\/schweizerischer-verband-fr-weiterbildung-sveb\\\/\"]}]}<\/script>\n<!-- \/ Yoast SEO plugin. -->","yoast_head_json":{"title":"Projekt in Kirgistan - SVEB","description":"Im Projekt mit Helvetas sollen Aus- und Weiterbildungsmassnahmen etabliert werden, die den Bed\u00fcrfnissen des Arbeitsmarktes entsprechen.","robots":{"index":"index","follow":"follow","max-snippet":"max-snippet:-1","max-image-preview":"max-image-preview:large","max-video-preview":"max-video-preview:-1"},"canonical":"https:\/\/alice.ch\/de\/project\/projekt-in-kirgistan\/","og_locale":"de_DE","og_type":"article","og_title":"Projekt in Kirgistan - SVEB","og_description":"Im Projekt mit Helvetas sollen Aus- und Weiterbildungsmassnahmen etabliert werden, die den Bed\u00fcrfnissen des Arbeitsmarktes entsprechen.","og_url":"https:\/\/alice.ch\/de\/project\/projekt-in-kirgistan\/","og_site_name":"SVEB","article_modified_time":"2024-11-19T10:38:50+00:00","og_image":[{"width":1200,"height":627,"url":"https:\/\/alice.ch\/app\/uploads\/2023\/05\/kirgistan.jpg","type":"image\/jpeg"}],"twitter_card":"summary_large_image","twitter_misc":{"Gesch\u00e4tzte Lesezeit":"3\u00a0Minuten"},"schema":{"@context":"https:\/\/schema.org","@graph":[{"@type":"WebPage","@id":"https:\/\/alice.ch\/de\/project\/projekt-in-kirgistan\/","url":"https:\/\/alice.ch\/de\/project\/projekt-in-kirgistan\/","name":"Projekt in Kirgistan - SVEB","isPartOf":{"@id":"https:\/\/alice.ch\/de\/#website"},"primaryImageOfPage":{"@id":"https:\/\/alice.ch\/de\/project\/projekt-in-kirgistan\/#primaryimage"},"image":{"@id":"https:\/\/alice.ch\/de\/project\/projekt-in-kirgistan\/#primaryimage"},"thumbnailUrl":"https:\/\/alice.ch\/app\/uploads\/2023\/05\/kirgistan.jpg","datePublished":"2023-06-07T07:08:18+00:00","dateModified":"2024-11-19T10:38:50+00:00","description":"Im Projekt mit Helvetas sollen Aus- und Weiterbildungsmassnahmen etabliert werden, die den Bed\u00fcrfnissen des Arbeitsmarktes entsprechen.","breadcrumb":{"@id":"https:\/\/alice.ch\/de\/project\/projekt-in-kirgistan\/#breadcrumb"},"inLanguage":"de","potentialAction":[{"@type":"ReadAction","target":["https:\/\/alice.ch\/de\/project\/projekt-in-kirgistan\/"]}]},{"@type":"ImageObject","inLanguage":"de","@id":"https:\/\/alice.ch\/de\/project\/projekt-in-kirgistan\/#primaryimage","url":"https:\/\/alice.ch\/app\/uploads\/2023\/05\/kirgistan.jpg","contentUrl":"https:\/\/alice.ch\/app\/uploads\/2023\/05\/kirgistan.jpg","width":1200,"height":627},{"@type":"BreadcrumbList","@id":"https:\/\/alice.ch\/de\/project\/projekt-in-kirgistan\/#breadcrumb","itemListElement":[{"@type":"ListItem","position":1,"name":"Startseite","item":"https:\/\/alice.ch\/de\/"},{"@type":"ListItem","position":2,"name":"Projekte","item":"https:\/\/alice.ch\/de\/project\/"},{"@type":"ListItem","position":3,"name":"Projekt in Kirgistan"}]},{"@type":"WebSite","@id":"https:\/\/alice.ch\/de\/#website","url":"https:\/\/alice.ch\/de\/","name":"alice.ch (Adult Learning Information Center) ist das Portal der Weiterbildung in der Schweiz.","description":"Schweizerischer Verband f\u00fcr Weiterbildung","publisher":{"@id":"https:\/\/alice.ch\/de\/#organization"},"potentialAction":[{"@type":"SearchAction","target":{"@type":"EntryPoint","urlTemplate":"https:\/\/alice.ch\/de\/?s={search_term_string}"},"query-input":{"@type":"PropertyValueSpecification","valueRequired":true,"valueName":"search_term_string"}}],"inLanguage":"de"},{"@type":"Organization","@id":"https:\/\/alice.ch\/de\/#organization","name":"SVEB Schweizerischer Verband f\u00fcr Weiterbildung","url":"https:\/\/alice.ch\/de\/","logo":{"@type":"ImageObject","inLanguage":"de","@id":"https:\/\/alice.ch\/de\/#\/schema\/logo\/image\/","url":"https:\/\/alice.ch\/app\/uploads\/2022\/07\/logo-sveb.png","contentUrl":"https:\/\/alice.ch\/app\/uploads\/2022\/07\/logo-sveb.png","width":145,"height":64,"caption":"SVEB Schweizerischer Verband f\u00fcr Weiterbildung"},"image":{"@id":"https:\/\/alice.ch\/de\/#\/schema\/logo\/image\/"},"sameAs":["https:\/\/www.linkedin.com\/company\/schweizerischer-verband-fr-weiterbildung-sveb\/"]}]}},"_links":{"self":[{"href":"https:\/\/alice.ch\/de\/wp-json\/wp\/v2\/project\/51581","targetHints":{"allow":["GET"]}}],"collection":[{"href":"https:\/\/alice.ch\/de\/wp-json\/wp\/v2\/project"}],"about":[{"href":"https:\/\/alice.ch\/de\/wp-json\/wp\/v2\/types\/project"}],"version-history":[{"count":25,"href":"https:\/\/alice.ch\/de\/wp-json\/wp\/v2\/project\/51581\/revisions"}],"predecessor-version":[{"id":63930,"href":"https:\/\/alice.ch\/de\/wp-json\/wp\/v2\/project\/51581\/revisions\/63930"}],"wp:featuredmedia":[{"embeddable":true,"href":"https:\/\/alice.ch\/de\/wp-json\/wp\/v2\/media\/50151"}],"wp:attachment":[{"href":"https:\/\/alice.ch\/de\/wp-json\/wp\/v2\/media?parent=51581"}],"wp:term":[{"taxonomy":"project-category","embeddable":true,"href":"https:\/\/alice.ch\/de\/wp-json\/wp\/v2\/project-category?post=51581"},{"taxonomy":"project-tag","embeddable":true,"href":"https:\/\/alice.ch\/de\/wp-json\/wp\/v2\/project-tag?post=51581"},{"taxonomy":"project-region","embeddable":true,"href":"https:\/\/alice.ch\/de\/wp-json\/wp\/v2\/project-region?post=51581"},{"taxonomy":"global-category","embeddable":true,"href":"https:\/\/alice.ch\/de\/wp-json\/wp\/v2\/global-category?post=51581"}],"curies":[{"name":"wp","href":"https:\/\/api.w.org\/{rel}","templated":true}]}}