{"id":53495,"date":"2023-09-04T08:51:30","date_gmt":"2023-09-04T06:51:30","guid":{"rendered":"https:\/\/alice.ch\/?post_type=project&#038;p=53495"},"modified":"2026-04-29T17:18:43","modified_gmt":"2026-04-29T15:18:43","slug":"klima-check","status":"publish","type":"project","link":"https:\/\/alice.ch\/de\/project\/klima-check\/","title":{"rendered":"Klima-Check"},"content":{"rendered":"\n<div class=\"wp-block-group is-style-reduced-width is-layout-constrained wp-block-group-is-layout-constrained\">\n<p class=\"is-style-lead\">Analysetool f\u00fcr die nachhaltige Entwicklung von Weiterbildungseinrichtungen<\/p>\n\n\n\n<h2 class=\"wp-block-heading\">Kurzbeschreibung&nbsp;<\/h2>\n\n\n\n<p>Die Weiterbildung kann im Klimaschutz in zweifacher Hinsicht eine Rolle spielen:&nbsp; zum einen, indem Bildungseinrichtungen selbst umweltbewusster agieren \u2013 etwa durch energiesparende Geb\u00e4ude oder nachhaltige Mobilit\u00e4tsl\u00f6sungen. Zum anderen k\u00f6nnen sie durch die gezielte Sensibilisierung und der F\u00f6rderung von Kompetenzen und relevantem Wissen einen wichtigen Beitrag zum \u00f6kologischen Wandel leisten. Vor diesem Hintergrund hat der SVEB den Klima-Check entwickelt.<\/p>\n\n\n\n<h2 class=\"wp-block-heading\">Ziele: Klimafreundlichere Weiterbildungsinstitutionen<\/h2>\n\n\n\n<p>Der Klima-Check hat zum Ziel, Weiterbildungsinstitutionen bei der F\u00f6rderung der Klimafreundlichkeit in der eigenen Institution und in der Sensibilisierungsarbeit und der Vermittlung von Wissen und Kompetenzen zu unterst\u00fctzen.&nbsp;&nbsp;<\/p>\n\n\n\n<h2 class=\"wp-block-heading\">Ein Leitinstrument f\u00fcr Weiterbildungsinstitutionen<\/h2>\n\n\n\n<p>Der Klima-Check soll Weiterbildungsinstitutionen dazu motivieren, sich aktiv mit der Klimafreundlichkeit ihrer Organisation auseinanderzusetzen. Er unterst\u00fctzt sie dabei, eine fundierte Selbstevaluation durchzuf\u00fchren und darauf aufbauend gezielte, klimarelevante Massnahmen zu entwickeln und umzusetzen. <\/p>\n\n\n\n<p>Dabei soll die gesamte Organisation miteinbezogen werden.&nbsp; Denn f\u00fcr eine ganzheitliche Transformation einer Institution ist es zentral, dass alle Mitarbeitenden \u00fcber klimarelevanten Kompetenzen verf\u00fcgen und die Massnahmen mittragen.&nbsp;<\/p>\n\n\n\n<h2 class=\"wp-block-heading\">Der SVEB unterst\u00fctzt Weiterbildungsanbieter dabei, nachhaltiger zu werden&nbsp;<\/h2>\n\n\n\n<p>Ab 2026 bietet der SVEB gemeinsam mit myclimate ein neues Angebot bestehend aus drei Schritten:&nbsp;<\/p>\n\n\n\n<h4 class=\"wp-block-heading\">Schritt 1: Workshop-Nachmittag<\/h4>\n\n\n\n<p>In einem interaktiven Workshop-Nachmittag setzen sich interessierte Weiterbildungsinstitutionen mit dem Klima-Check auseinander und erarbeiten konkrete, praxistaugliche Massnahmen. Zudem erhalten sie fachliche Inputs zu relevanten Themen.&nbsp;<\/p>\n\n\n\n<h4 class=\"wp-block-heading\">Schritt 2: Umsetzungs- und Coaching-Phase<\/h4>\n\n\n\n<p>Anschliessend haben die Teilnehmenden rund drei Monate Zeit, die Massnahmen weiterzuentwickeln, zu erproben und umzusetzen &#8211; begleitet durch Unterst\u00fctzung und Beratung.<\/p>\n\n\n\n<h4 class=\"wp-block-heading\">Schritt 3: Online-Schlussanlass<\/h4>\n\n\n\n<p>Ein gemeinsamer Online-Schlussanlass erm\u00f6glicht Austausch und Reflexion und rundet das Angebot ab.<\/p>\n<\/div>\n\n\n\n<p><\/p>\n\n\n\n<div class=\"wp-block-buttons is-layout-flex wp-block-buttons-is-layout-flex\">\n<div class=\"wp-block-button is-style-outline is-style-outline--1\"><a class=\"wp-block-button__link wp-element-button\" href=\"https:\/\/alice.ch\/de\/event\/als-institution-klimafreundlicher-agieren\/\"><strong>Anmeldung<\/strong><\/a><\/div>\n<\/div>\n\n\n\n<div class=\"wp-block-group is-style-reduced-width is-layout-constrained wp-block-group-is-layout-constrained\">\n<h2 class=\"wp-block-heading\">News aus dem Projekt&nbsp;<\/h2>\n\n\n\n<div class=\"wp-block-query is-style-mobile-slider is-layout-flow wp-block-query-is-layout-flow\"><ul class=\"columns-3 wp-block-post-template is-layout-grid wp-container-core-post-template-is-layout-6d3fbd8f wp-block-post-template-is-layout-grid\"><li class=\"wp-block-post post-69003 news type-news status-publish has-post-thumbnail hentry news-category-nachhaltigkeit global-category-klima-check global-category-nachhaltigkeit-in-der-weiterbildung\">\n<figure class=\"wp-block-post-featured-image\"><a href=\"https:\/\/alice.ch\/de\/news\/klima-check-prueft-die-klimafreundlichkeit-von-weiterbildungsorganisationen\/\" target=\"_self\"  ><img decoding=\"async\" width=\"1200\" height=\"627\" src=\"https:\/\/alice.ch\/app\/uploads\/2023\/08\/lycs-architecture-U2BI3GMnSSE-unsplash-crop.png\" class=\"attachment-post-thumbnail size-post-thumbnail wp-post-image\" alt=\"Klima-Check pr\u00fcft die Klimafreundlichkeit von Weiterbildungsorganisationen\" style=\"object-fit:cover;\" srcset=\"https:\/\/alice.ch\/app\/uploads\/2023\/08\/lycs-architecture-U2BI3GMnSSE-unsplash-crop.png 1200w, https:\/\/alice.ch\/app\/uploads\/2023\/08\/lycs-architecture-U2BI3GMnSSE-unsplash-crop-300x157.png 300w, https:\/\/alice.ch\/app\/uploads\/2023\/08\/lycs-architecture-U2BI3GMnSSE-unsplash-crop-1024x535.png 1024w, https:\/\/alice.ch\/app\/uploads\/2023\/08\/lycs-architecture-U2BI3GMnSSE-unsplash-crop-768x401.png 768w\" sizes=\"(max-width: 1200px) 100vw, 1200px\" \/><\/a><\/figure>\n\n\n<div class=\"wp-block-news-category\">Nachhaltigkeit<\/div>\n\n\n<div class=\"wp-block-post-date\"><time datetime=\"2025-08-12T10:10:26+02:00\">12. August 2025<\/time><\/div>\n\n<h3 class=\"wp-block-post-title\"><a href=\"https:\/\/alice.ch\/de\/news\/klima-check-prueft-die-klimafreundlichkeit-von-weiterbildungsorganisationen\/\" target=\"_self\" >Klima-Check pr\u00fcft die Klimafreundlichkeit von Weiterbildungsorganisationen<\/a><\/h3>\n\n<a class=\"wp-block-query-loop-link is-style-minimal\" href=\"https:\/\/alice.ch\/de\/news\/klima-check-prueft-die-klimafreundlichkeit-von-weiterbildungsorganisationen\/\">Artikel lesen<\/a>\n\n<\/li><li class=\"wp-block-post post-59439 news type-news status-publish has-post-thumbnail hentry news-category-nachhaltigkeit global-category-klima-check global-category-nachhaltigkeit-in-der-weiterbildung\">\n<figure class=\"wp-block-post-featured-image\"><a href=\"https:\/\/alice.ch\/de\/news\/brainstorming-fuer-den-klima-check\/\" target=\"_self\"  ><img decoding=\"async\" width=\"1200\" height=\"627\" src=\"https:\/\/alice.ch\/app\/uploads\/2024\/04\/ming-labs-HmkNHtKVhXk-unsplash-crop.png\" class=\"attachment-post-thumbnail size-post-thumbnail wp-post-image\" alt=\"Brainstorming f\u00fcr den Klima-Check\" style=\"object-fit:cover;\" srcset=\"https:\/\/alice.ch\/app\/uploads\/2024\/04\/ming-labs-HmkNHtKVhXk-unsplash-crop.png 1200w, https:\/\/alice.ch\/app\/uploads\/2024\/04\/ming-labs-HmkNHtKVhXk-unsplash-crop-300x157.png 300w, https:\/\/alice.ch\/app\/uploads\/2024\/04\/ming-labs-HmkNHtKVhXk-unsplash-crop-1024x535.png 1024w, https:\/\/alice.ch\/app\/uploads\/2024\/04\/ming-labs-HmkNHtKVhXk-unsplash-crop-768x401.png 768w\" sizes=\"(max-width: 1200px) 100vw, 1200px\" \/><\/a><\/figure>\n\n\n<div class=\"wp-block-news-category\">Nachhaltigkeit<\/div>\n\n\n<div class=\"wp-block-post-date\"><time datetime=\"2024-04-22T15:24:53+02:00\">22. April 2024<\/time><\/div>\n\n<h3 class=\"wp-block-post-title\"><a href=\"https:\/\/alice.ch\/de\/news\/brainstorming-fuer-den-klima-check\/\" target=\"_self\" >Brainstorming f\u00fcr den Klima-Check<\/a><\/h3>\n\n<a class=\"wp-block-query-loop-link is-style-minimal\" href=\"https:\/\/alice.ch\/de\/news\/brainstorming-fuer-den-klima-check\/\">Artikel lesen<\/a>\n\n<\/li><li class=\"wp-block-post post-54539 news type-news status-publish has-post-thumbnail hentry news-category-nachhaltigkeit global-category-klima-check global-category-nachhaltigkeit-in-der-weiterbildung\">\n<figure class=\"wp-block-post-featured-image\"><a href=\"https:\/\/alice.ch\/de\/news\/nachhaltigkeit-liegt-in-der-dna-der-weiterbildung\/\" target=\"_self\"  ><img decoding=\"async\" width=\"1200\" height=\"627\" src=\"https:\/\/alice.ch\/app\/uploads\/2023\/09\/jonathan-kemper-4z3lnwEvZQw-unsplash-crop.png\" class=\"attachment-post-thumbnail size-post-thumbnail wp-post-image\" alt=\"Nachhaltigkeit liegt in der DNA der Weiterbildung\u00a0\" style=\"object-fit:cover;\" srcset=\"https:\/\/alice.ch\/app\/uploads\/2023\/09\/jonathan-kemper-4z3lnwEvZQw-unsplash-crop.png 1200w, https:\/\/alice.ch\/app\/uploads\/2023\/09\/jonathan-kemper-4z3lnwEvZQw-unsplash-crop-300x157.png 300w, https:\/\/alice.ch\/app\/uploads\/2023\/09\/jonathan-kemper-4z3lnwEvZQw-unsplash-crop-1024x535.png 1024w, https:\/\/alice.ch\/app\/uploads\/2023\/09\/jonathan-kemper-4z3lnwEvZQw-unsplash-crop-768x401.png 768w\" sizes=\"(max-width: 1200px) 100vw, 1200px\" \/><\/a><\/figure>\n\n\n<div class=\"wp-block-news-category\">Nachhaltigkeit<\/div>\n\n\n<div class=\"wp-block-post-date\"><time datetime=\"2023-09-29T11:47:58+02:00\">29. September 2023<\/time><\/div>\n\n<h3 class=\"wp-block-post-title\"><a href=\"https:\/\/alice.ch\/de\/news\/nachhaltigkeit-liegt-in-der-dna-der-weiterbildung\/\" target=\"_self\" >Nachhaltigkeit liegt in der DNA der Weiterbildung\u00a0<\/a><\/h3>\n\n<a class=\"wp-block-query-loop-link is-style-minimal\" href=\"https:\/\/alice.ch\/de\/news\/nachhaltigkeit-liegt-in-der-dna-der-weiterbildung\/\">Artikel lesen<\/a>\n\n<\/li><li class=\"wp-block-post post-53068 news type-news status-publish has-post-thumbnail hentry news-category-nachhaltigkeit global-category-klima-check global-category-nachhaltigkeit-in-der-weiterbildung\">\n<figure class=\"wp-block-post-featured-image\"><a href=\"https:\/\/alice.ch\/de\/news\/projektstart-klima-check-fuer-weiterbildungsanbieter\/\" target=\"_self\"  ><img decoding=\"async\" width=\"1200\" height=\"627\" src=\"https:\/\/alice.ch\/app\/uploads\/2023\/08\/lycs-architecture-U2BI3GMnSSE-unsplash-crop.png\" class=\"attachment-post-thumbnail size-post-thumbnail wp-post-image\" alt=\"Projektstart: Klima-Check f\u00fcr Weiterbildungsanbieter\" style=\"object-fit:cover;\" srcset=\"https:\/\/alice.ch\/app\/uploads\/2023\/08\/lycs-architecture-U2BI3GMnSSE-unsplash-crop.png 1200w, https:\/\/alice.ch\/app\/uploads\/2023\/08\/lycs-architecture-U2BI3GMnSSE-unsplash-crop-300x157.png 300w, https:\/\/alice.ch\/app\/uploads\/2023\/08\/lycs-architecture-U2BI3GMnSSE-unsplash-crop-1024x535.png 1024w, https:\/\/alice.ch\/app\/uploads\/2023\/08\/lycs-architecture-U2BI3GMnSSE-unsplash-crop-768x401.png 768w\" sizes=\"(max-width: 1200px) 100vw, 1200px\" \/><\/a><\/figure>\n\n\n<div class=\"wp-block-news-category\">Nachhaltigkeit<\/div>\n\n\n<div class=\"wp-block-post-date\"><time datetime=\"2023-09-04T08:48:29+02:00\">4. September 2023<\/time><\/div>\n\n<h3 class=\"wp-block-post-title\"><a href=\"https:\/\/alice.ch\/de\/news\/projektstart-klima-check-fuer-weiterbildungsanbieter\/\" target=\"_self\" >Projektstart: Klima-Check f\u00fcr Weiterbildungsanbieter<\/a><\/h3>\n\n<a class=\"wp-block-query-loop-link is-style-minimal\" href=\"https:\/\/alice.ch\/de\/news\/projektstart-klima-check-fuer-weiterbildungsanbieter\/\">Artikel lesen<\/a>\n\n<\/li><\/ul>\n\n\n\n<\/div>\n\n\n\n<div class=\"wp-block-columns is-layout-flex wp-container-core-columns-is-layout-28f84493 wp-block-columns-is-layout-flex\">\n<div class=\"wp-block-column is-layout-flow wp-block-column-is-layout-flow\">\n<h2 class=\"wp-block-heading\">Eckdaten zum Projekt&nbsp;<\/h2>\n\n\n\n<p>Projektart: Nationales Projekt&nbsp;<\/p>\n\n\n\n<p>Projektlaufzeit: 2023\u20132028&nbsp;<\/p>\n\n\n\n<p>Finanzierung: Bundesamt f\u00fcr Umwelt BAFU&nbsp;<\/p>\n<\/div>\n\n\n\n<div class=\"wp-block-column is-layout-flow wp-block-column-is-layout-flow\">\n<h2 class=\"wp-block-heading\">Dokumente und Publikationen<\/h2>\n\n\n\n<div class=\"wp-block-file\"><a id=\"wp-block-file--media-14f6072c-caa7-4b7a-82c8-e348a1aeb616\" href=\"https:\/\/alice.ch\/app\/uploads\/2025\/08\/sveb-klima-check-weiterbildungsinstitutionen-farbig.pdf\">Praxis-Tool: Klima-Check f\u00fcr Weiterbildungsinstitutionen<br \/>PDF &#8211; 308 KB<\/a><a href=\"https:\/\/alice.ch\/app\/uploads\/2025\/08\/sveb-klima-check-weiterbildungsinstitutionen-farbig.pdf\" class=\"wp-block-file__button wp-element-button\" download aria-describedby=\"wp-block-file--media-14f6072c-caa7-4b7a-82c8-e348a1aeb616\">Herunterladen<br \/>PDF &#8211; 308 KB<\/a><\/div>\n\n\n\n<div class=\"wp-block-file\"><a id=\"wp-block-file--media-b4cbc71b-9d20-4423-af74-b8749d653f1f\" href=\"https:\/\/alice.ch\/app\/uploads\/2025\/08\/sveb-klima-check-weiterbildungsinstitutionen.pdf\">Praxis-Tool: Klima-Check f\u00fcr Weiterbildungsinstitutionen zum Ausdrucken<br \/>PDF &#8211; 369 KB<\/a><a href=\"https:\/\/alice.ch\/app\/uploads\/2025\/08\/sveb-klima-check-weiterbildungsinstitutionen.pdf\" class=\"wp-block-file__button wp-element-button\" download aria-describedby=\"wp-block-file--media-b4cbc71b-9d20-4423-af74-b8749d653f1f\">Herunterladen<br \/>PDF &#8211; 369 KB<\/a><\/div>\n<\/div>\n<\/div>\n\n\n\n<h2 class=\"wp-block-heading\">Kontakt<\/h2>\n\n\n\n<div class=\"wp-block-columns is-layout-flex wp-container-core-columns-is-layout-28f84493 wp-block-columns-is-layout-flex\">\n<div class=\"wp-block-column is-layout-flow wp-block-column-is-layout-flow\" style=\"flex-basis:50%\"><div class=\"contact-persons\">\n\n\t\t\t\t\t<div class=\"contact-person\">\n\t\t\t\t\tMarianne M\u00fcller<br \/>\t\t\t\t\tProjektleiterin Forschung und Internationales<br \/>\t\t\t\t\t<br \/>\n\t\t\t\t\t\t\t\t\t\t<a href=\"tel:+41 (0)44 319 71 67\">+41 (0)44 319 71 67<\/a><br \/>\t\t\t\t\t<a href=\"mailto:marianne.mueller@alice.ch\">marianne.mueller@alice.ch<\/a><br \/>\t\t\t\t\t<\/div>\n\t\t\t\t\t<\/div>\n<\/div>\n\n\n\n<div class=\"wp-block-column is-layout-flow wp-block-column-is-layout-flow\" style=\"flex-basis:50%\"><\/div>\n<\/div>\n\n\n\n<p><\/p>\n<\/div>\n","protected":false},"featured_media":69983,"template":"","meta":{"_acf_changed":false,"inline_featured_image":false,"footnotes":""},"project-category":[324],"project-tag":[],"project-region":[216],"global-category":[448,48],"class_list":["post-53495","project","type-project","status-publish","has-post-thumbnail","hentry","project-category-nachhaltigkeit","project-region-ch","global-category-klima-check","global-category-schweizweite-projekte"],"acf":[],"yoast_head":"<!-- This site is optimized with the Yoast SEO plugin v27.3 - https:\/\/yoast.com\/product\/yoast-seo-wordpress\/ -->\n<title>Klima-Check - SVEB<\/title>\n<meta name=\"description\" content=\"Der Klima-Check ist ein Analysetool, das zur nachhaltigen Entwicklung einer Weiterbildungseinrichtung dient.\" \/>\n<meta name=\"robots\" content=\"index, follow, max-snippet:-1, max-image-preview:large, max-video-preview:-1\" \/>\n<link rel=\"canonical\" href=\"https:\/\/alice.ch\/de\/project\/klima-check\/\" \/>\n<meta property=\"og:locale\" content=\"de_DE\" \/>\n<meta property=\"og:type\" content=\"article\" \/>\n<meta property=\"og:title\" content=\"Klima-Check - SVEB\" \/>\n<meta property=\"og:description\" content=\"Der Klima-Check ist ein Analysetool, das zur nachhaltigen Entwicklung einer Weiterbildungseinrichtung dient.\" \/>\n<meta property=\"og:url\" content=\"https:\/\/alice.ch\/de\/project\/klima-check\/\" \/>\n<meta property=\"og:site_name\" content=\"SVEB\" \/>\n<meta property=\"article:modified_time\" content=\"2026-04-29T15:18:43+00:00\" \/>\n<meta property=\"og:image\" content=\"https:\/\/alice.ch\/app\/uploads\/2025\/08\/klima-check-schiff.png\" \/>\n\t<meta property=\"og:image:width\" content=\"812\" \/>\n\t<meta property=\"og:image:height\" content=\"526\" \/>\n\t<meta property=\"og:image:type\" content=\"image\/png\" \/>\n<meta name=\"twitter:card\" content=\"summary_large_image\" \/>\n<meta name=\"twitter:label1\" content=\"Gesch\u00e4tzte Lesezeit\" \/>\n\t<meta name=\"twitter:data1\" content=\"2\u00a0Minuten\" \/>\n<script type=\"application\/ld+json\" class=\"yoast-schema-graph\">{\"@context\":\"https:\\\/\\\/schema.org\",\"@graph\":[{\"@type\":\"WebPage\",\"@id\":\"https:\\\/\\\/alice.ch\\\/de\\\/project\\\/klima-check\\\/\",\"url\":\"https:\\\/\\\/alice.ch\\\/de\\\/project\\\/klima-check\\\/\",\"name\":\"Klima-Check - SVEB\",\"isPartOf\":{\"@id\":\"https:\\\/\\\/alice.ch\\\/de\\\/#website\"},\"primaryImageOfPage\":{\"@id\":\"https:\\\/\\\/alice.ch\\\/de\\\/project\\\/klima-check\\\/#primaryimage\"},\"image\":{\"@id\":\"https:\\\/\\\/alice.ch\\\/de\\\/project\\\/klima-check\\\/#primaryimage\"},\"thumbnailUrl\":\"https:\\\/\\\/alice.ch\\\/app\\\/uploads\\\/2025\\\/08\\\/klima-check-schiff.png\",\"datePublished\":\"2023-09-04T06:51:30+00:00\",\"dateModified\":\"2026-04-29T15:18:43+00:00\",\"description\":\"Der Klima-Check ist ein Analysetool, das zur nachhaltigen Entwicklung einer Weiterbildungseinrichtung dient.\",\"breadcrumb\":{\"@id\":\"https:\\\/\\\/alice.ch\\\/de\\\/project\\\/klima-check\\\/#breadcrumb\"},\"inLanguage\":\"de\",\"potentialAction\":[{\"@type\":\"ReadAction\",\"target\":[\"https:\\\/\\\/alice.ch\\\/de\\\/project\\\/klima-check\\\/\"]}]},{\"@type\":\"ImageObject\",\"inLanguage\":\"de\",\"@id\":\"https:\\\/\\\/alice.ch\\\/de\\\/project\\\/klima-check\\\/#primaryimage\",\"url\":\"https:\\\/\\\/alice.ch\\\/app\\\/uploads\\\/2025\\\/08\\\/klima-check-schiff.png\",\"contentUrl\":\"https:\\\/\\\/alice.ch\\\/app\\\/uploads\\\/2025\\\/08\\\/klima-check-schiff.png\",\"width\":812,\"height\":526},{\"@type\":\"BreadcrumbList\",\"@id\":\"https:\\\/\\\/alice.ch\\\/de\\\/project\\\/klima-check\\\/#breadcrumb\",\"itemListElement\":[{\"@type\":\"ListItem\",\"position\":1,\"name\":\"Startseite\",\"item\":\"https:\\\/\\\/alice.ch\\\/de\\\/\"},{\"@type\":\"ListItem\",\"position\":2,\"name\":\"Projekte\",\"item\":\"https:\\\/\\\/alice.ch\\\/de\\\/project\\\/\"},{\"@type\":\"ListItem\",\"position\":3,\"name\":\"Klima-Check\"}]},{\"@type\":\"WebSite\",\"@id\":\"https:\\\/\\\/alice.ch\\\/de\\\/#website\",\"url\":\"https:\\\/\\\/alice.ch\\\/de\\\/\",\"name\":\"alice.ch (Adult Learning Information Center) ist das Portal der Weiterbildung in der Schweiz.\",\"description\":\"Schweizerischer Verband f\u00fcr Weiterbildung\",\"publisher\":{\"@id\":\"https:\\\/\\\/alice.ch\\\/de\\\/#organization\"},\"potentialAction\":[{\"@type\":\"SearchAction\",\"target\":{\"@type\":\"EntryPoint\",\"urlTemplate\":\"https:\\\/\\\/alice.ch\\\/de\\\/?s={search_term_string}\"},\"query-input\":{\"@type\":\"PropertyValueSpecification\",\"valueRequired\":true,\"valueName\":\"search_term_string\"}}],\"inLanguage\":\"de\"},{\"@type\":\"Organization\",\"@id\":\"https:\\\/\\\/alice.ch\\\/de\\\/#organization\",\"name\":\"SVEB Schweizerischer Verband f\u00fcr Weiterbildung\",\"url\":\"https:\\\/\\\/alice.ch\\\/de\\\/\",\"logo\":{\"@type\":\"ImageObject\",\"inLanguage\":\"de\",\"@id\":\"https:\\\/\\\/alice.ch\\\/de\\\/#\\\/schema\\\/logo\\\/image\\\/\",\"url\":\"https:\\\/\\\/alice.ch\\\/app\\\/uploads\\\/2022\\\/07\\\/logo-sveb.png\",\"contentUrl\":\"https:\\\/\\\/alice.ch\\\/app\\\/uploads\\\/2022\\\/07\\\/logo-sveb.png\",\"width\":145,\"height\":64,\"caption\":\"SVEB Schweizerischer Verband f\u00fcr Weiterbildung\"},\"image\":{\"@id\":\"https:\\\/\\\/alice.ch\\\/de\\\/#\\\/schema\\\/logo\\\/image\\\/\"},\"sameAs\":[\"https:\\\/\\\/www.linkedin.com\\\/company\\\/schweizerischer-verband-fr-weiterbildung-sveb\\\/\"]}]}<\/script>\n<!-- \/ Yoast SEO plugin. -->","yoast_head_json":{"title":"Klima-Check - SVEB","description":"Der Klima-Check ist ein Analysetool, das zur nachhaltigen Entwicklung einer Weiterbildungseinrichtung dient.","robots":{"index":"index","follow":"follow","max-snippet":"max-snippet:-1","max-image-preview":"max-image-preview:large","max-video-preview":"max-video-preview:-1"},"canonical":"https:\/\/alice.ch\/de\/project\/klima-check\/","og_locale":"de_DE","og_type":"article","og_title":"Klima-Check - SVEB","og_description":"Der Klima-Check ist ein Analysetool, das zur nachhaltigen Entwicklung einer Weiterbildungseinrichtung dient.","og_url":"https:\/\/alice.ch\/de\/project\/klima-check\/","og_site_name":"SVEB","article_modified_time":"2026-04-29T15:18:43+00:00","og_image":[{"width":812,"height":526,"url":"https:\/\/alice.ch\/app\/uploads\/2025\/08\/klima-check-schiff.png","type":"image\/png"}],"twitter_card":"summary_large_image","twitter_misc":{"Gesch\u00e4tzte Lesezeit":"2\u00a0Minuten"},"schema":{"@context":"https:\/\/schema.org","@graph":[{"@type":"WebPage","@id":"https:\/\/alice.ch\/de\/project\/klima-check\/","url":"https:\/\/alice.ch\/de\/project\/klima-check\/","name":"Klima-Check - SVEB","isPartOf":{"@id":"https:\/\/alice.ch\/de\/#website"},"primaryImageOfPage":{"@id":"https:\/\/alice.ch\/de\/project\/klima-check\/#primaryimage"},"image":{"@id":"https:\/\/alice.ch\/de\/project\/klima-check\/#primaryimage"},"thumbnailUrl":"https:\/\/alice.ch\/app\/uploads\/2025\/08\/klima-check-schiff.png","datePublished":"2023-09-04T06:51:30+00:00","dateModified":"2026-04-29T15:18:43+00:00","description":"Der Klima-Check ist ein Analysetool, das zur nachhaltigen Entwicklung einer Weiterbildungseinrichtung dient.","breadcrumb":{"@id":"https:\/\/alice.ch\/de\/project\/klima-check\/#breadcrumb"},"inLanguage":"de","potentialAction":[{"@type":"ReadAction","target":["https:\/\/alice.ch\/de\/project\/klima-check\/"]}]},{"@type":"ImageObject","inLanguage":"de","@id":"https:\/\/alice.ch\/de\/project\/klima-check\/#primaryimage","url":"https:\/\/alice.ch\/app\/uploads\/2025\/08\/klima-check-schiff.png","contentUrl":"https:\/\/alice.ch\/app\/uploads\/2025\/08\/klima-check-schiff.png","width":812,"height":526},{"@type":"BreadcrumbList","@id":"https:\/\/alice.ch\/de\/project\/klima-check\/#breadcrumb","itemListElement":[{"@type":"ListItem","position":1,"name":"Startseite","item":"https:\/\/alice.ch\/de\/"},{"@type":"ListItem","position":2,"name":"Projekte","item":"https:\/\/alice.ch\/de\/project\/"},{"@type":"ListItem","position":3,"name":"Klima-Check"}]},{"@type":"WebSite","@id":"https:\/\/alice.ch\/de\/#website","url":"https:\/\/alice.ch\/de\/","name":"alice.ch (Adult Learning Information Center) ist das Portal der Weiterbildung in der Schweiz.","description":"Schweizerischer Verband f\u00fcr Weiterbildung","publisher":{"@id":"https:\/\/alice.ch\/de\/#organization"},"potentialAction":[{"@type":"SearchAction","target":{"@type":"EntryPoint","urlTemplate":"https:\/\/alice.ch\/de\/?s={search_term_string}"},"query-input":{"@type":"PropertyValueSpecification","valueRequired":true,"valueName":"search_term_string"}}],"inLanguage":"de"},{"@type":"Organization","@id":"https:\/\/alice.ch\/de\/#organization","name":"SVEB Schweizerischer Verband f\u00fcr Weiterbildung","url":"https:\/\/alice.ch\/de\/","logo":{"@type":"ImageObject","inLanguage":"de","@id":"https:\/\/alice.ch\/de\/#\/schema\/logo\/image\/","url":"https:\/\/alice.ch\/app\/uploads\/2022\/07\/logo-sveb.png","contentUrl":"https:\/\/alice.ch\/app\/uploads\/2022\/07\/logo-sveb.png","width":145,"height":64,"caption":"SVEB Schweizerischer Verband f\u00fcr Weiterbildung"},"image":{"@id":"https:\/\/alice.ch\/de\/#\/schema\/logo\/image\/"},"sameAs":["https:\/\/www.linkedin.com\/company\/schweizerischer-verband-fr-weiterbildung-sveb\/"]}]}},"_links":{"self":[{"href":"https:\/\/alice.ch\/de\/wp-json\/wp\/v2\/project\/53495","targetHints":{"allow":["GET"]}}],"collection":[{"href":"https:\/\/alice.ch\/de\/wp-json\/wp\/v2\/project"}],"about":[{"href":"https:\/\/alice.ch\/de\/wp-json\/wp\/v2\/types\/project"}],"version-history":[{"count":31,"href":"https:\/\/alice.ch\/de\/wp-json\/wp\/v2\/project\/53495\/revisions"}],"predecessor-version":[{"id":75305,"href":"https:\/\/alice.ch\/de\/wp-json\/wp\/v2\/project\/53495\/revisions\/75305"}],"wp:featuredmedia":[{"embeddable":true,"href":"https:\/\/alice.ch\/de\/wp-json\/wp\/v2\/media\/69983"}],"wp:attachment":[{"href":"https:\/\/alice.ch\/de\/wp-json\/wp\/v2\/media?parent=53495"}],"wp:term":[{"taxonomy":"project-category","embeddable":true,"href":"https:\/\/alice.ch\/de\/wp-json\/wp\/v2\/project-category?post=53495"},{"taxonomy":"project-tag","embeddable":true,"href":"https:\/\/alice.ch\/de\/wp-json\/wp\/v2\/project-tag?post=53495"},{"taxonomy":"project-region","embeddable":true,"href":"https:\/\/alice.ch\/de\/wp-json\/wp\/v2\/project-region?post=53495"},{"taxonomy":"global-category","embeddable":true,"href":"https:\/\/alice.ch\/de\/wp-json\/wp\/v2\/global-category?post=53495"}],"curies":[{"name":"wp","href":"https:\/\/api.w.org\/{rel}","templated":true}]}}