{"id":65694,"date":"2025-01-24T13:54:24","date_gmt":"2025-01-24T12:54:24","guid":{"rendered":"https:\/\/alice.ch\/?post_type=project&#038;p=65694"},"modified":"2025-02-07T13:54:16","modified_gmt":"2025-02-07T12:54:16","slug":"innovationskompass","status":"publish","type":"project","link":"https:\/\/alice.ch\/de\/project\/innovationskompass\/","title":{"rendered":"Innovationskompass"},"content":{"rendered":"\n<div class=\"wp-block-group is-layout-flow wp-block-group-is-layout-flow\">\n<div class=\"wp-block-group is-style-reduced-width is-layout-flow wp-block-group-is-layout-flow\">\n<h2 class=\"wp-block-heading\">Internationaler Austausch des SVEB mit anderen Institutionen der Erwachsenenbildung<\/h2>\n\n\n\n<h2 class=\"wp-block-heading\">Kurzbeschreibung<\/h2>\n\n\n\n<p>Dieses internationale Mobilit\u00e4tsprojekt erm\u00f6glicht dem SVEB und seinen Mitgliedern den Austausch und die Vernetzung mit anderen Institutionen der Erwachsenenbildung. Dadurch stellt der SVEB sicher, dass aktuelle Tendenzen und Themen in der Schweiz diskutiert werden. Ausserdem ergibt sich die M\u00f6glichkeit, Know-How- und Best-Practice Ans\u00e4tze kennenzulernen, die zu neuen Impulsen anregen und bei Bedarf in die Schweizerische Weiterbildungsszene transferiert werden k\u00f6nnen.<\/p>\n\n\n\n<h2 class=\"wp-block-heading\">Ziele<\/h2>\n\n\n\n<ul class=\"wp-block-list\">\n<li><strong>Systematische Beobachtung des Weiterbildungsfeldes<\/strong> zur Bereicherung der wissenschaftlichen Arbeit des SVEB<\/li>\n\n\n\n<li><strong>St\u00e4rkung der Anpassung der <a href=\"https:\/\/alice.ch\/de\/professionalisierung\/\">Ausbildung der Ausbildenden (AdA)<\/a><\/strong> und die Erlangung von Hinweisen auf m\u00f6gliche zuk\u00fcnftige Entwicklungen<\/li>\n\n\n\n<li><strong>Erkennung der St\u00e4rken und Schw\u00e4chen des Qualit\u00e4tslabel <a href=\"https:\/\/alice.ch\/de\/qualitaet\/qualitaetslabel-eduqua\/\">eduQua<\/a><\/strong> dank eines internationalen Vergleichs<\/li>\n\n\n\n<li><strong>Unterst\u00fctzung des Wissenstransfers zwischen Forschung und Praxis<\/strong> mithilfe internationaler L\u00f6sungsans\u00e4tze<\/li>\n\n\n\n<li><strong>St\u00e4rkung des SVEB als Fachverband<\/strong> durch kompetente Mitarbeitende<\/li>\n<\/ul>\n\n\n\n<h2 class=\"wp-block-heading\">Resultate<\/h2>\n\n\n\n<ul class=\"wp-block-list\">\n<li>keine<\/li>\n<\/ul>\n\n\n\n<div class=\"wp-block-columns is-layout-flex wp-container-core-columns-is-layout-28f84493 wp-block-columns-is-layout-flex\">\n<div class=\"wp-block-column is-layout-flow wp-block-column-is-layout-flow\">\n<h2 class=\"wp-block-heading\">Eckdaten zum Projekt<\/h2>\n\n\n\n<p><strong>Projektart: <\/strong>Internationales Projekt&nbsp;<\/p>\n\n\n\n<p><strong>Projektlaufzeit: <\/strong>2024\u20132026<\/p>\n\n\n\n<p><strong>Partnerorganisationen<\/strong>&nbsp;<\/p>\n\n\n\n<ul class=\"wp-block-list\">\n<li>keine<\/li>\n<\/ul>\n\n\n\n<p><strong>Projektnummer:<\/strong> 2024-1-CH01-KA104-0017<\/p>\n\n\n\n<p><strong>Finanzierung:<\/strong>\u202f<a href=\"https:\/\/www.movetia.ch\/&quot; \/t &quot;_blank\" target=\"_blank\" rel=\"noreferrer noopener\">Movetia<\/a>,\u202f<a href=\"https:\/\/www.erasmusplus.de\/&quot; \/t &quot;_blank\" target=\"_blank\" rel=\"noreferrer noopener\">Erasmus+<\/a>&nbsp;<\/p>\n<\/div>\n\n\n\n<div class=\"wp-block-column is-layout-flow wp-block-column-is-layout-flow\">\n<h2 class=\"wp-block-heading\">News aus dem Projekt<\/h2>\n\n\n\n<div class=\"wp-block-buttons is-layout-flex wp-block-buttons-is-layout-flex\">\n<div class=\"wp-block-button has-custom-width wp-block-button__width-100 is-style-outline is-style-outline--1\"><a class=\"wp-block-button__link wp-element-button\">noch keine News zu diesem Projekt<\/a><\/div>\n<\/div>\n\n\n\n<h2 class=\"wp-block-heading\">Dokumente<\/h2>\n\n\n\n<div class=\"wp-block-buttons is-layout-flex wp-block-buttons-is-layout-flex\">\n<div class=\"wp-block-button has-custom-width wp-block-button__width-100 is-style-outline is-style-outline--2\"><a class=\"wp-block-button__link wp-element-button\">noch keine Dokumente zu diesem Projekt<\/a><\/div>\n<\/div>\n<\/div>\n<\/div>\n\n\n\n<div class=\"wp-block-group is-style-border-box is-layout-flow wp-block-group-is-layout-flow\">\n<div class=\"wp-block-columns is-layout-flex wp-container-core-columns-is-layout-28f84493 wp-block-columns-is-layout-flex\">\n<div class=\"wp-block-column is-layout-flow wp-block-column-is-layout-flow\">\n<figure class=\"wp-block-image size-full is-style-no-border\"><a href=\"https:\/\/www.movetia.ch\/\" target=\"_blank\" rel=\"noreferrer noopener\"><img decoding=\"async\" width=\"600\" height=\"88\" src=\"https:\/\/alice.ch\/app\/uploads\/2022\/08\/test-finanzierung.png\" alt=\"\" class=\"wp-image-4381\" srcset=\"https:\/\/alice.ch\/app\/uploads\/2022\/08\/test-finanzierung.png 600w, https:\/\/alice.ch\/app\/uploads\/2022\/08\/test-finanzierung-300x44.png 300w\" sizes=\"(max-width: 600px) 100vw, 600px\" \/><\/a><\/figure>\n\n\n\n<figure class=\"wp-block-image size-full is-resized is-style-no-border\"><a href=\"https:\/\/erasmus-plus.ec.europa.eu\/\" target=\"_blank\" rel=\"noreferrer noopener\"><img decoding=\"async\" width=\"328\" height=\"73\" src=\"https:\/\/alice.ch\/app\/uploads\/2022\/12\/logo_erasmus_.png\" alt=\"\" class=\"wp-image-33563\" srcset=\"https:\/\/alice.ch\/app\/uploads\/2022\/12\/logo_erasmus_.png 328w, https:\/\/alice.ch\/app\/uploads\/2022\/12\/logo_erasmus_-300x67.png 300w\" sizes=\"(max-width: 328px) 100vw, 328px\" \/><\/a><\/figure>\n<\/div>\n\n\n\n<div class=\"wp-block-column is-layout-flow wp-block-column-is-layout-flow\">\n<p>Dieses Projekt wird von Movetia finanziell unterst\u00fctzt.&nbsp;Movetia&nbsp;f\u00f6rdert Austausch, Mobilit\u00e4t und Kooperation in der Aus- und Weiterbildung sowie in der Jugendarbeit \u2013 in der Schweiz, in Europa und weltweit.&nbsp;<a href=\"https:\/\/www.movetia.ch\/\" target=\"_blank\" rel=\"noreferrer noopener\">www.movetia.ch<\/a><\/p>\n<\/div>\n<\/div>\n<\/div>\n\n\n\n<div class=\"wp-block-group is-style-default is-layout-flow wp-block-group-is-layout-flow\">\n<h2 class=\"wp-block-heading\">Kontakt<\/h2>\n\n\n\n<div class=\"wp-block-columns is-layout-flex wp-container-core-columns-is-layout-28f84493 wp-block-columns-is-layout-flex\">\n<div class=\"wp-block-column is-layout-flow wp-block-column-is-layout-flow\" style=\"flex-basis:50%\"><div class=\"contact-persons\">\n\n\t\t\t\t\t<div class=\"contact-person\">\n\t\t\t\t\tLynette Weber<br \/>\t\t\t\t\tProjektleiterin Forschung und Entwicklung<br \/>\t\t\t\t\t<br \/>\n\t\t\t\t\t\t\t\t\t\t<a href=\"tel:+41 44 319 71 69\">+41 44 319 71 69<\/a><br \/>\t\t\t\t\t<a href=\"mailto:lynette.weber@alice.ch\">lynette.weber@alice.ch<\/a><br \/>\t\t\t\t\t<\/div>\n\t\t\t\t\t<\/div>\n<\/div>\n\n\n\n<div class=\"wp-block-column is-layout-flow wp-block-column-is-layout-flow\" style=\"flex-basis:50%\"><\/div>\n<\/div>\n<\/div>\n<\/div>\n<\/div>\n","protected":false},"featured_media":53287,"template":"","meta":{"_acf_changed":false,"inline_featured_image":false,"footnotes":""},"project-category":[66],"project-tag":[],"project-region":[204],"global-category":[53,50,42,43,54],"class_list":["post-65694","project","type-project","status-publish","has-post-thumbnail","hentry","project-category-weiterbildungssystem","project-region-eu","global-category-international","global-category-internationale-projekte","global-category-professionalisierung","global-category-qualitaet","global-category-weiterbildungssystem"],"acf":[],"yoast_head":"<!-- This site is optimized with the Yoast SEO plugin v27.3 - https:\/\/yoast.com\/product\/yoast-seo-wordpress\/ -->\n<title>Innovationskompass - SVEB<\/title>\n<meta name=\"description\" content=\"Das internationale Mobilit\u00e4tsprojekt erm\u00f6glicht internationalen Austausch und Vernetzung mit anderen Institutionen in der Erwachsenenbildung.\" \/>\n<meta name=\"robots\" content=\"index, follow, max-snippet:-1, max-image-preview:large, max-video-preview:-1\" \/>\n<link rel=\"canonical\" href=\"https:\/\/alice.ch\/de\/project\/innovationskompass\/\" \/>\n<meta property=\"og:locale\" content=\"de_DE\" \/>\n<meta property=\"og:type\" content=\"article\" \/>\n<meta property=\"og:title\" content=\"Innovationskompass - SVEB\" \/>\n<meta property=\"og:description\" content=\"Das internationale Mobilit\u00e4tsprojekt erm\u00f6glicht internationalen Austausch und Vernetzung mit anderen Institutionen in der Erwachsenenbildung.\" \/>\n<meta property=\"og:url\" content=\"https:\/\/alice.ch\/de\/project\/innovationskompass\/\" \/>\n<meta property=\"og:site_name\" content=\"SVEB\" \/>\n<meta property=\"article:modified_time\" content=\"2025-02-07T12:54:16+00:00\" \/>\n<meta property=\"og:image\" content=\"https:\/\/alice.ch\/app\/uploads\/2023\/08\/lukasz-maznica-6BIED5dhoZg-unsplash-crop.png\" \/>\n\t<meta property=\"og:image:width\" content=\"1200\" \/>\n\t<meta property=\"og:image:height\" content=\"627\" \/>\n\t<meta property=\"og:image:type\" content=\"image\/png\" \/>\n<meta name=\"twitter:card\" content=\"summary_large_image\" \/>\n<meta name=\"twitter:label1\" content=\"Gesch\u00e4tzte Lesezeit\" \/>\n\t<meta name=\"twitter:data1\" content=\"3\u00a0Minuten\" \/>\n<script type=\"application\/ld+json\" class=\"yoast-schema-graph\">{\"@context\":\"https:\\\/\\\/schema.org\",\"@graph\":[{\"@type\":\"WebPage\",\"@id\":\"https:\\\/\\\/alice.ch\\\/de\\\/project\\\/innovationskompass\\\/\",\"url\":\"https:\\\/\\\/alice.ch\\\/de\\\/project\\\/innovationskompass\\\/\",\"name\":\"Innovationskompass - SVEB\",\"isPartOf\":{\"@id\":\"https:\\\/\\\/alice.ch\\\/de\\\/#website\"},\"primaryImageOfPage\":{\"@id\":\"https:\\\/\\\/alice.ch\\\/de\\\/project\\\/innovationskompass\\\/#primaryimage\"},\"image\":{\"@id\":\"https:\\\/\\\/alice.ch\\\/de\\\/project\\\/innovationskompass\\\/#primaryimage\"},\"thumbnailUrl\":\"https:\\\/\\\/alice.ch\\\/app\\\/uploads\\\/2023\\\/08\\\/lukasz-maznica-6BIED5dhoZg-unsplash-crop.png\",\"datePublished\":\"2025-01-24T12:54:24+00:00\",\"dateModified\":\"2025-02-07T12:54:16+00:00\",\"description\":\"Das internationale Mobilit\u00e4tsprojekt erm\u00f6glicht internationalen Austausch und Vernetzung mit anderen Institutionen in der Erwachsenenbildung.\",\"breadcrumb\":{\"@id\":\"https:\\\/\\\/alice.ch\\\/de\\\/project\\\/innovationskompass\\\/#breadcrumb\"},\"inLanguage\":\"de\",\"potentialAction\":[{\"@type\":\"ReadAction\",\"target\":[\"https:\\\/\\\/alice.ch\\\/de\\\/project\\\/innovationskompass\\\/\"]}]},{\"@type\":\"ImageObject\",\"inLanguage\":\"de\",\"@id\":\"https:\\\/\\\/alice.ch\\\/de\\\/project\\\/innovationskompass\\\/#primaryimage\",\"url\":\"https:\\\/\\\/alice.ch\\\/app\\\/uploads\\\/2023\\\/08\\\/lukasz-maznica-6BIED5dhoZg-unsplash-crop.png\",\"contentUrl\":\"https:\\\/\\\/alice.ch\\\/app\\\/uploads\\\/2023\\\/08\\\/lukasz-maznica-6BIED5dhoZg-unsplash-crop.png\",\"width\":1200,\"height\":627,\"caption\":\"Sprache\"},{\"@type\":\"BreadcrumbList\",\"@id\":\"https:\\\/\\\/alice.ch\\\/de\\\/project\\\/innovationskompass\\\/#breadcrumb\",\"itemListElement\":[{\"@type\":\"ListItem\",\"position\":1,\"name\":\"Startseite\",\"item\":\"https:\\\/\\\/alice.ch\\\/de\\\/\"},{\"@type\":\"ListItem\",\"position\":2,\"name\":\"Projekte\",\"item\":\"https:\\\/\\\/alice.ch\\\/de\\\/project\\\/\"},{\"@type\":\"ListItem\",\"position\":3,\"name\":\"Innovationskompass\"}]},{\"@type\":\"WebSite\",\"@id\":\"https:\\\/\\\/alice.ch\\\/de\\\/#website\",\"url\":\"https:\\\/\\\/alice.ch\\\/de\\\/\",\"name\":\"alice.ch (Adult Learning Information Center) ist das Portal der Weiterbildung in der Schweiz.\",\"description\":\"Schweizerischer Verband f\u00fcr Weiterbildung\",\"publisher\":{\"@id\":\"https:\\\/\\\/alice.ch\\\/de\\\/#organization\"},\"potentialAction\":[{\"@type\":\"SearchAction\",\"target\":{\"@type\":\"EntryPoint\",\"urlTemplate\":\"https:\\\/\\\/alice.ch\\\/de\\\/?s={search_term_string}\"},\"query-input\":{\"@type\":\"PropertyValueSpecification\",\"valueRequired\":true,\"valueName\":\"search_term_string\"}}],\"inLanguage\":\"de\"},{\"@type\":\"Organization\",\"@id\":\"https:\\\/\\\/alice.ch\\\/de\\\/#organization\",\"name\":\"SVEB Schweizerischer Verband f\u00fcr Weiterbildung\",\"url\":\"https:\\\/\\\/alice.ch\\\/de\\\/\",\"logo\":{\"@type\":\"ImageObject\",\"inLanguage\":\"de\",\"@id\":\"https:\\\/\\\/alice.ch\\\/de\\\/#\\\/schema\\\/logo\\\/image\\\/\",\"url\":\"https:\\\/\\\/alice.ch\\\/app\\\/uploads\\\/2022\\\/07\\\/logo-sveb.png\",\"contentUrl\":\"https:\\\/\\\/alice.ch\\\/app\\\/uploads\\\/2022\\\/07\\\/logo-sveb.png\",\"width\":145,\"height\":64,\"caption\":\"SVEB Schweizerischer Verband f\u00fcr Weiterbildung\"},\"image\":{\"@id\":\"https:\\\/\\\/alice.ch\\\/de\\\/#\\\/schema\\\/logo\\\/image\\\/\"},\"sameAs\":[\"https:\\\/\\\/www.linkedin.com\\\/company\\\/schweizerischer-verband-fr-weiterbildung-sveb\\\/\"]}]}<\/script>\n<!-- \/ Yoast SEO plugin. -->","yoast_head_json":{"title":"Innovationskompass - SVEB","description":"Das internationale Mobilit\u00e4tsprojekt erm\u00f6glicht internationalen Austausch und Vernetzung mit anderen Institutionen in der Erwachsenenbildung.","robots":{"index":"index","follow":"follow","max-snippet":"max-snippet:-1","max-image-preview":"max-image-preview:large","max-video-preview":"max-video-preview:-1"},"canonical":"https:\/\/alice.ch\/de\/project\/innovationskompass\/","og_locale":"de_DE","og_type":"article","og_title":"Innovationskompass - SVEB","og_description":"Das internationale Mobilit\u00e4tsprojekt erm\u00f6glicht internationalen Austausch und Vernetzung mit anderen Institutionen in der Erwachsenenbildung.","og_url":"https:\/\/alice.ch\/de\/project\/innovationskompass\/","og_site_name":"SVEB","article_modified_time":"2025-02-07T12:54:16+00:00","og_image":[{"width":1200,"height":627,"url":"https:\/\/alice.ch\/app\/uploads\/2023\/08\/lukasz-maznica-6BIED5dhoZg-unsplash-crop.png","type":"image\/png"}],"twitter_card":"summary_large_image","twitter_misc":{"Gesch\u00e4tzte Lesezeit":"3\u00a0Minuten"},"schema":{"@context":"https:\/\/schema.org","@graph":[{"@type":"WebPage","@id":"https:\/\/alice.ch\/de\/project\/innovationskompass\/","url":"https:\/\/alice.ch\/de\/project\/innovationskompass\/","name":"Innovationskompass - SVEB","isPartOf":{"@id":"https:\/\/alice.ch\/de\/#website"},"primaryImageOfPage":{"@id":"https:\/\/alice.ch\/de\/project\/innovationskompass\/#primaryimage"},"image":{"@id":"https:\/\/alice.ch\/de\/project\/innovationskompass\/#primaryimage"},"thumbnailUrl":"https:\/\/alice.ch\/app\/uploads\/2023\/08\/lukasz-maznica-6BIED5dhoZg-unsplash-crop.png","datePublished":"2025-01-24T12:54:24+00:00","dateModified":"2025-02-07T12:54:16+00:00","description":"Das internationale Mobilit\u00e4tsprojekt erm\u00f6glicht internationalen Austausch und Vernetzung mit anderen Institutionen in der Erwachsenenbildung.","breadcrumb":{"@id":"https:\/\/alice.ch\/de\/project\/innovationskompass\/#breadcrumb"},"inLanguage":"de","potentialAction":[{"@type":"ReadAction","target":["https:\/\/alice.ch\/de\/project\/innovationskompass\/"]}]},{"@type":"ImageObject","inLanguage":"de","@id":"https:\/\/alice.ch\/de\/project\/innovationskompass\/#primaryimage","url":"https:\/\/alice.ch\/app\/uploads\/2023\/08\/lukasz-maznica-6BIED5dhoZg-unsplash-crop.png","contentUrl":"https:\/\/alice.ch\/app\/uploads\/2023\/08\/lukasz-maznica-6BIED5dhoZg-unsplash-crop.png","width":1200,"height":627,"caption":"Sprache"},{"@type":"BreadcrumbList","@id":"https:\/\/alice.ch\/de\/project\/innovationskompass\/#breadcrumb","itemListElement":[{"@type":"ListItem","position":1,"name":"Startseite","item":"https:\/\/alice.ch\/de\/"},{"@type":"ListItem","position":2,"name":"Projekte","item":"https:\/\/alice.ch\/de\/project\/"},{"@type":"ListItem","position":3,"name":"Innovationskompass"}]},{"@type":"WebSite","@id":"https:\/\/alice.ch\/de\/#website","url":"https:\/\/alice.ch\/de\/","name":"alice.ch (Adult Learning Information Center) ist das Portal der Weiterbildung in der Schweiz.","description":"Schweizerischer Verband f\u00fcr Weiterbildung","publisher":{"@id":"https:\/\/alice.ch\/de\/#organization"},"potentialAction":[{"@type":"SearchAction","target":{"@type":"EntryPoint","urlTemplate":"https:\/\/alice.ch\/de\/?s={search_term_string}"},"query-input":{"@type":"PropertyValueSpecification","valueRequired":true,"valueName":"search_term_string"}}],"inLanguage":"de"},{"@type":"Organization","@id":"https:\/\/alice.ch\/de\/#organization","name":"SVEB Schweizerischer Verband f\u00fcr Weiterbildung","url":"https:\/\/alice.ch\/de\/","logo":{"@type":"ImageObject","inLanguage":"de","@id":"https:\/\/alice.ch\/de\/#\/schema\/logo\/image\/","url":"https:\/\/alice.ch\/app\/uploads\/2022\/07\/logo-sveb.png","contentUrl":"https:\/\/alice.ch\/app\/uploads\/2022\/07\/logo-sveb.png","width":145,"height":64,"caption":"SVEB Schweizerischer Verband f\u00fcr Weiterbildung"},"image":{"@id":"https:\/\/alice.ch\/de\/#\/schema\/logo\/image\/"},"sameAs":["https:\/\/www.linkedin.com\/company\/schweizerischer-verband-fr-weiterbildung-sveb\/"]}]}},"_links":{"self":[{"href":"https:\/\/alice.ch\/de\/wp-json\/wp\/v2\/project\/65694","targetHints":{"allow":["GET"]}}],"collection":[{"href":"https:\/\/alice.ch\/de\/wp-json\/wp\/v2\/project"}],"about":[{"href":"https:\/\/alice.ch\/de\/wp-json\/wp\/v2\/types\/project"}],"version-history":[{"count":2,"href":"https:\/\/alice.ch\/de\/wp-json\/wp\/v2\/project\/65694\/revisions"}],"predecessor-version":[{"id":66020,"href":"https:\/\/alice.ch\/de\/wp-json\/wp\/v2\/project\/65694\/revisions\/66020"}],"wp:featuredmedia":[{"embeddable":true,"href":"https:\/\/alice.ch\/de\/wp-json\/wp\/v2\/media\/53287"}],"wp:attachment":[{"href":"https:\/\/alice.ch\/de\/wp-json\/wp\/v2\/media?parent=65694"}],"wp:term":[{"taxonomy":"project-category","embeddable":true,"href":"https:\/\/alice.ch\/de\/wp-json\/wp\/v2\/project-category?post=65694"},{"taxonomy":"project-tag","embeddable":true,"href":"https:\/\/alice.ch\/de\/wp-json\/wp\/v2\/project-tag?post=65694"},{"taxonomy":"project-region","embeddable":true,"href":"https:\/\/alice.ch\/de\/wp-json\/wp\/v2\/project-region?post=65694"},{"taxonomy":"global-category","embeddable":true,"href":"https:\/\/alice.ch\/de\/wp-json\/wp\/v2\/global-category?post=65694"}],"curies":[{"name":"wp","href":"https:\/\/api.w.org\/{rel}","templated":true}]}}