{"id":69357,"date":"2025-07-08T17:59:44","date_gmt":"2025-07-08T15:59:44","guid":{"rendered":"https:\/\/alice.ch\/?post_type=project&#038;p=69357"},"modified":"2025-09-16T10:43:06","modified_gmt":"2025-09-16T08:43:06","slug":"digitalli-digital-strategies-for-lifelong-learning-institutions","status":"publish","type":"project","link":"https:\/\/alice.ch\/de\/project\/digitalli-digital-strategies-for-lifelong-learning-institutions\/","title":{"rendered":"DIGITALLI &#8211; Digital Strategies for Lifelong Learning Institutions"},"content":{"rendered":"\n<div class=\"wp-block-group is-layout-flow wp-block-group-is-layout-flow\">\n<div class=\"wp-block-group is-style-reduced-width is-layout-flow wp-block-group-is-layout-flow\">\n<p class=\"is-style-lead\">Das Projekt DIGITALLI zielt darauf ab, Weiterbildungsorganisationen bei der digitalen Transformation zu unterst\u00fctzen. <\/p>\n\n\n\n<h2 class=\"wp-block-heading\">Kurzbeschreibung<\/h2>\n\n\n\n<p>Um Weiterbildungsorganisationen bei der digitalen Transformation zu \u00fcnterst\u00fctzen, verwendet das DIGITALLI-Projekt auf einen ganzheitlichen Ansatz. Vier Schl\u00fcsselaspekten sind dabei zentral: Wissensaufbau bei den Mitarbeitenden, Integration von technischen Hilfsmitteln, Infrastruktur sowie Forschung und Entwicklung. Im Projekt wird ein Toolkit, ein digitales Expertensystem und ein Weiterbildungsprogramm f\u00fcr Ausbildende, das auf europ\u00e4ischen Kompetenzmodellen im Bereich digitale Kompetenzen basiert, aufgebaut.<\/p>\n\n\n\n<h2 class=\"wp-block-heading\">Ziele<\/h2>\n\n\n\n<ul class=\"wp-block-list\">\n<li>Umfassende Begleitung von Weiterbildungsorganisationen in ihrer digitalen Entwicklung<\/li>\n\n\n\n<li>F\u00f6rderung der digitalen Transformation durch gezielte Beratung (online)<\/li>\n\n\n\n<li>St\u00e4rkung digitaler Kompetenzen bei Ausbildenden und Teilnehmenden<\/li>\n\n\n\n<li>Einsatz digitaler Werkzeuge zur aktiven Einbindung und gesellschaftlichen Teilhabe der Lernenden<\/li>\n<\/ul>\n\n\n\n<h2 class=\"wp-block-heading\">Resultate<\/h2>\n\n\n\n<ul class=\"wp-block-list\">\n<li>Ein Toolkit f\u00fcr die gesamte Organisation: Die F\u00fchrungsebene, die Mitarbeitenden und die Ausbildenden erhalten durch das Toolkit Unterst\u00fctzung zur digitalen Transformation ihres Bereichs.<\/li>\n\n\n\n<li>Online-Expertentool f\u00fcr die Organisationsentwicklung von Weiterbildungsorganisationen<\/li>\n\n\n\n<li>Training Programm f\u00fcr Ausbildende zur St\u00e4rkung von Wissen, F\u00e4higkeiten und Kompetenzen zur Umsetzung der digitalen Transformation in den Bildungsangeboten<br><\/li>\n<\/ul>\n\n\n\n<h2 class=\"wp-block-heading\">News zum Projekt<\/h2>\n\n\n\n<div class=\"wp-block-query is-style-mobile-slider is-layout-flow wp-block-query-is-layout-flow\"><ul class=\"columns-3 wp-block-post-template is-layout-grid wp-container-core-post-template-is-layout-6d3fbd8f wp-block-post-template-is-layout-grid\"><li class=\"wp-block-post post-71724 news type-news status-publish has-post-thumbnail hentry news-category-digitalisierung global-category-digitalli global-category-eu-projekte\">\n<figure class=\"wp-block-post-featured-image\"><a href=\"https:\/\/alice.ch\/de\/news\/digitalli-macht-weiterbildungsanbieter-fit-fuer-das-digitale-zeitalter\/\" target=\"_self\"  ><img decoding=\"async\" width=\"1200\" height=\"627\" src=\"https:\/\/alice.ch\/app\/uploads\/2025\/11\/getty-images-iykzgzLr6sA-unsplash1.jpg\" class=\"attachment-post-thumbnail size-post-thumbnail wp-post-image\" alt=\"DIGITALLI macht Weiterbildungsanbieter fit f\u00fcr das digitale Zeitalter\" style=\"object-fit:cover;\" srcset=\"https:\/\/alice.ch\/app\/uploads\/2025\/11\/getty-images-iykzgzLr6sA-unsplash1.jpg 1200w, https:\/\/alice.ch\/app\/uploads\/2025\/11\/getty-images-iykzgzLr6sA-unsplash1-300x157.jpg 300w, https:\/\/alice.ch\/app\/uploads\/2025\/11\/getty-images-iykzgzLr6sA-unsplash1-1024x535.jpg 1024w, https:\/\/alice.ch\/app\/uploads\/2025\/11\/getty-images-iykzgzLr6sA-unsplash1-768x401.jpg 768w\" sizes=\"(max-width: 1200px) 100vw, 1200px\" \/><\/a><\/figure>\n\n\n<div class=\"wp-block-news-category\">Digitalisierung<\/div>\n\n\n<div class=\"wp-block-post-date\"><time datetime=\"2025-11-13T10:07:30+01:00\">13. November 2025<\/time><\/div>\n\n<h3 class=\"wp-block-post-title\"><a href=\"https:\/\/alice.ch\/de\/news\/digitalli-macht-weiterbildungsanbieter-fit-fuer-das-digitale-zeitalter\/\" target=\"_self\" >DIGITALLI macht Weiterbildungsanbieter fit f\u00fcr das digitale Zeitalter<\/a><\/h3>\n\n<a class=\"wp-block-query-loop-link is-style-minimal\" href=\"https:\/\/alice.ch\/de\/news\/digitalli-macht-weiterbildungsanbieter-fit-fuer-das-digitale-zeitalter\/\">Artikel lesen<\/a>\n\n<\/li><li class=\"wp-block-post post-63825 news type-news status-publish has-post-thumbnail hentry news-category-international global-category-blocked global-category-digitalli global-category-ethlae global-category-eu-projekte global-category-plase\">\n<figure class=\"wp-block-post-featured-image\"><a href=\"https:\/\/alice.ch\/de\/news\/vier-neue-eu-projekte-des-sveb-von-micro-credentials-bis-zum-pbe-ansatz\/\" target=\"_self\"  ><img decoding=\"async\" width=\"1200\" height=\"627\" src=\"https:\/\/alice.ch\/app\/uploads\/2024\/11\/annie-spratt-QckxruozjRg-unsplash1.jpg\" class=\"attachment-post-thumbnail size-post-thumbnail wp-post-image\" alt=\"Vier neue EU-Projekte des SVEB: Von Micro-Credentials bis zum PBE-Ansatz\" style=\"object-fit:cover;\" srcset=\"https:\/\/alice.ch\/app\/uploads\/2024\/11\/annie-spratt-QckxruozjRg-unsplash1.jpg 1200w, https:\/\/alice.ch\/app\/uploads\/2024\/11\/annie-spratt-QckxruozjRg-unsplash1-300x157.jpg 300w, https:\/\/alice.ch\/app\/uploads\/2024\/11\/annie-spratt-QckxruozjRg-unsplash1-1024x535.jpg 1024w, https:\/\/alice.ch\/app\/uploads\/2024\/11\/annie-spratt-QckxruozjRg-unsplash1-768x401.jpg 768w\" sizes=\"(max-width: 1200px) 100vw, 1200px\" \/><\/a><\/figure>\n\n\n<div class=\"wp-block-news-category\">International<\/div>\n\n\n<div class=\"wp-block-post-date\"><time datetime=\"2024-12-16T08:27:06+01:00\">16. Dezember 2024<\/time><\/div>\n\n<h3 class=\"wp-block-post-title\"><a href=\"https:\/\/alice.ch\/de\/news\/vier-neue-eu-projekte-des-sveb-von-micro-credentials-bis-zum-pbe-ansatz\/\" target=\"_self\" >Vier neue EU-Projekte des SVEB: Von Micro-Credentials bis zum PBE-Ansatz<\/a><\/h3>\n\n<a class=\"wp-block-query-loop-link is-style-minimal\" href=\"https:\/\/alice.ch\/de\/news\/vier-neue-eu-projekte-des-sveb-von-micro-credentials-bis-zum-pbe-ansatz\/\">Artikel lesen<\/a>\n\n<\/li><\/ul>\n\n\n\n<\/div>\n\n\n\n<div class=\"wp-block-columns is-layout-flex wp-container-core-columns-is-layout-28f84493 wp-block-columns-is-layout-flex\">\n<div class=\"wp-block-column is-layout-flow wp-block-column-is-layout-flow\">\n<h2 class=\"wp-block-heading\">Eckdaten zum Projekt<\/h2>\n\n\n\n<p><strong>Projektart: <\/strong>Internationales Projekt&nbsp;<\/p>\n\n\n\n<p><strong>Projektlaufzeit: <\/strong>2024\u20132026<\/p>\n\n\n\n<p><strong>Partnerorganisationen:<\/strong>&nbsp;<\/p>\n\n\n\n<ul class=\"wp-block-list\">\n<li>Meta4 Innovations e. U.<\/li>\n\n\n\n<li>University of Nicosia<\/li>\n\n\n\n<li>CENTER ZA IZOBRAZEVANJE IN KULTURO TREBNJE JAVNI ZAVOD<\/li>\n\n\n\n<li>The Rural Hub CLG<\/li>\n\n\n\n<li>CARDET360 SINGLE MEMBER P.C.<\/li>\n\n\n\n<li>SVEB Schweizerischer Verband f\u00fcr Weiterbildung<\/li>\n<\/ul>\n\n\n\n<p><strong>Projektwebsite: <\/strong>im Aufbau<\/p>\n\n\n\n<p><strong>Projektnummer:<\/strong> 2024-1-AT01-KA220-ADU-000254167<\/p>\n\n\n\n<p><strong>Finanzierung:<\/strong>\u202f<a href=\"https:\/\/www.movetia.ch\/&quot; \/t &quot;_blank\" target=\"_blank\" rel=\"noreferrer noopener\">Movetia<\/a>,\u202f<a href=\"https:\/\/www.erasmusplus.de\/&quot; \/t &quot;_blank\" target=\"_blank\" rel=\"noreferrer noopener\">Erasmus+<\/a>&nbsp;<\/p>\n<\/div>\n\n\n\n<div class=\"wp-block-column is-layout-flow wp-block-column-is-layout-flow\">\n<h2 class=\"wp-block-heading\">Dokumente<\/h2>\n\n\n\n<div class=\"wp-block-buttons is-layout-flex wp-block-buttons-is-layout-flex\">\n<div class=\"wp-block-button has-custom-width wp-block-button__width-100 is-style-outline is-style-outline--1\"><a class=\"wp-block-button__link wp-element-button\">noch keine Dokumente zu diesem Projekt<\/a><\/div>\n<\/div>\n<\/div>\n<\/div>\n\n\n\n<div class=\"wp-block-group is-style-border-box is-layout-flow wp-block-group-is-layout-flow\">\n<div class=\"wp-block-columns is-layout-flex wp-container-core-columns-is-layout-28f84493 wp-block-columns-is-layout-flex\">\n<div class=\"wp-block-column is-layout-flow wp-block-column-is-layout-flow\">\n<figure class=\"wp-block-image size-full is-style-no-border\"><a href=\"https:\/\/www.movetia.ch\/\" target=\"_blank\" rel=\"noreferrer noopener\"><img decoding=\"async\" width=\"600\" height=\"88\" src=\"https:\/\/alice.ch\/app\/uploads\/2022\/08\/test-finanzierung.png\" alt=\"\" class=\"wp-image-4381\" srcset=\"https:\/\/alice.ch\/app\/uploads\/2022\/08\/test-finanzierung.png 600w, https:\/\/alice.ch\/app\/uploads\/2022\/08\/test-finanzierung-300x44.png 300w\" sizes=\"(max-width: 600px) 100vw, 600px\" \/><\/a><\/figure>\n\n\n\n<figure class=\"wp-block-image size-full is-resized is-style-no-border\"><a href=\"https:\/\/erasmus-plus.ec.europa.eu\/\" target=\"_blank\" rel=\"noreferrer noopener\"><img decoding=\"async\" width=\"328\" height=\"73\" src=\"https:\/\/alice.ch\/app\/uploads\/2022\/12\/logo_erasmus_.png\" alt=\"\" class=\"wp-image-33563\" srcset=\"https:\/\/alice.ch\/app\/uploads\/2022\/12\/logo_erasmus_.png 328w, https:\/\/alice.ch\/app\/uploads\/2022\/12\/logo_erasmus_-300x67.png 300w\" sizes=\"(max-width: 328px) 100vw, 328px\" \/><\/a><\/figure>\n<\/div>\n\n\n\n<div class=\"wp-block-column is-layout-flow wp-block-column-is-layout-flow\">\n<p>Dieses Projekt wird von Movetia finanziell unterst\u00fctzt.&nbsp;Movetia&nbsp;f\u00f6rdert Austausch, Mobilit\u00e4t und Kooperation in der Aus- und Weiterbildung sowie in der Jugendarbeit \u2013 in der Schweiz, in Europa und weltweit.&nbsp;<a href=\"https:\/\/www.movetia.ch\/\" target=\"_blank\" rel=\"noreferrer noopener\">www.movetia.ch<\/a><\/p>\n<\/div>\n<\/div>\n<\/div>\n\n\n\n<div class=\"wp-block-group is-style-default is-layout-flow wp-block-group-is-layout-flow\">\n<h2 class=\"wp-block-heading\">Kontakt<\/h2>\n\n\n\n<div class=\"wp-block-columns is-layout-flex wp-container-core-columns-is-layout-28f84493 wp-block-columns-is-layout-flex\">\n<div class=\"wp-block-column is-layout-flow wp-block-column-is-layout-flow\" style=\"flex-basis:50%\"><div class=\"contact-persons\">\n\n\t\t\t\t\t<div class=\"contact-person\">\n\t\t\t\t\tMarianne M\u00fcller<br \/>\t\t\t\t\tProjektleiterin Forschung und Internationales<br \/>\t\t\t\t\t<br \/>\n\t\t\t\t\t\t\t\t\t\t<a href=\"tel:+41 (0)44 319 71 67\">+41 (0)44 319 71 67<\/a><br \/>\t\t\t\t\t<a href=\"mailto:marianne.mueller@alice.ch\">marianne.mueller@alice.ch<\/a><br \/>\t\t\t\t\t<\/div>\n\t\t\t\t\t<\/div>\n<\/div>\n\n\n\n<div class=\"wp-block-column is-layout-flow wp-block-column-is-layout-flow\" style=\"flex-basis:50%\"><\/div>\n<\/div>\n<\/div>\n<\/div>\n<\/div>\n","protected":false},"featured_media":69432,"template":"","meta":{"_acf_changed":false,"inline_featured_image":false,"footnotes":""},"project-category":[65],"project-tag":[],"project-region":[204],"global-category":[52,398,46,366,42],"class_list":["post-69357","project","type-project","status-publish","has-post-thumbnail","hentry","project-category-digitalisierung","project-region-eu","global-category-digitalisierung","global-category-digitalli","global-category-eu-projekte","global-category-ki-in-der-weiterbildung","global-category-professionalisierung"],"acf":[],"yoast_head":"<!-- This site is optimized with the Yoast SEO plugin v27.3 - https:\/\/yoast.com\/product\/yoast-seo-wordpress\/ -->\n<title>DIGITALLI - Digital Strategies for Lifelong Learning Institutions - SVEB<\/title>\n<meta name=\"description\" content=\"DIGITALLI st\u00e4rkt Weiterbildungsorganisationen bei der digitalen Transformation \u2013 mit Toolkit, Expertentool und Trainings f\u00fcr digitale Kompetenzen.\" \/>\n<meta name=\"robots\" content=\"index, follow, max-snippet:-1, max-image-preview:large, max-video-preview:-1\" \/>\n<link rel=\"canonical\" href=\"https:\/\/alice.ch\/de\/project\/digitalli-digital-strategies-for-lifelong-learning-institutions\/\" \/>\n<meta property=\"og:locale\" content=\"de_DE\" \/>\n<meta property=\"og:type\" content=\"article\" \/>\n<meta property=\"og:title\" content=\"DIGITALLI - Digital Strategies for Lifelong Learning Institutions - SVEB\" \/>\n<meta property=\"og:description\" content=\"DIGITALLI st\u00e4rkt Weiterbildungsorganisationen bei der digitalen Transformation \u2013 mit Toolkit, Expertentool und Trainings f\u00fcr digitale Kompetenzen.\" \/>\n<meta property=\"og:url\" content=\"https:\/\/alice.ch\/de\/project\/digitalli-digital-strategies-for-lifelong-learning-institutions\/\" \/>\n<meta property=\"og:site_name\" content=\"SVEB\" \/>\n<meta property=\"article:modified_time\" content=\"2025-09-16T08:43:06+00:00\" \/>\n<meta property=\"og:image\" content=\"https:\/\/alice.ch\/app\/uploads\/2025\/07\/digitalli-project-logo.png\" \/>\n\t<meta property=\"og:image:width\" content=\"930\" \/>\n\t<meta property=\"og:image:height\" content=\"535\" \/>\n\t<meta property=\"og:image:type\" content=\"image\/png\" \/>\n<meta name=\"twitter:card\" content=\"summary_large_image\" \/>\n<meta name=\"twitter:label1\" content=\"Gesch\u00e4tzte Lesezeit\" \/>\n\t<meta name=\"twitter:data1\" content=\"3\u00a0Minuten\" \/>\n<script type=\"application\/ld+json\" class=\"yoast-schema-graph\">{\"@context\":\"https:\\\/\\\/schema.org\",\"@graph\":[{\"@type\":\"WebPage\",\"@id\":\"https:\\\/\\\/alice.ch\\\/de\\\/project\\\/digitalli-digital-strategies-for-lifelong-learning-institutions\\\/\",\"url\":\"https:\\\/\\\/alice.ch\\\/de\\\/project\\\/digitalli-digital-strategies-for-lifelong-learning-institutions\\\/\",\"name\":\"DIGITALLI - Digital Strategies for Lifelong Learning Institutions - SVEB\",\"isPartOf\":{\"@id\":\"https:\\\/\\\/alice.ch\\\/de\\\/#website\"},\"primaryImageOfPage\":{\"@id\":\"https:\\\/\\\/alice.ch\\\/de\\\/project\\\/digitalli-digital-strategies-for-lifelong-learning-institutions\\\/#primaryimage\"},\"image\":{\"@id\":\"https:\\\/\\\/alice.ch\\\/de\\\/project\\\/digitalli-digital-strategies-for-lifelong-learning-institutions\\\/#primaryimage\"},\"thumbnailUrl\":\"https:\\\/\\\/alice.ch\\\/app\\\/uploads\\\/2025\\\/07\\\/digitalli-project-logo.png\",\"datePublished\":\"2025-07-08T15:59:44+00:00\",\"dateModified\":\"2025-09-16T08:43:06+00:00\",\"description\":\"DIGITALLI st\u00e4rkt Weiterbildungsorganisationen bei der digitalen Transformation \u2013 mit Toolkit, Expertentool und Trainings f\u00fcr digitale Kompetenzen.\",\"breadcrumb\":{\"@id\":\"https:\\\/\\\/alice.ch\\\/de\\\/project\\\/digitalli-digital-strategies-for-lifelong-learning-institutions\\\/#breadcrumb\"},\"inLanguage\":\"de\",\"potentialAction\":[{\"@type\":\"ReadAction\",\"target\":[\"https:\\\/\\\/alice.ch\\\/de\\\/project\\\/digitalli-digital-strategies-for-lifelong-learning-institutions\\\/\"]}]},{\"@type\":\"ImageObject\",\"inLanguage\":\"de\",\"@id\":\"https:\\\/\\\/alice.ch\\\/de\\\/project\\\/digitalli-digital-strategies-for-lifelong-learning-institutions\\\/#primaryimage\",\"url\":\"https:\\\/\\\/alice.ch\\\/app\\\/uploads\\\/2025\\\/07\\\/digitalli-project-logo.png\",\"contentUrl\":\"https:\\\/\\\/alice.ch\\\/app\\\/uploads\\\/2025\\\/07\\\/digitalli-project-logo.png\",\"width\":930,\"height\":535},{\"@type\":\"BreadcrumbList\",\"@id\":\"https:\\\/\\\/alice.ch\\\/de\\\/project\\\/digitalli-digital-strategies-for-lifelong-learning-institutions\\\/#breadcrumb\",\"itemListElement\":[{\"@type\":\"ListItem\",\"position\":1,\"name\":\"Startseite\",\"item\":\"https:\\\/\\\/alice.ch\\\/de\\\/\"},{\"@type\":\"ListItem\",\"position\":2,\"name\":\"Projekte\",\"item\":\"https:\\\/\\\/alice.ch\\\/de\\\/project\\\/\"},{\"@type\":\"ListItem\",\"position\":3,\"name\":\"DIGITALLI &#8211; Digital Strategies for Lifelong Learning Institutions\"}]},{\"@type\":\"WebSite\",\"@id\":\"https:\\\/\\\/alice.ch\\\/de\\\/#website\",\"url\":\"https:\\\/\\\/alice.ch\\\/de\\\/\",\"name\":\"alice.ch (Adult Learning Information Center) ist das Portal der Weiterbildung in der Schweiz.\",\"description\":\"Schweizerischer Verband f\u00fcr Weiterbildung\",\"publisher\":{\"@id\":\"https:\\\/\\\/alice.ch\\\/de\\\/#organization\"},\"potentialAction\":[{\"@type\":\"SearchAction\",\"target\":{\"@type\":\"EntryPoint\",\"urlTemplate\":\"https:\\\/\\\/alice.ch\\\/de\\\/?s={search_term_string}\"},\"query-input\":{\"@type\":\"PropertyValueSpecification\",\"valueRequired\":true,\"valueName\":\"search_term_string\"}}],\"inLanguage\":\"de\"},{\"@type\":\"Organization\",\"@id\":\"https:\\\/\\\/alice.ch\\\/de\\\/#organization\",\"name\":\"SVEB Schweizerischer Verband f\u00fcr Weiterbildung\",\"url\":\"https:\\\/\\\/alice.ch\\\/de\\\/\",\"logo\":{\"@type\":\"ImageObject\",\"inLanguage\":\"de\",\"@id\":\"https:\\\/\\\/alice.ch\\\/de\\\/#\\\/schema\\\/logo\\\/image\\\/\",\"url\":\"https:\\\/\\\/alice.ch\\\/app\\\/uploads\\\/2022\\\/07\\\/logo-sveb.png\",\"contentUrl\":\"https:\\\/\\\/alice.ch\\\/app\\\/uploads\\\/2022\\\/07\\\/logo-sveb.png\",\"width\":145,\"height\":64,\"caption\":\"SVEB Schweizerischer Verband f\u00fcr Weiterbildung\"},\"image\":{\"@id\":\"https:\\\/\\\/alice.ch\\\/de\\\/#\\\/schema\\\/logo\\\/image\\\/\"},\"sameAs\":[\"https:\\\/\\\/www.linkedin.com\\\/company\\\/schweizerischer-verband-fr-weiterbildung-sveb\\\/\"]}]}<\/script>\n<!-- \/ Yoast SEO plugin. -->","yoast_head_json":{"title":"DIGITALLI - Digital Strategies for Lifelong Learning Institutions - SVEB","description":"DIGITALLI st\u00e4rkt Weiterbildungsorganisationen bei der digitalen Transformation \u2013 mit Toolkit, Expertentool und Trainings f\u00fcr digitale Kompetenzen.","robots":{"index":"index","follow":"follow","max-snippet":"max-snippet:-1","max-image-preview":"max-image-preview:large","max-video-preview":"max-video-preview:-1"},"canonical":"https:\/\/alice.ch\/de\/project\/digitalli-digital-strategies-for-lifelong-learning-institutions\/","og_locale":"de_DE","og_type":"article","og_title":"DIGITALLI - Digital Strategies for Lifelong Learning Institutions - SVEB","og_description":"DIGITALLI st\u00e4rkt Weiterbildungsorganisationen bei der digitalen Transformation \u2013 mit Toolkit, Expertentool und Trainings f\u00fcr digitale Kompetenzen.","og_url":"https:\/\/alice.ch\/de\/project\/digitalli-digital-strategies-for-lifelong-learning-institutions\/","og_site_name":"SVEB","article_modified_time":"2025-09-16T08:43:06+00:00","og_image":[{"width":930,"height":535,"url":"https:\/\/alice.ch\/app\/uploads\/2025\/07\/digitalli-project-logo.png","type":"image\/png"}],"twitter_card":"summary_large_image","twitter_misc":{"Gesch\u00e4tzte Lesezeit":"3\u00a0Minuten"},"schema":{"@context":"https:\/\/schema.org","@graph":[{"@type":"WebPage","@id":"https:\/\/alice.ch\/de\/project\/digitalli-digital-strategies-for-lifelong-learning-institutions\/","url":"https:\/\/alice.ch\/de\/project\/digitalli-digital-strategies-for-lifelong-learning-institutions\/","name":"DIGITALLI - Digital Strategies for Lifelong Learning Institutions - SVEB","isPartOf":{"@id":"https:\/\/alice.ch\/de\/#website"},"primaryImageOfPage":{"@id":"https:\/\/alice.ch\/de\/project\/digitalli-digital-strategies-for-lifelong-learning-institutions\/#primaryimage"},"image":{"@id":"https:\/\/alice.ch\/de\/project\/digitalli-digital-strategies-for-lifelong-learning-institutions\/#primaryimage"},"thumbnailUrl":"https:\/\/alice.ch\/app\/uploads\/2025\/07\/digitalli-project-logo.png","datePublished":"2025-07-08T15:59:44+00:00","dateModified":"2025-09-16T08:43:06+00:00","description":"DIGITALLI st\u00e4rkt Weiterbildungsorganisationen bei der digitalen Transformation \u2013 mit Toolkit, Expertentool und Trainings f\u00fcr digitale Kompetenzen.","breadcrumb":{"@id":"https:\/\/alice.ch\/de\/project\/digitalli-digital-strategies-for-lifelong-learning-institutions\/#breadcrumb"},"inLanguage":"de","potentialAction":[{"@type":"ReadAction","target":["https:\/\/alice.ch\/de\/project\/digitalli-digital-strategies-for-lifelong-learning-institutions\/"]}]},{"@type":"ImageObject","inLanguage":"de","@id":"https:\/\/alice.ch\/de\/project\/digitalli-digital-strategies-for-lifelong-learning-institutions\/#primaryimage","url":"https:\/\/alice.ch\/app\/uploads\/2025\/07\/digitalli-project-logo.png","contentUrl":"https:\/\/alice.ch\/app\/uploads\/2025\/07\/digitalli-project-logo.png","width":930,"height":535},{"@type":"BreadcrumbList","@id":"https:\/\/alice.ch\/de\/project\/digitalli-digital-strategies-for-lifelong-learning-institutions\/#breadcrumb","itemListElement":[{"@type":"ListItem","position":1,"name":"Startseite","item":"https:\/\/alice.ch\/de\/"},{"@type":"ListItem","position":2,"name":"Projekte","item":"https:\/\/alice.ch\/de\/project\/"},{"@type":"ListItem","position":3,"name":"DIGITALLI &#8211; Digital Strategies for Lifelong Learning Institutions"}]},{"@type":"WebSite","@id":"https:\/\/alice.ch\/de\/#website","url":"https:\/\/alice.ch\/de\/","name":"alice.ch (Adult Learning Information Center) ist das Portal der Weiterbildung in der Schweiz.","description":"Schweizerischer Verband f\u00fcr Weiterbildung","publisher":{"@id":"https:\/\/alice.ch\/de\/#organization"},"potentialAction":[{"@type":"SearchAction","target":{"@type":"EntryPoint","urlTemplate":"https:\/\/alice.ch\/de\/?s={search_term_string}"},"query-input":{"@type":"PropertyValueSpecification","valueRequired":true,"valueName":"search_term_string"}}],"inLanguage":"de"},{"@type":"Organization","@id":"https:\/\/alice.ch\/de\/#organization","name":"SVEB Schweizerischer Verband f\u00fcr Weiterbildung","url":"https:\/\/alice.ch\/de\/","logo":{"@type":"ImageObject","inLanguage":"de","@id":"https:\/\/alice.ch\/de\/#\/schema\/logo\/image\/","url":"https:\/\/alice.ch\/app\/uploads\/2022\/07\/logo-sveb.png","contentUrl":"https:\/\/alice.ch\/app\/uploads\/2022\/07\/logo-sveb.png","width":145,"height":64,"caption":"SVEB Schweizerischer Verband f\u00fcr Weiterbildung"},"image":{"@id":"https:\/\/alice.ch\/de\/#\/schema\/logo\/image\/"},"sameAs":["https:\/\/www.linkedin.com\/company\/schweizerischer-verband-fr-weiterbildung-sveb\/"]}]}},"_links":{"self":[{"href":"https:\/\/alice.ch\/de\/wp-json\/wp\/v2\/project\/69357","targetHints":{"allow":["GET"]}}],"collection":[{"href":"https:\/\/alice.ch\/de\/wp-json\/wp\/v2\/project"}],"about":[{"href":"https:\/\/alice.ch\/de\/wp-json\/wp\/v2\/types\/project"}],"version-history":[{"count":4,"href":"https:\/\/alice.ch\/de\/wp-json\/wp\/v2\/project\/69357\/revisions"}],"predecessor-version":[{"id":69563,"href":"https:\/\/alice.ch\/de\/wp-json\/wp\/v2\/project\/69357\/revisions\/69563"}],"wp:featuredmedia":[{"embeddable":true,"href":"https:\/\/alice.ch\/de\/wp-json\/wp\/v2\/media\/69432"}],"wp:attachment":[{"href":"https:\/\/alice.ch\/de\/wp-json\/wp\/v2\/media?parent=69357"}],"wp:term":[{"taxonomy":"project-category","embeddable":true,"href":"https:\/\/alice.ch\/de\/wp-json\/wp\/v2\/project-category?post=69357"},{"taxonomy":"project-tag","embeddable":true,"href":"https:\/\/alice.ch\/de\/wp-json\/wp\/v2\/project-tag?post=69357"},{"taxonomy":"project-region","embeddable":true,"href":"https:\/\/alice.ch\/de\/wp-json\/wp\/v2\/project-region?post=69357"},{"taxonomy":"global-category","embeddable":true,"href":"https:\/\/alice.ch\/de\/wp-json\/wp\/v2\/global-category?post=69357"}],"curies":[{"name":"wp","href":"https:\/\/api.w.org\/{rel}","templated":true}]}}