{"id":69882,"date":"2025-09-18T13:59:18","date_gmt":"2025-09-18T11:59:18","guid":{"rendered":"https:\/\/alice.ch\/?post_type=project&#038;p=69882"},"modified":"2025-12-10T19:20:16","modified_gmt":"2025-12-10T18:20:16","slug":"unesco-learning-cities","status":"publish","type":"project","link":"https:\/\/alice.ch\/de\/project\/unesco-learning-cities\/","title":{"rendered":"UNESCO Learning Cities"},"content":{"rendered":"\n<div class=\"wp-block-group is-layout-flow wp-block-group-is-layout-flow\">\n<div class=\"wp-block-group is-style-reduced-width is-layout-flow wp-block-group-is-layout-flow\">\n<h2 class=\"wp-block-heading\">St\u00e4dte auf der ganzen Welt bekennen sich dazu, das inklusive Lernen in allen Bildungsbereichen zu f\u00f6rdern<\/h2>\n\n\n\n<h2 class=\"wp-block-heading\">Kurzbeschreibung<\/h2>\n\n\n\n<p>Hinter den&nbsp;Learing&nbsp;Cities steht die&nbsp;Organisation der Vereinten Nationen f\u00fcr Erziehung, Wissenschaft und Kultur&nbsp;UNESCO. Dessen&nbsp;Institut f\u00fcr Lebenslanges Lernen (UIL)&nbsp;koordiniert das&nbsp;UNESCO Global Network&nbsp;of&nbsp;Learning Cities (GNLC).&nbsp;Dieses soll&nbsp;Inspiration und&nbsp;den&nbsp;Austausch von Best Practices&nbsp;bieten, Partnerschaften f\u00f6rdern und&nbsp;gemeinsame Lernprozesse&nbsp;anstossen. Das GNLC stellt ausserdem&nbsp;Werkzeuge und Instrumente zum Monitoring und zur Weiterentwicklung von Learning Cities.&nbsp;Im Netzwerk haben sich bis dato \u00fcber 350 St\u00e4dte&nbsp;aus&nbsp;fast 80 L\u00e4ndern zusammengeschlossen.<\/p>\n\n\n\n<p>Indem die Stadt das Potential der Bildung nutzt, st\u00e4rkt sie etwa den sozialen Zusammenhalt und die Inklusion, die wirtschaftliche und kulturelle Entwicklung und leistet einen Beitrag zur Nachhaltigkeit.<br><\/p>\n\n\n\n<h2 class=\"wp-block-heading\">Ziele<\/h2>\n\n\n\n<p>Learning Cities wurden geschaffen, um den grossen Herausforderungen urbaner R\u00e4ume wie soziale Ungleichheit, kulturelle Vielfalt, Umweltprobleme oder Demokratief\u00e4higkeit durch lebenslanges Lernen zu begegnen.<\/p>\n\n\n\n<p>F\u00fcr die&nbsp;Bev\u00f6lkerung&nbsp;steht die&nbsp;F\u00f6rderung von Inklusion, Zugang und Chancengleichheit&nbsp;im Zentrum, besonders f\u00fcr vulnerable Gruppen \u2013 z.\u202fB. Migrantinnen&nbsp;und Migranten, \u00e4ltere Menschen&nbsp;oderMenschen mit Behinderungen.&nbsp;Aber auch Ressourcen werden geb\u00fcndelt und&nbsp;die lokale Wirtschaft und Kultur gest\u00e4rkt. Bildung als Motor bringt die Learning Cities voran und st\u00e4rkt sie auch demokratisch.<\/p>\n\n\n\n<p>Bisher ist Lausanne die einzige Learning City der Schweiz. Der SVEB setzt sich daf\u00fcr ein, dass sich auch weitere St\u00e4dte der Schweiz zu Learning Cities bekennen. <\/p>\n\n\n\n<div class=\"wp-block-columns is-layout-flex wp-container-core-columns-is-layout-28f84493 wp-block-columns-is-layout-flex\">\n<div class=\"wp-block-column is-layout-flow wp-block-column-is-layout-flow\">\n<h2 class=\"wp-block-heading\">Eckdaten zum Projekt<\/h2>\n\n\n\n<p><strong>Projektart: <\/strong>Internationales Projekt&nbsp;<\/p>\n<\/div>\n\n\n\n<div class=\"wp-block-column is-layout-flow wp-block-column-is-layout-flow\">\n<h2 class=\"wp-block-heading\">News aus dem Projekt<\/h2>\n\n\n\n<div class=\"wp-block-buttons is-layout-flex wp-block-buttons-is-layout-flex\">\n<div class=\"wp-block-button has-custom-width wp-block-button__width-100 is-style-outline is-style-outline--1\"><a class=\"wp-block-button__link wp-element-button\" href=\"https:\/\/alice.ch\/de\/news\/die-schweiz-braucht-mehr-learning-cities\">Die Schweiz braucht mehr Learning Cities<\/a><\/div>\n<\/div>\n\n\n\n<h2 class=\"wp-block-heading\">Link<\/h2>\n\n\n\n<div class=\"wp-block-buttons is-layout-flex wp-block-buttons-is-layout-flex\">\n<div class=\"wp-block-button has-custom-width wp-block-button__width-100 is-style-outline is-style-outline--2\"><a class=\"wp-block-button__link wp-element-button\" href=\"https:\/\/www.uil.unesco.org\/en\/learning-cities\" target=\"_blank\" rel=\"noreferrer noopener\">UNESCO Global Network of Learning Cities<\/a><\/div>\n<\/div>\n<\/div>\n<\/div>\n\n\n\n<div class=\"wp-block-group is-style-default is-layout-flow wp-block-group-is-layout-flow\">\n<h2 class=\"wp-block-heading\">Kontakt<\/h2>\n\n\n\n<div class=\"wp-block-columns is-layout-flex wp-container-core-columns-is-layout-28f84493 wp-block-columns-is-layout-flex\">\n<div class=\"wp-block-column is-layout-flow wp-block-column-is-layout-flow\" style=\"flex-basis:50%\"><div class=\"contact-persons\">\n\n\t\t\t\t\t<div class=\"contact-person\">\n\t\t\t\t\tCaroline Meier Quevedo<br \/>\t\t\t\t\tLeiterin Gesch\u00e4ftsstelle Westschweiz<br \/>\t\t\t\t\t<br \/>\n\t\t\t\t\t\t\t\t\t\t<a href=\"tel:+41 (0)22 994 20 10\">+41 (0)22 994 20 10<\/a><br \/>\t\t\t\t\t<a href=\"mailto:caroline.meier@alice.ch\">caroline.meier@alice.ch<\/a><br \/>\t\t\t\t\t<\/div>\n\t\t\t\t\t<\/div>\n<\/div>\n\n\n\n<div class=\"wp-block-column is-layout-flow wp-block-column-is-layout-flow\" style=\"flex-basis:50%\"><\/div>\n<\/div>\n<\/div>\n<\/div>\n<\/div>\n","protected":false},"featured_media":69884,"template":"","meta":{"_acf_changed":false,"inline_featured_image":false,"footnotes":""},"project-category":[66],"project-tag":[],"project-region":[216],"global-category":[53,50,42,43,54],"class_list":["post-69882","project","type-project","status-publish","has-post-thumbnail","hentry","project-category-weiterbildungssystem","project-region-ch","global-category-international","global-category-internationale-projekte","global-category-professionalisierung","global-category-qualitaet","global-category-weiterbildungssystem"],"acf":[],"yoast_head":"<!-- This site is optimized with the Yoast SEO plugin v27.3 - https:\/\/yoast.com\/product\/yoast-seo-wordpress\/ -->\n<title>UNESCO Learning Cities - SVEB<\/title>\n<meta name=\"description\" content=\"Das internationale Mobilit\u00e4tsprojekt erm\u00f6glicht internationalen Austausch und Vernetzung mit anderen Institutionen in der Erwachsenenbildung.\" \/>\n<meta name=\"robots\" content=\"index, follow, max-snippet:-1, max-image-preview:large, max-video-preview:-1\" \/>\n<link rel=\"canonical\" href=\"https:\/\/alice.ch\/de\/project\/unesco-learning-cities\/\" \/>\n<meta property=\"og:locale\" content=\"de_DE\" \/>\n<meta property=\"og:type\" content=\"article\" \/>\n<meta property=\"og:title\" content=\"UNESCO Learning Cities - SVEB\" \/>\n<meta property=\"og:description\" content=\"Das internationale Mobilit\u00e4tsprojekt erm\u00f6glicht internationalen Austausch und Vernetzung mit anderen Institutionen in der Erwachsenenbildung.\" \/>\n<meta property=\"og:url\" content=\"https:\/\/alice.ch\/de\/project\/unesco-learning-cities\/\" \/>\n<meta property=\"og:site_name\" content=\"SVEB\" \/>\n<meta property=\"article:modified_time\" content=\"2025-12-10T18:20:16+00:00\" \/>\n<meta property=\"og:image\" content=\"https:\/\/alice.ch\/app\/uploads\/2025\/08\/a-c-cdIz6Ddjp94-unsplash1.jpg\" \/>\n\t<meta property=\"og:image:width\" content=\"1200\" \/>\n\t<meta property=\"og:image:height\" content=\"627\" \/>\n\t<meta property=\"og:image:type\" content=\"image\/jpeg\" \/>\n<meta name=\"twitter:card\" content=\"summary_large_image\" \/>\n<meta name=\"twitter:label1\" content=\"Gesch\u00e4tzte Lesezeit\" \/>\n\t<meta name=\"twitter:data1\" content=\"3\u00a0Minuten\" \/>\n<script type=\"application\/ld+json\" class=\"yoast-schema-graph\">{\"@context\":\"https:\\\/\\\/schema.org\",\"@graph\":[{\"@type\":\"WebPage\",\"@id\":\"https:\\\/\\\/alice.ch\\\/de\\\/project\\\/unesco-learning-cities\\\/\",\"url\":\"https:\\\/\\\/alice.ch\\\/de\\\/project\\\/unesco-learning-cities\\\/\",\"name\":\"UNESCO Learning Cities - SVEB\",\"isPartOf\":{\"@id\":\"https:\\\/\\\/alice.ch\\\/de\\\/#website\"},\"primaryImageOfPage\":{\"@id\":\"https:\\\/\\\/alice.ch\\\/de\\\/project\\\/unesco-learning-cities\\\/#primaryimage\"},\"image\":{\"@id\":\"https:\\\/\\\/alice.ch\\\/de\\\/project\\\/unesco-learning-cities\\\/#primaryimage\"},\"thumbnailUrl\":\"https:\\\/\\\/alice.ch\\\/app\\\/uploads\\\/2025\\\/08\\\/a-c-cdIz6Ddjp94-unsplash1.jpg\",\"datePublished\":\"2025-09-18T11:59:18+00:00\",\"dateModified\":\"2025-12-10T18:20:16+00:00\",\"description\":\"Das internationale Mobilit\u00e4tsprojekt erm\u00f6glicht internationalen Austausch und Vernetzung mit anderen Institutionen in der Erwachsenenbildung.\",\"breadcrumb\":{\"@id\":\"https:\\\/\\\/alice.ch\\\/de\\\/project\\\/unesco-learning-cities\\\/#breadcrumb\"},\"inLanguage\":\"de\",\"potentialAction\":[{\"@type\":\"ReadAction\",\"target\":[\"https:\\\/\\\/alice.ch\\\/de\\\/project\\\/unesco-learning-cities\\\/\"]}]},{\"@type\":\"ImageObject\",\"inLanguage\":\"de\",\"@id\":\"https:\\\/\\\/alice.ch\\\/de\\\/project\\\/unesco-learning-cities\\\/#primaryimage\",\"url\":\"https:\\\/\\\/alice.ch\\\/app\\\/uploads\\\/2025\\\/08\\\/a-c-cdIz6Ddjp94-unsplash1.jpg\",\"contentUrl\":\"https:\\\/\\\/alice.ch\\\/app\\\/uploads\\\/2025\\\/08\\\/a-c-cdIz6Ddjp94-unsplash1.jpg\",\"width\":1200,\"height\":627},{\"@type\":\"BreadcrumbList\",\"@id\":\"https:\\\/\\\/alice.ch\\\/de\\\/project\\\/unesco-learning-cities\\\/#breadcrumb\",\"itemListElement\":[{\"@type\":\"ListItem\",\"position\":1,\"name\":\"Startseite\",\"item\":\"https:\\\/\\\/alice.ch\\\/de\\\/\"},{\"@type\":\"ListItem\",\"position\":2,\"name\":\"Projekte\",\"item\":\"https:\\\/\\\/alice.ch\\\/de\\\/project\\\/\"},{\"@type\":\"ListItem\",\"position\":3,\"name\":\"UNESCO Learning Cities\"}]},{\"@type\":\"WebSite\",\"@id\":\"https:\\\/\\\/alice.ch\\\/de\\\/#website\",\"url\":\"https:\\\/\\\/alice.ch\\\/de\\\/\",\"name\":\"alice.ch (Adult Learning Information Center) ist das Portal der Weiterbildung in der Schweiz.\",\"description\":\"Schweizerischer Verband f\u00fcr Weiterbildung\",\"publisher\":{\"@id\":\"https:\\\/\\\/alice.ch\\\/de\\\/#organization\"},\"potentialAction\":[{\"@type\":\"SearchAction\",\"target\":{\"@type\":\"EntryPoint\",\"urlTemplate\":\"https:\\\/\\\/alice.ch\\\/de\\\/?s={search_term_string}\"},\"query-input\":{\"@type\":\"PropertyValueSpecification\",\"valueRequired\":true,\"valueName\":\"search_term_string\"}}],\"inLanguage\":\"de\"},{\"@type\":\"Organization\",\"@id\":\"https:\\\/\\\/alice.ch\\\/de\\\/#organization\",\"name\":\"SVEB Schweizerischer Verband f\u00fcr Weiterbildung\",\"url\":\"https:\\\/\\\/alice.ch\\\/de\\\/\",\"logo\":{\"@type\":\"ImageObject\",\"inLanguage\":\"de\",\"@id\":\"https:\\\/\\\/alice.ch\\\/de\\\/#\\\/schema\\\/logo\\\/image\\\/\",\"url\":\"https:\\\/\\\/alice.ch\\\/app\\\/uploads\\\/2022\\\/07\\\/logo-sveb.png\",\"contentUrl\":\"https:\\\/\\\/alice.ch\\\/app\\\/uploads\\\/2022\\\/07\\\/logo-sveb.png\",\"width\":145,\"height\":64,\"caption\":\"SVEB Schweizerischer Verband f\u00fcr Weiterbildung\"},\"image\":{\"@id\":\"https:\\\/\\\/alice.ch\\\/de\\\/#\\\/schema\\\/logo\\\/image\\\/\"},\"sameAs\":[\"https:\\\/\\\/www.linkedin.com\\\/company\\\/schweizerischer-verband-fr-weiterbildung-sveb\\\/\"]}]}<\/script>\n<!-- \/ Yoast SEO plugin. -->","yoast_head_json":{"title":"UNESCO Learning Cities - SVEB","description":"Das internationale Mobilit\u00e4tsprojekt erm\u00f6glicht internationalen Austausch und Vernetzung mit anderen Institutionen in der Erwachsenenbildung.","robots":{"index":"index","follow":"follow","max-snippet":"max-snippet:-1","max-image-preview":"max-image-preview:large","max-video-preview":"max-video-preview:-1"},"canonical":"https:\/\/alice.ch\/de\/project\/unesco-learning-cities\/","og_locale":"de_DE","og_type":"article","og_title":"UNESCO Learning Cities - SVEB","og_description":"Das internationale Mobilit\u00e4tsprojekt erm\u00f6glicht internationalen Austausch und Vernetzung mit anderen Institutionen in der Erwachsenenbildung.","og_url":"https:\/\/alice.ch\/de\/project\/unesco-learning-cities\/","og_site_name":"SVEB","article_modified_time":"2025-12-10T18:20:16+00:00","og_image":[{"width":1200,"height":627,"url":"https:\/\/alice.ch\/app\/uploads\/2025\/08\/a-c-cdIz6Ddjp94-unsplash1.jpg","type":"image\/jpeg"}],"twitter_card":"summary_large_image","twitter_misc":{"Gesch\u00e4tzte Lesezeit":"3\u00a0Minuten"},"schema":{"@context":"https:\/\/schema.org","@graph":[{"@type":"WebPage","@id":"https:\/\/alice.ch\/de\/project\/unesco-learning-cities\/","url":"https:\/\/alice.ch\/de\/project\/unesco-learning-cities\/","name":"UNESCO Learning Cities - SVEB","isPartOf":{"@id":"https:\/\/alice.ch\/de\/#website"},"primaryImageOfPage":{"@id":"https:\/\/alice.ch\/de\/project\/unesco-learning-cities\/#primaryimage"},"image":{"@id":"https:\/\/alice.ch\/de\/project\/unesco-learning-cities\/#primaryimage"},"thumbnailUrl":"https:\/\/alice.ch\/app\/uploads\/2025\/08\/a-c-cdIz6Ddjp94-unsplash1.jpg","datePublished":"2025-09-18T11:59:18+00:00","dateModified":"2025-12-10T18:20:16+00:00","description":"Das internationale Mobilit\u00e4tsprojekt erm\u00f6glicht internationalen Austausch und Vernetzung mit anderen Institutionen in der Erwachsenenbildung.","breadcrumb":{"@id":"https:\/\/alice.ch\/de\/project\/unesco-learning-cities\/#breadcrumb"},"inLanguage":"de","potentialAction":[{"@type":"ReadAction","target":["https:\/\/alice.ch\/de\/project\/unesco-learning-cities\/"]}]},{"@type":"ImageObject","inLanguage":"de","@id":"https:\/\/alice.ch\/de\/project\/unesco-learning-cities\/#primaryimage","url":"https:\/\/alice.ch\/app\/uploads\/2025\/08\/a-c-cdIz6Ddjp94-unsplash1.jpg","contentUrl":"https:\/\/alice.ch\/app\/uploads\/2025\/08\/a-c-cdIz6Ddjp94-unsplash1.jpg","width":1200,"height":627},{"@type":"BreadcrumbList","@id":"https:\/\/alice.ch\/de\/project\/unesco-learning-cities\/#breadcrumb","itemListElement":[{"@type":"ListItem","position":1,"name":"Startseite","item":"https:\/\/alice.ch\/de\/"},{"@type":"ListItem","position":2,"name":"Projekte","item":"https:\/\/alice.ch\/de\/project\/"},{"@type":"ListItem","position":3,"name":"UNESCO Learning Cities"}]},{"@type":"WebSite","@id":"https:\/\/alice.ch\/de\/#website","url":"https:\/\/alice.ch\/de\/","name":"alice.ch (Adult Learning Information Center) ist das Portal der Weiterbildung in der Schweiz.","description":"Schweizerischer Verband f\u00fcr Weiterbildung","publisher":{"@id":"https:\/\/alice.ch\/de\/#organization"},"potentialAction":[{"@type":"SearchAction","target":{"@type":"EntryPoint","urlTemplate":"https:\/\/alice.ch\/de\/?s={search_term_string}"},"query-input":{"@type":"PropertyValueSpecification","valueRequired":true,"valueName":"search_term_string"}}],"inLanguage":"de"},{"@type":"Organization","@id":"https:\/\/alice.ch\/de\/#organization","name":"SVEB Schweizerischer Verband f\u00fcr Weiterbildung","url":"https:\/\/alice.ch\/de\/","logo":{"@type":"ImageObject","inLanguage":"de","@id":"https:\/\/alice.ch\/de\/#\/schema\/logo\/image\/","url":"https:\/\/alice.ch\/app\/uploads\/2022\/07\/logo-sveb.png","contentUrl":"https:\/\/alice.ch\/app\/uploads\/2022\/07\/logo-sveb.png","width":145,"height":64,"caption":"SVEB Schweizerischer Verband f\u00fcr Weiterbildung"},"image":{"@id":"https:\/\/alice.ch\/de\/#\/schema\/logo\/image\/"},"sameAs":["https:\/\/www.linkedin.com\/company\/schweizerischer-verband-fr-weiterbildung-sveb\/"]}]}},"_links":{"self":[{"href":"https:\/\/alice.ch\/de\/wp-json\/wp\/v2\/project\/69882","targetHints":{"allow":["GET"]}}],"collection":[{"href":"https:\/\/alice.ch\/de\/wp-json\/wp\/v2\/project"}],"about":[{"href":"https:\/\/alice.ch\/de\/wp-json\/wp\/v2\/types\/project"}],"version-history":[{"count":9,"href":"https:\/\/alice.ch\/de\/wp-json\/wp\/v2\/project\/69882\/revisions"}],"predecessor-version":[{"id":72533,"href":"https:\/\/alice.ch\/de\/wp-json\/wp\/v2\/project\/69882\/revisions\/72533"}],"wp:featuredmedia":[{"embeddable":true,"href":"https:\/\/alice.ch\/de\/wp-json\/wp\/v2\/media\/69884"}],"wp:attachment":[{"href":"https:\/\/alice.ch\/de\/wp-json\/wp\/v2\/media?parent=69882"}],"wp:term":[{"taxonomy":"project-category","embeddable":true,"href":"https:\/\/alice.ch\/de\/wp-json\/wp\/v2\/project-category?post=69882"},{"taxonomy":"project-tag","embeddable":true,"href":"https:\/\/alice.ch\/de\/wp-json\/wp\/v2\/project-tag?post=69882"},{"taxonomy":"project-region","embeddable":true,"href":"https:\/\/alice.ch\/de\/wp-json\/wp\/v2\/project-region?post=69882"},{"taxonomy":"global-category","embeddable":true,"href":"https:\/\/alice.ch\/de\/wp-json\/wp\/v2\/global-category?post=69882"}],"curies":[{"name":"wp","href":"https:\/\/api.w.org\/{rel}","templated":true}]}}