{"id":71787,"date":"2025-11-13T15:18:36","date_gmt":"2025-11-13T14:18:36","guid":{"rendered":"https:\/\/alice.ch\/?post_type=project&#038;p=71787"},"modified":"2025-11-17T16:21:53","modified_gmt":"2025-11-17T15:21:53","slug":"wer-nutzt-die-caffe-apprendo","status":"publish","type":"project","link":"https:\/\/alice.ch\/de\/project\/wer-nutzt-die-caffe-apprendo\/","title":{"rendered":"Wer nutzt die Caff\u00e8 APPrendo?\u202f\u00a0"},"content":{"rendered":"\n<p class=\"is-style-lead\">Studie \u00fcber die Nutzenden der Caff\u00e8 APPrendo im Kanton Tessin \u202f\u202f&nbsp;<\/p>\n\n\n\n<h2 class=\"wp-block-heading\">Kurzbeschreibung\u202f\u202f&nbsp;<\/h2>\n\n\n\n<p>Im Kanton Tessin sind in den letzten Jahren niederschwellige Lernorte mit Caf\u00e9-Atmosph\u00e4re entstanden \u2013 die sogenannten Caff\u00e8 APPrendo, die mit dem Konzept der \u00abLernstube\u00bb im Kanton Z\u00fcrich vergleichbar sind. Bisher k\u00f6nnen sich im Tessin die folgenden drei Lernorte als Caff\u00e8 APPrendo bezeichnen: <a href=\"https:\/\/www.lafilanda.ch\" target=\"_blank\" rel=\"noreferrer noopener\">La Filanda<\/a> in Mendrisio, la <a href=\"https:\/\/www.cittadeimestieri.ti.ch\/\" target=\"_blank\" rel=\"noreferrer noopener\">Citt\u00e0 dei mestieri<\/a> della Svizzera italiana in Bellinzona und <a href=\"https:\/\/www.lugano.ch\/temi-servizi\/lavoro-e-impresa\/trovare-lavoro\/spazio-lavoro\/\" target=\"_blank\" rel=\"noreferrer noopener\">Spazio lavoro e formazione<\/a> in Lugano. Sie bieten sowohl Beratung zu unterschiedlichen Themen als auch strukturierte Kurse, Workshops und informelle Lerngelegenheiten an. Bisher ist wenig bekannt \u00fcber die Zielgruppe: Wer besucht die Caff\u00e8 APPrendo? Welche Bed\u00fcrfnisse, Interessen und Erwartungen bringen diese Personen mit? Welche Bedingungen beg\u00fcnstigen oder erschweren die Teilnahme an den Lernangeboten der Caff\u00e8 APPrendo?\u202f\u00a0<\/p>\n\n\n\n<p>Um diese L\u00fccke zu schliessen, hat der Kanton Tessin (Ufficio della formazione continua e dell&#8217;innovazione UFCI) im Rahmen des kantonalen Programms zur F\u00f6rderung des Erwerbs und des Erhalts von Grundkompetenzen Erwachsener den SVEB <a href=\"https:\/\/www4.ti.ch\/decs\/dfp\/ufci\/cbda\/progetti\/caffe-apprendo\" target=\"_blank\" rel=\"noreferrer noopener\">mit einer Studie beauftragt<\/a>.\u202f\u202f\u202f&nbsp;<\/p>\n\n\n\n<h2 class=\"wp-block-heading\">Ziele\u202f\u202f&nbsp;<\/h2>\n\n\n\n<p>Die Studie soll eine umfassende \u00dcbersicht \u00fcber die Profile, Bed\u00fcrfnisse und Interessen der Nutzenden der Caff\u00e8 APPrendo liefern. Geplant sind eine Teilnehmendenbefragung bestehend aus einer schriftlichen Befragung und Telefoninterviews sowie Fokusgruppengespr\u00e4che mit dem Personal der Caff\u00e8 APPrendo.\u202f&nbsp;<\/p>\n\n\n\n<p>Die Erkenntnisse sind eine wichtige Grundlage, um die bestehenden Angebote der Caff\u00e8 APPrendo weiterzuentwickeln, besser an die Zielgruppe anzupassen und das Marketing gezielt zu optimieren.\u202f\u202f&nbsp;<\/p>\n\n\n\n<h2 class=\"wp-block-heading\">Resultate\u202f\u202f&nbsp;<\/h2>\n\n\n\n<ul class=\"wp-block-list\">\n<li>Forschungsbericht mit den Ergebnissen der Studie und Empfehlungen f\u00fcr die Weiterentwicklung der Lernangebote (it)\u202f&nbsp;<\/li>\n\n\n\n<li>Zusammenfassung der Ergebnisse in drei Sprachen (it\/d\/f)\u202f&nbsp;<\/li>\n\n\n\n<li>Austausch mit Deutschschweizer Lernstuben geplant\u202f\u202f&nbsp;<\/li>\n<\/ul>\n\n\n\n<h2 class=\"wp-block-heading\">Eckdaten zum Projekt\u202f\u202f&nbsp;<\/h2>\n\n\n\n<p><strong>Projektart:<\/strong> Nationales Projekt\u202f&nbsp;<\/p>\n\n\n\n<p><strong>Laufdauer:<\/strong> 2025\u20132026\u202f\u202f&nbsp;<\/p>\n\n\n\n<p><strong>Finanzierung:<\/strong> Ufficio della formazione continua e dell\u2019innovazione UFCI des Kantons Tessin\u202f\u202f&nbsp;<\/p>\n\n\n\n<h2 class=\"wp-block-heading\">Kontakt<\/h2>\n\n\n<div class=\"contact-persons\">\n\n\t\t\t\t\t<div class=\"contact-person\">\n\t\t\t\t\tAdea Barileva<br \/>\t\t\t\t\tProjektleiterin<br \/>\t\t\t\t\t<br \/>\n\t\t\t\t\t\t\t\t\t\t<a href=\"tel:+41 (0)44 319 71 68\">+41 (0)44 319 71 68<\/a><br \/>\t\t\t\t\t<a href=\"mailto:adea.barileva@alice.ch\">adea.barileva@alice.ch<\/a><br \/>\t\t\t\t\t<\/div>\n\t\t\t\t\t<\/div>\n","protected":false},"featured_media":71718,"template":"","meta":{"_acf_changed":false,"inline_featured_image":false,"footnotes":""},"project-category":[64],"project-tag":[],"project-region":[216],"global-category":[47],"class_list":["post-71787","project","type-project","status-publish","has-post-thumbnail","hentry","project-category-chancengleichheit","project-region-ch","global-category-forschung"],"acf":[],"yoast_head":"<!-- This site is optimized with the Yoast SEO plugin v27.3 - https:\/\/yoast.com\/product\/yoast-seo-wordpress\/ -->\n<title>Wer nutzt die Caff\u00e8 APPrendo?\u202f\u00a0 - SVEB<\/title>\n<meta name=\"robots\" content=\"index, follow, max-snippet:-1, max-image-preview:large, max-video-preview:-1\" \/>\n<link rel=\"canonical\" href=\"https:\/\/alice.ch\/de\/project\/wer-nutzt-die-caffe-apprendo\/\" \/>\n<meta property=\"og:locale\" content=\"de_DE\" \/>\n<meta property=\"og:type\" content=\"article\" \/>\n<meta property=\"og:title\" content=\"Wer nutzt die Caff\u00e8 APPrendo?\u202f\u00a0 - SVEB\" \/>\n<meta property=\"og:description\" content=\"Studie \u00fcber die Nutzenden der Caff\u00e8 APPrendo im Kanton Tessin \u202f\u202f&nbsp; Kurzbeschreibung\u202f\u202f&nbsp; Im Kanton Tessin sind in den letzten Jahren [&hellip;]\" \/>\n<meta property=\"og:url\" content=\"https:\/\/alice.ch\/de\/project\/wer-nutzt-die-caffe-apprendo\/\" \/>\n<meta property=\"og:site_name\" content=\"SVEB\" \/>\n<meta property=\"article:modified_time\" content=\"2025-11-17T15:21:53+00:00\" \/>\n<meta property=\"og:image\" content=\"https:\/\/alice.ch\/app\/uploads\/2025\/11\/giulia-squillace-IcH2T_pEN1M-unsplash1.jpg\" \/>\n\t<meta property=\"og:image:width\" content=\"1200\" \/>\n\t<meta property=\"og:image:height\" content=\"627\" \/>\n\t<meta property=\"og:image:type\" content=\"image\/jpeg\" \/>\n<meta name=\"twitter:card\" content=\"summary_large_image\" \/>\n<meta name=\"twitter:label1\" content=\"Gesch\u00e4tzte Lesezeit\" \/>\n\t<meta name=\"twitter:data1\" content=\"1\u00a0Minute\" \/>\n<script type=\"application\/ld+json\" class=\"yoast-schema-graph\">{\"@context\":\"https:\\\/\\\/schema.org\",\"@graph\":[{\"@type\":\"WebPage\",\"@id\":\"https:\\\/\\\/alice.ch\\\/de\\\/project\\\/wer-nutzt-die-caffe-apprendo\\\/\",\"url\":\"https:\\\/\\\/alice.ch\\\/de\\\/project\\\/wer-nutzt-die-caffe-apprendo\\\/\",\"name\":\"Wer nutzt die Caff\u00e8 APPrendo?\u202f\u00a0 - SVEB\",\"isPartOf\":{\"@id\":\"https:\\\/\\\/alice.ch\\\/de\\\/#website\"},\"primaryImageOfPage\":{\"@id\":\"https:\\\/\\\/alice.ch\\\/de\\\/project\\\/wer-nutzt-die-caffe-apprendo\\\/#primaryimage\"},\"image\":{\"@id\":\"https:\\\/\\\/alice.ch\\\/de\\\/project\\\/wer-nutzt-die-caffe-apprendo\\\/#primaryimage\"},\"thumbnailUrl\":\"https:\\\/\\\/alice.ch\\\/app\\\/uploads\\\/2025\\\/11\\\/giulia-squillace-IcH2T_pEN1M-unsplash1.jpg\",\"datePublished\":\"2025-11-13T14:18:36+00:00\",\"dateModified\":\"2025-11-17T15:21:53+00:00\",\"breadcrumb\":{\"@id\":\"https:\\\/\\\/alice.ch\\\/de\\\/project\\\/wer-nutzt-die-caffe-apprendo\\\/#breadcrumb\"},\"inLanguage\":\"de\",\"potentialAction\":[{\"@type\":\"ReadAction\",\"target\":[\"https:\\\/\\\/alice.ch\\\/de\\\/project\\\/wer-nutzt-die-caffe-apprendo\\\/\"]}]},{\"@type\":\"ImageObject\",\"inLanguage\":\"de\",\"@id\":\"https:\\\/\\\/alice.ch\\\/de\\\/project\\\/wer-nutzt-die-caffe-apprendo\\\/#primaryimage\",\"url\":\"https:\\\/\\\/alice.ch\\\/app\\\/uploads\\\/2025\\\/11\\\/giulia-squillace-IcH2T_pEN1M-unsplash1.jpg\",\"contentUrl\":\"https:\\\/\\\/alice.ch\\\/app\\\/uploads\\\/2025\\\/11\\\/giulia-squillace-IcH2T_pEN1M-unsplash1.jpg\",\"width\":1200,\"height\":627},{\"@type\":\"BreadcrumbList\",\"@id\":\"https:\\\/\\\/alice.ch\\\/de\\\/project\\\/wer-nutzt-die-caffe-apprendo\\\/#breadcrumb\",\"itemListElement\":[{\"@type\":\"ListItem\",\"position\":1,\"name\":\"Startseite\",\"item\":\"https:\\\/\\\/alice.ch\\\/de\\\/\"},{\"@type\":\"ListItem\",\"position\":2,\"name\":\"Projekte\",\"item\":\"https:\\\/\\\/alice.ch\\\/de\\\/project\\\/\"},{\"@type\":\"ListItem\",\"position\":3,\"name\":\"Wer nutzt die Caff\u00e8 APPrendo?\u202f\u00a0\"}]},{\"@type\":\"WebSite\",\"@id\":\"https:\\\/\\\/alice.ch\\\/de\\\/#website\",\"url\":\"https:\\\/\\\/alice.ch\\\/de\\\/\",\"name\":\"alice.ch (Adult Learning Information Center) ist das Portal der Weiterbildung in der Schweiz.\",\"description\":\"Schweizerischer Verband f\u00fcr Weiterbildung\",\"publisher\":{\"@id\":\"https:\\\/\\\/alice.ch\\\/de\\\/#organization\"},\"potentialAction\":[{\"@type\":\"SearchAction\",\"target\":{\"@type\":\"EntryPoint\",\"urlTemplate\":\"https:\\\/\\\/alice.ch\\\/de\\\/?s={search_term_string}\"},\"query-input\":{\"@type\":\"PropertyValueSpecification\",\"valueRequired\":true,\"valueName\":\"search_term_string\"}}],\"inLanguage\":\"de\"},{\"@type\":\"Organization\",\"@id\":\"https:\\\/\\\/alice.ch\\\/de\\\/#organization\",\"name\":\"SVEB Schweizerischer Verband f\u00fcr Weiterbildung\",\"url\":\"https:\\\/\\\/alice.ch\\\/de\\\/\",\"logo\":{\"@type\":\"ImageObject\",\"inLanguage\":\"de\",\"@id\":\"https:\\\/\\\/alice.ch\\\/de\\\/#\\\/schema\\\/logo\\\/image\\\/\",\"url\":\"https:\\\/\\\/alice.ch\\\/app\\\/uploads\\\/2022\\\/07\\\/logo-sveb.png\",\"contentUrl\":\"https:\\\/\\\/alice.ch\\\/app\\\/uploads\\\/2022\\\/07\\\/logo-sveb.png\",\"width\":145,\"height\":64,\"caption\":\"SVEB Schweizerischer Verband f\u00fcr Weiterbildung\"},\"image\":{\"@id\":\"https:\\\/\\\/alice.ch\\\/de\\\/#\\\/schema\\\/logo\\\/image\\\/\"},\"sameAs\":[\"https:\\\/\\\/www.linkedin.com\\\/company\\\/schweizerischer-verband-fr-weiterbildung-sveb\\\/\"]}]}<\/script>\n<!-- \/ Yoast SEO plugin. -->","yoast_head_json":{"title":"Wer nutzt die Caff\u00e8 APPrendo?\u202f\u00a0 - SVEB","robots":{"index":"index","follow":"follow","max-snippet":"max-snippet:-1","max-image-preview":"max-image-preview:large","max-video-preview":"max-video-preview:-1"},"canonical":"https:\/\/alice.ch\/de\/project\/wer-nutzt-die-caffe-apprendo\/","og_locale":"de_DE","og_type":"article","og_title":"Wer nutzt die Caff\u00e8 APPrendo?\u202f\u00a0 - SVEB","og_description":"Studie \u00fcber die Nutzenden der Caff\u00e8 APPrendo im Kanton Tessin \u202f\u202f&nbsp; Kurzbeschreibung\u202f\u202f&nbsp; Im Kanton Tessin sind in den letzten Jahren [&hellip;]","og_url":"https:\/\/alice.ch\/de\/project\/wer-nutzt-die-caffe-apprendo\/","og_site_name":"SVEB","article_modified_time":"2025-11-17T15:21:53+00:00","og_image":[{"width":1200,"height":627,"url":"https:\/\/alice.ch\/app\/uploads\/2025\/11\/giulia-squillace-IcH2T_pEN1M-unsplash1.jpg","type":"image\/jpeg"}],"twitter_card":"summary_large_image","twitter_misc":{"Gesch\u00e4tzte Lesezeit":"1\u00a0Minute"},"schema":{"@context":"https:\/\/schema.org","@graph":[{"@type":"WebPage","@id":"https:\/\/alice.ch\/de\/project\/wer-nutzt-die-caffe-apprendo\/","url":"https:\/\/alice.ch\/de\/project\/wer-nutzt-die-caffe-apprendo\/","name":"Wer nutzt die Caff\u00e8 APPrendo?\u202f\u00a0 - SVEB","isPartOf":{"@id":"https:\/\/alice.ch\/de\/#website"},"primaryImageOfPage":{"@id":"https:\/\/alice.ch\/de\/project\/wer-nutzt-die-caffe-apprendo\/#primaryimage"},"image":{"@id":"https:\/\/alice.ch\/de\/project\/wer-nutzt-die-caffe-apprendo\/#primaryimage"},"thumbnailUrl":"https:\/\/alice.ch\/app\/uploads\/2025\/11\/giulia-squillace-IcH2T_pEN1M-unsplash1.jpg","datePublished":"2025-11-13T14:18:36+00:00","dateModified":"2025-11-17T15:21:53+00:00","breadcrumb":{"@id":"https:\/\/alice.ch\/de\/project\/wer-nutzt-die-caffe-apprendo\/#breadcrumb"},"inLanguage":"de","potentialAction":[{"@type":"ReadAction","target":["https:\/\/alice.ch\/de\/project\/wer-nutzt-die-caffe-apprendo\/"]}]},{"@type":"ImageObject","inLanguage":"de","@id":"https:\/\/alice.ch\/de\/project\/wer-nutzt-die-caffe-apprendo\/#primaryimage","url":"https:\/\/alice.ch\/app\/uploads\/2025\/11\/giulia-squillace-IcH2T_pEN1M-unsplash1.jpg","contentUrl":"https:\/\/alice.ch\/app\/uploads\/2025\/11\/giulia-squillace-IcH2T_pEN1M-unsplash1.jpg","width":1200,"height":627},{"@type":"BreadcrumbList","@id":"https:\/\/alice.ch\/de\/project\/wer-nutzt-die-caffe-apprendo\/#breadcrumb","itemListElement":[{"@type":"ListItem","position":1,"name":"Startseite","item":"https:\/\/alice.ch\/de\/"},{"@type":"ListItem","position":2,"name":"Projekte","item":"https:\/\/alice.ch\/de\/project\/"},{"@type":"ListItem","position":3,"name":"Wer nutzt die Caff\u00e8 APPrendo?\u202f\u00a0"}]},{"@type":"WebSite","@id":"https:\/\/alice.ch\/de\/#website","url":"https:\/\/alice.ch\/de\/","name":"alice.ch (Adult Learning Information Center) ist das Portal der Weiterbildung in der Schweiz.","description":"Schweizerischer Verband f\u00fcr Weiterbildung","publisher":{"@id":"https:\/\/alice.ch\/de\/#organization"},"potentialAction":[{"@type":"SearchAction","target":{"@type":"EntryPoint","urlTemplate":"https:\/\/alice.ch\/de\/?s={search_term_string}"},"query-input":{"@type":"PropertyValueSpecification","valueRequired":true,"valueName":"search_term_string"}}],"inLanguage":"de"},{"@type":"Organization","@id":"https:\/\/alice.ch\/de\/#organization","name":"SVEB Schweizerischer Verband f\u00fcr Weiterbildung","url":"https:\/\/alice.ch\/de\/","logo":{"@type":"ImageObject","inLanguage":"de","@id":"https:\/\/alice.ch\/de\/#\/schema\/logo\/image\/","url":"https:\/\/alice.ch\/app\/uploads\/2022\/07\/logo-sveb.png","contentUrl":"https:\/\/alice.ch\/app\/uploads\/2022\/07\/logo-sveb.png","width":145,"height":64,"caption":"SVEB Schweizerischer Verband f\u00fcr Weiterbildung"},"image":{"@id":"https:\/\/alice.ch\/de\/#\/schema\/logo\/image\/"},"sameAs":["https:\/\/www.linkedin.com\/company\/schweizerischer-verband-fr-weiterbildung-sveb\/"]}]}},"_links":{"self":[{"href":"https:\/\/alice.ch\/de\/wp-json\/wp\/v2\/project\/71787","targetHints":{"allow":["GET"]}}],"collection":[{"href":"https:\/\/alice.ch\/de\/wp-json\/wp\/v2\/project"}],"about":[{"href":"https:\/\/alice.ch\/de\/wp-json\/wp\/v2\/types\/project"}],"version-history":[{"count":7,"href":"https:\/\/alice.ch\/de\/wp-json\/wp\/v2\/project\/71787\/revisions"}],"predecessor-version":[{"id":72151,"href":"https:\/\/alice.ch\/de\/wp-json\/wp\/v2\/project\/71787\/revisions\/72151"}],"wp:featuredmedia":[{"embeddable":true,"href":"https:\/\/alice.ch\/de\/wp-json\/wp\/v2\/media\/71718"}],"wp:attachment":[{"href":"https:\/\/alice.ch\/de\/wp-json\/wp\/v2\/media?parent=71787"}],"wp:term":[{"taxonomy":"project-category","embeddable":true,"href":"https:\/\/alice.ch\/de\/wp-json\/wp\/v2\/project-category?post=71787"},{"taxonomy":"project-tag","embeddable":true,"href":"https:\/\/alice.ch\/de\/wp-json\/wp\/v2\/project-tag?post=71787"},{"taxonomy":"project-region","embeddable":true,"href":"https:\/\/alice.ch\/de\/wp-json\/wp\/v2\/project-region?post=71787"},{"taxonomy":"global-category","embeddable":true,"href":"https:\/\/alice.ch\/de\/wp-json\/wp\/v2\/global-category?post=71787"}],"curies":[{"name":"wp","href":"https:\/\/api.w.org\/{rel}","templated":true}]}}