{"id":9855,"date":"2022-11-08T15:21:12","date_gmt":"2022-11-08T14:21:12","guid":{"rendered":"https:\/\/projects.atxeit.ch\/sveb\/?post_type=project&#038;p=9855"},"modified":"2023-01-24T16:34:00","modified_gmt":"2023-01-24T15:34:00","slug":"aba","status":"publish","type":"project","link":"https:\/\/alice.ch\/de\/project\/aba\/","title":{"rendered":"ABA"},"content":{"rendered":"\n<div class=\"wp-block-group is-layout-flow wp-block-group-is-layout-flow\">\n<div class=\"wp-block-group is-style-reduced-width is-layout-flow wp-block-group-is-layout-flow\">\n<p class=\"is-style-lead\">Anerkennung von Branchenzertifikaten auf dem Arbeitsmarkt (ehemals SEQ-Projekt)<\/p>\n\n\n\n<h2 class=\"wp-block-heading\">Kurzbeschreibung<\/h2>\n\n\n\n<p>Auf dem Arbeitsmarkt finden sich zahlreiche berufsorientierte Weiterbildungsabschl\u00fcsse. Nicht alle sind jedoch im gleichem Masse in der Arbeitswelt anerkannt. Im Vergleich zu den formalen Bildungsabschl\u00fcssen fehlt ein nationaler Rahmen, der die Vergleichbarkeit und Transparenz der verschiedenen Kompetenznachweise regelt. Dennoch konnten sich in verschiedenen Branchen viele spezifische Zertifikate etablieren. Diese Abschl\u00fcsse haben dank ihrer Anerkennung in den Branchen einen hohen Wert auf dem Arbeitsmarkt und tragen zu der Bek\u00e4mpfung des Fachkr\u00e4ftemangels bei.<\/p>\n\n\n\n<p>Das Projekt ABA fokussiert auf diese Branchenzertifikate und will erforschen, durch welche Faktoren und Bedingungen sie die hohe Anerkennung erreichen konnten. Dazu untersucht und vergleicht das Projekt den Wert von Branchenzertifikaten aus f\u00fcnf ausgew\u00e4hlten Branchen:<\/p>\n\n\n\n<ul class=\"wp-block-list\">\n<li>Elektroinstallation<\/li>\n\n\n\n<li>Schreinerei und M\u00f6belfabrikation<\/li>\n\n\n\n<li>Bewegung und Gesundheitsf\u00f6rderung<\/li>\n\n\n\n<li>Erwachsenenbildung<\/li>\n\n\n\n<li>Pflege und Betreuung<\/li>\n<\/ul>\n\n\n\n<p>Das Ziel der Analyse besteht darin, im Branchenvergleich die Faktoren und Bedingungen f\u00fcr einen hohen Wert non-formaler Abschl\u00fcsse zu eruieren. Dabei werden auch die Schwierigkeiten und Hindernisse erfasst, die ihre Anerkennung erschweren k\u00f6nnen.<\/p>\n\n\n\n<h2 class=\"wp-block-heading\">Resultate<\/h2>\n\n\n\n<ul class=\"wp-block-list\">\n<li>Analyse und Vergleich von Branchenzertifikaten in f\u00fcnf Branchen: Elektroinstallateure,&nbsp; Schreinermeister und M\u00f6belfabrikanten, Bewegung und Gesundheit, Erwachsenenbildung und Pflege und Betreuung<\/li>\n\n\n\n<li>Experteninterviews in den f\u00fcnf Branchen<\/li>\n\n\n\n<li>Online-Befragung von Betrieben in den f\u00fcnf Branchen<\/li>\n\n\n\n<li>Analyse und Erarbeitung von Handlungsempfehlungen<\/li>\n\n\n\n<li>Diskussion der Resultate und Empfehlungen in Fokusgruppen<\/li>\n\n\n\n<li>Schlussbericht und Dissemination<\/li>\n<\/ul>\n\n\n\n<div class=\"wp-block-columns is-layout-flex wp-container-core-columns-is-layout-28f84493 wp-block-columns-is-layout-flex\">\n<div class=\"wp-block-column is-layout-flow wp-block-column-is-layout-flow\">\n<h2 class=\"wp-block-heading\">Eckdaten zu ABA<\/h2>\n\n\n\n<p>Projektart: Nationales Projekt<\/p>\n\n\n\n<p>Laufdauer: 2016\u20132019<\/p>\n\n\n\n<p>Finanzierung:&nbsp;<a href=\"https:\/\/www.sbfi.admin.ch\/sbfi\/de\/home.html?_organization=1080\" target=\"_blank\" rel=\"noreferrer noopener\">Staatssekretariat f\u00fcr Bildung, Forschung und Innovation SBFI<\/a><\/p>\n\n\n\n<p><strong>Finanzierung:<\/strong>&nbsp;<a href=\"https:\/\/www.movetia.ch\/\" target=\"_blank\" rel=\"noreferrer noopener\">Movetia<\/a>,&nbsp;<a href=\"https:\/\/www.erasmusplus.de\/\" target=\"_blank\" rel=\"noreferrer noopener\">Erasmus+<\/a><\/p>\n<\/div>\n\n\n\n<div class=\"wp-block-column is-layout-flow wp-block-column-is-layout-flow\">\n<h2 class=\"wp-block-heading\">Schlussbericht<\/h2>\n\n\n\n<div class=\"wp-block-file\"><a id=\"wp-block-file--media-467a2a30-f4c6-49af-98e9-61d0d205e7c2\" href=\"https:\/\/alice.ch\/app\/uploads\/2022\/12\/190527_SVEB_ABA-Studie.pdf\" target=\"_blank\" rel=\"noreferrer noopener\">Die ABA-Studie<br \/>PDF &#8211; 555 KB<\/a><a href=\"https:\/\/alice.ch\/app\/uploads\/2022\/12\/190527_SVEB_ABA-Studie.pdf\" class=\"wp-block-file__button wp-element-button\" download aria-describedby=\"wp-block-file--media-467a2a30-f4c6-49af-98e9-61d0d205e7c2\">Herunterladen<br \/>PDF &#8211; 555 KB<\/a><\/div>\n<\/div>\n<\/div>\n\n\n\n<div class=\"wp-block-group is-style-default is-layout-flow wp-block-group-is-layout-flow\">\n<h2 class=\"wp-block-heading\">Kontakt<\/h2>\n\n\n\n<div class=\"wp-block-columns is-layout-flex wp-container-core-columns-is-layout-28f84493 wp-block-columns-is-layout-flex\">\n<div class=\"wp-block-column is-layout-flow wp-block-column-is-layout-flow\" style=\"flex-basis:50%\"><div class=\"contact-persons\">\n\n\t\t\t\t\t<div class=\"contact-person\">\n\t\t\t\t\tIrena Sgier<br \/>\t\t\t\t\t Stv. Direktorin, Leiterin Forschung, Entwicklung und Innovation<br \/>\t\t\t\t\t<br \/>\n\t\t\t\t\t\t\t\t\t\t<a href=\"tel:+41 (0)44 319 71 59\">+41 (0)44 319 71 59<\/a><br \/>\t\t\t\t\t<a href=\"mailto:irena.sgier@alice.ch\">irena.sgier@alice.ch<\/a><br \/>\t\t\t\t\t<\/div>\n\t\t\t\t\t<\/div>\n<\/div>\n\n\n\n<div class=\"wp-block-column is-layout-flow wp-block-column-is-layout-flow\" style=\"flex-basis:50%\"><\/div>\n<\/div>\n<\/div>\n<\/div>\n<\/div>\n","protected":false},"featured_media":43554,"template":"","meta":{"_acf_changed":false,"inline_featured_image":false,"footnotes":""},"project-category":[66],"project-tag":[],"project-region":[216],"global-category":[],"class_list":["post-9855","project","type-project","status-publish","has-post-thumbnail","hentry","project-category-weiterbildungssystem","project-region-ch"],"acf":[],"yoast_head":"<!-- This site is optimized with the Yoast SEO plugin v27.3 - https:\/\/yoast.com\/product\/yoast-seo-wordpress\/ -->\n<title>ABA - SVEB<\/title>\n<meta name=\"robots\" content=\"index, follow, max-snippet:-1, max-image-preview:large, max-video-preview:-1\" \/>\n<link rel=\"canonical\" href=\"https:\/\/alice.ch\/de\/project\/aba\/\" \/>\n<meta property=\"og:locale\" content=\"de_DE\" \/>\n<meta property=\"og:type\" content=\"article\" \/>\n<meta property=\"og:title\" content=\"ABA - SVEB\" \/>\n<meta property=\"og:description\" content=\"Anerkennung von Branchenzertifikaten auf dem Arbeitsmarkt (ehemals SEQ-Projekt) Kurzbeschreibung Auf dem Arbeitsmarkt finden sich zahlreiche berufsorientierte Weiterbildungsabschl\u00fcsse. Nicht alle sind [&hellip;]\" \/>\n<meta property=\"og:url\" content=\"https:\/\/alice.ch\/de\/project\/aba\/\" \/>\n<meta property=\"og:site_name\" content=\"SVEB\" \/>\n<meta property=\"article:modified_time\" content=\"2023-01-24T15:34:00+00:00\" \/>\n<meta property=\"og:image\" content=\"https:\/\/alice.ch\/app\/uploads\/2023\/01\/Blindbild-fuer-Projekte.jpg\" \/>\n\t<meta property=\"og:image:width\" content=\"1200\" \/>\n\t<meta property=\"og:image:height\" content=\"627\" \/>\n\t<meta property=\"og:image:type\" content=\"image\/jpeg\" \/>\n<meta name=\"twitter:card\" content=\"summary_large_image\" \/>\n<meta name=\"twitter:label1\" content=\"Gesch\u00e4tzte Lesezeit\" \/>\n\t<meta name=\"twitter:data1\" content=\"2\u00a0Minuten\" \/>\n<script type=\"application\/ld+json\" class=\"yoast-schema-graph\">{\"@context\":\"https:\\\/\\\/schema.org\",\"@graph\":[{\"@type\":\"WebPage\",\"@id\":\"https:\\\/\\\/alice.ch\\\/de\\\/project\\\/aba\\\/\",\"url\":\"https:\\\/\\\/alice.ch\\\/de\\\/project\\\/aba\\\/\",\"name\":\"ABA - SVEB\",\"isPartOf\":{\"@id\":\"https:\\\/\\\/alice.ch\\\/de\\\/#website\"},\"primaryImageOfPage\":{\"@id\":\"https:\\\/\\\/alice.ch\\\/de\\\/project\\\/aba\\\/#primaryimage\"},\"image\":{\"@id\":\"https:\\\/\\\/alice.ch\\\/de\\\/project\\\/aba\\\/#primaryimage\"},\"thumbnailUrl\":\"https:\\\/\\\/alice.ch\\\/app\\\/uploads\\\/2023\\\/01\\\/Blindbild-fuer-Projekte.jpg\",\"datePublished\":\"2022-11-08T14:21:12+00:00\",\"dateModified\":\"2023-01-24T15:34:00+00:00\",\"breadcrumb\":{\"@id\":\"https:\\\/\\\/alice.ch\\\/de\\\/project\\\/aba\\\/#breadcrumb\"},\"inLanguage\":\"de\",\"potentialAction\":[{\"@type\":\"ReadAction\",\"target\":[\"https:\\\/\\\/alice.ch\\\/de\\\/project\\\/aba\\\/\"]}]},{\"@type\":\"ImageObject\",\"inLanguage\":\"de\",\"@id\":\"https:\\\/\\\/alice.ch\\\/de\\\/project\\\/aba\\\/#primaryimage\",\"url\":\"https:\\\/\\\/alice.ch\\\/app\\\/uploads\\\/2023\\\/01\\\/Blindbild-fuer-Projekte.jpg\",\"contentUrl\":\"https:\\\/\\\/alice.ch\\\/app\\\/uploads\\\/2023\\\/01\\\/Blindbild-fuer-Projekte.jpg\",\"width\":1200,\"height\":627},{\"@type\":\"BreadcrumbList\",\"@id\":\"https:\\\/\\\/alice.ch\\\/de\\\/project\\\/aba\\\/#breadcrumb\",\"itemListElement\":[{\"@type\":\"ListItem\",\"position\":1,\"name\":\"Startseite\",\"item\":\"https:\\\/\\\/alice.ch\\\/de\\\/\"},{\"@type\":\"ListItem\",\"position\":2,\"name\":\"Projekte\",\"item\":\"https:\\\/\\\/alice.ch\\\/de\\\/project\\\/\"},{\"@type\":\"ListItem\",\"position\":3,\"name\":\"ABA\"}]},{\"@type\":\"WebSite\",\"@id\":\"https:\\\/\\\/alice.ch\\\/de\\\/#website\",\"url\":\"https:\\\/\\\/alice.ch\\\/de\\\/\",\"name\":\"alice.ch (Adult Learning Information Center) ist das Portal der Weiterbildung in der Schweiz.\",\"description\":\"Schweizerischer Verband f\u00fcr Weiterbildung\",\"publisher\":{\"@id\":\"https:\\\/\\\/alice.ch\\\/de\\\/#organization\"},\"potentialAction\":[{\"@type\":\"SearchAction\",\"target\":{\"@type\":\"EntryPoint\",\"urlTemplate\":\"https:\\\/\\\/alice.ch\\\/de\\\/?s={search_term_string}\"},\"query-input\":{\"@type\":\"PropertyValueSpecification\",\"valueRequired\":true,\"valueName\":\"search_term_string\"}}],\"inLanguage\":\"de\"},{\"@type\":\"Organization\",\"@id\":\"https:\\\/\\\/alice.ch\\\/de\\\/#organization\",\"name\":\"SVEB Schweizerischer Verband f\u00fcr Weiterbildung\",\"url\":\"https:\\\/\\\/alice.ch\\\/de\\\/\",\"logo\":{\"@type\":\"ImageObject\",\"inLanguage\":\"de\",\"@id\":\"https:\\\/\\\/alice.ch\\\/de\\\/#\\\/schema\\\/logo\\\/image\\\/\",\"url\":\"https:\\\/\\\/alice.ch\\\/app\\\/uploads\\\/2022\\\/07\\\/logo-sveb.png\",\"contentUrl\":\"https:\\\/\\\/alice.ch\\\/app\\\/uploads\\\/2022\\\/07\\\/logo-sveb.png\",\"width\":145,\"height\":64,\"caption\":\"SVEB Schweizerischer Verband f\u00fcr Weiterbildung\"},\"image\":{\"@id\":\"https:\\\/\\\/alice.ch\\\/de\\\/#\\\/schema\\\/logo\\\/image\\\/\"},\"sameAs\":[\"https:\\\/\\\/www.linkedin.com\\\/company\\\/schweizerischer-verband-fr-weiterbildung-sveb\\\/\"]}]}<\/script>\n<!-- \/ Yoast SEO plugin. -->","yoast_head_json":{"title":"ABA - SVEB","robots":{"index":"index","follow":"follow","max-snippet":"max-snippet:-1","max-image-preview":"max-image-preview:large","max-video-preview":"max-video-preview:-1"},"canonical":"https:\/\/alice.ch\/de\/project\/aba\/","og_locale":"de_DE","og_type":"article","og_title":"ABA - SVEB","og_description":"Anerkennung von Branchenzertifikaten auf dem Arbeitsmarkt (ehemals SEQ-Projekt) Kurzbeschreibung Auf dem Arbeitsmarkt finden sich zahlreiche berufsorientierte Weiterbildungsabschl\u00fcsse. Nicht alle sind [&hellip;]","og_url":"https:\/\/alice.ch\/de\/project\/aba\/","og_site_name":"SVEB","article_modified_time":"2023-01-24T15:34:00+00:00","og_image":[{"width":1200,"height":627,"url":"https:\/\/alice.ch\/app\/uploads\/2023\/01\/Blindbild-fuer-Projekte.jpg","type":"image\/jpeg"}],"twitter_card":"summary_large_image","twitter_misc":{"Gesch\u00e4tzte Lesezeit":"2\u00a0Minuten"},"schema":{"@context":"https:\/\/schema.org","@graph":[{"@type":"WebPage","@id":"https:\/\/alice.ch\/de\/project\/aba\/","url":"https:\/\/alice.ch\/de\/project\/aba\/","name":"ABA - SVEB","isPartOf":{"@id":"https:\/\/alice.ch\/de\/#website"},"primaryImageOfPage":{"@id":"https:\/\/alice.ch\/de\/project\/aba\/#primaryimage"},"image":{"@id":"https:\/\/alice.ch\/de\/project\/aba\/#primaryimage"},"thumbnailUrl":"https:\/\/alice.ch\/app\/uploads\/2023\/01\/Blindbild-fuer-Projekte.jpg","datePublished":"2022-11-08T14:21:12+00:00","dateModified":"2023-01-24T15:34:00+00:00","breadcrumb":{"@id":"https:\/\/alice.ch\/de\/project\/aba\/#breadcrumb"},"inLanguage":"de","potentialAction":[{"@type":"ReadAction","target":["https:\/\/alice.ch\/de\/project\/aba\/"]}]},{"@type":"ImageObject","inLanguage":"de","@id":"https:\/\/alice.ch\/de\/project\/aba\/#primaryimage","url":"https:\/\/alice.ch\/app\/uploads\/2023\/01\/Blindbild-fuer-Projekte.jpg","contentUrl":"https:\/\/alice.ch\/app\/uploads\/2023\/01\/Blindbild-fuer-Projekte.jpg","width":1200,"height":627},{"@type":"BreadcrumbList","@id":"https:\/\/alice.ch\/de\/project\/aba\/#breadcrumb","itemListElement":[{"@type":"ListItem","position":1,"name":"Startseite","item":"https:\/\/alice.ch\/de\/"},{"@type":"ListItem","position":2,"name":"Projekte","item":"https:\/\/alice.ch\/de\/project\/"},{"@type":"ListItem","position":3,"name":"ABA"}]},{"@type":"WebSite","@id":"https:\/\/alice.ch\/de\/#website","url":"https:\/\/alice.ch\/de\/","name":"alice.ch (Adult Learning Information Center) ist das Portal der Weiterbildung in der Schweiz.","description":"Schweizerischer Verband f\u00fcr Weiterbildung","publisher":{"@id":"https:\/\/alice.ch\/de\/#organization"},"potentialAction":[{"@type":"SearchAction","target":{"@type":"EntryPoint","urlTemplate":"https:\/\/alice.ch\/de\/?s={search_term_string}"},"query-input":{"@type":"PropertyValueSpecification","valueRequired":true,"valueName":"search_term_string"}}],"inLanguage":"de"},{"@type":"Organization","@id":"https:\/\/alice.ch\/de\/#organization","name":"SVEB Schweizerischer Verband f\u00fcr Weiterbildung","url":"https:\/\/alice.ch\/de\/","logo":{"@type":"ImageObject","inLanguage":"de","@id":"https:\/\/alice.ch\/de\/#\/schema\/logo\/image\/","url":"https:\/\/alice.ch\/app\/uploads\/2022\/07\/logo-sveb.png","contentUrl":"https:\/\/alice.ch\/app\/uploads\/2022\/07\/logo-sveb.png","width":145,"height":64,"caption":"SVEB Schweizerischer Verband f\u00fcr Weiterbildung"},"image":{"@id":"https:\/\/alice.ch\/de\/#\/schema\/logo\/image\/"},"sameAs":["https:\/\/www.linkedin.com\/company\/schweizerischer-verband-fr-weiterbildung-sveb\/"]}]}},"_links":{"self":[{"href":"https:\/\/alice.ch\/de\/wp-json\/wp\/v2\/project\/9855","targetHints":{"allow":["GET"]}}],"collection":[{"href":"https:\/\/alice.ch\/de\/wp-json\/wp\/v2\/project"}],"about":[{"href":"https:\/\/alice.ch\/de\/wp-json\/wp\/v2\/types\/project"}],"version-history":[{"count":12,"href":"https:\/\/alice.ch\/de\/wp-json\/wp\/v2\/project\/9855\/revisions"}],"predecessor-version":[{"id":43348,"href":"https:\/\/alice.ch\/de\/wp-json\/wp\/v2\/project\/9855\/revisions\/43348"}],"wp:featuredmedia":[{"embeddable":true,"href":"https:\/\/alice.ch\/de\/wp-json\/wp\/v2\/media\/43554"}],"wp:attachment":[{"href":"https:\/\/alice.ch\/de\/wp-json\/wp\/v2\/media?parent=9855"}],"wp:term":[{"taxonomy":"project-category","embeddable":true,"href":"https:\/\/alice.ch\/de\/wp-json\/wp\/v2\/project-category?post=9855"},{"taxonomy":"project-tag","embeddable":true,"href":"https:\/\/alice.ch\/de\/wp-json\/wp\/v2\/project-tag?post=9855"},{"taxonomy":"project-region","embeddable":true,"href":"https:\/\/alice.ch\/de\/wp-json\/wp\/v2\/project-region?post=9855"},{"taxonomy":"global-category","embeddable":true,"href":"https:\/\/alice.ch\/de\/wp-json\/wp\/v2\/global-category?post=9855"}],"curies":[{"name":"wp","href":"https:\/\/api.w.org\/{rel}","templated":true}]}}