{"id":9867,"date":"2022-11-08T16:21:05","date_gmt":"2022-11-08T15:21:05","guid":{"rendered":"https:\/\/projects.atxeit.ch\/sveb\/?post_type=project&#038;p=9867"},"modified":"2023-05-10T15:43:30","modified_gmt":"2023-05-10T13:43:30","slug":"go-next","status":"publish","type":"project","link":"https:\/\/alice.ch\/de\/project\/go-next\/","title":{"rendered":"GO Next"},"content":{"rendered":"\n<div class=\"wp-block-group is-layout-flow wp-block-group-is-layout-flow\">\n<div class=\"wp-block-group is-style-reduced-width is-layout-flow wp-block-group-is-layout-flow\">\n<p class=\"is-style-lead\">Arbeitsplatzorientierte F\u00f6rderung der Grundkompetenzen<\/p>\n\n\n\n<h2 class=\"wp-block-heading\">Kurzbeschreibung<\/h2>\n\n\n\n<p>Mit dem GO-Modell k\u00f6nnen dank einer konsequenten Bedarfsorientierung erfolgreich arbeitsplatzorientierte Bildungsmassnahmen im Bereich Grundkompetenzen umgesetzt werden. Diese bringen sowohl den Betrieben als auch den Mitarbeitenden einen klaren Nutzen. GO Next schliesst an die Entwicklungsarbeit in den beiden vorangegangenen GO Projekten an und verfolgt das prim\u00e4re Ziel, die arbeitsplatzorientierte F\u00f6rderung der Grundkompetenzen mit dem GO Modell in den Kantonen und Branchen zu verankern.<\/p>\n\n\n\n<p><strong>Konkret<\/strong>&nbsp;werden im Rahmen von GO Next folgende Ziele umgesetzt:<\/p>\n\n\n\n<ol class=\"wp-block-list\">\n<li>In 7 Kantonen\/Regionen, die bisher keine GO Pilote durchgef\u00fchrt haben, ist mindestens ein Weiterbildungsanbieter in der Lage, GO Bildungsmassnahmen in Betrieben umzusetzen (6 Pilote). Diese 6 Kantone erarbeiten eine Auslegeordnung, wie die Potenziale der arbeitsplatzorientierten F\u00f6rderung der Grundkompetenzen ab 2017 genutzt werden k\u00f6nnen. Mit folgenden Kantonen wird eine Zusammenarbeit angestrebt: Bern, Solothurn, Schwyz, Waadt, Freiburg, Neuenburg und Tessin<br><\/li>\n\n\n\n<li>In jenen Kantonen, in denen es bereits einen Weiterbildungsanbieter gibt, der mit dem GO Modell gearbeitet hat, wird ebenfalls eine Auslegeordnung \u00fcber die arbeitsplatzorientierte F\u00f6rderung der Grundkompetenzen erstellt. Folgende Kantone sind daran beteiligt: Z\u00fcrich, Basel Stadt, Luzern und St. Gallen<br><\/li>\n\n\n\n<li>Gemeinsam mit zwei Branchenverb\u00e4nden (Baumeisterverband und Curaviva), die viele Geringqualifizierte besch\u00e4ftigen, werden Branchenl\u00f6sungen entwickelt und pilotiert.<\/li>\n<\/ol>\n\n\n\n<h2 class=\"wp-block-heading\">Resultate<\/h2>\n\n\n\n<ul class=\"wp-block-list\">\n<li>Auslegeordnungen im Bereich Grundkompetenzen in 12 Kantone, die sich mir der Frage der k\u00fcnftigen F\u00f6rderung arbeitsplatzorientierter Weiterbildung im Bereich Grundkompetenzen befassen.<\/li>\n\n\n\n<li>Umsetzung von sieben GO-Piloten in Zusammenarbeit mit Kantonen, in denen es bisher keinen Anbieter gibt, die mit dem GO-Modell arbeiten k\u00f6nnen<\/li>\n\n\n\n<li>Entwicklung und Pilotierung von drei Branchenl\u00f6sungen<\/li>\n<\/ul>\n\n\n\n<div class=\"wp-block-columns is-layout-flex wp-container-core-columns-is-layout-28f84493 wp-block-columns-is-layout-flex\">\n<div class=\"wp-block-column is-layout-flow wp-block-column-is-layout-flow\">\n<h2 class=\"wp-block-heading\">Eckdaten zum Projekt<\/h2>\n\n\n\n<p>Projektart: Nationales Projekt<\/p>\n\n\n\n<p>Laufdauer: 2015\u20132017<\/p>\n\n\n\n<p>Finanzierung:&nbsp;<a href=\"https:\/\/www.sbfi.admin.ch\/sbfi\/de\/home.html?_organization=1080\" target=\"_blank\" rel=\"noreferrer noopener\">Staatssekretariat f\u00fcr Bildung, Forschung und Innovation SBFI<\/a><\/p>\n<\/div>\n\n\n\n<div class=\"wp-block-column is-layout-flow wp-block-column-is-layout-flow\">\n<h2 class=\"wp-block-heading\">GO-Projekte im \u00dcberblick<\/h2>\n\n\n\n<div class=\"wp-block-file\"><a id=\"wp-block-file--media-5a04f438-a8c0-40ab-ba4b-fffad707bebf\" href=\"https:\/\/alice.ch\/app\/uploads\/2022\/12\/13_ep_Projekt_GO2_d_web.pdf\" target=\"_blank\" rel=\"noreferrer noopener\">GO Brosch\u00fcre<br \/>PDF &#8211; 501 KB<\/a><a href=\"https:\/\/alice.ch\/app\/uploads\/2022\/12\/13_ep_Projekt_GO2_d_web.pdf\" class=\"wp-block-file__button wp-element-button\" download aria-describedby=\"wp-block-file--media-5a04f438-a8c0-40ab-ba4b-fffad707bebf\">Herunterladen<br \/>PDF &#8211; 501 KB<\/a><\/div>\n<\/div>\n<\/div>\n\n\n\n<div class=\"wp-block-group is-style-default is-layout-flow wp-block-group-is-layout-flow\">\n<h2 class=\"wp-block-heading\">Kontakt<\/h2>\n\n\n\n<div class=\"wp-block-columns is-layout-flex wp-container-core-columns-is-layout-28f84493 wp-block-columns-is-layout-flex\">\n<div class=\"wp-block-column is-layout-flow wp-block-column-is-layout-flow\" style=\"flex-basis:50%\"><div class=\"contact-persons\">\n\n\t\t\t\t\t<div class=\"contact-person\">\n\t\t\t\t\tC\u00e4cilia M\u00e4rki<br \/>\t\t\t\t\tSenior Projektleiterin und Ko-Koordinationsverantwortliche Grundkompetenzen<br \/>\t\t\t\t\t<br \/>\n\t\t\t\t\t\t\t\t\t\t<a href=\"tel:+41 (0)44 319 71 58\">+41 (0)44 319 71 58<\/a><br \/>\t\t\t\t\t<a href=\"mailto:caecilia.maerki@alice.ch\">caecilia.maerki@alice.ch<\/a><br \/>\t\t\t\t\t<\/div>\n\t\t\t\t\t<\/div>\n<\/div>\n\n\n\n<div class=\"wp-block-column is-layout-flow wp-block-column-is-layout-flow\" style=\"flex-basis:50%\"><\/div>\n<\/div>\n<\/div>\n<\/div>\n<\/div>\n","protected":false},"featured_media":43554,"template":"","meta":{"_acf_changed":false,"inline_featured_image":false,"footnotes":""},"project-category":[63,64],"project-tag":[],"project-region":[216],"global-category":[],"class_list":["post-9867","project","type-project","status-publish","has-post-thumbnail","hentry","project-category-betriebliche-weiterbildung","project-category-chancengleichheit","project-region-ch"],"acf":[],"yoast_head":"<!-- This site is optimized with the Yoast SEO plugin v27.3 - https:\/\/yoast.com\/product\/yoast-seo-wordpress\/ -->\n<title>GO Next - SVEB<\/title>\n<meta name=\"robots\" content=\"index, follow, max-snippet:-1, max-image-preview:large, max-video-preview:-1\" \/>\n<link rel=\"canonical\" href=\"https:\/\/alice.ch\/de\/project\/go-next\/\" \/>\n<meta property=\"og:locale\" content=\"de_DE\" \/>\n<meta property=\"og:type\" content=\"article\" \/>\n<meta property=\"og:title\" content=\"GO Next - SVEB\" \/>\n<meta property=\"og:description\" content=\"Arbeitsplatzorientierte F\u00f6rderung der Grundkompetenzen Kurzbeschreibung Mit dem GO-Modell k\u00f6nnen dank einer konsequenten Bedarfsorientierung erfolgreich arbeitsplatzorientierte Bildungsmassnahmen im Bereich Grundkompetenzen umgesetzt [&hellip;]\" \/>\n<meta property=\"og:url\" content=\"https:\/\/alice.ch\/de\/project\/go-next\/\" \/>\n<meta property=\"og:site_name\" content=\"SVEB\" \/>\n<meta property=\"article:modified_time\" content=\"2023-05-10T13:43:30+00:00\" \/>\n<meta property=\"og:image\" content=\"https:\/\/alice.ch\/app\/uploads\/2023\/01\/Blindbild-fuer-Projekte.jpg\" \/>\n\t<meta property=\"og:image:width\" content=\"1200\" \/>\n\t<meta property=\"og:image:height\" content=\"627\" \/>\n\t<meta property=\"og:image:type\" content=\"image\/jpeg\" \/>\n<meta name=\"twitter:card\" content=\"summary_large_image\" \/>\n<meta name=\"twitter:label1\" content=\"Gesch\u00e4tzte Lesezeit\" \/>\n\t<meta name=\"twitter:data1\" content=\"2\u00a0Minuten\" \/>\n<script type=\"application\/ld+json\" class=\"yoast-schema-graph\">{\"@context\":\"https:\\\/\\\/schema.org\",\"@graph\":[{\"@type\":\"WebPage\",\"@id\":\"https:\\\/\\\/alice.ch\\\/de\\\/project\\\/go-next\\\/\",\"url\":\"https:\\\/\\\/alice.ch\\\/de\\\/project\\\/go-next\\\/\",\"name\":\"GO Next - SVEB\",\"isPartOf\":{\"@id\":\"https:\\\/\\\/alice.ch\\\/de\\\/#website\"},\"primaryImageOfPage\":{\"@id\":\"https:\\\/\\\/alice.ch\\\/de\\\/project\\\/go-next\\\/#primaryimage\"},\"image\":{\"@id\":\"https:\\\/\\\/alice.ch\\\/de\\\/project\\\/go-next\\\/#primaryimage\"},\"thumbnailUrl\":\"https:\\\/\\\/alice.ch\\\/app\\\/uploads\\\/2023\\\/01\\\/Blindbild-fuer-Projekte.jpg\",\"datePublished\":\"2022-11-08T15:21:05+00:00\",\"dateModified\":\"2023-05-10T13:43:30+00:00\",\"breadcrumb\":{\"@id\":\"https:\\\/\\\/alice.ch\\\/de\\\/project\\\/go-next\\\/#breadcrumb\"},\"inLanguage\":\"de\",\"potentialAction\":[{\"@type\":\"ReadAction\",\"target\":[\"https:\\\/\\\/alice.ch\\\/de\\\/project\\\/go-next\\\/\"]}]},{\"@type\":\"ImageObject\",\"inLanguage\":\"de\",\"@id\":\"https:\\\/\\\/alice.ch\\\/de\\\/project\\\/go-next\\\/#primaryimage\",\"url\":\"https:\\\/\\\/alice.ch\\\/app\\\/uploads\\\/2023\\\/01\\\/Blindbild-fuer-Projekte.jpg\",\"contentUrl\":\"https:\\\/\\\/alice.ch\\\/app\\\/uploads\\\/2023\\\/01\\\/Blindbild-fuer-Projekte.jpg\",\"width\":1200,\"height\":627},{\"@type\":\"BreadcrumbList\",\"@id\":\"https:\\\/\\\/alice.ch\\\/de\\\/project\\\/go-next\\\/#breadcrumb\",\"itemListElement\":[{\"@type\":\"ListItem\",\"position\":1,\"name\":\"Startseite\",\"item\":\"https:\\\/\\\/alice.ch\\\/de\\\/\"},{\"@type\":\"ListItem\",\"position\":2,\"name\":\"Projekte\",\"item\":\"https:\\\/\\\/alice.ch\\\/de\\\/project\\\/\"},{\"@type\":\"ListItem\",\"position\":3,\"name\":\"GO Next\"}]},{\"@type\":\"WebSite\",\"@id\":\"https:\\\/\\\/alice.ch\\\/de\\\/#website\",\"url\":\"https:\\\/\\\/alice.ch\\\/de\\\/\",\"name\":\"alice.ch (Adult Learning Information Center) ist das Portal der Weiterbildung in der Schweiz.\",\"description\":\"Schweizerischer Verband f\u00fcr Weiterbildung\",\"publisher\":{\"@id\":\"https:\\\/\\\/alice.ch\\\/de\\\/#organization\"},\"potentialAction\":[{\"@type\":\"SearchAction\",\"target\":{\"@type\":\"EntryPoint\",\"urlTemplate\":\"https:\\\/\\\/alice.ch\\\/de\\\/?s={search_term_string}\"},\"query-input\":{\"@type\":\"PropertyValueSpecification\",\"valueRequired\":true,\"valueName\":\"search_term_string\"}}],\"inLanguage\":\"de\"},{\"@type\":\"Organization\",\"@id\":\"https:\\\/\\\/alice.ch\\\/de\\\/#organization\",\"name\":\"SVEB Schweizerischer Verband f\u00fcr Weiterbildung\",\"url\":\"https:\\\/\\\/alice.ch\\\/de\\\/\",\"logo\":{\"@type\":\"ImageObject\",\"inLanguage\":\"de\",\"@id\":\"https:\\\/\\\/alice.ch\\\/de\\\/#\\\/schema\\\/logo\\\/image\\\/\",\"url\":\"https:\\\/\\\/alice.ch\\\/app\\\/uploads\\\/2022\\\/07\\\/logo-sveb.png\",\"contentUrl\":\"https:\\\/\\\/alice.ch\\\/app\\\/uploads\\\/2022\\\/07\\\/logo-sveb.png\",\"width\":145,\"height\":64,\"caption\":\"SVEB Schweizerischer Verband f\u00fcr Weiterbildung\"},\"image\":{\"@id\":\"https:\\\/\\\/alice.ch\\\/de\\\/#\\\/schema\\\/logo\\\/image\\\/\"},\"sameAs\":[\"https:\\\/\\\/www.linkedin.com\\\/company\\\/schweizerischer-verband-fr-weiterbildung-sveb\\\/\"]}]}<\/script>\n<!-- \/ Yoast SEO plugin. -->","yoast_head_json":{"title":"GO Next - SVEB","robots":{"index":"index","follow":"follow","max-snippet":"max-snippet:-1","max-image-preview":"max-image-preview:large","max-video-preview":"max-video-preview:-1"},"canonical":"https:\/\/alice.ch\/de\/project\/go-next\/","og_locale":"de_DE","og_type":"article","og_title":"GO Next - SVEB","og_description":"Arbeitsplatzorientierte F\u00f6rderung der Grundkompetenzen Kurzbeschreibung Mit dem GO-Modell k\u00f6nnen dank einer konsequenten Bedarfsorientierung erfolgreich arbeitsplatzorientierte Bildungsmassnahmen im Bereich Grundkompetenzen umgesetzt [&hellip;]","og_url":"https:\/\/alice.ch\/de\/project\/go-next\/","og_site_name":"SVEB","article_modified_time":"2023-05-10T13:43:30+00:00","og_image":[{"width":1200,"height":627,"url":"https:\/\/alice.ch\/app\/uploads\/2023\/01\/Blindbild-fuer-Projekte.jpg","type":"image\/jpeg"}],"twitter_card":"summary_large_image","twitter_misc":{"Gesch\u00e4tzte Lesezeit":"2\u00a0Minuten"},"schema":{"@context":"https:\/\/schema.org","@graph":[{"@type":"WebPage","@id":"https:\/\/alice.ch\/de\/project\/go-next\/","url":"https:\/\/alice.ch\/de\/project\/go-next\/","name":"GO Next - SVEB","isPartOf":{"@id":"https:\/\/alice.ch\/de\/#website"},"primaryImageOfPage":{"@id":"https:\/\/alice.ch\/de\/project\/go-next\/#primaryimage"},"image":{"@id":"https:\/\/alice.ch\/de\/project\/go-next\/#primaryimage"},"thumbnailUrl":"https:\/\/alice.ch\/app\/uploads\/2023\/01\/Blindbild-fuer-Projekte.jpg","datePublished":"2022-11-08T15:21:05+00:00","dateModified":"2023-05-10T13:43:30+00:00","breadcrumb":{"@id":"https:\/\/alice.ch\/de\/project\/go-next\/#breadcrumb"},"inLanguage":"de","potentialAction":[{"@type":"ReadAction","target":["https:\/\/alice.ch\/de\/project\/go-next\/"]}]},{"@type":"ImageObject","inLanguage":"de","@id":"https:\/\/alice.ch\/de\/project\/go-next\/#primaryimage","url":"https:\/\/alice.ch\/app\/uploads\/2023\/01\/Blindbild-fuer-Projekte.jpg","contentUrl":"https:\/\/alice.ch\/app\/uploads\/2023\/01\/Blindbild-fuer-Projekte.jpg","width":1200,"height":627},{"@type":"BreadcrumbList","@id":"https:\/\/alice.ch\/de\/project\/go-next\/#breadcrumb","itemListElement":[{"@type":"ListItem","position":1,"name":"Startseite","item":"https:\/\/alice.ch\/de\/"},{"@type":"ListItem","position":2,"name":"Projekte","item":"https:\/\/alice.ch\/de\/project\/"},{"@type":"ListItem","position":3,"name":"GO Next"}]},{"@type":"WebSite","@id":"https:\/\/alice.ch\/de\/#website","url":"https:\/\/alice.ch\/de\/","name":"alice.ch (Adult Learning Information Center) ist das Portal der Weiterbildung in der Schweiz.","description":"Schweizerischer Verband f\u00fcr Weiterbildung","publisher":{"@id":"https:\/\/alice.ch\/de\/#organization"},"potentialAction":[{"@type":"SearchAction","target":{"@type":"EntryPoint","urlTemplate":"https:\/\/alice.ch\/de\/?s={search_term_string}"},"query-input":{"@type":"PropertyValueSpecification","valueRequired":true,"valueName":"search_term_string"}}],"inLanguage":"de"},{"@type":"Organization","@id":"https:\/\/alice.ch\/de\/#organization","name":"SVEB Schweizerischer Verband f\u00fcr Weiterbildung","url":"https:\/\/alice.ch\/de\/","logo":{"@type":"ImageObject","inLanguage":"de","@id":"https:\/\/alice.ch\/de\/#\/schema\/logo\/image\/","url":"https:\/\/alice.ch\/app\/uploads\/2022\/07\/logo-sveb.png","contentUrl":"https:\/\/alice.ch\/app\/uploads\/2022\/07\/logo-sveb.png","width":145,"height":64,"caption":"SVEB Schweizerischer Verband f\u00fcr Weiterbildung"},"image":{"@id":"https:\/\/alice.ch\/de\/#\/schema\/logo\/image\/"},"sameAs":["https:\/\/www.linkedin.com\/company\/schweizerischer-verband-fr-weiterbildung-sveb\/"]}]}},"_links":{"self":[{"href":"https:\/\/alice.ch\/de\/wp-json\/wp\/v2\/project\/9867","targetHints":{"allow":["GET"]}}],"collection":[{"href":"https:\/\/alice.ch\/de\/wp-json\/wp\/v2\/project"}],"about":[{"href":"https:\/\/alice.ch\/de\/wp-json\/wp\/v2\/types\/project"}],"version-history":[{"count":9,"href":"https:\/\/alice.ch\/de\/wp-json\/wp\/v2\/project\/9867\/revisions"}],"predecessor-version":[{"id":50505,"href":"https:\/\/alice.ch\/de\/wp-json\/wp\/v2\/project\/9867\/revisions\/50505"}],"wp:featuredmedia":[{"embeddable":true,"href":"https:\/\/alice.ch\/de\/wp-json\/wp\/v2\/media\/43554"}],"wp:attachment":[{"href":"https:\/\/alice.ch\/de\/wp-json\/wp\/v2\/media?parent=9867"}],"wp:term":[{"taxonomy":"project-category","embeddable":true,"href":"https:\/\/alice.ch\/de\/wp-json\/wp\/v2\/project-category?post=9867"},{"taxonomy":"project-tag","embeddable":true,"href":"https:\/\/alice.ch\/de\/wp-json\/wp\/v2\/project-tag?post=9867"},{"taxonomy":"project-region","embeddable":true,"href":"https:\/\/alice.ch\/de\/wp-json\/wp\/v2\/project-region?post=9867"},{"taxonomy":"global-category","embeddable":true,"href":"https:\/\/alice.ch\/de\/wp-json\/wp\/v2\/global-category?post=9867"}],"curies":[{"name":"wp","href":"https:\/\/api.w.org\/{rel}","templated":true}]}}