{"id":12456,"date":"2022-11-14T10:17:17","date_gmt":"2022-11-14T09:17:17","guid":{"rendered":"https:\/\/projects.atxeit.ch\/sveb\/?post_type=event&#038;p=12456"},"modified":"2023-07-06T15:07:52","modified_gmt":"2023-07-06T13:07:52","slug":"journee-dechanges-nationale-entre-les-prestataires","status":"publish","type":"event","link":"https:\/\/alice.ch\/fr\/event\/journee-dechanges-nationale-entre-les-prestataires\/","title":{"rendered":"Journ\u00e9e d&rsquo;\u00e9changes nationale entre les prestataires"},"content":{"rendered":"\n<p>Des prestataires de formation continue engag\u00e9s sont un \u00e9l\u00e9ment d\u00e9cisif pour le succ\u00e8s de la mesure \u00ab<a href=\"https:\/\/www.simplement-mieux.ch\/index.cfm\" target=\"_blank\" rel=\"noreferrer noopener\">Simplement mieux! &#8230; au travail<\/a>\u00bb. Afin de soutenir les prestataires dans leur prospection, des mesures de communication seront d\u00e9velopp\u00e9es et coordonn\u00e9es dans le but de faire conna\u00eetre cet axe de promotion et l&rsquo;utilit\u00e9 des cours sur mesure aupr\u00e8s des entreprises.<\/p>\n\n\n\n<p>Une bo\u00eete \u00e0 outils a notamment \u00e9t\u00e9 cr\u00e9\u00e9e pour soutenir les prestataires. Elle contient diff\u00e9rents \u00e9l\u00e9ments qui peuvent \u00eatre utilis\u00e9s lors de la prospection. Son contenu sera pr\u00e9sent\u00e9 lors de cette journ\u00e9e \u00e0 Bienne.<\/p>\n\n\n\n<h3 class=\"wp-block-heading\"><strong>Programme<\/strong><\/h3>\n\n\n\n<p>13h30: Accueil FSEA \/ SEFRI<\/p>\n\n\n\n<p>13h40: Strat\u00e9gie de communication \u00ab\u00a0Simplement mieux ! &#8230; au travail\u00a0\u00bb : Priorit\u00e9s, mesures et r\u00f4les<br>Marie-Louise Bartlom\u00e9, SEFRI<\/p>\n\n\n\n<p>14h00: Les histoires comme moyen de communication pour les prestataires<br>C\u00e4cilia M\u00e4rki, FSEA<\/p>\n\n\n\n<p>14h15: Bo\u00eete \u00e0 outils pour les prestataires : Messages, outils et application<br>Paolo Jannuzzi, Jannuzzi Smith<\/p>\n\n\n\n<p>14h45: Pause<\/p>\n\n\n\n<p>15h00: \u00c9changes en groupes<\/p>\n\n\n\n<p>15h45: Feedback des groupes et discussions<\/p>\n\n\n\n<p>16h15: Conclusion et prochaines \u00e9tapes<\/p>\n\n\n\n<p>16h30: Fin de l&rsquo;\u00e9v\u00e9nement<\/p>\n\n\n\n<p>La manifestation est gratuite et multilingue (d\/f\/i). Il n&rsquo;y aura pas de traduction.<\/p>\n\n\n\n<p>Si vous avez des questions ou des pr\u00e9occupations, vous pouvez contacter <a href=\"mailto:caecilia.maerki@alice.ch\">Mme C\u00e4cilia M\u00e4rki<\/a>, Responsable du domaine des comp\u00e9tences de base \u00e0 la FSEA.<\/p>\n","protected":false},"excerpt":{"rendered":"<p>Des prestataires de formation continue engag\u00e9s sont un \u00e9l\u00e9ment d\u00e9cisif pour le succ\u00e8s de la mesure \u00abSimplement mieux! &#8230; au [&hellip;]<\/p>\n","protected":false},"author":11,"featured_media":20194,"template":"","meta":{"_acf_changed":false,"inline_featured_image":false,"footnotes":""},"event-category":[103],"event-tag":[],"event-status":[200,205],"event-language":[206,202,207,203],"global-category":[117],"class_list":["post-12456","event","type-event","status-publish","has-post-thumbnail","hentry","event-category-evenements-fsea-kooperation","event-status-archiv","event-status-archive","event-language-allemand","event-language-deutsch","event-language-francais","event-language-franzoesisch","global-category-grundkompetenzen-fr"],"acf":[],"yoast_head":"<!-- This site is optimized with the Yoast SEO plugin v27.3 - https:\/\/yoast.com\/product\/yoast-seo-wordpress\/ -->\n<title>Journ\u00e9e d&#039;\u00e9changes nationale entre les prestataires - FSEA<\/title>\n<meta name=\"robots\" content=\"index, follow, max-snippet:-1, max-image-preview:large, max-video-preview:-1\" \/>\n<link rel=\"canonical\" href=\"https:\/\/alice.ch\/fr\/event\/journee-dechanges-nationale-entre-les-prestataires\/\" \/>\n<meta property=\"og:locale\" content=\"fr_FR\" \/>\n<meta property=\"og:type\" content=\"article\" \/>\n<meta property=\"og:title\" content=\"Journ\u00e9e d&#039;\u00e9changes nationale entre les prestataires - FSEA\" \/>\n<meta property=\"og:description\" content=\"Des prestataires de formation continue engag\u00e9s sont un \u00e9l\u00e9ment d\u00e9cisif pour le succ\u00e8s de la mesure \u00abSimplement mieux! &#8230; au [&hellip;]\" \/>\n<meta property=\"og:url\" content=\"https:\/\/alice.ch\/fr\/event\/journee-dechanges-nationale-entre-les-prestataires\/\" \/>\n<meta property=\"og:site_name\" content=\"SVEB\" \/>\n<meta property=\"article:modified_time\" content=\"2023-07-06T13:07:52+00:00\" \/>\n<meta property=\"og:image\" content=\"https:\/\/alice.ch\/app\/uploads\/2022\/11\/agenda-simplement-mieux-au-travail-1.jpg\" \/>\n\t<meta property=\"og:image:width\" content=\"370\" \/>\n\t<meta property=\"og:image:height\" content=\"185\" \/>\n\t<meta property=\"og:image:type\" content=\"image\/jpeg\" \/>\n<meta name=\"twitter:card\" content=\"summary_large_image\" \/>\n<script type=\"application\/ld+json\" class=\"yoast-schema-graph\">{\"@context\":\"https:\\\/\\\/schema.org\",\"@graph\":[{\"@type\":\"WebPage\",\"@id\":\"https:\\\/\\\/alice.ch\\\/fr\\\/event\\\/journee-dechanges-nationale-entre-les-prestataires\\\/\",\"url\":\"https:\\\/\\\/alice.ch\\\/fr\\\/event\\\/journee-dechanges-nationale-entre-les-prestataires\\\/\",\"name\":\"Journ\u00e9e d'\u00e9changes nationale entre les prestataires - FSEA\",\"isPartOf\":{\"@id\":\"https:\\\/\\\/alice.ch\\\/fr\\\/#website\"},\"primaryImageOfPage\":{\"@id\":\"https:\\\/\\\/alice.ch\\\/fr\\\/event\\\/journee-dechanges-nationale-entre-les-prestataires\\\/#primaryimage\"},\"image\":{\"@id\":\"https:\\\/\\\/alice.ch\\\/fr\\\/event\\\/journee-dechanges-nationale-entre-les-prestataires\\\/#primaryimage\"},\"thumbnailUrl\":\"https:\\\/\\\/alice.ch\\\/app\\\/uploads\\\/2022\\\/11\\\/agenda-simplement-mieux-au-travail-1.jpg\",\"datePublished\":\"2022-11-14T09:17:17+00:00\",\"dateModified\":\"2023-07-06T13:07:52+00:00\",\"breadcrumb\":{\"@id\":\"https:\\\/\\\/alice.ch\\\/fr\\\/event\\\/journee-dechanges-nationale-entre-les-prestataires\\\/#breadcrumb\"},\"inLanguage\":\"fr-FR\",\"potentialAction\":[{\"@type\":\"ReadAction\",\"target\":[\"https:\\\/\\\/alice.ch\\\/fr\\\/event\\\/journee-dechanges-nationale-entre-les-prestataires\\\/\"]}]},{\"@type\":\"ImageObject\",\"inLanguage\":\"fr-FR\",\"@id\":\"https:\\\/\\\/alice.ch\\\/fr\\\/event\\\/journee-dechanges-nationale-entre-les-prestataires\\\/#primaryimage\",\"url\":\"https:\\\/\\\/alice.ch\\\/app\\\/uploads\\\/2022\\\/11\\\/agenda-simplement-mieux-au-travail-1.jpg\",\"contentUrl\":\"https:\\\/\\\/alice.ch\\\/app\\\/uploads\\\/2022\\\/11\\\/agenda-simplement-mieux-au-travail-1.jpg\",\"width\":370,\"height\":185},{\"@type\":\"BreadcrumbList\",\"@id\":\"https:\\\/\\\/alice.ch\\\/fr\\\/event\\\/journee-dechanges-nationale-entre-les-prestataires\\\/#breadcrumb\",\"itemListElement\":[{\"@type\":\"ListItem\",\"position\":1,\"name\":\"Page d'accueil\",\"item\":\"https:\\\/\\\/alice.ch\\\/fr\\\/\"},{\"@type\":\"ListItem\",\"position\":2,\"name\":\"Events\",\"item\":\"https:\\\/\\\/alice.ch\\\/fr\\\/event\\\/\"},{\"@type\":\"ListItem\",\"position\":3,\"name\":\"Journ\u00e9e d&#8217;\u00e9changes nationale entre les prestataires\"}]},{\"@type\":\"WebSite\",\"@id\":\"https:\\\/\\\/alice.ch\\\/fr\\\/#website\",\"url\":\"https:\\\/\\\/alice.ch\\\/fr\\\/\",\"name\":\"alice.ch (Adult Learning Information Center) ist das Portal der Weiterbildung in der Schweiz.\",\"description\":\"Schweizerischer Verband f\u00fcr Weiterbildung\",\"publisher\":{\"@id\":\"https:\\\/\\\/alice.ch\\\/fr\\\/#organization\"},\"potentialAction\":[{\"@type\":\"SearchAction\",\"target\":{\"@type\":\"EntryPoint\",\"urlTemplate\":\"https:\\\/\\\/alice.ch\\\/fr\\\/?s={search_term_string}\"},\"query-input\":{\"@type\":\"PropertyValueSpecification\",\"valueRequired\":true,\"valueName\":\"search_term_string\"}}],\"inLanguage\":\"fr-FR\"},{\"@type\":\"Organization\",\"@id\":\"https:\\\/\\\/alice.ch\\\/fr\\\/#organization\",\"name\":\"FSEA F\u00e9d\u00e9ration suisse pour la formation continue\",\"url\":\"https:\\\/\\\/alice.ch\\\/fr\\\/\",\"logo\":{\"@type\":\"ImageObject\",\"inLanguage\":\"fr-FR\",\"@id\":\"https:\\\/\\\/alice.ch\\\/fr\\\/#\\\/schema\\\/logo\\\/image\\\/\",\"url\":\"https:\\\/\\\/alice.ch\\\/app\\\/uploads\\\/2022\\\/07\\\/logo-sveb.png\",\"contentUrl\":\"https:\\\/\\\/alice.ch\\\/app\\\/uploads\\\/2022\\\/07\\\/logo-sveb.png\",\"width\":145,\"height\":64,\"caption\":\"FSEA F\u00e9d\u00e9ration suisse pour la formation continue\"},\"image\":{\"@id\":\"https:\\\/\\\/alice.ch\\\/fr\\\/#\\\/schema\\\/logo\\\/image\\\/\"},\"sameAs\":[\"https:\\\/\\\/www.linkedin.com\\\/company\\\/schweizerischer-verband-fr-weiterbildung-sveb\\\/\"]}]}<\/script>\n<!-- \/ Yoast SEO plugin. -->","yoast_head_json":{"title":"Journ\u00e9e d'\u00e9changes nationale entre les prestataires - FSEA","robots":{"index":"index","follow":"follow","max-snippet":"max-snippet:-1","max-image-preview":"max-image-preview:large","max-video-preview":"max-video-preview:-1"},"canonical":"https:\/\/alice.ch\/fr\/event\/journee-dechanges-nationale-entre-les-prestataires\/","og_locale":"fr_FR","og_type":"article","og_title":"Journ\u00e9e d'\u00e9changes nationale entre les prestataires - FSEA","og_description":"Des prestataires de formation continue engag\u00e9s sont un \u00e9l\u00e9ment d\u00e9cisif pour le succ\u00e8s de la mesure \u00abSimplement mieux! &#8230; au [&hellip;]","og_url":"https:\/\/alice.ch\/fr\/event\/journee-dechanges-nationale-entre-les-prestataires\/","og_site_name":"SVEB","article_modified_time":"2023-07-06T13:07:52+00:00","og_image":[{"width":370,"height":185,"url":"https:\/\/alice.ch\/app\/uploads\/2022\/11\/agenda-simplement-mieux-au-travail-1.jpg","type":"image\/jpeg"}],"twitter_card":"summary_large_image","schema":{"@context":"https:\/\/schema.org","@graph":[{"@type":"WebPage","@id":"https:\/\/alice.ch\/fr\/event\/journee-dechanges-nationale-entre-les-prestataires\/","url":"https:\/\/alice.ch\/fr\/event\/journee-dechanges-nationale-entre-les-prestataires\/","name":"Journ\u00e9e d'\u00e9changes nationale entre les prestataires - FSEA","isPartOf":{"@id":"https:\/\/alice.ch\/fr\/#website"},"primaryImageOfPage":{"@id":"https:\/\/alice.ch\/fr\/event\/journee-dechanges-nationale-entre-les-prestataires\/#primaryimage"},"image":{"@id":"https:\/\/alice.ch\/fr\/event\/journee-dechanges-nationale-entre-les-prestataires\/#primaryimage"},"thumbnailUrl":"https:\/\/alice.ch\/app\/uploads\/2022\/11\/agenda-simplement-mieux-au-travail-1.jpg","datePublished":"2022-11-14T09:17:17+00:00","dateModified":"2023-07-06T13:07:52+00:00","breadcrumb":{"@id":"https:\/\/alice.ch\/fr\/event\/journee-dechanges-nationale-entre-les-prestataires\/#breadcrumb"},"inLanguage":"fr-FR","potentialAction":[{"@type":"ReadAction","target":["https:\/\/alice.ch\/fr\/event\/journee-dechanges-nationale-entre-les-prestataires\/"]}]},{"@type":"ImageObject","inLanguage":"fr-FR","@id":"https:\/\/alice.ch\/fr\/event\/journee-dechanges-nationale-entre-les-prestataires\/#primaryimage","url":"https:\/\/alice.ch\/app\/uploads\/2022\/11\/agenda-simplement-mieux-au-travail-1.jpg","contentUrl":"https:\/\/alice.ch\/app\/uploads\/2022\/11\/agenda-simplement-mieux-au-travail-1.jpg","width":370,"height":185},{"@type":"BreadcrumbList","@id":"https:\/\/alice.ch\/fr\/event\/journee-dechanges-nationale-entre-les-prestataires\/#breadcrumb","itemListElement":[{"@type":"ListItem","position":1,"name":"Page d'accueil","item":"https:\/\/alice.ch\/fr\/"},{"@type":"ListItem","position":2,"name":"Events","item":"https:\/\/alice.ch\/fr\/event\/"},{"@type":"ListItem","position":3,"name":"Journ\u00e9e d&#8217;\u00e9changes nationale entre les prestataires"}]},{"@type":"WebSite","@id":"https:\/\/alice.ch\/fr\/#website","url":"https:\/\/alice.ch\/fr\/","name":"alice.ch (Adult Learning Information Center) ist das Portal der Weiterbildung in der Schweiz.","description":"Schweizerischer Verband f\u00fcr Weiterbildung","publisher":{"@id":"https:\/\/alice.ch\/fr\/#organization"},"potentialAction":[{"@type":"SearchAction","target":{"@type":"EntryPoint","urlTemplate":"https:\/\/alice.ch\/fr\/?s={search_term_string}"},"query-input":{"@type":"PropertyValueSpecification","valueRequired":true,"valueName":"search_term_string"}}],"inLanguage":"fr-FR"},{"@type":"Organization","@id":"https:\/\/alice.ch\/fr\/#organization","name":"FSEA F\u00e9d\u00e9ration suisse pour la formation continue","url":"https:\/\/alice.ch\/fr\/","logo":{"@type":"ImageObject","inLanguage":"fr-FR","@id":"https:\/\/alice.ch\/fr\/#\/schema\/logo\/image\/","url":"https:\/\/alice.ch\/app\/uploads\/2022\/07\/logo-sveb.png","contentUrl":"https:\/\/alice.ch\/app\/uploads\/2022\/07\/logo-sveb.png","width":145,"height":64,"caption":"FSEA F\u00e9d\u00e9ration suisse pour la formation continue"},"image":{"@id":"https:\/\/alice.ch\/fr\/#\/schema\/logo\/image\/"},"sameAs":["https:\/\/www.linkedin.com\/company\/schweizerischer-verband-fr-weiterbildung-sveb\/"]}]}},"_links":{"self":[{"href":"https:\/\/alice.ch\/fr\/wp-json\/wp\/v2\/event\/12456","targetHints":{"allow":["GET"]}}],"collection":[{"href":"https:\/\/alice.ch\/fr\/wp-json\/wp\/v2\/event"}],"about":[{"href":"https:\/\/alice.ch\/fr\/wp-json\/wp\/v2\/types\/event"}],"author":[{"embeddable":true,"href":"https:\/\/alice.ch\/fr\/wp-json\/wp\/v2\/users\/11"}],"version-history":[{"count":4,"href":"https:\/\/alice.ch\/fr\/wp-json\/wp\/v2\/event\/12456\/revisions"}],"predecessor-version":[{"id":52284,"href":"https:\/\/alice.ch\/fr\/wp-json\/wp\/v2\/event\/12456\/revisions\/52284"}],"wp:featuredmedia":[{"embeddable":true,"href":"https:\/\/alice.ch\/fr\/wp-json\/wp\/v2\/media\/20194"}],"wp:attachment":[{"href":"https:\/\/alice.ch\/fr\/wp-json\/wp\/v2\/media?parent=12456"}],"wp:term":[{"taxonomy":"event-category","embeddable":true,"href":"https:\/\/alice.ch\/fr\/wp-json\/wp\/v2\/event-category?post=12456"},{"taxonomy":"event-tag","embeddable":true,"href":"https:\/\/alice.ch\/fr\/wp-json\/wp\/v2\/event-tag?post=12456"},{"taxonomy":"event-status","embeddable":true,"href":"https:\/\/alice.ch\/fr\/wp-json\/wp\/v2\/event-status?post=12456"},{"taxonomy":"event-language","embeddable":true,"href":"https:\/\/alice.ch\/fr\/wp-json\/wp\/v2\/event-language?post=12456"},{"taxonomy":"global-category","embeddable":true,"href":"https:\/\/alice.ch\/fr\/wp-json\/wp\/v2\/global-category?post=12456"}],"curies":[{"name":"wp","href":"https:\/\/api.w.org\/{rel}","templated":true}]}}