{"id":12776,"date":"2022-11-14T16:47:30","date_gmt":"2022-11-14T15:47:30","guid":{"rendered":"https:\/\/projects.atxeit.ch\/sveb\/?post_type=event&#038;p=12776"},"modified":"2023-07-06T15:08:46","modified_gmt":"2023-07-06T13:08:46","slug":"gerer-les-risques-pour-perenniser-lentreprise-la-mission-de-la-qualite","status":"publish","type":"event","link":"https:\/\/alice.ch\/fr\/event\/gerer-les-risques-pour-perenniser-lentreprise-la-mission-de-la-qualite\/","title":{"rendered":"G\u00e9rer les risques pour p\u00e9renniser l&rsquo;entreprise &#8211; la mission de la Qualit\u00e9"},"content":{"rendered":"\n<p>Vous \u00eates active\/actif dans l\u2019assurance qualit\u00e9 de votre organisation et vous vous posez des questions sur la gestion de celle-ci, notamment sur&nbsp;la gestion des risques&nbsp;? Ce webinaire traitera en d\u00e9tails de ce point, qui fait partie des nouveaut\u00e9s de la <a href=\"https:\/\/alice.ch\/fr\/services\/eduqua\/\" target=\"_blank\" rel=\"noreferrer noopener\">nouvelle norme eduQua:2021<\/a>.<\/p>\n\n\n\n<p>Deux intervenants viendront pr\u00e9senter leur vision de la gestion des risques, d\u2019abord d\u2019une mani\u00e8re g\u00e9n\u00e9rale, puis sous l\u2019angle de la p\u00e9rennit\u00e9. Ensuite une vision concr\u00e8te sous l\u2019angle d\u2019eduQua introduira un moment d&rsquo;\u00e9changes et de discussions o\u00f9 vous pourrez poser toutes vos questions. Enfin, des outils pour g\u00e9rer les risques vous seront propos\u00e9s.<\/p>\n\n\n\n<p>Nous nous r\u00e9jouissons de vous retrouvez nombreux \u00e0 ce webinaire gratuit organis\u00e9 par le RQFA !<\/p>\n\n\n\n<p>Les inscriptions sont closes depuis le 2 f\u00e9vrier 2022.<br>Pour toute question ou demande d&rsquo;inscription tardive, merci d&rsquo;adresser un e-mail \u00e0 <a href=\"mailto:annika.ribordy@alice.ch\">Annika Ribordy<\/a>.<\/p>\n\n\n\n<p>Les vid\u00e9os des anciens \u00e9pisodes sont disponibles sur le <a href=\"https:\/\/www.rqfa.ch\/\" target=\"_blank\" rel=\"noreferrer noopener\">site Internet<\/a> du r\u00e9seau.<\/p>\n","protected":false},"excerpt":{"rendered":"<p>Vous \u00eates active\/actif dans l\u2019assurance qualit\u00e9 de votre organisation et vous vous posez des questions sur la gestion de celle-ci, [&hellip;]<\/p>\n","protected":false},"author":11,"featured_media":34373,"template":"","meta":{"_acf_changed":false,"inline_featured_image":false,"footnotes":""},"event-category":[103],"event-tag":[],"event-status":[205],"event-language":[207],"global-category":[113],"class_list":["post-12776","event","type-event","status-publish","has-post-thumbnail","hentry","event-category-evenements-fsea-kooperation","event-status-archive","event-language-francais","global-category-qualitaet-fr"],"acf":[],"yoast_head":"<!-- This site is optimized with the Yoast SEO plugin v27.3 - https:\/\/yoast.com\/product\/yoast-seo-wordpress\/ -->\n<title>G\u00e9rer les risques pour p\u00e9renniser l&#039;entreprise - la mission de la Qualit\u00e9 - FSEA<\/title>\n<meta name=\"robots\" content=\"index, follow, max-snippet:-1, max-image-preview:large, max-video-preview:-1\" \/>\n<link rel=\"canonical\" href=\"https:\/\/alice.ch\/fr\/event\/gerer-les-risques-pour-perenniser-lentreprise-la-mission-de-la-qualite\/\" \/>\n<meta property=\"og:locale\" content=\"fr_FR\" \/>\n<meta property=\"og:type\" content=\"article\" \/>\n<meta property=\"og:title\" content=\"G\u00e9rer les risques pour p\u00e9renniser l&#039;entreprise - la mission de la Qualit\u00e9 - FSEA\" \/>\n<meta property=\"og:description\" content=\"Vous \u00eates active\/actif dans l\u2019assurance qualit\u00e9 de votre organisation et vous vous posez des questions sur la gestion de celle-ci, [&hellip;]\" \/>\n<meta property=\"og:url\" content=\"https:\/\/alice.ch\/fr\/event\/gerer-les-risques-pour-perenniser-lentreprise-la-mission-de-la-qualite\/\" \/>\n<meta property=\"og:site_name\" content=\"SVEB\" \/>\n<meta property=\"article:modified_time\" content=\"2023-07-06T13:08:46+00:00\" \/>\n<meta property=\"og:image\" content=\"https:\/\/alice.ch\/app\/uploads\/2022\/12\/agenda-gerer-les-risques.jpg\" \/>\n\t<meta property=\"og:image:width\" content=\"370\" \/>\n\t<meta property=\"og:image:height\" content=\"185\" \/>\n\t<meta property=\"og:image:type\" content=\"image\/jpeg\" \/>\n<meta name=\"twitter:card\" content=\"summary_large_image\" \/>\n<script type=\"application\/ld+json\" class=\"yoast-schema-graph\">{\"@context\":\"https:\\\/\\\/schema.org\",\"@graph\":[{\"@type\":\"WebPage\",\"@id\":\"https:\\\/\\\/alice.ch\\\/fr\\\/event\\\/gerer-les-risques-pour-perenniser-lentreprise-la-mission-de-la-qualite\\\/\",\"url\":\"https:\\\/\\\/alice.ch\\\/fr\\\/event\\\/gerer-les-risques-pour-perenniser-lentreprise-la-mission-de-la-qualite\\\/\",\"name\":\"G\u00e9rer les risques pour p\u00e9renniser l'entreprise - la mission de la Qualit\u00e9 - FSEA\",\"isPartOf\":{\"@id\":\"https:\\\/\\\/alice.ch\\\/fr\\\/#website\"},\"primaryImageOfPage\":{\"@id\":\"https:\\\/\\\/alice.ch\\\/fr\\\/event\\\/gerer-les-risques-pour-perenniser-lentreprise-la-mission-de-la-qualite\\\/#primaryimage\"},\"image\":{\"@id\":\"https:\\\/\\\/alice.ch\\\/fr\\\/event\\\/gerer-les-risques-pour-perenniser-lentreprise-la-mission-de-la-qualite\\\/#primaryimage\"},\"thumbnailUrl\":\"https:\\\/\\\/alice.ch\\\/app\\\/uploads\\\/2022\\\/12\\\/agenda-gerer-les-risques.jpg\",\"datePublished\":\"2022-11-14T15:47:30+00:00\",\"dateModified\":\"2023-07-06T13:08:46+00:00\",\"breadcrumb\":{\"@id\":\"https:\\\/\\\/alice.ch\\\/fr\\\/event\\\/gerer-les-risques-pour-perenniser-lentreprise-la-mission-de-la-qualite\\\/#breadcrumb\"},\"inLanguage\":\"fr-FR\",\"potentialAction\":[{\"@type\":\"ReadAction\",\"target\":[\"https:\\\/\\\/alice.ch\\\/fr\\\/event\\\/gerer-les-risques-pour-perenniser-lentreprise-la-mission-de-la-qualite\\\/\"]}]},{\"@type\":\"ImageObject\",\"inLanguage\":\"fr-FR\",\"@id\":\"https:\\\/\\\/alice.ch\\\/fr\\\/event\\\/gerer-les-risques-pour-perenniser-lentreprise-la-mission-de-la-qualite\\\/#primaryimage\",\"url\":\"https:\\\/\\\/alice.ch\\\/app\\\/uploads\\\/2022\\\/12\\\/agenda-gerer-les-risques.jpg\",\"contentUrl\":\"https:\\\/\\\/alice.ch\\\/app\\\/uploads\\\/2022\\\/12\\\/agenda-gerer-les-risques.jpg\",\"width\":370,\"height\":185},{\"@type\":\"BreadcrumbList\",\"@id\":\"https:\\\/\\\/alice.ch\\\/fr\\\/event\\\/gerer-les-risques-pour-perenniser-lentreprise-la-mission-de-la-qualite\\\/#breadcrumb\",\"itemListElement\":[{\"@type\":\"ListItem\",\"position\":1,\"name\":\"Page d'accueil\",\"item\":\"https:\\\/\\\/alice.ch\\\/fr\\\/\"},{\"@type\":\"ListItem\",\"position\":2,\"name\":\"Events\",\"item\":\"https:\\\/\\\/alice.ch\\\/fr\\\/event\\\/\"},{\"@type\":\"ListItem\",\"position\":3,\"name\":\"G\u00e9rer les risques pour p\u00e9renniser l&#8217;entreprise &#8211; la mission de la Qualit\u00e9\"}]},{\"@type\":\"WebSite\",\"@id\":\"https:\\\/\\\/alice.ch\\\/fr\\\/#website\",\"url\":\"https:\\\/\\\/alice.ch\\\/fr\\\/\",\"name\":\"alice.ch (Adult Learning Information Center) ist das Portal der Weiterbildung in der Schweiz.\",\"description\":\"Schweizerischer Verband f\u00fcr Weiterbildung\",\"publisher\":{\"@id\":\"https:\\\/\\\/alice.ch\\\/fr\\\/#organization\"},\"potentialAction\":[{\"@type\":\"SearchAction\",\"target\":{\"@type\":\"EntryPoint\",\"urlTemplate\":\"https:\\\/\\\/alice.ch\\\/fr\\\/?s={search_term_string}\"},\"query-input\":{\"@type\":\"PropertyValueSpecification\",\"valueRequired\":true,\"valueName\":\"search_term_string\"}}],\"inLanguage\":\"fr-FR\"},{\"@type\":\"Organization\",\"@id\":\"https:\\\/\\\/alice.ch\\\/fr\\\/#organization\",\"name\":\"FSEA F\u00e9d\u00e9ration suisse pour la formation continue\",\"url\":\"https:\\\/\\\/alice.ch\\\/fr\\\/\",\"logo\":{\"@type\":\"ImageObject\",\"inLanguage\":\"fr-FR\",\"@id\":\"https:\\\/\\\/alice.ch\\\/fr\\\/#\\\/schema\\\/logo\\\/image\\\/\",\"url\":\"https:\\\/\\\/alice.ch\\\/app\\\/uploads\\\/2022\\\/07\\\/logo-sveb.png\",\"contentUrl\":\"https:\\\/\\\/alice.ch\\\/app\\\/uploads\\\/2022\\\/07\\\/logo-sveb.png\",\"width\":145,\"height\":64,\"caption\":\"FSEA F\u00e9d\u00e9ration suisse pour la formation continue\"},\"image\":{\"@id\":\"https:\\\/\\\/alice.ch\\\/fr\\\/#\\\/schema\\\/logo\\\/image\\\/\"},\"sameAs\":[\"https:\\\/\\\/www.linkedin.com\\\/company\\\/schweizerischer-verband-fr-weiterbildung-sveb\\\/\"]}]}<\/script>\n<!-- \/ Yoast SEO plugin. -->","yoast_head_json":{"title":"G\u00e9rer les risques pour p\u00e9renniser l'entreprise - la mission de la Qualit\u00e9 - FSEA","robots":{"index":"index","follow":"follow","max-snippet":"max-snippet:-1","max-image-preview":"max-image-preview:large","max-video-preview":"max-video-preview:-1"},"canonical":"https:\/\/alice.ch\/fr\/event\/gerer-les-risques-pour-perenniser-lentreprise-la-mission-de-la-qualite\/","og_locale":"fr_FR","og_type":"article","og_title":"G\u00e9rer les risques pour p\u00e9renniser l'entreprise - la mission de la Qualit\u00e9 - FSEA","og_description":"Vous \u00eates active\/actif dans l\u2019assurance qualit\u00e9 de votre organisation et vous vous posez des questions sur la gestion de celle-ci, [&hellip;]","og_url":"https:\/\/alice.ch\/fr\/event\/gerer-les-risques-pour-perenniser-lentreprise-la-mission-de-la-qualite\/","og_site_name":"SVEB","article_modified_time":"2023-07-06T13:08:46+00:00","og_image":[{"width":370,"height":185,"url":"https:\/\/alice.ch\/app\/uploads\/2022\/12\/agenda-gerer-les-risques.jpg","type":"image\/jpeg"}],"twitter_card":"summary_large_image","schema":{"@context":"https:\/\/schema.org","@graph":[{"@type":"WebPage","@id":"https:\/\/alice.ch\/fr\/event\/gerer-les-risques-pour-perenniser-lentreprise-la-mission-de-la-qualite\/","url":"https:\/\/alice.ch\/fr\/event\/gerer-les-risques-pour-perenniser-lentreprise-la-mission-de-la-qualite\/","name":"G\u00e9rer les risques pour p\u00e9renniser l'entreprise - la mission de la Qualit\u00e9 - FSEA","isPartOf":{"@id":"https:\/\/alice.ch\/fr\/#website"},"primaryImageOfPage":{"@id":"https:\/\/alice.ch\/fr\/event\/gerer-les-risques-pour-perenniser-lentreprise-la-mission-de-la-qualite\/#primaryimage"},"image":{"@id":"https:\/\/alice.ch\/fr\/event\/gerer-les-risques-pour-perenniser-lentreprise-la-mission-de-la-qualite\/#primaryimage"},"thumbnailUrl":"https:\/\/alice.ch\/app\/uploads\/2022\/12\/agenda-gerer-les-risques.jpg","datePublished":"2022-11-14T15:47:30+00:00","dateModified":"2023-07-06T13:08:46+00:00","breadcrumb":{"@id":"https:\/\/alice.ch\/fr\/event\/gerer-les-risques-pour-perenniser-lentreprise-la-mission-de-la-qualite\/#breadcrumb"},"inLanguage":"fr-FR","potentialAction":[{"@type":"ReadAction","target":["https:\/\/alice.ch\/fr\/event\/gerer-les-risques-pour-perenniser-lentreprise-la-mission-de-la-qualite\/"]}]},{"@type":"ImageObject","inLanguage":"fr-FR","@id":"https:\/\/alice.ch\/fr\/event\/gerer-les-risques-pour-perenniser-lentreprise-la-mission-de-la-qualite\/#primaryimage","url":"https:\/\/alice.ch\/app\/uploads\/2022\/12\/agenda-gerer-les-risques.jpg","contentUrl":"https:\/\/alice.ch\/app\/uploads\/2022\/12\/agenda-gerer-les-risques.jpg","width":370,"height":185},{"@type":"BreadcrumbList","@id":"https:\/\/alice.ch\/fr\/event\/gerer-les-risques-pour-perenniser-lentreprise-la-mission-de-la-qualite\/#breadcrumb","itemListElement":[{"@type":"ListItem","position":1,"name":"Page d'accueil","item":"https:\/\/alice.ch\/fr\/"},{"@type":"ListItem","position":2,"name":"Events","item":"https:\/\/alice.ch\/fr\/event\/"},{"@type":"ListItem","position":3,"name":"G\u00e9rer les risques pour p\u00e9renniser l&#8217;entreprise &#8211; la mission de la Qualit\u00e9"}]},{"@type":"WebSite","@id":"https:\/\/alice.ch\/fr\/#website","url":"https:\/\/alice.ch\/fr\/","name":"alice.ch (Adult Learning Information Center) ist das Portal der Weiterbildung in der Schweiz.","description":"Schweizerischer Verband f\u00fcr Weiterbildung","publisher":{"@id":"https:\/\/alice.ch\/fr\/#organization"},"potentialAction":[{"@type":"SearchAction","target":{"@type":"EntryPoint","urlTemplate":"https:\/\/alice.ch\/fr\/?s={search_term_string}"},"query-input":{"@type":"PropertyValueSpecification","valueRequired":true,"valueName":"search_term_string"}}],"inLanguage":"fr-FR"},{"@type":"Organization","@id":"https:\/\/alice.ch\/fr\/#organization","name":"FSEA F\u00e9d\u00e9ration suisse pour la formation continue","url":"https:\/\/alice.ch\/fr\/","logo":{"@type":"ImageObject","inLanguage":"fr-FR","@id":"https:\/\/alice.ch\/fr\/#\/schema\/logo\/image\/","url":"https:\/\/alice.ch\/app\/uploads\/2022\/07\/logo-sveb.png","contentUrl":"https:\/\/alice.ch\/app\/uploads\/2022\/07\/logo-sveb.png","width":145,"height":64,"caption":"FSEA F\u00e9d\u00e9ration suisse pour la formation continue"},"image":{"@id":"https:\/\/alice.ch\/fr\/#\/schema\/logo\/image\/"},"sameAs":["https:\/\/www.linkedin.com\/company\/schweizerischer-verband-fr-weiterbildung-sveb\/"]}]}},"_links":{"self":[{"href":"https:\/\/alice.ch\/fr\/wp-json\/wp\/v2\/event\/12776","targetHints":{"allow":["GET"]}}],"collection":[{"href":"https:\/\/alice.ch\/fr\/wp-json\/wp\/v2\/event"}],"about":[{"href":"https:\/\/alice.ch\/fr\/wp-json\/wp\/v2\/types\/event"}],"author":[{"embeddable":true,"href":"https:\/\/alice.ch\/fr\/wp-json\/wp\/v2\/users\/11"}],"version-history":[{"count":3,"href":"https:\/\/alice.ch\/fr\/wp-json\/wp\/v2\/event\/12776\/revisions"}],"predecessor-version":[{"id":52291,"href":"https:\/\/alice.ch\/fr\/wp-json\/wp\/v2\/event\/12776\/revisions\/52291"}],"wp:featuredmedia":[{"embeddable":true,"href":"https:\/\/alice.ch\/fr\/wp-json\/wp\/v2\/media\/34373"}],"wp:attachment":[{"href":"https:\/\/alice.ch\/fr\/wp-json\/wp\/v2\/media?parent=12776"}],"wp:term":[{"taxonomy":"event-category","embeddable":true,"href":"https:\/\/alice.ch\/fr\/wp-json\/wp\/v2\/event-category?post=12776"},{"taxonomy":"event-tag","embeddable":true,"href":"https:\/\/alice.ch\/fr\/wp-json\/wp\/v2\/event-tag?post=12776"},{"taxonomy":"event-status","embeddable":true,"href":"https:\/\/alice.ch\/fr\/wp-json\/wp\/v2\/event-status?post=12776"},{"taxonomy":"event-language","embeddable":true,"href":"https:\/\/alice.ch\/fr\/wp-json\/wp\/v2\/event-language?post=12776"},{"taxonomy":"global-category","embeddable":true,"href":"https:\/\/alice.ch\/fr\/wp-json\/wp\/v2\/global-category?post=12776"}],"curies":[{"name":"wp","href":"https:\/\/api.w.org\/{rel}","templated":true}]}}