{"id":13750,"date":"2022-11-16T17:32:29","date_gmt":"2022-11-16T16:32:29","guid":{"rendered":"https:\/\/projects.atxeit.ch\/sveb\/?post_type=event&#038;p=13750"},"modified":"2023-07-06T15:14:02","modified_gmt":"2023-07-06T13:14:02","slug":"anniversaire-70-ans-de-la-fsea","status":"publish","type":"event","link":"https:\/\/alice.ch\/fr\/event\/anniversaire-70-ans-de-la-fsea\/","title":{"rendered":"Anniversaire: 70 ans de la FSEA"},"content":{"rendered":"\n<p>Malgr\u00e9 les restrictions li\u00e9es au Coronavirus, nous souhaitons accorder toute l&rsquo;attention n\u00e9cessaire au 70e anniversaire de la FSEA. Dans le cadre d&rsquo;un \u00e9v\u00e9nement en ligne, vous pouvez vous attendre \u00e0 un retour passionnant sur le d\u00e9veloppement de la FSEA et \u00e0 une perspective sur l&rsquo;avenir de la formation continue.<\/p>\n\n\n\n<h3 class=\"wp-block-heading\"><strong>Programme<\/strong><\/h3>\n\n\n\n<p><strong>15:30&nbsp;&nbsp; &nbsp;<\/strong><br><strong>Accueil des invit\u00e9s de l&rsquo;anniversaire sur zoom<\/strong><br>Didier Juillerat, Vice-pr\u00e9sident de la FSEA<\/p>\n\n\n\n<p><strong>15:35&nbsp;&nbsp;<\/strong><br><strong>Contribution : \u00abLes 20 prochaines ann\u00e9es : nous ne cessons jamais d&rsquo;apprendre ! Les m\u00e9gatendances \u00e0 venir et les d\u00e9fis pour la formation continue\u00bb<\/strong><br>Georges T. Roos (futurologue)<\/p>\n\n\n\n<p><strong>16:05<\/strong><br><strong>Table ronde : Les \u00e9tapes du d\u00e9veloppement de la FSEA et un regard sur l&rsquo;avenir avec les invit\u00e9s suivants :<\/strong><br>&#8211; Matthias Aebischer, Pr\u00e9sident de la FSEA depuis 2016<br>&#8211; Rudolf Strahm, pr\u00e9sident de la FSEA de 2008 \u00e0 2016<br>&#8211; Jean-Pierre Br\u00fcgger, membre du comit\u00e9 de 2006 \u00e0 2015<br>&#8211; Anita Calonder Gerster, Pr\u00e9sidente de 1996 \u00e0 2000<\/p>\n\n\n\n<p>Mod\u00e9ration : Claudia Z\u00fcrcher, vice-pr\u00e9sidente de la FSEA<\/p>\n\n\n\n<p><strong>16.45<\/strong><br><strong>Fermeture artistique<\/strong><br>Martina H\u00fcgi, po\u00e9tesse-slameuse (en allemand et en fran\u00e7ais).<\/p>\n\n\n\n<p><strong>17:00<\/strong><br><strong>Fin<\/strong><\/p>\n\n\n\n<p>L&rsquo;\u00e9v\u00e9nement est gratuit. Toutes les parties int\u00e9ress\u00e9es sont cordialement invit\u00e9es. Veuillez vous inscrire en utilisant le formulaire ci-dessous.<\/p>\n\n\n\n<h3 class=\"wp-block-heading\"><a href=\"https:\/\/alice.ch\/app\/uploads\/2022\/12\/2021-70e-anniversaire-fsea.pdf\">Programme<\/a><\/h3>\n","protected":false},"excerpt":{"rendered":"<p>Malgr\u00e9 les restrictions li\u00e9es au Coronavirus, nous souhaitons accorder toute l&rsquo;attention n\u00e9cessaire au 70e anniversaire de la FSEA. Dans le [&hellip;]<\/p>\n","protected":false},"author":11,"featured_media":19777,"template":"","meta":{"_acf_changed":false,"inline_featured_image":false,"footnotes":""},"event-category":[103],"event-tag":[],"event-status":[200,205],"event-language":[206,202,207,203],"global-category":[115],"class_list":["post-13750","event","type-event","status-publish","has-post-thumbnail","hentry","event-category-evenements-fsea-kooperation","event-status-archiv","event-status-archive","event-language-allemand","event-language-deutsch","event-language-francais","event-language-franzoesisch","global-category-sveb-fr"],"acf":[],"yoast_head":"<!-- This site is optimized with the Yoast SEO plugin v27.3 - https:\/\/yoast.com\/product\/yoast-seo-wordpress\/ -->\n<title>Anniversaire: 70 ans de la FSEA - FSEA<\/title>\n<meta name=\"robots\" content=\"index, follow, max-snippet:-1, max-image-preview:large, max-video-preview:-1\" \/>\n<link rel=\"canonical\" href=\"https:\/\/alice.ch\/fr\/event\/anniversaire-70-ans-de-la-fsea\/\" \/>\n<meta property=\"og:locale\" content=\"fr_FR\" \/>\n<meta property=\"og:type\" content=\"article\" \/>\n<meta property=\"og:title\" content=\"Anniversaire: 70 ans de la FSEA - FSEA\" \/>\n<meta property=\"og:description\" content=\"Malgr\u00e9 les restrictions li\u00e9es au Coronavirus, nous souhaitons accorder toute l&rsquo;attention n\u00e9cessaire au 70e anniversaire de la FSEA. Dans le [&hellip;]\" \/>\n<meta property=\"og:url\" content=\"https:\/\/alice.ch\/fr\/event\/anniversaire-70-ans-de-la-fsea\/\" \/>\n<meta property=\"og:site_name\" content=\"SVEB\" \/>\n<meta property=\"article:modified_time\" content=\"2023-07-06T13:14:02+00:00\" \/>\n<meta property=\"og:image\" content=\"https:\/\/alice.ch\/app\/uploads\/2022\/11\/agenda-70-ans-de-fsea.jpg\" \/>\n\t<meta property=\"og:image:width\" content=\"771\" \/>\n\t<meta property=\"og:image:height\" content=\"385\" \/>\n\t<meta property=\"og:image:type\" content=\"image\/jpeg\" \/>\n<meta name=\"twitter:card\" content=\"summary_large_image\" \/>\n<script type=\"application\/ld+json\" class=\"yoast-schema-graph\">{\"@context\":\"https:\\\/\\\/schema.org\",\"@graph\":[{\"@type\":\"WebPage\",\"@id\":\"https:\\\/\\\/alice.ch\\\/fr\\\/event\\\/anniversaire-70-ans-de-la-fsea\\\/\",\"url\":\"https:\\\/\\\/alice.ch\\\/fr\\\/event\\\/anniversaire-70-ans-de-la-fsea\\\/\",\"name\":\"Anniversaire: 70 ans de la FSEA - FSEA\",\"isPartOf\":{\"@id\":\"https:\\\/\\\/alice.ch\\\/fr\\\/#website\"},\"primaryImageOfPage\":{\"@id\":\"https:\\\/\\\/alice.ch\\\/fr\\\/event\\\/anniversaire-70-ans-de-la-fsea\\\/#primaryimage\"},\"image\":{\"@id\":\"https:\\\/\\\/alice.ch\\\/fr\\\/event\\\/anniversaire-70-ans-de-la-fsea\\\/#primaryimage\"},\"thumbnailUrl\":\"https:\\\/\\\/alice.ch\\\/app\\\/uploads\\\/2022\\\/11\\\/agenda-70-ans-de-fsea.jpg\",\"datePublished\":\"2022-11-16T16:32:29+00:00\",\"dateModified\":\"2023-07-06T13:14:02+00:00\",\"breadcrumb\":{\"@id\":\"https:\\\/\\\/alice.ch\\\/fr\\\/event\\\/anniversaire-70-ans-de-la-fsea\\\/#breadcrumb\"},\"inLanguage\":\"fr-FR\",\"potentialAction\":[{\"@type\":\"ReadAction\",\"target\":[\"https:\\\/\\\/alice.ch\\\/fr\\\/event\\\/anniversaire-70-ans-de-la-fsea\\\/\"]}]},{\"@type\":\"ImageObject\",\"inLanguage\":\"fr-FR\",\"@id\":\"https:\\\/\\\/alice.ch\\\/fr\\\/event\\\/anniversaire-70-ans-de-la-fsea\\\/#primaryimage\",\"url\":\"https:\\\/\\\/alice.ch\\\/app\\\/uploads\\\/2022\\\/11\\\/agenda-70-ans-de-fsea.jpg\",\"contentUrl\":\"https:\\\/\\\/alice.ch\\\/app\\\/uploads\\\/2022\\\/11\\\/agenda-70-ans-de-fsea.jpg\",\"width\":771,\"height\":385},{\"@type\":\"BreadcrumbList\",\"@id\":\"https:\\\/\\\/alice.ch\\\/fr\\\/event\\\/anniversaire-70-ans-de-la-fsea\\\/#breadcrumb\",\"itemListElement\":[{\"@type\":\"ListItem\",\"position\":1,\"name\":\"Page d'accueil\",\"item\":\"https:\\\/\\\/alice.ch\\\/fr\\\/\"},{\"@type\":\"ListItem\",\"position\":2,\"name\":\"Events\",\"item\":\"https:\\\/\\\/alice.ch\\\/fr\\\/event\\\/\"},{\"@type\":\"ListItem\",\"position\":3,\"name\":\"Anniversaire: 70 ans de la FSEA\"}]},{\"@type\":\"WebSite\",\"@id\":\"https:\\\/\\\/alice.ch\\\/fr\\\/#website\",\"url\":\"https:\\\/\\\/alice.ch\\\/fr\\\/\",\"name\":\"alice.ch (Adult Learning Information Center) ist das Portal der Weiterbildung in der Schweiz.\",\"description\":\"Schweizerischer Verband f\u00fcr Weiterbildung\",\"publisher\":{\"@id\":\"https:\\\/\\\/alice.ch\\\/fr\\\/#organization\"},\"potentialAction\":[{\"@type\":\"SearchAction\",\"target\":{\"@type\":\"EntryPoint\",\"urlTemplate\":\"https:\\\/\\\/alice.ch\\\/fr\\\/?s={search_term_string}\"},\"query-input\":{\"@type\":\"PropertyValueSpecification\",\"valueRequired\":true,\"valueName\":\"search_term_string\"}}],\"inLanguage\":\"fr-FR\"},{\"@type\":\"Organization\",\"@id\":\"https:\\\/\\\/alice.ch\\\/fr\\\/#organization\",\"name\":\"FSEA F\u00e9d\u00e9ration suisse pour la formation continue\",\"url\":\"https:\\\/\\\/alice.ch\\\/fr\\\/\",\"logo\":{\"@type\":\"ImageObject\",\"inLanguage\":\"fr-FR\",\"@id\":\"https:\\\/\\\/alice.ch\\\/fr\\\/#\\\/schema\\\/logo\\\/image\\\/\",\"url\":\"https:\\\/\\\/alice.ch\\\/app\\\/uploads\\\/2022\\\/07\\\/logo-sveb.png\",\"contentUrl\":\"https:\\\/\\\/alice.ch\\\/app\\\/uploads\\\/2022\\\/07\\\/logo-sveb.png\",\"width\":145,\"height\":64,\"caption\":\"FSEA F\u00e9d\u00e9ration suisse pour la formation continue\"},\"image\":{\"@id\":\"https:\\\/\\\/alice.ch\\\/fr\\\/#\\\/schema\\\/logo\\\/image\\\/\"},\"sameAs\":[\"https:\\\/\\\/www.linkedin.com\\\/company\\\/schweizerischer-verband-fr-weiterbildung-sveb\\\/\"]}]}<\/script>\n<!-- \/ Yoast SEO plugin. -->","yoast_head_json":{"title":"Anniversaire: 70 ans de la FSEA - FSEA","robots":{"index":"index","follow":"follow","max-snippet":"max-snippet:-1","max-image-preview":"max-image-preview:large","max-video-preview":"max-video-preview:-1"},"canonical":"https:\/\/alice.ch\/fr\/event\/anniversaire-70-ans-de-la-fsea\/","og_locale":"fr_FR","og_type":"article","og_title":"Anniversaire: 70 ans de la FSEA - FSEA","og_description":"Malgr\u00e9 les restrictions li\u00e9es au Coronavirus, nous souhaitons accorder toute l&rsquo;attention n\u00e9cessaire au 70e anniversaire de la FSEA. Dans le [&hellip;]","og_url":"https:\/\/alice.ch\/fr\/event\/anniversaire-70-ans-de-la-fsea\/","og_site_name":"SVEB","article_modified_time":"2023-07-06T13:14:02+00:00","og_image":[{"width":771,"height":385,"url":"https:\/\/alice.ch\/app\/uploads\/2022\/11\/agenda-70-ans-de-fsea.jpg","type":"image\/jpeg"}],"twitter_card":"summary_large_image","schema":{"@context":"https:\/\/schema.org","@graph":[{"@type":"WebPage","@id":"https:\/\/alice.ch\/fr\/event\/anniversaire-70-ans-de-la-fsea\/","url":"https:\/\/alice.ch\/fr\/event\/anniversaire-70-ans-de-la-fsea\/","name":"Anniversaire: 70 ans de la FSEA - FSEA","isPartOf":{"@id":"https:\/\/alice.ch\/fr\/#website"},"primaryImageOfPage":{"@id":"https:\/\/alice.ch\/fr\/event\/anniversaire-70-ans-de-la-fsea\/#primaryimage"},"image":{"@id":"https:\/\/alice.ch\/fr\/event\/anniversaire-70-ans-de-la-fsea\/#primaryimage"},"thumbnailUrl":"https:\/\/alice.ch\/app\/uploads\/2022\/11\/agenda-70-ans-de-fsea.jpg","datePublished":"2022-11-16T16:32:29+00:00","dateModified":"2023-07-06T13:14:02+00:00","breadcrumb":{"@id":"https:\/\/alice.ch\/fr\/event\/anniversaire-70-ans-de-la-fsea\/#breadcrumb"},"inLanguage":"fr-FR","potentialAction":[{"@type":"ReadAction","target":["https:\/\/alice.ch\/fr\/event\/anniversaire-70-ans-de-la-fsea\/"]}]},{"@type":"ImageObject","inLanguage":"fr-FR","@id":"https:\/\/alice.ch\/fr\/event\/anniversaire-70-ans-de-la-fsea\/#primaryimage","url":"https:\/\/alice.ch\/app\/uploads\/2022\/11\/agenda-70-ans-de-fsea.jpg","contentUrl":"https:\/\/alice.ch\/app\/uploads\/2022\/11\/agenda-70-ans-de-fsea.jpg","width":771,"height":385},{"@type":"BreadcrumbList","@id":"https:\/\/alice.ch\/fr\/event\/anniversaire-70-ans-de-la-fsea\/#breadcrumb","itemListElement":[{"@type":"ListItem","position":1,"name":"Page d'accueil","item":"https:\/\/alice.ch\/fr\/"},{"@type":"ListItem","position":2,"name":"Events","item":"https:\/\/alice.ch\/fr\/event\/"},{"@type":"ListItem","position":3,"name":"Anniversaire: 70 ans de la FSEA"}]},{"@type":"WebSite","@id":"https:\/\/alice.ch\/fr\/#website","url":"https:\/\/alice.ch\/fr\/","name":"alice.ch (Adult Learning Information Center) ist das Portal der Weiterbildung in der Schweiz.","description":"Schweizerischer Verband f\u00fcr Weiterbildung","publisher":{"@id":"https:\/\/alice.ch\/fr\/#organization"},"potentialAction":[{"@type":"SearchAction","target":{"@type":"EntryPoint","urlTemplate":"https:\/\/alice.ch\/fr\/?s={search_term_string}"},"query-input":{"@type":"PropertyValueSpecification","valueRequired":true,"valueName":"search_term_string"}}],"inLanguage":"fr-FR"},{"@type":"Organization","@id":"https:\/\/alice.ch\/fr\/#organization","name":"FSEA F\u00e9d\u00e9ration suisse pour la formation continue","url":"https:\/\/alice.ch\/fr\/","logo":{"@type":"ImageObject","inLanguage":"fr-FR","@id":"https:\/\/alice.ch\/fr\/#\/schema\/logo\/image\/","url":"https:\/\/alice.ch\/app\/uploads\/2022\/07\/logo-sveb.png","contentUrl":"https:\/\/alice.ch\/app\/uploads\/2022\/07\/logo-sveb.png","width":145,"height":64,"caption":"FSEA F\u00e9d\u00e9ration suisse pour la formation continue"},"image":{"@id":"https:\/\/alice.ch\/fr\/#\/schema\/logo\/image\/"},"sameAs":["https:\/\/www.linkedin.com\/company\/schweizerischer-verband-fr-weiterbildung-sveb\/"]}]}},"_links":{"self":[{"href":"https:\/\/alice.ch\/fr\/wp-json\/wp\/v2\/event\/13750","targetHints":{"allow":["GET"]}}],"collection":[{"href":"https:\/\/alice.ch\/fr\/wp-json\/wp\/v2\/event"}],"about":[{"href":"https:\/\/alice.ch\/fr\/wp-json\/wp\/v2\/types\/event"}],"author":[{"embeddable":true,"href":"https:\/\/alice.ch\/fr\/wp-json\/wp\/v2\/users\/11"}],"version-history":[{"count":4,"href":"https:\/\/alice.ch\/fr\/wp-json\/wp\/v2\/event\/13750\/revisions"}],"predecessor-version":[{"id":52318,"href":"https:\/\/alice.ch\/fr\/wp-json\/wp\/v2\/event\/13750\/revisions\/52318"}],"wp:featuredmedia":[{"embeddable":true,"href":"https:\/\/alice.ch\/fr\/wp-json\/wp\/v2\/media\/19777"}],"wp:attachment":[{"href":"https:\/\/alice.ch\/fr\/wp-json\/wp\/v2\/media?parent=13750"}],"wp:term":[{"taxonomy":"event-category","embeddable":true,"href":"https:\/\/alice.ch\/fr\/wp-json\/wp\/v2\/event-category?post=13750"},{"taxonomy":"event-tag","embeddable":true,"href":"https:\/\/alice.ch\/fr\/wp-json\/wp\/v2\/event-tag?post=13750"},{"taxonomy":"event-status","embeddable":true,"href":"https:\/\/alice.ch\/fr\/wp-json\/wp\/v2\/event-status?post=13750"},{"taxonomy":"event-language","embeddable":true,"href":"https:\/\/alice.ch\/fr\/wp-json\/wp\/v2\/event-language?post=13750"},{"taxonomy":"global-category","embeddable":true,"href":"https:\/\/alice.ch\/fr\/wp-json\/wp\/v2\/global-category?post=13750"}],"curies":[{"name":"wp","href":"https:\/\/api.w.org\/{rel}","templated":true}]}}