{"id":36847,"date":"2023-01-06T12:10:08","date_gmt":"2023-01-06T11:10:08","guid":{"rendered":"https:\/\/alice.ch\/?post_type=event&#038;p=36847"},"modified":"2023-07-06T15:01:52","modified_gmt":"2023-07-06T13:01:52","slug":"promotion-de-la-qualification-des-adultes","status":"publish","type":"event","link":"https:\/\/alice.ch\/fr\/event\/promotion-de-la-qualification-des-adultes\/","title":{"rendered":"Promotion de la qualification des adultes"},"content":{"rendered":"\n<h3 class=\"wp-block-heading\">Contexte et objectifs<\/h3>\n\n\n\n<p>Les adultes ne disposant pas de comp\u00e9tences de base suffisantes ou de dipl\u00f4me professionnel reconnu sont plus fr\u00e9quemment touch\u00e9s par le ch\u00f4mage et la pauvret\u00e9. Les offres de qualification sont encore peu utilis\u00e9es, bien que leur nombre ait nettement augment\u00e9 ces derni\u00e8res ann\u00e9es. Comment d\u00e9velopper l\u2019acc\u00e8s \u00e0 ces offres, leur conception, leur financement, leur coordination et leur assurance qualit\u00e9 afin d\u2019attirer plus de participantes et de participants ? Ces derniers mois, plusieurs \u00e9tudes se sont pench\u00e9es sur ces questions. Les r\u00e9sultats de ces \u00e9tudes et des exemples tir\u00e9s de la pratique seront pr\u00e9sent\u00e9s lors du colloque. Les participantes et participants d\u00e9battront en outre des possibilit\u00e9s d\u2019am\u00e9liorer la situation en associant les diff\u00e9rents acteurs du domaine. professionnel\u00b7le\u00b7s.<\/p>\n\n\n\n<p>Atelier N\u00b0 2 : <strong>Le r\u00f4le jou\u00e9 par l\u2019aide sociale dans la promotion de la formation<\/strong><br>Offensive de formation continue: <em>C\u00e4cilia M\u00e4rki, Responsable du domaine des&nbsp;comp\u00e9tences de base, FSEA F\u00e9d\u00e9ration suisse pour la formation continue<\/em> et de la Conf\u00e9rence suisse des institutions d\u2019action sociale (CSIAS)<\/p>\n\n\n\n<p>Atelier N\u00b0 8 : <strong>D\u00e9velopper les comp\u00e9tences de base des adultes sur leur lieu de travail pour leur faciliter l\u2019acc\u00e8s \u00e0 un dipl\u00f4me professionnel<\/strong><br>\u00ab Simplement mieux ! &#8230; au travail \u00bb. <em>Christine B\u00e4rlocher, Responsable des projets Comp\u00e9tences de base, FSEA F\u00e9d\u00e9ration suisse pour la formation continue<\/em> et le centre de formation continue d\u2019Olten<\/p>\n\n\n\n<h3 class=\"wp-block-heading\"><strong>Le colloque s\u2019adresse aux personnes suivantes<\/strong><\/h3>\n\n\n\n<ul class=\"wp-block-list\">\n<li>sp\u00e9cialistes et fonctions dirigeantes de la Conf\u00e9d\u00e9ration, des cantons, des villes et des communes dans les domaines de l\u2019int\u00e9gration, des affaires sociales et de la formation&nbsp;;<\/li>\n\n\n\n<li>coordinatrices et coordinateurs CII&nbsp;;<\/li>\n\n\n\n<li>organismes de formation&nbsp;;<\/li>\n\n\n\n<li>repr\u00e9sentantes et repr\u00e9sentants&nbsp; des employeurs et de secteurs de l\u2019\u00e9conomie&nbsp;;<\/li>\n\n\n\n<li>repr\u00e9sentantes et repr\u00e9sentants d\u2019organisations de la soci\u00e9t\u00e9 civile&nbsp;;<\/li>\n\n\n\n<li>repr\u00e9sentantes et repr\u00e9sentants des groupes cibles.<\/li>\n<\/ul>\n\n\n\n<h3 class=\"wp-block-heading\"><a href=\"https:\/\/www.contre-la-pauvrete.ch\/colloque2023\/translate-to-franzoesisch-programm\">Programme<\/a><\/h3>\n\n\n\n<h3 class=\"wp-block-heading\">Le colloque est complet.<\/h3>\n","protected":false},"excerpt":{"rendered":"<p>Contexte et objectifs Les adultes ne disposant pas de comp\u00e9tences de base suffisantes ou de dipl\u00f4me professionnel reconnu sont plus [&hellip;]<\/p>\n","protected":false},"author":11,"featured_media":36835,"template":"","meta":{"_acf_changed":false,"inline_featured_image":false,"footnotes":""},"event-category":[165],"event-tag":[105],"event-status":[200,205],"event-language":[206,202,207,203],"global-category":[117],"class_list":["post-36847","event","type-event","status-publish","has-post-thumbnail","hentry","event-category-evenement-externe","event-tag-2023-fr","event-status-archiv","event-status-archive","event-language-allemand","event-language-deutsch","event-language-francais","event-language-franzoesisch","global-category-grundkompetenzen-fr"],"acf":[],"yoast_head":"<!-- This site is optimized with the Yoast SEO plugin v27.3 - https:\/\/yoast.com\/product\/yoast-seo-wordpress\/ -->\n<title>Promotion de la qualification des adultes - FSEA<\/title>\n<meta name=\"robots\" content=\"index, follow, max-snippet:-1, max-image-preview:large, max-video-preview:-1\" \/>\n<link rel=\"canonical\" href=\"https:\/\/alice.ch\/fr\/event\/promotion-de-la-qualification-des-adultes\/\" \/>\n<meta property=\"og:locale\" content=\"fr_FR\" \/>\n<meta property=\"og:type\" content=\"article\" \/>\n<meta property=\"og:title\" content=\"Promotion de la qualification des adultes - FSEA\" \/>\n<meta property=\"og:description\" content=\"Contexte et objectifs Les adultes ne disposant pas de comp\u00e9tences de base suffisantes ou de dipl\u00f4me professionnel reconnu sont plus [&hellip;]\" \/>\n<meta property=\"og:url\" content=\"https:\/\/alice.ch\/fr\/event\/promotion-de-la-qualification-des-adultes\/\" \/>\n<meta property=\"og:site_name\" content=\"SVEB\" \/>\n<meta property=\"article:modified_time\" content=\"2023-07-06T13:01:52+00:00\" \/>\n<meta property=\"og:image\" content=\"https:\/\/alice.ch\/app\/uploads\/2022\/12\/logo-plateform-nationale-contre-la-pauvrete.png\" \/>\n\t<meta property=\"og:image:width\" content=\"550\" \/>\n\t<meta property=\"og:image:height\" content=\"326\" \/>\n\t<meta property=\"og:image:type\" content=\"image\/png\" \/>\n<meta name=\"twitter:card\" content=\"summary_large_image\" \/>\n<script type=\"application\/ld+json\" class=\"yoast-schema-graph\">{\"@context\":\"https:\\\/\\\/schema.org\",\"@graph\":[{\"@type\":\"WebPage\",\"@id\":\"https:\\\/\\\/alice.ch\\\/fr\\\/event\\\/promotion-de-la-qualification-des-adultes\\\/\",\"url\":\"https:\\\/\\\/alice.ch\\\/fr\\\/event\\\/promotion-de-la-qualification-des-adultes\\\/\",\"name\":\"Promotion de la qualification des adultes - FSEA\",\"isPartOf\":{\"@id\":\"https:\\\/\\\/alice.ch\\\/fr\\\/#website\"},\"primaryImageOfPage\":{\"@id\":\"https:\\\/\\\/alice.ch\\\/fr\\\/event\\\/promotion-de-la-qualification-des-adultes\\\/#primaryimage\"},\"image\":{\"@id\":\"https:\\\/\\\/alice.ch\\\/fr\\\/event\\\/promotion-de-la-qualification-des-adultes\\\/#primaryimage\"},\"thumbnailUrl\":\"https:\\\/\\\/alice.ch\\\/app\\\/uploads\\\/2022\\\/12\\\/logo-plateform-nationale-contre-la-pauvrete.png\",\"datePublished\":\"2023-01-06T11:10:08+00:00\",\"dateModified\":\"2023-07-06T13:01:52+00:00\",\"breadcrumb\":{\"@id\":\"https:\\\/\\\/alice.ch\\\/fr\\\/event\\\/promotion-de-la-qualification-des-adultes\\\/#breadcrumb\"},\"inLanguage\":\"fr-FR\",\"potentialAction\":[{\"@type\":\"ReadAction\",\"target\":[\"https:\\\/\\\/alice.ch\\\/fr\\\/event\\\/promotion-de-la-qualification-des-adultes\\\/\"]}]},{\"@type\":\"ImageObject\",\"inLanguage\":\"fr-FR\",\"@id\":\"https:\\\/\\\/alice.ch\\\/fr\\\/event\\\/promotion-de-la-qualification-des-adultes\\\/#primaryimage\",\"url\":\"https:\\\/\\\/alice.ch\\\/app\\\/uploads\\\/2022\\\/12\\\/logo-plateform-nationale-contre-la-pauvrete.png\",\"contentUrl\":\"https:\\\/\\\/alice.ch\\\/app\\\/uploads\\\/2022\\\/12\\\/logo-plateform-nationale-contre-la-pauvrete.png\",\"width\":550,\"height\":326},{\"@type\":\"BreadcrumbList\",\"@id\":\"https:\\\/\\\/alice.ch\\\/fr\\\/event\\\/promotion-de-la-qualification-des-adultes\\\/#breadcrumb\",\"itemListElement\":[{\"@type\":\"ListItem\",\"position\":1,\"name\":\"Page d'accueil\",\"item\":\"https:\\\/\\\/alice.ch\\\/fr\\\/\"},{\"@type\":\"ListItem\",\"position\":2,\"name\":\"Events\",\"item\":\"https:\\\/\\\/alice.ch\\\/fr\\\/event\\\/\"},{\"@type\":\"ListItem\",\"position\":3,\"name\":\"Promotion de la qualification des adultes\"}]},{\"@type\":\"WebSite\",\"@id\":\"https:\\\/\\\/alice.ch\\\/fr\\\/#website\",\"url\":\"https:\\\/\\\/alice.ch\\\/fr\\\/\",\"name\":\"alice.ch (Adult Learning Information Center) ist das Portal der Weiterbildung in der Schweiz.\",\"description\":\"Schweizerischer Verband f\u00fcr Weiterbildung\",\"publisher\":{\"@id\":\"https:\\\/\\\/alice.ch\\\/fr\\\/#organization\"},\"potentialAction\":[{\"@type\":\"SearchAction\",\"target\":{\"@type\":\"EntryPoint\",\"urlTemplate\":\"https:\\\/\\\/alice.ch\\\/fr\\\/?s={search_term_string}\"},\"query-input\":{\"@type\":\"PropertyValueSpecification\",\"valueRequired\":true,\"valueName\":\"search_term_string\"}}],\"inLanguage\":\"fr-FR\"},{\"@type\":\"Organization\",\"@id\":\"https:\\\/\\\/alice.ch\\\/fr\\\/#organization\",\"name\":\"FSEA F\u00e9d\u00e9ration suisse pour la formation continue\",\"url\":\"https:\\\/\\\/alice.ch\\\/fr\\\/\",\"logo\":{\"@type\":\"ImageObject\",\"inLanguage\":\"fr-FR\",\"@id\":\"https:\\\/\\\/alice.ch\\\/fr\\\/#\\\/schema\\\/logo\\\/image\\\/\",\"url\":\"https:\\\/\\\/alice.ch\\\/app\\\/uploads\\\/2022\\\/07\\\/logo-sveb.png\",\"contentUrl\":\"https:\\\/\\\/alice.ch\\\/app\\\/uploads\\\/2022\\\/07\\\/logo-sveb.png\",\"width\":145,\"height\":64,\"caption\":\"FSEA F\u00e9d\u00e9ration suisse pour la formation continue\"},\"image\":{\"@id\":\"https:\\\/\\\/alice.ch\\\/fr\\\/#\\\/schema\\\/logo\\\/image\\\/\"},\"sameAs\":[\"https:\\\/\\\/www.linkedin.com\\\/company\\\/schweizerischer-verband-fr-weiterbildung-sveb\\\/\"]}]}<\/script>\n<!-- \/ Yoast SEO plugin. -->","yoast_head_json":{"title":"Promotion de la qualification des adultes - FSEA","robots":{"index":"index","follow":"follow","max-snippet":"max-snippet:-1","max-image-preview":"max-image-preview:large","max-video-preview":"max-video-preview:-1"},"canonical":"https:\/\/alice.ch\/fr\/event\/promotion-de-la-qualification-des-adultes\/","og_locale":"fr_FR","og_type":"article","og_title":"Promotion de la qualification des adultes - FSEA","og_description":"Contexte et objectifs Les adultes ne disposant pas de comp\u00e9tences de base suffisantes ou de dipl\u00f4me professionnel reconnu sont plus [&hellip;]","og_url":"https:\/\/alice.ch\/fr\/event\/promotion-de-la-qualification-des-adultes\/","og_site_name":"SVEB","article_modified_time":"2023-07-06T13:01:52+00:00","og_image":[{"width":550,"height":326,"url":"https:\/\/alice.ch\/app\/uploads\/2022\/12\/logo-plateform-nationale-contre-la-pauvrete.png","type":"image\/png"}],"twitter_card":"summary_large_image","schema":{"@context":"https:\/\/schema.org","@graph":[{"@type":"WebPage","@id":"https:\/\/alice.ch\/fr\/event\/promotion-de-la-qualification-des-adultes\/","url":"https:\/\/alice.ch\/fr\/event\/promotion-de-la-qualification-des-adultes\/","name":"Promotion de la qualification des adultes - FSEA","isPartOf":{"@id":"https:\/\/alice.ch\/fr\/#website"},"primaryImageOfPage":{"@id":"https:\/\/alice.ch\/fr\/event\/promotion-de-la-qualification-des-adultes\/#primaryimage"},"image":{"@id":"https:\/\/alice.ch\/fr\/event\/promotion-de-la-qualification-des-adultes\/#primaryimage"},"thumbnailUrl":"https:\/\/alice.ch\/app\/uploads\/2022\/12\/logo-plateform-nationale-contre-la-pauvrete.png","datePublished":"2023-01-06T11:10:08+00:00","dateModified":"2023-07-06T13:01:52+00:00","breadcrumb":{"@id":"https:\/\/alice.ch\/fr\/event\/promotion-de-la-qualification-des-adultes\/#breadcrumb"},"inLanguage":"fr-FR","potentialAction":[{"@type":"ReadAction","target":["https:\/\/alice.ch\/fr\/event\/promotion-de-la-qualification-des-adultes\/"]}]},{"@type":"ImageObject","inLanguage":"fr-FR","@id":"https:\/\/alice.ch\/fr\/event\/promotion-de-la-qualification-des-adultes\/#primaryimage","url":"https:\/\/alice.ch\/app\/uploads\/2022\/12\/logo-plateform-nationale-contre-la-pauvrete.png","contentUrl":"https:\/\/alice.ch\/app\/uploads\/2022\/12\/logo-plateform-nationale-contre-la-pauvrete.png","width":550,"height":326},{"@type":"BreadcrumbList","@id":"https:\/\/alice.ch\/fr\/event\/promotion-de-la-qualification-des-adultes\/#breadcrumb","itemListElement":[{"@type":"ListItem","position":1,"name":"Page d'accueil","item":"https:\/\/alice.ch\/fr\/"},{"@type":"ListItem","position":2,"name":"Events","item":"https:\/\/alice.ch\/fr\/event\/"},{"@type":"ListItem","position":3,"name":"Promotion de la qualification des adultes"}]},{"@type":"WebSite","@id":"https:\/\/alice.ch\/fr\/#website","url":"https:\/\/alice.ch\/fr\/","name":"alice.ch (Adult Learning Information Center) ist das Portal der Weiterbildung in der Schweiz.","description":"Schweizerischer Verband f\u00fcr Weiterbildung","publisher":{"@id":"https:\/\/alice.ch\/fr\/#organization"},"potentialAction":[{"@type":"SearchAction","target":{"@type":"EntryPoint","urlTemplate":"https:\/\/alice.ch\/fr\/?s={search_term_string}"},"query-input":{"@type":"PropertyValueSpecification","valueRequired":true,"valueName":"search_term_string"}}],"inLanguage":"fr-FR"},{"@type":"Organization","@id":"https:\/\/alice.ch\/fr\/#organization","name":"FSEA F\u00e9d\u00e9ration suisse pour la formation continue","url":"https:\/\/alice.ch\/fr\/","logo":{"@type":"ImageObject","inLanguage":"fr-FR","@id":"https:\/\/alice.ch\/fr\/#\/schema\/logo\/image\/","url":"https:\/\/alice.ch\/app\/uploads\/2022\/07\/logo-sveb.png","contentUrl":"https:\/\/alice.ch\/app\/uploads\/2022\/07\/logo-sveb.png","width":145,"height":64,"caption":"FSEA F\u00e9d\u00e9ration suisse pour la formation continue"},"image":{"@id":"https:\/\/alice.ch\/fr\/#\/schema\/logo\/image\/"},"sameAs":["https:\/\/www.linkedin.com\/company\/schweizerischer-verband-fr-weiterbildung-sveb\/"]}]}},"_links":{"self":[{"href":"https:\/\/alice.ch\/fr\/wp-json\/wp\/v2\/event\/36847","targetHints":{"allow":["GET"]}}],"collection":[{"href":"https:\/\/alice.ch\/fr\/wp-json\/wp\/v2\/event"}],"about":[{"href":"https:\/\/alice.ch\/fr\/wp-json\/wp\/v2\/types\/event"}],"author":[{"embeddable":true,"href":"https:\/\/alice.ch\/fr\/wp-json\/wp\/v2\/users\/11"}],"version-history":[{"count":11,"href":"https:\/\/alice.ch\/fr\/wp-json\/wp\/v2\/event\/36847\/revisions"}],"predecessor-version":[{"id":52261,"href":"https:\/\/alice.ch\/fr\/wp-json\/wp\/v2\/event\/36847\/revisions\/52261"}],"wp:featuredmedia":[{"embeddable":true,"href":"https:\/\/alice.ch\/fr\/wp-json\/wp\/v2\/media\/36835"}],"wp:attachment":[{"href":"https:\/\/alice.ch\/fr\/wp-json\/wp\/v2\/media?parent=36847"}],"wp:term":[{"taxonomy":"event-category","embeddable":true,"href":"https:\/\/alice.ch\/fr\/wp-json\/wp\/v2\/event-category?post=36847"},{"taxonomy":"event-tag","embeddable":true,"href":"https:\/\/alice.ch\/fr\/wp-json\/wp\/v2\/event-tag?post=36847"},{"taxonomy":"event-status","embeddable":true,"href":"https:\/\/alice.ch\/fr\/wp-json\/wp\/v2\/event-status?post=36847"},{"taxonomy":"event-language","embeddable":true,"href":"https:\/\/alice.ch\/fr\/wp-json\/wp\/v2\/event-language?post=36847"},{"taxonomy":"global-category","embeddable":true,"href":"https:\/\/alice.ch\/fr\/wp-json\/wp\/v2\/global-category?post=36847"}],"curies":[{"name":"wp","href":"https:\/\/api.w.org\/{rel}","templated":true}]}}