{"id":37658,"date":"2022-12-18T21:57:25","date_gmt":"2022-12-18T20:57:25","guid":{"rendered":"https:\/\/alice.ch\/?post_type=event&#038;p=37658"},"modified":"2023-07-06T15:14:23","modified_gmt":"2023-07-06T13:14:23","slug":"journee-nationale-sur-la-qualite-2020-lassurance-qualite-dans-les-offres-de-formation-en-ligne","status":"publish","type":"event","link":"https:\/\/alice.ch\/fr\/event\/journee-nationale-sur-la-qualite-2020-lassurance-qualite-dans-les-offres-de-formation-en-ligne\/","title":{"rendered":"Journ\u00e9e nationale sur la qualit\u00e9 2020 &#8211; L&rsquo;assurance qualit\u00e9 dans les offres de formation en ligne"},"content":{"rendered":"\n<p>Le blocage de la crise du Coronavirus a entra\u00een\u00e9 un \u00e9norme essor des offres de formation en ligne dans le domaine de la formation continue. Dans de nombreux domaines, les prestataires ont permis de poursuivre avec succ\u00e8s les offres de formation continue en ligne dans un d\u00e9lai tr\u00e8s court.<\/p>\n\n\n\n<p>Apr\u00e8s la premi\u00e8re phase de mise en \u0153uvre pratique, il y a maintenant la place pour une r\u00e9flexion sur les exp\u00e9riences et les questions centrales concernant la qualit\u00e9. Comment les apprenants peuvent-ils apprendre avec succ\u00e8s dans ces offres de formation en ligne ? Qu&rsquo;est-ce qu&rsquo;une bonne formation et un bon enseignement sous des formes soutenues en ligne et comment la qualit\u00e9 peut-elle \u00eatre assur\u00e9e et d\u00e9velopp\u00e9e ?<\/p>\n\n\n\n<p>Cette journ\u00e9e abordera les probl\u00e8mes actuels des prestataires de formation continue et des responsables de la qualit\u00e9. Les participants pourront apporter leurs exp\u00e9riences dans des ateliers accompagn\u00e9s et d\u00e9velopper des solutions pratiques en \u00e9changeant avec des experts. Les exigences de qualit\u00e9 sp\u00e9cifiques pour l&rsquo;apprentissage en ligne seront discut\u00e9es de mani\u00e8re controvers\u00e9e. Les questions centrales seront&nbsp; :<\/p>\n\n\n\n<ul class=\"wp-block-list\">\n<li>Comment assurer la qualit\u00e9 des services de formation en ligne ?<\/li>\n\n\n\n<li>Comment promouvoir l&rsquo;assurance et le d\u00e9veloppement de la qualit\u00e9 au sein de l&rsquo;organisation ?<\/li>\n\n\n\n<li>Des exigences de qualit\u00e9 sp\u00e9cifiques doivent-elles \u00eatre respect\u00e9es pour les param\u00e8tres en ligne ?<\/li>\n<\/ul>\n\n\n\n<p>L&rsquo;\u00e9v\u00e9nement se d\u00e9roulera en allemand et en fran\u00e7ais avec traduction simultan\u00e9e. Le nombre de participants est limit\u00e9 \u00e0 un maximum de 90 personnes.<\/p>\n\n\n\n<h3 class=\"wp-block-heading\"><a href=\"https:\/\/alice.ch\/app\/uploads\/2022\/12\/2020-programme-journee-nationale-qualite.pdf\">Programme<\/a><\/h3>\n\n\n\n<h3 class=\"wp-block-heading\">Pr\u00e9sentations<\/h3>\n\n\n\n<p><a href=\"https:\/\/alice.ch\/app\/uploads\/2022\/12\/2020-qualite-offres-en-ligne.pdf\">Claudia Bremer<\/a><\/p>\n\n\n\n<p><a href=\"https:\/\/alice.ch\/app\/uploads\/2022\/12\/2020-qualite-sequences-apprentissage.pdf\">Markus Dormann<\/a><\/p>\n\n\n\n<p><a href=\"https:\/\/alice.ch\/app\/uploads\/2022\/12\/2020-qualitaetssicherung-online.pdf\">Siegfried Schmidt (en allemand)<\/a><\/p>\n\n\n\n<p><a href=\"https:\/\/alice.ch\/app\/uploads\/2022\/12\/2020-qualite-apprentissage-en-ligne.pdf\">Christoph Grollimund<\/a><\/p>\n\n\n\n<p><a href=\"https:\/\/alice.ch\/app\/uploads\/2022\/12\/2020-numerisation-assurance-qualite.pdf\">Olivier Marro<\/a><\/p>\n","protected":false},"excerpt":{"rendered":"<p>Le blocage de la crise du Coronavirus a entra\u00een\u00e9 un \u00e9norme essor des offres de formation en ligne dans le [&hellip;]<\/p>\n","protected":false},"author":11,"featured_media":37652,"template":"","meta":{"_acf_changed":false,"inline_featured_image":false,"footnotes":""},"event-category":[103],"event-tag":[],"event-status":[200,205],"event-language":[206,202,207,203],"global-category":[113],"class_list":["post-37658","event","type-event","status-publish","has-post-thumbnail","hentry","event-category-evenements-fsea-kooperation","event-status-archiv","event-status-archive","event-language-allemand","event-language-deutsch","event-language-francais","event-language-franzoesisch","global-category-qualitaet-fr"],"acf":[],"yoast_head":"<!-- This site is optimized with the Yoast SEO plugin v27.3 - https:\/\/yoast.com\/product\/yoast-seo-wordpress\/ -->\n<title>Journ\u00e9e nationale sur la qualit\u00e9 2020 - L&#039;assurance qualit\u00e9 dans les offres de formation en ligne - FSEA<\/title>\n<meta name=\"robots\" content=\"index, follow, max-snippet:-1, max-image-preview:large, max-video-preview:-1\" \/>\n<link rel=\"canonical\" href=\"https:\/\/alice.ch\/fr\/event\/journee-nationale-sur-la-qualite-2020-lassurance-qualite-dans-les-offres-de-formation-en-ligne\/\" \/>\n<meta property=\"og:locale\" content=\"fr_FR\" \/>\n<meta property=\"og:type\" content=\"article\" \/>\n<meta property=\"og:title\" content=\"Journ\u00e9e nationale sur la qualit\u00e9 2020 - L&#039;assurance qualit\u00e9 dans les offres de formation en ligne - FSEA\" \/>\n<meta property=\"og:description\" content=\"Le blocage de la crise du Coronavirus a entra\u00een\u00e9 un \u00e9norme essor des offres de formation en ligne dans le [&hellip;]\" \/>\n<meta property=\"og:url\" content=\"https:\/\/alice.ch\/fr\/event\/journee-nationale-sur-la-qualite-2020-lassurance-qualite-dans-les-offres-de-formation-en-ligne\/\" \/>\n<meta property=\"og:site_name\" content=\"SVEB\" \/>\n<meta property=\"article:modified_time\" content=\"2023-07-06T13:14:23+00:00\" \/>\n<meta property=\"og:image\" content=\"https:\/\/alice.ch\/app\/uploads\/2022\/12\/agenda-journee-nationale-sur-la-qualite-2020.jpeg\" \/>\n\t<meta property=\"og:image:width\" content=\"750\" \/>\n\t<meta property=\"og:image:height\" content=\"375\" \/>\n\t<meta property=\"og:image:type\" content=\"image\/jpeg\" \/>\n<meta name=\"twitter:card\" content=\"summary_large_image\" \/>\n<script type=\"application\/ld+json\" class=\"yoast-schema-graph\">{\"@context\":\"https:\\\/\\\/schema.org\",\"@graph\":[{\"@type\":\"WebPage\",\"@id\":\"https:\\\/\\\/alice.ch\\\/fr\\\/event\\\/journee-nationale-sur-la-qualite-2020-lassurance-qualite-dans-les-offres-de-formation-en-ligne\\\/\",\"url\":\"https:\\\/\\\/alice.ch\\\/fr\\\/event\\\/journee-nationale-sur-la-qualite-2020-lassurance-qualite-dans-les-offres-de-formation-en-ligne\\\/\",\"name\":\"Journ\u00e9e nationale sur la qualit\u00e9 2020 - L'assurance qualit\u00e9 dans les offres de formation en ligne - FSEA\",\"isPartOf\":{\"@id\":\"https:\\\/\\\/alice.ch\\\/fr\\\/#website\"},\"primaryImageOfPage\":{\"@id\":\"https:\\\/\\\/alice.ch\\\/fr\\\/event\\\/journee-nationale-sur-la-qualite-2020-lassurance-qualite-dans-les-offres-de-formation-en-ligne\\\/#primaryimage\"},\"image\":{\"@id\":\"https:\\\/\\\/alice.ch\\\/fr\\\/event\\\/journee-nationale-sur-la-qualite-2020-lassurance-qualite-dans-les-offres-de-formation-en-ligne\\\/#primaryimage\"},\"thumbnailUrl\":\"https:\\\/\\\/alice.ch\\\/app\\\/uploads\\\/2022\\\/12\\\/agenda-journee-nationale-sur-la-qualite-2020.jpeg\",\"datePublished\":\"2022-12-18T20:57:25+00:00\",\"dateModified\":\"2023-07-06T13:14:23+00:00\",\"breadcrumb\":{\"@id\":\"https:\\\/\\\/alice.ch\\\/fr\\\/event\\\/journee-nationale-sur-la-qualite-2020-lassurance-qualite-dans-les-offres-de-formation-en-ligne\\\/#breadcrumb\"},\"inLanguage\":\"fr-FR\",\"potentialAction\":[{\"@type\":\"ReadAction\",\"target\":[\"https:\\\/\\\/alice.ch\\\/fr\\\/event\\\/journee-nationale-sur-la-qualite-2020-lassurance-qualite-dans-les-offres-de-formation-en-ligne\\\/\"]}]},{\"@type\":\"ImageObject\",\"inLanguage\":\"fr-FR\",\"@id\":\"https:\\\/\\\/alice.ch\\\/fr\\\/event\\\/journee-nationale-sur-la-qualite-2020-lassurance-qualite-dans-les-offres-de-formation-en-ligne\\\/#primaryimage\",\"url\":\"https:\\\/\\\/alice.ch\\\/app\\\/uploads\\\/2022\\\/12\\\/agenda-journee-nationale-sur-la-qualite-2020.jpeg\",\"contentUrl\":\"https:\\\/\\\/alice.ch\\\/app\\\/uploads\\\/2022\\\/12\\\/agenda-journee-nationale-sur-la-qualite-2020.jpeg\",\"width\":750,\"height\":375},{\"@type\":\"BreadcrumbList\",\"@id\":\"https:\\\/\\\/alice.ch\\\/fr\\\/event\\\/journee-nationale-sur-la-qualite-2020-lassurance-qualite-dans-les-offres-de-formation-en-ligne\\\/#breadcrumb\",\"itemListElement\":[{\"@type\":\"ListItem\",\"position\":1,\"name\":\"Page d'accueil\",\"item\":\"https:\\\/\\\/alice.ch\\\/fr\\\/\"},{\"@type\":\"ListItem\",\"position\":2,\"name\":\"Events\",\"item\":\"https:\\\/\\\/alice.ch\\\/fr\\\/event\\\/\"},{\"@type\":\"ListItem\",\"position\":3,\"name\":\"Journ\u00e9e nationale sur la qualit\u00e9 2020 &#8211; L&#8217;assurance qualit\u00e9 dans les offres de formation en ligne\"}]},{\"@type\":\"WebSite\",\"@id\":\"https:\\\/\\\/alice.ch\\\/fr\\\/#website\",\"url\":\"https:\\\/\\\/alice.ch\\\/fr\\\/\",\"name\":\"alice.ch (Adult Learning Information Center) ist das Portal der Weiterbildung in der Schweiz.\",\"description\":\"Schweizerischer Verband f\u00fcr Weiterbildung\",\"publisher\":{\"@id\":\"https:\\\/\\\/alice.ch\\\/fr\\\/#organization\"},\"potentialAction\":[{\"@type\":\"SearchAction\",\"target\":{\"@type\":\"EntryPoint\",\"urlTemplate\":\"https:\\\/\\\/alice.ch\\\/fr\\\/?s={search_term_string}\"},\"query-input\":{\"@type\":\"PropertyValueSpecification\",\"valueRequired\":true,\"valueName\":\"search_term_string\"}}],\"inLanguage\":\"fr-FR\"},{\"@type\":\"Organization\",\"@id\":\"https:\\\/\\\/alice.ch\\\/fr\\\/#organization\",\"name\":\"FSEA F\u00e9d\u00e9ration suisse pour la formation continue\",\"url\":\"https:\\\/\\\/alice.ch\\\/fr\\\/\",\"logo\":{\"@type\":\"ImageObject\",\"inLanguage\":\"fr-FR\",\"@id\":\"https:\\\/\\\/alice.ch\\\/fr\\\/#\\\/schema\\\/logo\\\/image\\\/\",\"url\":\"https:\\\/\\\/alice.ch\\\/app\\\/uploads\\\/2022\\\/07\\\/logo-sveb.png\",\"contentUrl\":\"https:\\\/\\\/alice.ch\\\/app\\\/uploads\\\/2022\\\/07\\\/logo-sveb.png\",\"width\":145,\"height\":64,\"caption\":\"FSEA F\u00e9d\u00e9ration suisse pour la formation continue\"},\"image\":{\"@id\":\"https:\\\/\\\/alice.ch\\\/fr\\\/#\\\/schema\\\/logo\\\/image\\\/\"},\"sameAs\":[\"https:\\\/\\\/www.linkedin.com\\\/company\\\/schweizerischer-verband-fr-weiterbildung-sveb\\\/\"]}]}<\/script>\n<!-- \/ Yoast SEO plugin. -->","yoast_head_json":{"title":"Journ\u00e9e nationale sur la qualit\u00e9 2020 - L'assurance qualit\u00e9 dans les offres de formation en ligne - FSEA","robots":{"index":"index","follow":"follow","max-snippet":"max-snippet:-1","max-image-preview":"max-image-preview:large","max-video-preview":"max-video-preview:-1"},"canonical":"https:\/\/alice.ch\/fr\/event\/journee-nationale-sur-la-qualite-2020-lassurance-qualite-dans-les-offres-de-formation-en-ligne\/","og_locale":"fr_FR","og_type":"article","og_title":"Journ\u00e9e nationale sur la qualit\u00e9 2020 - L'assurance qualit\u00e9 dans les offres de formation en ligne - FSEA","og_description":"Le blocage de la crise du Coronavirus a entra\u00een\u00e9 un \u00e9norme essor des offres de formation en ligne dans le [&hellip;]","og_url":"https:\/\/alice.ch\/fr\/event\/journee-nationale-sur-la-qualite-2020-lassurance-qualite-dans-les-offres-de-formation-en-ligne\/","og_site_name":"SVEB","article_modified_time":"2023-07-06T13:14:23+00:00","og_image":[{"width":750,"height":375,"url":"https:\/\/alice.ch\/app\/uploads\/2022\/12\/agenda-journee-nationale-sur-la-qualite-2020.jpeg","type":"image\/jpeg"}],"twitter_card":"summary_large_image","schema":{"@context":"https:\/\/schema.org","@graph":[{"@type":"WebPage","@id":"https:\/\/alice.ch\/fr\/event\/journee-nationale-sur-la-qualite-2020-lassurance-qualite-dans-les-offres-de-formation-en-ligne\/","url":"https:\/\/alice.ch\/fr\/event\/journee-nationale-sur-la-qualite-2020-lassurance-qualite-dans-les-offres-de-formation-en-ligne\/","name":"Journ\u00e9e nationale sur la qualit\u00e9 2020 - L'assurance qualit\u00e9 dans les offres de formation en ligne - FSEA","isPartOf":{"@id":"https:\/\/alice.ch\/fr\/#website"},"primaryImageOfPage":{"@id":"https:\/\/alice.ch\/fr\/event\/journee-nationale-sur-la-qualite-2020-lassurance-qualite-dans-les-offres-de-formation-en-ligne\/#primaryimage"},"image":{"@id":"https:\/\/alice.ch\/fr\/event\/journee-nationale-sur-la-qualite-2020-lassurance-qualite-dans-les-offres-de-formation-en-ligne\/#primaryimage"},"thumbnailUrl":"https:\/\/alice.ch\/app\/uploads\/2022\/12\/agenda-journee-nationale-sur-la-qualite-2020.jpeg","datePublished":"2022-12-18T20:57:25+00:00","dateModified":"2023-07-06T13:14:23+00:00","breadcrumb":{"@id":"https:\/\/alice.ch\/fr\/event\/journee-nationale-sur-la-qualite-2020-lassurance-qualite-dans-les-offres-de-formation-en-ligne\/#breadcrumb"},"inLanguage":"fr-FR","potentialAction":[{"@type":"ReadAction","target":["https:\/\/alice.ch\/fr\/event\/journee-nationale-sur-la-qualite-2020-lassurance-qualite-dans-les-offres-de-formation-en-ligne\/"]}]},{"@type":"ImageObject","inLanguage":"fr-FR","@id":"https:\/\/alice.ch\/fr\/event\/journee-nationale-sur-la-qualite-2020-lassurance-qualite-dans-les-offres-de-formation-en-ligne\/#primaryimage","url":"https:\/\/alice.ch\/app\/uploads\/2022\/12\/agenda-journee-nationale-sur-la-qualite-2020.jpeg","contentUrl":"https:\/\/alice.ch\/app\/uploads\/2022\/12\/agenda-journee-nationale-sur-la-qualite-2020.jpeg","width":750,"height":375},{"@type":"BreadcrumbList","@id":"https:\/\/alice.ch\/fr\/event\/journee-nationale-sur-la-qualite-2020-lassurance-qualite-dans-les-offres-de-formation-en-ligne\/#breadcrumb","itemListElement":[{"@type":"ListItem","position":1,"name":"Page d'accueil","item":"https:\/\/alice.ch\/fr\/"},{"@type":"ListItem","position":2,"name":"Events","item":"https:\/\/alice.ch\/fr\/event\/"},{"@type":"ListItem","position":3,"name":"Journ\u00e9e nationale sur la qualit\u00e9 2020 &#8211; L&#8217;assurance qualit\u00e9 dans les offres de formation en ligne"}]},{"@type":"WebSite","@id":"https:\/\/alice.ch\/fr\/#website","url":"https:\/\/alice.ch\/fr\/","name":"alice.ch (Adult Learning Information Center) ist das Portal der Weiterbildung in der Schweiz.","description":"Schweizerischer Verband f\u00fcr Weiterbildung","publisher":{"@id":"https:\/\/alice.ch\/fr\/#organization"},"potentialAction":[{"@type":"SearchAction","target":{"@type":"EntryPoint","urlTemplate":"https:\/\/alice.ch\/fr\/?s={search_term_string}"},"query-input":{"@type":"PropertyValueSpecification","valueRequired":true,"valueName":"search_term_string"}}],"inLanguage":"fr-FR"},{"@type":"Organization","@id":"https:\/\/alice.ch\/fr\/#organization","name":"FSEA F\u00e9d\u00e9ration suisse pour la formation continue","url":"https:\/\/alice.ch\/fr\/","logo":{"@type":"ImageObject","inLanguage":"fr-FR","@id":"https:\/\/alice.ch\/fr\/#\/schema\/logo\/image\/","url":"https:\/\/alice.ch\/app\/uploads\/2022\/07\/logo-sveb.png","contentUrl":"https:\/\/alice.ch\/app\/uploads\/2022\/07\/logo-sveb.png","width":145,"height":64,"caption":"FSEA F\u00e9d\u00e9ration suisse pour la formation continue"},"image":{"@id":"https:\/\/alice.ch\/fr\/#\/schema\/logo\/image\/"},"sameAs":["https:\/\/www.linkedin.com\/company\/schweizerischer-verband-fr-weiterbildung-sveb\/"]}]}},"_links":{"self":[{"href":"https:\/\/alice.ch\/fr\/wp-json\/wp\/v2\/event\/37658","targetHints":{"allow":["GET"]}}],"collection":[{"href":"https:\/\/alice.ch\/fr\/wp-json\/wp\/v2\/event"}],"about":[{"href":"https:\/\/alice.ch\/fr\/wp-json\/wp\/v2\/types\/event"}],"author":[{"embeddable":true,"href":"https:\/\/alice.ch\/fr\/wp-json\/wp\/v2\/users\/11"}],"version-history":[{"count":5,"href":"https:\/\/alice.ch\/fr\/wp-json\/wp\/v2\/event\/37658\/revisions"}],"predecessor-version":[{"id":52322,"href":"https:\/\/alice.ch\/fr\/wp-json\/wp\/v2\/event\/37658\/revisions\/52322"}],"wp:featuredmedia":[{"embeddable":true,"href":"https:\/\/alice.ch\/fr\/wp-json\/wp\/v2\/media\/37652"}],"wp:attachment":[{"href":"https:\/\/alice.ch\/fr\/wp-json\/wp\/v2\/media?parent=37658"}],"wp:term":[{"taxonomy":"event-category","embeddable":true,"href":"https:\/\/alice.ch\/fr\/wp-json\/wp\/v2\/event-category?post=37658"},{"taxonomy":"event-tag","embeddable":true,"href":"https:\/\/alice.ch\/fr\/wp-json\/wp\/v2\/event-tag?post=37658"},{"taxonomy":"event-status","embeddable":true,"href":"https:\/\/alice.ch\/fr\/wp-json\/wp\/v2\/event-status?post=37658"},{"taxonomy":"event-language","embeddable":true,"href":"https:\/\/alice.ch\/fr\/wp-json\/wp\/v2\/event-language?post=37658"},{"taxonomy":"global-category","embeddable":true,"href":"https:\/\/alice.ch\/fr\/wp-json\/wp\/v2\/global-category?post=37658"}],"curies":[{"name":"wp","href":"https:\/\/api.w.org\/{rel}","templated":true}]}}