{"id":40823,"date":"2022-12-31T15:02:39","date_gmt":"2022-12-31T14:02:39","guid":{"rendered":"https:\/\/alice.ch\/?post_type=event&#038;p=40823"},"modified":"2023-07-06T15:13:10","modified_gmt":"2023-07-06T13:13:10","slug":"comment-la-formation-continue-a-t-elle-evolue-pendant-la-pandemie-du-coronavirus","status":"publish","type":"event","link":"https:\/\/alice.ch\/fr\/event\/comment-la-formation-continue-a-t-elle-evolue-pendant-la-pandemie-du-coronavirus\/","title":{"rendered":"Comment la formation continue a-t-elle \u00e9volu\u00e9 pendant la pand\u00e9mie du Coronavirus ?"},"content":{"rendered":"\n<p>Lors de ce webinaire d\u2019une heure trente, la FSEA pr\u00e9sentera les premiers r\u00e9sultats de l&rsquo;enqu\u00eate sur la situation \u00e9conomique des prestataires de formation continue en 2021.<\/p>\n\n\n\n<p>Les sujets du d\u00e9veloppement de l&rsquo;offre et des tendances actuelles de la formation continue seront \u00e9galement abord\u00e9s. Apr\u00e8s la pr\u00e9sentation des r\u00e9sultats, les participants auront l&rsquo;occasion de poser leurs questions.<\/p>\n\n\n\n<p>Cet \u00e9v\u00e9nement en fran\u00e7ais et en ligne s&rsquo;adresse aux professionnels de la formation continue et \u00e0 toutes les parties prenantes int\u00e9ress\u00e9es. La participation est gratuite et l&rsquo;\u00e9v\u00e9nement se d\u00e9roulera via Zoom.<\/p>\n\n\n\n<h3 class=\"wp-block-heading\"><a href=\"https:\/\/alice.ch\/app\/uploads\/2022\/12\/2021-formation-pandemie.pdf\">Pr\u00e9sentation<\/a><\/h3>\n","protected":false},"excerpt":{"rendered":"<p>Lors de ce webinaire d\u2019une heure trente, la FSEA pr\u00e9sentera les premiers r\u00e9sultats de l&rsquo;enqu\u00eate sur la situation \u00e9conomique des [&hellip;]<\/p>\n","protected":false},"author":11,"featured_media":40828,"template":"","meta":{"_acf_changed":false,"inline_featured_image":false,"footnotes":""},"event-category":[103],"event-tag":[],"event-status":[205],"event-language":[207],"global-category":[121],"class_list":["post-40823","event","type-event","status-publish","has-post-thumbnail","hentry","event-category-evenements-fsea-kooperation","event-status-archive","event-language-francais","global-category-weiterbildungssystem-fr"],"acf":[],"yoast_head":"<!-- This site is optimized with the Yoast SEO plugin v27.3 - https:\/\/yoast.com\/product\/yoast-seo-wordpress\/ -->\n<title>Comment la formation continue a-t-elle \u00e9volu\u00e9 pendant la pand\u00e9mie du Coronavirus ? - FSEA<\/title>\n<meta name=\"robots\" content=\"index, follow, max-snippet:-1, max-image-preview:large, max-video-preview:-1\" \/>\n<link rel=\"canonical\" href=\"https:\/\/alice.ch\/fr\/event\/comment-la-formation-continue-a-t-elle-evolue-pendant-la-pandemie-du-coronavirus\/\" \/>\n<meta property=\"og:locale\" content=\"fr_FR\" \/>\n<meta property=\"og:type\" content=\"article\" \/>\n<meta property=\"og:title\" content=\"Comment la formation continue a-t-elle \u00e9volu\u00e9 pendant la pand\u00e9mie du Coronavirus ? - FSEA\" \/>\n<meta property=\"og:description\" content=\"Lors de ce webinaire d\u2019une heure trente, la FSEA pr\u00e9sentera les premiers r\u00e9sultats de l&rsquo;enqu\u00eate sur la situation \u00e9conomique des [&hellip;]\" \/>\n<meta property=\"og:url\" content=\"https:\/\/alice.ch\/fr\/event\/comment-la-formation-continue-a-t-elle-evolue-pendant-la-pandemie-du-coronavirus\/\" \/>\n<meta property=\"og:site_name\" content=\"SVEB\" \/>\n<meta property=\"article:modified_time\" content=\"2023-07-06T13:13:10+00:00\" \/>\n<meta property=\"og:image\" content=\"https:\/\/alice.ch\/app\/uploads\/2022\/12\/agenda-resultats.jpeg\" \/>\n\t<meta property=\"og:image:width\" content=\"720\" \/>\n\t<meta property=\"og:image:height\" content=\"405\" \/>\n\t<meta property=\"og:image:type\" content=\"image\/jpeg\" \/>\n<meta name=\"twitter:card\" content=\"summary_large_image\" \/>\n<script type=\"application\/ld+json\" class=\"yoast-schema-graph\">{\"@context\":\"https:\\\/\\\/schema.org\",\"@graph\":[{\"@type\":\"WebPage\",\"@id\":\"https:\\\/\\\/alice.ch\\\/fr\\\/event\\\/comment-la-formation-continue-a-t-elle-evolue-pendant-la-pandemie-du-coronavirus\\\/\",\"url\":\"https:\\\/\\\/alice.ch\\\/fr\\\/event\\\/comment-la-formation-continue-a-t-elle-evolue-pendant-la-pandemie-du-coronavirus\\\/\",\"name\":\"Comment la formation continue a-t-elle \u00e9volu\u00e9 pendant la pand\u00e9mie du Coronavirus ? - FSEA\",\"isPartOf\":{\"@id\":\"https:\\\/\\\/alice.ch\\\/fr\\\/#website\"},\"primaryImageOfPage\":{\"@id\":\"https:\\\/\\\/alice.ch\\\/fr\\\/event\\\/comment-la-formation-continue-a-t-elle-evolue-pendant-la-pandemie-du-coronavirus\\\/#primaryimage\"},\"image\":{\"@id\":\"https:\\\/\\\/alice.ch\\\/fr\\\/event\\\/comment-la-formation-continue-a-t-elle-evolue-pendant-la-pandemie-du-coronavirus\\\/#primaryimage\"},\"thumbnailUrl\":\"https:\\\/\\\/alice.ch\\\/app\\\/uploads\\\/2022\\\/12\\\/agenda-resultats.jpeg\",\"datePublished\":\"2022-12-31T14:02:39+00:00\",\"dateModified\":\"2023-07-06T13:13:10+00:00\",\"breadcrumb\":{\"@id\":\"https:\\\/\\\/alice.ch\\\/fr\\\/event\\\/comment-la-formation-continue-a-t-elle-evolue-pendant-la-pandemie-du-coronavirus\\\/#breadcrumb\"},\"inLanguage\":\"fr-FR\",\"potentialAction\":[{\"@type\":\"ReadAction\",\"target\":[\"https:\\\/\\\/alice.ch\\\/fr\\\/event\\\/comment-la-formation-continue-a-t-elle-evolue-pendant-la-pandemie-du-coronavirus\\\/\"]}]},{\"@type\":\"ImageObject\",\"inLanguage\":\"fr-FR\",\"@id\":\"https:\\\/\\\/alice.ch\\\/fr\\\/event\\\/comment-la-formation-continue-a-t-elle-evolue-pendant-la-pandemie-du-coronavirus\\\/#primaryimage\",\"url\":\"https:\\\/\\\/alice.ch\\\/app\\\/uploads\\\/2022\\\/12\\\/agenda-resultats.jpeg\",\"contentUrl\":\"https:\\\/\\\/alice.ch\\\/app\\\/uploads\\\/2022\\\/12\\\/agenda-resultats.jpeg\",\"width\":720,\"height\":405},{\"@type\":\"BreadcrumbList\",\"@id\":\"https:\\\/\\\/alice.ch\\\/fr\\\/event\\\/comment-la-formation-continue-a-t-elle-evolue-pendant-la-pandemie-du-coronavirus\\\/#breadcrumb\",\"itemListElement\":[{\"@type\":\"ListItem\",\"position\":1,\"name\":\"Page d'accueil\",\"item\":\"https:\\\/\\\/alice.ch\\\/fr\\\/\"},{\"@type\":\"ListItem\",\"position\":2,\"name\":\"Events\",\"item\":\"https:\\\/\\\/alice.ch\\\/fr\\\/event\\\/\"},{\"@type\":\"ListItem\",\"position\":3,\"name\":\"Comment la formation continue a-t-elle \u00e9volu\u00e9 pendant la pand\u00e9mie du Coronavirus ?\"}]},{\"@type\":\"WebSite\",\"@id\":\"https:\\\/\\\/alice.ch\\\/fr\\\/#website\",\"url\":\"https:\\\/\\\/alice.ch\\\/fr\\\/\",\"name\":\"alice.ch (Adult Learning Information Center) ist das Portal der Weiterbildung in der Schweiz.\",\"description\":\"Schweizerischer Verband f\u00fcr Weiterbildung\",\"publisher\":{\"@id\":\"https:\\\/\\\/alice.ch\\\/fr\\\/#organization\"},\"potentialAction\":[{\"@type\":\"SearchAction\",\"target\":{\"@type\":\"EntryPoint\",\"urlTemplate\":\"https:\\\/\\\/alice.ch\\\/fr\\\/?s={search_term_string}\"},\"query-input\":{\"@type\":\"PropertyValueSpecification\",\"valueRequired\":true,\"valueName\":\"search_term_string\"}}],\"inLanguage\":\"fr-FR\"},{\"@type\":\"Organization\",\"@id\":\"https:\\\/\\\/alice.ch\\\/fr\\\/#organization\",\"name\":\"FSEA F\u00e9d\u00e9ration suisse pour la formation continue\",\"url\":\"https:\\\/\\\/alice.ch\\\/fr\\\/\",\"logo\":{\"@type\":\"ImageObject\",\"inLanguage\":\"fr-FR\",\"@id\":\"https:\\\/\\\/alice.ch\\\/fr\\\/#\\\/schema\\\/logo\\\/image\\\/\",\"url\":\"https:\\\/\\\/alice.ch\\\/app\\\/uploads\\\/2022\\\/07\\\/logo-sveb.png\",\"contentUrl\":\"https:\\\/\\\/alice.ch\\\/app\\\/uploads\\\/2022\\\/07\\\/logo-sveb.png\",\"width\":145,\"height\":64,\"caption\":\"FSEA F\u00e9d\u00e9ration suisse pour la formation continue\"},\"image\":{\"@id\":\"https:\\\/\\\/alice.ch\\\/fr\\\/#\\\/schema\\\/logo\\\/image\\\/\"},\"sameAs\":[\"https:\\\/\\\/www.linkedin.com\\\/company\\\/schweizerischer-verband-fr-weiterbildung-sveb\\\/\"]}]}<\/script>\n<!-- \/ Yoast SEO plugin. -->","yoast_head_json":{"title":"Comment la formation continue a-t-elle \u00e9volu\u00e9 pendant la pand\u00e9mie du Coronavirus ? - FSEA","robots":{"index":"index","follow":"follow","max-snippet":"max-snippet:-1","max-image-preview":"max-image-preview:large","max-video-preview":"max-video-preview:-1"},"canonical":"https:\/\/alice.ch\/fr\/event\/comment-la-formation-continue-a-t-elle-evolue-pendant-la-pandemie-du-coronavirus\/","og_locale":"fr_FR","og_type":"article","og_title":"Comment la formation continue a-t-elle \u00e9volu\u00e9 pendant la pand\u00e9mie du Coronavirus ? - FSEA","og_description":"Lors de ce webinaire d\u2019une heure trente, la FSEA pr\u00e9sentera les premiers r\u00e9sultats de l&rsquo;enqu\u00eate sur la situation \u00e9conomique des [&hellip;]","og_url":"https:\/\/alice.ch\/fr\/event\/comment-la-formation-continue-a-t-elle-evolue-pendant-la-pandemie-du-coronavirus\/","og_site_name":"SVEB","article_modified_time":"2023-07-06T13:13:10+00:00","og_image":[{"width":720,"height":405,"url":"https:\/\/alice.ch\/app\/uploads\/2022\/12\/agenda-resultats.jpeg","type":"image\/jpeg"}],"twitter_card":"summary_large_image","schema":{"@context":"https:\/\/schema.org","@graph":[{"@type":"WebPage","@id":"https:\/\/alice.ch\/fr\/event\/comment-la-formation-continue-a-t-elle-evolue-pendant-la-pandemie-du-coronavirus\/","url":"https:\/\/alice.ch\/fr\/event\/comment-la-formation-continue-a-t-elle-evolue-pendant-la-pandemie-du-coronavirus\/","name":"Comment la formation continue a-t-elle \u00e9volu\u00e9 pendant la pand\u00e9mie du Coronavirus ? - FSEA","isPartOf":{"@id":"https:\/\/alice.ch\/fr\/#website"},"primaryImageOfPage":{"@id":"https:\/\/alice.ch\/fr\/event\/comment-la-formation-continue-a-t-elle-evolue-pendant-la-pandemie-du-coronavirus\/#primaryimage"},"image":{"@id":"https:\/\/alice.ch\/fr\/event\/comment-la-formation-continue-a-t-elle-evolue-pendant-la-pandemie-du-coronavirus\/#primaryimage"},"thumbnailUrl":"https:\/\/alice.ch\/app\/uploads\/2022\/12\/agenda-resultats.jpeg","datePublished":"2022-12-31T14:02:39+00:00","dateModified":"2023-07-06T13:13:10+00:00","breadcrumb":{"@id":"https:\/\/alice.ch\/fr\/event\/comment-la-formation-continue-a-t-elle-evolue-pendant-la-pandemie-du-coronavirus\/#breadcrumb"},"inLanguage":"fr-FR","potentialAction":[{"@type":"ReadAction","target":["https:\/\/alice.ch\/fr\/event\/comment-la-formation-continue-a-t-elle-evolue-pendant-la-pandemie-du-coronavirus\/"]}]},{"@type":"ImageObject","inLanguage":"fr-FR","@id":"https:\/\/alice.ch\/fr\/event\/comment-la-formation-continue-a-t-elle-evolue-pendant-la-pandemie-du-coronavirus\/#primaryimage","url":"https:\/\/alice.ch\/app\/uploads\/2022\/12\/agenda-resultats.jpeg","contentUrl":"https:\/\/alice.ch\/app\/uploads\/2022\/12\/agenda-resultats.jpeg","width":720,"height":405},{"@type":"BreadcrumbList","@id":"https:\/\/alice.ch\/fr\/event\/comment-la-formation-continue-a-t-elle-evolue-pendant-la-pandemie-du-coronavirus\/#breadcrumb","itemListElement":[{"@type":"ListItem","position":1,"name":"Page d'accueil","item":"https:\/\/alice.ch\/fr\/"},{"@type":"ListItem","position":2,"name":"Events","item":"https:\/\/alice.ch\/fr\/event\/"},{"@type":"ListItem","position":3,"name":"Comment la formation continue a-t-elle \u00e9volu\u00e9 pendant la pand\u00e9mie du Coronavirus ?"}]},{"@type":"WebSite","@id":"https:\/\/alice.ch\/fr\/#website","url":"https:\/\/alice.ch\/fr\/","name":"alice.ch (Adult Learning Information Center) ist das Portal der Weiterbildung in der Schweiz.","description":"Schweizerischer Verband f\u00fcr Weiterbildung","publisher":{"@id":"https:\/\/alice.ch\/fr\/#organization"},"potentialAction":[{"@type":"SearchAction","target":{"@type":"EntryPoint","urlTemplate":"https:\/\/alice.ch\/fr\/?s={search_term_string}"},"query-input":{"@type":"PropertyValueSpecification","valueRequired":true,"valueName":"search_term_string"}}],"inLanguage":"fr-FR"},{"@type":"Organization","@id":"https:\/\/alice.ch\/fr\/#organization","name":"FSEA F\u00e9d\u00e9ration suisse pour la formation continue","url":"https:\/\/alice.ch\/fr\/","logo":{"@type":"ImageObject","inLanguage":"fr-FR","@id":"https:\/\/alice.ch\/fr\/#\/schema\/logo\/image\/","url":"https:\/\/alice.ch\/app\/uploads\/2022\/07\/logo-sveb.png","contentUrl":"https:\/\/alice.ch\/app\/uploads\/2022\/07\/logo-sveb.png","width":145,"height":64,"caption":"FSEA F\u00e9d\u00e9ration suisse pour la formation continue"},"image":{"@id":"https:\/\/alice.ch\/fr\/#\/schema\/logo\/image\/"},"sameAs":["https:\/\/www.linkedin.com\/company\/schweizerischer-verband-fr-weiterbildung-sveb\/"]}]}},"_links":{"self":[{"href":"https:\/\/alice.ch\/fr\/wp-json\/wp\/v2\/event\/40823","targetHints":{"allow":["GET"]}}],"collection":[{"href":"https:\/\/alice.ch\/fr\/wp-json\/wp\/v2\/event"}],"about":[{"href":"https:\/\/alice.ch\/fr\/wp-json\/wp\/v2\/types\/event"}],"author":[{"embeddable":true,"href":"https:\/\/alice.ch\/fr\/wp-json\/wp\/v2\/users\/11"}],"version-history":[{"count":2,"href":"https:\/\/alice.ch\/fr\/wp-json\/wp\/v2\/event\/40823\/revisions"}],"predecessor-version":[{"id":52310,"href":"https:\/\/alice.ch\/fr\/wp-json\/wp\/v2\/event\/40823\/revisions\/52310"}],"wp:featuredmedia":[{"embeddable":true,"href":"https:\/\/alice.ch\/fr\/wp-json\/wp\/v2\/media\/40828"}],"wp:attachment":[{"href":"https:\/\/alice.ch\/fr\/wp-json\/wp\/v2\/media?parent=40823"}],"wp:term":[{"taxonomy":"event-category","embeddable":true,"href":"https:\/\/alice.ch\/fr\/wp-json\/wp\/v2\/event-category?post=40823"},{"taxonomy":"event-tag","embeddable":true,"href":"https:\/\/alice.ch\/fr\/wp-json\/wp\/v2\/event-tag?post=40823"},{"taxonomy":"event-status","embeddable":true,"href":"https:\/\/alice.ch\/fr\/wp-json\/wp\/v2\/event-status?post=40823"},{"taxonomy":"event-language","embeddable":true,"href":"https:\/\/alice.ch\/fr\/wp-json\/wp\/v2\/event-language?post=40823"},{"taxonomy":"global-category","embeddable":true,"href":"https:\/\/alice.ch\/fr\/wp-json\/wp\/v2\/global-category?post=40823"}],"curies":[{"name":"wp","href":"https:\/\/api.w.org\/{rel}","templated":true}]}}