{"id":41902,"date":"2023-01-10T17:33:32","date_gmt":"2023-01-10T16:33:32","guid":{"rendered":"https:\/\/alice.ch\/?post_type=event&#038;p=41902"},"modified":"2025-12-17T16:38:03","modified_gmt":"2025-12-17T15:38:03","slug":"le-lounge-movetia-pour-toute-question-sur-les-projets-de-mobilite-et-de-cooperation","status":"publish","type":"event","link":"https:\/\/alice.ch\/fr\/event\/le-lounge-movetia-pour-toute-question-sur-les-projets-de-mobilite-et-de-cooperation\/","title":{"rendered":"Le Lounge Movetia &#8211; pour toute question sur les projets de mobilit\u00e9 et de coop\u00e9ration"},"content":{"rendered":"\n<h3 class=\"wp-block-heading\">Trouvez des conseils et de l&rsquo;inspiration pour la planification de vos projets lors du Lounge Movetia !<\/h3>\n\n\n\n<p><strong>13:00 &#8211; 18:00h Lounge Movetia<\/strong><br>Le Lounge Movetia se tiendra \u00e0 nouveau sous forme d&rsquo;\u00e9v\u00e9nement physique \u00e0 Berne. Les collaborateurs et collaboratrices de Movetia seront disponibles tout au long de la journ\u00e9e pour r\u00e9pondre \u00e0 vos questions sur les projets du programme suisse Erasmus+. Vous pourrez \u00e9galement entrer en contact avec d&rsquo;autres responsables de projets et b\u00e9n\u00e9ficier de leurs exp\u00e9riences.&nbsp;Les domaines de l&rsquo;enseignement scolaire, de la formation des adultes, de Jeunesse en action et de la formation professionnelle seront repr\u00e9sent\u00e9s.<\/p>\n\n\n\n<p><strong>13:00h \/ 17:00h: Workshop avec des responsables de projet<\/strong><br>Vous souhaitez \u00eatre inspir\u00e9 par de nouvelles m\u00e9thodes ou approches pour votre projet ? Participez \u00e0 un atelier organis\u00e9 par deux responsables de projet et b\u00e9n\u00e9ficiez de conseils et d&rsquo;id\u00e9es gr\u00e2ce \u00e0 un \u00e9change personnel avec les responsables de projet.<\/p>\n\n\n\n<ul class=\"wp-block-list\">\n<li><a href=\"https:\/\/eyp.ch\/\" target=\"_blank\" rel=\"noreferrer noopener\">Europ\u00e4ische Jugendparlament<\/a>&nbsp;(Atelier en allemand)<\/li>\n\n\n\n<li><a href=\"https:\/\/www.i-platform.ch\/\" target=\"_blank\" rel=\"noreferrer noopener\">i-dijaspora<\/a>&nbsp;(Atelier en anglais)<\/li>\n<\/ul>\n\n\n\n<p><a href=\"https:\/\/alice.ch\/fr\/project\/programme-reseau-europe\/\"><strong>Programme \u00ab R\u00e9seau Europe \u00bb<\/strong><\/a> : Une offre de soutien pour les organisations de formation continue en vue de projets europ\u00e9ens de coop\u00e9ration couronn\u00e9s de succ\u00e8s.<\/p>\n","protected":false},"excerpt":{"rendered":"<p>Trouvez des conseils et de l&rsquo;inspiration pour la planification de vos projets lors du Lounge Movetia ! 13:00 &#8211; 18:00h [&hellip;]<\/p>\n","protected":false},"author":11,"featured_media":39575,"template":"","meta":{"_acf_changed":false,"inline_featured_image":false,"footnotes":""},"event-category":[165],"event-tag":[105],"event-status":[200,205],"event-language":[206,202],"global-category":[46,427,331],"class_list":["post-41902","event","type-event","status-publish","has-post-thumbnail","hentry","event-category-evenement-externe","event-tag-2023-fr","event-status-archiv","event-status-archive","event-language-allemand","event-language-deutsch","global-category-eu-projekte","global-category-movetia-fr","global-category-projet-ue"],"acf":[],"yoast_head":"<!-- This site is optimized with the Yoast SEO plugin v27.3 - https:\/\/yoast.com\/product\/yoast-seo-wordpress\/ -->\n<title>Le Lounge Movetia - pour toute question sur les projets de mobilit\u00e9 et de coop\u00e9ration - FSEA<\/title>\n<meta name=\"robots\" content=\"index, follow, max-snippet:-1, max-image-preview:large, max-video-preview:-1\" \/>\n<link rel=\"canonical\" href=\"https:\/\/alice.ch\/fr\/event\/le-lounge-movetia-pour-toute-question-sur-les-projets-de-mobilite-et-de-cooperation\/\" \/>\n<meta property=\"og:locale\" content=\"fr_FR\" \/>\n<meta property=\"og:type\" content=\"article\" \/>\n<meta property=\"og:title\" content=\"Le Lounge Movetia - pour toute question sur les projets de mobilit\u00e9 et de coop\u00e9ration - FSEA\" \/>\n<meta property=\"og:description\" content=\"Trouvez des conseils et de l&rsquo;inspiration pour la planification de vos projets lors du Lounge Movetia ! 13:00 &#8211; 18:00h [&hellip;]\" \/>\n<meta property=\"og:url\" content=\"https:\/\/alice.ch\/fr\/event\/le-lounge-movetia-pour-toute-question-sur-les-projets-de-mobilite-et-de-cooperation\/\" \/>\n<meta property=\"og:site_name\" content=\"SVEB\" \/>\n<meta property=\"article:modified_time\" content=\"2025-12-17T15:38:03+00:00\" \/>\n<meta property=\"og:image\" content=\"https:\/\/alice.ch\/app\/uploads\/2022\/12\/logo-movetia.png\" \/>\n\t<meta property=\"og:image:width\" content=\"600\" \/>\n\t<meta property=\"og:image:height\" content=\"88\" \/>\n\t<meta property=\"og:image:type\" content=\"image\/png\" \/>\n<meta name=\"twitter:card\" content=\"summary_large_image\" \/>\n<script type=\"application\/ld+json\" class=\"yoast-schema-graph\">{\"@context\":\"https:\\\/\\\/schema.org\",\"@graph\":[{\"@type\":\"WebPage\",\"@id\":\"https:\\\/\\\/alice.ch\\\/fr\\\/event\\\/le-lounge-movetia-pour-toute-question-sur-les-projets-de-mobilite-et-de-cooperation\\\/\",\"url\":\"https:\\\/\\\/alice.ch\\\/fr\\\/event\\\/le-lounge-movetia-pour-toute-question-sur-les-projets-de-mobilite-et-de-cooperation\\\/\",\"name\":\"Le Lounge Movetia - pour toute question sur les projets de mobilit\u00e9 et de coop\u00e9ration - FSEA\",\"isPartOf\":{\"@id\":\"https:\\\/\\\/alice.ch\\\/fr\\\/#website\"},\"primaryImageOfPage\":{\"@id\":\"https:\\\/\\\/alice.ch\\\/fr\\\/event\\\/le-lounge-movetia-pour-toute-question-sur-les-projets-de-mobilite-et-de-cooperation\\\/#primaryimage\"},\"image\":{\"@id\":\"https:\\\/\\\/alice.ch\\\/fr\\\/event\\\/le-lounge-movetia-pour-toute-question-sur-les-projets-de-mobilite-et-de-cooperation\\\/#primaryimage\"},\"thumbnailUrl\":\"https:\\\/\\\/alice.ch\\\/app\\\/uploads\\\/2022\\\/12\\\/logo-movetia.png\",\"datePublished\":\"2023-01-10T16:33:32+00:00\",\"dateModified\":\"2025-12-17T15:38:03+00:00\",\"breadcrumb\":{\"@id\":\"https:\\\/\\\/alice.ch\\\/fr\\\/event\\\/le-lounge-movetia-pour-toute-question-sur-les-projets-de-mobilite-et-de-cooperation\\\/#breadcrumb\"},\"inLanguage\":\"fr-FR\",\"potentialAction\":[{\"@type\":\"ReadAction\",\"target\":[\"https:\\\/\\\/alice.ch\\\/fr\\\/event\\\/le-lounge-movetia-pour-toute-question-sur-les-projets-de-mobilite-et-de-cooperation\\\/\"]}]},{\"@type\":\"ImageObject\",\"inLanguage\":\"fr-FR\",\"@id\":\"https:\\\/\\\/alice.ch\\\/fr\\\/event\\\/le-lounge-movetia-pour-toute-question-sur-les-projets-de-mobilite-et-de-cooperation\\\/#primaryimage\",\"url\":\"https:\\\/\\\/alice.ch\\\/app\\\/uploads\\\/2022\\\/12\\\/logo-movetia.png\",\"contentUrl\":\"https:\\\/\\\/alice.ch\\\/app\\\/uploads\\\/2022\\\/12\\\/logo-movetia.png\",\"width\":600,\"height\":88},{\"@type\":\"BreadcrumbList\",\"@id\":\"https:\\\/\\\/alice.ch\\\/fr\\\/event\\\/le-lounge-movetia-pour-toute-question-sur-les-projets-de-mobilite-et-de-cooperation\\\/#breadcrumb\",\"itemListElement\":[{\"@type\":\"ListItem\",\"position\":1,\"name\":\"Page d'accueil\",\"item\":\"https:\\\/\\\/alice.ch\\\/fr\\\/\"},{\"@type\":\"ListItem\",\"position\":2,\"name\":\"Events\",\"item\":\"https:\\\/\\\/alice.ch\\\/fr\\\/event\\\/\"},{\"@type\":\"ListItem\",\"position\":3,\"name\":\"Le Lounge Movetia &#8211; pour toute question sur les projets de mobilit\u00e9 et de coop\u00e9ration\"}]},{\"@type\":\"WebSite\",\"@id\":\"https:\\\/\\\/alice.ch\\\/fr\\\/#website\",\"url\":\"https:\\\/\\\/alice.ch\\\/fr\\\/\",\"name\":\"alice.ch (Adult Learning Information Center) ist das Portal der Weiterbildung in der Schweiz.\",\"description\":\"Schweizerischer Verband f\u00fcr Weiterbildung\",\"publisher\":{\"@id\":\"https:\\\/\\\/alice.ch\\\/fr\\\/#organization\"},\"potentialAction\":[{\"@type\":\"SearchAction\",\"target\":{\"@type\":\"EntryPoint\",\"urlTemplate\":\"https:\\\/\\\/alice.ch\\\/fr\\\/?s={search_term_string}\"},\"query-input\":{\"@type\":\"PropertyValueSpecification\",\"valueRequired\":true,\"valueName\":\"search_term_string\"}}],\"inLanguage\":\"fr-FR\"},{\"@type\":\"Organization\",\"@id\":\"https:\\\/\\\/alice.ch\\\/fr\\\/#organization\",\"name\":\"FSEA F\u00e9d\u00e9ration suisse pour la formation continue\",\"url\":\"https:\\\/\\\/alice.ch\\\/fr\\\/\",\"logo\":{\"@type\":\"ImageObject\",\"inLanguage\":\"fr-FR\",\"@id\":\"https:\\\/\\\/alice.ch\\\/fr\\\/#\\\/schema\\\/logo\\\/image\\\/\",\"url\":\"https:\\\/\\\/alice.ch\\\/app\\\/uploads\\\/2022\\\/07\\\/logo-sveb.png\",\"contentUrl\":\"https:\\\/\\\/alice.ch\\\/app\\\/uploads\\\/2022\\\/07\\\/logo-sveb.png\",\"width\":145,\"height\":64,\"caption\":\"FSEA F\u00e9d\u00e9ration suisse pour la formation continue\"},\"image\":{\"@id\":\"https:\\\/\\\/alice.ch\\\/fr\\\/#\\\/schema\\\/logo\\\/image\\\/\"},\"sameAs\":[\"https:\\\/\\\/www.linkedin.com\\\/company\\\/schweizerischer-verband-fr-weiterbildung-sveb\\\/\"]}]}<\/script>\n<!-- \/ Yoast SEO plugin. -->","yoast_head_json":{"title":"Le Lounge Movetia - pour toute question sur les projets de mobilit\u00e9 et de coop\u00e9ration - FSEA","robots":{"index":"index","follow":"follow","max-snippet":"max-snippet:-1","max-image-preview":"max-image-preview:large","max-video-preview":"max-video-preview:-1"},"canonical":"https:\/\/alice.ch\/fr\/event\/le-lounge-movetia-pour-toute-question-sur-les-projets-de-mobilite-et-de-cooperation\/","og_locale":"fr_FR","og_type":"article","og_title":"Le Lounge Movetia - pour toute question sur les projets de mobilit\u00e9 et de coop\u00e9ration - FSEA","og_description":"Trouvez des conseils et de l&rsquo;inspiration pour la planification de vos projets lors du Lounge Movetia ! 13:00 &#8211; 18:00h [&hellip;]","og_url":"https:\/\/alice.ch\/fr\/event\/le-lounge-movetia-pour-toute-question-sur-les-projets-de-mobilite-et-de-cooperation\/","og_site_name":"SVEB","article_modified_time":"2025-12-17T15:38:03+00:00","og_image":[{"width":600,"height":88,"url":"https:\/\/alice.ch\/app\/uploads\/2022\/12\/logo-movetia.png","type":"image\/png"}],"twitter_card":"summary_large_image","schema":{"@context":"https:\/\/schema.org","@graph":[{"@type":"WebPage","@id":"https:\/\/alice.ch\/fr\/event\/le-lounge-movetia-pour-toute-question-sur-les-projets-de-mobilite-et-de-cooperation\/","url":"https:\/\/alice.ch\/fr\/event\/le-lounge-movetia-pour-toute-question-sur-les-projets-de-mobilite-et-de-cooperation\/","name":"Le Lounge Movetia - pour toute question sur les projets de mobilit\u00e9 et de coop\u00e9ration - FSEA","isPartOf":{"@id":"https:\/\/alice.ch\/fr\/#website"},"primaryImageOfPage":{"@id":"https:\/\/alice.ch\/fr\/event\/le-lounge-movetia-pour-toute-question-sur-les-projets-de-mobilite-et-de-cooperation\/#primaryimage"},"image":{"@id":"https:\/\/alice.ch\/fr\/event\/le-lounge-movetia-pour-toute-question-sur-les-projets-de-mobilite-et-de-cooperation\/#primaryimage"},"thumbnailUrl":"https:\/\/alice.ch\/app\/uploads\/2022\/12\/logo-movetia.png","datePublished":"2023-01-10T16:33:32+00:00","dateModified":"2025-12-17T15:38:03+00:00","breadcrumb":{"@id":"https:\/\/alice.ch\/fr\/event\/le-lounge-movetia-pour-toute-question-sur-les-projets-de-mobilite-et-de-cooperation\/#breadcrumb"},"inLanguage":"fr-FR","potentialAction":[{"@type":"ReadAction","target":["https:\/\/alice.ch\/fr\/event\/le-lounge-movetia-pour-toute-question-sur-les-projets-de-mobilite-et-de-cooperation\/"]}]},{"@type":"ImageObject","inLanguage":"fr-FR","@id":"https:\/\/alice.ch\/fr\/event\/le-lounge-movetia-pour-toute-question-sur-les-projets-de-mobilite-et-de-cooperation\/#primaryimage","url":"https:\/\/alice.ch\/app\/uploads\/2022\/12\/logo-movetia.png","contentUrl":"https:\/\/alice.ch\/app\/uploads\/2022\/12\/logo-movetia.png","width":600,"height":88},{"@type":"BreadcrumbList","@id":"https:\/\/alice.ch\/fr\/event\/le-lounge-movetia-pour-toute-question-sur-les-projets-de-mobilite-et-de-cooperation\/#breadcrumb","itemListElement":[{"@type":"ListItem","position":1,"name":"Page d'accueil","item":"https:\/\/alice.ch\/fr\/"},{"@type":"ListItem","position":2,"name":"Events","item":"https:\/\/alice.ch\/fr\/event\/"},{"@type":"ListItem","position":3,"name":"Le Lounge Movetia &#8211; pour toute question sur les projets de mobilit\u00e9 et de coop\u00e9ration"}]},{"@type":"WebSite","@id":"https:\/\/alice.ch\/fr\/#website","url":"https:\/\/alice.ch\/fr\/","name":"alice.ch (Adult Learning Information Center) ist das Portal der Weiterbildung in der Schweiz.","description":"Schweizerischer Verband f\u00fcr Weiterbildung","publisher":{"@id":"https:\/\/alice.ch\/fr\/#organization"},"potentialAction":[{"@type":"SearchAction","target":{"@type":"EntryPoint","urlTemplate":"https:\/\/alice.ch\/fr\/?s={search_term_string}"},"query-input":{"@type":"PropertyValueSpecification","valueRequired":true,"valueName":"search_term_string"}}],"inLanguage":"fr-FR"},{"@type":"Organization","@id":"https:\/\/alice.ch\/fr\/#organization","name":"FSEA F\u00e9d\u00e9ration suisse pour la formation continue","url":"https:\/\/alice.ch\/fr\/","logo":{"@type":"ImageObject","inLanguage":"fr-FR","@id":"https:\/\/alice.ch\/fr\/#\/schema\/logo\/image\/","url":"https:\/\/alice.ch\/app\/uploads\/2022\/07\/logo-sveb.png","contentUrl":"https:\/\/alice.ch\/app\/uploads\/2022\/07\/logo-sveb.png","width":145,"height":64,"caption":"FSEA F\u00e9d\u00e9ration suisse pour la formation continue"},"image":{"@id":"https:\/\/alice.ch\/fr\/#\/schema\/logo\/image\/"},"sameAs":["https:\/\/www.linkedin.com\/company\/schweizerischer-verband-fr-weiterbildung-sveb\/"]}]}},"_links":{"self":[{"href":"https:\/\/alice.ch\/fr\/wp-json\/wp\/v2\/event\/41902","targetHints":{"allow":["GET"]}}],"collection":[{"href":"https:\/\/alice.ch\/fr\/wp-json\/wp\/v2\/event"}],"about":[{"href":"https:\/\/alice.ch\/fr\/wp-json\/wp\/v2\/types\/event"}],"author":[{"embeddable":true,"href":"https:\/\/alice.ch\/fr\/wp-json\/wp\/v2\/users\/11"}],"version-history":[{"count":8,"href":"https:\/\/alice.ch\/fr\/wp-json\/wp\/v2\/event\/41902\/revisions"}],"predecessor-version":[{"id":52272,"href":"https:\/\/alice.ch\/fr\/wp-json\/wp\/v2\/event\/41902\/revisions\/52272"}],"wp:featuredmedia":[{"embeddable":true,"href":"https:\/\/alice.ch\/fr\/wp-json\/wp\/v2\/media\/39575"}],"wp:attachment":[{"href":"https:\/\/alice.ch\/fr\/wp-json\/wp\/v2\/media?parent=41902"}],"wp:term":[{"taxonomy":"event-category","embeddable":true,"href":"https:\/\/alice.ch\/fr\/wp-json\/wp\/v2\/event-category?post=41902"},{"taxonomy":"event-tag","embeddable":true,"href":"https:\/\/alice.ch\/fr\/wp-json\/wp\/v2\/event-tag?post=41902"},{"taxonomy":"event-status","embeddable":true,"href":"https:\/\/alice.ch\/fr\/wp-json\/wp\/v2\/event-status?post=41902"},{"taxonomy":"event-language","embeddable":true,"href":"https:\/\/alice.ch\/fr\/wp-json\/wp\/v2\/event-language?post=41902"},{"taxonomy":"global-category","embeddable":true,"href":"https:\/\/alice.ch\/fr\/wp-json\/wp\/v2\/global-category?post=41902"}],"curies":[{"name":"wp","href":"https:\/\/api.w.org\/{rel}","templated":true}]}}