{"id":44804,"date":"2023-02-06T22:40:51","date_gmt":"2023-02-06T21:40:51","guid":{"rendered":"https:\/\/alice.ch\/?post_type=event&#038;p=44804"},"modified":"2023-07-06T14:58:08","modified_gmt":"2023-07-06T12:58:08","slug":"colloque-de-la-communaute-du-savoir","status":"publish","type":"event","link":"https:\/\/alice.ch\/fr\/event\/colloque-de-la-communaute-du-savoir\/","title":{"rendered":"Colloque de la Communaut\u00e9 du savoir"},"content":{"rendered":"\n<h3 class=\"wp-block-heading\">Save the date<\/h3>\n\n\n\n<p><strong>7 et 8 septembre 2023<\/strong><\/p>\n\n\n\n<p><a href=\"https:\/\/events.hep-bejune.ch\/fr\/events\/Communaute-du-savoir-2023\/Presentation.html\"><strong>Formation sup\u00e9rieure et digitalisation<\/strong><\/a><br><strong>Un appel \u00e0 contributions est lanc\u00e9 en vue du colloque 2023 de la Communaut\u00e9 du savoir.<\/strong><\/p>\n\n\n\n<p>Le monde d\u2019apr\u00e8s la pand\u00e9mie n\u2019est pas celui d\u2019apr\u00e8s les nouveaux champs de bataille, ici et ailleurs, ni celui d\u2019apr\u00e8s le changement climatique. Le monde d\u2019apr\u00e8s est sans aucun doute d\u00e9j\u00e0 bien pr\u00e9sent et il est temps de s\u2019en pr\u00e9occuper.<\/p>\n\n\n\n<p>Dans cette perspective, la Communaut\u00e9 du savoir invite au dialogue des acteurs de la gouvernance, de l\u2019enseignement et de l\u2019apprentissage \u00e0 l\u2019occasion de son colloque 2023 organis\u00e9 \u00e0 la Haute \u00c9cole P\u00e9dagogique BEJUNE \u00e0 Bienne (Suisse).<\/p>\n\n\n\n<p>D\u00e9cideur\u00b7e\u00b7s politiques, directrices et directeurs d\u2019entreprises ou d\u2019\u00e9tablissements scolaires, de Suisse, de France ou d\u2019ailleurs ; acteurs de la formation, \u00e0 tout niveau, y compris celui de la formation des formatrices et formateurs, sont invit\u00e9s non pas \u00e0 d\u00e9finir un monde id\u00e9al \u00ab d\u2019apr\u00e8s \u00bb, une sorte d\u2019Utopia digitale, mais bien \u00e0 construire la r\u00e9alit\u00e9 d\u2019aujourd\u2019hui, en mode num\u00e9rique et r\u00e9aliste, sans oublier, cependant, que le questionnement n\u2019est quant \u00e0 lui pas nouveau.<\/p>\n","protected":false},"excerpt":{"rendered":"<p>Save the date 7 et 8 septembre 2023 Formation sup\u00e9rieure et digitalisationUn appel \u00e0 contributions est lanc\u00e9 en vue du [&hellip;]<\/p>\n","protected":false},"author":11,"featured_media":44809,"template":"","meta":{"_acf_changed":false,"inline_featured_image":false,"footnotes":""},"event-category":[165],"event-tag":[],"event-status":[205],"event-language":[207],"global-category":[119],"class_list":["post-44804","event","type-event","status-publish","has-post-thumbnail","hentry","event-category-evenement-externe","event-status-archive","event-language-francais","global-category-digitalisierung-fr"],"acf":[],"yoast_head":"<!-- This site is optimized with the Yoast SEO plugin v27.3 - https:\/\/yoast.com\/product\/yoast-seo-wordpress\/ -->\n<title>Colloque de la Communaut\u00e9 du savoir - FSEA<\/title>\n<meta name=\"robots\" content=\"index, follow, max-snippet:-1, max-image-preview:large, max-video-preview:-1\" \/>\n<link rel=\"canonical\" href=\"https:\/\/alice.ch\/fr\/event\/colloque-de-la-communaute-du-savoir\/\" \/>\n<meta property=\"og:locale\" content=\"fr_FR\" \/>\n<meta property=\"og:type\" content=\"article\" \/>\n<meta property=\"og:title\" content=\"Colloque de la Communaut\u00e9 du savoir - FSEA\" \/>\n<meta property=\"og:description\" content=\"Save the date 7 et 8 septembre 2023 Formation sup\u00e9rieure et digitalisationUn appel \u00e0 contributions est lanc\u00e9 en vue du [&hellip;]\" \/>\n<meta property=\"og:url\" content=\"https:\/\/alice.ch\/fr\/event\/colloque-de-la-communaute-du-savoir\/\" \/>\n<meta property=\"og:site_name\" content=\"SVEB\" \/>\n<meta property=\"article:modified_time\" content=\"2023-07-06T12:58:08+00:00\" \/>\n<meta property=\"og:image\" content=\"https:\/\/alice.ch\/app\/uploads\/2023\/02\/hep.png\" \/>\n\t<meta property=\"og:image:width\" content=\"432\" \/>\n\t<meta property=\"og:image:height\" content=\"182\" \/>\n\t<meta property=\"og:image:type\" content=\"image\/png\" \/>\n<meta name=\"twitter:card\" content=\"summary_large_image\" \/>\n<script type=\"application\/ld+json\" class=\"yoast-schema-graph\">{\"@context\":\"https:\\\/\\\/schema.org\",\"@graph\":[{\"@type\":\"WebPage\",\"@id\":\"https:\\\/\\\/alice.ch\\\/fr\\\/event\\\/colloque-de-la-communaute-du-savoir\\\/\",\"url\":\"https:\\\/\\\/alice.ch\\\/fr\\\/event\\\/colloque-de-la-communaute-du-savoir\\\/\",\"name\":\"Colloque de la Communaut\u00e9 du savoir - FSEA\",\"isPartOf\":{\"@id\":\"https:\\\/\\\/alice.ch\\\/fr\\\/#website\"},\"primaryImageOfPage\":{\"@id\":\"https:\\\/\\\/alice.ch\\\/fr\\\/event\\\/colloque-de-la-communaute-du-savoir\\\/#primaryimage\"},\"image\":{\"@id\":\"https:\\\/\\\/alice.ch\\\/fr\\\/event\\\/colloque-de-la-communaute-du-savoir\\\/#primaryimage\"},\"thumbnailUrl\":\"https:\\\/\\\/alice.ch\\\/app\\\/uploads\\\/2023\\\/02\\\/hep.png\",\"datePublished\":\"2023-02-06T21:40:51+00:00\",\"dateModified\":\"2023-07-06T12:58:08+00:00\",\"breadcrumb\":{\"@id\":\"https:\\\/\\\/alice.ch\\\/fr\\\/event\\\/colloque-de-la-communaute-du-savoir\\\/#breadcrumb\"},\"inLanguage\":\"fr-FR\",\"potentialAction\":[{\"@type\":\"ReadAction\",\"target\":[\"https:\\\/\\\/alice.ch\\\/fr\\\/event\\\/colloque-de-la-communaute-du-savoir\\\/\"]}]},{\"@type\":\"ImageObject\",\"inLanguage\":\"fr-FR\",\"@id\":\"https:\\\/\\\/alice.ch\\\/fr\\\/event\\\/colloque-de-la-communaute-du-savoir\\\/#primaryimage\",\"url\":\"https:\\\/\\\/alice.ch\\\/app\\\/uploads\\\/2023\\\/02\\\/hep.png\",\"contentUrl\":\"https:\\\/\\\/alice.ch\\\/app\\\/uploads\\\/2023\\\/02\\\/hep.png\",\"width\":432,\"height\":182},{\"@type\":\"BreadcrumbList\",\"@id\":\"https:\\\/\\\/alice.ch\\\/fr\\\/event\\\/colloque-de-la-communaute-du-savoir\\\/#breadcrumb\",\"itemListElement\":[{\"@type\":\"ListItem\",\"position\":1,\"name\":\"Page d'accueil\",\"item\":\"https:\\\/\\\/alice.ch\\\/fr\\\/\"},{\"@type\":\"ListItem\",\"position\":2,\"name\":\"Events\",\"item\":\"https:\\\/\\\/alice.ch\\\/fr\\\/event\\\/\"},{\"@type\":\"ListItem\",\"position\":3,\"name\":\"Colloque de la Communaut\u00e9 du savoir\"}]},{\"@type\":\"WebSite\",\"@id\":\"https:\\\/\\\/alice.ch\\\/fr\\\/#website\",\"url\":\"https:\\\/\\\/alice.ch\\\/fr\\\/\",\"name\":\"alice.ch (Adult Learning Information Center) ist das Portal der Weiterbildung in der Schweiz.\",\"description\":\"Schweizerischer Verband f\u00fcr Weiterbildung\",\"publisher\":{\"@id\":\"https:\\\/\\\/alice.ch\\\/fr\\\/#organization\"},\"potentialAction\":[{\"@type\":\"SearchAction\",\"target\":{\"@type\":\"EntryPoint\",\"urlTemplate\":\"https:\\\/\\\/alice.ch\\\/fr\\\/?s={search_term_string}\"},\"query-input\":{\"@type\":\"PropertyValueSpecification\",\"valueRequired\":true,\"valueName\":\"search_term_string\"}}],\"inLanguage\":\"fr-FR\"},{\"@type\":\"Organization\",\"@id\":\"https:\\\/\\\/alice.ch\\\/fr\\\/#organization\",\"name\":\"FSEA F\u00e9d\u00e9ration suisse pour la formation continue\",\"url\":\"https:\\\/\\\/alice.ch\\\/fr\\\/\",\"logo\":{\"@type\":\"ImageObject\",\"inLanguage\":\"fr-FR\",\"@id\":\"https:\\\/\\\/alice.ch\\\/fr\\\/#\\\/schema\\\/logo\\\/image\\\/\",\"url\":\"https:\\\/\\\/alice.ch\\\/app\\\/uploads\\\/2022\\\/07\\\/logo-sveb.png\",\"contentUrl\":\"https:\\\/\\\/alice.ch\\\/app\\\/uploads\\\/2022\\\/07\\\/logo-sveb.png\",\"width\":145,\"height\":64,\"caption\":\"FSEA F\u00e9d\u00e9ration suisse pour la formation continue\"},\"image\":{\"@id\":\"https:\\\/\\\/alice.ch\\\/fr\\\/#\\\/schema\\\/logo\\\/image\\\/\"},\"sameAs\":[\"https:\\\/\\\/www.linkedin.com\\\/company\\\/schweizerischer-verband-fr-weiterbildung-sveb\\\/\"]}]}<\/script>\n<!-- \/ Yoast SEO plugin. -->","yoast_head_json":{"title":"Colloque de la Communaut\u00e9 du savoir - FSEA","robots":{"index":"index","follow":"follow","max-snippet":"max-snippet:-1","max-image-preview":"max-image-preview:large","max-video-preview":"max-video-preview:-1"},"canonical":"https:\/\/alice.ch\/fr\/event\/colloque-de-la-communaute-du-savoir\/","og_locale":"fr_FR","og_type":"article","og_title":"Colloque de la Communaut\u00e9 du savoir - FSEA","og_description":"Save the date 7 et 8 septembre 2023 Formation sup\u00e9rieure et digitalisationUn appel \u00e0 contributions est lanc\u00e9 en vue du [&hellip;]","og_url":"https:\/\/alice.ch\/fr\/event\/colloque-de-la-communaute-du-savoir\/","og_site_name":"SVEB","article_modified_time":"2023-07-06T12:58:08+00:00","og_image":[{"width":432,"height":182,"url":"https:\/\/alice.ch\/app\/uploads\/2023\/02\/hep.png","type":"image\/png"}],"twitter_card":"summary_large_image","schema":{"@context":"https:\/\/schema.org","@graph":[{"@type":"WebPage","@id":"https:\/\/alice.ch\/fr\/event\/colloque-de-la-communaute-du-savoir\/","url":"https:\/\/alice.ch\/fr\/event\/colloque-de-la-communaute-du-savoir\/","name":"Colloque de la Communaut\u00e9 du savoir - FSEA","isPartOf":{"@id":"https:\/\/alice.ch\/fr\/#website"},"primaryImageOfPage":{"@id":"https:\/\/alice.ch\/fr\/event\/colloque-de-la-communaute-du-savoir\/#primaryimage"},"image":{"@id":"https:\/\/alice.ch\/fr\/event\/colloque-de-la-communaute-du-savoir\/#primaryimage"},"thumbnailUrl":"https:\/\/alice.ch\/app\/uploads\/2023\/02\/hep.png","datePublished":"2023-02-06T21:40:51+00:00","dateModified":"2023-07-06T12:58:08+00:00","breadcrumb":{"@id":"https:\/\/alice.ch\/fr\/event\/colloque-de-la-communaute-du-savoir\/#breadcrumb"},"inLanguage":"fr-FR","potentialAction":[{"@type":"ReadAction","target":["https:\/\/alice.ch\/fr\/event\/colloque-de-la-communaute-du-savoir\/"]}]},{"@type":"ImageObject","inLanguage":"fr-FR","@id":"https:\/\/alice.ch\/fr\/event\/colloque-de-la-communaute-du-savoir\/#primaryimage","url":"https:\/\/alice.ch\/app\/uploads\/2023\/02\/hep.png","contentUrl":"https:\/\/alice.ch\/app\/uploads\/2023\/02\/hep.png","width":432,"height":182},{"@type":"BreadcrumbList","@id":"https:\/\/alice.ch\/fr\/event\/colloque-de-la-communaute-du-savoir\/#breadcrumb","itemListElement":[{"@type":"ListItem","position":1,"name":"Page d'accueil","item":"https:\/\/alice.ch\/fr\/"},{"@type":"ListItem","position":2,"name":"Events","item":"https:\/\/alice.ch\/fr\/event\/"},{"@type":"ListItem","position":3,"name":"Colloque de la Communaut\u00e9 du savoir"}]},{"@type":"WebSite","@id":"https:\/\/alice.ch\/fr\/#website","url":"https:\/\/alice.ch\/fr\/","name":"alice.ch (Adult Learning Information Center) ist das Portal der Weiterbildung in der Schweiz.","description":"Schweizerischer Verband f\u00fcr Weiterbildung","publisher":{"@id":"https:\/\/alice.ch\/fr\/#organization"},"potentialAction":[{"@type":"SearchAction","target":{"@type":"EntryPoint","urlTemplate":"https:\/\/alice.ch\/fr\/?s={search_term_string}"},"query-input":{"@type":"PropertyValueSpecification","valueRequired":true,"valueName":"search_term_string"}}],"inLanguage":"fr-FR"},{"@type":"Organization","@id":"https:\/\/alice.ch\/fr\/#organization","name":"FSEA F\u00e9d\u00e9ration suisse pour la formation continue","url":"https:\/\/alice.ch\/fr\/","logo":{"@type":"ImageObject","inLanguage":"fr-FR","@id":"https:\/\/alice.ch\/fr\/#\/schema\/logo\/image\/","url":"https:\/\/alice.ch\/app\/uploads\/2022\/07\/logo-sveb.png","contentUrl":"https:\/\/alice.ch\/app\/uploads\/2022\/07\/logo-sveb.png","width":145,"height":64,"caption":"FSEA F\u00e9d\u00e9ration suisse pour la formation continue"},"image":{"@id":"https:\/\/alice.ch\/fr\/#\/schema\/logo\/image\/"},"sameAs":["https:\/\/www.linkedin.com\/company\/schweizerischer-verband-fr-weiterbildung-sveb\/"]}]}},"_links":{"self":[{"href":"https:\/\/alice.ch\/fr\/wp-json\/wp\/v2\/event\/44804","targetHints":{"allow":["GET"]}}],"collection":[{"href":"https:\/\/alice.ch\/fr\/wp-json\/wp\/v2\/event"}],"about":[{"href":"https:\/\/alice.ch\/fr\/wp-json\/wp\/v2\/types\/event"}],"author":[{"embeddable":true,"href":"https:\/\/alice.ch\/fr\/wp-json\/wp\/v2\/users\/11"}],"version-history":[{"count":3,"href":"https:\/\/alice.ch\/fr\/wp-json\/wp\/v2\/event\/44804\/revisions"}],"predecessor-version":[{"id":52242,"href":"https:\/\/alice.ch\/fr\/wp-json\/wp\/v2\/event\/44804\/revisions\/52242"}],"wp:featuredmedia":[{"embeddable":true,"href":"https:\/\/alice.ch\/fr\/wp-json\/wp\/v2\/media\/44809"}],"wp:attachment":[{"href":"https:\/\/alice.ch\/fr\/wp-json\/wp\/v2\/media?parent=44804"}],"wp:term":[{"taxonomy":"event-category","embeddable":true,"href":"https:\/\/alice.ch\/fr\/wp-json\/wp\/v2\/event-category?post=44804"},{"taxonomy":"event-tag","embeddable":true,"href":"https:\/\/alice.ch\/fr\/wp-json\/wp\/v2\/event-tag?post=44804"},{"taxonomy":"event-status","embeddable":true,"href":"https:\/\/alice.ch\/fr\/wp-json\/wp\/v2\/event-status?post=44804"},{"taxonomy":"event-language","embeddable":true,"href":"https:\/\/alice.ch\/fr\/wp-json\/wp\/v2\/event-language?post=44804"},{"taxonomy":"global-category","embeddable":true,"href":"https:\/\/alice.ch\/fr\/wp-json\/wp\/v2\/global-category?post=44804"}],"curies":[{"name":"wp","href":"https:\/\/api.w.org\/{rel}","templated":true}]}}